{"id":64,"date":"2023-01-12T16:19:59","date_gmt":"2023-01-12T15:19:59","guid":{"rendered":"http:\/\/dev.parcs-eoliens-enertrag.fr\/les-setiers\/?page_id=64"},"modified":"2025-01-31T15:59:13","modified_gmt":"2025-01-31T14:59:13","slug":"la-concertation","status":"publish","type":"page","link":"https:\/\/www.enertrag.fr\/sommieres-du-clain\/la-concertation\/","title":{"rendered":"La concertation"},"content":{"rendered":"\t\t<div data-elementor-type=\"wp-page\" data-elementor-id=\"64\" class=\"elementor elementor-64\" data-elementor-settings=\"{&quot;ha_cmc_init_switcher&quot;:&quot;no&quot;}\" data-elementor-post-type=\"page\">\n\t\t\t\t\t\t<section class=\"elementor-section elementor-top-section elementor-element elementor-element-52803b0 elementor-section-boxed elementor-section-height-default elementor-section-height-default\" data-id=\"52803b0\" data-element_type=\"section\" data-e-type=\"section\" data-settings=\"{&quot;_ha_eqh_enable&quot;:false}\">\n\t\t\t\t\t\t<div class=\"elementor-container elementor-column-gap-default\">\n\t\t\t\t\t<div class=\"elementor-column elementor-col-100 elementor-top-column elementor-element elementor-element-db6abf0\" data-id=\"db6abf0\" data-element_type=\"column\" data-e-type=\"column\">\n\t\t\t<div class=\"elementor-widget-wrap elementor-element-populated\">\n\t\t\t\t\t\t<div class=\"elementor-element elementor-element-df713a9 elementor-widget elementor-widget-heading\" data-id=\"df713a9\" data-element_type=\"widget\" data-e-type=\"widget\" data-widget_type=\"heading.default\">\n\t\t\t\t<div class=\"elementor-widget-container\">\n\t\t\t\t\t<h1 class=\"elementor-heading-title elementor-size-default\">La concertation\n<\/h1>\t\t\t\t<\/div>\n\t\t\t\t<\/div>\n\t\t\t\t<div class=\"elementor-element elementor-element-0d539ac elementor-widget elementor-widget-text-editor\" data-id=\"0d539ac\" data-element_type=\"widget\" data-e-type=\"widget\" data-widget_type=\"text-editor.default\">\n\t\t\t\t<div class=\"elementor-widget-container\">\n\t\t\t\t\t\t\t\t\t<h2 style=\"text-align: center;\">Participation du public et dialogue territorial<\/h2>\t\t\t\t\t\t\t\t<\/div>\n\t\t\t\t<\/div>\n\t\t\t\t\t<\/div>\n\t\t<\/div>\n\t\t\t\t\t<\/div>\n\t\t<\/section>\n\t\t\t\t<section class=\"elementor-section elementor-top-section elementor-element elementor-element-33d7e41 elementor-section-boxed elementor-section-height-default elementor-section-height-default\" data-id=\"33d7e41\" data-element_type=\"section\" data-e-type=\"section\" data-settings=\"{&quot;_ha_eqh_enable&quot;:false}\">\n\t\t\t\t\t\t<div class=\"elementor-container elementor-column-gap-default\">\n\t\t\t\t\t<div class=\"elementor-column elementor-col-100 elementor-top-column elementor-element elementor-element-f431698\" data-id=\"f431698\" data-element_type=\"column\" data-e-type=\"column\">\n\t\t\t<div class=\"elementor-widget-wrap elementor-element-populated\">\n\t\t\t\t\t\t<div class=\"elementor-element elementor-element-8a063db elementor-widget elementor-widget-image\" data-id=\"8a063db\" data-element_type=\"widget\" data-e-type=\"widget\" data-widget_type=\"image.default\">\n\t\t\t\t<div class=\"elementor-widget-container\">\n\t\t\t\t\t\t\t\t\t\t\t\t\t\t\t<img fetchpriority=\"high\" decoding=\"async\" width=\"2560\" height=\"554\" src=\"https:\/\/www.enertrag.fr\/sommieres-du-clain\/wp-content\/uploads\/sites\/21\/2023\/07\/Concertation-scaled.jpg\" class=\"attachment-full size-full wp-image-983\" alt=\"\" srcset=\"https:\/\/www.enertrag.fr\/sommieres-du-clain\/wp-content\/uploads\/sites\/21\/2023\/07\/Concertation-scaled.jpg 2560w, https:\/\/www.enertrag.fr\/sommieres-du-clain\/wp-content\/uploads\/sites\/21\/2023\/07\/Concertation-300x65.jpg 300w, https:\/\/www.enertrag.fr\/sommieres-du-clain\/wp-content\/uploads\/sites\/21\/2023\/07\/Concertation-1024x221.jpg 1024w, https:\/\/www.enertrag.fr\/sommieres-du-clain\/wp-content\/uploads\/sites\/21\/2023\/07\/Concertation-768x166.jpg 768w, https:\/\/www.enertrag.fr\/sommieres-du-clain\/wp-content\/uploads\/sites\/21\/2023\/07\/Concertation-1536x332.jpg 1536w, https:\/\/www.enertrag.fr\/sommieres-du-clain\/wp-content\/uploads\/sites\/21\/2023\/07\/Concertation-2048x443.jpg 2048w\" sizes=\"(max-width: 2560px) 100vw, 2560px\" \/>\t\t\t\t\t\t\t\t\t\t\t\t\t\t\t<\/div>\n\t\t\t\t<\/div>\n\t\t\t\t\t<\/div>\n\t\t<\/div>\n\t\t\t\t\t<\/div>\n\t\t<\/section>\n\t\t\t\t<section class=\"elementor-section elementor-top-section elementor-element elementor-element-bf4c09f elementor-section-boxed elementor-section-height-default elementor-section-height-default\" data-id=\"bf4c09f\" data-element_type=\"section\" data-e-type=\"section\" data-settings=\"{&quot;_ha_eqh_enable&quot;:false}\">\n\t\t\t\t\t\t<div class=\"elementor-container elementor-column-gap-default\">\n\t\t\t\t\t<div class=\"elementor-column elementor-col-100 elementor-top-column elementor-element elementor-element-571863d\" data-id=\"571863d\" data-element_type=\"column\" data-e-type=\"column\">\n\t\t\t<div class=\"elementor-widget-wrap elementor-element-populated\">\n\t\t\t\t\t\t<div class=\"elementor-element elementor-element-39c8c2c elementor-widget elementor-widget-menu-anchor\" data-id=\"39c8c2c\" data-element_type=\"widget\" data-e-type=\"widget\" data-widget_type=\"menu-anchor.default\">\n\t\t\t\t<div class=\"elementor-widget-container\">\n\t\t\t\t\t\t\t<div class=\"elementor-menu-anchor\" id=\"objectifs\"><\/div>\n\t\t\t\t\t\t<\/div>\n\t\t\t\t<\/div>\n\t\t\t\t<div class=\"elementor-element elementor-element-aaf6fd5 elementor-widget elementor-widget-text-editor\" data-id=\"aaf6fd5\" data-element_type=\"widget\" data-e-type=\"widget\" data-widget_type=\"text-editor.default\">\n\t\t\t\t<div class=\"elementor-widget-container\">\n\t\t\t\t\t\t\t\t\t<h2>Les objectifs<\/h2><p>ENERTRAG met un point d\u2019honneur \u00e0 engager tr\u00e8s en amont de ses projets le dialogue avec le territoire (habitants, \u00e9lus etc.), afin d\u2019inclure toute personne qui se sent concern\u00e9e et qui souhaite s\u2019impliquer dans le projet !\u00a0<\/p>\t\t\t\t\t\t\t\t<\/div>\n\t\t\t\t<\/div>\n\t\t\t\t\t<\/div>\n\t\t<\/div>\n\t\t\t\t\t<\/div>\n\t\t<\/section>\n\t\t\t\t<section class=\"elementor-section elementor-top-section elementor-element elementor-element-39c2769 elementor-section-boxed elementor-section-height-default elementor-section-height-default\" data-id=\"39c2769\" data-element_type=\"section\" data-e-type=\"section\" data-settings=\"{&quot;_ha_eqh_enable&quot;:false}\">\n\t\t\t\t\t\t<div class=\"elementor-container elementor-column-gap-default\">\n\t\t\t\t\t<div class=\"elementor-column elementor-col-100 elementor-top-column elementor-element elementor-element-094b952\" data-id=\"094b952\" data-element_type=\"column\" data-e-type=\"column\">\n\t\t\t<div class=\"elementor-widget-wrap elementor-element-populated\">\n\t\t\t\t\t\t<div class=\"elementor-element elementor-element-19b5ede elementor-widget elementor-widget-menu-anchor\" data-id=\"19b5ede\" data-element_type=\"widget\" data-e-type=\"widget\" data-widget_type=\"menu-anchor.default\">\n\t\t\t\t<div class=\"elementor-widget-container\">\n\t\t\t\t\t\t\t<div class=\"elementor-menu-anchor\" id=\"documents\"><\/div>\n\t\t\t\t\t\t<\/div>\n\t\t\t\t<\/div>\n\t\t\t\t<div class=\"elementor-element elementor-element-628cc92 elementor-widget elementor-widget-heading\" data-id=\"628cc92\" data-element_type=\"widget\" data-e-type=\"widget\" data-widget_type=\"heading.default\">\n\t\t\t\t<div class=\"elementor-widget-container\">\n\t\t\t\t\t<h2 class=\"elementor-heading-title elementor-size-default\">Les documents de la concertation<\/h2>\t\t\t\t<\/div>\n\t\t\t\t<\/div>\n\t\t\t\t\t<\/div>\n\t\t<\/div>\n\t\t\t\t\t<\/div>\n\t\t<\/section>\n\t\t\t\t<section class=\"elementor-section elementor-top-section elementor-element elementor-element-a617a57 elementor-section-boxed elementor-section-height-default elementor-section-height-default\" data-id=\"a617a57\" data-element_type=\"section\" data-e-type=\"section\" data-settings=\"{&quot;_ha_eqh_enable&quot;:false}\">\n\t\t\t\t\t\t<div class=\"elementor-container elementor-column-gap-default\">\n\t\t\t\t\t<div class=\"elementor-column elementor-col-100 elementor-top-column elementor-element elementor-element-444a73e\" data-id=\"444a73e\" data-element_type=\"column\" data-e-type=\"column\">\n\t\t\t<div class=\"elementor-widget-wrap elementor-element-populated\">\n\t\t\t\t\t\t<div class=\"elementor-element elementor-element-4b3da4b elementor-widget elementor-widget-accordion\" data-id=\"4b3da4b\" data-element_type=\"widget\" data-e-type=\"widget\" data-widget_type=\"accordion.default\">\n\t\t\t\t<div class=\"elementor-widget-container\">\n\t\t\t\t\t\t\t<div class=\"elementor-accordion\">\n\t\t\t\t\t\t\t<div class=\"elementor-accordion-item\">\n\t\t\t\t\t<div id=\"elementor-tab-title-7881\" class=\"elementor-tab-title\" data-tab=\"1\" role=\"button\" aria-controls=\"elementor-tab-content-7881\" aria-expanded=\"false\">\n\t\t\t\t\t\t\t\t\t\t\t\t\t<span class=\"elementor-accordion-icon elementor-accordion-icon-left\" aria-hidden=\"true\">\n\t\t\t\t\t\t\t\t\t\t\t\t\t\t\t<span class=\"elementor-accordion-icon-closed\"><i class=\"fas fa-plus\"><\/i><\/span>\n\t\t\t\t\t\t\t\t<span class=\"elementor-accordion-icon-opened\"><i class=\"fas fa-minus\"><\/i><\/span>\n\t\t\t\t\t\t\t\t\t\t\t\t\t\t<\/span>\n\t\t\t\t\t\t\t\t\t\t\t\t<a class=\"elementor-accordion-title\" tabindex=\"0\">Bulletins d'information<\/a>\n\t\t\t\t\t<\/div>\n\t\t\t\t\t<div id=\"elementor-tab-content-7881\" class=\"elementor-tab-content elementor-clearfix\" data-tab=\"1\" role=\"region\" aria-labelledby=\"elementor-tab-title-7881\"><p><a href=\"https:\/\/www.enertrag.fr\/sommieres-du-clain\/wp-content\/uploads\/sites\/21\/2023\/07\/SM-Flyer1-revPLexport.pdf\">Bulletin d\u2019information n\u00b01 (janvier 2019)<\/a><br \/><a href=\"https:\/\/www.enertrag.fr\/sommieres-du-clain\/wp-content\/uploads\/sites\/21\/2023\/07\/B2_SM.pdf\">Bulletin d\u2019information n\u00b02 (Juillet 2019)<\/a><br \/><a href=\"https:\/\/www.enertrag.fr\/sommieres-du-clain\/wp-content\/uploads\/sites\/21\/2023\/07\/SM-Flyer4.1.pdf\">Bulletin d\u2019information n\u00b03 (janvier 2020)<\/a><br \/><a href=\"https:\/\/www.enertrag.fr\/sommieres-du-clain\/wp-content\/uploads\/sites\/21\/2023\/07\/FR-PC-SM_BI4-.pdf\">Bulletin d\u2019information n\u00b04 (juin 2021)<\/a><\/p><p><a href=\"https:\/\/www.enertrag.fr\/sommieres-du-clain\/wp-content\/uploads\/sites\/21\/2025\/01\/FR-PC-SM_Bulletin_5_VF.pdf\">Bulletin d&rsquo;information n\u00b05 (janvier 2025)<\/a><\/p><\/div>\n\t\t\t\t<\/div>\n\t\t\t\t\t\t\t\t<\/div>\n\t\t\t\t\t\t<\/div>\n\t\t\t\t<\/div>\n\t\t\t\t\t<\/div>\n\t\t<\/div>\n\t\t\t\t\t<\/div>\n\t\t<\/section>\n\t\t\t\t<\/div>\n\t\t","protected":false},"excerpt":{"rendered":"<p>La concertation Participation du public et dialogue territorial Les objectifs ENERTRAG met un point d\u2019honneur \u00e0 engager tr\u00e8s en amont de ses projets le dialogue avec le territoire (habitants, \u00e9lus etc.), afin d\u2019inclure toute personne qui se sent concern\u00e9e et qui souhaite s\u2019impliquer dans le projet !\u00a0 Les documents de la concertation Bulletins d&rsquo;information Bulletin [&hellip;]<\/p>\n","protected":false},"author":1,"featured_media":0,"parent":0,"menu_order":0,"comment_status":"closed","ping_status":"closed","template":"","meta":{"_acf_changed":false,"footnotes":""},"class_list":["post-64","page","type-page","status-publish","hentry"],"acf":[],"yoast_head":"<!-- This site is optimized with the Yoast SEO plugin v27.5 - https:\/\/yoast.com\/product\/yoast-seo-wordpress\/ -->\n<title>La concertation - Sommi\u00e8res-du-Clain<\/title>\n<meta name=\"description\" content=\"Quelques bulletins d&#039;information ont \u00e9t\u00e9 distribu\u00e9s sur la commune de Sommi\u00e8res-du-Clain afin d&#039;informer les riverains du projet.\" \/>\n<meta name=\"robots\" content=\"index, follow, max-snippet:-1, max-image-preview:large, max-video-preview:-1\" \/>\n<link rel=\"canonical\" href=\"https:\/\/www.enertrag.fr\/sommieres-du-clain\/la-concertation\/\" \/>\n<meta property=\"og:locale\" content=\"fr_FR\" \/>\n<meta property=\"og:type\" content=\"article\" \/>\n<meta property=\"og:title\" content=\"La concertation - Sommi\u00e8res-du-Clain\" \/>\n<meta property=\"og:description\" content=\"Quelques bulletins d&#039;information ont \u00e9t\u00e9 distribu\u00e9s sur la commune de Sommi\u00e8res-du-Clain afin d&#039;informer les riverains du projet.\" \/>\n<meta property=\"og:url\" content=\"https:\/\/www.enertrag.fr\/sommieres-du-clain\/la-concertation\/\" \/>\n<meta property=\"og:site_name\" content=\"Sommi\u00e8res-du-Clain\" \/>\n<meta property=\"article:modified_time\" content=\"2025-01-31T14:59:13+00:00\" \/>\n<meta property=\"og:image\" content=\"https:\/\/www.enertrag.fr\/sommieres-du-clain\/wp-content\/uploads\/sites\/21\/2023\/07\/Concertation-scaled.jpg\" \/>\n<meta name=\"twitter:card\" content=\"summary_large_image\" \/>\n<meta name=\"twitter:label1\" content=\"Dur\u00e9e de lecture estim\u00e9e\" \/>\n\t<meta name=\"twitter:data1\" content=\"1 minute\" \/>\n<script type=\"application\/ld+json\" class=\"yoast-schema-graph\">{\"@context\":\"https:\\\/\\\/schema.org\",\"@graph\":[{\"@type\":\"WebPage\",\"@id\":\"https:\\\/\\\/www.enertrag.fr\\\/sommieres-du-clain\\\/la-concertation\\\/\",\"url\":\"https:\\\/\\\/www.enertrag.fr\\\/sommieres-du-clain\\\/la-concertation\\\/\",\"name\":\"La concertation - Sommi\u00e8res-du-Clain\",\"isPartOf\":{\"@id\":\"https:\\\/\\\/www.enertrag.fr\\\/sommieres-du-clain\\\/#website\"},\"primaryImageOfPage\":{\"@id\":\"https:\\\/\\\/www.enertrag.fr\\\/sommieres-du-clain\\\/la-concertation\\\/#primaryimage\"},\"image\":{\"@id\":\"https:\\\/\\\/www.enertrag.fr\\\/sommieres-du-clain\\\/la-concertation\\\/#primaryimage\"},\"thumbnailUrl\":\"https:\\\/\\\/www.enertrag.fr\\\/sommieres-du-clain\\\/wp-content\\\/uploads\\\/sites\\\/21\\\/2023\\\/07\\\/Concertation-scaled.jpg\",\"datePublished\":\"2023-01-12T15:19:59+00:00\",\"dateModified\":\"2025-01-31T14:59:13+00:00\",\"description\":\"Quelques bulletins d'information ont \u00e9t\u00e9 distribu\u00e9s sur la commune de Sommi\u00e8res-du-Clain afin d'informer les riverains du projet.\",\"breadcrumb\":{\"@id\":\"https:\\\/\\\/www.enertrag.fr\\\/sommieres-du-clain\\\/la-concertation\\\/#breadcrumb\"},\"inLanguage\":\"fr-FR\",\"potentialAction\":[{\"@type\":\"ReadAction\",\"target\":[\"https:\\\/\\\/www.enertrag.fr\\\/sommieres-du-clain\\\/la-concertation\\\/\"]}]},{\"@type\":\"ImageObject\",\"inLanguage\":\"fr-FR\",\"@id\":\"https:\\\/\\\/www.enertrag.fr\\\/sommieres-du-clain\\\/la-concertation\\\/#primaryimage\",\"url\":\"https:\\\/\\\/www.enertrag.fr\\\/sommieres-du-clain\\\/wp-content\\\/uploads\\\/sites\\\/21\\\/2023\\\/07\\\/Concertation-scaled.jpg\",\"contentUrl\":\"https:\\\/\\\/www.enertrag.fr\\\/sommieres-du-clain\\\/wp-content\\\/uploads\\\/sites\\\/21\\\/2023\\\/07\\\/Concertation-scaled.jpg\",\"width\":2560,\"height\":554},{\"@type\":\"BreadcrumbList\",\"@id\":\"https:\\\/\\\/www.enertrag.fr\\\/sommieres-du-clain\\\/la-concertation\\\/#breadcrumb\",\"itemListElement\":[{\"@type\":\"ListItem\",\"position\":1,\"name\":\"Accueil\",\"item\":\"https:\\\/\\\/www.enertrag.fr\\\/sommieres-du-clain\\\/\"},{\"@type\":\"ListItem\",\"position\":2,\"name\":\"La concertation\"}]},{\"@type\":\"WebSite\",\"@id\":\"https:\\\/\\\/www.enertrag.fr\\\/sommieres-du-clain\\\/#website\",\"url\":\"https:\\\/\\\/www.enertrag.fr\\\/sommieres-du-clain\\\/\",\"name\":\"Sommi\u00e8res-du-Clain\",\"description\":\"\",\"publisher\":{\"@id\":\"https:\\\/\\\/www.enertrag.fr\\\/sommieres-du-clain\\\/#organization\"},\"potentialAction\":[{\"@type\":\"SearchAction\",\"target\":{\"@type\":\"EntryPoint\",\"urlTemplate\":\"https:\\\/\\\/www.enertrag.fr\\\/sommieres-du-clain\\\/?s={search_term_string}\"},\"query-input\":{\"@type\":\"PropertyValueSpecification\",\"valueRequired\":true,\"valueName\":\"search_term_string\"}}],\"inLanguage\":\"fr-FR\"},{\"@type\":\"Organization\",\"@id\":\"https:\\\/\\\/www.enertrag.fr\\\/sommieres-du-clain\\\/#organization\",\"name\":\"Sommi\u00e8res-du-Clain\",\"url\":\"https:\\\/\\\/www.enertrag.fr\\\/sommieres-du-clain\\\/\",\"logo\":{\"@type\":\"ImageObject\",\"inLanguage\":\"fr-FR\",\"@id\":\"https:\\\/\\\/www.enertrag.fr\\\/sommieres-du-clain\\\/#\\\/schema\\\/logo\\\/image\\\/\",\"url\":\"https:\\\/\\\/www.enertrag.fr\\\/sommieres-du-clain\\\/wp-content\\\/uploads\\\/sites\\\/21\\\/2023\\\/01\\\/ENERTRAG_Logo.png\",\"contentUrl\":\"https:\\\/\\\/www.enertrag.fr\\\/sommieres-du-clain\\\/wp-content\\\/uploads\\\/sites\\\/21\\\/2023\\\/01\\\/ENERTRAG_Logo.png\",\"width\":500,\"height\":161,\"caption\":\"Sommi\u00e8res-du-Clain\"},\"image\":{\"@id\":\"https:\\\/\\\/www.enertrag.fr\\\/sommieres-du-clain\\\/#\\\/schema\\\/logo\\\/image\\\/\"}}]}<\/script>\n<!-- \/ Yoast SEO plugin. -->","yoast_head_json":{"title":"La concertation - Sommi\u00e8res-du-Clain","description":"Quelques bulletins d'information ont \u00e9t\u00e9 distribu\u00e9s sur la commune de Sommi\u00e8res-du-Clain afin d'informer les riverains du projet.","robots":{"index":"index","follow":"follow","max-snippet":"max-snippet:-1","max-image-preview":"max-image-preview:large","max-video-preview":"max-video-preview:-1"},"canonical":"https:\/\/www.enertrag.fr\/sommieres-du-clain\/la-concertation\/","og_locale":"fr_FR","og_type":"article","og_title":"La concertation - Sommi\u00e8res-du-Clain","og_description":"Quelques bulletins d'information ont \u00e9t\u00e9 distribu\u00e9s sur la commune de Sommi\u00e8res-du-Clain afin d'informer les riverains du projet.","og_url":"https:\/\/www.enertrag.fr\/sommieres-du-clain\/la-concertation\/","og_site_name":"Sommi\u00e8res-du-Clain","article_modified_time":"2025-01-31T14:59:13+00:00","og_image":[{"url":"https:\/\/www.enertrag.fr\/sommieres-du-clain\/wp-content\/uploads\/sites\/21\/2023\/07\/Concertation-scaled.jpg","type":"","width":"","height":""}],"twitter_card":"summary_large_image","twitter_misc":{"Dur\u00e9e de lecture estim\u00e9e":"1 minute"},"schema":{"@context":"https:\/\/schema.org","@graph":[{"@type":"WebPage","@id":"https:\/\/www.enertrag.fr\/sommieres-du-clain\/la-concertation\/","url":"https:\/\/www.enertrag.fr\/sommieres-du-clain\/la-concertation\/","name":"La concertation - Sommi\u00e8res-du-Clain","isPartOf":{"@id":"https:\/\/www.enertrag.fr\/sommieres-du-clain\/#website"},"primaryImageOfPage":{"@id":"https:\/\/www.enertrag.fr\/sommieres-du-clain\/la-concertation\/#primaryimage"},"image":{"@id":"https:\/\/www.enertrag.fr\/sommieres-du-clain\/la-concertation\/#primaryimage"},"thumbnailUrl":"https:\/\/www.enertrag.fr\/sommieres-du-clain\/wp-content\/uploads\/sites\/21\/2023\/07\/Concertation-scaled.jpg","datePublished":"2023-01-12T15:19:59+00:00","dateModified":"2025-01-31T14:59:13+00:00","description":"Quelques bulletins d'information ont \u00e9t\u00e9 distribu\u00e9s sur la commune de Sommi\u00e8res-du-Clain afin d'informer les riverains du projet.","breadcrumb":{"@id":"https:\/\/www.enertrag.fr\/sommieres-du-clain\/la-concertation\/#breadcrumb"},"inLanguage":"fr-FR","potentialAction":[{"@type":"ReadAction","target":["https:\/\/www.enertrag.fr\/sommieres-du-clain\/la-concertation\/"]}]},{"@type":"ImageObject","inLanguage":"fr-FR","@id":"https:\/\/www.enertrag.fr\/sommieres-du-clain\/la-concertation\/#primaryimage","url":"https:\/\/www.enertrag.fr\/sommieres-du-clain\/wp-content\/uploads\/sites\/21\/2023\/07\/Concertation-scaled.jpg","contentUrl":"https:\/\/www.enertrag.fr\/sommieres-du-clain\/wp-content\/uploads\/sites\/21\/2023\/07\/Concertation-scaled.jpg","width":2560,"height":554},{"@type":"BreadcrumbList","@id":"https:\/\/www.enertrag.fr\/sommieres-du-clain\/la-concertation\/#breadcrumb","itemListElement":[{"@type":"ListItem","position":1,"name":"Accueil","item":"https:\/\/www.enertrag.fr\/sommieres-du-clain\/"},{"@type":"ListItem","position":2,"name":"La concertation"}]},{"@type":"WebSite","@id":"https:\/\/www.enertrag.fr\/sommieres-du-clain\/#website","url":"https:\/\/www.enertrag.fr\/sommieres-du-clain\/","name":"Sommi\u00e8res-du-Clain","description":"","publisher":{"@id":"https:\/\/www.enertrag.fr\/sommieres-du-clain\/#organization"},"potentialAction":[{"@type":"SearchAction","target":{"@type":"EntryPoint","urlTemplate":"https:\/\/www.enertrag.fr\/sommieres-du-clain\/?s={search_term_string}"},"query-input":{"@type":"PropertyValueSpecification","valueRequired":true,"valueName":"search_term_string"}}],"inLanguage":"fr-FR"},{"@type":"Organization","@id":"https:\/\/www.enertrag.fr\/sommieres-du-clain\/#organization","name":"Sommi\u00e8res-du-Clain","url":"https:\/\/www.enertrag.fr\/sommieres-du-clain\/","logo":{"@type":"ImageObject","inLanguage":"fr-FR","@id":"https:\/\/www.enertrag.fr\/sommieres-du-clain\/#\/schema\/logo\/image\/","url":"https:\/\/www.enertrag.fr\/sommieres-du-clain\/wp-content\/uploads\/sites\/21\/2023\/01\/ENERTRAG_Logo.png","contentUrl":"https:\/\/www.enertrag.fr\/sommieres-du-clain\/wp-content\/uploads\/sites\/21\/2023\/01\/ENERTRAG_Logo.png","width":500,"height":161,"caption":"Sommi\u00e8res-du-Clain"},"image":{"@id":"https:\/\/www.enertrag.fr\/sommieres-du-clain\/#\/schema\/logo\/image\/"}}]}},"_links":{"self":[{"href":"https:\/\/www.enertrag.fr\/sommieres-du-clain\/wp-json\/wp\/v2\/pages\/64","targetHints":{"allow":["GET"]}}],"collection":[{"href":"https:\/\/www.enertrag.fr\/sommieres-du-clain\/wp-json\/wp\/v2\/pages"}],"about":[{"href":"https:\/\/www.enertrag.fr\/sommieres-du-clain\/wp-json\/wp\/v2\/types\/page"}],"author":[{"embeddable":true,"href":"https:\/\/www.enertrag.fr\/sommieres-du-clain\/wp-json\/wp\/v2\/users\/1"}],"replies":[{"embeddable":true,"href":"https:\/\/www.enertrag.fr\/sommieres-du-clain\/wp-json\/wp\/v2\/comments?post=64"}],"version-history":[{"count":0,"href":"https:\/\/www.enertrag.fr\/sommieres-du-clain\/wp-json\/wp\/v2\/pages\/64\/revisions"}],"wp:attachment":[{"href":"https:\/\/www.enertrag.fr\/sommieres-du-clain\/wp-json\/wp\/v2\/media?parent=64"}],"curies":[{"name":"wp","href":"https:\/\/api.w.org\/{rel}","templated":true}]}}