{"id":5,"date":"2023-01-10T12:26:09","date_gmt":"2023-01-10T11:26:09","guid":{"rendered":"http:\/\/dev.parcs-eoliens-enertrag.fr\/testy\/?page_id=5"},"modified":"2025-01-31T15:38:35","modified_gmt":"2025-01-31T14:38:35","slug":"accueil","status":"publish","type":"page","link":"https:\/\/www.enertrag.fr\/sommieres-du-clain\/","title":{"rendered":"Accueil"},"content":{"rendered":"\t\t<div data-elementor-type=\"wp-page\" data-elementor-id=\"5\" class=\"elementor elementor-5\" data-elementor-settings=\"{&quot;ha_cmc_init_switcher&quot;:&quot;no&quot;}\" data-elementor-post-type=\"page\">\n\t\t\t\t\t\t<section class=\"elementor-section elementor-top-section elementor-element elementor-element-3a95a101 elementor-section-boxed elementor-section-height-default elementor-section-height-default\" data-id=\"3a95a101\" data-element_type=\"section\" data-e-type=\"section\" data-settings=\"{&quot;background_background&quot;:&quot;classic&quot;,&quot;_ha_eqh_enable&quot;:false}\">\n\t\t\t\t\t\t<div class=\"elementor-container elementor-column-gap-default\">\n\t\t\t\t\t<div class=\"elementor-column elementor-col-100 elementor-top-column elementor-element elementor-element-745acc87\" data-id=\"745acc87\" data-element_type=\"column\" data-e-type=\"column\">\n\t\t\t<div class=\"elementor-widget-wrap elementor-element-populated\">\n\t\t\t\t\t\t<div class=\"elementor-element elementor-element-0143a0d elementor-widget elementor-widget-text-editor\" data-id=\"0143a0d\" data-element_type=\"widget\" data-e-type=\"widget\" id=\"bandeau_h1\" data-widget_type=\"text-editor.default\">\n\t\t\t\t<div class=\"elementor-widget-container\">\n\t\t\t\t\t\t\t\t\t<h1>PROJET \u00c9OLIEN DE LA ROCHE AU LOUP<\/h1>\t\t\t\t\t\t\t\t<\/div>\n\t\t\t\t<\/div>\n\t\t\t\t\t<\/div>\n\t\t<\/div>\n\t\t\t\t\t<\/div>\n\t\t<\/section>\n\t\t\t\t<section class=\"elementor-section elementor-top-section elementor-element elementor-element-5fab407e elementor-section-full_width elementor-section-stretched elementor-section-height-default elementor-section-height-default\" data-id=\"5fab407e\" data-element_type=\"section\" data-e-type=\"section\" data-settings=\"{&quot;stretch_section&quot;:&quot;section-stretched&quot;,&quot;_ha_eqh_enable&quot;:false}\">\n\t\t\t\t\t\t<div class=\"elementor-container elementor-column-gap-default\">\n\t\t\t\t\t<div class=\"elementor-column elementor-col-100 elementor-top-column elementor-element elementor-element-7399a403\" data-id=\"7399a403\" data-element_type=\"column\" data-e-type=\"column\">\n\t\t\t<div class=\"elementor-widget-wrap elementor-element-populated\">\n\t\t\t\t\t\t<div class=\"elementor-element elementor-element-4ed70727 elementor-widget elementor-widget-image\" data-id=\"4ed70727\" data-element_type=\"widget\" data-e-type=\"widget\" data-widget_type=\"image.default\">\n\t\t\t\t<div class=\"elementor-widget-container\">\n\t\t\t\t\t\t\t\t\t\t\t\t\t\t\t<img fetchpriority=\"high\" decoding=\"async\" width=\"2560\" height=\"575\" src=\"https:\/\/www.enertrag.fr\/sommieres-du-clain\/wp-content\/uploads\/sites\/21\/2023\/02\/image-home_2.jpg\" class=\"attachment-full size-full wp-image-455\" alt=\"\" srcset=\"https:\/\/www.enertrag.fr\/sommieres-du-clain\/wp-content\/uploads\/sites\/21\/2023\/02\/image-home_2.jpg 2560w, https:\/\/www.enertrag.fr\/sommieres-du-clain\/wp-content\/uploads\/sites\/21\/2023\/02\/image-home_2-300x67.jpg 300w, https:\/\/www.enertrag.fr\/sommieres-du-clain\/wp-content\/uploads\/sites\/21\/2023\/02\/image-home_2-1024x230.jpg 1024w, https:\/\/www.enertrag.fr\/sommieres-du-clain\/wp-content\/uploads\/sites\/21\/2023\/02\/image-home_2-768x173.jpg 768w, https:\/\/www.enertrag.fr\/sommieres-du-clain\/wp-content\/uploads\/sites\/21\/2023\/02\/image-home_2-1536x345.jpg 1536w, https:\/\/www.enertrag.fr\/sommieres-du-clain\/wp-content\/uploads\/sites\/21\/2023\/02\/image-home_2-2048x460.jpg 2048w\" sizes=\"(max-width: 2560px) 100vw, 2560px\" \/>\t\t\t\t\t\t\t\t\t\t\t\t\t\t\t<\/div>\n\t\t\t\t<\/div>\n\t\t\t\t\t<\/div>\n\t\t<\/div>\n\t\t\t\t\t<\/div>\n\t\t<\/section>\n\t\t\t\t<section class=\"elementor-section elementor-top-section elementor-element elementor-element-c97c833 elementor-section-boxed elementor-section-height-default elementor-section-height-default\" data-id=\"c97c833\" data-element_type=\"section\" data-e-type=\"section\" data-settings=\"{&quot;background_background&quot;:&quot;classic&quot;,&quot;_ha_eqh_enable&quot;:false}\">\n\t\t\t\t\t\t<div class=\"elementor-container elementor-column-gap-default\">\n\t\t\t\t\t<div class=\"elementor-column elementor-col-50 elementor-top-column elementor-element elementor-element-2a79239\" data-id=\"2a79239\" data-element_type=\"column\" data-e-type=\"column\">\n\t\t\t<div class=\"elementor-widget-wrap elementor-element-populated\">\n\t\t\t\t\t\t<div class=\"elementor-element elementor-element-fbf4f8d elementor-widget elementor-widget-image\" data-id=\"fbf4f8d\" data-element_type=\"widget\" data-e-type=\"widget\" data-widget_type=\"image.default\">\n\t\t\t\t<div class=\"elementor-widget-container\">\n\t\t\t\t\t\t\t\t\t\t\t\t\t\t\t<img decoding=\"async\" width=\"300\" height=\"300\" src=\"https:\/\/www.enertrag.fr\/sommieres-du-clain\/wp-content\/uploads\/sites\/21\/2023\/07\/Illustration-2023-02.svg\" class=\"attachment-medium size-medium wp-image-934\" alt=\"\" \/>\t\t\t\t\t\t\t\t\t\t\t\t\t\t\t<\/div>\n\t\t\t\t<\/div>\n\t\t\t\t\t<\/div>\n\t\t<\/div>\n\t\t\t\t<div class=\"elementor-column elementor-col-50 elementor-top-column elementor-element elementor-element-3f0f230\" data-id=\"3f0f230\" data-element_type=\"column\" data-e-type=\"column\">\n\t\t\t<div class=\"elementor-widget-wrap elementor-element-populated\">\n\t\t\t\t\t\t<div class=\"elementor-element elementor-element-4d66b2a elementor-widget elementor-widget-text-editor\" data-id=\"4d66b2a\" data-element_type=\"widget\" data-e-type=\"widget\" data-widget_type=\"text-editor.default\">\n\t\t\t\t<div class=\"elementor-widget-container\">\n\t\t\t\t\t\t\t\t\t<h2 style=\"text-align: center;\">Le projet en Bref<\/h2>\n<p>Le projet du parc \u00e9olien de la <strong>Roche au Loup<\/strong> sur la commune de <strong>Sommi\u00e8res-du-Clain<\/strong> se situe dans le d\u00e9partement de la Vienne (86), au sud-ouest du centre-bourg.<\/p><p>Nous avons le plaisir d\u2019annoncer l\u2019aboutissement de la\nproc\u00e9dure men\u00e9e par les services de l\u2019Etat autorisant le parc \u00e9olien de la\nRoche au Loup. C\u2019est une \u00e9tape cruciale dans notre engagement \u00e0 promouvoir les\n\u00e9nergies renouvelables et \u00e0 contribuer \u00e0 un avenir plus durable.<o:p><\/o:p><\/p><p><o:p>&nbsp;<\/o:p><span style=\"color: var( --e-global-color-text ); font-family: var( --e-global-typography-text-font-family ), Sans-serif; font-weight: var( --e-global-typography-text-font-weight );\">&nbsp;<\/span><span style=\"color: var( --e-global-color-text ); font-family: var( --e-global-typography-text-font-family ), Sans-serif; font-weight: var( --e-global-typography-text-font-weight );\">A ce jour, une requ\u00eate a \u00e9t\u00e9 dirig\u00e9e \u00e0 l\u2019encontre de\nl\u2019arr\u00eat\u00e9 pr\u00e9fectoral d\u2019autorisation environnementale. Elle est en instruction\ndevant la Cour Administrative d\u2019Appel de Bordeaux. Nous continuons \u00e0 \u00eatre\nconfiant dans la solidit\u00e9 et le bien fond\u00e9 de notre projet et nous le\nd\u00e9fendrons jusqu\u2019\u00e0 sa concr\u00e9tisation.<\/span><\/p><p><o:p>&nbsp;<\/o:p><\/p>\t\t\t\t\t\t\t\t<\/div>\n\t\t\t\t<\/div>\n\t\t\t\t<div class=\"elementor-element elementor-element-ad352ab elementor-align-center elementor-widget elementor-widget-button\" data-id=\"ad352ab\" data-element_type=\"widget\" data-e-type=\"widget\" data-widget_type=\"button.default\">\n\t\t\t\t<div class=\"elementor-widget-container\">\n\t\t\t\t\t\t\t\t\t<div class=\"elementor-button-wrapper\">\n\t\t\t\t\t<a class=\"elementor-button elementor-button-link elementor-size-sm\" href=\"https:\/\/www.enertrag.fr\/sommieres-du-clain\/le-projet\/\">\n\t\t\t\t\t\t<span class=\"elementor-button-content-wrapper\">\n\t\t\t\t\t\t\t\t\t<span class=\"elementor-button-text\">D\u00e9couvrir le projet<\/span>\n\t\t\t\t\t<\/span>\n\t\t\t\t\t<\/a>\n\t\t\t\t<\/div>\n\t\t\t\t\t\t\t\t<\/div>\n\t\t\t\t<\/div>\n\t\t\t\t\t<\/div>\n\t\t<\/div>\n\t\t\t\t\t<\/div>\n\t\t<\/section>\n\t\t\t\t<section class=\"elementor-section elementor-top-section elementor-element elementor-element-27ce15a elementor-section-boxed elementor-section-height-default elementor-section-height-default\" data-id=\"27ce15a\" data-element_type=\"section\" data-e-type=\"section\" data-settings=\"{&quot;_ha_eqh_enable&quot;:false}\">\n\t\t\t\t\t\t<div class=\"elementor-container elementor-column-gap-default\">\n\t\t\t\t\t<div class=\"elementor-column elementor-col-100 elementor-top-column elementor-element elementor-element-9c2faa9\" data-id=\"9c2faa9\" data-element_type=\"column\" data-e-type=\"column\">\n\t\t\t<div class=\"elementor-widget-wrap\">\n\t\t\t\t\t\t\t<\/div>\n\t\t<\/div>\n\t\t\t\t\t<\/div>\n\t\t<\/section>\n\t\t\t\t<\/div>\n\t\t","protected":false},"excerpt":{"rendered":"<p>PROJET \u00c9OLIEN DE LA ROCHE AU LOUP Le projet en Bref Le projet du parc \u00e9olien de la Roche au Loup sur la commune de Sommi\u00e8res-du-Clain se situe dans le d\u00e9partement de la Vienne (86), au sud-ouest du centre-bourg. Nous avons le plaisir d\u2019annoncer l\u2019aboutissement de la proc\u00e9dure men\u00e9e par les services de l\u2019Etat autorisant [&hellip;]<\/p>\n","protected":false},"author":1,"featured_media":0,"parent":0,"menu_order":0,"comment_status":"closed","ping_status":"closed","template":"","meta":{"_acf_changed":false,"footnotes":""},"class_list":["post-5","page","type-page","status-publish","hentry"],"acf":[],"yoast_head":"<!-- This site is optimized with the Yoast SEO plugin v27.5 - https:\/\/yoast.com\/product\/yoast-seo-wordpress\/ -->\n<title>Accueil - Sommi\u00e8res-du-Clain<\/title>\n<meta name=\"description\" content=\"Le projet \u00e9olien de La Roche au Loup sur la commune de Sommi\u00e8res du Clain de 4 \u00e9oliennes d&#039;une puissance unitaire de 3,6 MW.\" \/>\n<meta name=\"robots\" content=\"index, follow, max-snippet:-1, max-image-preview:large, max-video-preview:-1\" \/>\n<link rel=\"canonical\" href=\"https:\/\/www.enertrag.fr\/sommieres-du-clain\/\" \/>\n<meta property=\"og:locale\" content=\"fr_FR\" \/>\n<meta property=\"og:type\" content=\"article\" \/>\n<meta property=\"og:title\" content=\"Accueil - Sommi\u00e8res-du-Clain\" \/>\n<meta property=\"og:description\" content=\"Le projet \u00e9olien de La Roche au Loup sur la commune de Sommi\u00e8res du Clain de 4 \u00e9oliennes d&#039;une puissance unitaire de 3,6 MW.\" \/>\n<meta property=\"og:url\" content=\"https:\/\/www.enertrag.fr\/sommieres-du-clain\/\" \/>\n<meta property=\"og:site_name\" content=\"Sommi\u00e8res-du-Clain\" \/>\n<meta property=\"article:modified_time\" content=\"2025-01-31T14:38:35+00:00\" \/>\n<meta property=\"og:image\" content=\"https:\/\/www.enertrag.fr\/sommieres-du-clain\/wp-content\/uploads\/sites\/21\/2023\/02\/image-home_2.jpg\" \/>\n<meta name=\"twitter:card\" content=\"summary_large_image\" \/>\n<meta name=\"twitter:label1\" content=\"Dur\u00e9e de lecture estim\u00e9e\" \/>\n\t<meta name=\"twitter:data1\" content=\"2 minutes\" \/>\n<script type=\"application\/ld+json\" class=\"yoast-schema-graph\">{\"@context\":\"https:\\\/\\\/schema.org\",\"@graph\":[{\"@type\":\"WebPage\",\"@id\":\"https:\\\/\\\/www.enertrag.fr\\\/sommieres-du-clain\\\/\",\"url\":\"https:\\\/\\\/www.enertrag.fr\\\/sommieres-du-clain\\\/\",\"name\":\"Accueil - Sommi\u00e8res-du-Clain\",\"isPartOf\":{\"@id\":\"https:\\\/\\\/www.enertrag.fr\\\/sommieres-du-clain\\\/#website\"},\"primaryImageOfPage\":{\"@id\":\"https:\\\/\\\/www.enertrag.fr\\\/sommieres-du-clain\\\/#primaryimage\"},\"image\":{\"@id\":\"https:\\\/\\\/www.enertrag.fr\\\/sommieres-du-clain\\\/#primaryimage\"},\"thumbnailUrl\":\"https:\\\/\\\/www.enertrag.fr\\\/sommieres-du-clain\\\/wp-content\\\/uploads\\\/sites\\\/21\\\/2023\\\/02\\\/image-home_2.jpg\",\"datePublished\":\"2023-01-10T11:26:09+00:00\",\"dateModified\":\"2025-01-31T14:38:35+00:00\",\"description\":\"Le projet \u00e9olien de La Roche au Loup sur la commune de Sommi\u00e8res du Clain de 4 \u00e9oliennes d'une puissance unitaire de 3,6 MW.\",\"breadcrumb\":{\"@id\":\"https:\\\/\\\/www.enertrag.fr\\\/sommieres-du-clain\\\/#breadcrumb\"},\"inLanguage\":\"fr-FR\",\"potentialAction\":[{\"@type\":\"ReadAction\",\"target\":[\"https:\\\/\\\/www.enertrag.fr\\\/sommieres-du-clain\\\/\"]}]},{\"@type\":\"ImageObject\",\"inLanguage\":\"fr-FR\",\"@id\":\"https:\\\/\\\/www.enertrag.fr\\\/sommieres-du-clain\\\/#primaryimage\",\"url\":\"https:\\\/\\\/www.enertrag.fr\\\/sommieres-du-clain\\\/wp-content\\\/uploads\\\/sites\\\/21\\\/2023\\\/02\\\/image-home_2.jpg\",\"contentUrl\":\"https:\\\/\\\/www.enertrag.fr\\\/sommieres-du-clain\\\/wp-content\\\/uploads\\\/sites\\\/21\\\/2023\\\/02\\\/image-home_2.jpg\",\"width\":2560,\"height\":575},{\"@type\":\"BreadcrumbList\",\"@id\":\"https:\\\/\\\/www.enertrag.fr\\\/sommieres-du-clain\\\/#breadcrumb\",\"itemListElement\":[{\"@type\":\"ListItem\",\"position\":1,\"name\":\"Accueil\",\"item\":\"https:\\\/\\\/www.enertrag.fr\\\/sommieres-du-clain\\\/\"},{\"@type\":\"ListItem\",\"position\":2,\"name\":\"Accueil\"}]},{\"@type\":\"WebSite\",\"@id\":\"https:\\\/\\\/www.enertrag.fr\\\/sommieres-du-clain\\\/#website\",\"url\":\"https:\\\/\\\/www.enertrag.fr\\\/sommieres-du-clain\\\/\",\"name\":\"Sommi\u00e8res-du-Clain\",\"description\":\"\",\"publisher\":{\"@id\":\"https:\\\/\\\/www.enertrag.fr\\\/sommieres-du-clain\\\/#organization\"},\"potentialAction\":[{\"@type\":\"SearchAction\",\"target\":{\"@type\":\"EntryPoint\",\"urlTemplate\":\"https:\\\/\\\/www.enertrag.fr\\\/sommieres-du-clain\\\/?s={search_term_string}\"},\"query-input\":{\"@type\":\"PropertyValueSpecification\",\"valueRequired\":true,\"valueName\":\"search_term_string\"}}],\"inLanguage\":\"fr-FR\"},{\"@type\":\"Organization\",\"@id\":\"https:\\\/\\\/www.enertrag.fr\\\/sommieres-du-clain\\\/#organization\",\"name\":\"Sommi\u00e8res-du-Clain\",\"url\":\"https:\\\/\\\/www.enertrag.fr\\\/sommieres-du-clain\\\/\",\"logo\":{\"@type\":\"ImageObject\",\"inLanguage\":\"fr-FR\",\"@id\":\"https:\\\/\\\/www.enertrag.fr\\\/sommieres-du-clain\\\/#\\\/schema\\\/logo\\\/image\\\/\",\"url\":\"https:\\\/\\\/www.enertrag.fr\\\/sommieres-du-clain\\\/wp-content\\\/uploads\\\/sites\\\/21\\\/2023\\\/01\\\/ENERTRAG_Logo.png\",\"contentUrl\":\"https:\\\/\\\/www.enertrag.fr\\\/sommieres-du-clain\\\/wp-content\\\/uploads\\\/sites\\\/21\\\/2023\\\/01\\\/ENERTRAG_Logo.png\",\"width\":500,\"height\":161,\"caption\":\"Sommi\u00e8res-du-Clain\"},\"image\":{\"@id\":\"https:\\\/\\\/www.enertrag.fr\\\/sommieres-du-clain\\\/#\\\/schema\\\/logo\\\/image\\\/\"}}]}<\/script>\n<!-- \/ Yoast SEO plugin. -->","yoast_head_json":{"title":"Accueil - Sommi\u00e8res-du-Clain","description":"Le projet \u00e9olien de La Roche au Loup sur la commune de Sommi\u00e8res du Clain de 4 \u00e9oliennes d'une puissance unitaire de 3,6 MW.","robots":{"index":"index","follow":"follow","max-snippet":"max-snippet:-1","max-image-preview":"max-image-preview:large","max-video-preview":"max-video-preview:-1"},"canonical":"https:\/\/www.enertrag.fr\/sommieres-du-clain\/","og_locale":"fr_FR","og_type":"article","og_title":"Accueil - Sommi\u00e8res-du-Clain","og_description":"Le projet \u00e9olien de La Roche au Loup sur la commune de Sommi\u00e8res du Clain de 4 \u00e9oliennes d'une puissance unitaire de 3,6 MW.","og_url":"https:\/\/www.enertrag.fr\/sommieres-du-clain\/","og_site_name":"Sommi\u00e8res-du-Clain","article_modified_time":"2025-01-31T14:38:35+00:00","og_image":[{"url":"https:\/\/www.enertrag.fr\/sommieres-du-clain\/wp-content\/uploads\/sites\/21\/2023\/02\/image-home_2.jpg","type":"","width":"","height":""}],"twitter_card":"summary_large_image","twitter_misc":{"Dur\u00e9e de lecture estim\u00e9e":"2 minutes"},"schema":{"@context":"https:\/\/schema.org","@graph":[{"@type":"WebPage","@id":"https:\/\/www.enertrag.fr\/sommieres-du-clain\/","url":"https:\/\/www.enertrag.fr\/sommieres-du-clain\/","name":"Accueil - Sommi\u00e8res-du-Clain","isPartOf":{"@id":"https:\/\/www.enertrag.fr\/sommieres-du-clain\/#website"},"primaryImageOfPage":{"@id":"https:\/\/www.enertrag.fr\/sommieres-du-clain\/#primaryimage"},"image":{"@id":"https:\/\/www.enertrag.fr\/sommieres-du-clain\/#primaryimage"},"thumbnailUrl":"https:\/\/www.enertrag.fr\/sommieres-du-clain\/wp-content\/uploads\/sites\/21\/2023\/02\/image-home_2.jpg","datePublished":"2023-01-10T11:26:09+00:00","dateModified":"2025-01-31T14:38:35+00:00","description":"Le projet \u00e9olien de La Roche au Loup sur la commune de Sommi\u00e8res du Clain de 4 \u00e9oliennes d'une puissance unitaire de 3,6 MW.","breadcrumb":{"@id":"https:\/\/www.enertrag.fr\/sommieres-du-clain\/#breadcrumb"},"inLanguage":"fr-FR","potentialAction":[{"@type":"ReadAction","target":["https:\/\/www.enertrag.fr\/sommieres-du-clain\/"]}]},{"@type":"ImageObject","inLanguage":"fr-FR","@id":"https:\/\/www.enertrag.fr\/sommieres-du-clain\/#primaryimage","url":"https:\/\/www.enertrag.fr\/sommieres-du-clain\/wp-content\/uploads\/sites\/21\/2023\/02\/image-home_2.jpg","contentUrl":"https:\/\/www.enertrag.fr\/sommieres-du-clain\/wp-content\/uploads\/sites\/21\/2023\/02\/image-home_2.jpg","width":2560,"height":575},{"@type":"BreadcrumbList","@id":"https:\/\/www.enertrag.fr\/sommieres-du-clain\/#breadcrumb","itemListElement":[{"@type":"ListItem","position":1,"name":"Accueil","item":"https:\/\/www.enertrag.fr\/sommieres-du-clain\/"},{"@type":"ListItem","position":2,"name":"Accueil"}]},{"@type":"WebSite","@id":"https:\/\/www.enertrag.fr\/sommieres-du-clain\/#website","url":"https:\/\/www.enertrag.fr\/sommieres-du-clain\/","name":"Sommi\u00e8res-du-Clain","description":"","publisher":{"@id":"https:\/\/www.enertrag.fr\/sommieres-du-clain\/#organization"},"potentialAction":[{"@type":"SearchAction","target":{"@type":"EntryPoint","urlTemplate":"https:\/\/www.enertrag.fr\/sommieres-du-clain\/?s={search_term_string}"},"query-input":{"@type":"PropertyValueSpecification","valueRequired":true,"valueName":"search_term_string"}}],"inLanguage":"fr-FR"},{"@type":"Organization","@id":"https:\/\/www.enertrag.fr\/sommieres-du-clain\/#organization","name":"Sommi\u00e8res-du-Clain","url":"https:\/\/www.enertrag.fr\/sommieres-du-clain\/","logo":{"@type":"ImageObject","inLanguage":"fr-FR","@id":"https:\/\/www.enertrag.fr\/sommieres-du-clain\/#\/schema\/logo\/image\/","url":"https:\/\/www.enertrag.fr\/sommieres-du-clain\/wp-content\/uploads\/sites\/21\/2023\/01\/ENERTRAG_Logo.png","contentUrl":"https:\/\/www.enertrag.fr\/sommieres-du-clain\/wp-content\/uploads\/sites\/21\/2023\/01\/ENERTRAG_Logo.png","width":500,"height":161,"caption":"Sommi\u00e8res-du-Clain"},"image":{"@id":"https:\/\/www.enertrag.fr\/sommieres-du-clain\/#\/schema\/logo\/image\/"}}]}},"_links":{"self":[{"href":"https:\/\/www.enertrag.fr\/sommieres-du-clain\/wp-json\/wp\/v2\/pages\/5","targetHints":{"allow":["GET"]}}],"collection":[{"href":"https:\/\/www.enertrag.fr\/sommieres-du-clain\/wp-json\/wp\/v2\/pages"}],"about":[{"href":"https:\/\/www.enertrag.fr\/sommieres-du-clain\/wp-json\/wp\/v2\/types\/page"}],"author":[{"embeddable":true,"href":"https:\/\/www.enertrag.fr\/sommieres-du-clain\/wp-json\/wp\/v2\/users\/1"}],"replies":[{"embeddable":true,"href":"https:\/\/www.enertrag.fr\/sommieres-du-clain\/wp-json\/wp\/v2\/comments?post=5"}],"version-history":[{"count":0,"href":"https:\/\/www.enertrag.fr\/sommieres-du-clain\/wp-json\/wp\/v2\/pages\/5\/revisions"}],"wp:attachment":[{"href":"https:\/\/www.enertrag.fr\/sommieres-du-clain\/wp-json\/wp\/v2\/media?parent=5"}],"curies":[{"name":"wp","href":"https:\/\/api.w.org\/{rel}","templated":true}]}}