{"id":69,"date":"2023-01-12T16:23:03","date_gmt":"2023-01-12T15:23:03","guid":{"rendered":"http:\/\/dev.parcs-eoliens-enertrag.fr\/matrice\/?page_id=69"},"modified":"2024-09-02T14:23:41","modified_gmt":"2024-09-02T12:23:41","slug":"actualites","status":"publish","type":"page","link":"https:\/\/www.enertrag.fr\/plessier-sur-saint-just\/actualites\/","title":{"rendered":"Actualit\u00e9s"},"content":{"rendered":"\t\t<div data-elementor-type=\"wp-page\" data-elementor-id=\"69\" class=\"elementor elementor-69\" data-elementor-settings=\"{&quot;ha_cmc_init_switcher&quot;:&quot;no&quot;}\" data-elementor-post-type=\"page\">\n\t\t\t\t\t\t<section class=\"elementor-section elementor-top-section elementor-element elementor-element-de55294 elementor-section-full_width elementor-section-height-full elementor-section-height-default elementor-section-items-middle\" data-id=\"de55294\" data-element_type=\"section\" data-e-type=\"section\" data-settings=\"{&quot;background_background&quot;:&quot;classic&quot;,&quot;_ha_eqh_enable&quot;:false}\">\n\t\t\t\t\t\t<div class=\"elementor-container elementor-column-gap-default\">\n\t\t\t\t\t<div class=\"elementor-column elementor-col-100 elementor-top-column elementor-element elementor-element-c4f6f22\" data-id=\"c4f6f22\" data-element_type=\"column\" data-e-type=\"column\" data-settings=\"{&quot;animation&quot;:&quot;none&quot;}\">\n\t\t\t<div class=\"elementor-widget-wrap elementor-element-populated\">\n\t\t\t\t\t\t<div class=\"elementor-element elementor-element-ca04dc8 elementor-invisible elementor-widget elementor-widget-heading\" data-id=\"ca04dc8\" data-element_type=\"widget\" data-e-type=\"widget\" data-settings=\"{&quot;_animation&quot;:&quot;fadeInUp&quot;}\" data-widget_type=\"heading.default\">\n\t\t\t\t<div class=\"elementor-widget-container\">\n\t\t\t\t\t<h1 class=\"elementor-heading-title elementor-size-default\">Nous fa\u00e7onnons la prochaine \u00e9tape de la transition \u00e9nerg\u00e9tique.<\/h1>\t\t\t\t<\/div>\n\t\t\t\t<\/div>\n\t\t\t\t<div class=\"elementor-element elementor-element-7800df3 elementor-invisible elementor-widget elementor-widget-heading\" data-id=\"7800df3\" data-element_type=\"widget\" data-e-type=\"widget\" data-settings=\"{&quot;_animation&quot;:&quot;fadeInUp&quot;}\" data-widget_type=\"heading.default\">\n\t\t\t\t<div class=\"elementor-widget-container\">\n\t\t\t\t\t<h2 class=\"elementor-heading-title elementor-size-default\">Ensemble. Avec passion. Une \u00e9nergie d\u2019avance.<\/h2>\t\t\t\t<\/div>\n\t\t\t\t<\/div>\n\t\t\t\t\t<\/div>\n\t\t<\/div>\n\t\t\t\t\t<\/div>\n\t\t<\/section>\n\t\t\t\t<section class=\"elementor-section elementor-top-section elementor-element elementor-element-c90b2e0 elementor-section-boxed elementor-section-height-default elementor-section-height-default\" data-id=\"c90b2e0\" data-element_type=\"section\" data-e-type=\"section\" data-settings=\"{&quot;_ha_eqh_enable&quot;:false}\">\n\t\t\t\t\t\t<div class=\"elementor-container elementor-column-gap-default\">\n\t\t\t\t\t<div class=\"elementor-column elementor-col-100 elementor-top-column elementor-element elementor-element-16738a4\" data-id=\"16738a4\" data-element_type=\"column\" data-e-type=\"column\">\n\t\t\t<div class=\"elementor-widget-wrap elementor-element-populated\">\n\t\t\t\t\t\t<div class=\"elementor-element elementor-element-1204dba elementor-widget elementor-widget-heading\" data-id=\"1204dba\" data-element_type=\"widget\" data-e-type=\"widget\" data-widget_type=\"heading.default\">\n\t\t\t\t<div class=\"elementor-widget-container\">\n\t\t\t\t\t<h2 class=\"elementor-heading-title elementor-size-default\">Actualit\u00e9s<\/h2>\t\t\t\t<\/div>\n\t\t\t\t<\/div>\n\t\t\t\t\t<\/div>\n\t\t<\/div>\n\t\t\t\t\t<\/div>\n\t\t<\/section>\n\t\t<div class=\"elementor-element elementor-element-6034836 e-grid e-con-boxed e-con e-parent\" data-id=\"6034836\" data-element_type=\"container\" data-e-type=\"container\" data-settings=\"{&quot;_ha_eqh_enable&quot;:false}\">\n\t\t\t\t\t<div class=\"e-con-inner\">\n\t\t\t\t<div class=\"elementor-element elementor-element-5f85e18 elementor-widget elementor-widget-image\" data-id=\"5f85e18\" data-element_type=\"widget\" data-e-type=\"widget\" data-widget_type=\"image.default\">\n\t\t\t\t<div class=\"elementor-widget-container\">\n\t\t\t\t\t\t\t\t\t\t\t\t\t\t\t<img fetchpriority=\"high\" decoding=\"async\" width=\"800\" height=\"599\" src=\"https:\/\/www.enertrag.fr\/plessier-sur-saint-just\/wp-content\/uploads\/sites\/45\/2024\/09\/forumm-1024x767.jpg\" class=\"attachment-large size-large wp-image-1514\" alt=\"\" srcset=\"https:\/\/www.enertrag.fr\/plessier-sur-saint-just\/wp-content\/uploads\/sites\/45\/2024\/09\/forumm-1024x767.jpg 1024w, https:\/\/www.enertrag.fr\/plessier-sur-saint-just\/wp-content\/uploads\/sites\/45\/2024\/09\/forumm-300x225.jpg 300w, https:\/\/www.enertrag.fr\/plessier-sur-saint-just\/wp-content\/uploads\/sites\/45\/2024\/09\/forumm-768x575.jpg 768w, https:\/\/www.enertrag.fr\/plessier-sur-saint-just\/wp-content\/uploads\/sites\/45\/2024\/09\/forumm.jpg 1387w\" sizes=\"(max-width: 800px) 100vw, 800px\" \/>\t\t\t\t\t\t\t\t\t\t\t\t\t\t\t<\/div>\n\t\t\t\t<\/div>\n\t\t\t\t<div class=\"elementor-element elementor-element-1b1e9a6 elementor-widget elementor-widget-heading\" data-id=\"1b1e9a6\" data-element_type=\"widget\" data-e-type=\"widget\" data-widget_type=\"heading.default\">\n\t\t\t\t<div class=\"elementor-widget-container\">\n\t\t\t\t\t<h2 class=\"elementor-heading-title elementor-size-default\">Forum d'Information \u2013 26 septembre : Venez vous informer !\n<br><p><span style=\"font-size:12.0pt;color:#1F4E79\">Dans le cadre du projet en cours, un second forum d'information est organis\u00e9 le jeudi 26 septembre 2024, de 19h \u00e0 21h, \u00e0 la salle des f\u00eates de Plessier-sur-Saint-Just.<\/span><\/p><p><span style=\"font-family: var( --e-global-typography-primary-font-family ), Sans-serif;font-size: 12pt;font-weight: var( --e-global-typography-primary-font-weight );text-align: var(--text-align)\">Les objectifs de ce forum sont :<\/span><\/p><p><span style=\"font-family: var( --e-global-typography-primary-font-family ), Sans-serif;font-size: 12pt;font-weight: var( --e-global-typography-primary-font-weight );text-align: var(--text-align)\">- Vous d\u00e9voiler l'implantation d\u00e9finitive des <\/span><span style=\"font-size: 12pt;font-family: var( --e-global-typography-primary-font-family ), Sans-serif;font-weight: var( --e-global-typography-primary-font-weight );text-align: var(--text-align)\">\u00e9oliennes,<\/span><\/p><p><span style=\"font-family: var( --e-global-typography-primary-font-family ), Sans-serif;font-size: 12pt;font-weight: var( --e-global-typography-primary-font-weight );text-align: var(--text-align)\">- Discuter de l'\u00e9nergie \u00e9olienne en r\u00e9pondant <\/span><span style=\"font-size: 12pt;font-family: var( --e-global-typography-primary-font-family ), Sans-serif;font-weight: var( --e-global-typography-primary-font-weight );text-align: var(--text-align)\">\u00e0 toutes vos questions,<\/span><\/p><p><span style=\"font-size:12.0pt;color:#1F4E79\">- Recueillir vos attentes et besoins pour la suite du projet.<\/span><\/p>\n\n<\/h2>\t\t\t\t<\/div>\n\t\t\t\t<\/div>\n\t\t\t\t\t<\/div>\n\t\t\t\t<\/div>\n\t\t\t\t<\/div>\n\t\t","protected":false},"excerpt":{"rendered":"<p>Nous fa\u00e7onnons la prochaine \u00e9tape de la transition \u00e9nerg\u00e9tique. Ensemble. Avec passion. Une \u00e9nergie d\u2019avance. Actualit\u00e9s Forum d&rsquo;Information \u2013 26 septembre : Venez vous informer ! Dans le cadre du projet en cours, un second forum d&rsquo;information est organis\u00e9 le jeudi 26 septembre 2024, de 19h \u00e0 21h, \u00e0 la salle des f\u00eates de Plessier-sur-Saint-Just. [&hellip;]<\/p>\n","protected":false},"author":1,"featured_media":0,"parent":0,"menu_order":0,"comment_status":"closed","ping_status":"closed","template":"","meta":{"_acf_changed":false,"footnotes":""},"class_list":["post-69","page","type-page","status-publish","hentry"],"acf":[],"yoast_head":"<!-- This site is optimized with the Yoast SEO plugin v27.5 - https:\/\/yoast.com\/product\/yoast-seo-wordpress\/ -->\n<title>Actualit\u00e9s - Projet \u00e9olien du Plessier-sur-saint-just<\/title>\n<meta name=\"robots\" content=\"index, follow, max-snippet:-1, max-image-preview:large, max-video-preview:-1\" \/>\n<link rel=\"canonical\" href=\"https:\/\/www.enertrag.fr\/plessier-sur-saint-just\/actualites\/\" \/>\n<meta property=\"og:locale\" content=\"fr_FR\" \/>\n<meta property=\"og:type\" content=\"article\" \/>\n<meta property=\"og:title\" content=\"Actualit\u00e9s - Projet \u00e9olien du Plessier-sur-saint-just\" \/>\n<meta property=\"og:description\" content=\"Nous fa\u00e7onnons la prochaine \u00e9tape de la transition \u00e9nerg\u00e9tique. Ensemble. Avec passion. Une \u00e9nergie d\u2019avance. Actualit\u00e9s Forum d&rsquo;Information \u2013 26 septembre : Venez vous informer ! Dans le cadre du projet en cours, un second forum d&rsquo;information est organis\u00e9 le jeudi 26 septembre 2024, de 19h \u00e0 21h, \u00e0 la salle des f\u00eates de Plessier-sur-Saint-Just. [&hellip;]\" \/>\n<meta property=\"og:url\" content=\"https:\/\/www.enertrag.fr\/plessier-sur-saint-just\/actualites\/\" \/>\n<meta property=\"og:site_name\" content=\"Projet \u00e9olien du Plessier-sur-saint-just\" \/>\n<meta property=\"article:modified_time\" content=\"2024-09-02T12:23:41+00:00\" \/>\n<meta property=\"og:image\" content=\"https:\/\/www.enertrag.fr\/plessier-sur-saint-just\/wp-content\/uploads\/sites\/45\/2024\/09\/forumm-1024x767.jpg\" \/>\n<meta name=\"twitter:card\" content=\"summary_large_image\" \/>\n<meta name=\"twitter:label1\" content=\"Dur\u00e9e de lecture estim\u00e9e\" \/>\n\t<meta name=\"twitter:data1\" content=\"1 minute\" \/>\n<script type=\"application\/ld+json\" class=\"yoast-schema-graph\">{\"@context\":\"https:\\\/\\\/schema.org\",\"@graph\":[{\"@type\":\"WebPage\",\"@id\":\"https:\\\/\\\/www.enertrag.fr\\\/plessier-sur-saint-just\\\/actualites\\\/\",\"url\":\"https:\\\/\\\/www.enertrag.fr\\\/plessier-sur-saint-just\\\/actualites\\\/\",\"name\":\"Actualit\u00e9s - Projet \u00e9olien du Plessier-sur-saint-just\",\"isPartOf\":{\"@id\":\"https:\\\/\\\/www.enertrag.fr\\\/plessier-sur-saint-just\\\/#website\"},\"primaryImageOfPage\":{\"@id\":\"https:\\\/\\\/www.enertrag.fr\\\/plessier-sur-saint-just\\\/actualites\\\/#primaryimage\"},\"image\":{\"@id\":\"https:\\\/\\\/www.enertrag.fr\\\/plessier-sur-saint-just\\\/actualites\\\/#primaryimage\"},\"thumbnailUrl\":\"https:\\\/\\\/www.enertrag.fr\\\/plessier-sur-saint-just\\\/wp-content\\\/uploads\\\/sites\\\/45\\\/2024\\\/09\\\/forumm-1024x767.jpg\",\"datePublished\":\"2023-01-12T15:23:03+00:00\",\"dateModified\":\"2024-09-02T12:23:41+00:00\",\"breadcrumb\":{\"@id\":\"https:\\\/\\\/www.enertrag.fr\\\/plessier-sur-saint-just\\\/actualites\\\/#breadcrumb\"},\"inLanguage\":\"fr-FR\",\"potentialAction\":[{\"@type\":\"ReadAction\",\"target\":[\"https:\\\/\\\/www.enertrag.fr\\\/plessier-sur-saint-just\\\/actualites\\\/\"]}]},{\"@type\":\"ImageObject\",\"inLanguage\":\"fr-FR\",\"@id\":\"https:\\\/\\\/www.enertrag.fr\\\/plessier-sur-saint-just\\\/actualites\\\/#primaryimage\",\"url\":\"https:\\\/\\\/www.enertrag.fr\\\/plessier-sur-saint-just\\\/wp-content\\\/uploads\\\/sites\\\/45\\\/2024\\\/09\\\/forumm.jpg\",\"contentUrl\":\"https:\\\/\\\/www.enertrag.fr\\\/plessier-sur-saint-just\\\/wp-content\\\/uploads\\\/sites\\\/45\\\/2024\\\/09\\\/forumm.jpg\",\"width\":1387,\"height\":1039},{\"@type\":\"BreadcrumbList\",\"@id\":\"https:\\\/\\\/www.enertrag.fr\\\/plessier-sur-saint-just\\\/actualites\\\/#breadcrumb\",\"itemListElement\":[{\"@type\":\"ListItem\",\"position\":1,\"name\":\"Accueil\",\"item\":\"https:\\\/\\\/www.enertrag.fr\\\/plessier-sur-saint-just\\\/\"},{\"@type\":\"ListItem\",\"position\":2,\"name\":\"Actualit\u00e9s\"}]},{\"@type\":\"WebSite\",\"@id\":\"https:\\\/\\\/www.enertrag.fr\\\/plessier-sur-saint-just\\\/#website\",\"url\":\"https:\\\/\\\/www.enertrag.fr\\\/plessier-sur-saint-just\\\/\",\"name\":\"Projet \u00e9olien du Plessier-sur-saint-just\",\"description\":\"\",\"publisher\":{\"@id\":\"https:\\\/\\\/www.enertrag.fr\\\/plessier-sur-saint-just\\\/#organization\"},\"potentialAction\":[{\"@type\":\"SearchAction\",\"target\":{\"@type\":\"EntryPoint\",\"urlTemplate\":\"https:\\\/\\\/www.enertrag.fr\\\/plessier-sur-saint-just\\\/?s={search_term_string}\"},\"query-input\":{\"@type\":\"PropertyValueSpecification\",\"valueRequired\":true,\"valueName\":\"search_term_string\"}}],\"inLanguage\":\"fr-FR\"},{\"@type\":\"Organization\",\"@id\":\"https:\\\/\\\/www.enertrag.fr\\\/plessier-sur-saint-just\\\/#organization\",\"name\":\"Projet \u00e9olien du Plessier-sur-saint-just\",\"url\":\"https:\\\/\\\/www.enertrag.fr\\\/plessier-sur-saint-just\\\/\",\"logo\":{\"@type\":\"ImageObject\",\"inLanguage\":\"fr-FR\",\"@id\":\"https:\\\/\\\/www.enertrag.fr\\\/plessier-sur-saint-just\\\/#\\\/schema\\\/logo\\\/image\\\/\",\"url\":\"https:\\\/\\\/www.enertrag.fr\\\/plessier-sur-saint-just\\\/wp-content\\\/uploads\\\/sites\\\/45\\\/2024\\\/06\\\/logo_enertrag_blanc@4x.png\",\"contentUrl\":\"https:\\\/\\\/www.enertrag.fr\\\/plessier-sur-saint-just\\\/wp-content\\\/uploads\\\/sites\\\/45\\\/2024\\\/06\\\/logo_enertrag_blanc@4x.png\",\"width\":3065,\"height\":801,\"caption\":\"Projet \u00e9olien du Plessier-sur-saint-just\"},\"image\":{\"@id\":\"https:\\\/\\\/www.enertrag.fr\\\/plessier-sur-saint-just\\\/#\\\/schema\\\/logo\\\/image\\\/\"}}]}<\/script>\n<!-- \/ Yoast SEO plugin. -->","yoast_head_json":{"title":"Actualit\u00e9s - Projet \u00e9olien du Plessier-sur-saint-just","robots":{"index":"index","follow":"follow","max-snippet":"max-snippet:-1","max-image-preview":"max-image-preview:large","max-video-preview":"max-video-preview:-1"},"canonical":"https:\/\/www.enertrag.fr\/plessier-sur-saint-just\/actualites\/","og_locale":"fr_FR","og_type":"article","og_title":"Actualit\u00e9s - Projet \u00e9olien du Plessier-sur-saint-just","og_description":"Nous fa\u00e7onnons la prochaine \u00e9tape de la transition \u00e9nerg\u00e9tique. Ensemble. Avec passion. Une \u00e9nergie d\u2019avance. Actualit\u00e9s Forum d&rsquo;Information \u2013 26 septembre : Venez vous informer ! Dans le cadre du projet en cours, un second forum d&rsquo;information est organis\u00e9 le jeudi 26 septembre 2024, de 19h \u00e0 21h, \u00e0 la salle des f\u00eates de Plessier-sur-Saint-Just. [&hellip;]","og_url":"https:\/\/www.enertrag.fr\/plessier-sur-saint-just\/actualites\/","og_site_name":"Projet \u00e9olien du Plessier-sur-saint-just","article_modified_time":"2024-09-02T12:23:41+00:00","og_image":[{"url":"https:\/\/www.enertrag.fr\/plessier-sur-saint-just\/wp-content\/uploads\/sites\/45\/2024\/09\/forumm-1024x767.jpg","type":"","width":"","height":""}],"twitter_card":"summary_large_image","twitter_misc":{"Dur\u00e9e de lecture estim\u00e9e":"1 minute"},"schema":{"@context":"https:\/\/schema.org","@graph":[{"@type":"WebPage","@id":"https:\/\/www.enertrag.fr\/plessier-sur-saint-just\/actualites\/","url":"https:\/\/www.enertrag.fr\/plessier-sur-saint-just\/actualites\/","name":"Actualit\u00e9s - Projet \u00e9olien du Plessier-sur-saint-just","isPartOf":{"@id":"https:\/\/www.enertrag.fr\/plessier-sur-saint-just\/#website"},"primaryImageOfPage":{"@id":"https:\/\/www.enertrag.fr\/plessier-sur-saint-just\/actualites\/#primaryimage"},"image":{"@id":"https:\/\/www.enertrag.fr\/plessier-sur-saint-just\/actualites\/#primaryimage"},"thumbnailUrl":"https:\/\/www.enertrag.fr\/plessier-sur-saint-just\/wp-content\/uploads\/sites\/45\/2024\/09\/forumm-1024x767.jpg","datePublished":"2023-01-12T15:23:03+00:00","dateModified":"2024-09-02T12:23:41+00:00","breadcrumb":{"@id":"https:\/\/www.enertrag.fr\/plessier-sur-saint-just\/actualites\/#breadcrumb"},"inLanguage":"fr-FR","potentialAction":[{"@type":"ReadAction","target":["https:\/\/www.enertrag.fr\/plessier-sur-saint-just\/actualites\/"]}]},{"@type":"ImageObject","inLanguage":"fr-FR","@id":"https:\/\/www.enertrag.fr\/plessier-sur-saint-just\/actualites\/#primaryimage","url":"https:\/\/www.enertrag.fr\/plessier-sur-saint-just\/wp-content\/uploads\/sites\/45\/2024\/09\/forumm.jpg","contentUrl":"https:\/\/www.enertrag.fr\/plessier-sur-saint-just\/wp-content\/uploads\/sites\/45\/2024\/09\/forumm.jpg","width":1387,"height":1039},{"@type":"BreadcrumbList","@id":"https:\/\/www.enertrag.fr\/plessier-sur-saint-just\/actualites\/#breadcrumb","itemListElement":[{"@type":"ListItem","position":1,"name":"Accueil","item":"https:\/\/www.enertrag.fr\/plessier-sur-saint-just\/"},{"@type":"ListItem","position":2,"name":"Actualit\u00e9s"}]},{"@type":"WebSite","@id":"https:\/\/www.enertrag.fr\/plessier-sur-saint-just\/#website","url":"https:\/\/www.enertrag.fr\/plessier-sur-saint-just\/","name":"Projet \u00e9olien du Plessier-sur-saint-just","description":"","publisher":{"@id":"https:\/\/www.enertrag.fr\/plessier-sur-saint-just\/#organization"},"potentialAction":[{"@type":"SearchAction","target":{"@type":"EntryPoint","urlTemplate":"https:\/\/www.enertrag.fr\/plessier-sur-saint-just\/?s={search_term_string}"},"query-input":{"@type":"PropertyValueSpecification","valueRequired":true,"valueName":"search_term_string"}}],"inLanguage":"fr-FR"},{"@type":"Organization","@id":"https:\/\/www.enertrag.fr\/plessier-sur-saint-just\/#organization","name":"Projet \u00e9olien du Plessier-sur-saint-just","url":"https:\/\/www.enertrag.fr\/plessier-sur-saint-just\/","logo":{"@type":"ImageObject","inLanguage":"fr-FR","@id":"https:\/\/www.enertrag.fr\/plessier-sur-saint-just\/#\/schema\/logo\/image\/","url":"https:\/\/www.enertrag.fr\/plessier-sur-saint-just\/wp-content\/uploads\/sites\/45\/2024\/06\/logo_enertrag_blanc@4x.png","contentUrl":"https:\/\/www.enertrag.fr\/plessier-sur-saint-just\/wp-content\/uploads\/sites\/45\/2024\/06\/logo_enertrag_blanc@4x.png","width":3065,"height":801,"caption":"Projet \u00e9olien du Plessier-sur-saint-just"},"image":{"@id":"https:\/\/www.enertrag.fr\/plessier-sur-saint-just\/#\/schema\/logo\/image\/"}}]}},"_links":{"self":[{"href":"https:\/\/www.enertrag.fr\/plessier-sur-saint-just\/wp-json\/wp\/v2\/pages\/69","targetHints":{"allow":["GET"]}}],"collection":[{"href":"https:\/\/www.enertrag.fr\/plessier-sur-saint-just\/wp-json\/wp\/v2\/pages"}],"about":[{"href":"https:\/\/www.enertrag.fr\/plessier-sur-saint-just\/wp-json\/wp\/v2\/types\/page"}],"author":[{"embeddable":true,"href":"https:\/\/www.enertrag.fr\/plessier-sur-saint-just\/wp-json\/wp\/v2\/users\/1"}],"replies":[{"embeddable":true,"href":"https:\/\/www.enertrag.fr\/plessier-sur-saint-just\/wp-json\/wp\/v2\/comments?post=69"}],"version-history":[{"count":0,"href":"https:\/\/www.enertrag.fr\/plessier-sur-saint-just\/wp-json\/wp\/v2\/pages\/69\/revisions"}],"wp:attachment":[{"href":"https:\/\/www.enertrag.fr\/plessier-sur-saint-just\/wp-json\/wp\/v2\/media?parent=69"}],"curies":[{"name":"wp","href":"https:\/\/api.w.org\/{rel}","templated":true}]}}