{"id":66,"date":"2023-01-12T16:20:22","date_gmt":"2023-01-12T15:20:22","guid":{"rendered":"http:\/\/dev.parcs-eoliens-enertrag.fr\/matrice\/?page_id=66"},"modified":"2024-09-03T14:27:03","modified_gmt":"2024-09-03T12:27:03","slug":"qui-sommes-nous","status":"publish","type":"page","link":"https:\/\/www.enertrag.fr\/plessier-sur-saint-just\/qui-sommes-nous\/","title":{"rendered":"Qui sommes nous ?"},"content":{"rendered":"\t\t<div data-elementor-type=\"wp-page\" data-elementor-id=\"66\" class=\"elementor elementor-66\" data-elementor-settings=\"{&quot;ha_cmc_init_switcher&quot;:&quot;no&quot;}\" data-elementor-post-type=\"page\">\n\t\t\t\t<div class=\"elementor-element elementor-element-28e712b e-con-full e-flex e-con e-parent\" data-id=\"28e712b\" data-element_type=\"container\" data-e-type=\"container\" data-settings=\"{&quot;background_background&quot;:&quot;classic&quot;,&quot;_ha_eqh_enable&quot;:false}\">\n\t\t<div class=\"elementor-element elementor-element-8e50e80 e-con-full e-flex e-con e-child\" data-id=\"8e50e80\" data-element_type=\"container\" data-e-type=\"container\" data-settings=\"{&quot;animation&quot;:&quot;none&quot;,&quot;_ha_eqh_enable&quot;:false}\">\n\t\t\t\t<div class=\"elementor-element elementor-element-028032f elementor-invisible elementor-widget elementor-widget-heading\" data-id=\"028032f\" data-element_type=\"widget\" data-e-type=\"widget\" data-settings=\"{&quot;_animation&quot;:&quot;fadeInUp&quot;}\" data-widget_type=\"heading.default\">\n\t\t\t\t<div class=\"elementor-widget-container\">\n\t\t\t\t\t<h1 class=\"elementor-heading-title elementor-size-default\">Nous fa\u00e7onnons la prochaine \u00e9tape \nde la transition \u00e9nerg\u00e9tique.<\/h1>\t\t\t\t<\/div>\n\t\t\t\t<\/div>\n\t\t\t\t<\/div>\n\t\t\t\t<\/div>\n\t\t<div class=\"elementor-element elementor-element-a470a5e e-flex e-con-boxed e-con e-parent\" data-id=\"a470a5e\" data-element_type=\"container\" data-e-type=\"container\" data-settings=\"{&quot;background_background&quot;:&quot;classic&quot;,&quot;_ha_eqh_enable&quot;:false}\">\n\t\t\t\t\t<div class=\"e-con-inner\">\n\t\t<div class=\"elementor-element elementor-element-9de876c e-con-full e-flex e-con e-child\" data-id=\"9de876c\" data-element_type=\"container\" data-e-type=\"container\" data-settings=\"{&quot;_ha_eqh_enable&quot;:false}\">\n\t\t\t\t<div class=\"elementor-element elementor-element-3624deb elementor-widget elementor-widget-image\" data-id=\"3624deb\" data-element_type=\"widget\" data-e-type=\"widget\" data-widget_type=\"image.default\">\n\t\t\t\t<div class=\"elementor-widget-container\">\n\t\t\t\t\t\t\t\t\t\t\t\t\t\t\t<img fetchpriority=\"high\" decoding=\"async\" width=\"768\" height=\"513\" src=\"https:\/\/www.enertrag.fr\/plessier-sur-saint-just\/wp-content\/uploads\/sites\/45\/2024\/09\/paul-arnaud.jpg\" class=\"attachment-large size-large wp-image-1460\" alt=\"\" srcset=\"https:\/\/www.enertrag.fr\/plessier-sur-saint-just\/wp-content\/uploads\/sites\/45\/2024\/09\/paul-arnaud.jpg 768w, https:\/\/www.enertrag.fr\/plessier-sur-saint-just\/wp-content\/uploads\/sites\/45\/2024\/09\/paul-arnaud-300x200.jpg 300w\" sizes=\"(max-width: 768px) 100vw, 768px\" \/>\t\t\t\t\t\t\t\t\t\t\t\t\t\t\t<\/div>\n\t\t\t\t<\/div>\n\t\t\t\t<\/div>\n\t\t<div class=\"elementor-element elementor-element-3308194 e-con-full e-flex e-con e-child\" data-id=\"3308194\" data-element_type=\"container\" data-e-type=\"container\" data-settings=\"{&quot;_ha_eqh_enable&quot;:false}\">\n\t\t\t\t<div class=\"elementor-element elementor-element-5d8f031 elementor-widget elementor-widget-heading\" data-id=\"5d8f031\" data-element_type=\"widget\" data-e-type=\"widget\" data-widget_type=\"heading.default\">\n\t\t\t\t<div class=\"elementor-widget-container\">\n\t\t\t\t\t<h2 class=\"elementor-heading-title elementor-size-default\">Notre mission<\/h2>\t\t\t\t<\/div>\n\t\t\t\t<\/div>\n\t\t\t\t<div class=\"elementor-element elementor-element-8c06f9c elementor-widget elementor-widget-text-editor\" data-id=\"8c06f9c\" data-element_type=\"widget\" data-e-type=\"widget\" data-widget_type=\"text-editor.default\">\n\t\t\t\t<div class=\"elementor-widget-container\">\n\t\t\t\t\t\t\t\t\t<p>\u00a0<\/p><p>Chez ENERTRAG, notre mission est d\u2019accompagner les collectivit\u00e9s territoriales et les entreprises dans la r\u00e9alisation de leurs projets de territoire, en leur offrant des solutions \u00e9nerg\u00e9tiques durables et innovantes. Nous nous engageons \u00e0 am\u00e9liorer l&rsquo;efficacit\u00e9 des activit\u00e9s \u00e9conomiques et \u00e9nerg\u00e9tiques de nos partenaires gr\u00e2ce \u00e0 la production d\u2019\u00e9nergie renouvelable, au stockage de l\u2019\u00e9nergie et \u00e0 l\u2019exploitation de technologies avanc\u00e9es. Notre objectif est de faciliter la transition \u00e9nerg\u00e9tique tout en renfor\u00e7ant la r\u00e9silience et la comp\u00e9titivit\u00e9 des territoires.<span data-ccp-props=\"{&quot;201341983&quot;:0,&quot;335551550&quot;:6,&quot;335551620&quot;:6,&quot;335559739&quot;:0,&quot;335559740&quot;:240,&quot;469777462&quot;:[284],&quot;469777927&quot;:[0],&quot;469777928&quot;:[1]}\">\u00a0<\/span><\/p>\t\t\t\t\t\t\t\t<\/div>\n\t\t\t\t<\/div>\n\t\t\t\t<\/div>\n\t\t\t\t\t<\/div>\n\t\t\t\t<\/div>\n\t\t<div class=\"elementor-element elementor-element-91d4550 e-flex e-con-boxed e-con e-parent\" data-id=\"91d4550\" data-element_type=\"container\" data-e-type=\"container\" data-settings=\"{&quot;background_background&quot;:&quot;classic&quot;,&quot;_ha_eqh_enable&quot;:false}\">\n\t\t\t\t\t<div class=\"e-con-inner\">\n\t\t\t\t<div class=\"elementor-element elementor-element-51b22c7 elementor-widget elementor-widget-heading\" data-id=\"51b22c7\" data-element_type=\"widget\" data-e-type=\"widget\" data-widget_type=\"heading.default\">\n\t\t\t\t<div class=\"elementor-widget-container\">\n\t\t\t\t\t<h2 class=\"elementor-heading-title elementor-size-default\">Nos solutions d\u2019\u00e9nergies renouvelables<\/h2>\t\t\t\t<\/div>\n\t\t\t\t<\/div>\n\t\t\t\t\t<\/div>\n\t\t\t\t<\/div>\n\t\t<div class=\"elementor-element elementor-element-5770053 e-flex e-con-boxed e-con e-parent\" data-id=\"5770053\" data-element_type=\"container\" data-e-type=\"container\" data-settings=\"{&quot;_ha_eqh_enable&quot;:false}\">\n\t\t\t\t\t<div class=\"e-con-inner\">\n\t\t<div class=\"elementor-element elementor-element-a05f0bd e-con-full e-flex e-con e-child\" data-id=\"a05f0bd\" data-element_type=\"container\" data-e-type=\"container\" data-settings=\"{&quot;_ha_eqh_enable&quot;:false}\">\n\t\t\t\t<div class=\"elementor-element elementor-element-e13e4ca elementor-widget__width-initial elementor-cta--skin-classic elementor-animated-content elementor-bg-transform elementor-bg-transform-zoom-in elementor-widget elementor-widget-call-to-action\" data-id=\"e13e4ca\" data-element_type=\"widget\" data-e-type=\"widget\" data-widget_type=\"call-to-action.default\">\n\t\t\t\t<div class=\"elementor-widget-container\">\n\t\t\t\t\t\t\t<a class=\"elementor-cta\" href=\"https:\/\/www.enertrag.fr\/matrice2\/wp-content\/uploads\/sites\/40\/2024\/06\/test.pdf\">\n\t\t\t\t\t<div class=\"elementor-cta__bg-wrapper\">\n\t\t\t\t<div class=\"elementor-cta__bg elementor-bg\" style=\"background-image: url(https:\/\/www.enertrag.fr\/plessier-sur-saint-just\/wp-content\/uploads\/sites\/45\/2024\/09\/eolienne-e.jpeg);\" role=\"img\" aria-label=\"\u00e9olienne e\"><\/div>\n\t\t\t\t<div class=\"elementor-cta__bg-overlay\"><\/div>\n\t\t\t<\/div>\n\t\t\t\t\t\t\t<div class=\"elementor-cta__content\">\n\t\t\t\t\n\t\t\t\t\t\t\t\t\t<h3 class=\"elementor-cta__title elementor-cta__content-item elementor-content-item\">\n\t\t\t\t\t\tEolien\t\t\t\t\t<\/h3>\n\t\t\t\t\n\t\t\t\t\t\t\t\t\t<div class=\"elementor-cta__description elementor-cta__content-item elementor-content-item\">\n\t\t\t\t\t\t<p class=\"MsoNormal\"><span style=\"color: var( --e-global-color-aa3fc38 );font-family: var( --e-global-typography-text-font-family ), Sans-serif;font-weight: var( --e-global-typography-text-font-weight )\">Chez ENERTRAG nous nous engageons \u00e0 <\/span><span style=\"color: var( --e-global-color-aa3fc38 );font-family: var( --e-global-typography-text-font-family ), Sans-serif;font-weight: var( --e-global-typography-text-font-weight )\">apporter des solutions \u00e9nerg\u00e9tique durables et efficaces pour r\u00e9pondre aux <\/span><span style=\"color: var( --e-global-color-aa3fc38 );font-family: var( --e-global-typography-text-font-family ), Sans-serif;font-weight: var( --e-global-typography-text-font-weight )\">besoins des collectivit\u00e9s territoriales. L\u2019\u00e9nergie \u00e9olienne est aujourd\u2019hui <\/span><span style=\"color: var( --e-global-color-aa3fc38 );font-family: var( --e-global-typography-text-font-family ), Sans-serif;font-weight: var( --e-global-typography-text-font-weight )\">reconnue comme l\u2019un des moyens de production d\u2019\u00e9nergie les plus rapides, <\/span><span style=\"color: var( --e-global-color-aa3fc38 );font-family: var( --e-global-typography-text-font-family ), Sans-serif;font-weight: var( --e-global-typography-text-font-weight )\">productifs et rentables \u00e0 installer pour une collectivit\u00e9. En optant pour cette <\/span><span style=\"color: var( --e-global-color-aa3fc38 );font-family: var( --e-global-typography-text-font-family ), Sans-serif;font-weight: var( --e-global-typography-text-font-weight )\">source d\u2019\u00e9nergie renouvelable, les collectivit\u00e9s peuvent non seulement <\/span><span style=\"color: var( --e-global-color-aa3fc38 );font-family: var( --e-global-typography-text-font-family ), Sans-serif;font-weight: var( --e-global-typography-text-font-weight )\">atteindre leurs objectifs politiques en mati\u00e8re de production d\u2019\u00e9nergie tout en <\/span><span style=\"color: var( --e-global-color-aa3fc38 );font-family: var( --e-global-typography-text-font-family ), Sans-serif;font-weight: var( --e-global-typography-text-font-weight )\">contribuant de mani\u00e8re significative \u00e0 la lutte et \u00e0 l\u2019adaptation au changement <\/span><span style=\"color: var( --e-global-color-aa3fc38 );font-family: var( --e-global-typography-text-font-family ), Sans-serif;font-weight: var( --e-global-typography-text-font-weight )\">climatique. C\u2019est pourquoi nous mettons en avant l\u2019\u00e9nergie \u00e9olienne comme un <\/span><span style=\"color: var( --e-global-color-aa3fc38 );font-family: var( --e-global-typography-text-font-family ), Sans-serif;font-weight: var( --e-global-typography-text-font-weight )\">pilier essentiel de notre promesse envers les territoires.<\/span><span style=\"color: var( --e-global-color-aa3fc38 );font-family: var( --e-global-typography-text-font-family ), Sans-serif;font-weight: var( --e-global-typography-text-font-weight )\"><\/span><\/p>\t\t\t\t\t<\/div>\n\t\t\t\t\n\t\t\t\t\t\t\t<\/div>\n\t\t\t\t\t\t<\/a>\n\t\t\t\t\t\t<\/div>\n\t\t\t\t<\/div>\n\t\t\t\t<div class=\"elementor-element elementor-element-2e4adea elementor-widget__width-initial elementor-cta--skin-classic elementor-animated-content elementor-bg-transform elementor-bg-transform-zoom-in elementor-widget elementor-widget-call-to-action\" data-id=\"2e4adea\" data-element_type=\"widget\" data-e-type=\"widget\" data-widget_type=\"call-to-action.default\">\n\t\t\t\t<div class=\"elementor-widget-container\">\n\t\t\t\t\t\t\t<a class=\"elementor-cta\" href=\"https:\/\/www.enertrag.fr\/matrice2\/wp-content\/uploads\/sites\/40\/2024\/06\/test.pdf\">\n\t\t\t\t\t<div class=\"elementor-cta__bg-wrapper\">\n\t\t\t\t<div class=\"elementor-cta__bg elementor-bg\" style=\"background-image: url(https:\/\/www.enertrag.fr\/plessier-sur-saint-just\/wp-content\/uploads\/sites\/45\/2024\/06\/parc-photov.jpg);\" role=\"img\" aria-label=\"parc-photov\"><\/div>\n\t\t\t\t<div class=\"elementor-cta__bg-overlay\"><\/div>\n\t\t\t<\/div>\n\t\t\t\t\t\t\t<div class=\"elementor-cta__content\">\n\t\t\t\t\n\t\t\t\t\t\t\t\t\t<h3 class=\"elementor-cta__title elementor-cta__content-item elementor-content-item\">\n\t\t\t\t\t\tPhotovoltaique\t\t\t\t\t<\/h3>\n\t\t\t\t\n\t\t\t\t\t\t\t\t\t<div class=\"elementor-cta__description elementor-cta__content-item elementor-content-item\">\n\t\t\t\t\t\t<p class=\"MsoNormal\"><a name=\"_GoBack\"><\/a><span style=\"background-image: initial;background-position: initial;background-size: initial;background-repeat: initial;background-attachment: initial\">ENERTRAG dispose\nen interne de toutes les comp\u00e9tences n\u00e9cessaires au d\u00e9veloppement et \u00e0 la\nconstruction d\u2019un parc photovolta\u00efque. Elle a obtenu les autorisations\nadministratives pour 70 MWc de projets, dont 55 MWc sont actuellement en\nproduction. Parall\u00e8lement, nos \u00e9quipes d\u00e9di\u00e9es se chargent de l\u2019exploitation de\nparcs, de leur maintenance et des services associ\u00e9s \u00e0 ces activit\u00e9s\n(surveillance 24\/7, anticipation des pannes, \u00e9tudes de performances).\nAujourd\u2019hui, ENERTRAG exploite une puissance photovolta\u00efque totale de 149 MWc\nen joint-venture (ou co-entreprise). <\/span><span style=\"font-family: Arial, sans-serif;background-image: initial;background-position: initial;background-size: initial;background-repeat: initial;background-attachment: initial\"><\/span><span style=\"background-image: initial;background-position: initial;background-size: initial;background-repeat: initial;background-attachment: initial\"><\/span><\/p>\t\t\t\t\t<\/div>\n\t\t\t\t\n\t\t\t\t\t\t\t<\/div>\n\t\t\t\t\t\t<\/a>\n\t\t\t\t\t\t<\/div>\n\t\t\t\t<\/div>\n\t\t\t\t<div class=\"elementor-element elementor-element-142b4be elementor-widget__width-initial elementor-cta--skin-classic elementor-animated-content elementor-bg-transform elementor-bg-transform-zoom-in elementor-widget elementor-widget-call-to-action\" data-id=\"142b4be\" data-element_type=\"widget\" data-e-type=\"widget\" data-widget_type=\"call-to-action.default\">\n\t\t\t\t<div class=\"elementor-widget-container\">\n\t\t\t\t\t\t\t<a class=\"elementor-cta\" href=\"https:\/\/www.enertrag.fr\/matrice2\/wp-content\/uploads\/sites\/40\/2024\/06\/test.pdf\">\n\t\t\t\t\t<div class=\"elementor-cta__bg-wrapper\">\n\t\t\t\t<div class=\"elementor-cta__bg elementor-bg\" style=\"background-image: url(https:\/\/www.enertrag.fr\/plessier-sur-saint-just\/wp-content\/uploads\/sites\/45\/2024\/09\/stockage-energie.jpg);\" role=\"img\" aria-label=\"stockage energie\"><\/div>\n\t\t\t\t<div class=\"elementor-cta__bg-overlay\"><\/div>\n\t\t\t<\/div>\n\t\t\t\t\t\t\t<div class=\"elementor-cta__content\">\n\t\t\t\t\n\t\t\t\t\t\t\t\t\t<h3 class=\"elementor-cta__title elementor-cta__content-item elementor-content-item\">\n\t\t\t\t\t\tStockage de l'\u00e9nergie\t\t\t\t\t<\/h3>\n\t\t\t\t\n\t\t\t\t\t\t\t\t\t<div class=\"elementor-cta__description elementor-cta__content-item elementor-content-item\">\n\t\t\t\t\t\t<p><span style=\"color: var( --e-global-color-aa3fc38 );font-family: var( --e-global-typography-text-font-family ), Sans-serif;font-weight: var( --e-global-typography-text-font-weight )\">S\u2019int\u00e9resser aux usages de l\u2019\u00e9nergie <\/span><span style=\"color: var( --e-global-color-aa3fc38 );font-family: var( --e-global-typography-text-font-family ), Sans-serif;font-weight: var( --e-global-typography-text-font-weight )\">que nous produisons est essentiel \u00e0 un d\u00e9veloppement raisonn\u00e9. A ces fins, nous <\/span><span style=\"color: var( --e-global-color-aa3fc38 );font-family: var( --e-global-typography-text-font-family ), Sans-serif;font-weight: var( --e-global-typography-text-font-weight )\">investissons dans la recherche pour explorer de nouvelles technologies et <\/span><span style=\"color: var( --e-global-color-aa3fc38 );font-family: var( --e-global-typography-text-font-family ), Sans-serif;font-weight: var( --e-global-typography-text-font-weight )\">am\u00e9liorer celles existantes. Qu\u2019il s\u2019agisse d\u2019optimiser nos parcs ou <\/span><span style=\"color: var( --e-global-color-aa3fc38 );font-family: var( --e-global-typography-text-font-family ), Sans-serif;font-weight: var( --e-global-typography-text-font-weight )\">d\u2019am\u00e9liorer les capacit\u00e9s de stockage d\u2019\u00e9nergie, nous explorons les innovations <\/span><span style=\"color: var( --e-global-color-aa3fc38 );font-family: var( --e-global-typography-text-font-family ), Sans-serif;font-weight: var( --e-global-typography-text-font-weight )\">pertinentes et int\u00e9grons le d\u00e9veloppement de l\u2019hydrog\u00e8ne vert lorsqu\u2019il est une <\/span><span style=\"color: var( --e-global-color-aa3fc38 );font-family: var( --e-global-typography-text-font-family ), Sans-serif;font-weight: var( --e-global-typography-text-font-weight )\">opportunit\u00e9.&nbsp;<\/span><\/p> \t\t\t\t\t<\/div>\n\t\t\t\t\n\t\t\t\t\t\t\t<\/div>\n\t\t\t\t\t\t<\/a>\n\t\t\t\t\t\t<\/div>\n\t\t\t\t<\/div>\n\t\t\t\t<\/div>\n\t\t\t\t\t<\/div>\n\t\t\t\t<\/div>\n\t\t<div class=\"elementor-element elementor-element-3625bd9 e-flex e-con-boxed e-con e-parent\" data-id=\"3625bd9\" data-element_type=\"container\" data-e-type=\"container\" data-settings=\"{&quot;background_background&quot;:&quot;classic&quot;,&quot;_ha_eqh_enable&quot;:false}\">\n\t\t\t\t\t<div class=\"e-con-inner\">\n\t\t<div class=\"elementor-element elementor-element-14567c4 e-con-full e-flex e-con e-child\" data-id=\"14567c4\" data-element_type=\"container\" data-e-type=\"container\" data-settings=\"{&quot;_ha_eqh_enable&quot;:false}\">\n\t\t<div class=\"elementor-element elementor-element-3e2172f e-con-full e-flex e-con e-child\" data-id=\"3e2172f\" data-element_type=\"container\" data-e-type=\"container\" data-settings=\"{&quot;_ha_eqh_enable&quot;:false}\">\n\t\t\t\t<div class=\"elementor-element elementor-element-2601ab8 elementor-widget elementor-widget-heading\" data-id=\"2601ab8\" data-element_type=\"widget\" data-e-type=\"widget\" data-widget_type=\"heading.default\">\n\t\t\t\t<div class=\"elementor-widget-container\">\n\t\t\t\t\t<h2 class=\"elementor-heading-title elementor-size-default\">Nos engagements pour une relation de confiance<\/h2>\t\t\t\t<\/div>\n\t\t\t\t<\/div>\n\t\t\t\t<div class=\"elementor-element elementor-element-3c14562 elementor-widget elementor-widget-text-editor\" data-id=\"3c14562\" data-element_type=\"widget\" data-e-type=\"widget\" data-widget_type=\"text-editor.default\">\n\t\t\t\t<div class=\"elementor-widget-container\">\n\t\t\t\t\t\t\t\t\t<p class=\"MsoNormal\"><span class=\"normaltextrun\"><span style=\"mso-bidi-font-size: 10.0pt; color: #1f4e79; mso-themecolor: accent1; mso-themeshade: 128; mso-style-textfill-fill-color: #1F4E79; mso-style-textfill-fill-themecolor: accent1; mso-style-textfill-fill-alpha: 100.0%; mso-style-textfill-fill-colortransforms: lumm=50000; border: none windowtext 1.0pt; mso-border-alt: none windowtext 0cm; padding: 0cm; mso-ansi-language: FR;\">ENERTRAG s&rsquo;engage \u00e0 \u00e9tablir des relations de confiance avec les collectivit\u00e9s et les entreprises que nous accompagnons. Nous garantissons une approche sur mesure, o\u00f9 chaque projet est con\u00e7u en fonction des besoins sp\u00e9cifiques du territoire. En collaborant \u00e9troitement avec les acteurs locaux, nous assurons une int\u00e9gration harmonieuse de nos solutions \u00e9nerg\u00e9tiques dans le cadre de vie et les objectifs \u00e9conomiques de nos partenaires. Nous nous engageons \u00e9galement \u00e0 fournir un soutien continu, de la phase de conception \u00e0 l\u2019exploitation, tout en garantissant une communication transparente et r\u00e9guli\u00e8re.<\/span><\/span><\/p>\t\t\t\t\t\t\t\t<\/div>\n\t\t\t\t<\/div>\n\t\t\t\t<\/div>\n\t\t<div class=\"elementor-element elementor-element-e4842c0 e-con-full e-flex e-con e-child\" data-id=\"e4842c0\" data-element_type=\"container\" data-e-type=\"container\" data-settings=\"{&quot;_ha_eqh_enable&quot;:false}\">\n\t\t\t\t<div class=\"elementor-element elementor-element-147c9ef elementor-widget elementor-widget-image\" data-id=\"147c9ef\" data-element_type=\"widget\" data-e-type=\"widget\" data-widget_type=\"image.default\">\n\t\t\t\t<div class=\"elementor-widget-container\">\n\t\t\t\t\t\t\t\t\t\t\t\t\t\t\t<img decoding=\"async\" width=\"768\" height=\"512\" src=\"https:\/\/www.enertrag.fr\/plessier-sur-saint-just\/wp-content\/uploads\/sites\/45\/2024\/09\/IN.jpg\" class=\"attachment-large size-large wp-image-1491\" alt=\"\" srcset=\"https:\/\/www.enertrag.fr\/plessier-sur-saint-just\/wp-content\/uploads\/sites\/45\/2024\/09\/IN.jpg 768w, https:\/\/www.enertrag.fr\/plessier-sur-saint-just\/wp-content\/uploads\/sites\/45\/2024\/09\/IN-300x200.jpg 300w\" sizes=\"(max-width: 768px) 100vw, 768px\" \/>\t\t\t\t\t\t\t\t\t\t\t\t\t\t\t<\/div>\n\t\t\t\t<\/div>\n\t\t\t\t<\/div>\n\t\t\t\t<\/div>\n\t\t\t\t\t<\/div>\n\t\t\t\t<\/div>\n\t\t<div class=\"elementor-element elementor-element-329dec8 e-flex e-con-boxed e-con e-parent\" data-id=\"329dec8\" data-element_type=\"container\" data-e-type=\"container\" data-settings=\"{&quot;background_background&quot;:&quot;classic&quot;,&quot;_ha_eqh_enable&quot;:false}\">\n\t\t\t\t\t<div class=\"e-con-inner\">\n\t\t<div class=\"elementor-element elementor-element-282120d e-con-full e-flex e-con e-child\" data-id=\"282120d\" data-element_type=\"container\" data-e-type=\"container\" data-settings=\"{&quot;_ha_eqh_enable&quot;:false}\">\n\t\t\t\t<div class=\"elementor-element elementor-element-26ef884 elementor-widget elementor-widget-heading\" data-id=\"26ef884\" data-element_type=\"widget\" data-e-type=\"widget\" data-widget_type=\"heading.default\">\n\t\t\t\t<div class=\"elementor-widget-container\">\n\t\t\t\t\t<h2 class=\"elementor-heading-title elementor-size-default\">Chiffres cl\u00e9s<\/h2>\t\t\t\t<\/div>\n\t\t\t\t<\/div>\n\t\t\t\t<div class=\"elementor-element elementor-element-8d10614 elementor-widget elementor-widget-text-editor\" data-id=\"8d10614\" data-element_type=\"widget\" data-e-type=\"widget\" data-widget_type=\"text-editor.default\">\n\t\t\t\t<div class=\"elementor-widget-container\">\n\t\t\t\t\t\t\t\t\t<ul type=\"disc\">\n <li class=\"MsoNormal\" style=\"background-image: initial; background-position: initial; background-size: initial; background-repeat: initial; background-attachment: initial; background-origin: initial; background-clip: initial;\"><b><span style=\"font-size:20.0pt;font-family:Poppins;mso-fareast-font-family:&quot;Times New Roman&quot;;\n     mso-ansi-language:FR;mso-fareast-language:FR\">120<\/span><\/b><span style=\"font-size:20.0pt;font-family:Poppins;mso-fareast-font-family:&quot;Times New Roman&quot;;\n     mso-ansi-language:FR;mso-fareast-language:FR\">&nbsp;collaborateurs en\n     France<o:p><\/o:p><\/span><\/li>\n<\/ul><ul type=\"disc\">\n <li class=\"MsoNormal\" style=\"background-image: initial; background-position: initial; background-size: initial; background-repeat: initial; background-attachment: initial; background-origin: initial; background-clip: initial;\"><b><span style=\"font-size:20.0pt;font-family:Poppins;mso-fareast-font-family:&quot;Times New Roman&quot;;\n     mso-ansi-language:FR;mso-fareast-language:FR\">561 MW<\/span><\/b><span style=\"font-size:20.0pt;font-family:Poppins;mso-fareast-font-family:&quot;Times New Roman&quot;;\n     mso-ansi-language:FR;mso-fareast-language:FR\">&nbsp;de capacit\u00e9 install\u00e9e<o:p><\/o:p><\/span><\/li>\n<\/ul><ul type=\"disc\">\n <li class=\"MsoNormal\" style=\"background-image: initial; background-position: initial; background-size: initial; background-repeat: initial; background-attachment: initial; background-origin: initial; background-clip: initial;\"><b><span style=\"font-size:20.0pt;font-family:Poppins;mso-fareast-font-family:&quot;Times New Roman&quot;;\n     mso-ansi-language:FR;mso-fareast-language:FR\">241<\/span><\/b><span style=\"font-size:20.0pt;font-family:Poppins;mso-fareast-font-family:&quot;Times New Roman&quot;;\n     mso-ansi-language:FR;mso-fareast-language:FR\">&nbsp;\u00e9oliennes en\n     fonctionnement<o:p><\/o:p><\/span><\/li>\n<\/ul><ul type=\"disc\">\n <li class=\"MsoNormal\" style=\"background-image: initial; background-position: initial; background-size: initial; background-repeat: initial; background-attachment: initial; background-origin: initial; background-clip: initial;\"><b><span style=\"font-size:20.0pt;font-family:Poppins;mso-fareast-font-family:&quot;Times New Roman&quot;;\n     mso-ansi-language:FR;mso-fareast-language:FR\">45<\/span><\/b><span style=\"font-size:20.0pt;font-family:Poppins;mso-fareast-font-family:&quot;Times New Roman&quot;;\n     mso-ansi-language:FR;mso-fareast-language:FR\">&nbsp;parcs \u00e9oliens \u00e0\n     travers la France<o:p><\/o:p><\/span><\/li>\n<\/ul><ul type=\"disc\">\n <li class=\"MsoNormal\" style=\"background-image: initial; background-position: initial; background-size: initial; background-repeat: initial; background-attachment: initial; background-origin: initial; background-clip: initial;\"><b><span style=\"font-size:20.0pt;font-family:Poppins;mso-fareast-font-family:&quot;Times New Roman&quot;;\n     mso-ansi-language:FR;mso-fareast-language:FR\">4<\/span><\/b><span style=\"font-size:20.0pt;font-family:Poppins;mso-fareast-font-family:&quot;Times New Roman&quot;;\n     mso-ansi-language:FR;mso-fareast-language:FR\">&nbsp;agences locales<o:p><\/o:p><\/span><\/li>\n<\/ul><ul type=\"disc\">\n <li class=\"MsoNormal\" style=\"background-image: initial; background-position: initial; background-size: initial; background-repeat: initial; background-attachment: initial; background-origin: initial; background-clip: initial;\"><b><span style=\"font-size:20.0pt;font-family:Poppins;mso-fareast-font-family:&quot;Times New Roman&quot;;\n     mso-ansi-language:FR;mso-fareast-language:FR\">+1 TWh<\/span><\/b><span style=\"font-size:20.0pt;font-family:Poppins;mso-fareast-font-family:&quot;Times New Roman&quot;;\n     mso-ansi-language:FR;mso-fareast-language:FR\">&nbsp;d\u2019\u00e9lectricit\u00e9\n     renouvelable produite en 2023<o:p><\/o:p><\/span><\/li>\n<\/ul><p>\n\n\n\n\n\n\n\n\n\n\n\n<\/p><p class=\"MsoNormal\"><span style=\"font-size:20.0pt;color:#1F4E79;mso-themecolor:\naccent1;mso-themeshade:128;mso-style-textfill-fill-color:#1F4E79;mso-style-textfill-fill-themecolor:\naccent1;mso-style-textfill-fill-alpha:100.0%;mso-style-textfill-fill-colortransforms:\nlumm=50000;mso-ansi-language:FR\">&nbsp;<\/span><\/p>\t\t\t\t\t\t\t\t<\/div>\n\t\t\t\t<\/div>\n\t\t\t\t<\/div>\n\t\t<div class=\"elementor-element elementor-element-4589584 e-con-full e-flex e-con e-child\" data-id=\"4589584\" data-element_type=\"container\" data-e-type=\"container\" data-settings=\"{&quot;_ha_eqh_enable&quot;:false}\">\n\t\t\t\t<div class=\"elementor-element elementor-element-533e100 elementor-widget elementor-widget-image\" data-id=\"533e100\" data-element_type=\"widget\" data-e-type=\"widget\" data-widget_type=\"image.default\">\n\t\t\t\t<div class=\"elementor-widget-container\">\n\t\t\t\t\t\t\t\t\t\t\t\t\t\t\t<img decoding=\"async\" width=\"703\" height=\"524\" src=\"https:\/\/www.enertrag.fr\/plessier-sur-saint-just\/wp-content\/uploads\/sites\/45\/2024\/06\/eoliene_cp.jpg\" class=\"attachment-large size-large wp-image-1071\" alt=\"\" srcset=\"https:\/\/www.enertrag.fr\/plessier-sur-saint-just\/wp-content\/uploads\/sites\/45\/2024\/06\/eoliene_cp.jpg 703w, https:\/\/www.enertrag.fr\/plessier-sur-saint-just\/wp-content\/uploads\/sites\/45\/2024\/06\/eoliene_cp-300x224.jpg 300w\" sizes=\"(max-width: 703px) 100vw, 703px\" \/>\t\t\t\t\t\t\t\t\t\t\t\t\t\t\t<\/div>\n\t\t\t\t<\/div>\n\t\t\t\t<\/div>\n\t\t\t\t\t<\/div>\n\t\t\t\t<\/div>\n\t\t<div class=\"elementor-element elementor-element-e5703df e-flex e-con-boxed e-con e-parent\" data-id=\"e5703df\" data-element_type=\"container\" data-e-type=\"container\" data-settings=\"{&quot;_ha_eqh_enable&quot;:false}\">\n\t\t\t\t\t<div class=\"e-con-inner\">\n\t\t\t\t\t<\/div>\n\t\t\t\t<\/div>\n\t\t<div class=\"elementor-element elementor-element-9dac304 e-flex e-con-boxed e-con e-parent\" data-id=\"9dac304\" data-element_type=\"container\" data-e-type=\"container\" data-settings=\"{&quot;background_background&quot;:&quot;classic&quot;,&quot;_ha_eqh_enable&quot;:false}\">\n\t\t\t\t\t<div class=\"e-con-inner\">\n\t\t<div class=\"elementor-element elementor-element-b2f316c e-con-full e-flex e-con e-child\" data-id=\"b2f316c\" data-element_type=\"container\" data-e-type=\"container\" data-settings=\"{&quot;background_background&quot;:&quot;classic&quot;,&quot;_ha_eqh_enable&quot;:false}\">\n\t\t\t\t<div class=\"elementor-element elementor-element-dfe89a0 elementor-widget elementor-widget-heading\" data-id=\"dfe89a0\" data-element_type=\"widget\" data-e-type=\"widget\" data-widget_type=\"heading.default\">\n\t\t\t\t<div class=\"elementor-widget-container\">\n\t\t\t\t\t<h2 class=\"elementor-heading-title elementor-size-default\">Nous recrutons des profils vari\u00e9s toute l\u2019ann\u00e9e.\nRejoignez-nous !<\/h2>\t\t\t\t<\/div>\n\t\t\t\t<\/div>\n\t\t\t\t<div class=\"elementor-element elementor-element-358d683 elementor-align-left btn_blanc elementor-tablet-align-center elementor-widget elementor-widget-button\" data-id=\"358d683\" data-element_type=\"widget\" data-e-type=\"widget\" data-widget_type=\"button.default\">\n\t\t\t\t<div class=\"elementor-widget-container\">\n\t\t\t\t\t\t\t\t\t<div class=\"elementor-button-wrapper\">\n\t\t\t\t\t<a class=\"elementor-button elementor-button-link elementor-size-sm\" href=\"https:\/\/enertrag.com\/fr\/carriere\">\n\t\t\t\t\t\t<span class=\"elementor-button-content-wrapper\">\n\t\t\t\t\t\t<span class=\"elementor-button-icon\">\n\t\t\t\t<i aria-hidden=\"true\" class=\"hm hm-arrow-right\"><\/i>\t\t\t<\/span>\n\t\t\t\t\t\t\t\t\t<span class=\"elementor-button-text\">Voir nos offres<\/span>\n\t\t\t\t\t<\/span>\n\t\t\t\t\t<\/a>\n\t\t\t\t<\/div>\n\t\t\t\t\t\t\t\t<\/div>\n\t\t\t\t<\/div>\n\t\t\t\t<\/div>\n\t\t\t\t\t<\/div>\n\t\t\t\t<\/div>\n\t\t\t\t<\/div>\n\t\t","protected":false},"excerpt":{"rendered":"<p>Nous fa\u00e7onnons la prochaine \u00e9tape de la transition \u00e9nerg\u00e9tique. Notre mission \u00a0 Chez ENERTRAG, notre mission est d\u2019accompagner les collectivit\u00e9s territoriales et les entreprises dans la r\u00e9alisation de leurs projets de territoire, en leur offrant des solutions \u00e9nerg\u00e9tiques durables et innovantes. Nous nous engageons \u00e0 am\u00e9liorer l&rsquo;efficacit\u00e9 des activit\u00e9s \u00e9conomiques et \u00e9nerg\u00e9tiques de nos partenaires [&hellip;]<\/p>\n","protected":false},"author":1,"featured_media":0,"parent":0,"menu_order":0,"comment_status":"closed","ping_status":"closed","template":"","meta":{"_acf_changed":false,"footnotes":""},"class_list":["post-66","page","type-page","status-publish","hentry"],"acf":[],"yoast_head":"<!-- This site is optimized with the Yoast SEO plugin v27.5 - https:\/\/yoast.com\/product\/yoast-seo-wordpress\/ -->\n<title>Qui sommes nous ? - Projet \u00e9olien du Plessier-sur-saint-just<\/title>\n<meta name=\"robots\" content=\"index, follow, max-snippet:-1, max-image-preview:large, max-video-preview:-1\" \/>\n<link rel=\"canonical\" href=\"https:\/\/www.enertrag.fr\/plessier-sur-saint-just\/qui-sommes-nous\/\" \/>\n<meta property=\"og:locale\" content=\"fr_FR\" \/>\n<meta property=\"og:type\" content=\"article\" \/>\n<meta property=\"og:title\" content=\"Qui sommes nous ? - Projet \u00e9olien du Plessier-sur-saint-just\" \/>\n<meta property=\"og:description\" content=\"Nous fa\u00e7onnons la prochaine \u00e9tape de la transition \u00e9nerg\u00e9tique. Notre mission \u00a0 Chez ENERTRAG, notre mission est d\u2019accompagner les collectivit\u00e9s territoriales et les entreprises dans la r\u00e9alisation de leurs projets de territoire, en leur offrant des solutions \u00e9nerg\u00e9tiques durables et innovantes. Nous nous engageons \u00e0 am\u00e9liorer l&rsquo;efficacit\u00e9 des activit\u00e9s \u00e9conomiques et \u00e9nerg\u00e9tiques de nos partenaires [&hellip;]\" \/>\n<meta property=\"og:url\" content=\"https:\/\/www.enertrag.fr\/plessier-sur-saint-just\/qui-sommes-nous\/\" \/>\n<meta property=\"og:site_name\" content=\"Projet \u00e9olien du Plessier-sur-saint-just\" \/>\n<meta property=\"article:modified_time\" content=\"2024-09-03T12:27:03+00:00\" \/>\n<meta property=\"og:image\" content=\"https:\/\/www.enertrag.fr\/plessier-sur-saint-just\/wp-content\/uploads\/sites\/45\/2024\/09\/paul-arnaud.jpg\" \/>\n<meta name=\"twitter:card\" content=\"summary_large_image\" \/>\n<meta name=\"twitter:label1\" content=\"Dur\u00e9e de lecture estim\u00e9e\" \/>\n\t<meta name=\"twitter:data1\" content=\"3 minutes\" \/>\n<script type=\"application\/ld+json\" class=\"yoast-schema-graph\">{\"@context\":\"https:\\\/\\\/schema.org\",\"@graph\":[{\"@type\":\"WebPage\",\"@id\":\"https:\\\/\\\/www.enertrag.fr\\\/plessier-sur-saint-just\\\/qui-sommes-nous\\\/\",\"url\":\"https:\\\/\\\/www.enertrag.fr\\\/plessier-sur-saint-just\\\/qui-sommes-nous\\\/\",\"name\":\"Qui sommes nous ? - Projet \u00e9olien du Plessier-sur-saint-just\",\"isPartOf\":{\"@id\":\"https:\\\/\\\/www.enertrag.fr\\\/plessier-sur-saint-just\\\/#website\"},\"primaryImageOfPage\":{\"@id\":\"https:\\\/\\\/www.enertrag.fr\\\/plessier-sur-saint-just\\\/qui-sommes-nous\\\/#primaryimage\"},\"image\":{\"@id\":\"https:\\\/\\\/www.enertrag.fr\\\/plessier-sur-saint-just\\\/qui-sommes-nous\\\/#primaryimage\"},\"thumbnailUrl\":\"https:\\\/\\\/www.enertrag.fr\\\/plessier-sur-saint-just\\\/wp-content\\\/uploads\\\/sites\\\/45\\\/2024\\\/09\\\/paul-arnaud.jpg\",\"datePublished\":\"2023-01-12T15:20:22+00:00\",\"dateModified\":\"2024-09-03T12:27:03+00:00\",\"breadcrumb\":{\"@id\":\"https:\\\/\\\/www.enertrag.fr\\\/plessier-sur-saint-just\\\/qui-sommes-nous\\\/#breadcrumb\"},\"inLanguage\":\"fr-FR\",\"potentialAction\":[{\"@type\":\"ReadAction\",\"target\":[\"https:\\\/\\\/www.enertrag.fr\\\/plessier-sur-saint-just\\\/qui-sommes-nous\\\/\"]}]},{\"@type\":\"ImageObject\",\"inLanguage\":\"fr-FR\",\"@id\":\"https:\\\/\\\/www.enertrag.fr\\\/plessier-sur-saint-just\\\/qui-sommes-nous\\\/#primaryimage\",\"url\":\"https:\\\/\\\/www.enertrag.fr\\\/plessier-sur-saint-just\\\/wp-content\\\/uploads\\\/sites\\\/45\\\/2024\\\/09\\\/paul-arnaud.jpg\",\"contentUrl\":\"https:\\\/\\\/www.enertrag.fr\\\/plessier-sur-saint-just\\\/wp-content\\\/uploads\\\/sites\\\/45\\\/2024\\\/09\\\/paul-arnaud.jpg\",\"width\":768,\"height\":513},{\"@type\":\"BreadcrumbList\",\"@id\":\"https:\\\/\\\/www.enertrag.fr\\\/plessier-sur-saint-just\\\/qui-sommes-nous\\\/#breadcrumb\",\"itemListElement\":[{\"@type\":\"ListItem\",\"position\":1,\"name\":\"Accueil\",\"item\":\"https:\\\/\\\/www.enertrag.fr\\\/plessier-sur-saint-just\\\/\"},{\"@type\":\"ListItem\",\"position\":2,\"name\":\"Qui sommes nous ?\"}]},{\"@type\":\"WebSite\",\"@id\":\"https:\\\/\\\/www.enertrag.fr\\\/plessier-sur-saint-just\\\/#website\",\"url\":\"https:\\\/\\\/www.enertrag.fr\\\/plessier-sur-saint-just\\\/\",\"name\":\"Projet \u00e9olien du Plessier-sur-saint-just\",\"description\":\"\",\"publisher\":{\"@id\":\"https:\\\/\\\/www.enertrag.fr\\\/plessier-sur-saint-just\\\/#organization\"},\"potentialAction\":[{\"@type\":\"SearchAction\",\"target\":{\"@type\":\"EntryPoint\",\"urlTemplate\":\"https:\\\/\\\/www.enertrag.fr\\\/plessier-sur-saint-just\\\/?s={search_term_string}\"},\"query-input\":{\"@type\":\"PropertyValueSpecification\",\"valueRequired\":true,\"valueName\":\"search_term_string\"}}],\"inLanguage\":\"fr-FR\"},{\"@type\":\"Organization\",\"@id\":\"https:\\\/\\\/www.enertrag.fr\\\/plessier-sur-saint-just\\\/#organization\",\"name\":\"Projet \u00e9olien du Plessier-sur-saint-just\",\"url\":\"https:\\\/\\\/www.enertrag.fr\\\/plessier-sur-saint-just\\\/\",\"logo\":{\"@type\":\"ImageObject\",\"inLanguage\":\"fr-FR\",\"@id\":\"https:\\\/\\\/www.enertrag.fr\\\/plessier-sur-saint-just\\\/#\\\/schema\\\/logo\\\/image\\\/\",\"url\":\"https:\\\/\\\/www.enertrag.fr\\\/plessier-sur-saint-just\\\/wp-content\\\/uploads\\\/sites\\\/45\\\/2024\\\/06\\\/logo_enertrag_blanc@4x.png\",\"contentUrl\":\"https:\\\/\\\/www.enertrag.fr\\\/plessier-sur-saint-just\\\/wp-content\\\/uploads\\\/sites\\\/45\\\/2024\\\/06\\\/logo_enertrag_blanc@4x.png\",\"width\":3065,\"height\":801,\"caption\":\"Projet \u00e9olien du Plessier-sur-saint-just\"},\"image\":{\"@id\":\"https:\\\/\\\/www.enertrag.fr\\\/plessier-sur-saint-just\\\/#\\\/schema\\\/logo\\\/image\\\/\"}}]}<\/script>\n<!-- \/ Yoast SEO plugin. -->","yoast_head_json":{"title":"Qui sommes nous ? - Projet \u00e9olien du Plessier-sur-saint-just","robots":{"index":"index","follow":"follow","max-snippet":"max-snippet:-1","max-image-preview":"max-image-preview:large","max-video-preview":"max-video-preview:-1"},"canonical":"https:\/\/www.enertrag.fr\/plessier-sur-saint-just\/qui-sommes-nous\/","og_locale":"fr_FR","og_type":"article","og_title":"Qui sommes nous ? - Projet \u00e9olien du Plessier-sur-saint-just","og_description":"Nous fa\u00e7onnons la prochaine \u00e9tape de la transition \u00e9nerg\u00e9tique. Notre mission \u00a0 Chez ENERTRAG, notre mission est d\u2019accompagner les collectivit\u00e9s territoriales et les entreprises dans la r\u00e9alisation de leurs projets de territoire, en leur offrant des solutions \u00e9nerg\u00e9tiques durables et innovantes. Nous nous engageons \u00e0 am\u00e9liorer l&rsquo;efficacit\u00e9 des activit\u00e9s \u00e9conomiques et \u00e9nerg\u00e9tiques de nos partenaires [&hellip;]","og_url":"https:\/\/www.enertrag.fr\/plessier-sur-saint-just\/qui-sommes-nous\/","og_site_name":"Projet \u00e9olien du Plessier-sur-saint-just","article_modified_time":"2024-09-03T12:27:03+00:00","og_image":[{"url":"https:\/\/www.enertrag.fr\/plessier-sur-saint-just\/wp-content\/uploads\/sites\/45\/2024\/09\/paul-arnaud.jpg","type":"","width":"","height":""}],"twitter_card":"summary_large_image","twitter_misc":{"Dur\u00e9e de lecture estim\u00e9e":"3 minutes"},"schema":{"@context":"https:\/\/schema.org","@graph":[{"@type":"WebPage","@id":"https:\/\/www.enertrag.fr\/plessier-sur-saint-just\/qui-sommes-nous\/","url":"https:\/\/www.enertrag.fr\/plessier-sur-saint-just\/qui-sommes-nous\/","name":"Qui sommes nous ? - Projet \u00e9olien du Plessier-sur-saint-just","isPartOf":{"@id":"https:\/\/www.enertrag.fr\/plessier-sur-saint-just\/#website"},"primaryImageOfPage":{"@id":"https:\/\/www.enertrag.fr\/plessier-sur-saint-just\/qui-sommes-nous\/#primaryimage"},"image":{"@id":"https:\/\/www.enertrag.fr\/plessier-sur-saint-just\/qui-sommes-nous\/#primaryimage"},"thumbnailUrl":"https:\/\/www.enertrag.fr\/plessier-sur-saint-just\/wp-content\/uploads\/sites\/45\/2024\/09\/paul-arnaud.jpg","datePublished":"2023-01-12T15:20:22+00:00","dateModified":"2024-09-03T12:27:03+00:00","breadcrumb":{"@id":"https:\/\/www.enertrag.fr\/plessier-sur-saint-just\/qui-sommes-nous\/#breadcrumb"},"inLanguage":"fr-FR","potentialAction":[{"@type":"ReadAction","target":["https:\/\/www.enertrag.fr\/plessier-sur-saint-just\/qui-sommes-nous\/"]}]},{"@type":"ImageObject","inLanguage":"fr-FR","@id":"https:\/\/www.enertrag.fr\/plessier-sur-saint-just\/qui-sommes-nous\/#primaryimage","url":"https:\/\/www.enertrag.fr\/plessier-sur-saint-just\/wp-content\/uploads\/sites\/45\/2024\/09\/paul-arnaud.jpg","contentUrl":"https:\/\/www.enertrag.fr\/plessier-sur-saint-just\/wp-content\/uploads\/sites\/45\/2024\/09\/paul-arnaud.jpg","width":768,"height":513},{"@type":"BreadcrumbList","@id":"https:\/\/www.enertrag.fr\/plessier-sur-saint-just\/qui-sommes-nous\/#breadcrumb","itemListElement":[{"@type":"ListItem","position":1,"name":"Accueil","item":"https:\/\/www.enertrag.fr\/plessier-sur-saint-just\/"},{"@type":"ListItem","position":2,"name":"Qui sommes nous ?"}]},{"@type":"WebSite","@id":"https:\/\/www.enertrag.fr\/plessier-sur-saint-just\/#website","url":"https:\/\/www.enertrag.fr\/plessier-sur-saint-just\/","name":"Projet \u00e9olien du Plessier-sur-saint-just","description":"","publisher":{"@id":"https:\/\/www.enertrag.fr\/plessier-sur-saint-just\/#organization"},"potentialAction":[{"@type":"SearchAction","target":{"@type":"EntryPoint","urlTemplate":"https:\/\/www.enertrag.fr\/plessier-sur-saint-just\/?s={search_term_string}"},"query-input":{"@type":"PropertyValueSpecification","valueRequired":true,"valueName":"search_term_string"}}],"inLanguage":"fr-FR"},{"@type":"Organization","@id":"https:\/\/www.enertrag.fr\/plessier-sur-saint-just\/#organization","name":"Projet \u00e9olien du Plessier-sur-saint-just","url":"https:\/\/www.enertrag.fr\/plessier-sur-saint-just\/","logo":{"@type":"ImageObject","inLanguage":"fr-FR","@id":"https:\/\/www.enertrag.fr\/plessier-sur-saint-just\/#\/schema\/logo\/image\/","url":"https:\/\/www.enertrag.fr\/plessier-sur-saint-just\/wp-content\/uploads\/sites\/45\/2024\/06\/logo_enertrag_blanc@4x.png","contentUrl":"https:\/\/www.enertrag.fr\/plessier-sur-saint-just\/wp-content\/uploads\/sites\/45\/2024\/06\/logo_enertrag_blanc@4x.png","width":3065,"height":801,"caption":"Projet \u00e9olien du Plessier-sur-saint-just"},"image":{"@id":"https:\/\/www.enertrag.fr\/plessier-sur-saint-just\/#\/schema\/logo\/image\/"}}]}},"_links":{"self":[{"href":"https:\/\/www.enertrag.fr\/plessier-sur-saint-just\/wp-json\/wp\/v2\/pages\/66","targetHints":{"allow":["GET"]}}],"collection":[{"href":"https:\/\/www.enertrag.fr\/plessier-sur-saint-just\/wp-json\/wp\/v2\/pages"}],"about":[{"href":"https:\/\/www.enertrag.fr\/plessier-sur-saint-just\/wp-json\/wp\/v2\/types\/page"}],"author":[{"embeddable":true,"href":"https:\/\/www.enertrag.fr\/plessier-sur-saint-just\/wp-json\/wp\/v2\/users\/1"}],"replies":[{"embeddable":true,"href":"https:\/\/www.enertrag.fr\/plessier-sur-saint-just\/wp-json\/wp\/v2\/comments?post=66"}],"version-history":[{"count":0,"href":"https:\/\/www.enertrag.fr\/plessier-sur-saint-just\/wp-json\/wp\/v2\/pages\/66\/revisions"}],"wp:attachment":[{"href":"https:\/\/www.enertrag.fr\/plessier-sur-saint-just\/wp-json\/wp\/v2\/media?parent=66"}],"curies":[{"name":"wp","href":"https:\/\/api.w.org\/{rel}","templated":true}]}}