{"id":64,"date":"2023-01-12T16:19:59","date_gmt":"2023-01-12T15:19:59","guid":{"rendered":"http:\/\/dev.parcs-eoliens-enertrag.fr\/matrice\/?page_id=64"},"modified":"2024-09-03T16:44:19","modified_gmt":"2024-09-03T14:44:19","slug":"la-concertation","status":"publish","type":"page","link":"https:\/\/www.enertrag.fr\/plessier-sur-saint-just\/la-concertation\/","title":{"rendered":"La concertation"},"content":{"rendered":"\t\t<div data-elementor-type=\"wp-page\" data-elementor-id=\"64\" class=\"elementor elementor-64\" data-elementor-settings=\"{&quot;ha_cmc_init_switcher&quot;:&quot;no&quot;}\" data-elementor-post-type=\"page\">\n\t\t\t\t\t\t<section class=\"elementor-section elementor-top-section elementor-element elementor-element-7ab1944 elementor-section-full_width elementor-section-height-min-height elementor-section-height-default elementor-section-items-middle\" data-id=\"7ab1944\" data-element_type=\"section\" data-e-type=\"section\" data-settings=\"{&quot;background_background&quot;:&quot;classic&quot;,&quot;_ha_eqh_enable&quot;:false}\">\n\t\t\t\t\t\t<div class=\"elementor-container elementor-column-gap-default\">\n\t\t\t\t\t<div class=\"elementor-column elementor-col-100 elementor-top-column elementor-element elementor-element-1fd3e68\" data-id=\"1fd3e68\" data-element_type=\"column\" data-e-type=\"column\">\n\t\t\t<div class=\"elementor-widget-wrap\">\n\t\t\t\t\t\t\t<\/div>\n\t\t<\/div>\n\t\t\t\t\t<\/div>\n\t\t<\/section>\n\t\t<div class=\"elementor-element elementor-element-e5c96a4 e-con-full e-flex e-con e-parent\" data-id=\"e5c96a4\" data-element_type=\"container\" data-e-type=\"container\" data-settings=\"{&quot;background_background&quot;:&quot;classic&quot;,&quot;_ha_eqh_enable&quot;:false}\">\n\t\t<div class=\"elementor-element elementor-element-d5724f7 e-flex e-con-boxed e-con e-child\" data-id=\"d5724f7\" data-element_type=\"container\" data-e-type=\"container\" data-settings=\"{&quot;_ha_eqh_enable&quot;:false}\">\n\t\t\t\t\t<div class=\"e-con-inner\">\n\t\t\t\t<div class=\"elementor-element elementor-element-b5ef17e elementor-widget elementor-widget-heading\" data-id=\"b5ef17e\" data-element_type=\"widget\" data-e-type=\"widget\" data-widget_type=\"heading.default\">\n\t\t\t\t<div class=\"elementor-widget-container\">\n\t\t\t\t\t<h1 class=\"elementor-heading-title elementor-size-default\">La d\u00e9marche de concertation<\/h1>\t\t\t\t<\/div>\n\t\t\t\t<\/div>\n\t\t\t\t<div class=\"elementor-element elementor-element-53350a9 elementor-widget elementor-widget-text-editor\" data-id=\"53350a9\" data-element_type=\"widget\" data-e-type=\"widget\" data-widget_type=\"text-editor.default\">\n\t\t\t\t<div class=\"elementor-widget-container\">\n\t\t\t\t\t\t\t\t\t<p>\u00a0<\/p><p>Le projet \u00e9olien du Bois Laurent a \u00e9t\u00e9 con\u00e7u d\u00e8s le d\u00e9part avec une volont\u00e9 claire : int\u00e9grer pleinement les acteurs locaux dans son d\u00e9veloppement. Enertrag France est convaincu que la r\u00e9ussite d&rsquo;un tel projet repose sur l\u2019\u00e9coute et la prise en compte des attentes des habitants, des \u00e9lus, et des associations locales. C\u2019est pourquoi une d\u00e9marche de concertation volontaire a \u00e9t\u00e9 mise en place d\u00e8s les premi\u00e8res phases du projet. L&rsquo;objectif est de cr\u00e9er un projet qui r\u00e9ponde aux besoins du territoire tout en respectant l&rsquo;environnement et en maximisant les b\u00e9n\u00e9fices pour la communaut\u00e9.<span data-ccp-props=\"{&quot;201341983&quot;:0,&quot;335551550&quot;:6,&quot;335551620&quot;:6,&quot;335559739&quot;:0,&quot;335559740&quot;:240,&quot;469777462&quot;:[284],&quot;469777927&quot;:[0],&quot;469777928&quot;:[1]}\">\u00a0<\/span><\/p><p>\u00a0<\/p>\t\t\t\t\t\t\t\t<\/div>\n\t\t\t\t<\/div>\n\t\t\t\t\t<\/div>\n\t\t\t\t<\/div>\n\t\t\t\t<\/div>\n\t\t<div class=\"elementor-element elementor-element-cb2c214 e-flex e-con-boxed e-con e-parent\" data-id=\"cb2c214\" data-element_type=\"container\" data-e-type=\"container\" data-settings=\"{&quot;background_background&quot;:&quot;classic&quot;,&quot;_ha_eqh_enable&quot;:false}\">\n\t\t\t\t\t<div class=\"e-con-inner\">\n\t\t<div class=\"elementor-element elementor-element-a55d331 e-con-full e-flex e-con e-child\" data-id=\"a55d331\" data-element_type=\"container\" data-e-type=\"container\" data-settings=\"{&quot;_ha_eqh_enable&quot;:false}\">\n\t\t\t\t<div class=\"elementor-element elementor-element-081f31f elementor-widget elementor-widget-heading\" data-id=\"081f31f\" data-element_type=\"widget\" data-e-type=\"widget\" data-widget_type=\"heading.default\">\n\t\t\t\t<div class=\"elementor-widget-container\">\n\t\t\t\t\t<h2 class=\"elementor-heading-title elementor-size-default\">Pourquoi une d\u00e9marche de concertation ? <\/h2>\t\t\t\t<\/div>\n\t\t\t\t<\/div>\n\t\t\t\t<div class=\"elementor-element elementor-element-e71eec5 elementor-widget elementor-widget-text-editor\" data-id=\"e71eec5\" data-element_type=\"widget\" data-e-type=\"widget\" data-widget_type=\"text-editor.default\">\n\t\t\t\t<div class=\"elementor-widget-container\">\n\t\t\t\t\t\t\t\t\t<p><span data-contrast=\"auto\" style=\"color: var( --e-global-color-aa3fc38 ); font-family: var( --e-global-typography-text-font-family ), Sans-serif; font-weight: var( --e-global-typography-text-font-weight ); text-align: var(--text-align); background-color: var( --e-global-color-ae360af );\">La d\u00e9marche de concertation s\u2019est concr\u00e9tis\u00e9e par diff\u00e9rentes actions, permettant \u00e0 chacun de s\u2019informer, de s\u2019exprimer, et de participer activement \u00e0 l&rsquo;\u00e9laboration du projet :<\/span><span data-ccp-props=\"{&quot;201341983&quot;:0,&quot;335551550&quot;:6,&quot;335551620&quot;:6,&quot;335559739&quot;:0,&quot;335559740&quot;:240,&quot;469777462&quot;:[284],&quot;469777927&quot;:[0],&quot;469777928&quot;:[1]}\" style=\"color: var( --e-global-color-aa3fc38 ); font-family: var( --e-global-typography-text-font-family ), Sans-serif; font-weight: var( --e-global-typography-text-font-weight ); text-align: var(--text-align); background-color: var( --e-global-color-ae360af );\">&nbsp;<\/span><br><\/p>\n<ul>\n<li data-leveltext=\"\uf0b7\" data-font=\"Symbol\" data-listid=\"50\" data-list-defn-props=\"{&quot;335552541&quot;:1,&quot;335559685&quot;:720,&quot;335559991&quot;:360,&quot;469769226&quot;:&quot;Symbol&quot;,&quot;469769242&quot;:[8226],&quot;469777803&quot;:&quot;left&quot;,&quot;469777804&quot;:&quot;\uf0b7&quot;,&quot;469777815&quot;:&quot;multilevel&quot;}\" aria-setsize=\"-1\" data-aria-posinset=\"1\" data-aria-level=\"1\"><b><span data-contrast=\"auto\">Comit\u00e9s des \u00e9lus :<\/span><\/b><span data-contrast=\"auto\"> Des r\u00e9unions r\u00e9guli\u00e8res ont \u00e9t\u00e9 organis\u00e9es avec les \u00e9lus locaux pour les tenir inform\u00e9s des avanc\u00e9es du projet et recueillir leurs avis.<\/span><span data-ccp-props=\"{&quot;201341983&quot;:0,&quot;335551550&quot;:6,&quot;335551620&quot;:6,&quot;335559739&quot;:0,&quot;335559740&quot;:240,&quot;469777462&quot;:[284],&quot;469777927&quot;:[0],&quot;469777928&quot;:[1]}\">&nbsp;<\/span><\/li>\n<\/ul>\n<ul>\n<li data-leveltext=\"\uf0b7\" data-font=\"Symbol\" data-listid=\"50\" data-list-defn-props=\"{&quot;335552541&quot;:1,&quot;335559685&quot;:720,&quot;335559991&quot;:360,&quot;469769226&quot;:&quot;Symbol&quot;,&quot;469769242&quot;:[8226],&quot;469777803&quot;:&quot;left&quot;,&quot;469777804&quot;:&quot;\uf0b7&quot;,&quot;469777815&quot;:&quot;multilevel&quot;}\" aria-setsize=\"-1\" data-aria-posinset=\"2\" data-aria-level=\"1\"><b><span data-contrast=\"auto\">Forums d\u2019information :<\/span><\/b><span data-contrast=\"auto\"> Des \u00e9v\u00e9nements ouverts \u00e0 tous ont permis de pr\u00e9senter les d\u00e9tails du projet, d\u2019expliquer les r\u00e9sultats des \u00e9tudes, et de r\u00e9pondre aux questions des habitants.<\/span><span data-ccp-props=\"{&quot;201341983&quot;:0,&quot;335551550&quot;:6,&quot;335551620&quot;:6,&quot;335559739&quot;:0,&quot;335559740&quot;:240,&quot;469777462&quot;:[284],&quot;469777927&quot;:[0],&quot;469777928&quot;:[1]}\">&nbsp;<\/span><\/li>\n<\/ul>\n<ul>\n<li data-leveltext=\"\uf0b7\" data-font=\"Symbol\" data-listid=\"50\" data-list-defn-props=\"{&quot;335552541&quot;:1,&quot;335559685&quot;:720,&quot;335559991&quot;:360,&quot;469769226&quot;:&quot;Symbol&quot;,&quot;469769242&quot;:[8226],&quot;469777803&quot;:&quot;left&quot;,&quot;469777804&quot;:&quot;\uf0b7&quot;,&quot;469777815&quot;:&quot;multilevel&quot;}\" aria-setsize=\"-1\" data-aria-posinset=\"3\" data-aria-level=\"1\"><b><span data-contrast=\"auto\">Ateliers de co-construction :<\/span><\/b><span data-contrast=\"auto\"> Ces ateliers th\u00e9matiques ont permis aux participants de travailler collectivement sur des aspects cl\u00e9s du projet, comme l\u2019emplacement des \u00e9oliennes ou les mesures d\u2019accompagnement.<\/span><span data-ccp-props=\"{&quot;201341983&quot;:0,&quot;335551550&quot;:6,&quot;335551620&quot;:6,&quot;335559739&quot;:0,&quot;335559740&quot;:240,&quot;469777462&quot;:[284],&quot;469777927&quot;:[0],&quot;469777928&quot;:[1]}\">&nbsp;<\/span><\/li>\n<\/ul>\n<ul>\n<li data-leveltext=\"\uf0b7\" data-font=\"Symbol\" data-listid=\"50\" data-list-defn-props=\"{&quot;335552541&quot;:1,&quot;335559685&quot;:720,&quot;335559991&quot;:360,&quot;469769226&quot;:&quot;Symbol&quot;,&quot;469769242&quot;:[8226],&quot;469777803&quot;:&quot;left&quot;,&quot;469777804&quot;:&quot;\uf0b7&quot;,&quot;469777815&quot;:&quot;multilevel&quot;}\" aria-setsize=\"-1\" data-aria-posinset=\"4\" data-aria-level=\"1\"><b><span data-contrast=\"auto\">Porte-\u00e0-Porte et Caf\u00e9 Mobile :<\/span><\/b><span data-contrast=\"auto\"> Pour toucher un maximum de personnes, des actions de porte-\u00e0-porte et un caf\u00e9 mobile ont \u00e9t\u00e9 organis\u00e9s, offrant un espace de dialogue direct et accessible.<\/span><span data-ccp-props=\"{&quot;201341983&quot;:0,&quot;335551550&quot;:6,&quot;335551620&quot;:6,&quot;335559739&quot;:0,&quot;335559740&quot;:240,&quot;469777462&quot;:[284],&quot;469777927&quot;:[0],&quot;469777928&quot;:[1]}\">&nbsp;<\/span><\/li>\n<\/ul>\t\t\t\t\t\t\t\t<\/div>\n\t\t\t\t<\/div>\n\t\t\t\t<\/div>\n\t\t<div class=\"elementor-element elementor-element-78711b4 e-con-full e-flex e-con e-child\" data-id=\"78711b4\" data-element_type=\"container\" data-e-type=\"container\" data-settings=\"{&quot;_ha_eqh_enable&quot;:false}\">\n\t\t\t\t<div class=\"elementor-element elementor-element-8d695a3 elementor-widget elementor-widget-image\" data-id=\"8d695a3\" data-element_type=\"widget\" data-e-type=\"widget\" data-widget_type=\"image.default\">\n\t\t\t\t<div class=\"elementor-widget-container\">\n\t\t\t\t\t\t\t\t\t\t\t\t\t\t\t<img fetchpriority=\"high\" decoding=\"async\" width=\"800\" height=\"600\" src=\"https:\/\/www.enertrag.fr\/plessier-sur-saint-just\/wp-content\/uploads\/sites\/45\/2024\/08\/Image-visages-floutes-1024x768.jpg\" class=\"attachment-large size-large wp-image-1346\" alt=\"\" srcset=\"https:\/\/www.enertrag.fr\/plessier-sur-saint-just\/wp-content\/uploads\/sites\/45\/2024\/08\/Image-visages-floutes-1024x768.jpg 1024w, https:\/\/www.enertrag.fr\/plessier-sur-saint-just\/wp-content\/uploads\/sites\/45\/2024\/08\/Image-visages-floutes-300x225.jpg 300w, https:\/\/www.enertrag.fr\/plessier-sur-saint-just\/wp-content\/uploads\/sites\/45\/2024\/08\/Image-visages-floutes-768x576.jpg 768w, https:\/\/www.enertrag.fr\/plessier-sur-saint-just\/wp-content\/uploads\/sites\/45\/2024\/08\/Image-visages-floutes-1536x1152.jpg 1536w, https:\/\/www.enertrag.fr\/plessier-sur-saint-just\/wp-content\/uploads\/sites\/45\/2024\/08\/Image-visages-floutes.jpg 2016w\" sizes=\"(max-width: 800px) 100vw, 800px\" \/>\t\t\t\t\t\t\t\t\t\t\t\t\t\t\t<\/div>\n\t\t\t\t<\/div>\n\t\t\t\t<\/div>\n\t\t\t\t\t<\/div>\n\t\t\t\t<\/div>\n\t\t<div class=\"elementor-element elementor-element-bcc56e3 e-flex e-con-boxed e-con e-parent\" data-id=\"bcc56e3\" data-element_type=\"container\" data-e-type=\"container\" data-settings=\"{&quot;background_background&quot;:&quot;classic&quot;,&quot;_ha_eqh_enable&quot;:false}\">\n\t\t\t\t\t<div class=\"e-con-inner\">\n\t\t<div class=\"elementor-element elementor-element-7fc09b6 e-con-full e-flex e-con e-child\" data-id=\"7fc09b6\" data-element_type=\"container\" data-e-type=\"container\" data-settings=\"{&quot;_ha_eqh_enable&quot;:false}\">\n\t\t\t\t<div class=\"elementor-element elementor-element-574c59f elementor-widget elementor-widget-image\" data-id=\"574c59f\" data-element_type=\"widget\" data-e-type=\"widget\" data-widget_type=\"image.default\">\n\t\t\t\t<div class=\"elementor-widget-container\">\n\t\t\t\t\t\t\t\t\t\t\t\t\t\t\t<img decoding=\"async\" width=\"800\" height=\"600\" src=\"https:\/\/www.enertrag.fr\/plessier-sur-saint-just\/wp-content\/uploads\/sites\/45\/2024\/09\/PHOTO-2-1.jpeg\" class=\"attachment-large size-large wp-image-1382\" alt=\"\" srcset=\"https:\/\/www.enertrag.fr\/plessier-sur-saint-just\/wp-content\/uploads\/sites\/45\/2024\/09\/PHOTO-2-1.jpeg 1024w, https:\/\/www.enertrag.fr\/plessier-sur-saint-just\/wp-content\/uploads\/sites\/45\/2024\/09\/PHOTO-2-1-300x225.jpeg 300w, https:\/\/www.enertrag.fr\/plessier-sur-saint-just\/wp-content\/uploads\/sites\/45\/2024\/09\/PHOTO-2-1-768x576.jpeg 768w\" sizes=\"(max-width: 800px) 100vw, 800px\" \/>\t\t\t\t\t\t\t\t\t\t\t\t\t\t\t<\/div>\n\t\t\t\t<\/div>\n\t\t\t\t<\/div>\n\t\t<div class=\"elementor-element elementor-element-ebbe1ac e-con-full e-flex e-con e-child\" data-id=\"ebbe1ac\" data-element_type=\"container\" data-e-type=\"container\" data-settings=\"{&quot;_ha_eqh_enable&quot;:false}\">\n\t\t\t\t<div class=\"elementor-element elementor-element-a536437 elementor-widget elementor-widget-heading\" data-id=\"a536437\" data-element_type=\"widget\" data-e-type=\"widget\" data-widget_type=\"heading.default\">\n\t\t\t\t<div class=\"elementor-widget-container\">\n\t\t\t\t\t<h2 class=\"elementor-heading-title elementor-size-default\">Les rendez-vous<div>de la concertation\n<\/div><\/h2>\t\t\t\t<\/div>\n\t\t\t\t<\/div>\n\t\t\t\t<div class=\"elementor-element elementor-element-49a66db elementor-widget elementor-widget-text-editor\" data-id=\"49a66db\" data-element_type=\"widget\" data-e-type=\"widget\" data-widget_type=\"text-editor.default\">\n\t\t\t\t<div class=\"elementor-widget-container\">\n\t\t\t\t\t\t\t\t\t<p><span data-contrast=\"auto\">Tout au long de l\u2019ann\u00e9e 2022 et jusqu&rsquo;\u00e0 la fin d\u2019ann\u00e9e 2024, plusieurs rendez-vous de concertation vous ont \u00e9t\u00e9 propos\u00e9s. Ces rencontres ont pris la forme de r\u00e9unions th\u00e9matiques, d\u2019ateliers de travail ou de comit\u00e9s de concertation. Les sujets abord\u00e9s \u00e9taient vari\u00e9s, permettant \u00e0 chacun, selon ses centres d\u2019int\u00e9r\u00eat, de participer aux r\u00e9flexions et de contribuer activement \u00e0 l\u2019\u00e9laboration de ce projet de territoire.<\/span><span data-ccp-props=\"{&quot;201341983&quot;:0,&quot;335551550&quot;:6,&quot;335551620&quot;:6,&quot;335559739&quot;:0,&quot;335559740&quot;:240,&quot;469777462&quot;:[284],&quot;469777927&quot;:[0],&quot;469777928&quot;:[1]}\">\u00a0<\/span><\/p><p><span data-contrast=\"auto\">Les habitants du Plessier-sur-Saint-Just ont \u00e9t\u00e9 inform\u00e9s de ces rendez-vous via les lettres d\u2019information distribu\u00e9es localement, ainsi que sur le site internet du projet, qui vous a permis de vous y inscrire !<\/span><span data-ccp-props=\"{&quot;201341983&quot;:0,&quot;335551550&quot;:6,&quot;335551620&quot;:6,&quot;335559739&quot;:0,&quot;335559740&quot;:240,&quot;469777462&quot;:[284],&quot;469777927&quot;:[0],&quot;469777928&quot;:[1]}\">\u00a0<\/span><\/p>\t\t\t\t\t\t\t\t<\/div>\n\t\t\t\t<\/div>\n\t\t\t\t<\/div>\n\t\t\t\t\t<\/div>\n\t\t\t\t<\/div>\n\t\t<div class=\"elementor-element elementor-element-c0789b3 e-flex e-con-boxed e-con e-parent\" data-id=\"c0789b3\" data-element_type=\"container\" data-e-type=\"container\" data-settings=\"{&quot;background_background&quot;:&quot;classic&quot;,&quot;_ha_eqh_enable&quot;:false}\">\n\t\t\t\t\t<div class=\"e-con-inner\">\n\t\t\t\t<div class=\"elementor-element elementor-element-53fb6ba elementor-widget elementor-widget-heading\" data-id=\"53fb6ba\" data-element_type=\"widget\" data-e-type=\"widget\" data-widget_type=\"heading.default\">\n\t\t\t\t<div class=\"elementor-widget-container\">\n\t\t\t\t\t<h2 class=\"elementor-heading-title elementor-size-default\">Les documents de la concertation<\/h2>\t\t\t\t<\/div>\n\t\t\t\t<\/div>\n\t\t\t\t\t<\/div>\n\t\t\t\t<\/div>\n\t\t<div class=\"elementor-element elementor-element-ca3a982 e-flex e-con-boxed e-con e-parent\" data-id=\"ca3a982\" data-element_type=\"container\" data-e-type=\"container\" data-settings=\"{&quot;_ha_eqh_enable&quot;:false}\">\n\t\t\t\t\t<div class=\"e-con-inner\">\n\t\t\t\t<div class=\"elementor-element elementor-element-197c76a elementor-widget-divider--view-line elementor-widget elementor-widget-divider\" data-id=\"197c76a\" data-element_type=\"widget\" data-e-type=\"widget\" data-widget_type=\"divider.default\">\n\t\t\t\t<div class=\"elementor-widget-container\">\n\t\t\t\t\t\t\t<div class=\"elementor-divider\">\n\t\t\t<span class=\"elementor-divider-separator\">\n\t\t\t\t\t\t<\/span>\n\t\t<\/div>\n\t\t\t\t\t\t<\/div>\n\t\t\t\t<\/div>\n\t\t\t\t<div class=\"elementor-element elementor-element-7ba1183 elementor-widget elementor-widget-heading\" data-id=\"7ba1183\" data-element_type=\"widget\" data-e-type=\"widget\" data-widget_type=\"heading.default\">\n\t\t\t\t<div class=\"elementor-widget-container\">\n\t\t\t\t\t<h2 class=\"elementor-heading-title elementor-size-default\"><a href=\"\" target=\"_blank\">Les comptes-rendus <\/a><\/h2>\t\t\t\t<\/div>\n\t\t\t\t<\/div>\n\t\t<div class=\"elementor-element elementor-element-d10fe21 e-con-full e-flex e-con e-child\" data-id=\"d10fe21\" data-element_type=\"container\" data-e-type=\"container\" data-settings=\"{&quot;_ha_eqh_enable&quot;:false}\">\n\t\t\t\t<div class=\"elementor-element elementor-element-b9d9828 elementor-widget__width-initial elementor-widget elementor-widget-ha-pdf-view happy-addon ha-pdf-view\" data-id=\"b9d9828\" data-element_type=\"widget\" data-e-type=\"widget\" data-widget_type=\"ha-pdf-view.default\">\n\t\t\t\t<div class=\"elementor-widget-container\">\n\t\t\t\t\t        <div class=\"pdf_viewer_container\">\n            <div class=\"pdf_viewer_options viewer-b9d9828\" data-pdf-settings=\"{&quot;unique_id&quot;:&quot;viewer-b9d9828&quot;,&quot;pdf_url&quot;:&quot;https:\\\/\\\/www.enertrag.fr\\\/plessier-sur-saint-just\\\/wp-content\\\/uploads\\\/sites\\\/45\\\/2024\\\/09\\\/1-Compte-rendu-du-Comite-des-elus-n\\u00b01.pdf&quot;,&quot;file_type&quot;:&quot;upload_file&quot;,&quot;page_number&quot;:&quot;1&quot;,&quot;width&quot;:&quot;100%&quot;,&quot;height&quot;:&quot;600px&quot;}\">\n\t\t\t\t<span class=\"ha-title-flex\">\n\t\t\t\t\t<span class=\"pdf-icon\">\n\t\t\t\t\t\t<i aria-hidden=\"true\" class=\"fas fa-file-pdf\"><\/i>\t\t\t\t\t<\/span>\n\t\t\t\t\t<h2 class=\"ha-pdf-title\">Compte-rendu du Comit\u00e9 des \u00e9lus n\u00b01<\/h2>\t\t\t\t<\/span>\n\t\t\t\t                <div class=\"pdf-button\">\n                <a href=\"https:\/\/www.enertrag.fr\/plessier-sur-saint-just\/wp-content\/uploads\/sites\/45\/2024\/09\/1-Compte-rendu-du-Comite-des-elus-n\u00b01.pdf\" class=\"ha-btn\" download title=\"Compte-rendu du Comit\u00e9 des \u00e9lus n\u00b01\">Download<\/a>                <\/div>\n            <\/div>\n\n\t\t\t<div>\n\t\t\t\t<div id=\"viewer-b9d9828\"><\/div>\n\t\t\t<\/div>\n\n        <\/div>\n        \t\t\t\t<\/div>\n\t\t\t\t<\/div>\n\t\t\t\t<div class=\"elementor-element elementor-element-5e192e7 elementor-widget__width-initial elementor-widget elementor-widget-ha-pdf-view happy-addon ha-pdf-view\" data-id=\"5e192e7\" data-element_type=\"widget\" data-e-type=\"widget\" data-widget_type=\"ha-pdf-view.default\">\n\t\t\t\t<div class=\"elementor-widget-container\">\n\t\t\t\t\t        <div class=\"pdf_viewer_container\">\n            <div class=\"pdf_viewer_options viewer-5e192e7\" data-pdf-settings=\"{&quot;unique_id&quot;:&quot;viewer-5e192e7&quot;,&quot;pdf_url&quot;:&quot;https:\\\/\\\/www.enertrag.fr\\\/plessier-sur-saint-just\\\/wp-content\\\/uploads\\\/sites\\\/45\\\/2024\\\/09\\\/3-Compte-rendu-du-Comite-des-elus-n\\u00b02.pdf&quot;,&quot;file_type&quot;:&quot;upload_file&quot;,&quot;page_number&quot;:&quot;1&quot;,&quot;width&quot;:&quot;100%&quot;,&quot;height&quot;:&quot;600px&quot;}\">\n\t\t\t\t<span class=\"ha-title-flex\">\n\t\t\t\t\t<span class=\"pdf-icon\">\n\t\t\t\t\t\t<i aria-hidden=\"true\" class=\"fas fa-file-pdf\"><\/i>\t\t\t\t\t<\/span>\n\t\t\t\t\t<h2 class=\"ha-pdf-title\">Compte-rendu du Comit\u00e9 des \u00e9lus n\u00b02<\/h2>\t\t\t\t<\/span>\n\t\t\t\t                <div class=\"pdf-button\">\n                <a href=\"https:\/\/www.enertrag.fr\/plessier-sur-saint-just\/wp-content\/uploads\/sites\/45\/2024\/09\/3-Compte-rendu-du-Comite-des-elus-n\u00b02.pdf\" class=\"ha-btn\" download title=\"Compte-rendu du Comit\u00e9 des \u00e9lus n\u00b02\">Download<\/a>                <\/div>\n            <\/div>\n\n\t\t\t<div>\n\t\t\t\t<div id=\"viewer-5e192e7\"><\/div>\n\t\t\t<\/div>\n\n        <\/div>\n        \t\t\t\t<\/div>\n\t\t\t\t<\/div>\n\t\t\t\t<div class=\"elementor-element elementor-element-38027a0 elementor-widget__width-initial elementor-widget elementor-widget-ha-pdf-view happy-addon ha-pdf-view\" data-id=\"38027a0\" data-element_type=\"widget\" data-e-type=\"widget\" data-widget_type=\"ha-pdf-view.default\">\n\t\t\t\t<div class=\"elementor-widget-container\">\n\t\t\t\t\t        <div class=\"pdf_viewer_container\">\n            <div class=\"pdf_viewer_options viewer-38027a0\" data-pdf-settings=\"{&quot;unique_id&quot;:&quot;viewer-38027a0&quot;,&quot;pdf_url&quot;:&quot;https:\\\/\\\/www.enertrag.fr\\\/plessier-sur-saint-just\\\/wp-content\\\/uploads\\\/sites\\\/45\\\/2024\\\/09\\\/5-Compte-rendu-du-Forum-dinformation.pdf&quot;,&quot;file_type&quot;:&quot;upload_file&quot;,&quot;page_number&quot;:&quot;1&quot;,&quot;width&quot;:&quot;100%&quot;,&quot;height&quot;:&quot;600px&quot;}\">\n\t\t\t\t<span class=\"ha-title-flex\">\n\t\t\t\t\t<span class=\"pdf-icon\">\n\t\t\t\t\t\t<i aria-hidden=\"true\" class=\"fas fa-file-pdf\"><\/i>\t\t\t\t\t<\/span>\n\t\t\t\t\t<h2 class=\"ha-pdf-title\">Compte-rendu du Forum d&#039;information<\/h2>\t\t\t\t<\/span>\n\t\t\t\t                <div class=\"pdf-button\">\n                <a href=\"https:\/\/www.enertrag.fr\/plessier-sur-saint-just\/wp-content\/uploads\/sites\/45\/2024\/09\/5-Compte-rendu-du-Forum-dinformation.pdf\" class=\"ha-btn\" download title=\"Compte-rendu du Forum d&#039;information\">Download<\/a>                <\/div>\n            <\/div>\n\n\t\t\t<div>\n\t\t\t\t<div id=\"viewer-38027a0\"><\/div>\n\t\t\t<\/div>\n\n        <\/div>\n        \t\t\t\t<\/div>\n\t\t\t\t<\/div>\n\t\t\t\t<div class=\"elementor-element elementor-element-b9dc903 elementor-widget__width-initial elementor-widget elementor-widget-ha-pdf-view happy-addon ha-pdf-view\" data-id=\"b9dc903\" data-element_type=\"widget\" data-e-type=\"widget\" data-widget_type=\"ha-pdf-view.default\">\n\t\t\t\t<div class=\"elementor-widget-container\">\n\t\t\t\t\t        <div class=\"pdf_viewer_container\">\n            <div class=\"pdf_viewer_options viewer-b9dc903\" data-pdf-settings=\"{&quot;unique_id&quot;:&quot;viewer-b9dc903&quot;,&quot;pdf_url&quot;:&quot;https:\\\/\\\/www.enertrag.fr\\\/plessier-sur-saint-just\\\/wp-content\\\/uploads\\\/sites\\\/45\\\/2024\\\/09\\\/6-Compte-rendu-de-lAtelier-de-biodiversite.pdf&quot;,&quot;file_type&quot;:&quot;upload_file&quot;,&quot;page_number&quot;:&quot;1&quot;,&quot;width&quot;:&quot;100%&quot;,&quot;height&quot;:&quot;600px&quot;}\">\n\t\t\t\t<span class=\"ha-title-flex\">\n\t\t\t\t\t<span class=\"pdf-icon\">\n\t\t\t\t\t\t<i aria-hidden=\"true\" class=\"fas fa-file-pdf\"><\/i>\t\t\t\t\t<\/span>\n\t\t\t\t\t<h2 class=\"ha-pdf-title\">Pr\u00e9sentation de l&#039;Atelier de biodiversit\u00e9<\/h2>\t\t\t\t<\/span>\n\t\t\t\t                <div class=\"pdf-button\">\n                <a href=\"https:\/\/www.enertrag.fr\/plessier-sur-saint-just\/wp-content\/uploads\/sites\/45\/2024\/09\/6-Compte-rendu-de-lAtelier-de-biodiversite.pdf\" class=\"ha-btn\" download title=\"Pr\u00e9sentation de l&#039;Atelier de biodiversit\u00e9\">Download<\/a>                <\/div>\n            <\/div>\n\n\t\t\t<div>\n\t\t\t\t<div id=\"viewer-b9dc903\"><\/div>\n\t\t\t<\/div>\n\n        <\/div>\n        \t\t\t\t<\/div>\n\t\t\t\t<\/div>\n\t\t\t\t<div class=\"elementor-element elementor-element-510b23d elementor-widget__width-initial elementor-widget elementor-widget-ha-pdf-view happy-addon ha-pdf-view\" data-id=\"510b23d\" data-element_type=\"widget\" data-e-type=\"widget\" data-widget_type=\"ha-pdf-view.default\">\n\t\t\t\t<div class=\"elementor-widget-container\">\n\t\t\t\t\t        <div class=\"pdf_viewer_container\">\n            <div class=\"pdf_viewer_options viewer-510b23d\" data-pdf-settings=\"{&quot;unique_id&quot;:&quot;viewer-510b23d&quot;,&quot;pdf_url&quot;:&quot;https:\\\/\\\/www.enertrag.fr\\\/plessier-sur-saint-just\\\/wp-content\\\/uploads\\\/sites\\\/45\\\/2024\\\/09\\\/2024-02-05-Compte-rendu-Comite-projet-n\\u00b01.pdf&quot;,&quot;file_type&quot;:&quot;upload_file&quot;,&quot;page_number&quot;:&quot;1&quot;,&quot;width&quot;:&quot;100%&quot;,&quot;height&quot;:&quot;600px&quot;}\">\n\t\t\t\t<span class=\"ha-title-flex\">\n\t\t\t\t\t<span class=\"pdf-icon\">\n\t\t\t\t\t\t<i aria-hidden=\"true\" class=\"fas fa-file-pdf\"><\/i>\t\t\t\t\t<\/span>\n\t\t\t\t\t<h2 class=\"ha-pdf-title\">Compte-rendu du Comit\u00e9 de projet n\u00b01<\/h2>\t\t\t\t<\/span>\n\t\t\t\t                <div class=\"pdf-button\">\n                <a href=\"https:\/\/www.enertrag.fr\/plessier-sur-saint-just\/wp-content\/uploads\/sites\/45\/2024\/09\/2024-02-05-Compte-rendu-Comite-projet-n\u00b01.pdf\" class=\"ha-btn\" download title=\"Compte-rendu du Comit\u00e9 de projet n\u00b01\">Download<\/a>                <\/div>\n            <\/div>\n\n\t\t\t<div>\n\t\t\t\t<div id=\"viewer-510b23d\"><\/div>\n\t\t\t<\/div>\n\n        <\/div>\n        \t\t\t\t<\/div>\n\t\t\t\t<\/div>\n\t\t\t\t<div class=\"elementor-element elementor-element-6549cd6 elementor-widget__width-initial elementor-widget elementor-widget-ha-pdf-view happy-addon ha-pdf-view\" data-id=\"6549cd6\" data-element_type=\"widget\" data-e-type=\"widget\" data-widget_type=\"ha-pdf-view.default\">\n\t\t\t\t<div class=\"elementor-widget-container\">\n\t\t\t\t\t        <div class=\"pdf_viewer_container\">\n            <div class=\"pdf_viewer_options viewer-6549cd6\" data-pdf-settings=\"{&quot;unique_id&quot;:&quot;viewer-6549cd6&quot;,&quot;pdf_url&quot;:&quot;https:\\\/\\\/www.enertrag.fr\\\/plessier-sur-saint-just\\\/wp-content\\\/uploads\\\/sites\\\/45\\\/2024\\\/09\\\/2024-06-13-Compte-rendu-Comite-projet-n\\u00b02.pdf&quot;,&quot;file_type&quot;:&quot;upload_file&quot;,&quot;page_number&quot;:&quot;1&quot;,&quot;width&quot;:&quot;100%&quot;,&quot;height&quot;:&quot;600px&quot;}\">\n\t\t\t\t<span class=\"ha-title-flex\">\n\t\t\t\t\t<span class=\"pdf-icon\">\n\t\t\t\t\t\t<i aria-hidden=\"true\" class=\"fas fa-file-pdf\"><\/i>\t\t\t\t\t<\/span>\n\t\t\t\t\t<h2 class=\"ha-pdf-title\">Compte-rendu du Comit\u00e9 de projet n\u00b02<\/h2>\t\t\t\t<\/span>\n\t\t\t\t                <div class=\"pdf-button\">\n                <a href=\"https:\/\/www.enertrag.fr\/plessier-sur-saint-just\/wp-content\/uploads\/sites\/45\/2024\/09\/2024-06-13-Compte-rendu-Comite-projet-n\u00b02.pdf\" class=\"ha-btn\" download title=\"Compte-rendu du Comit\u00e9 de projet n\u00b02\">Download<\/a>                <\/div>\n            <\/div>\n\n\t\t\t<div>\n\t\t\t\t<div id=\"viewer-6549cd6\"><\/div>\n\t\t\t<\/div>\n\n        <\/div>\n        \t\t\t\t<\/div>\n\t\t\t\t<\/div>\n\t\t\t\t<\/div>\n\t\t\t\t\t<\/div>\n\t\t\t\t<\/div>\n\t\t<div class=\"elementor-element elementor-element-296e039 e-flex e-con-boxed e-con e-parent\" data-id=\"296e039\" data-element_type=\"container\" data-e-type=\"container\" data-settings=\"{&quot;_ha_eqh_enable&quot;:false}\">\n\t\t\t\t\t<div class=\"e-con-inner\">\n\t\t\t\t<div class=\"elementor-element elementor-element-197b758 elementor-widget-divider--view-line elementor-widget elementor-widget-divider\" data-id=\"197b758\" data-element_type=\"widget\" data-e-type=\"widget\" data-widget_type=\"divider.default\">\n\t\t\t\t<div class=\"elementor-widget-container\">\n\t\t\t\t\t\t\t<div class=\"elementor-divider\">\n\t\t\t<span class=\"elementor-divider-separator\">\n\t\t\t\t\t\t<\/span>\n\t\t<\/div>\n\t\t\t\t\t\t<\/div>\n\t\t\t\t<\/div>\n\t\t\t\t<div class=\"elementor-element elementor-element-ea918db elementor-widget elementor-widget-heading\" data-id=\"ea918db\" data-element_type=\"widget\" data-e-type=\"widget\" data-widget_type=\"heading.default\">\n\t\t\t\t<div class=\"elementor-widget-container\">\n\t\t\t\t\t<h2 class=\"elementor-heading-title elementor-size-default\"><a href=\"\" target=\"_blank\">Les lettres d'information <\/a><\/h2>\t\t\t\t<\/div>\n\t\t\t\t<\/div>\n\t\t<div class=\"elementor-element elementor-element-935f40c e-con-full e-flex e-con e-child\" data-id=\"935f40c\" data-element_type=\"container\" data-e-type=\"container\" data-settings=\"{&quot;_ha_eqh_enable&quot;:false}\">\n\t\t\t\t<div class=\"elementor-element elementor-element-1824d6c elementor-widget__width-initial elementor-widget elementor-widget-ha-pdf-view happy-addon ha-pdf-view\" data-id=\"1824d6c\" data-element_type=\"widget\" data-e-type=\"widget\" data-widget_type=\"ha-pdf-view.default\">\n\t\t\t\t<div class=\"elementor-widget-container\">\n\t\t\t\t\t        <div class=\"pdf_viewer_container\">\n            <div class=\"pdf_viewer_options viewer-1824d6c\" data-pdf-settings=\"{&quot;unique_id&quot;:&quot;viewer-1824d6c&quot;,&quot;pdf_url&quot;:&quot;https:\\\/\\\/www.enertrag.fr\\\/plessier-sur-saint-just\\\/wp-content\\\/uploads\\\/sites\\\/45\\\/2024\\\/09\\\/2-Lettre-dinformation-n\\u00b01-1.pdf&quot;,&quot;file_type&quot;:&quot;upload_file&quot;,&quot;page_number&quot;:&quot;1&quot;,&quot;width&quot;:&quot;100%&quot;,&quot;height&quot;:&quot;600px&quot;}\">\n\t\t\t\t<span class=\"ha-title-flex\">\n\t\t\t\t\t<span class=\"pdf-icon\">\n\t\t\t\t\t\t<i aria-hidden=\"true\" class=\"fas fa-file-pdf\"><\/i>\t\t\t\t\t<\/span>\n\t\t\t\t\t<h2 class=\"ha-pdf-title\">Lettre d&#039;information n\u00b01<\/h2>\t\t\t\t<\/span>\n\t\t\t\t                <div class=\"pdf-button\">\n                <a href=\"https:\/\/www.enertrag.fr\/plessier-sur-saint-just\/wp-content\/uploads\/sites\/45\/2024\/09\/2-Lettre-dinformation-n\u00b01-1.pdf\" class=\"ha-btn\" download title=\"Lettre d&#039;information n\u00b01\">Download<\/a>                <\/div>\n            <\/div>\n\n\t\t\t<div>\n\t\t\t\t<div id=\"viewer-1824d6c\"><\/div>\n\t\t\t<\/div>\n\n        <\/div>\n        \t\t\t\t<\/div>\n\t\t\t\t<\/div>\n\t\t\t\t<div class=\"elementor-element elementor-element-04b25e5 elementor-widget__width-initial elementor-widget elementor-widget-ha-pdf-view happy-addon ha-pdf-view\" data-id=\"04b25e5\" data-element_type=\"widget\" data-e-type=\"widget\" data-widget_type=\"ha-pdf-view.default\">\n\t\t\t\t<div class=\"elementor-widget-container\">\n\t\t\t\t\t        <div class=\"pdf_viewer_container\">\n            <div class=\"pdf_viewer_options viewer-04b25e5\" data-pdf-settings=\"{&quot;unique_id&quot;:&quot;viewer-04b25e5&quot;,&quot;pdf_url&quot;:&quot;https:\\\/\\\/www.enertrag.fr\\\/plessier-sur-saint-just\\\/wp-content\\\/uploads\\\/sites\\\/45\\\/2024\\\/09\\\/4-Lettre-dinformation-n\\u00b02.pdf&quot;,&quot;file_type&quot;:&quot;upload_file&quot;,&quot;page_number&quot;:&quot;1&quot;,&quot;width&quot;:&quot;100%&quot;,&quot;height&quot;:&quot;600px&quot;}\">\n\t\t\t\t<span class=\"ha-title-flex\">\n\t\t\t\t\t<span class=\"pdf-icon\">\n\t\t\t\t\t\t<i aria-hidden=\"true\" class=\"fas fa-file-pdf\"><\/i>\t\t\t\t\t<\/span>\n\t\t\t\t\t<h2 class=\"ha-pdf-title\">Lettre-dinformation n\u00b02<\/h2>\t\t\t\t<\/span>\n\t\t\t\t                <div class=\"pdf-button\">\n                <a href=\"https:\/\/www.enertrag.fr\/plessier-sur-saint-just\/wp-content\/uploads\/sites\/45\/2024\/09\/4-Lettre-dinformation-n\u00b02.pdf\" class=\"ha-btn\" download title=\"Lettre-dinformation n\u00b02\">Download<\/a>                <\/div>\n            <\/div>\n\n\t\t\t<div>\n\t\t\t\t<div id=\"viewer-04b25e5\"><\/div>\n\t\t\t<\/div>\n\n        <\/div>\n        \t\t\t\t<\/div>\n\t\t\t\t<\/div>\n\t\t\t\t<div class=\"elementor-element elementor-element-7a95769 elementor-widget__width-initial elementor-widget elementor-widget-ha-pdf-view happy-addon ha-pdf-view\" data-id=\"7a95769\" data-element_type=\"widget\" data-e-type=\"widget\" data-widget_type=\"ha-pdf-view.default\">\n\t\t\t\t<div class=\"elementor-widget-container\">\n\t\t\t\t\t        <div class=\"pdf_viewer_container\">\n            <div class=\"pdf_viewer_options viewer-7a95769\" data-pdf-settings=\"{&quot;unique_id&quot;:&quot;viewer-7a95769&quot;,&quot;pdf_url&quot;:&quot;https:\\\/\\\/www.enertrag.fr\\\/plessier-sur-saint-just\\\/wp-content\\\/uploads\\\/sites\\\/45\\\/2024\\\/09\\\/7-Lettre-dinformation-n\\u00b03.pdf&quot;,&quot;file_type&quot;:&quot;upload_file&quot;,&quot;page_number&quot;:&quot;1&quot;,&quot;width&quot;:&quot;100%&quot;,&quot;height&quot;:&quot;600px&quot;}\">\n\t\t\t\t<span class=\"ha-title-flex\">\n\t\t\t\t\t<span class=\"pdf-icon\">\n\t\t\t\t\t\t<i aria-hidden=\"true\" class=\"fas fa-file-pdf\"><\/i>\t\t\t\t\t<\/span>\n\t\t\t\t\t<h2 class=\"ha-pdf-title\">Lettre d&#039;information n\u00b03<\/h2>\t\t\t\t<\/span>\n\t\t\t\t                <div class=\"pdf-button\">\n                <a href=\"https:\/\/www.enertrag.fr\/plessier-sur-saint-just\/wp-content\/uploads\/sites\/45\/2024\/09\/7-Lettre-dinformation-n\u00b03.pdf\" class=\"ha-btn\" download title=\"Lettre d&#039;information n\u00b03\">Download<\/a>                <\/div>\n            <\/div>\n\n\t\t\t<div>\n\t\t\t\t<div id=\"viewer-7a95769\"><\/div>\n\t\t\t<\/div>\n\n        <\/div>\n        \t\t\t\t<\/div>\n\t\t\t\t<\/div>\n\t\t\t\t<div class=\"elementor-element elementor-element-8ad3904 elementor-widget__width-initial elementor-widget elementor-widget-ha-pdf-view happy-addon ha-pdf-view\" data-id=\"8ad3904\" data-element_type=\"widget\" data-e-type=\"widget\" data-widget_type=\"ha-pdf-view.default\">\n\t\t\t\t<div class=\"elementor-widget-container\">\n\t\t\t\t\t        <div class=\"pdf_viewer_container\">\n            <div class=\"pdf_viewer_options viewer-8ad3904\" data-pdf-settings=\"{&quot;unique_id&quot;:&quot;viewer-8ad3904&quot;,&quot;pdf_url&quot;:&quot;https:\\\/\\\/www.enertrag.fr\\\/plessier-sur-saint-just\\\/wp-content\\\/uploads\\\/sites\\\/45\\\/2024\\\/09\\\/2024-02-LI-n\\u00b04.pdf&quot;,&quot;file_type&quot;:&quot;upload_file&quot;,&quot;page_number&quot;:&quot;1&quot;,&quot;width&quot;:&quot;100%&quot;,&quot;height&quot;:&quot;600px&quot;}\">\n\t\t\t\t<span class=\"ha-title-flex\">\n\t\t\t\t\t<span class=\"pdf-icon\">\n\t\t\t\t\t\t<i aria-hidden=\"true\" class=\"fas fa-file-pdf\"><\/i>\t\t\t\t\t<\/span>\n\t\t\t\t\t<h2 class=\"ha-pdf-title\">Lettre d&#039;information n\u00b04<\/h2>\t\t\t\t<\/span>\n\t\t\t\t                <div class=\"pdf-button\">\n                <a href=\"https:\/\/www.enertrag.fr\/plessier-sur-saint-just\/wp-content\/uploads\/sites\/45\/2024\/09\/2024-02-LI-n\u00b04.pdf\" class=\"ha-btn\" download title=\"Lettre d&#039;information n\u00b04\">Download<\/a>                <\/div>\n            <\/div>\n\n\t\t\t<div>\n\t\t\t\t<div id=\"viewer-8ad3904\"><\/div>\n\t\t\t<\/div>\n\n        <\/div>\n        \t\t\t\t<\/div>\n\t\t\t\t<\/div>\n\t\t\t\t<div class=\"elementor-element elementor-element-11ff702 elementor-widget__width-initial elementor-widget elementor-widget-ha-pdf-view happy-addon ha-pdf-view\" data-id=\"11ff702\" data-element_type=\"widget\" data-e-type=\"widget\" data-widget_type=\"ha-pdf-view.default\">\n\t\t\t\t<div class=\"elementor-widget-container\">\n\t\t\t\t\t        <div class=\"pdf_viewer_container\">\n            <div class=\"pdf_viewer_options viewer-11ff702\" data-pdf-settings=\"{&quot;unique_id&quot;:&quot;viewer-11ff702&quot;,&quot;pdf_url&quot;:&quot;https:\\\/\\\/www.enertrag.fr\\\/plessier-sur-saint-just\\\/wp-content\\\/uploads\\\/sites\\\/45\\\/2024\\\/09\\\/2023-04-Flyer-Atelier-biodiv.pdf&quot;,&quot;file_type&quot;:&quot;upload_file&quot;,&quot;page_number&quot;:&quot;1&quot;,&quot;width&quot;:&quot;100%&quot;,&quot;height&quot;:&quot;600px&quot;}\">\n\t\t\t\t<span class=\"ha-title-flex\">\n\t\t\t\t\t<span class=\"pdf-icon\">\n\t\t\t\t\t\t<i aria-hidden=\"true\" class=\"fas fa-file-pdf\"><\/i>\t\t\t\t\t<\/span>\n\t\t\t\t\t<h2 class=\"ha-pdf-title\">Flyer Atelier Bodiversit\u00e9<\/h2>\t\t\t\t<\/span>\n\t\t\t\t                <div class=\"pdf-button\">\n                <a href=\"https:\/\/www.enertrag.fr\/plessier-sur-saint-just\/wp-content\/uploads\/sites\/45\/2024\/09\/2023-04-Flyer-Atelier-biodiv.pdf\" class=\"ha-btn\" download title=\"Flyer Atelier Bodiversit\u00e9\">Download<\/a>                <\/div>\n            <\/div>\n\n\t\t\t<div>\n\t\t\t\t<div id=\"viewer-11ff702\"><\/div>\n\t\t\t<\/div>\n\n        <\/div>\n        \t\t\t\t<\/div>\n\t\t\t\t<\/div>\n\t\t\t\t<\/div>\n\t\t\t\t\t<\/div>\n\t\t\t\t<\/div>\n\t\t<div class=\"elementor-element elementor-element-1c5ad37 e-flex e-con-boxed e-con e-parent\" data-id=\"1c5ad37\" data-element_type=\"container\" data-e-type=\"container\" data-settings=\"{&quot;_ha_eqh_enable&quot;:false}\">\n\t\t\t\t\t<div class=\"e-con-inner\">\n\t\t\t\t\t<\/div>\n\t\t\t\t<\/div>\n\t\t\t\t<\/div>\n\t\t","protected":false},"excerpt":{"rendered":"<p>La d\u00e9marche de concertation \u00a0 Le projet \u00e9olien du Bois Laurent a \u00e9t\u00e9 con\u00e7u d\u00e8s le d\u00e9part avec une volont\u00e9 claire : int\u00e9grer pleinement les acteurs locaux dans son d\u00e9veloppement. Enertrag France est convaincu que la r\u00e9ussite d&rsquo;un tel projet repose sur l\u2019\u00e9coute et la prise en compte des attentes des habitants, des \u00e9lus, et [&hellip;]<\/p>\n","protected":false},"author":1,"featured_media":0,"parent":0,"menu_order":0,"comment_status":"closed","ping_status":"closed","template":"","meta":{"_acf_changed":false,"footnotes":""},"class_list":["post-64","page","type-page","status-publish","hentry"],"acf":[],"yoast_head":"<!-- This site is optimized with the Yoast SEO plugin v27.5 - https:\/\/yoast.com\/product\/yoast-seo-wordpress\/ -->\n<title>La concertation - Projet \u00e9olien du Plessier-sur-saint-just<\/title>\n<meta name=\"robots\" content=\"index, follow, max-snippet:-1, max-image-preview:large, max-video-preview:-1\" \/>\n<link rel=\"canonical\" href=\"https:\/\/www.enertrag.fr\/plessier-sur-saint-just\/la-concertation\/\" \/>\n<meta property=\"og:locale\" content=\"fr_FR\" \/>\n<meta property=\"og:type\" content=\"article\" \/>\n<meta property=\"og:title\" content=\"La concertation - Projet \u00e9olien du Plessier-sur-saint-just\" \/>\n<meta property=\"og:description\" content=\"La d\u00e9marche de concertation \u00a0 Le projet \u00e9olien du Bois Laurent a \u00e9t\u00e9 con\u00e7u d\u00e8s le d\u00e9part avec une volont\u00e9 claire : int\u00e9grer pleinement les acteurs locaux dans son d\u00e9veloppement. Enertrag France est convaincu que la r\u00e9ussite d&rsquo;un tel projet repose sur l\u2019\u00e9coute et la prise en compte des attentes des habitants, des \u00e9lus, et [&hellip;]\" \/>\n<meta property=\"og:url\" content=\"https:\/\/www.enertrag.fr\/plessier-sur-saint-just\/la-concertation\/\" \/>\n<meta property=\"og:site_name\" content=\"Projet \u00e9olien du Plessier-sur-saint-just\" \/>\n<meta property=\"article:modified_time\" content=\"2024-09-03T14:44:19+00:00\" \/>\n<meta property=\"og:image\" content=\"https:\/\/www.enertrag.fr\/plessier-sur-saint-just\/wp-content\/uploads\/sites\/45\/2024\/08\/Image-visages-floutes-1024x768.jpg\" \/>\n<meta name=\"twitter:card\" content=\"summary_large_image\" \/>\n<meta name=\"twitter:label1\" content=\"Dur\u00e9e de lecture estim\u00e9e\" \/>\n\t<meta name=\"twitter:data1\" content=\"3 minutes\" \/>\n<script type=\"application\/ld+json\" class=\"yoast-schema-graph\">{\"@context\":\"https:\\\/\\\/schema.org\",\"@graph\":[{\"@type\":\"WebPage\",\"@id\":\"https:\\\/\\\/www.enertrag.fr\\\/plessier-sur-saint-just\\\/la-concertation\\\/\",\"url\":\"https:\\\/\\\/www.enertrag.fr\\\/plessier-sur-saint-just\\\/la-concertation\\\/\",\"name\":\"La concertation - Projet \u00e9olien du Plessier-sur-saint-just\",\"isPartOf\":{\"@id\":\"https:\\\/\\\/www.enertrag.fr\\\/plessier-sur-saint-just\\\/#website\"},\"primaryImageOfPage\":{\"@id\":\"https:\\\/\\\/www.enertrag.fr\\\/plessier-sur-saint-just\\\/la-concertation\\\/#primaryimage\"},\"image\":{\"@id\":\"https:\\\/\\\/www.enertrag.fr\\\/plessier-sur-saint-just\\\/la-concertation\\\/#primaryimage\"},\"thumbnailUrl\":\"https:\\\/\\\/www.enertrag.fr\\\/plessier-sur-saint-just\\\/wp-content\\\/uploads\\\/sites\\\/45\\\/2024\\\/08\\\/Image-visages-floutes-1024x768.jpg\",\"datePublished\":\"2023-01-12T15:19:59+00:00\",\"dateModified\":\"2024-09-03T14:44:19+00:00\",\"breadcrumb\":{\"@id\":\"https:\\\/\\\/www.enertrag.fr\\\/plessier-sur-saint-just\\\/la-concertation\\\/#breadcrumb\"},\"inLanguage\":\"fr-FR\",\"potentialAction\":[{\"@type\":\"ReadAction\",\"target\":[\"https:\\\/\\\/www.enertrag.fr\\\/plessier-sur-saint-just\\\/la-concertation\\\/\"]}]},{\"@type\":\"ImageObject\",\"inLanguage\":\"fr-FR\",\"@id\":\"https:\\\/\\\/www.enertrag.fr\\\/plessier-sur-saint-just\\\/la-concertation\\\/#primaryimage\",\"url\":\"https:\\\/\\\/www.enertrag.fr\\\/plessier-sur-saint-just\\\/wp-content\\\/uploads\\\/sites\\\/45\\\/2024\\\/08\\\/Image-visages-floutes.jpg\",\"contentUrl\":\"https:\\\/\\\/www.enertrag.fr\\\/plessier-sur-saint-just\\\/wp-content\\\/uploads\\\/sites\\\/45\\\/2024\\\/08\\\/Image-visages-floutes.jpg\",\"width\":2016,\"height\":1512},{\"@type\":\"BreadcrumbList\",\"@id\":\"https:\\\/\\\/www.enertrag.fr\\\/plessier-sur-saint-just\\\/la-concertation\\\/#breadcrumb\",\"itemListElement\":[{\"@type\":\"ListItem\",\"position\":1,\"name\":\"Accueil\",\"item\":\"https:\\\/\\\/www.enertrag.fr\\\/plessier-sur-saint-just\\\/\"},{\"@type\":\"ListItem\",\"position\":2,\"name\":\"La concertation\"}]},{\"@type\":\"WebSite\",\"@id\":\"https:\\\/\\\/www.enertrag.fr\\\/plessier-sur-saint-just\\\/#website\",\"url\":\"https:\\\/\\\/www.enertrag.fr\\\/plessier-sur-saint-just\\\/\",\"name\":\"Projet \u00e9olien du Plessier-sur-saint-just\",\"description\":\"\",\"publisher\":{\"@id\":\"https:\\\/\\\/www.enertrag.fr\\\/plessier-sur-saint-just\\\/#organization\"},\"potentialAction\":[{\"@type\":\"SearchAction\",\"target\":{\"@type\":\"EntryPoint\",\"urlTemplate\":\"https:\\\/\\\/www.enertrag.fr\\\/plessier-sur-saint-just\\\/?s={search_term_string}\"},\"query-input\":{\"@type\":\"PropertyValueSpecification\",\"valueRequired\":true,\"valueName\":\"search_term_string\"}}],\"inLanguage\":\"fr-FR\"},{\"@type\":\"Organization\",\"@id\":\"https:\\\/\\\/www.enertrag.fr\\\/plessier-sur-saint-just\\\/#organization\",\"name\":\"Projet \u00e9olien du Plessier-sur-saint-just\",\"url\":\"https:\\\/\\\/www.enertrag.fr\\\/plessier-sur-saint-just\\\/\",\"logo\":{\"@type\":\"ImageObject\",\"inLanguage\":\"fr-FR\",\"@id\":\"https:\\\/\\\/www.enertrag.fr\\\/plessier-sur-saint-just\\\/#\\\/schema\\\/logo\\\/image\\\/\",\"url\":\"https:\\\/\\\/www.enertrag.fr\\\/plessier-sur-saint-just\\\/wp-content\\\/uploads\\\/sites\\\/45\\\/2024\\\/06\\\/logo_enertrag_blanc@4x.png\",\"contentUrl\":\"https:\\\/\\\/www.enertrag.fr\\\/plessier-sur-saint-just\\\/wp-content\\\/uploads\\\/sites\\\/45\\\/2024\\\/06\\\/logo_enertrag_blanc@4x.png\",\"width\":3065,\"height\":801,\"caption\":\"Projet \u00e9olien du Plessier-sur-saint-just\"},\"image\":{\"@id\":\"https:\\\/\\\/www.enertrag.fr\\\/plessier-sur-saint-just\\\/#\\\/schema\\\/logo\\\/image\\\/\"}}]}<\/script>\n<!-- \/ Yoast SEO plugin. -->","yoast_head_json":{"title":"La concertation - Projet \u00e9olien du Plessier-sur-saint-just","robots":{"index":"index","follow":"follow","max-snippet":"max-snippet:-1","max-image-preview":"max-image-preview:large","max-video-preview":"max-video-preview:-1"},"canonical":"https:\/\/www.enertrag.fr\/plessier-sur-saint-just\/la-concertation\/","og_locale":"fr_FR","og_type":"article","og_title":"La concertation - Projet \u00e9olien du Plessier-sur-saint-just","og_description":"La d\u00e9marche de concertation \u00a0 Le projet \u00e9olien du Bois Laurent a \u00e9t\u00e9 con\u00e7u d\u00e8s le d\u00e9part avec une volont\u00e9 claire : int\u00e9grer pleinement les acteurs locaux dans son d\u00e9veloppement. Enertrag France est convaincu que la r\u00e9ussite d&rsquo;un tel projet repose sur l\u2019\u00e9coute et la prise en compte des attentes des habitants, des \u00e9lus, et [&hellip;]","og_url":"https:\/\/www.enertrag.fr\/plessier-sur-saint-just\/la-concertation\/","og_site_name":"Projet \u00e9olien du Plessier-sur-saint-just","article_modified_time":"2024-09-03T14:44:19+00:00","og_image":[{"url":"https:\/\/www.enertrag.fr\/plessier-sur-saint-just\/wp-content\/uploads\/sites\/45\/2024\/08\/Image-visages-floutes-1024x768.jpg","type":"","width":"","height":""}],"twitter_card":"summary_large_image","twitter_misc":{"Dur\u00e9e de lecture estim\u00e9e":"3 minutes"},"schema":{"@context":"https:\/\/schema.org","@graph":[{"@type":"WebPage","@id":"https:\/\/www.enertrag.fr\/plessier-sur-saint-just\/la-concertation\/","url":"https:\/\/www.enertrag.fr\/plessier-sur-saint-just\/la-concertation\/","name":"La concertation - Projet \u00e9olien du Plessier-sur-saint-just","isPartOf":{"@id":"https:\/\/www.enertrag.fr\/plessier-sur-saint-just\/#website"},"primaryImageOfPage":{"@id":"https:\/\/www.enertrag.fr\/plessier-sur-saint-just\/la-concertation\/#primaryimage"},"image":{"@id":"https:\/\/www.enertrag.fr\/plessier-sur-saint-just\/la-concertation\/#primaryimage"},"thumbnailUrl":"https:\/\/www.enertrag.fr\/plessier-sur-saint-just\/wp-content\/uploads\/sites\/45\/2024\/08\/Image-visages-floutes-1024x768.jpg","datePublished":"2023-01-12T15:19:59+00:00","dateModified":"2024-09-03T14:44:19+00:00","breadcrumb":{"@id":"https:\/\/www.enertrag.fr\/plessier-sur-saint-just\/la-concertation\/#breadcrumb"},"inLanguage":"fr-FR","potentialAction":[{"@type":"ReadAction","target":["https:\/\/www.enertrag.fr\/plessier-sur-saint-just\/la-concertation\/"]}]},{"@type":"ImageObject","inLanguage":"fr-FR","@id":"https:\/\/www.enertrag.fr\/plessier-sur-saint-just\/la-concertation\/#primaryimage","url":"https:\/\/www.enertrag.fr\/plessier-sur-saint-just\/wp-content\/uploads\/sites\/45\/2024\/08\/Image-visages-floutes.jpg","contentUrl":"https:\/\/www.enertrag.fr\/plessier-sur-saint-just\/wp-content\/uploads\/sites\/45\/2024\/08\/Image-visages-floutes.jpg","width":2016,"height":1512},{"@type":"BreadcrumbList","@id":"https:\/\/www.enertrag.fr\/plessier-sur-saint-just\/la-concertation\/#breadcrumb","itemListElement":[{"@type":"ListItem","position":1,"name":"Accueil","item":"https:\/\/www.enertrag.fr\/plessier-sur-saint-just\/"},{"@type":"ListItem","position":2,"name":"La concertation"}]},{"@type":"WebSite","@id":"https:\/\/www.enertrag.fr\/plessier-sur-saint-just\/#website","url":"https:\/\/www.enertrag.fr\/plessier-sur-saint-just\/","name":"Projet \u00e9olien du Plessier-sur-saint-just","description":"","publisher":{"@id":"https:\/\/www.enertrag.fr\/plessier-sur-saint-just\/#organization"},"potentialAction":[{"@type":"SearchAction","target":{"@type":"EntryPoint","urlTemplate":"https:\/\/www.enertrag.fr\/plessier-sur-saint-just\/?s={search_term_string}"},"query-input":{"@type":"PropertyValueSpecification","valueRequired":true,"valueName":"search_term_string"}}],"inLanguage":"fr-FR"},{"@type":"Organization","@id":"https:\/\/www.enertrag.fr\/plessier-sur-saint-just\/#organization","name":"Projet \u00e9olien du Plessier-sur-saint-just","url":"https:\/\/www.enertrag.fr\/plessier-sur-saint-just\/","logo":{"@type":"ImageObject","inLanguage":"fr-FR","@id":"https:\/\/www.enertrag.fr\/plessier-sur-saint-just\/#\/schema\/logo\/image\/","url":"https:\/\/www.enertrag.fr\/plessier-sur-saint-just\/wp-content\/uploads\/sites\/45\/2024\/06\/logo_enertrag_blanc@4x.png","contentUrl":"https:\/\/www.enertrag.fr\/plessier-sur-saint-just\/wp-content\/uploads\/sites\/45\/2024\/06\/logo_enertrag_blanc@4x.png","width":3065,"height":801,"caption":"Projet \u00e9olien du Plessier-sur-saint-just"},"image":{"@id":"https:\/\/www.enertrag.fr\/plessier-sur-saint-just\/#\/schema\/logo\/image\/"}}]}},"_links":{"self":[{"href":"https:\/\/www.enertrag.fr\/plessier-sur-saint-just\/wp-json\/wp\/v2\/pages\/64","targetHints":{"allow":["GET"]}}],"collection":[{"href":"https:\/\/www.enertrag.fr\/plessier-sur-saint-just\/wp-json\/wp\/v2\/pages"}],"about":[{"href":"https:\/\/www.enertrag.fr\/plessier-sur-saint-just\/wp-json\/wp\/v2\/types\/page"}],"author":[{"embeddable":true,"href":"https:\/\/www.enertrag.fr\/plessier-sur-saint-just\/wp-json\/wp\/v2\/users\/1"}],"replies":[{"embeddable":true,"href":"https:\/\/www.enertrag.fr\/plessier-sur-saint-just\/wp-json\/wp\/v2\/comments?post=64"}],"version-history":[{"count":0,"href":"https:\/\/www.enertrag.fr\/plessier-sur-saint-just\/wp-json\/wp\/v2\/pages\/64\/revisions"}],"wp:attachment":[{"href":"https:\/\/www.enertrag.fr\/plessier-sur-saint-just\/wp-json\/wp\/v2\/media?parent=64"}],"curies":[{"name":"wp","href":"https:\/\/api.w.org\/{rel}","templated":true}]}}