{"id":62,"date":"2023-01-12T16:19:42","date_gmt":"2023-01-12T15:19:42","guid":{"rendered":"http:\/\/dev.parcs-eoliens-enertrag.fr\/matrice\/?page_id=62"},"modified":"2025-11-24T16:07:44","modified_gmt":"2025-11-24T15:07:44","slug":"le-projet","status":"publish","type":"page","link":"https:\/\/www.enertrag.fr\/plessier-sur-saint-just\/le-projet\/","title":{"rendered":"Le projet"},"content":{"rendered":"\t\t<div data-elementor-type=\"wp-page\" data-elementor-id=\"62\" class=\"elementor elementor-62\" data-elementor-settings=\"{&quot;ha_cmc_init_switcher&quot;:&quot;no&quot;}\" data-elementor-post-type=\"page\">\n\t\t\t\t\t\t<section class=\"elementor-section elementor-top-section elementor-element elementor-element-72e4624 elementor-section-full_width elementor-section-height-min-height elementor-section-height-default elementor-section-items-middle\" data-id=\"72e4624\" data-element_type=\"section\" data-e-type=\"section\" data-settings=\"{&quot;background_background&quot;:&quot;classic&quot;,&quot;_ha_eqh_enable&quot;:false}\">\n\t\t\t\t\t\t<div class=\"elementor-container elementor-column-gap-default\">\n\t\t\t\t\t<div class=\"elementor-column elementor-col-100 elementor-top-column elementor-element elementor-element-143397b\" data-id=\"143397b\" data-element_type=\"column\" data-e-type=\"column\">\n\t\t\t<div class=\"elementor-widget-wrap\">\n\t\t\t\t\t\t\t<\/div>\n\t\t<\/div>\n\t\t\t\t\t<\/div>\n\t\t<\/section>\n\t\t<div class=\"elementor-element elementor-element-262b484 e-con-full e-flex e-con e-parent\" data-id=\"262b484\" data-element_type=\"container\" data-e-type=\"container\" data-settings=\"{&quot;background_background&quot;:&quot;classic&quot;,&quot;_ha_eqh_enable&quot;:false}\">\n\t\t<div class=\"elementor-element elementor-element-d93cafb e-flex e-con-boxed e-con e-child\" data-id=\"d93cafb\" data-element_type=\"container\" data-e-type=\"container\" data-settings=\"{&quot;_ha_eqh_enable&quot;:false}\">\n\t\t\t\t\t<div class=\"e-con-inner\">\n\t\t\t\t<div class=\"elementor-element elementor-element-88556c3 elementor-widget elementor-widget-heading\" data-id=\"88556c3\" data-element_type=\"widget\" data-e-type=\"widget\" data-widget_type=\"heading.default\">\n\t\t\t\t<div class=\"elementor-widget-container\">\n\t\t\t\t\t<h1 class=\"elementor-heading-title elementor-size-default\">Le projet \u00e9olien du Bois Laurent <\/h1>\t\t\t\t<\/div>\n\t\t\t\t<\/div>\n\t\t\t\t<div class=\"elementor-element elementor-element-5635b1c elementor-widget elementor-widget-text-editor\" data-id=\"5635b1c\" data-element_type=\"widget\" data-e-type=\"widget\" data-widget_type=\"text-editor.default\">\n\t\t\t\t<div class=\"elementor-widget-container\">\n\t\t\t\t\t\t\t\t\t<p>Le projet \u00e9olien du Bois Laurent, port\u00e9 par Enertrag France, est un projet ambitieux situ\u00e9 sur la commune du Plessier-sur-Saint-Just, dans l\u2019Oise.<\/p><p>Depuis 2021, ce projet, d\u00e9velopp\u00e9 en concertation avec les \u00e9lus et les habitants, vise \u00e0 installer 4 \u00e9oliennes, chacune mesurant jusqu\u2019\u00e0 180 m\u00e8tres de hauteur. Le parc aura une puissance maximale de 18 MW. En plus de ses b\u00e9n\u00e9fices \u00e9nerg\u00e9tiques, le projet s&rsquo;inscrit dans une d\u00e9marche de d\u00e9veloppement durable, de dynamisme \u00e9conomique local, et de concertation active pour r\u00e9pondre aux attentes des habitants et respecter l\u2019environnement local.\u00a0\u00a0<\/p>\t\t\t\t\t\t\t\t<\/div>\n\t\t\t\t<\/div>\n\t\t\t\t\t<\/div>\n\t\t\t\t<\/div>\n\t\t\t\t<\/div>\n\t\t<div class=\"elementor-element elementor-element-385f74b e-flex e-con-boxed e-con e-parent\" data-id=\"385f74b\" data-element_type=\"container\" data-e-type=\"container\" data-settings=\"{&quot;_ha_eqh_enable&quot;:false}\">\n\t\t\t\t\t<div class=\"e-con-inner\">\n\t\t\t\t<div class=\"elementor-element elementor-element-f422818 elementor-widget elementor-widget-heading\" data-id=\"f422818\" data-element_type=\"widget\" data-e-type=\"widget\" data-widget_type=\"heading.default\">\n\t\t\t\t<div class=\"elementor-widget-container\">\n\t\t\t\t\t<h1 class=\"elementor-heading-title elementor-size-default\"><h2 data-elementor-setting-key=\"title\" data-pen-placeholder=\"\u00c9crivez ici...\" style=\"font-family: Poppins, sans-serif;font-weight: 500;font-size: 48px\">La zone d'\u00e9tude du projet <\/h2><\/h1>\t\t\t\t<\/div>\n\t\t\t\t<\/div>\n\t\t\t\t<div class=\"elementor-element elementor-element-f2d4aa3 elementor-widget elementor-widget-image\" data-id=\"f2d4aa3\" data-element_type=\"widget\" data-e-type=\"widget\" data-widget_type=\"image.default\">\n\t\t\t\t<div class=\"elementor-widget-container\">\n\t\t\t\t\t\t\t\t\t\t\t\t\t\t\t<img fetchpriority=\"high\" decoding=\"async\" width=\"722\" height=\"1024\" src=\"https:\/\/www.enertrag.fr\/plessier-sur-saint-just\/wp-content\/uploads\/sites\/45\/2025\/11\/carte-Plessiet-722x1024.png\" class=\"attachment-large size-large wp-image-1654\" alt=\"\" srcset=\"https:\/\/www.enertrag.fr\/plessier-sur-saint-just\/wp-content\/uploads\/sites\/45\/2025\/11\/carte-Plessiet-722x1024.png 722w, https:\/\/www.enertrag.fr\/plessier-sur-saint-just\/wp-content\/uploads\/sites\/45\/2025\/11\/carte-Plessiet-212x300.png 212w, https:\/\/www.enertrag.fr\/plessier-sur-saint-just\/wp-content\/uploads\/sites\/45\/2025\/11\/carte-Plessiet-768x1089.png 768w, https:\/\/www.enertrag.fr\/plessier-sur-saint-just\/wp-content\/uploads\/sites\/45\/2025\/11\/carte-Plessiet.png 871w\" sizes=\"(max-width: 722px) 100vw, 722px\" \/>\t\t\t\t\t\t\t\t\t\t\t\t\t\t\t<\/div>\n\t\t\t\t<\/div>\n\t\t\t\t\t<\/div>\n\t\t\t\t<\/div>\n\t\t<div class=\"elementor-element elementor-element-d3810d1 e-flex e-con-boxed e-con e-parent\" data-id=\"d3810d1\" data-element_type=\"container\" data-e-type=\"container\" data-settings=\"{&quot;background_background&quot;:&quot;classic&quot;,&quot;_ha_eqh_enable&quot;:false}\">\n\t\t\t\t\t<div class=\"e-con-inner\">\n\t\t<div class=\"elementor-element elementor-element-5216542 e-con-full e-flex e-con e-child\" data-id=\"5216542\" data-element_type=\"container\" data-e-type=\"container\" data-settings=\"{&quot;_ha_eqh_enable&quot;:false}\">\n\t\t\t\t<div class=\"elementor-element elementor-element-5da429d elementor-widget elementor-widget-heading\" data-id=\"5da429d\" data-element_type=\"widget\" data-e-type=\"widget\" data-widget_type=\"heading.default\">\n\t\t\t\t<div class=\"elementor-widget-container\">\n\t\t\t\t\t<h2 class=\"elementor-heading-title elementor-size-default\">Les chiffres-cl\u00e9s<\/h2>\t\t\t\t<\/div>\n\t\t\t\t<\/div>\n\t\t\t\t<\/div>\n\t\t\t\t\t<\/div>\n\t\t\t\t<\/div>\n\t\t<div class=\"elementor-element elementor-element-3e6b21d e-flex e-con-boxed e-con e-parent\" data-id=\"3e6b21d\" data-element_type=\"container\" data-e-type=\"container\" data-settings=\"{&quot;background_background&quot;:&quot;classic&quot;,&quot;_ha_eqh_enable&quot;:false}\">\n\t\t\t\t\t<div class=\"e-con-inner\">\n\t\t<div class=\"elementor-element elementor-element-bfbfbf8 e-con-full e-flex e-con e-child\" data-id=\"bfbfbf8\" data-element_type=\"container\" data-e-type=\"container\" data-settings=\"{&quot;_ha_eqh_enable&quot;:false}\">\n\t\t\t\t<div class=\"elementor-element elementor-element-e0a3271 elementor-widget-mobile__width-initial elementor-widget elementor-widget-counter\" data-id=\"e0a3271\" data-element_type=\"widget\" data-e-type=\"widget\" data-widget_type=\"counter.default\">\n\t\t\t\t<div class=\"elementor-widget-container\">\n\t\t\t\t\t\t\t<div class=\"elementor-counter\">\n\t\t\t\t\t\t<div class=\"elementor-counter-number-wrapper\">\n\t\t\t\t<span class=\"elementor-counter-number-prefix\"><\/span>\n\t\t\t\t<span class=\"elementor-counter-number\" data-duration=\"2000\" data-to-value=\"4\" data-from-value=\"0\">0<\/span>\n\t\t\t\t<span class=\"elementor-counter-number-suffix\"> \u00e9oliennes<\/span>\n\t\t\t<\/div>\n\t\t<\/div>\n\t\t\t\t\t\t<\/div>\n\t\t\t\t<\/div>\n\t\t\t\t<\/div>\n\t\t<div class=\"elementor-element elementor-element-595e736 e-con-full e-flex e-con e-child\" data-id=\"595e736\" data-element_type=\"container\" data-e-type=\"container\" data-settings=\"{&quot;_ha_eqh_enable&quot;:false}\">\n\t\t\t\t<div class=\"elementor-element elementor-element-61b621f elementor-widget-mobile__width-initial elementor-widget elementor-widget-counter\" data-id=\"61b621f\" data-element_type=\"widget\" data-e-type=\"widget\" data-widget_type=\"counter.default\">\n\t\t\t\t<div class=\"elementor-widget-container\">\n\t\t\t\t\t\t\t<div class=\"elementor-counter\">\n\t\t\t<div class=\"elementor-counter-title\">de hauteur en bout de pale<\/div>\t\t\t<div class=\"elementor-counter-number-wrapper\">\n\t\t\t\t<span class=\"elementor-counter-number-prefix\"><\/span>\n\t\t\t\t<span class=\"elementor-counter-number\" data-duration=\"2000\" data-to-value=\"180\" data-from-value=\"0\">0<\/span>\n\t\t\t\t<span class=\"elementor-counter-number-suffix\"> m<\/span>\n\t\t\t<\/div>\n\t\t<\/div>\n\t\t\t\t\t\t<\/div>\n\t\t\t\t<\/div>\n\t\t\t\t<\/div>\n\t\t<div class=\"elementor-element elementor-element-cf3b90e e-con-full e-flex e-con e-child\" data-id=\"cf3b90e\" data-element_type=\"container\" data-e-type=\"container\" data-settings=\"{&quot;_ha_eqh_enable&quot;:false}\">\n\t\t\t\t<div class=\"elementor-element elementor-element-ca216b0 elementor-widget-mobile__width-initial elementor-widget elementor-widget-counter\" data-id=\"ca216b0\" data-element_type=\"widget\" data-e-type=\"widget\" data-widget_type=\"counter.default\">\n\t\t\t\t<div class=\"elementor-widget-container\">\n\t\t\t\t\t\t\t<div class=\"elementor-counter\">\n\t\t\t<div class=\"elementor-counter-title\">de puissance unitaire <\/div>\t\t\t<div class=\"elementor-counter-number-wrapper\">\n\t\t\t\t<span class=\"elementor-counter-number-prefix\"><\/span>\n\t\t\t\t<span class=\"elementor-counter-number\" data-duration=\"2000\" data-to-value=\"4.2\" data-from-value=\"0\">0<\/span>\n\t\t\t\t<span class=\"elementor-counter-number-suffix\"> MW<\/span>\n\t\t\t<\/div>\n\t\t<\/div>\n\t\t\t\t\t\t<\/div>\n\t\t\t\t<\/div>\n\t\t\t\t<\/div>\n\t\t<div class=\"elementor-element elementor-element-e050003 e-con-full e-flex e-con e-child\" data-id=\"e050003\" data-element_type=\"container\" data-e-type=\"container\" data-settings=\"{&quot;_ha_eqh_enable&quot;:false}\">\n\t\t\t\t<div class=\"elementor-element elementor-element-b9fabed elementor-widget-mobile__width-initial elementor-widget elementor-widget-counter\" data-id=\"b9fabed\" data-element_type=\"widget\" data-e-type=\"widget\" data-widget_type=\"counter.default\">\n\t\t\t\t<div class=\"elementor-widget-container\">\n\t\t\t\t\t\t\t<div class=\"elementor-counter\">\n\t\t\t<div class=\"elementor-counter-title\">de distance aux habitations <\/div>\t\t\t<div class=\"elementor-counter-number-wrapper\">\n\t\t\t\t<span class=\"elementor-counter-number-prefix\">+<\/span>\n\t\t\t\t<span class=\"elementor-counter-number\" data-duration=\"2000\" data-to-value=\"1000\" data-from-value=\"0\">0<\/span>\n\t\t\t\t<span class=\"elementor-counter-number-suffix\">m<\/span>\n\t\t\t<\/div>\n\t\t<\/div>\n\t\t\t\t\t\t<\/div>\n\t\t\t\t<\/div>\n\t\t\t\t<\/div>\n\t\t\t\t\t<\/div>\n\t\t\t\t<\/div>\n\t\t<div class=\"elementor-element elementor-element-fd5d8ff e-flex e-con-boxed e-con e-parent\" data-id=\"fd5d8ff\" data-element_type=\"container\" data-e-type=\"container\" data-settings=\"{&quot;background_background&quot;:&quot;classic&quot;,&quot;_ha_eqh_enable&quot;:false}\">\n\t\t\t\t\t<div class=\"e-con-inner\">\n\t\t<div class=\"elementor-element elementor-element-b334b8f e-con-full e-flex e-con e-child\" data-id=\"b334b8f\" data-element_type=\"container\" data-e-type=\"container\" data-settings=\"{&quot;_ha_eqh_enable&quot;:false}\">\n\t\t\t\t<div class=\"elementor-element elementor-element-a387d3d elementor-widget-mobile__width-initial elementor-widget elementor-widget-counter\" data-id=\"a387d3d\" data-element_type=\"widget\" data-e-type=\"widget\" data-widget_type=\"counter.default\">\n\t\t\t\t<div class=\"elementor-widget-container\">\n\t\t\t\t\t\t\t<div class=\"elementor-counter\">\n\t\t\t<div class=\"elementor-counter-title\">de retomb\u00e9es fiscales par an <\/div>\t\t\t<div class=\"elementor-counter-number-wrapper\">\n\t\t\t\t<span class=\"elementor-counter-number-prefix\">&gt;<\/span>\n\t\t\t\t<span class=\"elementor-counter-number\" data-duration=\"2000\" data-to-value=\"190\" data-from-value=\"0\">0<\/span>\n\t\t\t\t<span class=\"elementor-counter-number-suffix\">k\u20ac <\/span>\n\t\t\t<\/div>\n\t\t<\/div>\n\t\t\t\t\t\t<\/div>\n\t\t\t\t<\/div>\n\t\t\t\t<\/div>\n\t\t\t\t\t<\/div>\n\t\t\t\t<\/div>\n\t\t<div class=\"elementor-element elementor-element-e1808b4 e-flex e-con-boxed e-con e-parent\" data-id=\"e1808b4\" data-element_type=\"container\" data-e-type=\"container\" data-settings=\"{&quot;background_background&quot;:&quot;classic&quot;,&quot;_ha_eqh_enable&quot;:false}\">\n\t\t\t\t\t<div class=\"e-con-inner\">\n\t\t<div class=\"elementor-element elementor-element-1c51738 e-con-full e-flex e-con e-child\" data-id=\"1c51738\" data-element_type=\"container\" data-e-type=\"container\" data-settings=\"{&quot;_ha_eqh_enable&quot;:false}\">\n\t\t\t\t<div class=\"elementor-element elementor-element-18a78e4 elementor-widget elementor-widget-heading\" data-id=\"18a78e4\" data-element_type=\"widget\" data-e-type=\"widget\" data-widget_type=\"heading.default\">\n\t\t\t\t<div class=\"elementor-widget-container\">\n\t\t\t\t\t<h2 class=\"elementor-heading-title elementor-size-default\">Calendrier pr\u00e9visionnel<\/h2>\t\t\t\t<\/div>\n\t\t\t\t<\/div>\n\t\t\t\t<\/div>\n\t\t\t\t\t<\/div>\n\t\t\t\t<\/div>\n\t\t\t\t<section class=\"elementor-section elementor-top-section elementor-element elementor-element-f7e752c elementor-section-boxed elementor-section-height-default elementor-section-height-default\" data-id=\"f7e752c\" data-element_type=\"section\" data-e-type=\"section\" data-settings=\"{&quot;_ha_eqh_enable&quot;:false}\">\n\t\t\t\t\t\t<div class=\"elementor-container elementor-column-gap-default\">\n\t\t\t\t\t<div class=\"elementor-column elementor-col-100 elementor-top-column elementor-element elementor-element-1ae68e3\" data-id=\"1ae68e3\" data-element_type=\"column\" data-e-type=\"column\">\n\t\t\t<div class=\"elementor-widget-wrap elementor-element-populated\">\n\t\t\t\t\t\t<div class=\"elementor-element elementor-element-f31f9df elementor-widget elementor-widget-image\" data-id=\"f31f9df\" data-element_type=\"widget\" data-e-type=\"widget\" data-widget_type=\"image.default\">\n\t\t\t\t<div class=\"elementor-widget-container\">\n\t\t\t\t\t\t\t\t\t\t\t\t\t\t\t<img decoding=\"async\" width=\"2013\" height=\"732\" src=\"https:\/\/www.enertrag.fr\/plessier-sur-saint-just\/wp-content\/uploads\/sites\/45\/2024\/09\/cal-.png\" class=\"attachment-full size-full wp-image-1445\" alt=\"\" srcset=\"https:\/\/www.enertrag.fr\/plessier-sur-saint-just\/wp-content\/uploads\/sites\/45\/2024\/09\/cal-.png 2013w, https:\/\/www.enertrag.fr\/plessier-sur-saint-just\/wp-content\/uploads\/sites\/45\/2024\/09\/cal--300x109.png 300w, https:\/\/www.enertrag.fr\/plessier-sur-saint-just\/wp-content\/uploads\/sites\/45\/2024\/09\/cal--1024x372.png 1024w, https:\/\/www.enertrag.fr\/plessier-sur-saint-just\/wp-content\/uploads\/sites\/45\/2024\/09\/cal--768x279.png 768w, https:\/\/www.enertrag.fr\/plessier-sur-saint-just\/wp-content\/uploads\/sites\/45\/2024\/09\/cal--1536x559.png 1536w\" sizes=\"(max-width: 2013px) 100vw, 2013px\" \/>\t\t\t\t\t\t\t\t\t\t\t\t\t\t\t<\/div>\n\t\t\t\t<\/div>\n\t\t\t\t\t<\/div>\n\t\t<\/div>\n\t\t\t\t\t<\/div>\n\t\t<\/section>\n\t\t<div class=\"elementor-element elementor-element-0c6e438 e-flex e-con-boxed e-con e-parent\" data-id=\"0c6e438\" data-element_type=\"container\" data-e-type=\"container\" data-settings=\"{&quot;_ha_eqh_enable&quot;:false}\">\n\t\t\t\t\t<div class=\"e-con-inner\">\n\t\t\t\t\t<\/div>\n\t\t\t\t<\/div>\n\t\t\t\t<\/div>\n\t\t","protected":false},"excerpt":{"rendered":"<p>Le projet \u00e9olien du Bois Laurent Le projet \u00e9olien du Bois Laurent, port\u00e9 par Enertrag France, est un projet ambitieux situ\u00e9 sur la commune du Plessier-sur-Saint-Just, dans l\u2019Oise. Depuis 2021, ce projet, d\u00e9velopp\u00e9 en concertation avec les \u00e9lus et les habitants, vise \u00e0 installer 4 \u00e9oliennes, chacune mesurant jusqu\u2019\u00e0 180 m\u00e8tres de hauteur. Le parc [&hellip;]<\/p>\n","protected":false},"author":1,"featured_media":0,"parent":0,"menu_order":0,"comment_status":"closed","ping_status":"closed","template":"","meta":{"_acf_changed":false,"footnotes":""},"class_list":["post-62","page","type-page","status-publish","hentry"],"acf":[],"yoast_head":"<!-- This site is optimized with the Yoast SEO plugin v27.5 - https:\/\/yoast.com\/product\/yoast-seo-wordpress\/ -->\n<title>Le projet - Projet \u00e9olien du Plessier-sur-saint-just<\/title>\n<meta name=\"robots\" content=\"index, follow, max-snippet:-1, max-image-preview:large, max-video-preview:-1\" \/>\n<link rel=\"canonical\" href=\"https:\/\/www.enertrag.fr\/plessier-sur-saint-just\/le-projet\/\" \/>\n<meta property=\"og:locale\" content=\"fr_FR\" \/>\n<meta property=\"og:type\" content=\"article\" \/>\n<meta property=\"og:title\" content=\"Le projet - Projet \u00e9olien du Plessier-sur-saint-just\" \/>\n<meta property=\"og:description\" content=\"Le projet \u00e9olien du Bois Laurent Le projet \u00e9olien du Bois Laurent, port\u00e9 par Enertrag France, est un projet ambitieux situ\u00e9 sur la commune du Plessier-sur-Saint-Just, dans l\u2019Oise. Depuis 2021, ce projet, d\u00e9velopp\u00e9 en concertation avec les \u00e9lus et les habitants, vise \u00e0 installer 4 \u00e9oliennes, chacune mesurant jusqu\u2019\u00e0 180 m\u00e8tres de hauteur. Le parc [&hellip;]\" \/>\n<meta property=\"og:url\" content=\"https:\/\/www.enertrag.fr\/plessier-sur-saint-just\/le-projet\/\" \/>\n<meta property=\"og:site_name\" content=\"Projet \u00e9olien du Plessier-sur-saint-just\" \/>\n<meta property=\"article:modified_time\" content=\"2025-11-24T15:07:44+00:00\" \/>\n<meta property=\"og:image\" content=\"https:\/\/www.enertrag.fr\/plessier-sur-saint-just\/wp-content\/uploads\/sites\/45\/2025\/11\/carte-Plessiet-722x1024.png\" \/>\n<meta name=\"twitter:card\" content=\"summary_large_image\" \/>\n<meta name=\"twitter:label1\" content=\"Dur\u00e9e de lecture estim\u00e9e\" \/>\n\t<meta name=\"twitter:data1\" content=\"1 minute\" \/>\n<script type=\"application\/ld+json\" class=\"yoast-schema-graph\">{\"@context\":\"https:\\\/\\\/schema.org\",\"@graph\":[{\"@type\":\"WebPage\",\"@id\":\"https:\\\/\\\/www.enertrag.fr\\\/plessier-sur-saint-just\\\/le-projet\\\/\",\"url\":\"https:\\\/\\\/www.enertrag.fr\\\/plessier-sur-saint-just\\\/le-projet\\\/\",\"name\":\"Le projet - Projet \u00e9olien du Plessier-sur-saint-just\",\"isPartOf\":{\"@id\":\"https:\\\/\\\/www.enertrag.fr\\\/plessier-sur-saint-just\\\/#website\"},\"primaryImageOfPage\":{\"@id\":\"https:\\\/\\\/www.enertrag.fr\\\/plessier-sur-saint-just\\\/le-projet\\\/#primaryimage\"},\"image\":{\"@id\":\"https:\\\/\\\/www.enertrag.fr\\\/plessier-sur-saint-just\\\/le-projet\\\/#primaryimage\"},\"thumbnailUrl\":\"https:\\\/\\\/www.enertrag.fr\\\/plessier-sur-saint-just\\\/wp-content\\\/uploads\\\/sites\\\/45\\\/2025\\\/11\\\/carte-Plessiet-722x1024.png\",\"datePublished\":\"2023-01-12T15:19:42+00:00\",\"dateModified\":\"2025-11-24T15:07:44+00:00\",\"breadcrumb\":{\"@id\":\"https:\\\/\\\/www.enertrag.fr\\\/plessier-sur-saint-just\\\/le-projet\\\/#breadcrumb\"},\"inLanguage\":\"fr-FR\",\"potentialAction\":[{\"@type\":\"ReadAction\",\"target\":[\"https:\\\/\\\/www.enertrag.fr\\\/plessier-sur-saint-just\\\/le-projet\\\/\"]}]},{\"@type\":\"ImageObject\",\"inLanguage\":\"fr-FR\",\"@id\":\"https:\\\/\\\/www.enertrag.fr\\\/plessier-sur-saint-just\\\/le-projet\\\/#primaryimage\",\"url\":\"https:\\\/\\\/www.enertrag.fr\\\/plessier-sur-saint-just\\\/wp-content\\\/uploads\\\/sites\\\/45\\\/2025\\\/11\\\/carte-Plessiet.png\",\"contentUrl\":\"https:\\\/\\\/www.enertrag.fr\\\/plessier-sur-saint-just\\\/wp-content\\\/uploads\\\/sites\\\/45\\\/2025\\\/11\\\/carte-Plessiet.png\",\"width\":871,\"height\":1235},{\"@type\":\"BreadcrumbList\",\"@id\":\"https:\\\/\\\/www.enertrag.fr\\\/plessier-sur-saint-just\\\/le-projet\\\/#breadcrumb\",\"itemListElement\":[{\"@type\":\"ListItem\",\"position\":1,\"name\":\"Accueil\",\"item\":\"https:\\\/\\\/www.enertrag.fr\\\/plessier-sur-saint-just\\\/\"},{\"@type\":\"ListItem\",\"position\":2,\"name\":\"Le projet\"}]},{\"@type\":\"WebSite\",\"@id\":\"https:\\\/\\\/www.enertrag.fr\\\/plessier-sur-saint-just\\\/#website\",\"url\":\"https:\\\/\\\/www.enertrag.fr\\\/plessier-sur-saint-just\\\/\",\"name\":\"Projet \u00e9olien du Plessier-sur-saint-just\",\"description\":\"\",\"publisher\":{\"@id\":\"https:\\\/\\\/www.enertrag.fr\\\/plessier-sur-saint-just\\\/#organization\"},\"potentialAction\":[{\"@type\":\"SearchAction\",\"target\":{\"@type\":\"EntryPoint\",\"urlTemplate\":\"https:\\\/\\\/www.enertrag.fr\\\/plessier-sur-saint-just\\\/?s={search_term_string}\"},\"query-input\":{\"@type\":\"PropertyValueSpecification\",\"valueRequired\":true,\"valueName\":\"search_term_string\"}}],\"inLanguage\":\"fr-FR\"},{\"@type\":\"Organization\",\"@id\":\"https:\\\/\\\/www.enertrag.fr\\\/plessier-sur-saint-just\\\/#organization\",\"name\":\"Projet \u00e9olien du Plessier-sur-saint-just\",\"url\":\"https:\\\/\\\/www.enertrag.fr\\\/plessier-sur-saint-just\\\/\",\"logo\":{\"@type\":\"ImageObject\",\"inLanguage\":\"fr-FR\",\"@id\":\"https:\\\/\\\/www.enertrag.fr\\\/plessier-sur-saint-just\\\/#\\\/schema\\\/logo\\\/image\\\/\",\"url\":\"https:\\\/\\\/www.enertrag.fr\\\/plessier-sur-saint-just\\\/wp-content\\\/uploads\\\/sites\\\/45\\\/2024\\\/06\\\/logo_enertrag_blanc@4x.png\",\"contentUrl\":\"https:\\\/\\\/www.enertrag.fr\\\/plessier-sur-saint-just\\\/wp-content\\\/uploads\\\/sites\\\/45\\\/2024\\\/06\\\/logo_enertrag_blanc@4x.png\",\"width\":3065,\"height\":801,\"caption\":\"Projet \u00e9olien du Plessier-sur-saint-just\"},\"image\":{\"@id\":\"https:\\\/\\\/www.enertrag.fr\\\/plessier-sur-saint-just\\\/#\\\/schema\\\/logo\\\/image\\\/\"}}]}<\/script>\n<!-- \/ Yoast SEO plugin. -->","yoast_head_json":{"title":"Le projet - Projet \u00e9olien du Plessier-sur-saint-just","robots":{"index":"index","follow":"follow","max-snippet":"max-snippet:-1","max-image-preview":"max-image-preview:large","max-video-preview":"max-video-preview:-1"},"canonical":"https:\/\/www.enertrag.fr\/plessier-sur-saint-just\/le-projet\/","og_locale":"fr_FR","og_type":"article","og_title":"Le projet - Projet \u00e9olien du Plessier-sur-saint-just","og_description":"Le projet \u00e9olien du Bois Laurent Le projet \u00e9olien du Bois Laurent, port\u00e9 par Enertrag France, est un projet ambitieux situ\u00e9 sur la commune du Plessier-sur-Saint-Just, dans l\u2019Oise. Depuis 2021, ce projet, d\u00e9velopp\u00e9 en concertation avec les \u00e9lus et les habitants, vise \u00e0 installer 4 \u00e9oliennes, chacune mesurant jusqu\u2019\u00e0 180 m\u00e8tres de hauteur. Le parc [&hellip;]","og_url":"https:\/\/www.enertrag.fr\/plessier-sur-saint-just\/le-projet\/","og_site_name":"Projet \u00e9olien du Plessier-sur-saint-just","article_modified_time":"2025-11-24T15:07:44+00:00","og_image":[{"url":"https:\/\/www.enertrag.fr\/plessier-sur-saint-just\/wp-content\/uploads\/sites\/45\/2025\/11\/carte-Plessiet-722x1024.png","type":"","width":"","height":""}],"twitter_card":"summary_large_image","twitter_misc":{"Dur\u00e9e de lecture estim\u00e9e":"1 minute"},"schema":{"@context":"https:\/\/schema.org","@graph":[{"@type":"WebPage","@id":"https:\/\/www.enertrag.fr\/plessier-sur-saint-just\/le-projet\/","url":"https:\/\/www.enertrag.fr\/plessier-sur-saint-just\/le-projet\/","name":"Le projet - Projet \u00e9olien du Plessier-sur-saint-just","isPartOf":{"@id":"https:\/\/www.enertrag.fr\/plessier-sur-saint-just\/#website"},"primaryImageOfPage":{"@id":"https:\/\/www.enertrag.fr\/plessier-sur-saint-just\/le-projet\/#primaryimage"},"image":{"@id":"https:\/\/www.enertrag.fr\/plessier-sur-saint-just\/le-projet\/#primaryimage"},"thumbnailUrl":"https:\/\/www.enertrag.fr\/plessier-sur-saint-just\/wp-content\/uploads\/sites\/45\/2025\/11\/carte-Plessiet-722x1024.png","datePublished":"2023-01-12T15:19:42+00:00","dateModified":"2025-11-24T15:07:44+00:00","breadcrumb":{"@id":"https:\/\/www.enertrag.fr\/plessier-sur-saint-just\/le-projet\/#breadcrumb"},"inLanguage":"fr-FR","potentialAction":[{"@type":"ReadAction","target":["https:\/\/www.enertrag.fr\/plessier-sur-saint-just\/le-projet\/"]}]},{"@type":"ImageObject","inLanguage":"fr-FR","@id":"https:\/\/www.enertrag.fr\/plessier-sur-saint-just\/le-projet\/#primaryimage","url":"https:\/\/www.enertrag.fr\/plessier-sur-saint-just\/wp-content\/uploads\/sites\/45\/2025\/11\/carte-Plessiet.png","contentUrl":"https:\/\/www.enertrag.fr\/plessier-sur-saint-just\/wp-content\/uploads\/sites\/45\/2025\/11\/carte-Plessiet.png","width":871,"height":1235},{"@type":"BreadcrumbList","@id":"https:\/\/www.enertrag.fr\/plessier-sur-saint-just\/le-projet\/#breadcrumb","itemListElement":[{"@type":"ListItem","position":1,"name":"Accueil","item":"https:\/\/www.enertrag.fr\/plessier-sur-saint-just\/"},{"@type":"ListItem","position":2,"name":"Le projet"}]},{"@type":"WebSite","@id":"https:\/\/www.enertrag.fr\/plessier-sur-saint-just\/#website","url":"https:\/\/www.enertrag.fr\/plessier-sur-saint-just\/","name":"Projet \u00e9olien du Plessier-sur-saint-just","description":"","publisher":{"@id":"https:\/\/www.enertrag.fr\/plessier-sur-saint-just\/#organization"},"potentialAction":[{"@type":"SearchAction","target":{"@type":"EntryPoint","urlTemplate":"https:\/\/www.enertrag.fr\/plessier-sur-saint-just\/?s={search_term_string}"},"query-input":{"@type":"PropertyValueSpecification","valueRequired":true,"valueName":"search_term_string"}}],"inLanguage":"fr-FR"},{"@type":"Organization","@id":"https:\/\/www.enertrag.fr\/plessier-sur-saint-just\/#organization","name":"Projet \u00e9olien du Plessier-sur-saint-just","url":"https:\/\/www.enertrag.fr\/plessier-sur-saint-just\/","logo":{"@type":"ImageObject","inLanguage":"fr-FR","@id":"https:\/\/www.enertrag.fr\/plessier-sur-saint-just\/#\/schema\/logo\/image\/","url":"https:\/\/www.enertrag.fr\/plessier-sur-saint-just\/wp-content\/uploads\/sites\/45\/2024\/06\/logo_enertrag_blanc@4x.png","contentUrl":"https:\/\/www.enertrag.fr\/plessier-sur-saint-just\/wp-content\/uploads\/sites\/45\/2024\/06\/logo_enertrag_blanc@4x.png","width":3065,"height":801,"caption":"Projet \u00e9olien du Plessier-sur-saint-just"},"image":{"@id":"https:\/\/www.enertrag.fr\/plessier-sur-saint-just\/#\/schema\/logo\/image\/"}}]}},"_links":{"self":[{"href":"https:\/\/www.enertrag.fr\/plessier-sur-saint-just\/wp-json\/wp\/v2\/pages\/62","targetHints":{"allow":["GET"]}}],"collection":[{"href":"https:\/\/www.enertrag.fr\/plessier-sur-saint-just\/wp-json\/wp\/v2\/pages"}],"about":[{"href":"https:\/\/www.enertrag.fr\/plessier-sur-saint-just\/wp-json\/wp\/v2\/types\/page"}],"author":[{"embeddable":true,"href":"https:\/\/www.enertrag.fr\/plessier-sur-saint-just\/wp-json\/wp\/v2\/users\/1"}],"replies":[{"embeddable":true,"href":"https:\/\/www.enertrag.fr\/plessier-sur-saint-just\/wp-json\/wp\/v2\/comments?post=62"}],"version-history":[{"count":0,"href":"https:\/\/www.enertrag.fr\/plessier-sur-saint-just\/wp-json\/wp\/v2\/pages\/62\/revisions"}],"wp:attachment":[{"href":"https:\/\/www.enertrag.fr\/plessier-sur-saint-just\/wp-json\/wp\/v2\/media?parent=62"}],"curies":[{"name":"wp","href":"https:\/\/api.w.org\/{rel}","templated":true}]}}