{"id":5,"date":"2023-01-10T12:26:09","date_gmt":"2023-01-10T11:26:09","guid":{"rendered":"http:\/\/dev.parcs-eoliens-enertrag.fr\/testy\/?page_id=5"},"modified":"2024-09-03T16:09:05","modified_gmt":"2024-09-03T14:09:05","slug":"attente","status":"publish","type":"page","link":"https:\/\/www.enertrag.fr\/plessier-sur-saint-just\/","title":{"rendered":"Accueil"},"content":{"rendered":"\t\t<div data-elementor-type=\"wp-page\" data-elementor-id=\"5\" class=\"elementor elementor-5\" data-elementor-settings=\"{&quot;ha_cmc_init_switcher&quot;:&quot;no&quot;}\" data-elementor-post-type=\"page\">\n\t\t\t\t\t\t<section class=\"elementor-section elementor-top-section elementor-element elementor-element-11af55b elementor-section-full_width elementor-section-height-full elementor-section-height-default elementor-section-items-middle\" data-id=\"11af55b\" data-element_type=\"section\" data-e-type=\"section\" data-settings=\"{&quot;background_background&quot;:&quot;classic&quot;,&quot;_ha_eqh_enable&quot;:false}\">\n\t\t\t\t\t\t<div class=\"elementor-container elementor-column-gap-default\">\n\t\t\t\t\t<div class=\"elementor-column elementor-col-100 elementor-top-column elementor-element elementor-element-fa42153\" data-id=\"fa42153\" data-element_type=\"column\" data-e-type=\"column\" data-settings=\"{&quot;animation&quot;:&quot;none&quot;}\">\n\t\t\t<div class=\"elementor-widget-wrap elementor-element-populated\">\n\t\t\t\t\t\t<div class=\"elementor-element elementor-element-2363a02 elementor-invisible elementor-widget elementor-widget-heading\" data-id=\"2363a02\" data-element_type=\"widget\" data-e-type=\"widget\" data-settings=\"{&quot;_animation&quot;:&quot;fadeInUp&quot;}\" data-widget_type=\"heading.default\">\n\t\t\t\t<div class=\"elementor-widget-container\">\n\t\t\t\t\t<h1 class=\"elementor-heading-title elementor-size-default\">Projet \u00e9olien du Bois Laurent<\/h1>\t\t\t\t<\/div>\n\t\t\t\t<\/div>\n\t\t\t\t<div class=\"elementor-element elementor-element-54d44c1 elementor-invisible elementor-widget elementor-widget-heading\" data-id=\"54d44c1\" data-element_type=\"widget\" data-e-type=\"widget\" data-settings=\"{&quot;_animation&quot;:&quot;fadeInUp&quot;}\" data-widget_type=\"heading.default\">\n\t\t\t\t<div class=\"elementor-widget-container\">\n\t\t\t\t\t<h2 class=\"elementor-heading-title elementor-size-default\">Sur la commune du Plessier-sur-Saint-Just<\/h2>\t\t\t\t<\/div>\n\t\t\t\t<\/div>\n\t\t\t\t\t<\/div>\n\t\t<\/div>\n\t\t\t\t\t<\/div>\n\t\t<\/section>\n\t\t\t\t<section class=\"elementor-section elementor-top-section elementor-element elementor-element-c97c833 elementor-section-boxed elementor-section-height-default elementor-section-height-default\" data-id=\"c97c833\" data-element_type=\"section\" data-e-type=\"section\" data-settings=\"{&quot;background_background&quot;:&quot;classic&quot;,&quot;_ha_eqh_enable&quot;:false}\">\n\t\t\t\t\t\t<div class=\"elementor-container elementor-column-gap-default\">\n\t\t\t\t\t<div class=\"elementor-column elementor-col-50 elementor-top-column elementor-element elementor-element-2a79239\" data-id=\"2a79239\" data-element_type=\"column\" data-e-type=\"column\">\n\t\t\t<div class=\"elementor-widget-wrap elementor-element-populated\">\n\t\t\t\t\t\t<div class=\"elementor-element elementor-element-fbf4f8d elementor-invisible elementor-widget elementor-widget-image\" data-id=\"fbf4f8d\" data-element_type=\"widget\" data-e-type=\"widget\" data-settings=\"{&quot;_animation&quot;:&quot;zoomIn&quot;}\" data-widget_type=\"image.default\">\n\t\t\t\t<div class=\"elementor-widget-container\">\n\t\t\t\t\t\t\t\t\t\t\t\t\t\t\t<img fetchpriority=\"high\" decoding=\"async\" width=\"768\" height=\"576\" src=\"https:\/\/www.enertrag.fr\/plessier-sur-saint-just\/wp-content\/uploads\/sites\/45\/2024\/09\/Image-visages-floutes-768x576.jpg\" class=\"attachment-medium_large size-medium_large wp-image-1375\" alt=\"\" srcset=\"https:\/\/www.enertrag.fr\/plessier-sur-saint-just\/wp-content\/uploads\/sites\/45\/2024\/09\/Image-visages-floutes-768x576.jpg 768w, https:\/\/www.enertrag.fr\/plessier-sur-saint-just\/wp-content\/uploads\/sites\/45\/2024\/09\/Image-visages-floutes-300x225.jpg 300w, https:\/\/www.enertrag.fr\/plessier-sur-saint-just\/wp-content\/uploads\/sites\/45\/2024\/09\/Image-visages-floutes-1024x768.jpg 1024w, https:\/\/www.enertrag.fr\/plessier-sur-saint-just\/wp-content\/uploads\/sites\/45\/2024\/09\/Image-visages-floutes-1536x1152.jpg 1536w, https:\/\/www.enertrag.fr\/plessier-sur-saint-just\/wp-content\/uploads\/sites\/45\/2024\/09\/Image-visages-floutes.jpg 2016w\" sizes=\"(max-width: 768px) 100vw, 768px\" \/>\t\t\t\t\t\t\t\t\t\t\t\t\t\t\t<\/div>\n\t\t\t\t<\/div>\n\t\t\t\t\t<\/div>\n\t\t<\/div>\n\t\t\t\t<div class=\"elementor-column elementor-col-50 elementor-top-column elementor-element elementor-element-3f0f230\" data-id=\"3f0f230\" data-element_type=\"column\" data-e-type=\"column\">\n\t\t\t<div class=\"elementor-widget-wrap elementor-element-populated\">\n\t\t\t\t\t\t<div class=\"elementor-element elementor-element-4d66b2a elementor-widget elementor-widget-text-editor\" data-id=\"4d66b2a\" data-element_type=\"widget\" data-e-type=\"widget\" data-widget_type=\"text-editor.default\">\n\t\t\t\t<div class=\"elementor-widget-container\">\n\t\t\t\t\t\t\t\t\t<p><\/p>\n<p style=\"background: #F5F3F1; margin: 15.0pt 0cm 15.0pt 0cm;\"><span style=\"font-family: 'Verdana',sans-serif; mso-bidi-font-family: Poppins; color: #00588e;\">D\u00e9couvrez le projet \u00e9olien du Bois Laurent, port\u00e9 par Enertrag France, sur la commune du Plessier-sur-Saint-Just dans l\u2019Oise. Lanc\u00e9 en 2021, ce projet, d\u00e9velopp\u00e9 en concertation avec les \u00e9lus et les habitants, contribue au dynamisme de la collectivit\u00e9 gr\u00e2ce \u00e0 ses<br>retomb\u00e9es \u00e9conomiques et \u00e9nerg\u00e9tiques. Avec l\u2019installation de 4 \u00e9oliennes, de 180m bout de pale, situ\u00e9es \u00e0 l\u2019est de la commune, \u00e0 plus de 1 000 m\u00e8tres des habitations.<\/span><\/p>\t\t\t\t\t\t\t\t<\/div>\n\t\t\t\t<\/div>\n\t\t\t\t<div class=\"elementor-element elementor-element-ad352ab elementor-align-right btn_blanc elementor-tablet-align-center elementor-widget elementor-widget-button\" data-id=\"ad352ab\" data-element_type=\"widget\" data-e-type=\"widget\" data-widget_type=\"button.default\">\n\t\t\t\t<div class=\"elementor-widget-container\">\n\t\t\t\t\t\t\t\t\t<div class=\"elementor-button-wrapper\">\n\t\t\t\t\t<a class=\"elementor-button elementor-button-link elementor-size-sm\" href=\"https:\/\/www.enertrag.fr\/plessier-sur-saint-just\/le-projet\/\">\n\t\t\t\t\t\t<span class=\"elementor-button-content-wrapper\">\n\t\t\t\t\t\t<span class=\"elementor-button-icon\">\n\t\t\t\t<i aria-hidden=\"true\" class=\"hm hm-arrow-right\"><\/i>\t\t\t<\/span>\n\t\t\t\t\t\t\t\t\t<span class=\"elementor-button-text\">D\u00e9couvrir le projet<\/span>\n\t\t\t\t\t<\/span>\n\t\t\t\t\t<\/a>\n\t\t\t\t<\/div>\n\t\t\t\t\t\t\t\t<\/div>\n\t\t\t\t<\/div>\n\t\t\t\t\t<\/div>\n\t\t<\/div>\n\t\t\t\t\t<\/div>\n\t\t<\/section>\n\t\t\t\t<section class=\"elementor-section elementor-top-section elementor-element elementor-element-b59649a elementor-section-boxed elementor-section-height-default elementor-section-height-default\" data-id=\"b59649a\" data-element_type=\"section\" data-e-type=\"section\" data-settings=\"{&quot;_ha_eqh_enable&quot;:false}\">\n\t\t\t\t\t\t<div class=\"elementor-container elementor-column-gap-default\">\n\t\t\t\t\t<div class=\"elementor-column elementor-col-100 elementor-top-column elementor-element elementor-element-b977103\" data-id=\"b977103\" data-element_type=\"column\" data-e-type=\"column\">\n\t\t\t<div class=\"elementor-widget-wrap elementor-element-populated\">\n\t\t\t\t\t\t<div class=\"elementor-element elementor-element-21a0449 elementor-widget elementor-widget-text-editor\" data-id=\"21a0449\" data-element_type=\"widget\" data-e-type=\"widget\" data-widget_type=\"text-editor.default\">\n\t\t\t\t<div class=\"elementor-widget-container\">\n\t\t\t\t\t\t\t\t\t<h2>Les derniers actualit\u00e9s du projet<\/h2>\t\t\t\t\t\t\t\t<\/div>\n\t\t\t\t<\/div>\n\t\t\t\t\t<\/div>\n\t\t<\/div>\n\t\t\t\t\t<\/div>\n\t\t<\/section>\n\t\t<div class=\"elementor-element elementor-element-00c9447 e-grid e-con-boxed e-con e-parent\" data-id=\"00c9447\" data-element_type=\"container\" data-e-type=\"container\" data-settings=\"{&quot;_ha_eqh_enable&quot;:false}\">\n\t\t\t\t\t<div class=\"e-con-inner\">\n\t\t\t\t<div class=\"elementor-element elementor-element-350b9f2 elementor-widget elementor-widget-image\" data-id=\"350b9f2\" data-element_type=\"widget\" data-e-type=\"widget\" data-widget_type=\"image.default\">\n\t\t\t\t<div class=\"elementor-widget-container\">\n\t\t\t\t\t\t\t\t\t\t\t\t\t\t\t<img decoding=\"async\" width=\"800\" height=\"599\" src=\"https:\/\/www.enertrag.fr\/plessier-sur-saint-just\/wp-content\/uploads\/sites\/45\/2024\/09\/forumm-1024x767.jpg\" class=\"attachment-large size-large wp-image-1514\" alt=\"\" srcset=\"https:\/\/www.enertrag.fr\/plessier-sur-saint-just\/wp-content\/uploads\/sites\/45\/2024\/09\/forumm-1024x767.jpg 1024w, https:\/\/www.enertrag.fr\/plessier-sur-saint-just\/wp-content\/uploads\/sites\/45\/2024\/09\/forumm-300x225.jpg 300w, https:\/\/www.enertrag.fr\/plessier-sur-saint-just\/wp-content\/uploads\/sites\/45\/2024\/09\/forumm-768x575.jpg 768w, https:\/\/www.enertrag.fr\/plessier-sur-saint-just\/wp-content\/uploads\/sites\/45\/2024\/09\/forumm.jpg 1387w\" sizes=\"(max-width: 800px) 100vw, 800px\" \/>\t\t\t\t\t\t\t\t\t\t\t\t\t\t\t<\/div>\n\t\t\t\t<\/div>\n\t\t\t\t<div class=\"elementor-element elementor-element-1f10934 elementor-widget elementor-widget-text-editor\" data-id=\"1f10934\" data-element_type=\"widget\" data-e-type=\"widget\" data-widget_type=\"text-editor.default\">\n\t\t\t\t<div class=\"elementor-widget-container\">\n\t\t\t\t\t\t\t\t\t<p style=\"mso-margin-top-alt: auto; mso-margin-bottom-alt: auto; mso-add-space: auto; text-indent: -18.0pt; mso-outline-level: 1; mso-list: l0 level1 lfo1; tab-stops: list 36.0pt;\"><span style=\"text-indent: -18pt; font-weight: var( --e-global-typography-primary-font-weight ); color: var( --e-global-color-primary ); text-align: var(--text-align); font-size: 16px; line-height: 115%; font-family: Symbol;\"><span style=\"font-variant-numeric: normal; font-variant-east-asian: normal; font-variant-alternates: normal; font-size-adjust: none; font-kerning: auto; font-optical-sizing: auto; font-feature-settings: normal; font-variation-settings: normal; font-variant-position: normal; font-weight: normal; font-stretch: normal; font-size: 7pt; line-height: normal; font-family: 'Times New Roman';\">\u00a0 \u00a0 \u00a0 \u00a0\u00a0<\/span><\/span><span style=\"text-indent: -18pt; font-weight: var( --e-global-typography-primary-font-weight ); color: var( --e-global-color-primary ); text-align: var(--text-align); font-size: 24pt; line-height: 115%; font-family: 'Times New Roman', serif;\">Forum d&rsquo;Informations &#8211; 26 septembre : Venez vous informer !<\/span><\/p><p style=\"mso-margin-top-alt: auto; mso-margin-bottom-alt: auto; mso-add-space: auto; text-indent: -18.0pt; mso-outline-level: 1; mso-list: l0 level1 lfo1; tab-stops: list 36.0pt;\">\u00a0<\/p><p>Dans le cadre du d\u00e9veloppement du projet, nous organisons un deuxi\u00e8me forum d\u2019information le jeudi 26 septembre 2024, de 19h \u00e0 21h \u00e0 la salle des f\u00eates du Plessier-sur-Saint-Just.<\/p><p>Les objectifs de ce forum d\u2019information est de :<\/p><ul><li>Vous pr\u00e9senter l&rsquo;implantation d\u00e9finitive des \u00e9oliennes<\/li><li>D\u2019\u00e9changer autour de l\u2019\u00e9olien en r\u00e9pondant \u00e0 toutes vos questions,<\/li><li>Recueillir vos attentes et besoins pour la suite.<\/li><\/ul><div><strong>\u00a0<\/strong><\/div>\t\t\t\t\t\t\t\t<\/div>\n\t\t\t\t<\/div>\n\t\t\t\t\t<\/div>\n\t\t\t\t<\/div>\n\t\t\t\t<\/div>\n\t\t","protected":false},"excerpt":{"rendered":"<p>Projet \u00e9olien du Bois Laurent Sur la commune du Plessier-sur-Saint-Just D\u00e9couvrez le projet \u00e9olien du Bois Laurent, port\u00e9 par Enertrag France, sur la commune du Plessier-sur-Saint-Just dans l\u2019Oise. Lanc\u00e9 en 2021, ce projet, d\u00e9velopp\u00e9 en concertation avec les \u00e9lus et les habitants, contribue au dynamisme de la collectivit\u00e9 gr\u00e2ce \u00e0 sesretomb\u00e9es \u00e9conomiques et \u00e9nerg\u00e9tiques. Avec [&hellip;]<\/p>\n","protected":false},"author":1,"featured_media":0,"parent":0,"menu_order":0,"comment_status":"closed","ping_status":"closed","template":"","meta":{"_acf_changed":false,"footnotes":""},"class_list":["post-5","page","type-page","status-publish","hentry"],"acf":[],"yoast_head":"<!-- This site is optimized with the Yoast SEO plugin v27.5 - https:\/\/yoast.com\/product\/yoast-seo-wordpress\/ -->\n<title>Accueil - Projet \u00e9olien du Plessier-sur-saint-just<\/title>\n<meta name=\"robots\" content=\"index, follow, max-snippet:-1, max-image-preview:large, max-video-preview:-1\" \/>\n<link rel=\"canonical\" href=\"https:\/\/www.enertrag.fr\/plessier-sur-saint-just\/\" \/>\n<meta property=\"og:locale\" content=\"fr_FR\" \/>\n<meta property=\"og:type\" content=\"article\" \/>\n<meta property=\"og:title\" content=\"Accueil - Projet \u00e9olien du Plessier-sur-saint-just\" \/>\n<meta property=\"og:description\" content=\"Projet \u00e9olien du Bois Laurent Sur la commune du Plessier-sur-Saint-Just D\u00e9couvrez le projet \u00e9olien du Bois Laurent, port\u00e9 par Enertrag France, sur la commune du Plessier-sur-Saint-Just dans l\u2019Oise. Lanc\u00e9 en 2021, ce projet, d\u00e9velopp\u00e9 en concertation avec les \u00e9lus et les habitants, contribue au dynamisme de la collectivit\u00e9 gr\u00e2ce \u00e0 sesretomb\u00e9es \u00e9conomiques et \u00e9nerg\u00e9tiques. Avec [&hellip;]\" \/>\n<meta property=\"og:url\" content=\"https:\/\/www.enertrag.fr\/plessier-sur-saint-just\/\" \/>\n<meta property=\"og:site_name\" content=\"Projet \u00e9olien du Plessier-sur-saint-just\" \/>\n<meta property=\"article:modified_time\" content=\"2024-09-03T14:09:05+00:00\" \/>\n<meta property=\"og:image\" content=\"https:\/\/www.enertrag.fr\/plessier-sur-saint-just\/wp-content\/uploads\/sites\/45\/2024\/09\/Image-visages-floutes-768x576.jpg\" \/>\n<meta name=\"twitter:card\" content=\"summary_large_image\" \/>\n<meta name=\"twitter:label1\" content=\"Dur\u00e9e de lecture estim\u00e9e\" \/>\n\t<meta name=\"twitter:data1\" content=\"2 minutes\" \/>\n<script type=\"application\/ld+json\" class=\"yoast-schema-graph\">{\"@context\":\"https:\\\/\\\/schema.org\",\"@graph\":[{\"@type\":\"WebPage\",\"@id\":\"https:\\\/\\\/www.enertrag.fr\\\/plessier-sur-saint-just\\\/\",\"url\":\"https:\\\/\\\/www.enertrag.fr\\\/plessier-sur-saint-just\\\/\",\"name\":\"Accueil - Projet \u00e9olien du Plessier-sur-saint-just\",\"isPartOf\":{\"@id\":\"https:\\\/\\\/www.enertrag.fr\\\/plessier-sur-saint-just\\\/#website\"},\"primaryImageOfPage\":{\"@id\":\"https:\\\/\\\/www.enertrag.fr\\\/plessier-sur-saint-just\\\/#primaryimage\"},\"image\":{\"@id\":\"https:\\\/\\\/www.enertrag.fr\\\/plessier-sur-saint-just\\\/#primaryimage\"},\"thumbnailUrl\":\"https:\\\/\\\/www.enertrag.fr\\\/plessier-sur-saint-just\\\/wp-content\\\/uploads\\\/sites\\\/45\\\/2024\\\/09\\\/Image-visages-floutes-768x576.jpg\",\"datePublished\":\"2023-01-10T11:26:09+00:00\",\"dateModified\":\"2024-09-03T14:09:05+00:00\",\"breadcrumb\":{\"@id\":\"https:\\\/\\\/www.enertrag.fr\\\/plessier-sur-saint-just\\\/#breadcrumb\"},\"inLanguage\":\"fr-FR\",\"potentialAction\":[{\"@type\":\"ReadAction\",\"target\":[\"https:\\\/\\\/www.enertrag.fr\\\/plessier-sur-saint-just\\\/\"]}]},{\"@type\":\"ImageObject\",\"inLanguage\":\"fr-FR\",\"@id\":\"https:\\\/\\\/www.enertrag.fr\\\/plessier-sur-saint-just\\\/#primaryimage\",\"url\":\"https:\\\/\\\/www.enertrag.fr\\\/plessier-sur-saint-just\\\/wp-content\\\/uploads\\\/sites\\\/45\\\/2024\\\/09\\\/Image-visages-floutes.jpg\",\"contentUrl\":\"https:\\\/\\\/www.enertrag.fr\\\/plessier-sur-saint-just\\\/wp-content\\\/uploads\\\/sites\\\/45\\\/2024\\\/09\\\/Image-visages-floutes.jpg\",\"width\":2016,\"height\":1512},{\"@type\":\"BreadcrumbList\",\"@id\":\"https:\\\/\\\/www.enertrag.fr\\\/plessier-sur-saint-just\\\/#breadcrumb\",\"itemListElement\":[{\"@type\":\"ListItem\",\"position\":1,\"name\":\"Accueil\",\"item\":\"https:\\\/\\\/www.enertrag.fr\\\/plessier-sur-saint-just\\\/\"},{\"@type\":\"ListItem\",\"position\":2,\"name\":\"Accueil\"}]},{\"@type\":\"WebSite\",\"@id\":\"https:\\\/\\\/www.enertrag.fr\\\/plessier-sur-saint-just\\\/#website\",\"url\":\"https:\\\/\\\/www.enertrag.fr\\\/plessier-sur-saint-just\\\/\",\"name\":\"Projet \u00e9olien du Plessier-sur-saint-just\",\"description\":\"\",\"publisher\":{\"@id\":\"https:\\\/\\\/www.enertrag.fr\\\/plessier-sur-saint-just\\\/#organization\"},\"potentialAction\":[{\"@type\":\"SearchAction\",\"target\":{\"@type\":\"EntryPoint\",\"urlTemplate\":\"https:\\\/\\\/www.enertrag.fr\\\/plessier-sur-saint-just\\\/?s={search_term_string}\"},\"query-input\":{\"@type\":\"PropertyValueSpecification\",\"valueRequired\":true,\"valueName\":\"search_term_string\"}}],\"inLanguage\":\"fr-FR\"},{\"@type\":\"Organization\",\"@id\":\"https:\\\/\\\/www.enertrag.fr\\\/plessier-sur-saint-just\\\/#organization\",\"name\":\"Projet \u00e9olien du Plessier-sur-saint-just\",\"url\":\"https:\\\/\\\/www.enertrag.fr\\\/plessier-sur-saint-just\\\/\",\"logo\":{\"@type\":\"ImageObject\",\"inLanguage\":\"fr-FR\",\"@id\":\"https:\\\/\\\/www.enertrag.fr\\\/plessier-sur-saint-just\\\/#\\\/schema\\\/logo\\\/image\\\/\",\"url\":\"https:\\\/\\\/www.enertrag.fr\\\/plessier-sur-saint-just\\\/wp-content\\\/uploads\\\/sites\\\/45\\\/2024\\\/06\\\/logo_enertrag_blanc@4x.png\",\"contentUrl\":\"https:\\\/\\\/www.enertrag.fr\\\/plessier-sur-saint-just\\\/wp-content\\\/uploads\\\/sites\\\/45\\\/2024\\\/06\\\/logo_enertrag_blanc@4x.png\",\"width\":3065,\"height\":801,\"caption\":\"Projet \u00e9olien du Plessier-sur-saint-just\"},\"image\":{\"@id\":\"https:\\\/\\\/www.enertrag.fr\\\/plessier-sur-saint-just\\\/#\\\/schema\\\/logo\\\/image\\\/\"}}]}<\/script>\n<!-- \/ Yoast SEO plugin. -->","yoast_head_json":{"title":"Accueil - Projet \u00e9olien du Plessier-sur-saint-just","robots":{"index":"index","follow":"follow","max-snippet":"max-snippet:-1","max-image-preview":"max-image-preview:large","max-video-preview":"max-video-preview:-1"},"canonical":"https:\/\/www.enertrag.fr\/plessier-sur-saint-just\/","og_locale":"fr_FR","og_type":"article","og_title":"Accueil - Projet \u00e9olien du Plessier-sur-saint-just","og_description":"Projet \u00e9olien du Bois Laurent Sur la commune du Plessier-sur-Saint-Just D\u00e9couvrez le projet \u00e9olien du Bois Laurent, port\u00e9 par Enertrag France, sur la commune du Plessier-sur-Saint-Just dans l\u2019Oise. Lanc\u00e9 en 2021, ce projet, d\u00e9velopp\u00e9 en concertation avec les \u00e9lus et les habitants, contribue au dynamisme de la collectivit\u00e9 gr\u00e2ce \u00e0 sesretomb\u00e9es \u00e9conomiques et \u00e9nerg\u00e9tiques. Avec [&hellip;]","og_url":"https:\/\/www.enertrag.fr\/plessier-sur-saint-just\/","og_site_name":"Projet \u00e9olien du Plessier-sur-saint-just","article_modified_time":"2024-09-03T14:09:05+00:00","og_image":[{"url":"https:\/\/www.enertrag.fr\/plessier-sur-saint-just\/wp-content\/uploads\/sites\/45\/2024\/09\/Image-visages-floutes-768x576.jpg","type":"","width":"","height":""}],"twitter_card":"summary_large_image","twitter_misc":{"Dur\u00e9e de lecture estim\u00e9e":"2 minutes"},"schema":{"@context":"https:\/\/schema.org","@graph":[{"@type":"WebPage","@id":"https:\/\/www.enertrag.fr\/plessier-sur-saint-just\/","url":"https:\/\/www.enertrag.fr\/plessier-sur-saint-just\/","name":"Accueil - Projet \u00e9olien du Plessier-sur-saint-just","isPartOf":{"@id":"https:\/\/www.enertrag.fr\/plessier-sur-saint-just\/#website"},"primaryImageOfPage":{"@id":"https:\/\/www.enertrag.fr\/plessier-sur-saint-just\/#primaryimage"},"image":{"@id":"https:\/\/www.enertrag.fr\/plessier-sur-saint-just\/#primaryimage"},"thumbnailUrl":"https:\/\/www.enertrag.fr\/plessier-sur-saint-just\/wp-content\/uploads\/sites\/45\/2024\/09\/Image-visages-floutes-768x576.jpg","datePublished":"2023-01-10T11:26:09+00:00","dateModified":"2024-09-03T14:09:05+00:00","breadcrumb":{"@id":"https:\/\/www.enertrag.fr\/plessier-sur-saint-just\/#breadcrumb"},"inLanguage":"fr-FR","potentialAction":[{"@type":"ReadAction","target":["https:\/\/www.enertrag.fr\/plessier-sur-saint-just\/"]}]},{"@type":"ImageObject","inLanguage":"fr-FR","@id":"https:\/\/www.enertrag.fr\/plessier-sur-saint-just\/#primaryimage","url":"https:\/\/www.enertrag.fr\/plessier-sur-saint-just\/wp-content\/uploads\/sites\/45\/2024\/09\/Image-visages-floutes.jpg","contentUrl":"https:\/\/www.enertrag.fr\/plessier-sur-saint-just\/wp-content\/uploads\/sites\/45\/2024\/09\/Image-visages-floutes.jpg","width":2016,"height":1512},{"@type":"BreadcrumbList","@id":"https:\/\/www.enertrag.fr\/plessier-sur-saint-just\/#breadcrumb","itemListElement":[{"@type":"ListItem","position":1,"name":"Accueil","item":"https:\/\/www.enertrag.fr\/plessier-sur-saint-just\/"},{"@type":"ListItem","position":2,"name":"Accueil"}]},{"@type":"WebSite","@id":"https:\/\/www.enertrag.fr\/plessier-sur-saint-just\/#website","url":"https:\/\/www.enertrag.fr\/plessier-sur-saint-just\/","name":"Projet \u00e9olien du Plessier-sur-saint-just","description":"","publisher":{"@id":"https:\/\/www.enertrag.fr\/plessier-sur-saint-just\/#organization"},"potentialAction":[{"@type":"SearchAction","target":{"@type":"EntryPoint","urlTemplate":"https:\/\/www.enertrag.fr\/plessier-sur-saint-just\/?s={search_term_string}"},"query-input":{"@type":"PropertyValueSpecification","valueRequired":true,"valueName":"search_term_string"}}],"inLanguage":"fr-FR"},{"@type":"Organization","@id":"https:\/\/www.enertrag.fr\/plessier-sur-saint-just\/#organization","name":"Projet \u00e9olien du Plessier-sur-saint-just","url":"https:\/\/www.enertrag.fr\/plessier-sur-saint-just\/","logo":{"@type":"ImageObject","inLanguage":"fr-FR","@id":"https:\/\/www.enertrag.fr\/plessier-sur-saint-just\/#\/schema\/logo\/image\/","url":"https:\/\/www.enertrag.fr\/plessier-sur-saint-just\/wp-content\/uploads\/sites\/45\/2024\/06\/logo_enertrag_blanc@4x.png","contentUrl":"https:\/\/www.enertrag.fr\/plessier-sur-saint-just\/wp-content\/uploads\/sites\/45\/2024\/06\/logo_enertrag_blanc@4x.png","width":3065,"height":801,"caption":"Projet \u00e9olien du Plessier-sur-saint-just"},"image":{"@id":"https:\/\/www.enertrag.fr\/plessier-sur-saint-just\/#\/schema\/logo\/image\/"}}]}},"_links":{"self":[{"href":"https:\/\/www.enertrag.fr\/plessier-sur-saint-just\/wp-json\/wp\/v2\/pages\/5","targetHints":{"allow":["GET"]}}],"collection":[{"href":"https:\/\/www.enertrag.fr\/plessier-sur-saint-just\/wp-json\/wp\/v2\/pages"}],"about":[{"href":"https:\/\/www.enertrag.fr\/plessier-sur-saint-just\/wp-json\/wp\/v2\/types\/page"}],"author":[{"embeddable":true,"href":"https:\/\/www.enertrag.fr\/plessier-sur-saint-just\/wp-json\/wp\/v2\/users\/1"}],"replies":[{"embeddable":true,"href":"https:\/\/www.enertrag.fr\/plessier-sur-saint-just\/wp-json\/wp\/v2\/comments?post=5"}],"version-history":[{"count":0,"href":"https:\/\/www.enertrag.fr\/plessier-sur-saint-just\/wp-json\/wp\/v2\/pages\/5\/revisions"}],"wp:attachment":[{"href":"https:\/\/www.enertrag.fr\/plessier-sur-saint-just\/wp-json\/wp\/v2\/media?parent=5"}],"curies":[{"name":"wp","href":"https:\/\/api.w.org\/{rel}","templated":true}]}}