{"id":62,"date":"2023-01-12T16:19:42","date_gmt":"2023-01-12T15:19:42","guid":{"rendered":"http:\/\/dev.parcs-eoliens-enertrag.fr\/les-setiers\/?page_id=62"},"modified":"2023-02-28T09:16:48","modified_gmt":"2023-02-28T08:16:48","slug":"le-projet","status":"publish","type":"page","link":"https:\/\/www.enertrag.fr\/les-setiers\/le-projet\/","title":{"rendered":"Le projet"},"content":{"rendered":"\t\t<div data-elementor-type=\"wp-page\" data-elementor-id=\"62\" class=\"elementor elementor-62\" data-elementor-settings=\"{&quot;ha_cmc_init_switcher&quot;:&quot;no&quot;}\" data-elementor-post-type=\"page\">\n\t\t\t\t\t\t<section class=\"elementor-section elementor-top-section elementor-element elementor-element-751ed69 elementor-section-boxed elementor-section-height-default elementor-section-height-default\" data-id=\"751ed69\" data-element_type=\"section\" data-e-type=\"section\" data-settings=\"{&quot;_ha_eqh_enable&quot;:false}\">\n\t\t\t\t\t\t<div class=\"elementor-container elementor-column-gap-default\">\n\t\t\t\t\t<div class=\"elementor-column elementor-col-100 elementor-top-column elementor-element elementor-element-2073217\" data-id=\"2073217\" data-element_type=\"column\" data-e-type=\"column\">\n\t\t\t<div class=\"elementor-widget-wrap elementor-element-populated\">\n\t\t\t\t\t\t<div class=\"elementor-element elementor-element-203c53f elementor-widget elementor-widget-heading\" data-id=\"203c53f\" data-element_type=\"widget\" data-e-type=\"widget\" data-widget_type=\"heading.default\">\n\t\t\t\t<div class=\"elementor-widget-container\">\n\t\t\t\t\t<h1 class=\"elementor-heading-title elementor-size-default\">Pr\u00e9sentation g\u00e9n\u00e9rale du projet<\/h1>\t\t\t\t<\/div>\n\t\t\t\t<\/div>\n\t\t\t\t\t<\/div>\n\t\t<\/div>\n\t\t\t\t\t<\/div>\n\t\t<\/section>\n\t\t\t\t<section class=\"elementor-section elementor-top-section elementor-element elementor-element-b80a461 elementor-section-boxed elementor-section-height-default elementor-section-height-default\" data-id=\"b80a461\" data-element_type=\"section\" data-e-type=\"section\" data-settings=\"{&quot;_ha_eqh_enable&quot;:false}\">\n\t\t\t\t\t\t<div class=\"elementor-container elementor-column-gap-default\">\n\t\t\t\t\t<div class=\"elementor-column elementor-col-100 elementor-top-column elementor-element elementor-element-6ed75cd\" data-id=\"6ed75cd\" data-element_type=\"column\" data-e-type=\"column\">\n\t\t\t<div class=\"elementor-widget-wrap elementor-element-populated\">\n\t\t\t\t\t\t<div class=\"elementor-element elementor-element-d863d4a elementor-widget elementor-widget-image\" data-id=\"d863d4a\" data-element_type=\"widget\" data-e-type=\"widget\" data-widget_type=\"image.default\">\n\t\t\t\t<div class=\"elementor-widget-container\">\n\t\t\t\t\t\t\t\t\t\t\t\t\t\t\t<img fetchpriority=\"high\" decoding=\"async\" width=\"2560\" height=\"575\" src=\"https:\/\/www.enertrag.fr\/les-setiers\/wp-content\/uploads\/sites\/6\/2023\/02\/image-projet.jpg\" class=\"attachment-full size-full wp-image-599\" alt=\"\" srcset=\"https:\/\/www.enertrag.fr\/les-setiers\/wp-content\/uploads\/sites\/6\/2023\/02\/image-projet.jpg 2560w, https:\/\/www.enertrag.fr\/les-setiers\/wp-content\/uploads\/sites\/6\/2023\/02\/image-projet-300x67.jpg 300w, https:\/\/www.enertrag.fr\/les-setiers\/wp-content\/uploads\/sites\/6\/2023\/02\/image-projet-1024x230.jpg 1024w, https:\/\/www.enertrag.fr\/les-setiers\/wp-content\/uploads\/sites\/6\/2023\/02\/image-projet-768x173.jpg 768w, https:\/\/www.enertrag.fr\/les-setiers\/wp-content\/uploads\/sites\/6\/2023\/02\/image-projet-1536x345.jpg 1536w, https:\/\/www.enertrag.fr\/les-setiers\/wp-content\/uploads\/sites\/6\/2023\/02\/image-projet-2048x460.jpg 2048w\" sizes=\"(max-width: 2560px) 100vw, 2560px\" \/>\t\t\t\t\t\t\t\t\t\t\t\t\t\t\t<\/div>\n\t\t\t\t<\/div>\n\t\t\t\t\t<\/div>\n\t\t<\/div>\n\t\t\t\t\t<\/div>\n\t\t<\/section>\n\t\t\t\t<section class=\"elementor-section elementor-top-section elementor-element elementor-element-7df7962 elementor-section-boxed elementor-section-height-default elementor-section-height-default\" data-id=\"7df7962\" data-element_type=\"section\" data-e-type=\"section\" data-settings=\"{&quot;_ha_eqh_enable&quot;:false}\">\n\t\t\t\t\t\t<div class=\"elementor-container elementor-column-gap-default\">\n\t\t\t\t\t<div class=\"elementor-column elementor-col-100 elementor-top-column elementor-element elementor-element-9a9f41c\" data-id=\"9a9f41c\" data-element_type=\"column\" data-e-type=\"column\">\n\t\t\t<div class=\"elementor-widget-wrap elementor-element-populated\">\n\t\t\t\t\t\t<div class=\"elementor-element elementor-element-2032db3 elementor-widget elementor-widget-text-editor\" data-id=\"2032db3\" data-element_type=\"widget\" data-e-type=\"widget\" data-widget_type=\"text-editor.default\">\n\t\t\t\t<div class=\"elementor-widget-container\">\n\t\t\t\t\t\t\t\t\t<h2 lang=\"fr-FR\">Parc \u00e9olien des S\u00e9tiers<\/h2><p>Le projet de parc \u00e9olien des S\u00e9tiers vise \u00e0 l\u2019implantation de 8 \u00e9oliennes dont la hauteur en bout de pale est de 200 m\u00e8tres.\u00a0Une fois mis en service, le parc \u00e9olien permettra d\u2019alimenter 19 500 foyers en \u00e9lectricit\u00e9 gr\u00e2ce \u00e0 l\u2019\u00e9nergie m\u00e9canique du vent.<\/p><p>\u00a0<\/p><h2>L\u2019avanc\u00e9e du projet<\/h2><p><strong>2015 :<\/strong>\u00a0Les premi\u00e8res discussions avec les \u00e9lus de Courbes, Versigny et Monceau-l\u00e8s-Leups ont \u00e9t\u00e9 engag\u00e9es.<\/p><p><strong>2016 :<\/strong>\u00a0Nous avons rencontr\u00e9 les propri\u00e9taires et exploitants de la zone d\u2019\u00e9tude pour proc\u00e9der \u00e0 la s\u00e9curisation fonci\u00e8re.<\/p><p><strong>2017 :<\/strong>\u00a0Les \u00e9tudes environnementales (\u00e9cologie, acoustique, paysage, etc.) ont \u00e9t\u00e9 lanc\u00e9es.<\/p><p><strong>Entre mars 2017 et septembre\u00a02019<\/strong>\u00a0: Un m\u00e2t de mesures de vent a \u00e9t\u00e9 install\u00e9.<\/p><p><strong>Juin 2020<\/strong>\u00a0:\u00a0Un partenariat avec le CPIE a \u00e9t\u00e9 conclu pour l\u2019am\u00e9nagement et l\u2019entretien de l\u2019\u00e9tang de Courbes.<\/p><p><strong>\u00c9t\u00e9 2020<\/strong>\u00a0:\u00a0Les \u00e9tudes environnementales ont \u00e9t\u00e9 conclues.<\/p><p><strong>30 septembre 2020<\/strong>\u00a0:\u00a0Le dossier a \u00e9t\u00e9 d\u00e9pos\u00e9 en pr\u00e9fecture.<\/p><p><strong>2021 \u2013 2022\u00a0<\/strong>: Des compl\u00e9ments d\u2019\u00e9tude sur l\u2019avifaune et les chiropt\u00e8res.<\/p>\t\t\t\t\t\t\t\t<\/div>\n\t\t\t\t<\/div>\n\t\t\t\t\t<\/div>\n\t\t<\/div>\n\t\t\t\t\t<\/div>\n\t\t<\/section>\n\t\t\t\t<section class=\"elementor-section elementor-top-section elementor-element elementor-element-3f05b72 elementor-section-boxed elementor-section-height-default elementor-section-height-default\" data-id=\"3f05b72\" data-element_type=\"section\" data-e-type=\"section\" data-settings=\"{&quot;background_background&quot;:&quot;classic&quot;,&quot;_ha_eqh_enable&quot;:false}\">\n\t\t\t\t\t\t<div class=\"elementor-container elementor-column-gap-default\">\n\t\t\t\t\t<div class=\"elementor-column elementor-col-100 elementor-top-column elementor-element elementor-element-b63cdf9\" data-id=\"b63cdf9\" data-element_type=\"column\" data-e-type=\"column\">\n\t\t\t<div class=\"elementor-widget-wrap elementor-element-populated\">\n\t\t\t\t\t\t<div class=\"elementor-element elementor-element-d96ede6 elementor-widget elementor-widget-text-editor\" data-id=\"d96ede6\" data-element_type=\"widget\" data-e-type=\"widget\" data-widget_type=\"text-editor.default\">\n\t\t\t\t<div class=\"elementor-widget-container\">\n\t\t\t\t\t\t\t\t\t<h2>Les chiffres cl\u00e9s<\/h2>\t\t\t\t\t\t\t\t<\/div>\n\t\t\t\t<\/div>\n\t\t\t\t\t<\/div>\n\t\t<\/div>\n\t\t\t\t\t<\/div>\n\t\t<\/section>\n\t\t\t\t<section class=\"elementor-section elementor-top-section elementor-element elementor-element-70ce655 elementor-section-boxed elementor-section-height-default elementor-section-height-default\" data-id=\"70ce655\" data-element_type=\"section\" data-e-type=\"section\" data-settings=\"{&quot;background_background&quot;:&quot;classic&quot;,&quot;_ha_eqh_enable&quot;:false}\">\n\t\t\t\t\t\t<div class=\"elementor-container elementor-column-gap-default\">\n\t\t\t\t\t<div class=\"elementor-column elementor-col-20 elementor-top-column elementor-element elementor-element-7f958ae\" data-id=\"7f958ae\" data-element_type=\"column\" data-e-type=\"column\">\n\t\t\t<div class=\"elementor-widget-wrap elementor-element-populated\">\n\t\t\t\t\t\t<div class=\"elementor-element elementor-element-2927aea elementor-widget elementor-widget-counter\" data-id=\"2927aea\" data-element_type=\"widget\" data-e-type=\"widget\" data-widget_type=\"counter.default\">\n\t\t\t\t<div class=\"elementor-widget-container\">\n\t\t\t\t\t\t\t<div class=\"elementor-counter\">\n\t\t\t<div class=\"elementor-counter-title\">\u00c9oliennes<\/div>\t\t\t<div class=\"elementor-counter-number-wrapper\">\n\t\t\t\t<span class=\"elementor-counter-number-prefix\"><\/span>\n\t\t\t\t<span class=\"elementor-counter-number\" data-duration=\"2000\" data-to-value=\"8\" data-from-value=\"0\">0<\/span>\n\t\t\t\t<span class=\"elementor-counter-number-suffix\"><\/span>\n\t\t\t<\/div>\n\t\t<\/div>\n\t\t\t\t\t\t<\/div>\n\t\t\t\t<\/div>\n\t\t\t\t\t<\/div>\n\t\t<\/div>\n\t\t\t\t<div class=\"elementor-column elementor-col-20 elementor-top-column elementor-element elementor-element-05a7f02\" data-id=\"05a7f02\" data-element_type=\"column\" data-e-type=\"column\">\n\t\t\t<div class=\"elementor-widget-wrap elementor-element-populated\">\n\t\t\t\t\t\t<div class=\"elementor-element elementor-element-67e7ee3 elementor-widget elementor-widget-counter\" data-id=\"67e7ee3\" data-element_type=\"widget\" data-e-type=\"widget\" data-widget_type=\"counter.default\">\n\t\t\t\t<div class=\"elementor-widget-container\">\n\t\t\t\t\t\t\t<div class=\"elementor-counter\">\n\t\t\t<div class=\"elementor-counter-title\">personnes aliment\u00e9es (\u00e9quivalence)<\/div>\t\t\t<div class=\"elementor-counter-number-wrapper\">\n\t\t\t\t<span class=\"elementor-counter-number-prefix\"><\/span>\n\t\t\t\t<span class=\"elementor-counter-number\" data-duration=\"2000\" data-to-value=\"19950\" data-from-value=\"0\">0<\/span>\n\t\t\t\t<span class=\"elementor-counter-number-suffix\"><\/span>\n\t\t\t<\/div>\n\t\t<\/div>\n\t\t\t\t\t\t<\/div>\n\t\t\t\t<\/div>\n\t\t\t\t\t<\/div>\n\t\t<\/div>\n\t\t\t\t<div class=\"elementor-column elementor-col-20 elementor-top-column elementor-element elementor-element-043ac42\" data-id=\"043ac42\" data-element_type=\"column\" data-e-type=\"column\">\n\t\t\t<div class=\"elementor-widget-wrap elementor-element-populated\">\n\t\t\t\t\t\t<div class=\"elementor-element elementor-element-523772f elementor-widget elementor-widget-counter\" data-id=\"523772f\" data-element_type=\"widget\" data-e-type=\"widget\" data-widget_type=\"counter.default\">\n\t\t\t\t<div class=\"elementor-widget-container\">\n\t\t\t\t\t\t\t<div class=\"elementor-counter\">\n\t\t\t<div class=\"elementor-counter-title\">Tonnes de Co2 \u00e9vit\u00e9es<\/div>\t\t\t<div class=\"elementor-counter-number-wrapper\">\n\t\t\t\t<span class=\"elementor-counter-number-prefix\"><\/span>\n\t\t\t\t<span class=\"elementor-counter-number\" data-duration=\"2000\" data-to-value=\"28500\" data-from-value=\"0\">0<\/span>\n\t\t\t\t<span class=\"elementor-counter-number-suffix\"><\/span>\n\t\t\t<\/div>\n\t\t<\/div>\n\t\t\t\t\t\t<\/div>\n\t\t\t\t<\/div>\n\t\t\t\t\t<\/div>\n\t\t<\/div>\n\t\t\t\t<div class=\"elementor-column elementor-col-20 elementor-top-column elementor-element elementor-element-fe19dcf\" data-id=\"fe19dcf\" data-element_type=\"column\" data-e-type=\"column\">\n\t\t\t<div class=\"elementor-widget-wrap elementor-element-populated\">\n\t\t\t\t\t\t<div class=\"elementor-element elementor-element-ae3db02 elementor-widget elementor-widget-counter\" data-id=\"ae3db02\" data-element_type=\"widget\" data-e-type=\"widget\" data-widget_type=\"counter.default\">\n\t\t\t\t<div class=\"elementor-widget-container\">\n\t\t\t\t\t\t\t<div class=\"elementor-counter\">\n\t\t\t<div class=\"elementor-counter-title\">ann\u00e9es minimum de dur\u00e9e de vie<\/div>\t\t\t<div class=\"elementor-counter-number-wrapper\">\n\t\t\t\t<span class=\"elementor-counter-number-prefix\"><\/span>\n\t\t\t\t<span class=\"elementor-counter-number\" data-duration=\"2000\" data-to-value=\"20\" data-from-value=\"0\">0<\/span>\n\t\t\t\t<span class=\"elementor-counter-number-suffix\"><\/span>\n\t\t\t<\/div>\n\t\t<\/div>\n\t\t\t\t\t\t<\/div>\n\t\t\t\t<\/div>\n\t\t\t\t\t<\/div>\n\t\t<\/div>\n\t\t\t\t<div class=\"elementor-column elementor-col-20 elementor-top-column elementor-element elementor-element-5a5b1ba\" data-id=\"5a5b1ba\" data-element_type=\"column\" data-e-type=\"column\">\n\t\t\t<div class=\"elementor-widget-wrap elementor-element-populated\">\n\t\t\t\t\t\t<div class=\"elementor-element elementor-element-49bc95a elementor-widget elementor-widget-counter\" data-id=\"49bc95a\" data-element_type=\"widget\" data-e-type=\"widget\" data-widget_type=\"counter.default\">\n\t\t\t\t<div class=\"elementor-widget-container\">\n\t\t\t\t\t\t\t<div class=\"elementor-counter\">\n\t\t\t<div class=\"elementor-counter-title\">m\u00e8tres de hauteur des \u00e9oliennes en bout de pale<\/div>\t\t\t<div class=\"elementor-counter-number-wrapper\">\n\t\t\t\t<span class=\"elementor-counter-number-prefix\"><\/span>\n\t\t\t\t<span class=\"elementor-counter-number\" data-duration=\"2000\" data-to-value=\"186\" data-from-value=\"0\">0<\/span>\n\t\t\t\t<span class=\"elementor-counter-number-suffix\"><\/span>\n\t\t\t<\/div>\n\t\t<\/div>\n\t\t\t\t\t\t<\/div>\n\t\t\t\t<\/div>\n\t\t\t\t\t<\/div>\n\t\t<\/div>\n\t\t\t\t\t<\/div>\n\t\t<\/section>\n\t\t\t\t<section class=\"elementor-section elementor-top-section elementor-element elementor-element-b111ebe elementor-section-boxed elementor-section-height-default elementor-section-height-default\" data-id=\"b111ebe\" data-element_type=\"section\" data-e-type=\"section\" data-settings=\"{&quot;_ha_eqh_enable&quot;:false}\">\n\t\t\t\t\t\t<div class=\"elementor-container elementor-column-gap-default\">\n\t\t\t\t\t<div class=\"elementor-column elementor-col-100 elementor-top-column elementor-element elementor-element-4022f3e\" data-id=\"4022f3e\" data-element_type=\"column\" data-e-type=\"column\">\n\t\t\t<div class=\"elementor-widget-wrap elementor-element-populated\">\n\t\t\t\t\t\t<div class=\"elementor-element elementor-element-c83e58a elementor-widget elementor-widget-text-editor\" data-id=\"c83e58a\" data-element_type=\"widget\" data-e-type=\"widget\" data-widget_type=\"text-editor.default\">\n\t\t\t\t<div class=\"elementor-widget-container\">\n\t\t\t\t\t\t\t\t\t<h2>Les retomb\u00e9es locales du parc \u00e9olien des S\u00e9tiers<\/h2>\t\t\t\t\t\t\t\t<\/div>\n\t\t\t\t<\/div>\n\t\t\t\t<div class=\"elementor-element elementor-element-f45ea51 elementor-widget elementor-widget-text-editor\" data-id=\"f45ea51\" data-element_type=\"widget\" data-e-type=\"widget\" data-widget_type=\"text-editor.default\">\n\t\t\t\t<div class=\"elementor-widget-container\">\n\t\t\t\t\t\t\t\t\t<p>En plus d\u2019\u00eatre b\u00e9n\u00e9fiques \u00e0 la transition \u00e9nerg\u00e9tique et l\u2019environnement, les \u00e9oliennes g\u00e9n\u00e8rent \u00e9galement des retomb\u00e9es \u00e9conomiques sur leur territoire.<br \/>Les collectivit\u00e9s territoriales b\u00e9n\u00e9ficient de ces retomb\u00e9es qui constituent une ressource non n\u00e9gligeable pour leur d\u00e9veloppement !<br \/>Gr\u00e2ce \u00e0 diff\u00e9rentes taxes et imp\u00f4ts que paye le parc en tant qu\u2019entreprise locale :<br \/>\u2022 <strong>La Taxe sur le Foncier B\u00e2ti\u00a0(TFB)<\/strong><br \/>\u2022 <strong>La Cotisation Fonci\u00e8re des Entreprises\u00a0(CFE)<\/strong><br \/>\u2022 <strong>La Cotisation sur les Valeurs Ajout\u00e9es des Entreprises\u00a0(CVAE)<\/strong><br \/>\u2022 <strong>L\u2019imposition Forfaitaire sur les Entreprises de R\u00e9seaux\u00a0(IFER )<\/strong><br \/>\u00a0\u00a0\u00a0Ci-dessous le tableau des retomb\u00e9es fiscales du parc \u00e9olien des S\u00e9tiers annuelles* pour les communes d\u2019implantation :<\/p>\t\t\t\t\t\t\t\t<\/div>\n\t\t\t\t<\/div>\n\t\t\t\t<div class=\"elementor-element elementor-element-edc722d elementor-widget elementor-widget-image\" data-id=\"edc722d\" data-element_type=\"widget\" data-e-type=\"widget\" data-widget_type=\"image.default\">\n\t\t\t\t<div class=\"elementor-widget-container\">\n\t\t\t\t\t\t\t\t\t\t\t\t\t\t\t<img decoding=\"async\" width=\"703\" height=\"277\" src=\"https:\/\/www.enertrag.fr\/les-setiers\/wp-content\/uploads\/sites\/6\/2023\/02\/retombees-locales.png\" class=\"attachment-large size-large wp-image-600\" alt=\"\" srcset=\"https:\/\/www.enertrag.fr\/les-setiers\/wp-content\/uploads\/sites\/6\/2023\/02\/retombees-locales.png 703w, https:\/\/www.enertrag.fr\/les-setiers\/wp-content\/uploads\/sites\/6\/2023\/02\/retombees-locales-300x118.png 300w\" sizes=\"(max-width: 703px) 100vw, 703px\" \/>\t\t\t\t\t\t\t\t\t\t\t\t\t\t\t<\/div>\n\t\t\t\t<\/div>\n\t\t\t\t\t<\/div>\n\t\t<\/div>\n\t\t\t\t\t<\/div>\n\t\t<\/section>\n\t\t\t\t<section class=\"elementor-section elementor-top-section elementor-element elementor-element-6661453 elementor-section-boxed elementor-section-height-default elementor-section-height-default\" data-id=\"6661453\" data-element_type=\"section\" data-e-type=\"section\" data-settings=\"{&quot;_ha_eqh_enable&quot;:false}\">\n\t\t\t\t\t\t<div class=\"elementor-container elementor-column-gap-default\">\n\t\t\t\t\t<div class=\"elementor-column elementor-col-100 elementor-top-column elementor-element elementor-element-0391549\" data-id=\"0391549\" data-element_type=\"column\" data-e-type=\"column\">\n\t\t\t<div class=\"elementor-widget-wrap elementor-element-populated\">\n\t\t\t\t\t\t<div class=\"elementor-element elementor-element-2b7e37c elementor-widget elementor-widget-text-editor\" data-id=\"2b7e37c\" data-element_type=\"widget\" data-e-type=\"widget\" data-widget_type=\"text-editor.default\">\n\t\t\t\t<div class=\"elementor-widget-container\">\n\t\t\t\t\t\t\t\t\t<h2>Les \u00e9tudes du projet de parc \u00e9olien des S\u00e9tiers<\/h2>\t\t\t\t\t\t\t\t<\/div>\n\t\t\t\t<\/div>\n\t\t\t\t<div class=\"elementor-element elementor-element-6b22dcc elementor-widget elementor-widget-text-editor\" data-id=\"6b22dcc\" data-element_type=\"widget\" data-e-type=\"widget\" data-widget_type=\"text-editor.default\">\n\t\t\t\t<div class=\"elementor-widget-container\">\n\t\t\t\t\t\t\t\t\t<p>Afin de r\u00e9pondre \u00e0 la r\u00e8glementation fran\u00e7aise en mati\u00e8re de respect des normes sociales, culturelles et environnementales sur le territoire. ENERTRAG a r\u00e9alis\u00e9 diff\u00e9rentes \u00e9tudes&nbsp;<strong>pour que le projet de parc \u00e9olien des S\u00e9ties r\u00e9ponde aux objectifs de transition \u00e9nerg\u00e9tique<\/strong>&nbsp;sur son territoire<\/p>\n<h3>Les \u00e9tudes&nbsp;:<\/h3>\n<h4>\u2022 L\u2019\u00e9tude paysag\u00e8re&nbsp;:<\/h4>\n<p>Afin d\u2019int\u00e9grer le projet dans le contexte paysager local, ENERTRAG a fait appel au bureau d\u2019\u00e9tudes \u00ab&nbsp;Agence COUASNON&nbsp;\u00bb pour l\u2019\u00e9tude du paysage et du patrimoine.<br>COMMENT<br>Le paysage et le patrimoine local ont \u00e9t\u00e9 \u00e9tudi\u00e9s de mani\u00e8re pr\u00e9cise par le bureau d\u2019\u00e9tudes et la d\u00e9finition de l\u2019implantation ainsi que le choix des \u00e9oliennes a \u00e9t\u00e9 fait en consid\u00e9ration des r\u00e9sultats de l\u2019\u00e9tude, afin de r\u00e9duire au maximum l\u2019impact des \u00e9oliennes sur le patrimoine local.<br>Concr\u00e8tement, l\u2019\u00e9tude du projet de parc \u00e9olien des S\u00e9tiers a permis de confirmer le choix d\u2019ENERTRAG d\u2019implanter un parc \u00e9olien dans cette zone o\u00f9 les impacts seront globalement faibles.<\/p>\n<h4>\u2022 L\u2019\u00e9tude acoustique&nbsp;:<\/h4>\n<p>Le bruit produit par les \u00e9oliennes, tr\u00e8s encadr\u00e9 par la r\u00e8glementation de l\u2019Etat, suscite de nombreuses interrogations pour les riverains.&nbsp; Afin d\u2019apporter des r\u00e9ponses et solutions \u00e0 ces derni\u00e8res, ENERTRAG a fait appel au bureau d\u2019\u00e9tudes&nbsp;<b>Gamba acoustique<\/b>.<br>L\u2019\u00e9tude r\u00e9alis\u00e9e par Gamba acoustique, du&nbsp;<b>24 au 31 mars 2017<\/b>, a mis en \u00e9vidence des risques de d\u00e9passement des seuils r\u00e9glementaires pour le projet de parc \u00e9olien des S\u00e9tiers. Afin de respecter la r\u00e9glementation acoustique, ENERTRAG pr\u00e9voit un plan de bridage pour le projet, dont les performances seront v\u00e9rifi\u00e9es apr\u00e8s la mise en service du parc.<br>Le niveau de bruit r\u00e9siduel, c\u2019est-\u00e0-dire le niveau de bruit initial existant en l\u2019absence des \u00e9oliennes, a \u00e9t\u00e9 mesur\u00e9 aupr\u00e8s des lieux d\u2019habitation les plus proches, cit\u00e9s ci-dessous, de l\u2019aire d\u2019\u00e9tude imm\u00e9diate de jour comme de nuit.<\/p>\n<p><strong>Point N\u00b0 1<\/strong>&nbsp;: Lieu-dit Les Larris (au nord-ouest du projet)<br><strong>Point N\u00b0 2<\/strong>&nbsp;: A Courbes (au nord du projet)<br><strong>Point N\u00b0 3<\/strong>&nbsp;: Le long de la RD 647 (au nord du projet)<br><strong>Point N\u00b0 4<\/strong>&nbsp;: A Pont-\u00e0-Bucy (au nord-est du projet)<br><strong>Point N\u00b0 5&nbsp;<\/strong>: A Monceau-l\u00e8s-Leups (au sud-est du projet)<br><strong>Point N\u00b0 6&nbsp;<\/strong>: Le long de la RD 554 (au sud du projet)<br><strong>Point N\u00b0 7&nbsp;<\/strong>: A Versigny (au sud-ouest du projet)<\/p>\t\t\t\t\t\t\t\t<\/div>\n\t\t\t\t<\/div>\n\t\t\t\t<div class=\"elementor-element elementor-element-a36d2a0 elementor-widget elementor-widget-image\" data-id=\"a36d2a0\" data-element_type=\"widget\" data-e-type=\"widget\" data-widget_type=\"image.default\">\n\t\t\t\t<div class=\"elementor-widget-container\">\n\t\t\t\t\t\t\t\t\t\t\t\t\t\t\t<img decoding=\"async\" width=\"768\" height=\"1086\" src=\"https:\/\/www.enertrag.fr\/les-setiers\/wp-content\/uploads\/sites\/6\/2023\/02\/Image-echelle-de-bruit-768x1086.jpg\" class=\"attachment-medium_large size-medium_large wp-image-604\" alt=\"\" srcset=\"https:\/\/www.enertrag.fr\/les-setiers\/wp-content\/uploads\/sites\/6\/2023\/02\/Image-echelle-de-bruit-768x1086.jpg 768w, https:\/\/www.enertrag.fr\/les-setiers\/wp-content\/uploads\/sites\/6\/2023\/02\/Image-echelle-de-bruit-212x300.jpg 212w, https:\/\/www.enertrag.fr\/les-setiers\/wp-content\/uploads\/sites\/6\/2023\/02\/Image-echelle-de-bruit-724x1024.jpg 724w, https:\/\/www.enertrag.fr\/les-setiers\/wp-content\/uploads\/sites\/6\/2023\/02\/Image-echelle-de-bruit-1086x1536.jpg 1086w, https:\/\/www.enertrag.fr\/les-setiers\/wp-content\/uploads\/sites\/6\/2023\/02\/Image-echelle-de-bruit.jpg 1201w\" sizes=\"(max-width: 768px) 100vw, 768px\" \/>\t\t\t\t\t\t\t\t\t\t\t\t\t\t\t<\/div>\n\t\t\t\t<\/div>\n\t\t\t\t\t<\/div>\n\t\t<\/div>\n\t\t\t\t\t<\/div>\n\t\t<\/section>\n\t\t\t\t<section class=\"elementor-section elementor-top-section elementor-element elementor-element-99173d7 elementor-section-boxed elementor-section-height-default elementor-section-height-default\" data-id=\"99173d7\" data-element_type=\"section\" data-e-type=\"section\" data-settings=\"{&quot;_ha_eqh_enable&quot;:false}\">\n\t\t\t\t\t\t<div class=\"elementor-container elementor-column-gap-default\">\n\t\t\t\t\t<div class=\"elementor-column elementor-col-50 elementor-top-column elementor-element elementor-element-fe2fb46\" data-id=\"fe2fb46\" data-element_type=\"column\" data-e-type=\"column\">\n\t\t\t<div class=\"elementor-widget-wrap elementor-element-populated\">\n\t\t\t\t\t\t<div class=\"elementor-element elementor-element-550ea36 elementor-widget elementor-widget-image\" data-id=\"550ea36\" data-element_type=\"widget\" data-e-type=\"widget\" data-widget_type=\"image.default\">\n\t\t\t\t<div class=\"elementor-widget-container\">\n\t\t\t\t\t\t\t\t\t\t\t\t\t\t\t<img loading=\"lazy\" decoding=\"async\" width=\"800\" height=\"604\" src=\"https:\/\/www.enertrag.fr\/les-setiers\/wp-content\/uploads\/sites\/6\/2023\/02\/Image-cartographie-des-points-decoute.jpg\" class=\"attachment-large size-large wp-image-609\" alt=\"\" srcset=\"https:\/\/www.enertrag.fr\/les-setiers\/wp-content\/uploads\/sites\/6\/2023\/02\/Image-cartographie-des-points-decoute.jpg 1000w, https:\/\/www.enertrag.fr\/les-setiers\/wp-content\/uploads\/sites\/6\/2023\/02\/Image-cartographie-des-points-decoute-300x227.jpg 300w, https:\/\/www.enertrag.fr\/les-setiers\/wp-content\/uploads\/sites\/6\/2023\/02\/Image-cartographie-des-points-decoute-768x580.jpg 768w\" sizes=\"(max-width: 800px) 100vw, 800px\" \/>\t\t\t\t\t\t\t\t\t\t\t\t\t\t\t<\/div>\n\t\t\t\t<\/div>\n\t\t\t\t\t<\/div>\n\t\t<\/div>\n\t\t\t\t<div class=\"elementor-column elementor-col-50 elementor-top-column elementor-element elementor-element-eae0856\" data-id=\"eae0856\" data-element_type=\"column\" data-e-type=\"column\">\n\t\t\t<div class=\"elementor-widget-wrap elementor-element-populated\">\n\t\t\t\t\t\t<div class=\"elementor-element elementor-element-1aeac88 elementor-widget elementor-widget-image\" data-id=\"1aeac88\" data-element_type=\"widget\" data-e-type=\"widget\" data-widget_type=\"image.default\">\n\t\t\t\t<div class=\"elementor-widget-container\">\n\t\t\t\t\t\t\t\t\t\t\t\t\t\t\t<img loading=\"lazy\" decoding=\"async\" width=\"800\" height=\"624\" src=\"https:\/\/www.enertrag.fr\/les-setiers\/wp-content\/uploads\/sites\/6\/2023\/02\/Image-cartographie-de-la-zone-detude-acoustique.jpg\" class=\"attachment-large size-large wp-image-608\" alt=\"\" srcset=\"https:\/\/www.enertrag.fr\/les-setiers\/wp-content\/uploads\/sites\/6\/2023\/02\/Image-cartographie-de-la-zone-detude-acoustique.jpg 885w, https:\/\/www.enertrag.fr\/les-setiers\/wp-content\/uploads\/sites\/6\/2023\/02\/Image-cartographie-de-la-zone-detude-acoustique-300x234.jpg 300w, https:\/\/www.enertrag.fr\/les-setiers\/wp-content\/uploads\/sites\/6\/2023\/02\/Image-cartographie-de-la-zone-detude-acoustique-768x599.jpg 768w\" sizes=\"(max-width: 800px) 100vw, 800px\" \/>\t\t\t\t\t\t\t\t\t\t\t\t\t\t\t<\/div>\n\t\t\t\t<\/div>\n\t\t\t\t\t<\/div>\n\t\t<\/div>\n\t\t\t\t\t<\/div>\n\t\t<\/section>\n\t\t\t\t<section class=\"elementor-section elementor-top-section elementor-element elementor-element-b2f3525 elementor-section-boxed elementor-section-height-default elementor-section-height-default\" data-id=\"b2f3525\" data-element_type=\"section\" data-e-type=\"section\" data-settings=\"{&quot;_ha_eqh_enable&quot;:false}\">\n\t\t\t\t\t\t<div class=\"elementor-container elementor-column-gap-default\">\n\t\t\t\t\t<div class=\"elementor-column elementor-col-50 elementor-top-column elementor-element elementor-element-7dd19bb\" data-id=\"7dd19bb\" data-element_type=\"column\" data-e-type=\"column\">\n\t\t\t<div class=\"elementor-widget-wrap elementor-element-populated\">\n\t\t\t\t\t\t<div class=\"elementor-element elementor-element-a840337 elementor-widget elementor-widget-text-editor\" data-id=\"a840337\" data-element_type=\"widget\" data-e-type=\"widget\" data-widget_type=\"text-editor.default\">\n\t\t\t\t<div class=\"elementor-widget-container\">\n\t\t\t\t\t\t\t\t\t<h4>\u2022 L\u2019\u00e9tude \u00e9cologique :<\/h4><p>Afin de respecter et de pr\u00e9server la biodiversit\u00e9, ENERTRAG a fait appel au bureau d\u2019\u00e9tudes Sens Of Life pour r\u00e9aliser une \u00e9tude d\u2019impact environnementale.<\/p><p><strong>CONTEXTE<br \/><\/strong>Les \u00e9tudes men\u00e9es sur la zone d\u2019implantation du projet de parc \u00e9olien des S\u00e9tirs ont montr\u00e9 que les enjeux li\u00e9s \u00e0 la biodiversit\u00e9, et notamment les oiseaux et les chauves-souris, sont faibles sur l\u2019ensemble des parcelles cultiv\u00e9es. Seuls les secteurs de haies, de boisements, le r\u00e9servoir d\u2019eau et la sabli\u00e8re pr\u00e9sentent un int\u00e9r\u00eat avec une diversit\u00e9 plus importante.<\/p><p><strong>R\u00c9SULTATS<\/strong><br \/>Les \u00e9tudes ont permis de d\u00e9montrer que l\u2019\u00e9loignement choisi des \u00e9oliennes du projet de parc \u00e9olien des S\u00e9tiers de plusieurs centaines de m\u00e8tres des haies et boisements permet d\u2019\u00e9viter les impacts potentiels sur la biodiversit\u00e9.<br \/>Afin d\u2019obtenir plus d\u2019informations\u00a0concernant les donn\u00e9es environnementales, vous pouvez consulter le document ci-dessous qui traite de ces enjeux environnementaux.<br \/>\u00a0Par ailleurs, ENERTRAG a conclu un partenariat avec le CPIE des Pays de l\u2019Aisne afin de g\u00e9rer l\u2019 \u00e9tang de Courbes en faveur de la biodiversit\u00e9 pendant 15 ans.<\/p>\t\t\t\t\t\t\t\t<\/div>\n\t\t\t\t<\/div>\n\t\t\t\t\t<\/div>\n\t\t<\/div>\n\t\t\t\t<div class=\"elementor-column elementor-col-50 elementor-top-column elementor-element elementor-element-3aaf459\" data-id=\"3aaf459\" data-element_type=\"column\" data-e-type=\"column\">\n\t\t\t<div class=\"elementor-widget-wrap elementor-element-populated\">\n\t\t\t\t\t\t<div class=\"elementor-element elementor-element-230297b elementor-widget elementor-widget-image\" data-id=\"230297b\" data-element_type=\"widget\" data-e-type=\"widget\" data-widget_type=\"image.default\">\n\t\t\t\t<div class=\"elementor-widget-container\">\n\t\t\t\t\t\t\t\t\t\t\t\t\t\t\t<img loading=\"lazy\" decoding=\"async\" width=\"1152\" height=\"544\" src=\"https:\/\/www.enertrag.fr\/les-setiers\/wp-content\/uploads\/sites\/6\/2023\/02\/Image-etude-ecologique-etang.jpg\" class=\"attachment-full size-full wp-image-610\" alt=\"\" srcset=\"https:\/\/www.enertrag.fr\/les-setiers\/wp-content\/uploads\/sites\/6\/2023\/02\/Image-etude-ecologique-etang.jpg 1152w, https:\/\/www.enertrag.fr\/les-setiers\/wp-content\/uploads\/sites\/6\/2023\/02\/Image-etude-ecologique-etang-300x142.jpg 300w, https:\/\/www.enertrag.fr\/les-setiers\/wp-content\/uploads\/sites\/6\/2023\/02\/Image-etude-ecologique-etang-1024x484.jpg 1024w, https:\/\/www.enertrag.fr\/les-setiers\/wp-content\/uploads\/sites\/6\/2023\/02\/Image-etude-ecologique-etang-768x363.jpg 768w\" sizes=\"(max-width: 1152px) 100vw, 1152px\" \/>\t\t\t\t\t\t\t\t\t\t\t\t\t\t\t<\/div>\n\t\t\t\t<\/div>\n\t\t\t\t\t<\/div>\n\t\t<\/div>\n\t\t\t\t\t<\/div>\n\t\t<\/section>\n\t\t\t\t<section class=\"elementor-section elementor-top-section elementor-element elementor-element-6c65717 elementor-section-boxed elementor-section-height-default elementor-section-height-default\" data-id=\"6c65717\" data-element_type=\"section\" data-e-type=\"section\" data-settings=\"{&quot;_ha_eqh_enable&quot;:false}\">\n\t\t\t\t\t\t<div class=\"elementor-container elementor-column-gap-default\">\n\t\t\t\t\t<div class=\"elementor-column elementor-col-100 elementor-top-column elementor-element elementor-element-836862c\" data-id=\"836862c\" data-element_type=\"column\" data-e-type=\"column\">\n\t\t\t<div class=\"elementor-widget-wrap elementor-element-populated\">\n\t\t\t\t\t\t<div class=\"elementor-element elementor-element-14a6e00 elementor-widget elementor-widget-text-editor\" data-id=\"14a6e00\" data-element_type=\"widget\" data-e-type=\"widget\" data-widget_type=\"text-editor.default\">\n\t\t\t\t<div class=\"elementor-widget-container\">\n\t\t\t\t\t\t\t\t\t<h2>O\u00f9 se situe le projet ?<\/h2>\t\t\t\t\t\t\t\t<\/div>\n\t\t\t\t<\/div>\n\t\t\t\t\t<\/div>\n\t\t<\/div>\n\t\t\t\t\t<\/div>\n\t\t<\/section>\n\t\t\t\t<section class=\"elementor-section elementor-top-section elementor-element elementor-element-eccc6b8 elementor-section-boxed elementor-section-height-default elementor-section-height-default\" data-id=\"eccc6b8\" data-element_type=\"section\" data-e-type=\"section\" data-settings=\"{&quot;_ha_eqh_enable&quot;:false}\">\n\t\t\t\t\t\t<div class=\"elementor-container elementor-column-gap-default\">\n\t\t\t\t\t<div class=\"elementor-column elementor-col-100 elementor-top-column elementor-element elementor-element-0993040\" data-id=\"0993040\" data-element_type=\"column\" data-e-type=\"column\">\n\t\t\t<div class=\"elementor-widget-wrap elementor-element-populated\">\n\t\t\t\t\t\t<div class=\"elementor-element elementor-element-df46130 elementor-widget elementor-widget-image\" data-id=\"df46130\" data-element_type=\"widget\" data-e-type=\"widget\" data-widget_type=\"image.default\">\n\t\t\t\t<div class=\"elementor-widget-container\">\n\t\t\t\t\t\t\t\t\t\t\t\t\t\t\t<img loading=\"lazy\" decoding=\"async\" width=\"2560\" height=\"1811\" src=\"https:\/\/www.enertrag.fr\/les-setiers\/wp-content\/uploads\/sites\/6\/2023\/02\/Image-carte-dimplantation-du-pojet-au-regard-des-enjeux-ecologiques-scaled.jpg\" class=\"attachment-full size-full wp-image-611\" alt=\"\" srcset=\"https:\/\/www.enertrag.fr\/les-setiers\/wp-content\/uploads\/sites\/6\/2023\/02\/Image-carte-dimplantation-du-pojet-au-regard-des-enjeux-ecologiques-scaled.jpg 2560w, https:\/\/www.enertrag.fr\/les-setiers\/wp-content\/uploads\/sites\/6\/2023\/02\/Image-carte-dimplantation-du-pojet-au-regard-des-enjeux-ecologiques-300x212.jpg 300w, https:\/\/www.enertrag.fr\/les-setiers\/wp-content\/uploads\/sites\/6\/2023\/02\/Image-carte-dimplantation-du-pojet-au-regard-des-enjeux-ecologiques-1024x724.jpg 1024w, https:\/\/www.enertrag.fr\/les-setiers\/wp-content\/uploads\/sites\/6\/2023\/02\/Image-carte-dimplantation-du-pojet-au-regard-des-enjeux-ecologiques-768x543.jpg 768w, https:\/\/www.enertrag.fr\/les-setiers\/wp-content\/uploads\/sites\/6\/2023\/02\/Image-carte-dimplantation-du-pojet-au-regard-des-enjeux-ecologiques-1536x1087.jpg 1536w, https:\/\/www.enertrag.fr\/les-setiers\/wp-content\/uploads\/sites\/6\/2023\/02\/Image-carte-dimplantation-du-pojet-au-regard-des-enjeux-ecologiques-2048x1449.jpg 2048w\" sizes=\"(max-width: 2560px) 100vw, 2560px\" \/>\t\t\t\t\t\t\t\t\t\t\t\t\t\t\t<\/div>\n\t\t\t\t<\/div>\n\t\t\t\t\t<\/div>\n\t\t<\/div>\n\t\t\t\t\t<\/div>\n\t\t<\/section>\n\t\t\t\t<\/div>\n\t\t","protected":false},"excerpt":{"rendered":"<p>Pr\u00e9sentation g\u00e9n\u00e9rale du projet Parc \u00e9olien des S\u00e9tiers Le projet de parc \u00e9olien des S\u00e9tiers vise \u00e0 l\u2019implantation de 8 \u00e9oliennes dont la hauteur en bout de pale est de 200 m\u00e8tres.\u00a0Une fois mis en service, le parc \u00e9olien permettra d\u2019alimenter 19 500 foyers en \u00e9lectricit\u00e9 gr\u00e2ce \u00e0 l\u2019\u00e9nergie m\u00e9canique du vent. \u00a0 L\u2019avanc\u00e9e du [&hellip;]<\/p>\n","protected":false},"author":1,"featured_media":0,"parent":0,"menu_order":0,"comment_status":"closed","ping_status":"closed","template":"","meta":{"_acf_changed":false,"footnotes":""},"class_list":["post-62","page","type-page","status-publish","hentry"],"acf":[],"yoast_head":"<!-- This site is optimized with the Yoast SEO plugin v27.5 - https:\/\/yoast.com\/product\/yoast-seo-wordpress\/ -->\n<title>Le projet - les-setiers<\/title>\n<meta name=\"robots\" content=\"index, follow, max-snippet:-1, max-image-preview:large, max-video-preview:-1\" \/>\n<link rel=\"canonical\" href=\"https:\/\/www.enertrag.fr\/les-setiers\/le-projet\/\" \/>\n<meta property=\"og:locale\" content=\"fr_FR\" \/>\n<meta property=\"og:type\" content=\"article\" \/>\n<meta property=\"og:title\" content=\"Le projet - les-setiers\" \/>\n<meta property=\"og:description\" content=\"Pr\u00e9sentation g\u00e9n\u00e9rale du projet Parc \u00e9olien des S\u00e9tiers Le projet de parc \u00e9olien des S\u00e9tiers vise \u00e0 l\u2019implantation de 8 \u00e9oliennes dont la hauteur en bout de pale est de 200 m\u00e8tres.\u00a0Une fois mis en service, le parc \u00e9olien permettra d\u2019alimenter 19 500 foyers en \u00e9lectricit\u00e9 gr\u00e2ce \u00e0 l\u2019\u00e9nergie m\u00e9canique du vent. \u00a0 L\u2019avanc\u00e9e du [&hellip;]\" \/>\n<meta property=\"og:url\" content=\"https:\/\/www.enertrag.fr\/les-setiers\/le-projet\/\" \/>\n<meta property=\"og:site_name\" content=\"les-setiers\" \/>\n<meta property=\"article:modified_time\" content=\"2023-02-28T08:16:48+00:00\" \/>\n<meta property=\"og:image\" content=\"http:\/\/dev.parcs-eoliens-enertrag.fr\/les-setiers\/wp-content\/uploads\/sites\/6\/2023\/02\/image-projet.jpg\" \/>\n<meta name=\"twitter:card\" content=\"summary_large_image\" \/>\n<meta name=\"twitter:label1\" content=\"Dur\u00e9e de lecture estim\u00e9e\" \/>\n\t<meta name=\"twitter:data1\" content=\"6 minutes\" \/>\n<script type=\"application\/ld+json\" class=\"yoast-schema-graph\">{\"@context\":\"https:\\\/\\\/schema.org\",\"@graph\":[{\"@type\":\"WebPage\",\"@id\":\"https:\\\/\\\/www.enertrag.fr\\\/les-setiers\\\/le-projet\\\/\",\"url\":\"https:\\\/\\\/www.enertrag.fr\\\/les-setiers\\\/le-projet\\\/\",\"name\":\"Le projet - les-setiers\",\"isPartOf\":{\"@id\":\"https:\\\/\\\/www.enertrag.fr\\\/les-setiers\\\/#website\"},\"primaryImageOfPage\":{\"@id\":\"https:\\\/\\\/www.enertrag.fr\\\/les-setiers\\\/le-projet\\\/#primaryimage\"},\"image\":{\"@id\":\"https:\\\/\\\/www.enertrag.fr\\\/les-setiers\\\/le-projet\\\/#primaryimage\"},\"thumbnailUrl\":\"http:\\\/\\\/dev.parcs-eoliens-enertrag.fr\\\/les-setiers\\\/wp-content\\\/uploads\\\/sites\\\/6\\\/2023\\\/02\\\/image-projet.jpg\",\"datePublished\":\"2023-01-12T15:19:42+00:00\",\"dateModified\":\"2023-02-28T08:16:48+00:00\",\"breadcrumb\":{\"@id\":\"https:\\\/\\\/www.enertrag.fr\\\/les-setiers\\\/le-projet\\\/#breadcrumb\"},\"inLanguage\":\"fr-FR\",\"potentialAction\":[{\"@type\":\"ReadAction\",\"target\":[\"https:\\\/\\\/www.enertrag.fr\\\/les-setiers\\\/le-projet\\\/\"]}]},{\"@type\":\"ImageObject\",\"inLanguage\":\"fr-FR\",\"@id\":\"https:\\\/\\\/www.enertrag.fr\\\/les-setiers\\\/le-projet\\\/#primaryimage\",\"url\":\"http:\\\/\\\/dev.parcs-eoliens-enertrag.fr\\\/les-setiers\\\/wp-content\\\/uploads\\\/sites\\\/6\\\/2023\\\/02\\\/image-projet.jpg\",\"contentUrl\":\"http:\\\/\\\/dev.parcs-eoliens-enertrag.fr\\\/les-setiers\\\/wp-content\\\/uploads\\\/sites\\\/6\\\/2023\\\/02\\\/image-projet.jpg\"},{\"@type\":\"BreadcrumbList\",\"@id\":\"https:\\\/\\\/www.enertrag.fr\\\/les-setiers\\\/le-projet\\\/#breadcrumb\",\"itemListElement\":[{\"@type\":\"ListItem\",\"position\":1,\"name\":\"Accueil\",\"item\":\"https:\\\/\\\/www.enertrag.fr\\\/les-setiers\\\/\"},{\"@type\":\"ListItem\",\"position\":2,\"name\":\"Le projet\"}]},{\"@type\":\"WebSite\",\"@id\":\"https:\\\/\\\/www.enertrag.fr\\\/les-setiers\\\/#website\",\"url\":\"https:\\\/\\\/www.enertrag.fr\\\/les-setiers\\\/\",\"name\":\"les-setiers\",\"description\":\"\",\"publisher\":{\"@id\":\"https:\\\/\\\/www.enertrag.fr\\\/les-setiers\\\/#organization\"},\"potentialAction\":[{\"@type\":\"SearchAction\",\"target\":{\"@type\":\"EntryPoint\",\"urlTemplate\":\"https:\\\/\\\/www.enertrag.fr\\\/les-setiers\\\/?s={search_term_string}\"},\"query-input\":{\"@type\":\"PropertyValueSpecification\",\"valueRequired\":true,\"valueName\":\"search_term_string\"}}],\"inLanguage\":\"fr-FR\"},{\"@type\":\"Organization\",\"@id\":\"https:\\\/\\\/www.enertrag.fr\\\/les-setiers\\\/#organization\",\"name\":\"les-setiers\",\"url\":\"https:\\\/\\\/www.enertrag.fr\\\/les-setiers\\\/\",\"logo\":{\"@type\":\"ImageObject\",\"inLanguage\":\"fr-FR\",\"@id\":\"https:\\\/\\\/www.enertrag.fr\\\/les-setiers\\\/#\\\/schema\\\/logo\\\/image\\\/\",\"url\":\"https:\\\/\\\/www.enertrag.fr\\\/les-setiers\\\/wp-content\\\/uploads\\\/sites\\\/6\\\/2023\\\/01\\\/ENERTRAG_Logo.png\",\"contentUrl\":\"https:\\\/\\\/www.enertrag.fr\\\/les-setiers\\\/wp-content\\\/uploads\\\/sites\\\/6\\\/2023\\\/01\\\/ENERTRAG_Logo.png\",\"width\":500,\"height\":161,\"caption\":\"les-setiers\"},\"image\":{\"@id\":\"https:\\\/\\\/www.enertrag.fr\\\/les-setiers\\\/#\\\/schema\\\/logo\\\/image\\\/\"}}]}<\/script>\n<!-- \/ Yoast SEO plugin. -->","yoast_head_json":{"title":"Le projet - les-setiers","robots":{"index":"index","follow":"follow","max-snippet":"max-snippet:-1","max-image-preview":"max-image-preview:large","max-video-preview":"max-video-preview:-1"},"canonical":"https:\/\/www.enertrag.fr\/les-setiers\/le-projet\/","og_locale":"fr_FR","og_type":"article","og_title":"Le projet - les-setiers","og_description":"Pr\u00e9sentation g\u00e9n\u00e9rale du projet Parc \u00e9olien des S\u00e9tiers Le projet de parc \u00e9olien des S\u00e9tiers vise \u00e0 l\u2019implantation de 8 \u00e9oliennes dont la hauteur en bout de pale est de 200 m\u00e8tres.\u00a0Une fois mis en service, le parc \u00e9olien permettra d\u2019alimenter 19 500 foyers en \u00e9lectricit\u00e9 gr\u00e2ce \u00e0 l\u2019\u00e9nergie m\u00e9canique du vent. \u00a0 L\u2019avanc\u00e9e du [&hellip;]","og_url":"https:\/\/www.enertrag.fr\/les-setiers\/le-projet\/","og_site_name":"les-setiers","article_modified_time":"2023-02-28T08:16:48+00:00","og_image":[{"url":"http:\/\/dev.parcs-eoliens-enertrag.fr\/les-setiers\/wp-content\/uploads\/sites\/6\/2023\/02\/image-projet.jpg","type":"","width":"","height":""}],"twitter_card":"summary_large_image","twitter_misc":{"Dur\u00e9e de lecture estim\u00e9e":"6 minutes"},"schema":{"@context":"https:\/\/schema.org","@graph":[{"@type":"WebPage","@id":"https:\/\/www.enertrag.fr\/les-setiers\/le-projet\/","url":"https:\/\/www.enertrag.fr\/les-setiers\/le-projet\/","name":"Le projet - les-setiers","isPartOf":{"@id":"https:\/\/www.enertrag.fr\/les-setiers\/#website"},"primaryImageOfPage":{"@id":"https:\/\/www.enertrag.fr\/les-setiers\/le-projet\/#primaryimage"},"image":{"@id":"https:\/\/www.enertrag.fr\/les-setiers\/le-projet\/#primaryimage"},"thumbnailUrl":"http:\/\/dev.parcs-eoliens-enertrag.fr\/les-setiers\/wp-content\/uploads\/sites\/6\/2023\/02\/image-projet.jpg","datePublished":"2023-01-12T15:19:42+00:00","dateModified":"2023-02-28T08:16:48+00:00","breadcrumb":{"@id":"https:\/\/www.enertrag.fr\/les-setiers\/le-projet\/#breadcrumb"},"inLanguage":"fr-FR","potentialAction":[{"@type":"ReadAction","target":["https:\/\/www.enertrag.fr\/les-setiers\/le-projet\/"]}]},{"@type":"ImageObject","inLanguage":"fr-FR","@id":"https:\/\/www.enertrag.fr\/les-setiers\/le-projet\/#primaryimage","url":"http:\/\/dev.parcs-eoliens-enertrag.fr\/les-setiers\/wp-content\/uploads\/sites\/6\/2023\/02\/image-projet.jpg","contentUrl":"http:\/\/dev.parcs-eoliens-enertrag.fr\/les-setiers\/wp-content\/uploads\/sites\/6\/2023\/02\/image-projet.jpg"},{"@type":"BreadcrumbList","@id":"https:\/\/www.enertrag.fr\/les-setiers\/le-projet\/#breadcrumb","itemListElement":[{"@type":"ListItem","position":1,"name":"Accueil","item":"https:\/\/www.enertrag.fr\/les-setiers\/"},{"@type":"ListItem","position":2,"name":"Le projet"}]},{"@type":"WebSite","@id":"https:\/\/www.enertrag.fr\/les-setiers\/#website","url":"https:\/\/www.enertrag.fr\/les-setiers\/","name":"les-setiers","description":"","publisher":{"@id":"https:\/\/www.enertrag.fr\/les-setiers\/#organization"},"potentialAction":[{"@type":"SearchAction","target":{"@type":"EntryPoint","urlTemplate":"https:\/\/www.enertrag.fr\/les-setiers\/?s={search_term_string}"},"query-input":{"@type":"PropertyValueSpecification","valueRequired":true,"valueName":"search_term_string"}}],"inLanguage":"fr-FR"},{"@type":"Organization","@id":"https:\/\/www.enertrag.fr\/les-setiers\/#organization","name":"les-setiers","url":"https:\/\/www.enertrag.fr\/les-setiers\/","logo":{"@type":"ImageObject","inLanguage":"fr-FR","@id":"https:\/\/www.enertrag.fr\/les-setiers\/#\/schema\/logo\/image\/","url":"https:\/\/www.enertrag.fr\/les-setiers\/wp-content\/uploads\/sites\/6\/2023\/01\/ENERTRAG_Logo.png","contentUrl":"https:\/\/www.enertrag.fr\/les-setiers\/wp-content\/uploads\/sites\/6\/2023\/01\/ENERTRAG_Logo.png","width":500,"height":161,"caption":"les-setiers"},"image":{"@id":"https:\/\/www.enertrag.fr\/les-setiers\/#\/schema\/logo\/image\/"}}]}},"_links":{"self":[{"href":"https:\/\/www.enertrag.fr\/les-setiers\/wp-json\/wp\/v2\/pages\/62","targetHints":{"allow":["GET"]}}],"collection":[{"href":"https:\/\/www.enertrag.fr\/les-setiers\/wp-json\/wp\/v2\/pages"}],"about":[{"href":"https:\/\/www.enertrag.fr\/les-setiers\/wp-json\/wp\/v2\/types\/page"}],"author":[{"embeddable":true,"href":"https:\/\/www.enertrag.fr\/les-setiers\/wp-json\/wp\/v2\/users\/1"}],"replies":[{"embeddable":true,"href":"https:\/\/www.enertrag.fr\/les-setiers\/wp-json\/wp\/v2\/comments?post=62"}],"version-history":[{"count":0,"href":"https:\/\/www.enertrag.fr\/les-setiers\/wp-json\/wp\/v2\/pages\/62\/revisions"}],"wp:attachment":[{"href":"https:\/\/www.enertrag.fr\/les-setiers\/wp-json\/wp\/v2\/media?parent=62"}],"curies":[{"name":"wp","href":"https:\/\/api.w.org\/{rel}","templated":true}]}}