{"id":5,"date":"2023-01-10T12:26:09","date_gmt":"2023-01-10T11:26:09","guid":{"rendered":"http:\/\/dev.parcs-eoliens-enertrag.fr\/testy\/?page_id=5"},"modified":"2023-07-05T11:36:15","modified_gmt":"2023-07-05T09:36:15","slug":"accueil","status":"publish","type":"page","link":"https:\/\/www.enertrag.fr\/les-setiers\/","title":{"rendered":"Accueil"},"content":{"rendered":"\t\t<div data-elementor-type=\"wp-page\" data-elementor-id=\"5\" class=\"elementor elementor-5\" data-elementor-settings=\"{&quot;ha_cmc_init_switcher&quot;:&quot;no&quot;}\" data-elementor-post-type=\"page\">\n\t\t\t\t\t\t<section class=\"elementor-section elementor-top-section elementor-element elementor-element-3a95a101 elementor-section-boxed elementor-section-height-default elementor-section-height-default\" data-id=\"3a95a101\" data-element_type=\"section\" data-e-type=\"section\" data-settings=\"{&quot;background_background&quot;:&quot;classic&quot;,&quot;_ha_eqh_enable&quot;:false}\">\n\t\t\t\t\t\t<div class=\"elementor-container elementor-column-gap-default\">\n\t\t\t\t\t<div class=\"elementor-column elementor-col-100 elementor-top-column elementor-element elementor-element-745acc87\" data-id=\"745acc87\" data-element_type=\"column\" data-e-type=\"column\">\n\t\t\t<div class=\"elementor-widget-wrap elementor-element-populated\">\n\t\t\t\t\t\t<div class=\"elementor-element elementor-element-0143a0d elementor-widget elementor-widget-text-editor\" data-id=\"0143a0d\" data-element_type=\"widget\" data-e-type=\"widget\" id=\"bandeau_h1\" data-widget_type=\"text-editor.default\">\n\t\t\t\t<div class=\"elementor-widget-container\">\n\t\t\t\t\t\t\t\t\t<h1><span>PROJET \u00c9OLIEN<\/span> DES S\u00c9TIERS<\/h1>\t\t\t\t\t\t\t\t<\/div>\n\t\t\t\t<\/div>\n\t\t\t\t\t<\/div>\n\t\t<\/div>\n\t\t\t\t\t<\/div>\n\t\t<\/section>\n\t\t\t\t<section class=\"elementor-section elementor-top-section elementor-element elementor-element-5fab407e elementor-section-full_width elementor-section-stretched elementor-section-height-default elementor-section-height-default\" data-id=\"5fab407e\" data-element_type=\"section\" data-e-type=\"section\" data-settings=\"{&quot;stretch_section&quot;:&quot;section-stretched&quot;,&quot;_ha_eqh_enable&quot;:false}\">\n\t\t\t\t\t\t<div class=\"elementor-container elementor-column-gap-default\">\n\t\t\t\t\t<div class=\"elementor-column elementor-col-100 elementor-top-column elementor-element elementor-element-7399a403\" data-id=\"7399a403\" data-element_type=\"column\" data-e-type=\"column\">\n\t\t\t<div class=\"elementor-widget-wrap elementor-element-populated\">\n\t\t\t\t\t\t<div class=\"elementor-element elementor-element-4ed70727 elementor-widget elementor-widget-image\" data-id=\"4ed70727\" data-element_type=\"widget\" data-e-type=\"widget\" data-widget_type=\"image.default\">\n\t\t\t\t<div class=\"elementor-widget-container\">\n\t\t\t\t\t\t\t\t\t\t\t\t\t\t\t<img fetchpriority=\"high\" decoding=\"async\" width=\"2560\" height=\"575\" src=\"https:\/\/www.enertrag.fr\/les-setiers\/wp-content\/uploads\/sites\/6\/2023\/02\/image-home_2.jpg\" class=\"attachment-full size-full wp-image-455\" alt=\"\" srcset=\"https:\/\/www.enertrag.fr\/les-setiers\/wp-content\/uploads\/sites\/6\/2023\/02\/image-home_2.jpg 2560w, https:\/\/www.enertrag.fr\/les-setiers\/wp-content\/uploads\/sites\/6\/2023\/02\/image-home_2-300x67.jpg 300w, https:\/\/www.enertrag.fr\/les-setiers\/wp-content\/uploads\/sites\/6\/2023\/02\/image-home_2-1024x230.jpg 1024w, https:\/\/www.enertrag.fr\/les-setiers\/wp-content\/uploads\/sites\/6\/2023\/02\/image-home_2-768x173.jpg 768w, https:\/\/www.enertrag.fr\/les-setiers\/wp-content\/uploads\/sites\/6\/2023\/02\/image-home_2-1536x345.jpg 1536w, https:\/\/www.enertrag.fr\/les-setiers\/wp-content\/uploads\/sites\/6\/2023\/02\/image-home_2-2048x460.jpg 2048w\" sizes=\"(max-width: 2560px) 100vw, 2560px\" \/>\t\t\t\t\t\t\t\t\t\t\t\t\t\t\t<\/div>\n\t\t\t\t<\/div>\n\t\t\t\t\t<\/div>\n\t\t<\/div>\n\t\t\t\t\t<\/div>\n\t\t<\/section>\n\t\t\t\t<section class=\"elementor-section elementor-top-section elementor-element elementor-element-c97c833 elementor-section-boxed elementor-section-height-default elementor-section-height-default\" data-id=\"c97c833\" data-element_type=\"section\" data-e-type=\"section\" data-settings=\"{&quot;background_background&quot;:&quot;classic&quot;,&quot;_ha_eqh_enable&quot;:false}\">\n\t\t\t\t\t\t<div class=\"elementor-container elementor-column-gap-default\">\n\t\t\t\t\t<div class=\"elementor-column elementor-col-50 elementor-top-column elementor-element elementor-element-2a79239\" data-id=\"2a79239\" data-element_type=\"column\" data-e-type=\"column\">\n\t\t\t<div class=\"elementor-widget-wrap elementor-element-populated\">\n\t\t\t\t\t\t<div class=\"elementor-element elementor-element-fbf4f8d elementor-widget elementor-widget-image\" data-id=\"fbf4f8d\" data-element_type=\"widget\" data-e-type=\"widget\" data-widget_type=\"image.default\">\n\t\t\t\t<div class=\"elementor-widget-container\">\n\t\t\t\t\t\t\t\t\t\t\t\t\t\t\t<img decoding=\"async\" width=\"768\" height=\"680\" src=\"https:\/\/www.enertrag.fr\/les-setiers\/wp-content\/uploads\/sites\/6\/2023\/01\/Illstration-768x680.png\" class=\"attachment-medium_large size-medium_large wp-image-159\" alt=\"\" srcset=\"https:\/\/www.enertrag.fr\/les-setiers\/wp-content\/uploads\/sites\/6\/2023\/01\/Illstration-768x680.png 768w, https:\/\/www.enertrag.fr\/les-setiers\/wp-content\/uploads\/sites\/6\/2023\/01\/Illstration-300x266.png 300w, https:\/\/www.enertrag.fr\/les-setiers\/wp-content\/uploads\/sites\/6\/2023\/01\/Illstration.png 835w\" sizes=\"(max-width: 768px) 100vw, 768px\" \/>\t\t\t\t\t\t\t\t\t\t\t\t\t\t\t<\/div>\n\t\t\t\t<\/div>\n\t\t\t\t\t<\/div>\n\t\t<\/div>\n\t\t\t\t<div class=\"elementor-column elementor-col-50 elementor-top-column elementor-element elementor-element-3f0f230\" data-id=\"3f0f230\" data-element_type=\"column\" data-e-type=\"column\">\n\t\t\t<div class=\"elementor-widget-wrap elementor-element-populated\">\n\t\t\t\t\t\t<div class=\"elementor-element elementor-element-4d66b2a elementor-widget elementor-widget-text-editor\" data-id=\"4d66b2a\" data-element_type=\"widget\" data-e-type=\"widget\" data-widget_type=\"text-editor.default\">\n\t\t\t\t<div class=\"elementor-widget-container\">\n\t\t\t\t\t\t\t\t\t<h2 style=\"text-align: center;\">Le projet en Bref<\/h2><p>Le projet de parc \u00e9olien <strong>des S\u00e9tiers<\/strong> vise \u00e0 l\u2019implantation de 8 \u00e9oliennes dont la hauteur en bout de pale est de 200 m\u00e8tres.<br \/>Une fois mis en service, le parc \u00e9olien permettra d\u2019alimenter 19 500 foyers en \u00e9lectricit\u00e9 gr\u00e2ce \u00e0 l\u2019\u00e9nergie m\u00e9canique du vent.<\/p>\t\t\t\t\t\t\t\t<\/div>\n\t\t\t\t<\/div>\n\t\t\t\t<div class=\"elementor-element elementor-element-ad352ab elementor-align-center elementor-widget elementor-widget-button\" data-id=\"ad352ab\" data-element_type=\"widget\" data-e-type=\"widget\" data-widget_type=\"button.default\">\n\t\t\t\t<div class=\"elementor-widget-container\">\n\t\t\t\t\t\t\t\t\t<div class=\"elementor-button-wrapper\">\n\t\t\t\t\t<a class=\"elementor-button elementor-button-link elementor-size-sm\" href=\"https:\/\/www.enertrag.fr\/les-setiers\/le-projet\/\">\n\t\t\t\t\t\t<span class=\"elementor-button-content-wrapper\">\n\t\t\t\t\t\t\t\t\t<span class=\"elementor-button-text\">D\u00e9couvrir le projet<\/span>\n\t\t\t\t\t<\/span>\n\t\t\t\t\t<\/a>\n\t\t\t\t<\/div>\n\t\t\t\t\t\t\t\t<\/div>\n\t\t\t\t<\/div>\n\t\t\t\t\t<\/div>\n\t\t<\/div>\n\t\t\t\t\t<\/div>\n\t\t<\/section>\n\t\t\t\t<section class=\"elementor-section elementor-top-section elementor-element elementor-element-a439d05 elementor-section-boxed elementor-section-height-default elementor-section-height-default\" data-id=\"a439d05\" data-element_type=\"section\" data-e-type=\"section\" data-settings=\"{&quot;_ha_eqh_enable&quot;:false}\">\n\t\t\t\t\t\t<div class=\"elementor-container elementor-column-gap-default\">\n\t\t\t\t\t<div class=\"elementor-column elementor-col-100 elementor-top-column elementor-element elementor-element-aff318a\" data-id=\"aff318a\" data-element_type=\"column\" data-e-type=\"column\">\n\t\t\t<div class=\"elementor-widget-wrap elementor-element-populated\">\n\t\t\t\t\t\t<div class=\"elementor-element elementor-element-21a0449 elementor-widget elementor-widget-text-editor\" data-id=\"21a0449\" data-element_type=\"widget\" data-e-type=\"widget\" data-widget_type=\"text-editor.default\">\n\t\t\t\t<div class=\"elementor-widget-container\">\n\t\t\t\t\t\t\t\t\t<h2 style=\"text-align: center;\">Les actualit\u00e9s<\/h2>\t\t\t\t\t\t\t\t<\/div>\n\t\t\t\t<\/div>\n\t\t\t\t\t<\/div>\n\t\t<\/div>\n\t\t\t\t\t<\/div>\n\t\t<\/section>\n\t\t\t\t<section class=\"elementor-section elementor-top-section elementor-element elementor-element-7d4d063 elementor-section-boxed elementor-section-height-default elementor-section-height-default\" data-id=\"7d4d063\" data-element_type=\"section\" data-e-type=\"section\" data-settings=\"{&quot;_ha_eqh_enable&quot;:false}\">\n\t\t\t\t\t\t<div class=\"elementor-container elementor-column-gap-default\">\n\t\t\t\t\t<div class=\"elementor-column elementor-col-100 elementor-top-column elementor-element elementor-element-8ae6f95\" data-id=\"8ae6f95\" data-element_type=\"column\" data-e-type=\"column\">\n\t\t\t<div class=\"elementor-widget-wrap elementor-element-populated\">\n\t\t\t\t\t\t<div class=\"elementor-element elementor-element-04ee5d6 elementor-posts--align-center elementor-grid-3 elementor-grid-tablet-2 elementor-grid-mobile-1 elementor-posts--thumbnail-top elementor-widget elementor-widget-posts\" data-id=\"04ee5d6\" data-element_type=\"widget\" data-e-type=\"widget\" data-settings=\"{&quot;classic_columns&quot;:&quot;3&quot;,&quot;classic_columns_tablet&quot;:&quot;2&quot;,&quot;classic_columns_mobile&quot;:&quot;1&quot;,&quot;classic_row_gap&quot;:{&quot;unit&quot;:&quot;px&quot;,&quot;size&quot;:35,&quot;sizes&quot;:[]},&quot;classic_row_gap_tablet&quot;:{&quot;unit&quot;:&quot;px&quot;,&quot;size&quot;:&quot;&quot;,&quot;sizes&quot;:[]},&quot;classic_row_gap_mobile&quot;:{&quot;unit&quot;:&quot;px&quot;,&quot;size&quot;:&quot;&quot;,&quot;sizes&quot;:[]}}\" data-widget_type=\"posts.classic\">\n\t\t\t\t<div class=\"elementor-widget-container\">\n\t\t\t\t\t\t\t<div class=\"elementor-posts-container elementor-posts elementor-posts--skin-classic elementor-grid\" role=\"list\">\n\t\t\t\t<article class=\"elementor-post elementor-grid-item post-74 post type-post status-publish format-standard hentry category-non-classe\" role=\"listitem\">\n\t\t\t\t<div class=\"elementor-post__text\">\n\t\t\t\t<h3 class=\"elementor-post__title\">\n\t\t\t<a href=\"https:\/\/www.enertrag.fr\/les-setiers\/blog\/2023\/01\/12\/etudes-environnementales\/\" >\n\t\t\t\tEtudes environnementales\t\t\t<\/a>\n\t\t<\/h3>\n\t\t\t\t<div class=\"elementor-post__excerpt\">\n\t\t\t<p>Les \u00e9tudes environnementales du projet de parc \u00e9olien des S\u00e9tiers se sont termin\u00e9es fin 2019 avec les donn\u00e9es sur les chauves-souris en altitude.<\/p>\n\t\t<\/div>\n\t\t\t\t\t<div class=\"elementor-post__read-more-wrapper\">\n\t\t\n\t\t<a class=\"elementor-post__read-more\" href=\"https:\/\/www.enertrag.fr\/les-setiers\/blog\/2023\/01\/12\/etudes-environnementales\/\" aria-label=\"En savoir plus sur Etudes environnementales\" tabindex=\"-1\" >\n\t\t\tLire la suite &gt;\t\t<\/a>\n\n\t\t\t\t\t<\/div>\n\t\t\t\t<\/div>\n\t\t\t\t<\/article>\n\t\t\t\t<article class=\"elementor-post elementor-grid-item post-72 post type-post status-publish format-standard hentry category-non-classe\" role=\"listitem\">\n\t\t\t\t<div class=\"elementor-post__text\">\n\t\t\t\t<h3 class=\"elementor-post__title\">\n\t\t\t<a href=\"https:\/\/www.enertrag.fr\/les-setiers\/blog\/2023\/01\/12\/dossier-de-demande-dautorisation-environnementale\/\" >\n\t\t\t\tDossier de demande d\u2019autorisation environnementale\t\t\t<\/a>\n\t\t<\/h3>\n\t\t\t\t<div class=\"elementor-post__excerpt\">\n\t\t\t<p>Le dossier de demande d\u2019autorisation environnementale a \u00e9t\u00e9 d\u00e9pos\u00e9 en septembre 2020.<\/p>\n\t\t<\/div>\n\t\t\t\t\t<div class=\"elementor-post__read-more-wrapper\">\n\t\t\n\t\t<a class=\"elementor-post__read-more\" href=\"https:\/\/www.enertrag.fr\/les-setiers\/blog\/2023\/01\/12\/dossier-de-demande-dautorisation-environnementale\/\" aria-label=\"En savoir plus sur Dossier de demande d\u2019autorisation environnementale\" tabindex=\"-1\" >\n\t\t\tLire la suite &gt;\t\t<\/a>\n\n\t\t\t\t\t<\/div>\n\t\t\t\t<\/div>\n\t\t\t\t<\/article>\n\t\t\t\t<article class=\"elementor-post elementor-grid-item post-1 post type-post status-publish format-standard hentry category-non-classe\" role=\"listitem\">\n\t\t\t\t<div class=\"elementor-post__text\">\n\t\t\t\t<h3 class=\"elementor-post__title\">\n\t\t\t<a href=\"https:\/\/www.enertrag.fr\/les-setiers\/blog\/2023\/01\/10\/des-complements-concernant-la-faune-volante\/\" >\n\t\t\t\tDes compl\u00e9ments concernant la faune volante\t\t\t<\/a>\n\t\t<\/h3>\n\t\t\t\t<div class=\"elementor-post__excerpt\">\n\t\t\t<p>Des compl\u00e9ments concernant la faune volante sont en cours d\u2019\u00e9tude cette ann\u00e9e, raison pour laquelle nous avons install\u00e9 un m\u00e2t de mesure en janvier.<\/p>\n\t\t<\/div>\n\t\t\t\t\t<div class=\"elementor-post__read-more-wrapper\">\n\t\t\n\t\t<a class=\"elementor-post__read-more\" href=\"https:\/\/www.enertrag.fr\/les-setiers\/blog\/2023\/01\/10\/des-complements-concernant-la-faune-volante\/\" aria-label=\"En savoir plus sur Des compl\u00e9ments concernant la faune volante\" tabindex=\"-1\" >\n\t\t\tLire la suite &gt;\t\t<\/a>\n\n\t\t\t\t\t<\/div>\n\t\t\t\t<\/div>\n\t\t\t\t<\/article>\n\t\t\t\t<\/div>\n\t\t\n\t\t\t\t\t\t<\/div>\n\t\t\t\t<\/div>\n\t\t\t\t<div class=\"elementor-element elementor-element-d70535f elementor-align-center elementor-widget elementor-widget-button\" data-id=\"d70535f\" data-element_type=\"widget\" data-e-type=\"widget\" data-widget_type=\"button.default\">\n\t\t\t\t<div class=\"elementor-widget-container\">\n\t\t\t\t\t\t\t\t\t<div class=\"elementor-button-wrapper\">\n\t\t\t\t\t<a class=\"elementor-button elementor-button-link elementor-size-sm\" href=\"https:\/\/www.enertrag.fr\/les-setiers\/actualites\/\">\n\t\t\t\t\t\t<span class=\"elementor-button-content-wrapper\">\n\t\t\t\t\t\t\t\t\t<span class=\"elementor-button-text\">Voir toutes les actualit\u00e9s<\/span>\n\t\t\t\t\t<\/span>\n\t\t\t\t\t<\/a>\n\t\t\t\t<\/div>\n\t\t\t\t\t\t\t\t<\/div>\n\t\t\t\t<\/div>\n\t\t\t\t\t<\/div>\n\t\t<\/div>\n\t\t\t\t\t<\/div>\n\t\t<\/section>\n\t\t\t\t<\/div>\n\t\t","protected":false},"excerpt":{"rendered":"<p>PROJET \u00c9OLIEN DES S\u00c9TIERS Le projet en Bref Le projet de parc \u00e9olien des S\u00e9tiers vise \u00e0 l\u2019implantation de 8 \u00e9oliennes dont la hauteur en bout de pale est de 200 m\u00e8tres. Une fois mis en service, le parc \u00e9olien permettra d\u2019alimenter 19 500 foyers en \u00e9lectricit\u00e9 gr\u00e2ce \u00e0 l\u2019\u00e9nergie m\u00e9canique du vent. D\u00e9couvrir le [&hellip;]<\/p>\n","protected":false},"author":1,"featured_media":0,"parent":0,"menu_order":0,"comment_status":"closed","ping_status":"closed","template":"","meta":{"_acf_changed":false,"footnotes":""},"class_list":["post-5","page","type-page","status-publish","hentry"],"acf":[],"yoast_head":"<!-- This site is optimized with the Yoast SEO plugin v27.5 - https:\/\/yoast.com\/product\/yoast-seo-wordpress\/ -->\n<title>Projet \u00e9olien des S\u00e9tiers<\/title>\n<meta name=\"description\" content=\"Ce projet d\u2019\u00e9nergies renouvelables, plus particuli\u00e8rement \u00e9olien, compte 8 \u00e9oliennes de 5,6 chacune, soit un total de 44,8 MW. Il est situ\u00e9 sur les communes de Courbes, Monceau-Les-Leux et Versigny dans l\u2019Aisne (02). Il est en cours d\u2019instruction et sera mis en service en 2028 par ENERTRAG.\" \/>\n<meta name=\"robots\" content=\"index, follow, max-snippet:-1, max-image-preview:large, max-video-preview:-1\" \/>\n<link rel=\"canonical\" href=\"https:\/\/www.enertrag.fr\/les-setiers\/\" \/>\n<meta property=\"og:locale\" content=\"fr_FR\" \/>\n<meta property=\"og:type\" content=\"article\" \/>\n<meta property=\"og:title\" content=\"Projet \u00e9olien des S\u00e9tiers\" \/>\n<meta property=\"og:description\" content=\"Ce projet d\u2019\u00e9nergies renouvelables, plus particuli\u00e8rement \u00e9olien, compte 8 \u00e9oliennes de 5,6 chacune, soit un total de 44,8 MW. Il est situ\u00e9 sur les communes de Courbes, Monceau-Les-Leux et Versigny dans l\u2019Aisne (02). Il est en cours d\u2019instruction et sera mis en service en 2028 par ENERTRAG.\" \/>\n<meta property=\"og:url\" content=\"https:\/\/www.enertrag.fr\/les-setiers\/\" \/>\n<meta property=\"og:site_name\" content=\"les-setiers\" \/>\n<meta property=\"article:modified_time\" content=\"2023-07-05T09:36:15+00:00\" \/>\n<meta property=\"og:image\" content=\"https:\/\/www.enertrag.fr\/les-setiers\/wp-content\/uploads\/sites\/6\/2023\/02\/image-home_2.jpg\" \/>\n<meta name=\"twitter:card\" content=\"summary_large_image\" \/>\n<meta name=\"twitter:label1\" content=\"Dur\u00e9e de lecture estim\u00e9e\" \/>\n\t<meta name=\"twitter:data1\" content=\"1 minute\" \/>\n<script type=\"application\/ld+json\" class=\"yoast-schema-graph\">{\"@context\":\"https:\\\/\\\/schema.org\",\"@graph\":[{\"@type\":\"WebPage\",\"@id\":\"https:\\\/\\\/www.enertrag.fr\\\/les-setiers\\\/\",\"url\":\"https:\\\/\\\/www.enertrag.fr\\\/les-setiers\\\/\",\"name\":\"Projet \u00e9olien des S\u00e9tiers\",\"isPartOf\":{\"@id\":\"https:\\\/\\\/www.enertrag.fr\\\/les-setiers\\\/#website\"},\"primaryImageOfPage\":{\"@id\":\"https:\\\/\\\/www.enertrag.fr\\\/les-setiers\\\/#primaryimage\"},\"image\":{\"@id\":\"https:\\\/\\\/www.enertrag.fr\\\/les-setiers\\\/#primaryimage\"},\"thumbnailUrl\":\"https:\\\/\\\/www.enertrag.fr\\\/les-setiers\\\/wp-content\\\/uploads\\\/sites\\\/6\\\/2023\\\/02\\\/image-home_2.jpg\",\"datePublished\":\"2023-01-10T11:26:09+00:00\",\"dateModified\":\"2023-07-05T09:36:15+00:00\",\"description\":\"Ce projet d\u2019\u00e9nergies renouvelables, plus particuli\u00e8rement \u00e9olien, compte 8 \u00e9oliennes de 5,6 chacune, soit un total de 44,8 MW. Il est situ\u00e9 sur les communes de Courbes, Monceau-Les-Leux et Versigny dans l\u2019Aisne (02). Il est en cours d\u2019instruction et sera mis en service en 2028 par ENERTRAG.\",\"breadcrumb\":{\"@id\":\"https:\\\/\\\/www.enertrag.fr\\\/les-setiers\\\/#breadcrumb\"},\"inLanguage\":\"fr-FR\",\"potentialAction\":[{\"@type\":\"ReadAction\",\"target\":[\"https:\\\/\\\/www.enertrag.fr\\\/les-setiers\\\/\"]}]},{\"@type\":\"ImageObject\",\"inLanguage\":\"fr-FR\",\"@id\":\"https:\\\/\\\/www.enertrag.fr\\\/les-setiers\\\/#primaryimage\",\"url\":\"https:\\\/\\\/www.enertrag.fr\\\/les-setiers\\\/wp-content\\\/uploads\\\/sites\\\/6\\\/2023\\\/02\\\/image-home_2.jpg\",\"contentUrl\":\"https:\\\/\\\/www.enertrag.fr\\\/les-setiers\\\/wp-content\\\/uploads\\\/sites\\\/6\\\/2023\\\/02\\\/image-home_2.jpg\",\"width\":2560,\"height\":575},{\"@type\":\"BreadcrumbList\",\"@id\":\"https:\\\/\\\/www.enertrag.fr\\\/les-setiers\\\/#breadcrumb\",\"itemListElement\":[{\"@type\":\"ListItem\",\"position\":1,\"name\":\"Accueil\",\"item\":\"https:\\\/\\\/www.enertrag.fr\\\/les-setiers\\\/\"},{\"@type\":\"ListItem\",\"position\":2,\"name\":\"Accueil\"}]},{\"@type\":\"WebSite\",\"@id\":\"https:\\\/\\\/www.enertrag.fr\\\/les-setiers\\\/#website\",\"url\":\"https:\\\/\\\/www.enertrag.fr\\\/les-setiers\\\/\",\"name\":\"les-setiers\",\"description\":\"\",\"publisher\":{\"@id\":\"https:\\\/\\\/www.enertrag.fr\\\/les-setiers\\\/#organization\"},\"potentialAction\":[{\"@type\":\"SearchAction\",\"target\":{\"@type\":\"EntryPoint\",\"urlTemplate\":\"https:\\\/\\\/www.enertrag.fr\\\/les-setiers\\\/?s={search_term_string}\"},\"query-input\":{\"@type\":\"PropertyValueSpecification\",\"valueRequired\":true,\"valueName\":\"search_term_string\"}}],\"inLanguage\":\"fr-FR\"},{\"@type\":\"Organization\",\"@id\":\"https:\\\/\\\/www.enertrag.fr\\\/les-setiers\\\/#organization\",\"name\":\"les-setiers\",\"url\":\"https:\\\/\\\/www.enertrag.fr\\\/les-setiers\\\/\",\"logo\":{\"@type\":\"ImageObject\",\"inLanguage\":\"fr-FR\",\"@id\":\"https:\\\/\\\/www.enertrag.fr\\\/les-setiers\\\/#\\\/schema\\\/logo\\\/image\\\/\",\"url\":\"https:\\\/\\\/www.enertrag.fr\\\/les-setiers\\\/wp-content\\\/uploads\\\/sites\\\/6\\\/2023\\\/01\\\/ENERTRAG_Logo.png\",\"contentUrl\":\"https:\\\/\\\/www.enertrag.fr\\\/les-setiers\\\/wp-content\\\/uploads\\\/sites\\\/6\\\/2023\\\/01\\\/ENERTRAG_Logo.png\",\"width\":500,\"height\":161,\"caption\":\"les-setiers\"},\"image\":{\"@id\":\"https:\\\/\\\/www.enertrag.fr\\\/les-setiers\\\/#\\\/schema\\\/logo\\\/image\\\/\"}}]}<\/script>\n<!-- \/ Yoast SEO plugin. -->","yoast_head_json":{"title":"Projet \u00e9olien des S\u00e9tiers","description":"Ce projet d\u2019\u00e9nergies renouvelables, plus particuli\u00e8rement \u00e9olien, compte 8 \u00e9oliennes de 5,6 chacune, soit un total de 44,8 MW. Il est situ\u00e9 sur les communes de Courbes, Monceau-Les-Leux et Versigny dans l\u2019Aisne (02). Il est en cours d\u2019instruction et sera mis en service en 2028 par ENERTRAG.","robots":{"index":"index","follow":"follow","max-snippet":"max-snippet:-1","max-image-preview":"max-image-preview:large","max-video-preview":"max-video-preview:-1"},"canonical":"https:\/\/www.enertrag.fr\/les-setiers\/","og_locale":"fr_FR","og_type":"article","og_title":"Projet \u00e9olien des S\u00e9tiers","og_description":"Ce projet d\u2019\u00e9nergies renouvelables, plus particuli\u00e8rement \u00e9olien, compte 8 \u00e9oliennes de 5,6 chacune, soit un total de 44,8 MW. Il est situ\u00e9 sur les communes de Courbes, Monceau-Les-Leux et Versigny dans l\u2019Aisne (02). Il est en cours d\u2019instruction et sera mis en service en 2028 par ENERTRAG.","og_url":"https:\/\/www.enertrag.fr\/les-setiers\/","og_site_name":"les-setiers","article_modified_time":"2023-07-05T09:36:15+00:00","og_image":[{"url":"https:\/\/www.enertrag.fr\/les-setiers\/wp-content\/uploads\/sites\/6\/2023\/02\/image-home_2.jpg","type":"","width":"","height":""}],"twitter_card":"summary_large_image","twitter_misc":{"Dur\u00e9e de lecture estim\u00e9e":"1 minute"},"schema":{"@context":"https:\/\/schema.org","@graph":[{"@type":"WebPage","@id":"https:\/\/www.enertrag.fr\/les-setiers\/","url":"https:\/\/www.enertrag.fr\/les-setiers\/","name":"Projet \u00e9olien des S\u00e9tiers","isPartOf":{"@id":"https:\/\/www.enertrag.fr\/les-setiers\/#website"},"primaryImageOfPage":{"@id":"https:\/\/www.enertrag.fr\/les-setiers\/#primaryimage"},"image":{"@id":"https:\/\/www.enertrag.fr\/les-setiers\/#primaryimage"},"thumbnailUrl":"https:\/\/www.enertrag.fr\/les-setiers\/wp-content\/uploads\/sites\/6\/2023\/02\/image-home_2.jpg","datePublished":"2023-01-10T11:26:09+00:00","dateModified":"2023-07-05T09:36:15+00:00","description":"Ce projet d\u2019\u00e9nergies renouvelables, plus particuli\u00e8rement \u00e9olien, compte 8 \u00e9oliennes de 5,6 chacune, soit un total de 44,8 MW. Il est situ\u00e9 sur les communes de Courbes, Monceau-Les-Leux et Versigny dans l\u2019Aisne (02). Il est en cours d\u2019instruction et sera mis en service en 2028 par ENERTRAG.","breadcrumb":{"@id":"https:\/\/www.enertrag.fr\/les-setiers\/#breadcrumb"},"inLanguage":"fr-FR","potentialAction":[{"@type":"ReadAction","target":["https:\/\/www.enertrag.fr\/les-setiers\/"]}]},{"@type":"ImageObject","inLanguage":"fr-FR","@id":"https:\/\/www.enertrag.fr\/les-setiers\/#primaryimage","url":"https:\/\/www.enertrag.fr\/les-setiers\/wp-content\/uploads\/sites\/6\/2023\/02\/image-home_2.jpg","contentUrl":"https:\/\/www.enertrag.fr\/les-setiers\/wp-content\/uploads\/sites\/6\/2023\/02\/image-home_2.jpg","width":2560,"height":575},{"@type":"BreadcrumbList","@id":"https:\/\/www.enertrag.fr\/les-setiers\/#breadcrumb","itemListElement":[{"@type":"ListItem","position":1,"name":"Accueil","item":"https:\/\/www.enertrag.fr\/les-setiers\/"},{"@type":"ListItem","position":2,"name":"Accueil"}]},{"@type":"WebSite","@id":"https:\/\/www.enertrag.fr\/les-setiers\/#website","url":"https:\/\/www.enertrag.fr\/les-setiers\/","name":"les-setiers","description":"","publisher":{"@id":"https:\/\/www.enertrag.fr\/les-setiers\/#organization"},"potentialAction":[{"@type":"SearchAction","target":{"@type":"EntryPoint","urlTemplate":"https:\/\/www.enertrag.fr\/les-setiers\/?s={search_term_string}"},"query-input":{"@type":"PropertyValueSpecification","valueRequired":true,"valueName":"search_term_string"}}],"inLanguage":"fr-FR"},{"@type":"Organization","@id":"https:\/\/www.enertrag.fr\/les-setiers\/#organization","name":"les-setiers","url":"https:\/\/www.enertrag.fr\/les-setiers\/","logo":{"@type":"ImageObject","inLanguage":"fr-FR","@id":"https:\/\/www.enertrag.fr\/les-setiers\/#\/schema\/logo\/image\/","url":"https:\/\/www.enertrag.fr\/les-setiers\/wp-content\/uploads\/sites\/6\/2023\/01\/ENERTRAG_Logo.png","contentUrl":"https:\/\/www.enertrag.fr\/les-setiers\/wp-content\/uploads\/sites\/6\/2023\/01\/ENERTRAG_Logo.png","width":500,"height":161,"caption":"les-setiers"},"image":{"@id":"https:\/\/www.enertrag.fr\/les-setiers\/#\/schema\/logo\/image\/"}}]}},"_links":{"self":[{"href":"https:\/\/www.enertrag.fr\/les-setiers\/wp-json\/wp\/v2\/pages\/5","targetHints":{"allow":["GET"]}}],"collection":[{"href":"https:\/\/www.enertrag.fr\/les-setiers\/wp-json\/wp\/v2\/pages"}],"about":[{"href":"https:\/\/www.enertrag.fr\/les-setiers\/wp-json\/wp\/v2\/types\/page"}],"author":[{"embeddable":true,"href":"https:\/\/www.enertrag.fr\/les-setiers\/wp-json\/wp\/v2\/users\/1"}],"replies":[{"embeddable":true,"href":"https:\/\/www.enertrag.fr\/les-setiers\/wp-json\/wp\/v2\/comments?post=5"}],"version-history":[{"count":0,"href":"https:\/\/www.enertrag.fr\/les-setiers\/wp-json\/wp\/v2\/pages\/5\/revisions"}],"wp:attachment":[{"href":"https:\/\/www.enertrag.fr\/les-setiers\/wp-json\/wp\/v2\/media?parent=5"}],"curies":[{"name":"wp","href":"https:\/\/api.w.org\/{rel}","templated":true}]}}