{"version":"1.0","provider_name":"Projet photovolta\u00efque du Champion","provider_url":"https:\/\/www.enertrag.fr\/le-champion","author_name":"benjamin","author_url":"https:\/\/www.enertrag.fr\/le-champion\/blog\/author\/benjamin\/","title":"La concertation - Projet photovolta\u00efque du Champion","type":"rich","width":600,"height":338,"html":"<blockquote class=\"wp-embedded-content\" data-secret=\"8iwfz6t7Qn\"><a href=\"https:\/\/www.enertrag.fr\/le-champion\/la-concertation\/\">La concertation<\/a><\/blockquote><iframe sandbox=\"allow-scripts\" security=\"restricted\" src=\"https:\/\/www.enertrag.fr\/le-champion\/la-concertation\/embed\/#?secret=8iwfz6t7Qn\" width=\"600\" height=\"338\" title=\"\u00ab\u00a0La concertation\u00a0\u00bb &#8212; Projet photovolta\u00efque du Champion\" data-secret=\"8iwfz6t7Qn\" frameborder=\"0\" marginwidth=\"0\" marginheight=\"0\" scrolling=\"no\" class=\"wp-embedded-content\"><\/iframe><script>\n\/*! This file is auto-generated *\/\n!function(d,l){\"use strict\";l.querySelector&&d.addEventListener&&\"undefined\"!=typeof URL&&(d.wp=d.wp||{},d.wp.receiveEmbedMessage||(d.wp.receiveEmbedMessage=function(e){var t=e.data;if((t||t.secret||t.message||t.value)&&!\/[^a-zA-Z0-9]\/.test(t.secret)){for(var s,r,n,a=l.querySelectorAll('iframe[data-secret=\"'+t.secret+'\"]'),o=l.querySelectorAll('blockquote[data-secret=\"'+t.secret+'\"]'),c=new RegExp(\"^https?:$\",\"i\"),i=0;i<o.length;i++)o[i].style.display=\"none\";for(i=0;i<a.length;i++)s=a[i],e.source===s.contentWindow&&(s.removeAttribute(\"style\"),\"height\"===t.message?(1e3<(r=parseInt(t.value,10))?r=1e3:~~r<200&&(r=200),s.height=r):\"link\"===t.message&&(r=new URL(s.getAttribute(\"src\")),n=new URL(t.value),c.test(n.protocol))&&n.host===r.host&&l.activeElement===s&&(d.top.location.href=t.value))}},d.addEventListener(\"message\",d.wp.receiveEmbedMessage,!1),l.addEventListener(\"DOMContentLoaded\",function(){for(var e,t,s=l.querySelectorAll(\"iframe.wp-embedded-content\"),r=0;r<s.length;r++)(t=(e=s[r]).getAttribute(\"data-secret\"))||(t=Math.random().toString(36).substring(2,12),e.src+=\"#?secret=\"+t,e.setAttribute(\"data-secret\",t)),e.contentWindow.postMessage({message:\"ready\",secret:t},\"*\")},!1)))}(window,document);\n\/\/# sourceURL=https:\/\/www.enertrag.fr\/le-champion\/wp-includes\/js\/wp-embed.min.js\n<\/script>\n","description":"La concertation Participation du public et dialogue territorial Les objectifs de la concertation ENERTRAG met un point d\u2019honneur \u00e0 engager tr\u00e8s en amont de ses projets le dialogue avec le territoire (habitants, \u00e9lus etc.), afin d\u2019inclure toute personne qui se sent concern\u00e9e et qui souhaite participer au d\u00e9veloppement du projet !Plusieurs \u00e9v\u00e8nements et communications seront [&hellip;]","thumbnail_url":"https:\/\/www.enertrag.fr\/le-champion\/wp-content\/uploads\/sites\/38\/2023\/01\/bandeau-header-concertation.png"}