{"id":66,"date":"2023-01-12T16:20:22","date_gmt":"2023-01-12T15:20:22","guid":{"rendered":"http:\/\/dev.parcs-eoliens-enertrag.fr\/matrice\/?page_id=66"},"modified":"2024-09-16T17:39:28","modified_gmt":"2024-09-16T15:39:28","slug":"qui-sommes-nous","status":"publish","type":"page","link":"https:\/\/www.enertrag.fr\/lacroiseedechabanne\/qui-sommes-nous\/","title":{"rendered":"Qui sommes nous ?"},"content":{"rendered":"\t\t<div data-elementor-type=\"wp-page\" data-elementor-id=\"66\" class=\"elementor elementor-66\" data-elementor-settings=\"{&quot;ha_cmc_init_switcher&quot;:&quot;no&quot;}\" data-elementor-post-type=\"page\">\n\t\t\t\t<div class=\"elementor-element elementor-element-28e712b e-con-full e-flex e-con e-parent\" data-id=\"28e712b\" data-element_type=\"container\" data-e-type=\"container\" data-settings=\"{&quot;background_background&quot;:&quot;classic&quot;,&quot;_ha_eqh_enable&quot;:false}\">\n\t\t<div class=\"elementor-element elementor-element-8e50e80 e-con-full e-flex e-con e-child\" data-id=\"8e50e80\" data-element_type=\"container\" data-e-type=\"container\" data-settings=\"{&quot;animation&quot;:&quot;none&quot;,&quot;_ha_eqh_enable&quot;:false}\">\n\t\t\t\t<div class=\"elementor-element elementor-element-028032f elementor-invisible elementor-widget elementor-widget-heading\" data-id=\"028032f\" data-element_type=\"widget\" data-e-type=\"widget\" data-settings=\"{&quot;_animation&quot;:&quot;fadeInUp&quot;}\" data-widget_type=\"heading.default\">\n\t\t\t\t<div class=\"elementor-widget-container\">\n\t\t\t\t\t<h1 class=\"elementor-heading-title elementor-size-default\">Nous fa\u00e7onnons la prochaine \u00e9tape \nde la trannsition \u00e9nerg\u00e9tique.<\/h1>\t\t\t\t<\/div>\n\t\t\t\t<\/div>\n\t\t\t\t<div class=\"elementor-element elementor-element-5399bcb elementor-invisible elementor-widget elementor-widget-heading\" data-id=\"5399bcb\" data-element_type=\"widget\" data-e-type=\"widget\" data-settings=\"{&quot;_animation&quot;:&quot;fadeInUp&quot;}\" data-widget_type=\"heading.default\">\n\t\t\t\t<div class=\"elementor-widget-container\">\n\t\t\t\t\t<h2 class=\"elementor-heading-title elementor-size-default\">Ensemble. Avec passion. Une \u00e9nergie d\u2019avance.<\/h2>\t\t\t\t<\/div>\n\t\t\t\t<\/div>\n\t\t\t\t<\/div>\n\t\t\t\t<\/div>\n\t\t<div class=\"elementor-element elementor-element-a470a5e e-flex e-con-boxed e-con e-parent\" data-id=\"a470a5e\" data-element_type=\"container\" data-e-type=\"container\" data-settings=\"{&quot;background_background&quot;:&quot;classic&quot;,&quot;_ha_eqh_enable&quot;:false}\">\n\t\t\t\t\t<div class=\"e-con-inner\">\n\t\t<div class=\"elementor-element elementor-element-9de876c e-con-full e-flex e-con e-child\" data-id=\"9de876c\" data-element_type=\"container\" data-e-type=\"container\" data-settings=\"{&quot;_ha_eqh_enable&quot;:false}\">\n\t\t\t\t<div class=\"elementor-element elementor-element-3624deb elementor-widget elementor-widget-image\" data-id=\"3624deb\" data-element_type=\"widget\" data-e-type=\"widget\" data-widget_type=\"image.default\">\n\t\t\t\t<div class=\"elementor-widget-container\">\n\t\t\t\t\t\t\t\t\t\t\t\t\t\t\t<img fetchpriority=\"high\" decoding=\"async\" width=\"800\" height=\"450\" src=\"https:\/\/www.enertrag.fr\/lacroiseedechabanne\/wp-content\/uploads\/sites\/47\/2023\/01\/DJI_0169-1024x576.jpg\" class=\"attachment-large size-large wp-image-261\" alt=\"\" srcset=\"https:\/\/www.enertrag.fr\/lacroiseedechabanne\/wp-content\/uploads\/sites\/47\/2023\/01\/DJI_0169-1024x576.jpg 1024w, https:\/\/www.enertrag.fr\/lacroiseedechabanne\/wp-content\/uploads\/sites\/47\/2023\/01\/DJI_0169-300x169.jpg 300w, https:\/\/www.enertrag.fr\/lacroiseedechabanne\/wp-content\/uploads\/sites\/47\/2023\/01\/DJI_0169-768x432.jpg 768w, https:\/\/www.enertrag.fr\/lacroiseedechabanne\/wp-content\/uploads\/sites\/47\/2023\/01\/DJI_0169-1536x864.jpg 1536w, https:\/\/www.enertrag.fr\/lacroiseedechabanne\/wp-content\/uploads\/sites\/47\/2023\/01\/DJI_0169-2048x1152.jpg 2048w\" sizes=\"(max-width: 800px) 100vw, 800px\" \/>\t\t\t\t\t\t\t\t\t\t\t\t\t\t\t<\/div>\n\t\t\t\t<\/div>\n\t\t\t\t<\/div>\n\t\t<div class=\"elementor-element elementor-element-3308194 e-con-full e-flex e-con e-child\" data-id=\"3308194\" data-element_type=\"container\" data-e-type=\"container\" data-settings=\"{&quot;_ha_eqh_enable&quot;:false}\">\n\t\t\t\t<div class=\"elementor-element elementor-element-5d8f031 elementor-widget elementor-widget-heading\" data-id=\"5d8f031\" data-element_type=\"widget\" data-e-type=\"widget\" data-widget_type=\"heading.default\">\n\t\t\t\t<div class=\"elementor-widget-container\">\n\t\t\t\t\t<h2 class=\"elementor-heading-title elementor-size-default\">Notre mission<\/h2>\t\t\t\t<\/div>\n\t\t\t\t<\/div>\n\t\t\t\t<div class=\"elementor-element elementor-element-8c06f9c elementor-widget elementor-widget-text-editor\" data-id=\"8c06f9c\" data-element_type=\"widget\" data-e-type=\"widget\" data-widget_type=\"text-editor.default\">\n\t\t\t\t<div class=\"elementor-widget-container\">\n\t\t\t\t\t\t\t\t\t<p>Chez ENERTRAG, nous accompagnons les collectivit\u00e9s territoriales, les exploitations agricoles et les entreprises pour maximiser leur efficacit\u00e9 \u00e9nerg\u00e9tique, r\u00e9duire les \u00e9missions de carbone et promouvoir une utilisation responsable des ressources naturelles. En tant qu\u2019acteur cl\u00e9 de la transition \u00e9nerg\u00e9tique, nous produisons activement de l\u2019\u00e9lectricit\u00e9 renouvelable \u00e0 l\u2019\u00e9chelle nationale, renfor\u00e7ant ainsi la souverainet\u00e9 \u00e9nerg\u00e9tique de notre pays. Nous nous engageons \u00e0 \u00eatre un partenaire de confiance des acteurs du territoire, en proposant des solutions sur-mesure, adapt\u00e9es \u00e0 leurs sp\u00e9cificit\u00e9s locales et leurs enjeux de transition \u00e9nerg\u00e9tique<\/p>\t\t\t\t\t\t\t\t<\/div>\n\t\t\t\t<\/div>\n\t\t\t\t<\/div>\n\t\t\t\t\t<\/div>\n\t\t\t\t<\/div>\n\t\t<div class=\"elementor-element elementor-element-df90896 e-flex e-con-boxed e-con e-parent\" data-id=\"df90896\" data-element_type=\"container\" data-e-type=\"container\" data-settings=\"{&quot;_ha_eqh_enable&quot;:false}\">\n\t\t\t\t\t<div class=\"e-con-inner\">\n\t\t<div class=\"elementor-element elementor-element-6e0d80e e-con-full e-flex e-con e-child\" data-id=\"6e0d80e\" data-element_type=\"container\" data-e-type=\"container\" data-settings=\"{&quot;background_background&quot;:&quot;classic&quot;,&quot;_ha_eqh_enable&quot;:false}\">\n\t\t\t\t<div class=\"elementor-element elementor-element-9c2602d elementor-widget elementor-widget-image\" data-id=\"9c2602d\" data-element_type=\"widget\" data-e-type=\"widget\" data-widget_type=\"image.default\">\n\t\t\t\t<div class=\"elementor-widget-container\">\n\t\t\t\t\t\t\t\t\t\t\t\t\t\t\t<img decoding=\"async\" width=\"683\" height=\"1024\" src=\"https:\/\/www.enertrag.fr\/lacroiseedechabanne\/wp-content\/uploads\/sites\/47\/2024\/09\/IMG_2753-683x1024.jpg\" class=\"attachment-large size-large wp-image-1369\" alt=\"\" srcset=\"https:\/\/www.enertrag.fr\/lacroiseedechabanne\/wp-content\/uploads\/sites\/47\/2024\/09\/IMG_2753-683x1024.jpg 683w, https:\/\/www.enertrag.fr\/lacroiseedechabanne\/wp-content\/uploads\/sites\/47\/2024\/09\/IMG_2753-200x300.jpg 200w, https:\/\/www.enertrag.fr\/lacroiseedechabanne\/wp-content\/uploads\/sites\/47\/2024\/09\/IMG_2753-768x1152.jpg 768w, https:\/\/www.enertrag.fr\/lacroiseedechabanne\/wp-content\/uploads\/sites\/47\/2024\/09\/IMG_2753-1024x1536.jpg 1024w, https:\/\/www.enertrag.fr\/lacroiseedechabanne\/wp-content\/uploads\/sites\/47\/2024\/09\/IMG_2753-1365x2048.jpg 1365w, https:\/\/www.enertrag.fr\/lacroiseedechabanne\/wp-content\/uploads\/sites\/47\/2024\/09\/IMG_2753-scaled.jpg 1707w\" sizes=\"(max-width: 683px) 100vw, 683px\" \/>\t\t\t\t\t\t\t\t\t\t\t\t\t\t\t<\/div>\n\t\t\t\t<\/div>\n\t\t\t\t<\/div>\n\t\t<div class=\"elementor-element elementor-element-7c7fa9d e-con-full e-flex e-con e-child\" data-id=\"7c7fa9d\" data-element_type=\"container\" data-e-type=\"container\" data-settings=\"{&quot;background_background&quot;:&quot;gradient&quot;,&quot;_ha_eqh_enable&quot;:false}\">\n\t\t\t\t<div class=\"elementor-element elementor-element-528d926 elementor-widget elementor-widget-heading\" data-id=\"528d926\" data-element_type=\"widget\" data-e-type=\"widget\" data-widget_type=\"heading.default\">\n\t\t\t\t<div class=\"elementor-widget-container\">\n\t\t\t\t\t<h4 class=\"elementor-heading-title elementor-size-default\">Nous fa\u00e7onnons la prochaine \u00e9tape de la trannsition \u00e9nerg\u00e9tique.<\/h4>\t\t\t\t<\/div>\n\t\t\t\t<\/div>\n\t\t\t\t<div class=\"elementor-element elementor-element-a24b57c elementor-widget elementor-widget-text-editor\" data-id=\"a24b57c\" data-element_type=\"widget\" data-e-type=\"widget\" data-widget_type=\"text-editor.default\">\n\t\t\t\t<div class=\"elementor-widget-container\">\n\t\t\t\t\t\t\t\t\t<p>Perrine LECOQ<\/p><p>Cheffe de projets \u00e9oliens<br \/>lacroiseedechabanne@enertrag.com<\/p>\t\t\t\t\t\t\t\t<\/div>\n\t\t\t\t<\/div>\n\t\t\t\t<\/div>\n\t\t\t\t\t<\/div>\n\t\t\t\t<\/div>\n\t\t<div class=\"elementor-element elementor-element-91d4550 e-flex e-con-boxed e-con e-parent\" data-id=\"91d4550\" data-element_type=\"container\" data-e-type=\"container\" data-settings=\"{&quot;background_background&quot;:&quot;classic&quot;,&quot;_ha_eqh_enable&quot;:false}\">\n\t\t\t\t\t<div class=\"e-con-inner\">\n\t\t\t\t<div class=\"elementor-element elementor-element-51b22c7 elementor-widget elementor-widget-heading\" data-id=\"51b22c7\" data-element_type=\"widget\" data-e-type=\"widget\" data-widget_type=\"heading.default\">\n\t\t\t\t<div class=\"elementor-widget-container\">\n\t\t\t\t\t<h2 class=\"elementor-heading-title elementor-size-default\">Nos solutions d\u2019\u00e9nergies renouvelables<\/h2>\t\t\t\t<\/div>\n\t\t\t\t<\/div>\n\t\t\t\t\t<\/div>\n\t\t\t\t<\/div>\n\t\t<div class=\"elementor-element elementor-element-5770053 e-flex e-con-boxed e-con e-parent\" data-id=\"5770053\" data-element_type=\"container\" data-e-type=\"container\" data-settings=\"{&quot;_ha_eqh_enable&quot;:false}\">\n\t\t\t\t\t<div class=\"e-con-inner\">\n\t\t<div class=\"elementor-element elementor-element-a05f0bd e-con-full e-flex e-con e-child\" data-id=\"a05f0bd\" data-element_type=\"container\" data-e-type=\"container\" data-settings=\"{&quot;_ha_eqh_enable&quot;:false}\">\n\t\t\t\t<div class=\"elementor-element elementor-element-e13e4ca elementor-widget__width-initial elementor-cta--skin-classic elementor-animated-content elementor-bg-transform elementor-bg-transform-zoom-in elementor-widget elementor-widget-call-to-action\" data-id=\"e13e4ca\" data-element_type=\"widget\" data-e-type=\"widget\" data-widget_type=\"call-to-action.default\">\n\t\t\t\t<div class=\"elementor-widget-container\">\n\t\t\t\t\t\t\t<a class=\"elementor-cta\" href=\"https:\/\/www.enertrag.fr\/matrice2\/wp-content\/uploads\/sites\/40\/2024\/06\/test.pdf\">\n\t\t\t\t\t<div class=\"elementor-cta__bg-wrapper\">\n\t\t\t\t<div class=\"elementor-cta__bg elementor-bg\" style=\"background-image: url(https:\/\/www.enertrag.fr\/lacroiseedechabanne\/wp-content\/uploads\/sites\/47\/2024\/06\/eoliene_cp.jpg);\" role=\"img\" aria-label=\"eoliene_cp\"><\/div>\n\t\t\t\t<div class=\"elementor-cta__bg-overlay\"><\/div>\n\t\t\t<\/div>\n\t\t\t\t\t\t\t<div class=\"elementor-cta__content\">\n\t\t\t\t\n\t\t\t\t\t\t\t\t\t<h3 class=\"elementor-cta__title elementor-cta__content-item elementor-content-item\">\n\t\t\t\t\t\tEolien\t\t\t\t\t<\/h3>\n\t\t\t\t\n\t\t\t\t\t\t\t\t\t<div class=\"elementor-cta__description elementor-cta__content-item elementor-content-item\">\n\t\t\t\t\t\tChez ENERTRAG nous nous engageons \u00e0 apporter des solutions \u00e9nerg\u00e9tique durables et efficaces pour r\u00e9pondre aux besoins des collectivit\u00e9s territoriales. L\u2019\u00e9nergie \u00e9olienne est aujourd\u2019hui reconnue comme l\u2019un des moyens de production d\u2019\u00e9nergie les plus rapides, productifs et rentables \u00e0 installer pour une collectivit\u00e9. En optant pour cette source d\u2019\u00e9nergie renouvelable, les collectivit\u00e9s peuvent non seulement atteindre leurs objectifs politiques en mati\u00e8re de production d\u2019\u00e9nergie tout en contribuant de mani\u00e8re significative \u00e0 la lutte et \u00e0 l\u2019adaptation au changement climatique. C\u2019est pourquoi nous mettons en avant l\u2019\u00e9nergie \u00e9olienne comme un pilier essentiel de notre promesse envers les territoires.\t\t\t\t\t<\/div>\n\t\t\t\t\n\t\t\t\t\t\t\t<\/div>\n\t\t\t\t\t\t<\/a>\n\t\t\t\t\t\t<\/div>\n\t\t\t\t<\/div>\n\t\t\t\t<div class=\"elementor-element elementor-element-2e4adea elementor-widget__width-initial elementor-cta--skin-classic elementor-animated-content elementor-bg-transform elementor-bg-transform-zoom-in elementor-widget elementor-widget-call-to-action\" data-id=\"2e4adea\" data-element_type=\"widget\" data-e-type=\"widget\" data-widget_type=\"call-to-action.default\">\n\t\t\t\t<div class=\"elementor-widget-container\">\n\t\t\t\t\t\t\t<a class=\"elementor-cta\" href=\"https:\/\/www.enertrag.fr\/matrice2\/wp-content\/uploads\/sites\/40\/2024\/06\/test.pdf\">\n\t\t\t\t\t<div class=\"elementor-cta__bg-wrapper\">\n\t\t\t\t<div class=\"elementor-cta__bg elementor-bg\" style=\"background-image: url(https:\/\/www.enertrag.fr\/lacroiseedechabanne\/wp-content\/uploads\/sites\/47\/2024\/06\/parc-photov.jpg);\" role=\"img\" aria-label=\"parc-photov\"><\/div>\n\t\t\t\t<div class=\"elementor-cta__bg-overlay\"><\/div>\n\t\t\t<\/div>\n\t\t\t\t\t\t\t<div class=\"elementor-cta__content\">\n\t\t\t\t\n\t\t\t\t\t\t\t\t\t<h3 class=\"elementor-cta__title elementor-cta__content-item elementor-content-item\">\n\t\t\t\t\t\tPhotovolta\u00efque\t\t\t\t\t<\/h3>\n\t\t\t\t\n\t\t\t\t\t\t\t\t\t<div class=\"elementor-cta__description elementor-cta__content-item elementor-content-item\">\n\t\t\t\t\t\tLa soci\u00e9t\u00e9 ENERTRAG dispose en interne de toutes les comp\u00e9tences n\u00e9cessaires au d\u00e9veloppement et \u00e0 la construction d\u2019un parc photovolta\u00efque. Elle a obtenu les autorisations administratives pour 70 MWc de projets, dont 55 MWc sont actuellement en production. Parall\u00e8lement, nos \u00e9quipes d\u00e9di\u00e9es se chargent de l\u2019exploitation de parcs, de leur maintenance et des services associ\u00e9s \u00e0 ces activit\u00e9s (surveillance 24\/7, anticipation des pannes, \u00e9tudes de performances). Aujourd\u2019hui, ENERTRAG exploite une puissance photovolta\u00efque totale de 149 MWc en joint-venture (ou co-entreprise).\t\t\t\t\t<\/div>\n\t\t\t\t\n\t\t\t\t\t\t\t<\/div>\n\t\t\t\t\t\t<\/a>\n\t\t\t\t\t\t<\/div>\n\t\t\t\t<\/div>\n\t\t\t\t<div class=\"elementor-element elementor-element-541659e elementor-cta--skin-classic elementor-animated-content elementor-bg-transform elementor-bg-transform-zoom-in elementor-widget elementor-widget-call-to-action\" data-id=\"541659e\" data-element_type=\"widget\" data-e-type=\"widget\" data-widget_type=\"call-to-action.default\">\n\t\t\t\t<div class=\"elementor-widget-container\">\n\t\t\t\t\t\t\t<a class=\"elementor-cta\" href=\"https:\/\/www.enertrag.fr\/matrice2\/wp-content\/uploads\/sites\/40\/2024\/06\/test.pdf\">\n\t\t\t\t\t<div class=\"elementor-cta__bg-wrapper\">\n\t\t\t\t<div class=\"elementor-cta__bg elementor-bg\" style=\"background-image: url(https:\/\/www.enertrag.fr\/lacroiseedechabanne\/wp-content\/uploads\/sites\/47\/2024\/06\/gaz.jpg);\" role=\"img\" aria-label=\"gaz\"><\/div>\n\t\t\t\t<div class=\"elementor-cta__bg-overlay\"><\/div>\n\t\t\t<\/div>\n\t\t\t\t\t\t\t<div class=\"elementor-cta__content\">\n\t\t\t\t\n\t\t\t\t\t\t\t\t\t<h3 class=\"elementor-cta__title elementor-cta__content-item elementor-content-item\">\n\t\t\t\t\t\tHydrog\u00e8ne\t\t\t\t\t<\/h3>\n\t\t\t\t\n\t\t\t\t\t\t\t\t\t<div class=\"elementor-cta__description elementor-cta__content-item elementor-content-item\">\n\t\t\t\t\t\tENERTRAG est devenu au cours des derni\u00e8res ann\u00e9es un acteur majeur de la transition \u00e9nerg\u00e9tique gr\u00e2ce \u00e0 sa production \u00e9olienne et photovolta\u00efque. Dans l\u2019optique de faciliter leur int\u00e9gration au r\u00e9seau, nous avons fait le choix en 2009 de d\u00e9velopper la production d\u2019hydrog\u00e8ne renouvelable afin de valoriser au mieux la production \u00e9lectrique et contribuer dans le m\u00eame temps \u00e0 la d\u00e9carbonation d\u2019autres secteurs, tel que celui de l\u2019industrie ou de la mobilit\u00e9. Notre hydrog\u00e8ne est produit par \u00e9lectrolyse de l\u2019eau. Ce proc\u00e9d\u00e9 consiste \u00e0 extraire de l\u2019hydrog\u00e8ne et de l\u2019oxyg\u00e8ne de la mol\u00e9cule d\u2019eau gr\u00e2ce \u00e0 un courant \u00e9lectrique 100% issu de ressources renouvelables.\t\t\t\t\t<\/div>\n\t\t\t\t\n\t\t\t\t\t\t\t<\/div>\n\t\t\t\t\t\t<\/a>\n\t\t\t\t\t\t<\/div>\n\t\t\t\t<\/div>\n\t\t\t\t<\/div>\n\t\t\t\t\t<\/div>\n\t\t\t\t<\/div>\n\t\t<div class=\"elementor-element elementor-element-3625bd9 e-flex e-con-boxed e-con e-parent\" data-id=\"3625bd9\" data-element_type=\"container\" data-e-type=\"container\" data-settings=\"{&quot;background_background&quot;:&quot;classic&quot;,&quot;_ha_eqh_enable&quot;:false}\">\n\t\t\t\t\t<div class=\"e-con-inner\">\n\t\t\t\t<div class=\"elementor-element elementor-element-fb0b8e2 elementor-widget__width-initial elementor-widget elementor-widget-text-editor\" data-id=\"fb0b8e2\" data-element_type=\"widget\" data-e-type=\"widget\" data-widget_type=\"text-editor.default\">\n\t\t\t\t<div class=\"elementor-widget-container\">\n\t\t\t\t\t\t\t\t\t<p>\u201c ENERTRAG s\u2019engage \u00e0 associer les collectivit\u00e9s locales d\u00e8s le d\u00e9but du projet \u00e9olien. Ce dialogue est mis en place dans le but de prendre en compte les contraintes et les souhaits de la collectivit\u00e9 et de la population et de garantir une communication autour du projet.\u201d<\/p>\t\t\t\t\t\t\t\t<\/div>\n\t\t\t\t<\/div>\n\t\t<div class=\"elementor-element elementor-element-14567c4 e-con-full e-flex e-con e-child\" data-id=\"14567c4\" data-element_type=\"container\" data-e-type=\"container\" data-settings=\"{&quot;_ha_eqh_enable&quot;:false}\">\n\t\t<div class=\"elementor-element elementor-element-3e2172f e-con-full e-flex e-con e-child\" data-id=\"3e2172f\" data-element_type=\"container\" data-e-type=\"container\" data-settings=\"{&quot;_ha_eqh_enable&quot;:false}\">\n\t\t\t\t<div class=\"elementor-element elementor-element-2601ab8 elementor-widget elementor-widget-heading\" data-id=\"2601ab8\" data-element_type=\"widget\" data-e-type=\"widget\" data-widget_type=\"heading.default\">\n\t\t\t\t<div class=\"elementor-widget-container\">\n\t\t\t\t\t<h2 class=\"elementor-heading-title elementor-size-default\">ENERTRAG vous garantit<\/h2>\t\t\t\t<\/div>\n\t\t\t\t<\/div>\n\t\t\t\t<div class=\"elementor-element elementor-element-3c14562 elementor-widget elementor-widget-text-editor\" data-id=\"3c14562\" data-element_type=\"widget\" data-e-type=\"widget\" data-widget_type=\"text-editor.default\">\n\t\t\t\t<div class=\"elementor-widget-container\">\n\t\t\t\t\t\t\t\t\t<p><ul><li><span style=\"font-family: var( --e-global-typography-text-font-family ), Sans-serif; text-align: var(--text-align);\">Une \u00e9tude approfondie de faisabilit\u00e9<\/span><br><\/li><li><span style=\"font-family: var( --e-global-typography-text-font-family ), Sans-serif; text-align: var(--text-align);\">Un accompagnement personnalis\u00e9\u2026<\/span><br><\/li><li><span style=\"font-family: var( --e-global-typography-text-font-family ), Sans-serif; text-align: var(--text-align);\">Des retomb\u00e9es \u00e9conomiques significatives<\/span><br><\/li><li><span style=\"font-family: var( --e-global-typography-text-font-family ), Sans-serif; text-align: var(--text-align);\">Un engagement ferme \u00e0 respecter les normes environnementales<\/span><br><\/li><li><span style=\"font-family: var( --e-global-typography-text-font-family ), Sans-serif; text-align: var(--text-align);\">La garantie d\u2019une contribution \u00e0 la transition \u00e9nerg\u00e9tique<\/span><br><\/li><li><span style=\"font-family: var( --e-global-typography-text-font-family ), Sans-serif; text-align: var(--text-align);\">Une analyse transparente des avantages et inconv\u00e9nients du projet<\/span><br><\/li><li><span style=\"font-family: var( --e-global-typography-text-font-family ), Sans-serif; text-align: var(--text-align);\">La possibilit\u00e9 d\u2019int\u00e9grer le projet<\/span><br><\/li><\/ul><\/p>\t\t\t\t\t\t\t\t<\/div>\n\t\t\t\t<\/div>\n\t\t\t\t<\/div>\n\t\t<div class=\"elementor-element elementor-element-e4842c0 e-con-full e-flex e-con e-child\" data-id=\"e4842c0\" data-element_type=\"container\" data-e-type=\"container\" data-settings=\"{&quot;_ha_eqh_enable&quot;:false}\">\n\t\t\t\t<div class=\"elementor-element elementor-element-147c9ef elementor-widget elementor-widget-image\" data-id=\"147c9ef\" data-element_type=\"widget\" data-e-type=\"widget\" data-widget_type=\"image.default\">\n\t\t\t\t<div class=\"elementor-widget-container\">\n\t\t\t\t\t\t\t\t\t\t\t\t\t\t\t<img decoding=\"async\" width=\"800\" height=\"323\" src=\"https:\/\/www.enertrag.fr\/lacroiseedechabanne\/wp-content\/uploads\/sites\/47\/2024\/06\/aerienne-1024x414.jpg\" class=\"attachment-large size-large wp-image-894\" alt=\"\" srcset=\"https:\/\/www.enertrag.fr\/lacroiseedechabanne\/wp-content\/uploads\/sites\/47\/2024\/06\/aerienne-1024x414.jpg 1024w, https:\/\/www.enertrag.fr\/lacroiseedechabanne\/wp-content\/uploads\/sites\/47\/2024\/06\/aerienne-300x121.jpg 300w, https:\/\/www.enertrag.fr\/lacroiseedechabanne\/wp-content\/uploads\/sites\/47\/2024\/06\/aerienne-768x311.jpg 768w, https:\/\/www.enertrag.fr\/lacroiseedechabanne\/wp-content\/uploads\/sites\/47\/2024\/06\/aerienne-1536x621.jpg 1536w, https:\/\/www.enertrag.fr\/lacroiseedechabanne\/wp-content\/uploads\/sites\/47\/2024\/06\/aerienne.jpg 1728w\" sizes=\"(max-width: 800px) 100vw, 800px\" \/>\t\t\t\t\t\t\t\t\t\t\t\t\t\t\t<\/div>\n\t\t\t\t<\/div>\n\t\t\t\t<\/div>\n\t\t\t\t<\/div>\n\t\t\t\t\t<\/div>\n\t\t\t\t<\/div>\n\t\t<div class=\"elementor-element elementor-element-d30d534 e-flex e-con-boxed e-con e-parent\" data-id=\"d30d534\" data-element_type=\"container\" data-e-type=\"container\" data-settings=\"{&quot;_ha_eqh_enable&quot;:false}\">\n\t\t\t\t\t<div class=\"e-con-inner\">\n\t\t\t\t<div class=\"elementor-element elementor-element-dd6055c elementor-widget elementor-widget-heading\" data-id=\"dd6055c\" data-element_type=\"widget\" data-e-type=\"widget\" data-widget_type=\"heading.default\">\n\t\t\t\t<div class=\"elementor-widget-container\">\n\t\t\t\t\t<h2 class=\"elementor-heading-title elementor-size-default\">Notre histoire<\/h2>\t\t\t\t<\/div>\n\t\t\t\t<\/div>\n\t\t\t\t<div class=\"elementor-element elementor-element-769cfe8 elementor-widget elementor-widget-text-editor\" data-id=\"769cfe8\" data-element_type=\"widget\" data-e-type=\"widget\" data-widget_type=\"text-editor.default\">\n\t\t\t\t<div class=\"elementor-widget-container\">\n\t\t\t\t\t\t\t\t\t<p>Tout a commence\u0301 en Allemagne avec Jo\u0308rg Mu\u0308ller, fondateur d\u2019ENERTRAG. Ancien inge\u0301nieur dans le nucle\u0301aire, il s&rsquo;est tourne\u0301 vers les e\u0301nergies renouvelables a\u0300 une e\u0301poque ou\u0300 personne n\u2019y croyait. Pour que la transition e\u0301nerge\u0301tique soit re\u0301ussie, il croyait fermement a\u0300 l\u2019hydroge\u0300ne vert comme cle\u0301 pour stocker l\u2019e\u0301lectricite\u0301 produite. Il installa sa premie\u0300re e\u0301olienne en 1992 et cre\u0301a Enertrag AG en 1998 en Allemagne de l&rsquo;Est, a\u0300 Dauerthal. Il sera a\u0300 l\u2019origine de la cre\u0301ation de la premie\u0300re centrale hydroge\u0300ne hybride dans le monde en 2011. Son expertise et sa vision novatrice ont permis a\u0300 ENERTRAG de devenir un acteur important et reconnu de la filie\u0300re des e\u0301nergies renouvelables en Europe et dans le reste du monde. Pr\u00e9sent en France depuis 2001, ENERTRAG s\u2019est install\u00e9e dans le Val d\u2019Oise \u00e0 Cergy puis \u00e0 Neuville-sur-Oise depuis 2021. Ce sont pr\u00e8s de 120 collaborateurs motiv\u00e9s et engag\u00e9s qui \u0153uvrent au quotidien au sein d\u2019ENERTRAG afin de d\u00e9velopper les \u00e9nergies renouvelables !<\/p>\t\t\t\t\t\t\t\t<\/div>\n\t\t\t\t<\/div>\n\t\t\t\t\t<\/div>\n\t\t\t\t<\/div>\n\t\t<div class=\"elementor-element elementor-element-9dac304 e-flex e-con-boxed e-con e-parent\" data-id=\"9dac304\" data-element_type=\"container\" data-e-type=\"container\" data-settings=\"{&quot;background_background&quot;:&quot;classic&quot;,&quot;_ha_eqh_enable&quot;:false}\">\n\t\t\t\t\t<div class=\"e-con-inner\">\n\t\t<div class=\"elementor-element elementor-element-b2f316c e-con-full e-flex e-con e-child\" data-id=\"b2f316c\" data-element_type=\"container\" data-e-type=\"container\" data-settings=\"{&quot;background_background&quot;:&quot;classic&quot;,&quot;_ha_eqh_enable&quot;:false}\">\n\t\t\t\t<div class=\"elementor-element elementor-element-dfe89a0 elementor-widget elementor-widget-heading\" data-id=\"dfe89a0\" data-element_type=\"widget\" data-e-type=\"widget\" data-widget_type=\"heading.default\">\n\t\t\t\t<div class=\"elementor-widget-container\">\n\t\t\t\t\t<h2 class=\"elementor-heading-title elementor-size-default\">Nous recrutons des profils vari\u00e9s toute l\u2019ann\u00e9e.\nRejoignez-nous !<\/h2>\t\t\t\t<\/div>\n\t\t\t\t<\/div>\n\t\t\t\t<div class=\"elementor-element elementor-element-fa32fc7 elementor-widget elementor-widget-text-editor\" data-id=\"fa32fc7\" data-element_type=\"widget\" data-e-type=\"widget\" data-widget_type=\"text-editor.default\">\n\t\t\t\t<div class=\"elementor-widget-container\">\n\t\t\t\t\t\t\t\t\t<p>Lorem ipsum dolor sit amet, consectetuer adipiscing elit. Maecenas porttitor congue massa. Fusce posuere, magna sed pulvinar ultricies.<\/p>\t\t\t\t\t\t\t\t<\/div>\n\t\t\t\t<\/div>\n\t\t\t\t<div class=\"elementor-element elementor-element-358d683 elementor-align-left btn_blanc elementor-tablet-align-center elementor-widget elementor-widget-button\" data-id=\"358d683\" data-element_type=\"widget\" data-e-type=\"widget\" data-widget_type=\"button.default\">\n\t\t\t\t<div class=\"elementor-widget-container\">\n\t\t\t\t\t\t\t\t\t<div class=\"elementor-button-wrapper\">\n\t\t\t\t\t<a class=\"elementor-button elementor-button-link elementor-size-sm\" href=\"http:\/\/dev.parcs-eoliens-enertrag.fr\/matrice\/le-projet\/\">\n\t\t\t\t\t\t<span class=\"elementor-button-content-wrapper\">\n\t\t\t\t\t\t<span class=\"elementor-button-icon\">\n\t\t\t\t<i aria-hidden=\"true\" class=\"hm hm-arrow-right\"><\/i>\t\t\t<\/span>\n\t\t\t\t\t\t\t\t\t<span class=\"elementor-button-text\">Voir nos offres<\/span>\n\t\t\t\t\t<\/span>\n\t\t\t\t\t<\/a>\n\t\t\t\t<\/div>\n\t\t\t\t\t\t\t\t<\/div>\n\t\t\t\t<\/div>\n\t\t\t\t<\/div>\n\t\t\t\t\t<\/div>\n\t\t\t\t<\/div>\n\t\t\t\t<\/div>\n\t\t","protected":false},"excerpt":{"rendered":"<p>Nous fa\u00e7onnons la prochaine \u00e9tape de la trannsition \u00e9nerg\u00e9tique. Ensemble. Avec passion. Une \u00e9nergie d\u2019avance. Notre mission Chez ENERTRAG, nous accompagnons les collectivit\u00e9s territoriales, les exploitations agricoles et les entreprises pour maximiser leur efficacit\u00e9 \u00e9nerg\u00e9tique, r\u00e9duire les \u00e9missions de carbone et promouvoir une utilisation responsable des ressources naturelles. En tant qu\u2019acteur cl\u00e9 de la transition [&hellip;]<\/p>\n","protected":false},"author":1,"featured_media":0,"parent":0,"menu_order":0,"comment_status":"closed","ping_status":"closed","template":"","meta":{"_acf_changed":false,"footnotes":""},"class_list":["post-66","page","type-page","status-publish","hentry"],"acf":[],"yoast_head":"<!-- This site is optimized with the Yoast SEO plugin v27.5 - https:\/\/yoast.com\/product\/yoast-seo-wordpress\/ -->\n<title>Qui sommes nous ? - Projet \u00e9olien de la Crois\u00e9e de Chabanne<\/title>\n<meta name=\"robots\" content=\"index, follow, max-snippet:-1, max-image-preview:large, max-video-preview:-1\" \/>\n<link rel=\"canonical\" href=\"https:\/\/www.enertrag.fr\/lacroiseedechabanne\/qui-sommes-nous\/\" \/>\n<meta property=\"og:locale\" content=\"fr_FR\" \/>\n<meta property=\"og:type\" content=\"article\" \/>\n<meta property=\"og:title\" content=\"Qui sommes nous ? - Projet \u00e9olien de la Crois\u00e9e de Chabanne\" \/>\n<meta property=\"og:description\" content=\"Nous fa\u00e7onnons la prochaine \u00e9tape de la trannsition \u00e9nerg\u00e9tique. Ensemble. Avec passion. Une \u00e9nergie d\u2019avance. Notre mission Chez ENERTRAG, nous accompagnons les collectivit\u00e9s territoriales, les exploitations agricoles et les entreprises pour maximiser leur efficacit\u00e9 \u00e9nerg\u00e9tique, r\u00e9duire les \u00e9missions de carbone et promouvoir une utilisation responsable des ressources naturelles. En tant qu\u2019acteur cl\u00e9 de la transition [&hellip;]\" \/>\n<meta property=\"og:url\" content=\"https:\/\/www.enertrag.fr\/lacroiseedechabanne\/qui-sommes-nous\/\" \/>\n<meta property=\"og:site_name\" content=\"Projet \u00e9olien de la Crois\u00e9e de Chabanne\" \/>\n<meta property=\"article:modified_time\" content=\"2024-09-16T15:39:28+00:00\" \/>\n<meta property=\"og:image\" content=\"https:\/\/www.enertrag.fr\/lacroiseedechabanne\/wp-content\/uploads\/sites\/47\/2023\/01\/DJI_0169-1024x576.jpg\" \/>\n<meta name=\"twitter:card\" content=\"summary_large_image\" \/>\n<meta name=\"twitter:label1\" content=\"Dur\u00e9e de lecture estim\u00e9e\" \/>\n\t<meta name=\"twitter:data1\" content=\"5 minutes\" \/>\n<script type=\"application\/ld+json\" class=\"yoast-schema-graph\">{\"@context\":\"https:\\\/\\\/schema.org\",\"@graph\":[{\"@type\":\"WebPage\",\"@id\":\"https:\\\/\\\/www.enertrag.fr\\\/lacroiseedechabanne\\\/qui-sommes-nous\\\/\",\"url\":\"https:\\\/\\\/www.enertrag.fr\\\/lacroiseedechabanne\\\/qui-sommes-nous\\\/\",\"name\":\"Qui sommes nous ? - Projet \u00e9olien de la Crois\u00e9e de Chabanne\",\"isPartOf\":{\"@id\":\"https:\\\/\\\/www.enertrag.fr\\\/lacroiseedechabanne\\\/#website\"},\"primaryImageOfPage\":{\"@id\":\"https:\\\/\\\/www.enertrag.fr\\\/lacroiseedechabanne\\\/qui-sommes-nous\\\/#primaryimage\"},\"image\":{\"@id\":\"https:\\\/\\\/www.enertrag.fr\\\/lacroiseedechabanne\\\/qui-sommes-nous\\\/#primaryimage\"},\"thumbnailUrl\":\"https:\\\/\\\/www.enertrag.fr\\\/lacroiseedechabanne\\\/wp-content\\\/uploads\\\/sites\\\/47\\\/2023\\\/01\\\/DJI_0169-1024x576.jpg\",\"datePublished\":\"2023-01-12T15:20:22+00:00\",\"dateModified\":\"2024-09-16T15:39:28+00:00\",\"breadcrumb\":{\"@id\":\"https:\\\/\\\/www.enertrag.fr\\\/lacroiseedechabanne\\\/qui-sommes-nous\\\/#breadcrumb\"},\"inLanguage\":\"fr-FR\",\"potentialAction\":[{\"@type\":\"ReadAction\",\"target\":[\"https:\\\/\\\/www.enertrag.fr\\\/lacroiseedechabanne\\\/qui-sommes-nous\\\/\"]}]},{\"@type\":\"ImageObject\",\"inLanguage\":\"fr-FR\",\"@id\":\"https:\\\/\\\/www.enertrag.fr\\\/lacroiseedechabanne\\\/qui-sommes-nous\\\/#primaryimage\",\"url\":\"https:\\\/\\\/www.enertrag.fr\\\/lacroiseedechabanne\\\/wp-content\\\/uploads\\\/sites\\\/47\\\/2023\\\/01\\\/DJI_0169.jpg\",\"contentUrl\":\"https:\\\/\\\/www.enertrag.fr\\\/lacroiseedechabanne\\\/wp-content\\\/uploads\\\/sites\\\/47\\\/2023\\\/01\\\/DJI_0169.jpg\",\"width\":2500,\"height\":1406},{\"@type\":\"BreadcrumbList\",\"@id\":\"https:\\\/\\\/www.enertrag.fr\\\/lacroiseedechabanne\\\/qui-sommes-nous\\\/#breadcrumb\",\"itemListElement\":[{\"@type\":\"ListItem\",\"position\":1,\"name\":\"Accueil\",\"item\":\"https:\\\/\\\/www.enertrag.fr\\\/lacroiseedechabanne\\\/\"},{\"@type\":\"ListItem\",\"position\":2,\"name\":\"Qui sommes nous ?\"}]},{\"@type\":\"WebSite\",\"@id\":\"https:\\\/\\\/www.enertrag.fr\\\/lacroiseedechabanne\\\/#website\",\"url\":\"https:\\\/\\\/www.enertrag.fr\\\/lacroiseedechabanne\\\/\",\"name\":\"Projet \u00e9olien de la Crois\u00e9e de Chabanne\",\"description\":\"\",\"publisher\":{\"@id\":\"https:\\\/\\\/www.enertrag.fr\\\/lacroiseedechabanne\\\/#organization\"},\"potentialAction\":[{\"@type\":\"SearchAction\",\"target\":{\"@type\":\"EntryPoint\",\"urlTemplate\":\"https:\\\/\\\/www.enertrag.fr\\\/lacroiseedechabanne\\\/?s={search_term_string}\"},\"query-input\":{\"@type\":\"PropertyValueSpecification\",\"valueRequired\":true,\"valueName\":\"search_term_string\"}}],\"inLanguage\":\"fr-FR\"},{\"@type\":\"Organization\",\"@id\":\"https:\\\/\\\/www.enertrag.fr\\\/lacroiseedechabanne\\\/#organization\",\"name\":\"Projet \u00e9olien de la Crois\u00e9e de Chabanne\",\"url\":\"https:\\\/\\\/www.enertrag.fr\\\/lacroiseedechabanne\\\/\",\"logo\":{\"@type\":\"ImageObject\",\"inLanguage\":\"fr-FR\",\"@id\":\"https:\\\/\\\/www.enertrag.fr\\\/lacroiseedechabanne\\\/#\\\/schema\\\/logo\\\/image\\\/\",\"url\":\"https:\\\/\\\/www.enertrag.fr\\\/lacroiseedechabanne\\\/wp-content\\\/uploads\\\/sites\\\/47\\\/2024\\\/06\\\/logo_enertrag_blanc@4x.png\",\"contentUrl\":\"https:\\\/\\\/www.enertrag.fr\\\/lacroiseedechabanne\\\/wp-content\\\/uploads\\\/sites\\\/47\\\/2024\\\/06\\\/logo_enertrag_blanc@4x.png\",\"width\":3065,\"height\":801,\"caption\":\"Projet \u00e9olien de la Crois\u00e9e de Chabanne\"},\"image\":{\"@id\":\"https:\\\/\\\/www.enertrag.fr\\\/lacroiseedechabanne\\\/#\\\/schema\\\/logo\\\/image\\\/\"}}]}<\/script>\n<!-- \/ Yoast SEO plugin. -->","yoast_head_json":{"title":"Qui sommes nous ? - Projet \u00e9olien de la Crois\u00e9e de Chabanne","robots":{"index":"index","follow":"follow","max-snippet":"max-snippet:-1","max-image-preview":"max-image-preview:large","max-video-preview":"max-video-preview:-1"},"canonical":"https:\/\/www.enertrag.fr\/lacroiseedechabanne\/qui-sommes-nous\/","og_locale":"fr_FR","og_type":"article","og_title":"Qui sommes nous ? - Projet \u00e9olien de la Crois\u00e9e de Chabanne","og_description":"Nous fa\u00e7onnons la prochaine \u00e9tape de la trannsition \u00e9nerg\u00e9tique. Ensemble. Avec passion. Une \u00e9nergie d\u2019avance. Notre mission Chez ENERTRAG, nous accompagnons les collectivit\u00e9s territoriales, les exploitations agricoles et les entreprises pour maximiser leur efficacit\u00e9 \u00e9nerg\u00e9tique, r\u00e9duire les \u00e9missions de carbone et promouvoir une utilisation responsable des ressources naturelles. En tant qu\u2019acteur cl\u00e9 de la transition [&hellip;]","og_url":"https:\/\/www.enertrag.fr\/lacroiseedechabanne\/qui-sommes-nous\/","og_site_name":"Projet \u00e9olien de la Crois\u00e9e de Chabanne","article_modified_time":"2024-09-16T15:39:28+00:00","og_image":[{"url":"https:\/\/www.enertrag.fr\/lacroiseedechabanne\/wp-content\/uploads\/sites\/47\/2023\/01\/DJI_0169-1024x576.jpg","type":"","width":"","height":""}],"twitter_card":"summary_large_image","twitter_misc":{"Dur\u00e9e de lecture estim\u00e9e":"5 minutes"},"schema":{"@context":"https:\/\/schema.org","@graph":[{"@type":"WebPage","@id":"https:\/\/www.enertrag.fr\/lacroiseedechabanne\/qui-sommes-nous\/","url":"https:\/\/www.enertrag.fr\/lacroiseedechabanne\/qui-sommes-nous\/","name":"Qui sommes nous ? - Projet \u00e9olien de la Crois\u00e9e de Chabanne","isPartOf":{"@id":"https:\/\/www.enertrag.fr\/lacroiseedechabanne\/#website"},"primaryImageOfPage":{"@id":"https:\/\/www.enertrag.fr\/lacroiseedechabanne\/qui-sommes-nous\/#primaryimage"},"image":{"@id":"https:\/\/www.enertrag.fr\/lacroiseedechabanne\/qui-sommes-nous\/#primaryimage"},"thumbnailUrl":"https:\/\/www.enertrag.fr\/lacroiseedechabanne\/wp-content\/uploads\/sites\/47\/2023\/01\/DJI_0169-1024x576.jpg","datePublished":"2023-01-12T15:20:22+00:00","dateModified":"2024-09-16T15:39:28+00:00","breadcrumb":{"@id":"https:\/\/www.enertrag.fr\/lacroiseedechabanne\/qui-sommes-nous\/#breadcrumb"},"inLanguage":"fr-FR","potentialAction":[{"@type":"ReadAction","target":["https:\/\/www.enertrag.fr\/lacroiseedechabanne\/qui-sommes-nous\/"]}]},{"@type":"ImageObject","inLanguage":"fr-FR","@id":"https:\/\/www.enertrag.fr\/lacroiseedechabanne\/qui-sommes-nous\/#primaryimage","url":"https:\/\/www.enertrag.fr\/lacroiseedechabanne\/wp-content\/uploads\/sites\/47\/2023\/01\/DJI_0169.jpg","contentUrl":"https:\/\/www.enertrag.fr\/lacroiseedechabanne\/wp-content\/uploads\/sites\/47\/2023\/01\/DJI_0169.jpg","width":2500,"height":1406},{"@type":"BreadcrumbList","@id":"https:\/\/www.enertrag.fr\/lacroiseedechabanne\/qui-sommes-nous\/#breadcrumb","itemListElement":[{"@type":"ListItem","position":1,"name":"Accueil","item":"https:\/\/www.enertrag.fr\/lacroiseedechabanne\/"},{"@type":"ListItem","position":2,"name":"Qui sommes nous ?"}]},{"@type":"WebSite","@id":"https:\/\/www.enertrag.fr\/lacroiseedechabanne\/#website","url":"https:\/\/www.enertrag.fr\/lacroiseedechabanne\/","name":"Projet \u00e9olien de la Crois\u00e9e de Chabanne","description":"","publisher":{"@id":"https:\/\/www.enertrag.fr\/lacroiseedechabanne\/#organization"},"potentialAction":[{"@type":"SearchAction","target":{"@type":"EntryPoint","urlTemplate":"https:\/\/www.enertrag.fr\/lacroiseedechabanne\/?s={search_term_string}"},"query-input":{"@type":"PropertyValueSpecification","valueRequired":true,"valueName":"search_term_string"}}],"inLanguage":"fr-FR"},{"@type":"Organization","@id":"https:\/\/www.enertrag.fr\/lacroiseedechabanne\/#organization","name":"Projet \u00e9olien de la Crois\u00e9e de Chabanne","url":"https:\/\/www.enertrag.fr\/lacroiseedechabanne\/","logo":{"@type":"ImageObject","inLanguage":"fr-FR","@id":"https:\/\/www.enertrag.fr\/lacroiseedechabanne\/#\/schema\/logo\/image\/","url":"https:\/\/www.enertrag.fr\/lacroiseedechabanne\/wp-content\/uploads\/sites\/47\/2024\/06\/logo_enertrag_blanc@4x.png","contentUrl":"https:\/\/www.enertrag.fr\/lacroiseedechabanne\/wp-content\/uploads\/sites\/47\/2024\/06\/logo_enertrag_blanc@4x.png","width":3065,"height":801,"caption":"Projet \u00e9olien de la Crois\u00e9e de Chabanne"},"image":{"@id":"https:\/\/www.enertrag.fr\/lacroiseedechabanne\/#\/schema\/logo\/image\/"}}]}},"_links":{"self":[{"href":"https:\/\/www.enertrag.fr\/lacroiseedechabanne\/wp-json\/wp\/v2\/pages\/66","targetHints":{"allow":["GET"]}}],"collection":[{"href":"https:\/\/www.enertrag.fr\/lacroiseedechabanne\/wp-json\/wp\/v2\/pages"}],"about":[{"href":"https:\/\/www.enertrag.fr\/lacroiseedechabanne\/wp-json\/wp\/v2\/types\/page"}],"author":[{"embeddable":true,"href":"https:\/\/www.enertrag.fr\/lacroiseedechabanne\/wp-json\/wp\/v2\/users\/1"}],"replies":[{"embeddable":true,"href":"https:\/\/www.enertrag.fr\/lacroiseedechabanne\/wp-json\/wp\/v2\/comments?post=66"}],"version-history":[{"count":0,"href":"https:\/\/www.enertrag.fr\/lacroiseedechabanne\/wp-json\/wp\/v2\/pages\/66\/revisions"}],"wp:attachment":[{"href":"https:\/\/www.enertrag.fr\/lacroiseedechabanne\/wp-json\/wp\/v2\/media?parent=66"}],"curies":[{"name":"wp","href":"https:\/\/api.w.org\/{rel}","templated":true}]}}