{"id":64,"date":"2023-01-12T16:19:59","date_gmt":"2023-01-12T15:19:59","guid":{"rendered":"http:\/\/dev.parcs-eoliens-enertrag.fr\/matrice\/?page_id=64"},"modified":"2024-11-21T16:12:36","modified_gmt":"2024-11-21T15:12:36","slug":"la-concertation","status":"publish","type":"page","link":"https:\/\/www.enertrag.fr\/lacroiseedechabanne\/la-concertation\/","title":{"rendered":"La concertation"},"content":{"rendered":"\t\t<div data-elementor-type=\"wp-page\" data-elementor-id=\"64\" class=\"elementor elementor-64\" data-elementor-settings=\"{&quot;ha_cmc_init_switcher&quot;:&quot;no&quot;}\" data-elementor-post-type=\"page\">\n\t\t\t\t\t\t<section class=\"elementor-section elementor-top-section elementor-element elementor-element-7ab1944 elementor-section-full_width elementor-section-height-min-height elementor-section-height-default elementor-section-items-middle\" data-id=\"7ab1944\" data-element_type=\"section\" data-e-type=\"section\" data-settings=\"{&quot;background_background&quot;:&quot;classic&quot;,&quot;_ha_eqh_enable&quot;:false}\">\n\t\t\t\t\t\t<div class=\"elementor-container elementor-column-gap-default\">\n\t\t\t\t\t<div class=\"elementor-column elementor-col-100 elementor-top-column elementor-element elementor-element-1fd3e68\" data-id=\"1fd3e68\" data-element_type=\"column\" data-e-type=\"column\">\n\t\t\t<div class=\"elementor-widget-wrap\">\n\t\t\t\t\t\t\t<\/div>\n\t\t<\/div>\n\t\t\t\t\t<\/div>\n\t\t<\/section>\n\t\t<div class=\"elementor-element elementor-element-e5c96a4 e-con-full e-flex e-con e-parent\" data-id=\"e5c96a4\" data-element_type=\"container\" data-e-type=\"container\" data-settings=\"{&quot;background_background&quot;:&quot;classic&quot;,&quot;_ha_eqh_enable&quot;:false}\">\n\t\t<div class=\"elementor-element elementor-element-d5724f7 e-flex e-con-boxed e-con e-child\" data-id=\"d5724f7\" data-element_type=\"container\" data-e-type=\"container\" data-settings=\"{&quot;_ha_eqh_enable&quot;:false}\">\n\t\t\t\t\t<div class=\"e-con-inner\">\n\t\t\t\t<div class=\"elementor-element elementor-element-b5ef17e elementor-widget elementor-widget-heading\" data-id=\"b5ef17e\" data-element_type=\"widget\" data-e-type=\"widget\" data-widget_type=\"heading.default\">\n\t\t\t\t<div class=\"elementor-widget-container\">\n\t\t\t\t\t<h1 class=\"elementor-heading-title elementor-size-default\">Les objectifs<\/h1>\t\t\t\t<\/div>\n\t\t\t\t<\/div>\n\t\t\t\t<div class=\"elementor-element elementor-element-53350a9 elementor-widget elementor-widget-text-editor\" data-id=\"53350a9\" data-element_type=\"widget\" data-e-type=\"widget\" data-widget_type=\"text-editor.default\">\n\t\t\t\t<div class=\"elementor-widget-container\">\n\t\t\t\t\t\t\t\t\t<p>La soci\u00e9t\u00e9 ENERTRAG met un point d\u2019honneur \u00e0 engager tr\u00e8s en amont de ses projets un dialogue territorial ainsi qu\u2019une d\u00e9marche de concertation, dans l\u2019objectif de pr\u00e9parer les d\u00e9cisions qu\u2019elle aura \u00e0 prendre avec toutes les personnes qui se sentent concern\u00e9es et qui souhaitent s\u2019impliquer dans la vie de leur territoire.<br \/>Suite \u00e0 l\u2019aboutissement du parc \u00e9olien des Quatre Vents, les deux communes concern\u00e9es ont souhait\u00e9 continu\u00e9 leur collaboration avec ENERTRAG et travaill\u00e9 \u00e0 l\u2019ajout d\u2019une ligne d\u2019\u00e9olienne au parc initial.<br \/>Les premiers \u00e9l\u00e9ments de ce nouveau projet ont pu \u00eatre pr\u00e9sent\u00e9s lors de l\u2019inauguration du parc des Quatre Vents le 13 juin 2018 en pr\u00e9sence Monsieur Audoux, Maire de Ch\u00e2teau-Garnier et de feu Monsieur Vergeau, ancien Maire de la Chapelle-B\u00e2ton.<\/p>\t\t\t\t\t\t\t\t<\/div>\n\t\t\t\t<\/div>\n\t\t\t\t\t<\/div>\n\t\t\t\t<\/div>\n\t\t\t\t<\/div>\n\t\t<div class=\"elementor-element elementor-element-cb2c214 e-flex e-con-boxed e-con e-parent\" data-id=\"cb2c214\" data-element_type=\"container\" data-e-type=\"container\" data-settings=\"{&quot;background_background&quot;:&quot;classic&quot;,&quot;_ha_eqh_enable&quot;:false}\">\n\t\t\t\t\t<div class=\"e-con-inner\">\n\t\t<div class=\"elementor-element elementor-element-a55d331 e-con-full e-flex e-con e-child\" data-id=\"a55d331\" data-element_type=\"container\" data-e-type=\"container\" data-settings=\"{&quot;_ha_eqh_enable&quot;:false}\">\n\t\t\t\t<div class=\"elementor-element elementor-element-500271c elementor-widget elementor-widget-heading\" data-id=\"500271c\" data-element_type=\"widget\" data-e-type=\"widget\" data-widget_type=\"heading.default\">\n\t\t\t\t<div class=\"elementor-widget-container\">\n\t\t\t\t\t<h2 class=\"elementor-heading-title elementor-size-default\">Porte \u00e0 Porte<\/h2>\t\t\t\t<\/div>\n\t\t\t\t<\/div>\n\t\t\t\t<div class=\"elementor-element elementor-element-e71eec5 elementor-widget elementor-widget-text-editor\" data-id=\"e71eec5\" data-element_type=\"widget\" data-e-type=\"widget\" data-widget_type=\"text-editor.default\">\n\t\t\t\t<div class=\"elementor-widget-container\">\n\t\t\t\t\t\t\t\t\t<p><strong>Deux campagnes de porte-\u00e0-porte<\/strong>\u00a0ont \u00e9t\u00e9 r\u00e9alis\u00e9es fin 2019. Cette\u00a0d\u00e9marche\u00a0est une approche quantitative et qualitative qui permet d\u2019informer sur le projet et de sensibiliser les riverains tout en r\u00e9coltant des informations cl\u00e9s pour la suite de la concertation.<\/p><p>L\u2019objectif cette campagne est de :<br \/><strong>\u2022 Recueillir les attentes et les besoins des riverains vis-\u00e0-vis du parc existant et du projet \u00e0 venir,<\/strong><br \/><strong>\u2022 Informer les riverains sur le projet et les sujets qui les int\u00e9ressent,<\/strong><br \/><strong>\u2022 R\u00e9pondre aux \u00e9ventuelles inqui\u00e9tudes de la population\u00a0<\/strong><br \/><strong>\u2022 Faire remonter des questions pr\u00e9cises auxquelles il faudra apporter des r\u00e9ponses par la suite,<\/strong><\/p><p>Ont \u00e9t\u00e9 cibl\u00e9s les habitants des 12 hameaux les plus proches du futur projet, \u00e0 savoir :<br \/>\u2022 Bois de Laleu et La Gadeli\u00e8re, sur la commune Ch\u00e2teau-Garnier<br \/>\u2022 Colign\u00e9 et La Rou\u00e8re, sur la commune de Saint-Romain<br \/>\u2022 Pouillac et La Chapeli\u00e8re, sur la commune de La Chapelle-B\u00e2ton<br \/>\u2022 Maisonneau, Bois Renaud et Boisneau, sur la commune de Ch\u00e2teau-Garnier<br \/>\u2022 Les Quatre Vents et Froux, sur la commune de Jouss\u00e9<br \/>\u2022 Les Chevreaux, sur la commune de La Chapelle-B\u00e2ton<\/p><p>Au total sur les\u00a054 portes\u00a0ont \u00e9t\u00e9 frapp\u00e9es,\u00a030\u00a0se sont ouvertes et ont pu aboutir \u00e0 un \u00e9change entre le riverain et le responsable du projet.<\/p><p>Les \u00e9changes avec les riverains ont men\u00e9 ENERTRAG \u00e0 porter une attention particuli\u00e8re \u00e0 la r\u00e9alisation de l\u2019\u00e9tude acoustique. Ainsi, un point de mesure a \u00e9t\u00e9 install\u00e9 dans chaque hameau par le bureau d\u2019\u00e9tudes Sixense Engineering (92) pendant 15 jours, afin d\u2019avoir les mesures les plus compl\u00e8tes possibles.<br \/>ENERTRAG a \u00e9galement d\u00e9cid\u00e9 de mettre en place des mesures suppl\u00e9mentaires depuis le 23 mars 2020 visant \u00e0 limiter l\u2019impact sonore des 8 \u00e9oliennes existantes.<\/p>\t\t\t\t\t\t\t\t<\/div>\n\t\t\t\t<\/div>\n\t\t\t\t<\/div>\n\t\t<div class=\"elementor-element elementor-element-78711b4 e-con-full e-flex e-con e-child\" data-id=\"78711b4\" data-element_type=\"container\" data-e-type=\"container\" data-settings=\"{&quot;_ha_eqh_enable&quot;:false}\">\n\t\t\t\t<div class=\"elementor-element elementor-element-8d695a3 elementor-widget elementor-widget-image\" data-id=\"8d695a3\" data-element_type=\"widget\" data-e-type=\"widget\" data-widget_type=\"image.default\">\n\t\t\t\t<div class=\"elementor-widget-container\">\n\t\t\t\t\t\t\t\t\t\t\t\t\t\t\t<img fetchpriority=\"high\" decoding=\"async\" width=\"721\" height=\"1024\" src=\"https:\/\/www.enertrag.fr\/lacroiseedechabanne\/wp-content\/uploads\/sites\/47\/2024\/09\/points-pap-721x1024.jpg\" class=\"attachment-large size-large wp-image-1326\" alt=\"\" srcset=\"https:\/\/www.enertrag.fr\/lacroiseedechabanne\/wp-content\/uploads\/sites\/47\/2024\/09\/points-pap-721x1024.jpg 721w, https:\/\/www.enertrag.fr\/lacroiseedechabanne\/wp-content\/uploads\/sites\/47\/2024\/09\/points-pap-211x300.jpg 211w, https:\/\/www.enertrag.fr\/lacroiseedechabanne\/wp-content\/uploads\/sites\/47\/2024\/09\/points-pap-768x1090.jpg 768w, https:\/\/www.enertrag.fr\/lacroiseedechabanne\/wp-content\/uploads\/sites\/47\/2024\/09\/points-pap.jpg 994w\" sizes=\"(max-width: 721px) 100vw, 721px\" \/>\t\t\t\t\t\t\t\t\t\t\t\t\t\t\t<\/div>\n\t\t\t\t<\/div>\n\t\t\t\t<\/div>\n\t\t\t\t\t<\/div>\n\t\t\t\t<\/div>\n\t\t<div class=\"elementor-element elementor-element-c0789b3 e-flex e-con-boxed e-con e-parent\" data-id=\"c0789b3\" data-element_type=\"container\" data-e-type=\"container\" data-settings=\"{&quot;background_background&quot;:&quot;classic&quot;,&quot;_ha_eqh_enable&quot;:false}\">\n\t\t\t\t\t<div class=\"e-con-inner\">\n\t\t\t\t<div class=\"elementor-element elementor-element-53fb6ba elementor-widget elementor-widget-heading\" data-id=\"53fb6ba\" data-element_type=\"widget\" data-e-type=\"widget\" data-widget_type=\"heading.default\">\n\t\t\t\t<div class=\"elementor-widget-container\">\n\t\t\t\t\t<h2 class=\"elementor-heading-title elementor-size-default\">Les documents de la concertation<\/h2>\t\t\t\t<\/div>\n\t\t\t\t<\/div>\n\t\t\t\t\t<\/div>\n\t\t\t\t<\/div>\n\t\t<div class=\"elementor-element elementor-element-ca3a982 e-flex e-con-boxed e-con e-parent\" data-id=\"ca3a982\" data-element_type=\"container\" data-e-type=\"container\" data-settings=\"{&quot;_ha_eqh_enable&quot;:false}\">\n\t\t\t\t\t<div class=\"e-con-inner\">\n\t\t\t\t<div class=\"elementor-element elementor-element-7ba1183 elementor-widget elementor-widget-heading\" data-id=\"7ba1183\" data-element_type=\"widget\" data-e-type=\"widget\" data-widget_type=\"heading.default\">\n\t\t\t\t<div class=\"elementor-widget-container\">\n\t\t\t\t\t<h2 class=\"elementor-heading-title elementor-size-default\">Bulletins d'information <\/h2>\t\t\t\t<\/div>\n\t\t\t\t<\/div>\n\t\t\t\t<div class=\"elementor-element elementor-element-197c76a elementor-widget-divider--view-line elementor-widget elementor-widget-divider\" data-id=\"197c76a\" data-element_type=\"widget\" data-e-type=\"widget\" data-widget_type=\"divider.default\">\n\t\t\t\t<div class=\"elementor-widget-container\">\n\t\t\t\t\t\t\t<div class=\"elementor-divider\">\n\t\t\t<span class=\"elementor-divider-separator\">\n\t\t\t\t\t\t<\/span>\n\t\t<\/div>\n\t\t\t\t\t\t<\/div>\n\t\t\t\t<\/div>\n\t\t<div class=\"elementor-element elementor-element-d10fe21 e-con-full e-flex e-con e-child\" data-id=\"d10fe21\" data-element_type=\"container\" data-e-type=\"container\" data-settings=\"{&quot;_ha_eqh_enable&quot;:false}\">\n\t\t\t\t<div class=\"elementor-element elementor-element-6dad47a elementor-cta--skin-classic elementor-animated-content elementor-bg-transform elementor-bg-transform-zoom-in elementor-widget elementor-widget-call-to-action\" data-id=\"6dad47a\" data-element_type=\"widget\" data-e-type=\"widget\" data-widget_type=\"call-to-action.default\">\n\t\t\t\t<div class=\"elementor-widget-container\">\n\t\t\t\t\t\t\t<a class=\"elementor-cta\" href=\"https:\/\/www.enertrag.fr\/lacroiseedechabanne\/wp-content\/uploads\/sites\/47\/2024\/09\/Bulletin-1.pdf\">\n\t\t\t\t\t<div class=\"elementor-cta__bg-wrapper\">\n\t\t\t\t<div class=\"elementor-cta__bg elementor-bg\" style=\"background-image: url(https:\/\/www.enertrag.fr\/lacroiseedechabanne\/wp-content\/uploads\/sites\/47\/2024\/06\/placement2.png);\" role=\"img\" aria-label=\"placement2\"><\/div>\n\t\t\t\t<div class=\"elementor-cta__bg-overlay\"><\/div>\n\t\t\t<\/div>\n\t\t\t\t\t\t\t<div class=\"elementor-cta__content\">\n\t\t\t\t\n\t\t\t\t\n\t\t\t\t\t\t\t\t\t<div class=\"elementor-cta__description elementor-cta__content-item elementor-content-item\">\n\t\t\t\t\t\tBulletin d'information n\u00b01 \n ( Ao\u00fbt 2018)\t\t\t\t\t<\/div>\n\t\t\t\t\n\t\t\t\t\t\t\t<\/div>\n\t\t\t\t\t\t<\/a>\n\t\t\t\t\t\t<\/div>\n\t\t\t\t<\/div>\n\t\t\t\t<div class=\"elementor-element elementor-element-a268dc4 elementor-cta--skin-classic elementor-animated-content elementor-bg-transform elementor-bg-transform-zoom-in elementor-widget elementor-widget-call-to-action\" data-id=\"a268dc4\" data-element_type=\"widget\" data-e-type=\"widget\" data-widget_type=\"call-to-action.default\">\n\t\t\t\t<div class=\"elementor-widget-container\">\n\t\t\t\t\t\t\t<a class=\"elementor-cta\" href=\"https:\/\/www.enertrag.fr\/lacroiseedechabanne\/wp-content\/uploads\/sites\/47\/2024\/09\/Bulletin-2.pdf\">\n\t\t\t\t\t<div class=\"elementor-cta__bg-wrapper\">\n\t\t\t\t<div class=\"elementor-cta__bg elementor-bg\" style=\"background-image: url(https:\/\/www.enertrag.fr\/lacroiseedechabanne\/wp-content\/uploads\/sites\/47\/2024\/06\/placement2.png);\" role=\"img\" aria-label=\"placement2\"><\/div>\n\t\t\t\t<div class=\"elementor-cta__bg-overlay\"><\/div>\n\t\t\t<\/div>\n\t\t\t\t\t\t\t<div class=\"elementor-cta__content\">\n\t\t\t\t\n\t\t\t\t\n\t\t\t\t\t\t\t\t\t<div class=\"elementor-cta__description elementor-cta__content-item elementor-content-item\">\n\t\t\t\t\t\tBulletin d'information n\u00b02 \n(Janvier 2019)\t\t\t\t\t<\/div>\n\t\t\t\t\n\t\t\t\t\t\t\t<\/div>\n\t\t\t\t\t\t<\/a>\n\t\t\t\t\t\t<\/div>\n\t\t\t\t<\/div>\n\t\t\t\t<div class=\"elementor-element elementor-element-e3f5951 elementor-cta--skin-classic elementor-animated-content elementor-bg-transform elementor-bg-transform-zoom-in elementor-widget elementor-widget-call-to-action\" data-id=\"e3f5951\" data-element_type=\"widget\" data-e-type=\"widget\" data-widget_type=\"call-to-action.default\">\n\t\t\t\t<div class=\"elementor-widget-container\">\n\t\t\t\t\t\t\t<a class=\"elementor-cta\" href=\"https:\/\/www.enertrag.fr\/lacroiseedechabanne\/wp-content\/uploads\/sites\/47\/2024\/09\/Bulletin-3.pdf\">\n\t\t\t\t\t<div class=\"elementor-cta__bg-wrapper\">\n\t\t\t\t<div class=\"elementor-cta__bg elementor-bg\" style=\"background-image: url(https:\/\/www.enertrag.fr\/lacroiseedechabanne\/wp-content\/uploads\/sites\/47\/2024\/06\/placement2.png);\" role=\"img\" aria-label=\"placement2\"><\/div>\n\t\t\t\t<div class=\"elementor-cta__bg-overlay\"><\/div>\n\t\t\t<\/div>\n\t\t\t\t\t\t\t<div class=\"elementor-cta__content\">\n\t\t\t\t\n\t\t\t\t\n\t\t\t\t\t\t\t\t\t<div class=\"elementor-cta__description elementor-cta__content-item elementor-content-item\">\n\t\t\t\t\t\tBulletin d'information n\u00b03 (Juillet 2019)\t\t\t\t\t<\/div>\n\t\t\t\t\n\t\t\t\t\t\t\t<\/div>\n\t\t\t\t\t\t<\/a>\n\t\t\t\t\t\t<\/div>\n\t\t\t\t<\/div>\n\t\t\t\t<div class=\"elementor-element elementor-element-472e9c0 elementor-cta--skin-classic elementor-animated-content elementor-bg-transform elementor-bg-transform-zoom-in elementor-widget elementor-widget-call-to-action\" data-id=\"472e9c0\" data-element_type=\"widget\" data-e-type=\"widget\" data-widget_type=\"call-to-action.default\">\n\t\t\t\t<div class=\"elementor-widget-container\">\n\t\t\t\t\t\t\t<a class=\"elementor-cta\" href=\"https:\/\/www.enertrag.fr\/lacroiseedechabanne\/wp-content\/uploads\/sites\/47\/2024\/09\/Bulletin-4-ENERTRAG.pdf\">\n\t\t\t\t\t<div class=\"elementor-cta__bg-wrapper\">\n\t\t\t\t<div class=\"elementor-cta__bg elementor-bg\" style=\"background-image: url(https:\/\/www.enertrag.fr\/lacroiseedechabanne\/wp-content\/uploads\/sites\/47\/2024\/06\/placement2.png);\" role=\"img\" aria-label=\"placement2\"><\/div>\n\t\t\t\t<div class=\"elementor-cta__bg-overlay\"><\/div>\n\t\t\t<\/div>\n\t\t\t\t\t\t\t<div class=\"elementor-cta__content\">\n\t\t\t\t\n\t\t\t\t\n\t\t\t\t\t\t\t\t\t<div class=\"elementor-cta__description elementor-cta__content-item elementor-content-item\">\n\t\t\t\t\t\tBulletin d'information n\u00b04 (Janvier 2020)\t\t\t\t\t<\/div>\n\t\t\t\t\n\t\t\t\t\t\t\t<\/div>\n\t\t\t\t\t\t<\/a>\n\t\t\t\t\t\t<\/div>\n\t\t\t\t<\/div>\n\t\t\t\t<div class=\"elementor-element elementor-element-ea6c092 elementor-cta--skin-classic elementor-animated-content elementor-bg-transform elementor-bg-transform-zoom-in elementor-widget elementor-widget-call-to-action\" data-id=\"ea6c092\" data-element_type=\"widget\" data-e-type=\"widget\" data-widget_type=\"call-to-action.default\">\n\t\t\t\t<div class=\"elementor-widget-container\">\n\t\t\t\t\t\t\t<a class=\"elementor-cta\" href=\"https:\/\/www.enertrag.fr\/lacroiseedechabanne\/wp-content\/uploads\/sites\/47\/2024\/09\/Bulletin_info_5_Quatre_Vents_impression.pdf\">\n\t\t\t\t\t<div class=\"elementor-cta__bg-wrapper\">\n\t\t\t\t<div class=\"elementor-cta__bg elementor-bg\" style=\"background-image: url(https:\/\/www.enertrag.fr\/lacroiseedechabanne\/wp-content\/uploads\/sites\/47\/2024\/06\/placement2.png);\" role=\"img\" aria-label=\"placement2\"><\/div>\n\t\t\t\t<div class=\"elementor-cta__bg-overlay\"><\/div>\n\t\t\t<\/div>\n\t\t\t\t\t\t\t<div class=\"elementor-cta__content\">\n\t\t\t\t\n\t\t\t\t\n\t\t\t\t\t\t\t\t\t<div class=\"elementor-cta__description elementor-cta__content-item elementor-content-item\">\n\t\t\t\t\t\tBulletin d'information n\u00b05 (Septembre 2020)\t\t\t\t\t<\/div>\n\t\t\t\t\n\t\t\t\t\t\t\t<\/div>\n\t\t\t\t\t\t<\/a>\n\t\t\t\t\t\t<\/div>\n\t\t\t\t<\/div>\n\t\t\t\t<div class=\"elementor-element elementor-element-91ee368 elementor-cta--skin-classic elementor-animated-content elementor-bg-transform elementor-bg-transform-zoom-in elementor-widget elementor-widget-call-to-action\" data-id=\"91ee368\" data-element_type=\"widget\" data-e-type=\"widget\" data-widget_type=\"call-to-action.default\">\n\t\t\t\t<div class=\"elementor-widget-container\">\n\t\t\t\t\t\t\t<a class=\"elementor-cta\" href=\"https:\/\/www.enertrag.fr\/lacroiseedechabanne\/wp-content\/uploads\/sites\/47\/2024\/09\/Bulletin_info_6_Quatre_Vents-v6.pdf\">\n\t\t\t\t\t<div class=\"elementor-cta__bg-wrapper\">\n\t\t\t\t<div class=\"elementor-cta__bg elementor-bg\" style=\"background-image: url(https:\/\/www.enertrag.fr\/lacroiseedechabanne\/wp-content\/uploads\/sites\/47\/2024\/06\/placement2.png);\" role=\"img\" aria-label=\"placement2\"><\/div>\n\t\t\t\t<div class=\"elementor-cta__bg-overlay\"><\/div>\n\t\t\t<\/div>\n\t\t\t\t\t\t\t<div class=\"elementor-cta__content\">\n\t\t\t\t\n\t\t\t\t\n\t\t\t\t\t\t\t\t\t<div class=\"elementor-cta__description elementor-cta__content-item elementor-content-item\">\n\t\t\t\t\t\tBulletin d'information n\u00b06 (F\u00e9vrier 2021)\t\t\t\t\t<\/div>\n\t\t\t\t\n\t\t\t\t\t\t\t<\/div>\n\t\t\t\t\t\t<\/a>\n\t\t\t\t\t\t<\/div>\n\t\t\t\t<\/div>\n\t\t\t\t<div class=\"elementor-element elementor-element-da4b202 elementor-cta--skin-classic elementor-animated-content elementor-bg-transform elementor-bg-transform-zoom-in elementor-widget elementor-widget-call-to-action\" data-id=\"da4b202\" data-element_type=\"widget\" data-e-type=\"widget\" data-widget_type=\"call-to-action.default\">\n\t\t\t\t<div class=\"elementor-widget-container\">\n\t\t\t\t\t\t\t<a class=\"elementor-cta\" href=\"https:\/\/www.enertrag.fr\/lacroiseedechabanne\/wp-content\/uploads\/sites\/47\/2024\/09\/FR-PC-LP-Bulletin_info_7_VF.pdf\">\n\t\t\t\t\t<div class=\"elementor-cta__bg-wrapper\">\n\t\t\t\t<div class=\"elementor-cta__bg elementor-bg\" style=\"background-image: url(https:\/\/www.enertrag.fr\/lacroiseedechabanne\/wp-content\/uploads\/sites\/47\/2024\/06\/placement2.png);\" role=\"img\" aria-label=\"placement2\"><\/div>\n\t\t\t\t<div class=\"elementor-cta__bg-overlay\"><\/div>\n\t\t\t<\/div>\n\t\t\t\t\t\t\t<div class=\"elementor-cta__content\">\n\t\t\t\t\n\t\t\t\t\n\t\t\t\t\t\t\t\t\t<div class=\"elementor-cta__description elementor-cta__content-item elementor-content-item\">\n\t\t\t\t\t\tBulletin d'information n\u00b07 (Mars 2022)\t\t\t\t\t<\/div>\n\t\t\t\t\n\t\t\t\t\t\t\t<\/div>\n\t\t\t\t\t\t<\/a>\n\t\t\t\t\t\t<\/div>\n\t\t\t\t<\/div>\n\t\t\t\t<div class=\"elementor-element elementor-element-9bd66e2 elementor-cta--skin-classic elementor-animated-content elementor-bg-transform elementor-bg-transform-zoom-in elementor-widget elementor-widget-call-to-action\" data-id=\"9bd66e2\" data-element_type=\"widget\" data-e-type=\"widget\" data-widget_type=\"call-to-action.default\">\n\t\t\t\t<div class=\"elementor-widget-container\">\n\t\t\t\t\t\t\t<a class=\"elementor-cta\" href=\"https:\/\/www.enertrag.fr\/lacroiseedechabanne\/wp-content\/uploads\/sites\/47\/2024\/09\/FR-PC-LP-BI8_VF.pdf\">\n\t\t\t\t\t<div class=\"elementor-cta__bg-wrapper\">\n\t\t\t\t<div class=\"elementor-cta__bg elementor-bg\" style=\"background-image: url(https:\/\/www.enertrag.fr\/lacroiseedechabanne\/wp-content\/uploads\/sites\/47\/2024\/06\/placement2.png);\" role=\"img\" aria-label=\"placement2\"><\/div>\n\t\t\t\t<div class=\"elementor-cta__bg-overlay\"><\/div>\n\t\t\t<\/div>\n\t\t\t\t\t\t\t<div class=\"elementor-cta__content\">\n\t\t\t\t\n\t\t\t\t\n\t\t\t\t\t\t\t\t\t<div class=\"elementor-cta__description elementor-cta__content-item elementor-content-item\">\n\t\t\t\t\t\tBulletin d'information n\u00b08 (Janvier 2023)\t\t\t\t\t<\/div>\n\t\t\t\t\n\t\t\t\t\t\t\t<\/div>\n\t\t\t\t\t\t<\/a>\n\t\t\t\t\t\t<\/div>\n\t\t\t\t<\/div>\n\t\t\t\t<div class=\"elementor-element elementor-element-33b16fa elementor-cta--skin-classic elementor-animated-content elementor-bg-transform elementor-bg-transform-zoom-in elementor-widget elementor-widget-call-to-action\" data-id=\"33b16fa\" data-element_type=\"widget\" data-e-type=\"widget\" data-widget_type=\"call-to-action.default\">\n\t\t\t\t<div class=\"elementor-widget-container\">\n\t\t\t\t\t\t\t<a class=\"elementor-cta\" href=\"https:\/\/www.enertrag.fr\/lacroiseedechabanne\/wp-content\/uploads\/sites\/47\/2024\/09\/La-Chapelle-Baton-BI_9.pdf\">\n\t\t\t\t\t<div class=\"elementor-cta__bg-wrapper\">\n\t\t\t\t<div class=\"elementor-cta__bg elementor-bg\" style=\"background-image: url(https:\/\/www.enertrag.fr\/lacroiseedechabanne\/wp-content\/uploads\/sites\/47\/2024\/06\/placement2.png);\" role=\"img\" aria-label=\"placement2\"><\/div>\n\t\t\t\t<div class=\"elementor-cta__bg-overlay\"><\/div>\n\t\t\t<\/div>\n\t\t\t\t\t\t\t<div class=\"elementor-cta__content\">\n\t\t\t\t\n\t\t\t\t\n\t\t\t\t\t\t\t\t\t<div class=\"elementor-cta__description elementor-cta__content-item elementor-content-item\">\n\t\t\t\t\t\tBulletin d'information n\u00b09 (Janvier 2024)\t\t\t\t\t<\/div>\n\t\t\t\t\n\t\t\t\t\t\t\t<\/div>\n\t\t\t\t\t\t<\/a>\n\t\t\t\t\t\t<\/div>\n\t\t\t\t<\/div>\n\t\t\t\t<\/div>\n\t\t\t\t\t<\/div>\n\t\t\t\t<\/div>\n\t\t\t\t<\/div>\n\t\t","protected":false},"excerpt":{"rendered":"<p>Les objectifs La soci\u00e9t\u00e9 ENERTRAG met un point d\u2019honneur \u00e0 engager tr\u00e8s en amont de ses projets un dialogue territorial ainsi qu\u2019une d\u00e9marche de concertation, dans l\u2019objectif de pr\u00e9parer les d\u00e9cisions qu\u2019elle aura \u00e0 prendre avec toutes les personnes qui se sentent concern\u00e9es et qui souhaitent s\u2019impliquer dans la vie de leur territoire.Suite \u00e0 l\u2019aboutissement [&hellip;]<\/p>\n","protected":false},"author":1,"featured_media":0,"parent":0,"menu_order":0,"comment_status":"closed","ping_status":"closed","template":"","meta":{"_acf_changed":false,"footnotes":""},"class_list":["post-64","page","type-page","status-publish","hentry"],"acf":[],"yoast_head":"<!-- This site is optimized with the Yoast SEO plugin v27.5 - https:\/\/yoast.com\/product\/yoast-seo-wordpress\/ -->\n<title>La concertation - Projet \u00e9olien de la Crois\u00e9e de Chabanne<\/title>\n<meta name=\"robots\" content=\"index, follow, max-snippet:-1, max-image-preview:large, max-video-preview:-1\" \/>\n<link rel=\"canonical\" href=\"https:\/\/www.enertrag.fr\/lacroiseedechabanne\/la-concertation\/\" \/>\n<meta property=\"og:locale\" content=\"fr_FR\" \/>\n<meta property=\"og:type\" content=\"article\" \/>\n<meta property=\"og:title\" content=\"La concertation - Projet \u00e9olien de la Crois\u00e9e de Chabanne\" \/>\n<meta property=\"og:description\" content=\"Les objectifs La soci\u00e9t\u00e9 ENERTRAG met un point d\u2019honneur \u00e0 engager tr\u00e8s en amont de ses projets un dialogue territorial ainsi qu\u2019une d\u00e9marche de concertation, dans l\u2019objectif de pr\u00e9parer les d\u00e9cisions qu\u2019elle aura \u00e0 prendre avec toutes les personnes qui se sentent concern\u00e9es et qui souhaitent s\u2019impliquer dans la vie de leur territoire.Suite \u00e0 l\u2019aboutissement [&hellip;]\" \/>\n<meta property=\"og:url\" content=\"https:\/\/www.enertrag.fr\/lacroiseedechabanne\/la-concertation\/\" \/>\n<meta property=\"og:site_name\" content=\"Projet \u00e9olien de la Crois\u00e9e de Chabanne\" \/>\n<meta property=\"article:modified_time\" content=\"2024-11-21T15:12:36+00:00\" \/>\n<meta property=\"og:image\" content=\"https:\/\/www.enertrag.fr\/lacroiseedechabanne\/wp-content\/uploads\/sites\/47\/2024\/09\/points-pap-721x1024.jpg\" \/>\n<meta name=\"twitter:card\" content=\"summary_large_image\" \/>\n<meta name=\"twitter:label1\" content=\"Dur\u00e9e de lecture estim\u00e9e\" \/>\n\t<meta name=\"twitter:data1\" content=\"3 minutes\" \/>\n<script type=\"application\/ld+json\" class=\"yoast-schema-graph\">{\"@context\":\"https:\\\/\\\/schema.org\",\"@graph\":[{\"@type\":\"WebPage\",\"@id\":\"https:\\\/\\\/www.enertrag.fr\\\/lacroiseedechabanne\\\/la-concertation\\\/\",\"url\":\"https:\\\/\\\/www.enertrag.fr\\\/lacroiseedechabanne\\\/la-concertation\\\/\",\"name\":\"La concertation - Projet \u00e9olien de la Crois\u00e9e de Chabanne\",\"isPartOf\":{\"@id\":\"https:\\\/\\\/www.enertrag.fr\\\/lacroiseedechabanne\\\/#website\"},\"primaryImageOfPage\":{\"@id\":\"https:\\\/\\\/www.enertrag.fr\\\/lacroiseedechabanne\\\/la-concertation\\\/#primaryimage\"},\"image\":{\"@id\":\"https:\\\/\\\/www.enertrag.fr\\\/lacroiseedechabanne\\\/la-concertation\\\/#primaryimage\"},\"thumbnailUrl\":\"https:\\\/\\\/www.enertrag.fr\\\/lacroiseedechabanne\\\/wp-content\\\/uploads\\\/sites\\\/47\\\/2024\\\/09\\\/points-pap-721x1024.jpg\",\"datePublished\":\"2023-01-12T15:19:59+00:00\",\"dateModified\":\"2024-11-21T15:12:36+00:00\",\"breadcrumb\":{\"@id\":\"https:\\\/\\\/www.enertrag.fr\\\/lacroiseedechabanne\\\/la-concertation\\\/#breadcrumb\"},\"inLanguage\":\"fr-FR\",\"potentialAction\":[{\"@type\":\"ReadAction\",\"target\":[\"https:\\\/\\\/www.enertrag.fr\\\/lacroiseedechabanne\\\/la-concertation\\\/\"]}]},{\"@type\":\"ImageObject\",\"inLanguage\":\"fr-FR\",\"@id\":\"https:\\\/\\\/www.enertrag.fr\\\/lacroiseedechabanne\\\/la-concertation\\\/#primaryimage\",\"url\":\"https:\\\/\\\/www.enertrag.fr\\\/lacroiseedechabanne\\\/wp-content\\\/uploads\\\/sites\\\/47\\\/2024\\\/09\\\/points-pap.jpg\",\"contentUrl\":\"https:\\\/\\\/www.enertrag.fr\\\/lacroiseedechabanne\\\/wp-content\\\/uploads\\\/sites\\\/47\\\/2024\\\/09\\\/points-pap.jpg\",\"width\":994,\"height\":1411},{\"@type\":\"BreadcrumbList\",\"@id\":\"https:\\\/\\\/www.enertrag.fr\\\/lacroiseedechabanne\\\/la-concertation\\\/#breadcrumb\",\"itemListElement\":[{\"@type\":\"ListItem\",\"position\":1,\"name\":\"Accueil\",\"item\":\"https:\\\/\\\/www.enertrag.fr\\\/lacroiseedechabanne\\\/\"},{\"@type\":\"ListItem\",\"position\":2,\"name\":\"La concertation\"}]},{\"@type\":\"WebSite\",\"@id\":\"https:\\\/\\\/www.enertrag.fr\\\/lacroiseedechabanne\\\/#website\",\"url\":\"https:\\\/\\\/www.enertrag.fr\\\/lacroiseedechabanne\\\/\",\"name\":\"Projet \u00e9olien de la Crois\u00e9e de Chabanne\",\"description\":\"\",\"publisher\":{\"@id\":\"https:\\\/\\\/www.enertrag.fr\\\/lacroiseedechabanne\\\/#organization\"},\"potentialAction\":[{\"@type\":\"SearchAction\",\"target\":{\"@type\":\"EntryPoint\",\"urlTemplate\":\"https:\\\/\\\/www.enertrag.fr\\\/lacroiseedechabanne\\\/?s={search_term_string}\"},\"query-input\":{\"@type\":\"PropertyValueSpecification\",\"valueRequired\":true,\"valueName\":\"search_term_string\"}}],\"inLanguage\":\"fr-FR\"},{\"@type\":\"Organization\",\"@id\":\"https:\\\/\\\/www.enertrag.fr\\\/lacroiseedechabanne\\\/#organization\",\"name\":\"Projet \u00e9olien de la Crois\u00e9e de Chabanne\",\"url\":\"https:\\\/\\\/www.enertrag.fr\\\/lacroiseedechabanne\\\/\",\"logo\":{\"@type\":\"ImageObject\",\"inLanguage\":\"fr-FR\",\"@id\":\"https:\\\/\\\/www.enertrag.fr\\\/lacroiseedechabanne\\\/#\\\/schema\\\/logo\\\/image\\\/\",\"url\":\"https:\\\/\\\/www.enertrag.fr\\\/lacroiseedechabanne\\\/wp-content\\\/uploads\\\/sites\\\/47\\\/2024\\\/06\\\/logo_enertrag_blanc@4x.png\",\"contentUrl\":\"https:\\\/\\\/www.enertrag.fr\\\/lacroiseedechabanne\\\/wp-content\\\/uploads\\\/sites\\\/47\\\/2024\\\/06\\\/logo_enertrag_blanc@4x.png\",\"width\":3065,\"height\":801,\"caption\":\"Projet \u00e9olien de la Crois\u00e9e de Chabanne\"},\"image\":{\"@id\":\"https:\\\/\\\/www.enertrag.fr\\\/lacroiseedechabanne\\\/#\\\/schema\\\/logo\\\/image\\\/\"}}]}<\/script>\n<!-- \/ Yoast SEO plugin. -->","yoast_head_json":{"title":"La concertation - Projet \u00e9olien de la Crois\u00e9e de Chabanne","robots":{"index":"index","follow":"follow","max-snippet":"max-snippet:-1","max-image-preview":"max-image-preview:large","max-video-preview":"max-video-preview:-1"},"canonical":"https:\/\/www.enertrag.fr\/lacroiseedechabanne\/la-concertation\/","og_locale":"fr_FR","og_type":"article","og_title":"La concertation - Projet \u00e9olien de la Crois\u00e9e de Chabanne","og_description":"Les objectifs La soci\u00e9t\u00e9 ENERTRAG met un point d\u2019honneur \u00e0 engager tr\u00e8s en amont de ses projets un dialogue territorial ainsi qu\u2019une d\u00e9marche de concertation, dans l\u2019objectif de pr\u00e9parer les d\u00e9cisions qu\u2019elle aura \u00e0 prendre avec toutes les personnes qui se sentent concern\u00e9es et qui souhaitent s\u2019impliquer dans la vie de leur territoire.Suite \u00e0 l\u2019aboutissement [&hellip;]","og_url":"https:\/\/www.enertrag.fr\/lacroiseedechabanne\/la-concertation\/","og_site_name":"Projet \u00e9olien de la Crois\u00e9e de Chabanne","article_modified_time":"2024-11-21T15:12:36+00:00","og_image":[{"url":"https:\/\/www.enertrag.fr\/lacroiseedechabanne\/wp-content\/uploads\/sites\/47\/2024\/09\/points-pap-721x1024.jpg","type":"","width":"","height":""}],"twitter_card":"summary_large_image","twitter_misc":{"Dur\u00e9e de lecture estim\u00e9e":"3 minutes"},"schema":{"@context":"https:\/\/schema.org","@graph":[{"@type":"WebPage","@id":"https:\/\/www.enertrag.fr\/lacroiseedechabanne\/la-concertation\/","url":"https:\/\/www.enertrag.fr\/lacroiseedechabanne\/la-concertation\/","name":"La concertation - Projet \u00e9olien de la Crois\u00e9e de Chabanne","isPartOf":{"@id":"https:\/\/www.enertrag.fr\/lacroiseedechabanne\/#website"},"primaryImageOfPage":{"@id":"https:\/\/www.enertrag.fr\/lacroiseedechabanne\/la-concertation\/#primaryimage"},"image":{"@id":"https:\/\/www.enertrag.fr\/lacroiseedechabanne\/la-concertation\/#primaryimage"},"thumbnailUrl":"https:\/\/www.enertrag.fr\/lacroiseedechabanne\/wp-content\/uploads\/sites\/47\/2024\/09\/points-pap-721x1024.jpg","datePublished":"2023-01-12T15:19:59+00:00","dateModified":"2024-11-21T15:12:36+00:00","breadcrumb":{"@id":"https:\/\/www.enertrag.fr\/lacroiseedechabanne\/la-concertation\/#breadcrumb"},"inLanguage":"fr-FR","potentialAction":[{"@type":"ReadAction","target":["https:\/\/www.enertrag.fr\/lacroiseedechabanne\/la-concertation\/"]}]},{"@type":"ImageObject","inLanguage":"fr-FR","@id":"https:\/\/www.enertrag.fr\/lacroiseedechabanne\/la-concertation\/#primaryimage","url":"https:\/\/www.enertrag.fr\/lacroiseedechabanne\/wp-content\/uploads\/sites\/47\/2024\/09\/points-pap.jpg","contentUrl":"https:\/\/www.enertrag.fr\/lacroiseedechabanne\/wp-content\/uploads\/sites\/47\/2024\/09\/points-pap.jpg","width":994,"height":1411},{"@type":"BreadcrumbList","@id":"https:\/\/www.enertrag.fr\/lacroiseedechabanne\/la-concertation\/#breadcrumb","itemListElement":[{"@type":"ListItem","position":1,"name":"Accueil","item":"https:\/\/www.enertrag.fr\/lacroiseedechabanne\/"},{"@type":"ListItem","position":2,"name":"La concertation"}]},{"@type":"WebSite","@id":"https:\/\/www.enertrag.fr\/lacroiseedechabanne\/#website","url":"https:\/\/www.enertrag.fr\/lacroiseedechabanne\/","name":"Projet \u00e9olien de la Crois\u00e9e de Chabanne","description":"","publisher":{"@id":"https:\/\/www.enertrag.fr\/lacroiseedechabanne\/#organization"},"potentialAction":[{"@type":"SearchAction","target":{"@type":"EntryPoint","urlTemplate":"https:\/\/www.enertrag.fr\/lacroiseedechabanne\/?s={search_term_string}"},"query-input":{"@type":"PropertyValueSpecification","valueRequired":true,"valueName":"search_term_string"}}],"inLanguage":"fr-FR"},{"@type":"Organization","@id":"https:\/\/www.enertrag.fr\/lacroiseedechabanne\/#organization","name":"Projet \u00e9olien de la Crois\u00e9e de Chabanne","url":"https:\/\/www.enertrag.fr\/lacroiseedechabanne\/","logo":{"@type":"ImageObject","inLanguage":"fr-FR","@id":"https:\/\/www.enertrag.fr\/lacroiseedechabanne\/#\/schema\/logo\/image\/","url":"https:\/\/www.enertrag.fr\/lacroiseedechabanne\/wp-content\/uploads\/sites\/47\/2024\/06\/logo_enertrag_blanc@4x.png","contentUrl":"https:\/\/www.enertrag.fr\/lacroiseedechabanne\/wp-content\/uploads\/sites\/47\/2024\/06\/logo_enertrag_blanc@4x.png","width":3065,"height":801,"caption":"Projet \u00e9olien de la Crois\u00e9e de Chabanne"},"image":{"@id":"https:\/\/www.enertrag.fr\/lacroiseedechabanne\/#\/schema\/logo\/image\/"}}]}},"_links":{"self":[{"href":"https:\/\/www.enertrag.fr\/lacroiseedechabanne\/wp-json\/wp\/v2\/pages\/64","targetHints":{"allow":["GET"]}}],"collection":[{"href":"https:\/\/www.enertrag.fr\/lacroiseedechabanne\/wp-json\/wp\/v2\/pages"}],"about":[{"href":"https:\/\/www.enertrag.fr\/lacroiseedechabanne\/wp-json\/wp\/v2\/types\/page"}],"author":[{"embeddable":true,"href":"https:\/\/www.enertrag.fr\/lacroiseedechabanne\/wp-json\/wp\/v2\/users\/1"}],"replies":[{"embeddable":true,"href":"https:\/\/www.enertrag.fr\/lacroiseedechabanne\/wp-json\/wp\/v2\/comments?post=64"}],"version-history":[{"count":0,"href":"https:\/\/www.enertrag.fr\/lacroiseedechabanne\/wp-json\/wp\/v2\/pages\/64\/revisions"}],"wp:attachment":[{"href":"https:\/\/www.enertrag.fr\/lacroiseedechabanne\/wp-json\/wp\/v2\/media?parent=64"}],"curies":[{"name":"wp","href":"https:\/\/api.w.org\/{rel}","templated":true}]}}