{"id":5,"date":"2023-01-10T12:26:09","date_gmt":"2023-01-10T11:26:09","guid":{"rendered":"http:\/\/dev.parcs-eoliens-enertrag.fr\/testy\/?page_id=5"},"modified":"2024-09-10T16:44:25","modified_gmt":"2024-09-10T14:44:25","slug":"attente","status":"publish","type":"page","link":"https:\/\/www.enertrag.fr\/lacroiseedechabanne\/","title":{"rendered":"Accueil"},"content":{"rendered":"\t\t<div data-elementor-type=\"wp-page\" data-elementor-id=\"5\" class=\"elementor elementor-5\" data-elementor-settings=\"{&quot;ha_cmc_init_switcher&quot;:&quot;no&quot;}\" data-elementor-post-type=\"page\">\n\t\t\t\t\t\t<section class=\"elementor-section elementor-top-section elementor-element elementor-element-11af55b elementor-section-full_width elementor-section-height-full elementor-section-height-default elementor-section-items-middle\" data-id=\"11af55b\" data-element_type=\"section\" data-e-type=\"section\" data-settings=\"{&quot;background_background&quot;:&quot;classic&quot;,&quot;_ha_eqh_enable&quot;:false}\">\n\t\t\t\t\t\t<div class=\"elementor-container elementor-column-gap-default\">\n\t\t\t\t\t<div class=\"elementor-column elementor-col-100 elementor-top-column elementor-element elementor-element-fa42153\" data-id=\"fa42153\" data-element_type=\"column\" data-e-type=\"column\" data-settings=\"{&quot;animation&quot;:&quot;none&quot;}\">\n\t\t\t<div class=\"elementor-widget-wrap elementor-element-populated\">\n\t\t\t\t\t\t<div class=\"elementor-element elementor-element-2363a02 elementor-invisible elementor-widget elementor-widget-heading\" data-id=\"2363a02\" data-element_type=\"widget\" data-e-type=\"widget\" data-settings=\"{&quot;_animation&quot;:&quot;fadeInUp&quot;}\" data-widget_type=\"heading.default\">\n\t\t\t\t<div class=\"elementor-widget-container\">\n\t\t\t\t\t<h1 class=\"elementor-heading-title elementor-size-default\">Projet \u00e9olien de <br>La Crois\u00e9e de Chabanne<\/h1>\t\t\t\t<\/div>\n\t\t\t\t<\/div>\n\t\t\t\t<div class=\"elementor-element elementor-element-54d44c1 elementor-invisible elementor-widget elementor-widget-heading\" data-id=\"54d44c1\" data-element_type=\"widget\" data-e-type=\"widget\" data-settings=\"{&quot;_animation&quot;:&quot;fadeInUp&quot;}\" data-widget_type=\"heading.default\">\n\t\t\t\t<div class=\"elementor-widget-container\">\n\t\t\t\t\t<h2 class=\"elementor-heading-title elementor-size-default\">Ensemble. Avec passion. Une \u00e9nergie d\u2019avance.<\/h2>\t\t\t\t<\/div>\n\t\t\t\t<\/div>\n\t\t\t\t\t<\/div>\n\t\t<\/div>\n\t\t\t\t\t<\/div>\n\t\t<\/section>\n\t\t\t\t<section class=\"elementor-section elementor-top-section elementor-element elementor-element-c97c833 elementor-section-boxed elementor-section-height-default elementor-section-height-default\" data-id=\"c97c833\" data-element_type=\"section\" data-e-type=\"section\" data-settings=\"{&quot;background_background&quot;:&quot;classic&quot;,&quot;_ha_eqh_enable&quot;:false}\">\n\t\t\t\t\t\t<div class=\"elementor-container elementor-column-gap-default\">\n\t\t\t\t\t<div class=\"elementor-column elementor-col-50 elementor-top-column elementor-element elementor-element-2a79239\" data-id=\"2a79239\" data-element_type=\"column\" data-e-type=\"column\">\n\t\t\t<div class=\"elementor-widget-wrap elementor-element-populated\">\n\t\t\t\t\t\t<div class=\"elementor-element elementor-element-fbf4f8d elementor-widget__width-initial elementor-invisible elementor-widget elementor-widget-image\" data-id=\"fbf4f8d\" data-element_type=\"widget\" data-e-type=\"widget\" data-settings=\"{&quot;_animation&quot;:&quot;zoomIn&quot;}\" data-widget_type=\"image.default\">\n\t\t\t\t<div class=\"elementor-widget-container\">\n\t\t\t\t\t\t\t\t\t\t\t\t\t\t\t<img fetchpriority=\"high\" decoding=\"async\" width=\"498\" height=\"498\" src=\"https:\/\/www.enertrag.fr\/lacroiseedechabanne\/wp-content\/uploads\/sites\/47\/2024\/06\/illustr_velo.png\" class=\"attachment-medium_large size-medium_large wp-image-869\" alt=\"\" srcset=\"https:\/\/www.enertrag.fr\/lacroiseedechabanne\/wp-content\/uploads\/sites\/47\/2024\/06\/illustr_velo.png 498w, https:\/\/www.enertrag.fr\/lacroiseedechabanne\/wp-content\/uploads\/sites\/47\/2024\/06\/illustr_velo-300x300.png 300w, https:\/\/www.enertrag.fr\/lacroiseedechabanne\/wp-content\/uploads\/sites\/47\/2024\/06\/illustr_velo-150x150.png 150w\" sizes=\"(max-width: 498px) 100vw, 498px\" \/>\t\t\t\t\t\t\t\t\t\t\t\t\t\t\t<\/div>\n\t\t\t\t<\/div>\n\t\t\t\t\t<\/div>\n\t\t<\/div>\n\t\t\t\t<div class=\"elementor-column elementor-col-50 elementor-top-column elementor-element elementor-element-3f0f230\" data-id=\"3f0f230\" data-element_type=\"column\" data-e-type=\"column\">\n\t\t\t<div class=\"elementor-widget-wrap elementor-element-populated\">\n\t\t\t\t\t\t<div class=\"elementor-element elementor-element-4d66b2a elementor-widget elementor-widget-text-editor\" data-id=\"4d66b2a\" data-element_type=\"widget\" data-e-type=\"widget\" data-widget_type=\"text-editor.default\">\n\t\t\t\t<div class=\"elementor-widget-container\">\n\t\t\t\t\t\t\t\t\t<p>Le projet \u00e9olien de\u00a0<strong>la Crois\u00e9e de Chabanne<\/strong>\u00a0est d\u00e9velopp\u00e9 depuis quatre ans par la soci\u00e9t\u00e9 ENERTRAG avec le soutien des communes de Ch\u00e2teau-Garnier et la Chapelle-B\u00e2ton. Il s\u2019inscrit en continuit\u00e9 du parc \u00e9olien des Quatre Vents compos\u00e9 de deux lignes de 4 \u00e9oliennes.<\/p>\t\t\t\t\t\t\t\t<\/div>\n\t\t\t\t<\/div>\n\t\t\t\t<div class=\"elementor-element elementor-element-ad352ab elementor-align-right btn_blanc elementor-tablet-align-center elementor-widget elementor-widget-button\" data-id=\"ad352ab\" data-element_type=\"widget\" data-e-type=\"widget\" data-widget_type=\"button.default\">\n\t\t\t\t<div class=\"elementor-widget-container\">\n\t\t\t\t\t\t\t\t\t<div class=\"elementor-button-wrapper\">\n\t\t\t\t\t<a class=\"elementor-button elementor-button-link elementor-size-sm\" href=\"https:\/\/www.enertrag.fr\/la-croisee-de-chabanne\/le-projet\/\">\n\t\t\t\t\t\t<span class=\"elementor-button-content-wrapper\">\n\t\t\t\t\t\t<span class=\"elementor-button-icon\">\n\t\t\t\t<i aria-hidden=\"true\" class=\"hm hm-arrow-right\"><\/i>\t\t\t<\/span>\n\t\t\t\t\t\t\t\t\t<span class=\"elementor-button-text\">D\u00e9couvrir le projet<\/span>\n\t\t\t\t\t<\/span>\n\t\t\t\t\t<\/a>\n\t\t\t\t<\/div>\n\t\t\t\t\t\t\t\t<\/div>\n\t\t\t\t<\/div>\n\t\t\t\t\t<\/div>\n\t\t<\/div>\n\t\t\t\t\t<\/div>\n\t\t<\/section>\n\t\t\t\t<section class=\"elementor-section elementor-top-section elementor-element elementor-element-b59649a elementor-section-boxed elementor-section-height-default elementor-section-height-default\" data-id=\"b59649a\" data-element_type=\"section\" data-e-type=\"section\" data-settings=\"{&quot;_ha_eqh_enable&quot;:false}\">\n\t\t\t\t\t\t<div class=\"elementor-container elementor-column-gap-default\">\n\t\t\t\t\t<div class=\"elementor-column elementor-col-100 elementor-top-column elementor-element elementor-element-b977103\" data-id=\"b977103\" data-element_type=\"column\" data-e-type=\"column\">\n\t\t\t<div class=\"elementor-widget-wrap elementor-element-populated\">\n\t\t\t\t\t\t<div class=\"elementor-element elementor-element-21a0449 elementor-widget elementor-widget-text-editor\" data-id=\"21a0449\" data-element_type=\"widget\" data-e-type=\"widget\" data-widget_type=\"text-editor.default\">\n\t\t\t\t<div class=\"elementor-widget-container\">\n\t\t\t\t\t\t\t\t\t<h2>Les derniers actualit\u00e9s du projet<\/h2>\t\t\t\t\t\t\t\t<\/div>\n\t\t\t\t<\/div>\n\t\t\t\t\t<\/div>\n\t\t<\/div>\n\t\t\t\t\t<\/div>\n\t\t<\/section>\n\t\t\t\t<section class=\"elementor-section elementor-top-section elementor-element elementor-element-9a692e2 elementor-section-boxed elementor-section-height-default elementor-section-height-default\" data-id=\"9a692e2\" data-element_type=\"section\" data-e-type=\"section\" data-settings=\"{&quot;_ha_eqh_enable&quot;:false}\">\n\t\t\t\t\t\t<div class=\"elementor-container elementor-column-gap-default\">\n\t\t\t\t\t<div class=\"elementor-column elementor-col-100 elementor-top-column elementor-element elementor-element-6263897\" data-id=\"6263897\" data-element_type=\"column\" data-e-type=\"column\">\n\t\t\t<div class=\"elementor-widget-wrap elementor-element-populated\">\n\t\t\t\t\t\t<div class=\"elementor-element elementor-element-0da5fac elementor-grid-1 elementor-posts--align-left elementor-grid-tablet-1 elementor-posts--thumbnail-left elementor-hidden-tablet elementor-hidden-mobile elementor-grid-mobile-1 elementor-widget elementor-widget-posts\" data-id=\"0da5fac\" data-element_type=\"widget\" data-e-type=\"widget\" data-settings=\"{&quot;classic_columns&quot;:&quot;1&quot;,&quot;classic_columns_tablet&quot;:&quot;1&quot;,&quot;classic_columns_mobile&quot;:&quot;1&quot;,&quot;classic_row_gap&quot;:{&quot;unit&quot;:&quot;px&quot;,&quot;size&quot;:35,&quot;sizes&quot;:[]},&quot;classic_row_gap_tablet&quot;:{&quot;unit&quot;:&quot;px&quot;,&quot;size&quot;:&quot;&quot;,&quot;sizes&quot;:[]},&quot;classic_row_gap_mobile&quot;:{&quot;unit&quot;:&quot;px&quot;,&quot;size&quot;:&quot;&quot;,&quot;sizes&quot;:[]}}\" data-widget_type=\"posts.classic\">\n\t\t\t\t<div class=\"elementor-widget-container\">\n\t\t\t\t\t\t\t<div class=\"elementor-posts-container elementor-posts elementor-posts--skin-classic elementor-grid\" role=\"list\">\n\t\t\t\t<article class=\"elementor-post elementor-grid-item post-712 post type-post status-publish format-standard has-post-thumbnail hentry category-non-classe\" role=\"listitem\">\n\t\t\t\t<a class=\"elementor-post__thumbnail__link\" href=\"https:\/\/www.enertrag.fr\/lacroiseedechabanne\/blog\/2024\/06\/17\/une-autre-actualite\/\" tabindex=\"-1\" >\n\t\t\t<div class=\"elementor-post__thumbnail\"><img decoding=\"async\" width=\"300\" height=\"153\" src=\"https:\/\/www.enertrag.fr\/lacroiseedechabanne\/wp-content\/uploads\/sites\/47\/2024\/06\/Miniature_actualite_prefet-300x153.jpg\" class=\"attachment-medium size-medium wp-image-1389\" alt=\"\" srcset=\"https:\/\/www.enertrag.fr\/lacroiseedechabanne\/wp-content\/uploads\/sites\/47\/2024\/06\/Miniature_actualite_prefet-300x153.jpg 300w, https:\/\/www.enertrag.fr\/lacroiseedechabanne\/wp-content\/uploads\/sites\/47\/2024\/06\/Miniature_actualite_prefet-1024x521.jpg 1024w, https:\/\/www.enertrag.fr\/lacroiseedechabanne\/wp-content\/uploads\/sites\/47\/2024\/06\/Miniature_actualite_prefet-768x391.jpg 768w, https:\/\/www.enertrag.fr\/lacroiseedechabanne\/wp-content\/uploads\/sites\/47\/2024\/06\/Miniature_actualite_prefet-1536x782.jpg 1536w, https:\/\/www.enertrag.fr\/lacroiseedechabanne\/wp-content\/uploads\/sites\/47\/2024\/06\/Miniature_actualite_prefet.jpg 1654w\" sizes=\"(max-width: 300px) 100vw, 300px\" \/><\/div>\n\t\t<\/a>\n\t\t\t\t<div class=\"elementor-post__text\">\n\t\t\t\t<h3 class=\"elementor-post__title\">\n\t\t\t<a href=\"https:\/\/www.enertrag.fr\/lacroiseedechabanne\/blog\/2024\/06\/17\/une-autre-actualite\/\" >\n\t\t\t\tAutorisation du parc \u00e9olien de la Crois\u00e9e de Chabanne !\t\t\t<\/a>\n\t\t<\/h3>\n\t\t\t\t<div class=\"elementor-post__excerpt\">\n\t\t\t<p>En ce d\u00e9but d\u2019ann\u00e9e, je suis tr\u00e8s heureuse de vous annoncer l\u2019autorisation du parc \u00e9olien de la Crois\u00e9e de Chabanne qui viendra compl\u00e9ter le parc \u00e9olien des Quatre Vents.<\/p>\t\t<\/div>\n\t\t\t\t<\/div>\n\t\t\t\t<\/article>\n\t\t\t\t<\/div>\n\t\t\n\t\t\t\t\t\t<\/div>\n\t\t\t\t<\/div>\n\t\t\t\t<div class=\"elementor-element elementor-element-4092138 elementor-grid-1 elementor-posts--align-center elementor-grid-tablet-1 elementor-hidden-desktop elementor-grid-mobile-1 elementor-posts--thumbnail-top elementor-widget elementor-widget-posts\" data-id=\"4092138\" data-element_type=\"widget\" data-e-type=\"widget\" data-settings=\"{&quot;classic_columns&quot;:&quot;1&quot;,&quot;classic_columns_tablet&quot;:&quot;1&quot;,&quot;classic_columns_mobile&quot;:&quot;1&quot;,&quot;classic_row_gap&quot;:{&quot;unit&quot;:&quot;px&quot;,&quot;size&quot;:35,&quot;sizes&quot;:[]},&quot;classic_row_gap_tablet&quot;:{&quot;unit&quot;:&quot;px&quot;,&quot;size&quot;:&quot;&quot;,&quot;sizes&quot;:[]},&quot;classic_row_gap_mobile&quot;:{&quot;unit&quot;:&quot;px&quot;,&quot;size&quot;:&quot;&quot;,&quot;sizes&quot;:[]}}\" data-widget_type=\"posts.classic\">\n\t\t\t\t<div class=\"elementor-widget-container\">\n\t\t\t\t\t\t\t<div class=\"elementor-posts-container elementor-posts elementor-posts--skin-classic elementor-grid\" role=\"list\">\n\t\t\t\t<article class=\"elementor-post elementor-grid-item post-712 post type-post status-publish format-standard has-post-thumbnail hentry category-non-classe\" role=\"listitem\">\n\t\t\t\t<a class=\"elementor-post__thumbnail__link\" href=\"https:\/\/www.enertrag.fr\/lacroiseedechabanne\/blog\/2024\/06\/17\/une-autre-actualite\/\" tabindex=\"-1\" >\n\t\t\t<div class=\"elementor-post__thumbnail\"><img decoding=\"async\" width=\"300\" height=\"153\" src=\"https:\/\/www.enertrag.fr\/lacroiseedechabanne\/wp-content\/uploads\/sites\/47\/2024\/06\/Miniature_actualite_prefet-300x153.jpg\" class=\"attachment-medium size-medium wp-image-1389\" alt=\"\" srcset=\"https:\/\/www.enertrag.fr\/lacroiseedechabanne\/wp-content\/uploads\/sites\/47\/2024\/06\/Miniature_actualite_prefet-300x153.jpg 300w, https:\/\/www.enertrag.fr\/lacroiseedechabanne\/wp-content\/uploads\/sites\/47\/2024\/06\/Miniature_actualite_prefet-1024x521.jpg 1024w, https:\/\/www.enertrag.fr\/lacroiseedechabanne\/wp-content\/uploads\/sites\/47\/2024\/06\/Miniature_actualite_prefet-768x391.jpg 768w, https:\/\/www.enertrag.fr\/lacroiseedechabanne\/wp-content\/uploads\/sites\/47\/2024\/06\/Miniature_actualite_prefet-1536x782.jpg 1536w, https:\/\/www.enertrag.fr\/lacroiseedechabanne\/wp-content\/uploads\/sites\/47\/2024\/06\/Miniature_actualite_prefet.jpg 1654w\" sizes=\"(max-width: 300px) 100vw, 300px\" \/><\/div>\n\t\t<\/a>\n\t\t\t\t<div class=\"elementor-post__text\">\n\t\t\t\t<h3 class=\"elementor-post__title\">\n\t\t\t<a href=\"https:\/\/www.enertrag.fr\/lacroiseedechabanne\/blog\/2024\/06\/17\/une-autre-actualite\/\" >\n\t\t\t\tAutorisation du parc \u00e9olien de la Crois\u00e9e de Chabanne !\t\t\t<\/a>\n\t\t<\/h3>\n\t\t\t\t<div class=\"elementor-post__excerpt\">\n\t\t\t<p>En ce d\u00e9but d\u2019ann\u00e9e, je suis tr\u00e8s heureuse de vous annoncer l\u2019autorisation du parc \u00e9olien de la Crois\u00e9e de Chabanne qui viendra compl\u00e9ter le parc \u00e9olien des Quatre Vents.<\/p>\t\t<\/div>\n\t\t\t\t<\/div>\n\t\t\t\t<\/article>\n\t\t\t\t<\/div>\n\t\t\n\t\t\t\t\t\t<\/div>\n\t\t\t\t<\/div>\n\t\t\t\t\t<\/div>\n\t\t<\/div>\n\t\t\t\t\t<\/div>\n\t\t<\/section>\n\t\t\t\t<section class=\"elementor-section elementor-top-section elementor-element elementor-element-7d4d063 elementor-section-boxed elementor-section-height-default elementor-section-height-default\" data-id=\"7d4d063\" data-element_type=\"section\" data-e-type=\"section\" data-settings=\"{&quot;background_background&quot;:&quot;classic&quot;,&quot;_ha_eqh_enable&quot;:false}\">\n\t\t\t\t\t\t<div class=\"elementor-container elementor-column-gap-default\">\n\t\t\t\t\t<div class=\"elementor-column elementor-col-100 elementor-top-column elementor-element elementor-element-8ae6f95\" data-id=\"8ae6f95\" data-element_type=\"column\" data-e-type=\"column\">\n\t\t\t<div class=\"elementor-widget-wrap elementor-element-populated\">\n\t\t\t\t\t\t<div class=\"elementor-element elementor-element-a8cf9c7 elementor-posts--align-left elementor-grid-3 elementor-grid-tablet-2 elementor-grid-mobile-1 elementor-posts--thumbnail-top elementor-widget elementor-widget-posts\" data-id=\"a8cf9c7\" data-element_type=\"widget\" data-e-type=\"widget\" data-settings=\"{&quot;classic_columns&quot;:&quot;3&quot;,&quot;classic_columns_tablet&quot;:&quot;2&quot;,&quot;classic_columns_mobile&quot;:&quot;1&quot;,&quot;classic_row_gap&quot;:{&quot;unit&quot;:&quot;px&quot;,&quot;size&quot;:35,&quot;sizes&quot;:[]},&quot;classic_row_gap_tablet&quot;:{&quot;unit&quot;:&quot;px&quot;,&quot;size&quot;:&quot;&quot;,&quot;sizes&quot;:[]},&quot;classic_row_gap_mobile&quot;:{&quot;unit&quot;:&quot;px&quot;,&quot;size&quot;:&quot;&quot;,&quot;sizes&quot;:[]}}\" data-widget_type=\"posts.classic\">\n\t\t\t\t<div class=\"elementor-widget-container\">\n\t\t\t\t\t\t\t<div class=\"elementor-posts-container elementor-posts elementor-posts--skin-classic elementor-grid\" role=\"list\">\n\t\t\t\t<article class=\"elementor-post elementor-grid-item post-74 post type-post status-publish format-standard has-post-thumbnail hentry category-non-classe\" role=\"listitem\">\n\t\t\t\t<a class=\"elementor-post__thumbnail__link\" href=\"https:\/\/www.enertrag.fr\/lacroiseedechabanne\/blog\/2023\/01\/12\/tout-comprendre-des-infrasons\/\" tabindex=\"-1\" >\n\t\t\t<div class=\"elementor-post__thumbnail\"><img decoding=\"async\" width=\"1771\" height=\"1146\" src=\"https:\/\/www.enertrag.fr\/lacroiseedechabanne\/wp-content\/uploads\/sites\/47\/2023\/01\/actualite.jpg\" class=\"attachment-full size-full wp-image-1393\" alt=\"\" srcset=\"https:\/\/www.enertrag.fr\/lacroiseedechabanne\/wp-content\/uploads\/sites\/47\/2023\/01\/actualite.jpg 1771w, https:\/\/www.enertrag.fr\/lacroiseedechabanne\/wp-content\/uploads\/sites\/47\/2023\/01\/actualite-300x194.jpg 300w, https:\/\/www.enertrag.fr\/lacroiseedechabanne\/wp-content\/uploads\/sites\/47\/2023\/01\/actualite-1024x663.jpg 1024w, https:\/\/www.enertrag.fr\/lacroiseedechabanne\/wp-content\/uploads\/sites\/47\/2023\/01\/actualite-768x497.jpg 768w, https:\/\/www.enertrag.fr\/lacroiseedechabanne\/wp-content\/uploads\/sites\/47\/2023\/01\/actualite-1536x994.jpg 1536w\" sizes=\"(max-width: 1771px) 100vw, 1771px\" \/><\/div>\n\t\t<\/a>\n\t\t\t\t<div class=\"elementor-post__text\">\n\t\t\t\t<h3 class=\"elementor-post__title\">\n\t\t\t<a href=\"https:\/\/www.enertrag.fr\/lacroiseedechabanne\/blog\/2023\/01\/12\/tout-comprendre-des-infrasons\/\" >\n\t\t\t\tDes panneaux p\u00e9dagogique \u00e0 Ch\u00e2teau-Garnier !\t\t\t<\/a>\n\t\t<\/h3>\n\t\t\t\t<div class=\"elementor-post__excerpt\">\n\t\t\t<p>Des panneaux p\u00e9dagogiques \u00e0 Ch\u00e2teau-Garnier ! Pour le parc \u00e9olien des Quatre Vents, des panneaux p\u00e9dagogiques ont \u00e9t\u00e9 install\u00e9 sur la commune de Ch\u00e2teau-Garnier Ces panneaux r\u00e9alis\u00e9s par ENERTRAG en<\/p>\n\t\t<\/div>\n\t\t\t\t<\/div>\n\t\t\t\t<\/article>\n\t\t\t\t<\/div>\n\t\t\n\t\t\t\t\t\t<\/div>\n\t\t\t\t<\/div>\n\t\t\t\t<div class=\"elementor-element elementor-element-acb83a2 elementor-align-center btn_blanc elementor-widget elementor-widget-button\" data-id=\"acb83a2\" data-element_type=\"widget\" data-e-type=\"widget\" data-widget_type=\"button.default\">\n\t\t\t\t<div class=\"elementor-widget-container\">\n\t\t\t\t\t\t\t\t\t<div class=\"elementor-button-wrapper\">\n\t\t\t\t\t<a class=\"elementor-button elementor-button-link elementor-size-sm\" href=\"https:\/\/www.enertrag.fr\/la-croisee-de-chabanne\/actualites\/\">\n\t\t\t\t\t\t<span class=\"elementor-button-content-wrapper\">\n\t\t\t\t\t\t<span class=\"elementor-button-icon\">\n\t\t\t\t<i aria-hidden=\"true\" class=\"hm hm-arrow-right\"><\/i>\t\t\t<\/span>\n\t\t\t\t\t\t\t\t\t<span class=\"elementor-button-text\">Voir toutes les actualit\u00e9s<\/span>\n\t\t\t\t\t<\/span>\n\t\t\t\t\t<\/a>\n\t\t\t\t<\/div>\n\t\t\t\t\t\t\t\t<\/div>\n\t\t\t\t<\/div>\n\t\t\t\t\t<\/div>\n\t\t<\/div>\n\t\t\t\t\t<\/div>\n\t\t<\/section>\n\t\t\t\t<\/div>\n\t\t","protected":false},"excerpt":{"rendered":"<p>Projet \u00e9olien de La Crois\u00e9e de Chabanne Ensemble. Avec passion. Une \u00e9nergie d\u2019avance. Le projet \u00e9olien de\u00a0la Crois\u00e9e de Chabanne\u00a0est d\u00e9velopp\u00e9 depuis quatre ans par la soci\u00e9t\u00e9 ENERTRAG avec le soutien des communes de Ch\u00e2teau-Garnier et la Chapelle-B\u00e2ton. Il s\u2019inscrit en continuit\u00e9 du parc \u00e9olien des Quatre Vents compos\u00e9 de deux lignes de 4 \u00e9oliennes. [&hellip;]<\/p>\n","protected":false},"author":1,"featured_media":0,"parent":0,"menu_order":0,"comment_status":"closed","ping_status":"closed","template":"","meta":{"_acf_changed":false,"footnotes":""},"class_list":["post-5","page","type-page","status-publish","hentry"],"acf":[],"yoast_head":"<!-- This site is optimized with the Yoast SEO plugin v27.5 - https:\/\/yoast.com\/product\/yoast-seo-wordpress\/ -->\n<title>Accueil - Projet \u00e9olien de la Crois\u00e9e de Chabanne<\/title>\n<meta name=\"robots\" content=\"index, follow, max-snippet:-1, max-image-preview:large, max-video-preview:-1\" \/>\n<link rel=\"canonical\" href=\"https:\/\/www.enertrag.fr\/lacroiseedechabanne\/\" \/>\n<meta property=\"og:locale\" content=\"fr_FR\" \/>\n<meta property=\"og:type\" content=\"article\" \/>\n<meta property=\"og:title\" content=\"Accueil - Projet \u00e9olien de la Crois\u00e9e de Chabanne\" \/>\n<meta property=\"og:description\" content=\"Projet \u00e9olien de La Crois\u00e9e de Chabanne Ensemble. Avec passion. Une \u00e9nergie d\u2019avance. Le projet \u00e9olien de\u00a0la Crois\u00e9e de Chabanne\u00a0est d\u00e9velopp\u00e9 depuis quatre ans par la soci\u00e9t\u00e9 ENERTRAG avec le soutien des communes de Ch\u00e2teau-Garnier et la Chapelle-B\u00e2ton. Il s\u2019inscrit en continuit\u00e9 du parc \u00e9olien des Quatre Vents compos\u00e9 de deux lignes de 4 \u00e9oliennes. [&hellip;]\" \/>\n<meta property=\"og:url\" content=\"https:\/\/www.enertrag.fr\/lacroiseedechabanne\/\" \/>\n<meta property=\"og:site_name\" content=\"Projet \u00e9olien de la Crois\u00e9e de Chabanne\" \/>\n<meta property=\"article:modified_time\" content=\"2024-09-10T14:44:25+00:00\" \/>\n<meta property=\"og:image\" content=\"https:\/\/www.enertrag.fr\/lacroiseedechabanne\/wp-content\/uploads\/sites\/47\/2024\/06\/illustr_velo.png\" \/>\n<meta name=\"twitter:card\" content=\"summary_large_image\" \/>\n<meta name=\"twitter:label1\" content=\"Dur\u00e9e de lecture estim\u00e9e\" \/>\n\t<meta name=\"twitter:data1\" content=\"3 minutes\" \/>\n<script type=\"application\/ld+json\" class=\"yoast-schema-graph\">{\"@context\":\"https:\\\/\\\/schema.org\",\"@graph\":[{\"@type\":\"WebPage\",\"@id\":\"https:\\\/\\\/www.enertrag.fr\\\/lacroiseedechabanne\\\/\",\"url\":\"https:\\\/\\\/www.enertrag.fr\\\/lacroiseedechabanne\\\/\",\"name\":\"Accueil - Projet \u00e9olien de la Crois\u00e9e de Chabanne\",\"isPartOf\":{\"@id\":\"https:\\\/\\\/www.enertrag.fr\\\/lacroiseedechabanne\\\/#website\"},\"primaryImageOfPage\":{\"@id\":\"https:\\\/\\\/www.enertrag.fr\\\/lacroiseedechabanne\\\/#primaryimage\"},\"image\":{\"@id\":\"https:\\\/\\\/www.enertrag.fr\\\/lacroiseedechabanne\\\/#primaryimage\"},\"thumbnailUrl\":\"https:\\\/\\\/www.enertrag.fr\\\/lacroiseedechabanne\\\/wp-content\\\/uploads\\\/sites\\\/47\\\/2024\\\/06\\\/illustr_velo.png\",\"datePublished\":\"2023-01-10T11:26:09+00:00\",\"dateModified\":\"2024-09-10T14:44:25+00:00\",\"breadcrumb\":{\"@id\":\"https:\\\/\\\/www.enertrag.fr\\\/lacroiseedechabanne\\\/#breadcrumb\"},\"inLanguage\":\"fr-FR\",\"potentialAction\":[{\"@type\":\"ReadAction\",\"target\":[\"https:\\\/\\\/www.enertrag.fr\\\/lacroiseedechabanne\\\/\"]}]},{\"@type\":\"ImageObject\",\"inLanguage\":\"fr-FR\",\"@id\":\"https:\\\/\\\/www.enertrag.fr\\\/lacroiseedechabanne\\\/#primaryimage\",\"url\":\"https:\\\/\\\/www.enertrag.fr\\\/lacroiseedechabanne\\\/wp-content\\\/uploads\\\/sites\\\/47\\\/2024\\\/06\\\/illustr_velo.png\",\"contentUrl\":\"https:\\\/\\\/www.enertrag.fr\\\/lacroiseedechabanne\\\/wp-content\\\/uploads\\\/sites\\\/47\\\/2024\\\/06\\\/illustr_velo.png\",\"width\":498,\"height\":498},{\"@type\":\"BreadcrumbList\",\"@id\":\"https:\\\/\\\/www.enertrag.fr\\\/lacroiseedechabanne\\\/#breadcrumb\",\"itemListElement\":[{\"@type\":\"ListItem\",\"position\":1,\"name\":\"Accueil\",\"item\":\"https:\\\/\\\/www.enertrag.fr\\\/lacroiseedechabanne\\\/\"},{\"@type\":\"ListItem\",\"position\":2,\"name\":\"Accueil\"}]},{\"@type\":\"WebSite\",\"@id\":\"https:\\\/\\\/www.enertrag.fr\\\/lacroiseedechabanne\\\/#website\",\"url\":\"https:\\\/\\\/www.enertrag.fr\\\/lacroiseedechabanne\\\/\",\"name\":\"Projet \u00e9olien de la Crois\u00e9e de Chabanne\",\"description\":\"\",\"publisher\":{\"@id\":\"https:\\\/\\\/www.enertrag.fr\\\/lacroiseedechabanne\\\/#organization\"},\"potentialAction\":[{\"@type\":\"SearchAction\",\"target\":{\"@type\":\"EntryPoint\",\"urlTemplate\":\"https:\\\/\\\/www.enertrag.fr\\\/lacroiseedechabanne\\\/?s={search_term_string}\"},\"query-input\":{\"@type\":\"PropertyValueSpecification\",\"valueRequired\":true,\"valueName\":\"search_term_string\"}}],\"inLanguage\":\"fr-FR\"},{\"@type\":\"Organization\",\"@id\":\"https:\\\/\\\/www.enertrag.fr\\\/lacroiseedechabanne\\\/#organization\",\"name\":\"Projet \u00e9olien de la Crois\u00e9e de Chabanne\",\"url\":\"https:\\\/\\\/www.enertrag.fr\\\/lacroiseedechabanne\\\/\",\"logo\":{\"@type\":\"ImageObject\",\"inLanguage\":\"fr-FR\",\"@id\":\"https:\\\/\\\/www.enertrag.fr\\\/lacroiseedechabanne\\\/#\\\/schema\\\/logo\\\/image\\\/\",\"url\":\"https:\\\/\\\/www.enertrag.fr\\\/lacroiseedechabanne\\\/wp-content\\\/uploads\\\/sites\\\/47\\\/2024\\\/06\\\/logo_enertrag_blanc@4x.png\",\"contentUrl\":\"https:\\\/\\\/www.enertrag.fr\\\/lacroiseedechabanne\\\/wp-content\\\/uploads\\\/sites\\\/47\\\/2024\\\/06\\\/logo_enertrag_blanc@4x.png\",\"width\":3065,\"height\":801,\"caption\":\"Projet \u00e9olien de la Crois\u00e9e de Chabanne\"},\"image\":{\"@id\":\"https:\\\/\\\/www.enertrag.fr\\\/lacroiseedechabanne\\\/#\\\/schema\\\/logo\\\/image\\\/\"}}]}<\/script>\n<!-- \/ Yoast SEO plugin. -->","yoast_head_json":{"title":"Accueil - Projet \u00e9olien de la Crois\u00e9e de Chabanne","robots":{"index":"index","follow":"follow","max-snippet":"max-snippet:-1","max-image-preview":"max-image-preview:large","max-video-preview":"max-video-preview:-1"},"canonical":"https:\/\/www.enertrag.fr\/lacroiseedechabanne\/","og_locale":"fr_FR","og_type":"article","og_title":"Accueil - Projet \u00e9olien de la Crois\u00e9e de Chabanne","og_description":"Projet \u00e9olien de La Crois\u00e9e de Chabanne Ensemble. Avec passion. Une \u00e9nergie d\u2019avance. Le projet \u00e9olien de\u00a0la Crois\u00e9e de Chabanne\u00a0est d\u00e9velopp\u00e9 depuis quatre ans par la soci\u00e9t\u00e9 ENERTRAG avec le soutien des communes de Ch\u00e2teau-Garnier et la Chapelle-B\u00e2ton. Il s\u2019inscrit en continuit\u00e9 du parc \u00e9olien des Quatre Vents compos\u00e9 de deux lignes de 4 \u00e9oliennes. [&hellip;]","og_url":"https:\/\/www.enertrag.fr\/lacroiseedechabanne\/","og_site_name":"Projet \u00e9olien de la Crois\u00e9e de Chabanne","article_modified_time":"2024-09-10T14:44:25+00:00","og_image":[{"url":"https:\/\/www.enertrag.fr\/lacroiseedechabanne\/wp-content\/uploads\/sites\/47\/2024\/06\/illustr_velo.png","type":"","width":"","height":""}],"twitter_card":"summary_large_image","twitter_misc":{"Dur\u00e9e de lecture estim\u00e9e":"3 minutes"},"schema":{"@context":"https:\/\/schema.org","@graph":[{"@type":"WebPage","@id":"https:\/\/www.enertrag.fr\/lacroiseedechabanne\/","url":"https:\/\/www.enertrag.fr\/lacroiseedechabanne\/","name":"Accueil - Projet \u00e9olien de la Crois\u00e9e de Chabanne","isPartOf":{"@id":"https:\/\/www.enertrag.fr\/lacroiseedechabanne\/#website"},"primaryImageOfPage":{"@id":"https:\/\/www.enertrag.fr\/lacroiseedechabanne\/#primaryimage"},"image":{"@id":"https:\/\/www.enertrag.fr\/lacroiseedechabanne\/#primaryimage"},"thumbnailUrl":"https:\/\/www.enertrag.fr\/lacroiseedechabanne\/wp-content\/uploads\/sites\/47\/2024\/06\/illustr_velo.png","datePublished":"2023-01-10T11:26:09+00:00","dateModified":"2024-09-10T14:44:25+00:00","breadcrumb":{"@id":"https:\/\/www.enertrag.fr\/lacroiseedechabanne\/#breadcrumb"},"inLanguage":"fr-FR","potentialAction":[{"@type":"ReadAction","target":["https:\/\/www.enertrag.fr\/lacroiseedechabanne\/"]}]},{"@type":"ImageObject","inLanguage":"fr-FR","@id":"https:\/\/www.enertrag.fr\/lacroiseedechabanne\/#primaryimage","url":"https:\/\/www.enertrag.fr\/lacroiseedechabanne\/wp-content\/uploads\/sites\/47\/2024\/06\/illustr_velo.png","contentUrl":"https:\/\/www.enertrag.fr\/lacroiseedechabanne\/wp-content\/uploads\/sites\/47\/2024\/06\/illustr_velo.png","width":498,"height":498},{"@type":"BreadcrumbList","@id":"https:\/\/www.enertrag.fr\/lacroiseedechabanne\/#breadcrumb","itemListElement":[{"@type":"ListItem","position":1,"name":"Accueil","item":"https:\/\/www.enertrag.fr\/lacroiseedechabanne\/"},{"@type":"ListItem","position":2,"name":"Accueil"}]},{"@type":"WebSite","@id":"https:\/\/www.enertrag.fr\/lacroiseedechabanne\/#website","url":"https:\/\/www.enertrag.fr\/lacroiseedechabanne\/","name":"Projet \u00e9olien de la Crois\u00e9e de Chabanne","description":"","publisher":{"@id":"https:\/\/www.enertrag.fr\/lacroiseedechabanne\/#organization"},"potentialAction":[{"@type":"SearchAction","target":{"@type":"EntryPoint","urlTemplate":"https:\/\/www.enertrag.fr\/lacroiseedechabanne\/?s={search_term_string}"},"query-input":{"@type":"PropertyValueSpecification","valueRequired":true,"valueName":"search_term_string"}}],"inLanguage":"fr-FR"},{"@type":"Organization","@id":"https:\/\/www.enertrag.fr\/lacroiseedechabanne\/#organization","name":"Projet \u00e9olien de la Crois\u00e9e de Chabanne","url":"https:\/\/www.enertrag.fr\/lacroiseedechabanne\/","logo":{"@type":"ImageObject","inLanguage":"fr-FR","@id":"https:\/\/www.enertrag.fr\/lacroiseedechabanne\/#\/schema\/logo\/image\/","url":"https:\/\/www.enertrag.fr\/lacroiseedechabanne\/wp-content\/uploads\/sites\/47\/2024\/06\/logo_enertrag_blanc@4x.png","contentUrl":"https:\/\/www.enertrag.fr\/lacroiseedechabanne\/wp-content\/uploads\/sites\/47\/2024\/06\/logo_enertrag_blanc@4x.png","width":3065,"height":801,"caption":"Projet \u00e9olien de la Crois\u00e9e de Chabanne"},"image":{"@id":"https:\/\/www.enertrag.fr\/lacroiseedechabanne\/#\/schema\/logo\/image\/"}}]}},"_links":{"self":[{"href":"https:\/\/www.enertrag.fr\/lacroiseedechabanne\/wp-json\/wp\/v2\/pages\/5","targetHints":{"allow":["GET"]}}],"collection":[{"href":"https:\/\/www.enertrag.fr\/lacroiseedechabanne\/wp-json\/wp\/v2\/pages"}],"about":[{"href":"https:\/\/www.enertrag.fr\/lacroiseedechabanne\/wp-json\/wp\/v2\/types\/page"}],"author":[{"embeddable":true,"href":"https:\/\/www.enertrag.fr\/lacroiseedechabanne\/wp-json\/wp\/v2\/users\/1"}],"replies":[{"embeddable":true,"href":"https:\/\/www.enertrag.fr\/lacroiseedechabanne\/wp-json\/wp\/v2\/comments?post=5"}],"version-history":[{"count":0,"href":"https:\/\/www.enertrag.fr\/lacroiseedechabanne\/wp-json\/wp\/v2\/pages\/5\/revisions"}],"wp:attachment":[{"href":"https:\/\/www.enertrag.fr\/lacroiseedechabanne\/wp-json\/wp\/v2\/media?parent=5"}],"curies":[{"name":"wp","href":"https:\/\/api.w.org\/{rel}","templated":true}]}}