{"id":69,"date":"2023-01-12T16:23:03","date_gmt":"2023-01-12T15:23:03","guid":{"rendered":"http:\/\/dev.parcs-eoliens-enertrag.fr\/gommeville\/?page_id=69"},"modified":"2025-10-08T14:08:19","modified_gmt":"2025-10-08T12:08:19","slug":"actualites","status":"publish","type":"page","link":"https:\/\/www.enertrag.fr\/gommeville\/actualites\/","title":{"rendered":"Actualit\u00e9s"},"content":{"rendered":"\t\t<div data-elementor-type=\"wp-page\" data-elementor-id=\"69\" class=\"elementor elementor-69\" data-elementor-settings=\"{&quot;ha_cmc_init_switcher&quot;:&quot;no&quot;}\" data-elementor-post-type=\"page\">\n\t\t\t\t\t\t<section class=\"elementor-section elementor-top-section elementor-element elementor-element-b094415 elementor-section-boxed elementor-section-height-default elementor-section-height-default\" data-id=\"b094415\" data-element_type=\"section\" data-e-type=\"section\" data-settings=\"{&quot;_ha_eqh_enable&quot;:false}\">\n\t\t\t\t\t\t<div class=\"elementor-container elementor-column-gap-default\">\n\t\t\t\t\t<div class=\"elementor-column elementor-col-100 elementor-top-column elementor-element elementor-element-d458a0a\" data-id=\"d458a0a\" data-element_type=\"column\" data-e-type=\"column\">\n\t\t\t<div class=\"elementor-widget-wrap elementor-element-populated\">\n\t\t\t\t\t\t<div class=\"elementor-element elementor-element-20ce6d3 elementor-grid-4 elementor-grid-tablet-2 elementor-grid-mobile-1 elementor-posts--thumbnail-top elementor-widget elementor-widget-posts\" data-id=\"20ce6d3\" data-element_type=\"widget\" data-e-type=\"widget\" data-settings=\"{&quot;pagination_type&quot;:&quot;prev_next&quot;,&quot;classic_columns&quot;:&quot;4&quot;,&quot;classic_columns_tablet&quot;:&quot;2&quot;,&quot;classic_columns_mobile&quot;:&quot;1&quot;,&quot;classic_row_gap&quot;:{&quot;unit&quot;:&quot;px&quot;,&quot;size&quot;:35,&quot;sizes&quot;:[]},&quot;classic_row_gap_tablet&quot;:{&quot;unit&quot;:&quot;px&quot;,&quot;size&quot;:&quot;&quot;,&quot;sizes&quot;:[]},&quot;classic_row_gap_mobile&quot;:{&quot;unit&quot;:&quot;px&quot;,&quot;size&quot;:&quot;&quot;,&quot;sizes&quot;:[]}}\" data-widget_type=\"posts.classic\">\n\t\t\t\t<div class=\"elementor-widget-container\">\n\t\t\t\t\t\t\t<div class=\"elementor-posts-container elementor-posts elementor-posts--skin-classic elementor-grid\" role=\"list\">\n\t\t\t\t<article class=\"elementor-post elementor-grid-item post-809 post type-post status-publish format-standard hentry category-non-classe\" role=\"listitem\">\n\t\t\t\t<div class=\"elementor-post__text\">\n\t\t\t\t<h3 class=\"elementor-post__title\">\n\t\t\t<a href=\"https:\/\/www.enertrag.fr\/gommeville\/blog\/2025\/10\/08\/gommeville-demandes-autorisation\/\" >\n\t\t\t\tD\u00e9p\u00f4t des dossiers de demandes d\u2019autorisation\t\t\t<\/a>\n\t\t<\/h3>\n\t\t\t\t<div class=\"elementor-post__excerpt\">\n\t\t\t<p>Les dossiers de demandes d\u2019autorisation (Permis de Construire et autorisation de d\u00e9frichement) ont \u00e9t\u00e9 d\u00e9pos\u00e9s le 8 septembre 2023.<\/p>\n\t\t<\/div>\n\t\t\t\t\t<div class=\"elementor-post__read-more-wrapper\">\n\t\t\n\t\t<a class=\"elementor-post__read-more\" href=\"https:\/\/www.enertrag.fr\/gommeville\/blog\/2025\/10\/08\/gommeville-demandes-autorisation\/\" aria-label=\"En savoir plus sur D\u00e9p\u00f4t des dossiers de demandes d\u2019autorisation\" tabindex=\"-1\" >\n\t\t\tLire la suite \t\t<\/a>\n\n\t\t\t\t\t<\/div>\n\t\t\t\t<\/div>\n\t\t\t\t<\/article>\n\t\t\t\t<article class=\"elementor-post elementor-grid-item post-803 post type-post status-publish format-standard hentry category-non-classe\" role=\"listitem\">\n\t\t\t\t<div class=\"elementor-post__text\">\n\t\t\t\t<h3 class=\"elementor-post__title\">\n\t\t\t<a href=\"https:\/\/www.enertrag.fr\/gommeville\/blog\/2025\/10\/08\/gommeville-territoire-favorable-au-developpement-des-enr-et-du-photovoltaique-au-sol\/\" >\n\t\t\t\tGomm\u00e9ville, territoire favorable au d\u00e9veloppement des ENR et du photovolta\u00efque au sol\t\t\t<\/a>\n\t\t<\/h3>\n\t\t\t\t<div class=\"elementor-post__excerpt\">\n\t\t\t<p>En d\u00e9cembre 2023, la commune de Gomm\u00e9ville a d\u00e9lib\u00e9r\u00e9 concernant les zones d\u2019acc\u00e9l\u00e9ration des \u00e9nergies renouvelables. Le foncier des projets port\u00e9s par ENERTRAG et la<\/p>\n\t\t<\/div>\n\t\t\t\t\t<div class=\"elementor-post__read-more-wrapper\">\n\t\t\n\t\t<a class=\"elementor-post__read-more\" href=\"https:\/\/www.enertrag.fr\/gommeville\/blog\/2025\/10\/08\/gommeville-territoire-favorable-au-developpement-des-enr-et-du-photovoltaique-au-sol\/\" aria-label=\"En savoir plus sur Gomm\u00e9ville, territoire favorable au d\u00e9veloppement des ENR et du photovolta\u00efque au sol\" tabindex=\"-1\" >\n\t\t\tLire la suite \t\t<\/a>\n\n\t\t\t\t\t<\/div>\n\t\t\t\t<\/div>\n\t\t\t\t<\/article>\n\t\t\t\t<article class=\"elementor-post elementor-grid-item post-794 post type-post status-publish format-standard hentry category-non-classe\" role=\"listitem\">\n\t\t\t\t<div class=\"elementor-post__text\">\n\t\t\t\t<h3 class=\"elementor-post__title\">\n\t\t\t<a href=\"https:\/\/www.enertrag.fr\/gommeville\/blog\/2025\/10\/08\/lenquete-publique-relative-au-projet-aura-lieu-du-mardi-30-septembre-14h-au-vendredi-31-octobre-17h\/\" >\n\t\t\t\tL\u2019Enqu\u00eate publique relative au projet aura lieu du mardi 30 septembre (14h) au vendredi 31 octobre \u00a0(17h)\t\t\t<\/a>\n\t\t<\/h3>\n\t\t\t\t<div class=\"elementor-post__excerpt\">\n\t\t\t<p>Par arr\u00eat\u00e9 pr\u00e9fectoral n\u00b0 1295, du 22\/08\/2025, est organis\u00e9e du 30 septembre 2025 \u00e0 14h00 au 31 octobre 2025 inclus \u00e0 17h00, soit 31 jours<\/p>\n\t\t<\/div>\n\t\t\t\t\t<div class=\"elementor-post__read-more-wrapper\">\n\t\t\n\t\t<a class=\"elementor-post__read-more\" href=\"https:\/\/www.enertrag.fr\/gommeville\/blog\/2025\/10\/08\/lenquete-publique-relative-au-projet-aura-lieu-du-mardi-30-septembre-14h-au-vendredi-31-octobre-17h\/\" aria-label=\"En savoir plus sur L\u2019Enqu\u00eate publique relative au projet aura lieu du mardi 30 septembre (14h) au vendredi 31 octobre \u00a0(17h)\" tabindex=\"-1\" >\n\t\t\tLire la suite \t\t<\/a>\n\n\t\t\t\t\t<\/div>\n\t\t\t\t<\/div>\n\t\t\t\t<\/article>\n\t\t\t\t<article class=\"elementor-post elementor-grid-item post-1 post type-post status-publish format-standard hentry category-non-classe\" role=\"listitem\">\n\t\t\t\t<div class=\"elementor-post__text\">\n\t\t\t\t<h3 class=\"elementor-post__title\">\n\t\t\t<a href=\"https:\/\/www.enertrag.fr\/gommeville\/blog\/2023\/01\/10\/bonjour-tout-le-monde\/\" >\n\t\t\t\tPremier forum d\u2019information\u00a0!\t\t\t<\/a>\n\t\t<\/h3>\n\t\t\t\t<div class=\"elementor-post__excerpt\">\n\t\t\t<p>L\u2019\u00e9quipe d\u2019ENERTRAG vous a donn\u00e9 rendez-vous vendredi 31 mars pour r\u00e9pondre \u00e0 toutes vos questions !D\u00e9couvrez\u00a0le projet avec nos experts, de 18h \u00e0 21h \u00e0<\/p>\n\t\t<\/div>\n\t\t\t\t\t<div class=\"elementor-post__read-more-wrapper\">\n\t\t\n\t\t<a class=\"elementor-post__read-more\" href=\"https:\/\/www.enertrag.fr\/gommeville\/blog\/2023\/01\/10\/bonjour-tout-le-monde\/\" aria-label=\"En savoir plus sur Premier forum d\u2019information\u00a0!\" tabindex=\"-1\" >\n\t\t\tLire la suite \t\t<\/a>\n\n\t\t\t\t\t<\/div>\n\t\t\t\t<\/div>\n\t\t\t\t<\/article>\n\t\t\t\t<\/div>\n\t\t\n\t\t\t\t\t\t<\/div>\n\t\t\t\t<\/div>\n\t\t\t\t\t<\/div>\n\t\t<\/div>\n\t\t\t\t\t<\/div>\n\t\t<\/section>\n\t\t\t\t<\/div>\n\t\t","protected":false},"excerpt":{"rendered":"","protected":false},"author":1,"featured_media":0,"parent":0,"menu_order":0,"comment_status":"closed","ping_status":"closed","template":"","meta":{"_acf_changed":false,"footnotes":""},"class_list":["post-69","page","type-page","status-publish","hentry"],"acf":[],"yoast_head":"<!-- This site is optimized with the Yoast SEO plugin v27.5 - https:\/\/yoast.com\/product\/yoast-seo-wordpress\/ -->\n<title>Actualit\u00e9s - Gommeville<\/title>\n<meta name=\"robots\" content=\"index, follow, max-snippet:-1, max-image-preview:large, max-video-preview:-1\" \/>\n<link rel=\"canonical\" href=\"https:\/\/www.enertrag.fr\/gommeville\/actualites\/\" \/>\n<meta property=\"og:locale\" content=\"fr_FR\" \/>\n<meta property=\"og:type\" content=\"article\" \/>\n<meta property=\"og:title\" content=\"Actualit\u00e9s - Gommeville\" \/>\n<meta property=\"og:url\" content=\"https:\/\/www.enertrag.fr\/gommeville\/actualites\/\" \/>\n<meta property=\"og:site_name\" content=\"Gommeville\" \/>\n<meta property=\"article:modified_time\" content=\"2025-10-08T12:08:19+00:00\" \/>\n<meta name=\"twitter:card\" content=\"summary_large_image\" \/>\n<meta name=\"twitter:label1\" content=\"Dur\u00e9e de lecture estim\u00e9e\" \/>\n\t<meta name=\"twitter:data1\" content=\"1 minute\" \/>\n<script type=\"application\/ld+json\" class=\"yoast-schema-graph\">{\"@context\":\"https:\\\/\\\/schema.org\",\"@graph\":[{\"@type\":\"WebPage\",\"@id\":\"https:\\\/\\\/www.enertrag.fr\\\/gommeville\\\/actualites\\\/\",\"url\":\"https:\\\/\\\/www.enertrag.fr\\\/gommeville\\\/actualites\\\/\",\"name\":\"Actualit\u00e9s - Gommeville\",\"isPartOf\":{\"@id\":\"https:\\\/\\\/www.enertrag.fr\\\/gommeville\\\/#website\"},\"datePublished\":\"2023-01-12T15:23:03+00:00\",\"dateModified\":\"2025-10-08T12:08:19+00:00\",\"breadcrumb\":{\"@id\":\"https:\\\/\\\/www.enertrag.fr\\\/gommeville\\\/actualites\\\/#breadcrumb\"},\"inLanguage\":\"fr-FR\",\"potentialAction\":[{\"@type\":\"ReadAction\",\"target\":[\"https:\\\/\\\/www.enertrag.fr\\\/gommeville\\\/actualites\\\/\"]}]},{\"@type\":\"BreadcrumbList\",\"@id\":\"https:\\\/\\\/www.enertrag.fr\\\/gommeville\\\/actualites\\\/#breadcrumb\",\"itemListElement\":[{\"@type\":\"ListItem\",\"position\":1,\"name\":\"Accueil\",\"item\":\"https:\\\/\\\/www.enertrag.fr\\\/gommeville\\\/\"},{\"@type\":\"ListItem\",\"position\":2,\"name\":\"Actualit\u00e9s\"}]},{\"@type\":\"WebSite\",\"@id\":\"https:\\\/\\\/www.enertrag.fr\\\/gommeville\\\/#website\",\"url\":\"https:\\\/\\\/www.enertrag.fr\\\/gommeville\\\/\",\"name\":\"Gommeville\",\"description\":\"\",\"publisher\":{\"@id\":\"https:\\\/\\\/www.enertrag.fr\\\/gommeville\\\/#organization\"},\"potentialAction\":[{\"@type\":\"SearchAction\",\"target\":{\"@type\":\"EntryPoint\",\"urlTemplate\":\"https:\\\/\\\/www.enertrag.fr\\\/gommeville\\\/?s={search_term_string}\"},\"query-input\":{\"@type\":\"PropertyValueSpecification\",\"valueRequired\":true,\"valueName\":\"search_term_string\"}}],\"inLanguage\":\"fr-FR\"},{\"@type\":\"Organization\",\"@id\":\"https:\\\/\\\/www.enertrag.fr\\\/gommeville\\\/#organization\",\"name\":\"Gommeville\",\"url\":\"https:\\\/\\\/www.enertrag.fr\\\/gommeville\\\/\",\"logo\":{\"@type\":\"ImageObject\",\"inLanguage\":\"fr-FR\",\"@id\":\"https:\\\/\\\/www.enertrag.fr\\\/gommeville\\\/#\\\/schema\\\/logo\\\/image\\\/\",\"url\":\"https:\\\/\\\/www.enertrag.fr\\\/gommeville\\\/wp-content\\\/uploads\\\/sites\\\/14\\\/2023\\\/01\\\/ENERTRAG_Logo.png\",\"contentUrl\":\"https:\\\/\\\/www.enertrag.fr\\\/gommeville\\\/wp-content\\\/uploads\\\/sites\\\/14\\\/2023\\\/01\\\/ENERTRAG_Logo.png\",\"width\":500,\"height\":161,\"caption\":\"Gommeville\"},\"image\":{\"@id\":\"https:\\\/\\\/www.enertrag.fr\\\/gommeville\\\/#\\\/schema\\\/logo\\\/image\\\/\"}}]}<\/script>\n<!-- \/ Yoast SEO plugin. -->","yoast_head_json":{"title":"Actualit\u00e9s - Gommeville","robots":{"index":"index","follow":"follow","max-snippet":"max-snippet:-1","max-image-preview":"max-image-preview:large","max-video-preview":"max-video-preview:-1"},"canonical":"https:\/\/www.enertrag.fr\/gommeville\/actualites\/","og_locale":"fr_FR","og_type":"article","og_title":"Actualit\u00e9s - Gommeville","og_url":"https:\/\/www.enertrag.fr\/gommeville\/actualites\/","og_site_name":"Gommeville","article_modified_time":"2025-10-08T12:08:19+00:00","twitter_card":"summary_large_image","twitter_misc":{"Dur\u00e9e de lecture estim\u00e9e":"1 minute"},"schema":{"@context":"https:\/\/schema.org","@graph":[{"@type":"WebPage","@id":"https:\/\/www.enertrag.fr\/gommeville\/actualites\/","url":"https:\/\/www.enertrag.fr\/gommeville\/actualites\/","name":"Actualit\u00e9s - Gommeville","isPartOf":{"@id":"https:\/\/www.enertrag.fr\/gommeville\/#website"},"datePublished":"2023-01-12T15:23:03+00:00","dateModified":"2025-10-08T12:08:19+00:00","breadcrumb":{"@id":"https:\/\/www.enertrag.fr\/gommeville\/actualites\/#breadcrumb"},"inLanguage":"fr-FR","potentialAction":[{"@type":"ReadAction","target":["https:\/\/www.enertrag.fr\/gommeville\/actualites\/"]}]},{"@type":"BreadcrumbList","@id":"https:\/\/www.enertrag.fr\/gommeville\/actualites\/#breadcrumb","itemListElement":[{"@type":"ListItem","position":1,"name":"Accueil","item":"https:\/\/www.enertrag.fr\/gommeville\/"},{"@type":"ListItem","position":2,"name":"Actualit\u00e9s"}]},{"@type":"WebSite","@id":"https:\/\/www.enertrag.fr\/gommeville\/#website","url":"https:\/\/www.enertrag.fr\/gommeville\/","name":"Gommeville","description":"","publisher":{"@id":"https:\/\/www.enertrag.fr\/gommeville\/#organization"},"potentialAction":[{"@type":"SearchAction","target":{"@type":"EntryPoint","urlTemplate":"https:\/\/www.enertrag.fr\/gommeville\/?s={search_term_string}"},"query-input":{"@type":"PropertyValueSpecification","valueRequired":true,"valueName":"search_term_string"}}],"inLanguage":"fr-FR"},{"@type":"Organization","@id":"https:\/\/www.enertrag.fr\/gommeville\/#organization","name":"Gommeville","url":"https:\/\/www.enertrag.fr\/gommeville\/","logo":{"@type":"ImageObject","inLanguage":"fr-FR","@id":"https:\/\/www.enertrag.fr\/gommeville\/#\/schema\/logo\/image\/","url":"https:\/\/www.enertrag.fr\/gommeville\/wp-content\/uploads\/sites\/14\/2023\/01\/ENERTRAG_Logo.png","contentUrl":"https:\/\/www.enertrag.fr\/gommeville\/wp-content\/uploads\/sites\/14\/2023\/01\/ENERTRAG_Logo.png","width":500,"height":161,"caption":"Gommeville"},"image":{"@id":"https:\/\/www.enertrag.fr\/gommeville\/#\/schema\/logo\/image\/"}}]}},"_links":{"self":[{"href":"https:\/\/www.enertrag.fr\/gommeville\/wp-json\/wp\/v2\/pages\/69","targetHints":{"allow":["GET"]}}],"collection":[{"href":"https:\/\/www.enertrag.fr\/gommeville\/wp-json\/wp\/v2\/pages"}],"about":[{"href":"https:\/\/www.enertrag.fr\/gommeville\/wp-json\/wp\/v2\/types\/page"}],"author":[{"embeddable":true,"href":"https:\/\/www.enertrag.fr\/gommeville\/wp-json\/wp\/v2\/users\/1"}],"replies":[{"embeddable":true,"href":"https:\/\/www.enertrag.fr\/gommeville\/wp-json\/wp\/v2\/comments?post=69"}],"version-history":[{"count":0,"href":"https:\/\/www.enertrag.fr\/gommeville\/wp-json\/wp\/v2\/pages\/69\/revisions"}],"wp:attachment":[{"href":"https:\/\/www.enertrag.fr\/gommeville\/wp-json\/wp\/v2\/media?parent=69"}],"curies":[{"name":"wp","href":"https:\/\/api.w.org\/{rel}","templated":true}]}}