{"id":64,"date":"2023-01-12T16:19:59","date_gmt":"2023-01-12T15:19:59","guid":{"rendered":"http:\/\/dev.parcs-eoliens-enertrag.fr\/gommeville\/?page_id=64"},"modified":"2023-07-03T11:06:54","modified_gmt":"2023-07-03T09:06:54","slug":"la-concertation","status":"publish","type":"page","link":"https:\/\/www.enertrag.fr\/gommeville\/la-concertation\/","title":{"rendered":"La concertation"},"content":{"rendered":"\t\t<div data-elementor-type=\"wp-page\" data-elementor-id=\"64\" class=\"elementor elementor-64\" data-elementor-settings=\"{&quot;ha_cmc_init_switcher&quot;:&quot;no&quot;}\" data-elementor-post-type=\"page\">\n\t\t\t\t\t\t<section class=\"elementor-section elementor-top-section elementor-element elementor-element-52803b0 elementor-section-boxed elementor-section-height-default elementor-section-height-default\" data-id=\"52803b0\" data-element_type=\"section\" data-e-type=\"section\" data-settings=\"{&quot;_ha_eqh_enable&quot;:false}\">\n\t\t\t\t\t\t<div class=\"elementor-container elementor-column-gap-default\">\n\t\t\t\t\t<div class=\"elementor-column elementor-col-100 elementor-top-column elementor-element elementor-element-db6abf0\" data-id=\"db6abf0\" data-element_type=\"column\" data-e-type=\"column\">\n\t\t\t<div class=\"elementor-widget-wrap elementor-element-populated\">\n\t\t\t\t\t\t<div class=\"elementor-element elementor-element-df713a9 elementor-widget elementor-widget-heading\" data-id=\"df713a9\" data-element_type=\"widget\" data-e-type=\"widget\" data-widget_type=\"heading.default\">\n\t\t\t\t<div class=\"elementor-widget-container\">\n\t\t\t\t\t<h1 class=\"elementor-heading-title elementor-size-default\">La concertation\n<\/h1>\t\t\t\t<\/div>\n\t\t\t\t<\/div>\n\t\t\t\t<div class=\"elementor-element elementor-element-0d539ac elementor-widget elementor-widget-text-editor\" data-id=\"0d539ac\" data-element_type=\"widget\" data-e-type=\"widget\" data-widget_type=\"text-editor.default\">\n\t\t\t\t<div class=\"elementor-widget-container\">\n\t\t\t\t\t\t\t\t\t<h2 style=\"text-align: center;\">Participation du public et dialogue territorial<\/h2>\t\t\t\t\t\t\t\t<\/div>\n\t\t\t\t<\/div>\n\t\t\t\t\t<\/div>\n\t\t<\/div>\n\t\t\t\t\t<\/div>\n\t\t<\/section>\n\t\t\t\t<section class=\"elementor-section elementor-top-section elementor-element elementor-element-33d7e41 elementor-section-boxed elementor-section-height-default elementor-section-height-default\" data-id=\"33d7e41\" data-element_type=\"section\" data-e-type=\"section\" data-settings=\"{&quot;_ha_eqh_enable&quot;:false}\">\n\t\t\t\t\t\t<div class=\"elementor-container elementor-column-gap-default\">\n\t\t\t\t\t<div class=\"elementor-column elementor-col-100 elementor-top-column elementor-element elementor-element-f431698\" data-id=\"f431698\" data-element_type=\"column\" data-e-type=\"column\">\n\t\t\t<div class=\"elementor-widget-wrap elementor-element-populated\">\n\t\t\t\t\t\t<div class=\"elementor-element elementor-element-8a063db elementor-widget elementor-widget-image\" data-id=\"8a063db\" data-element_type=\"widget\" data-e-type=\"widget\" data-widget_type=\"image.default\">\n\t\t\t\t<div class=\"elementor-widget-container\">\n\t\t\t\t\t\t\t\t\t\t\t\t\t\t\t<img fetchpriority=\"high\" decoding=\"async\" width=\"763\" height=\"403\" src=\"https:\/\/www.enertrag.fr\/gommeville\/wp-content\/uploads\/sites\/14\/2023\/01\/bandeau-header-concertation.png\" class=\"attachment-full size-full wp-image-323\" alt=\"\" srcset=\"https:\/\/www.enertrag.fr\/gommeville\/wp-content\/uploads\/sites\/14\/2023\/01\/bandeau-header-concertation.png 763w, https:\/\/www.enertrag.fr\/gommeville\/wp-content\/uploads\/sites\/14\/2023\/01\/bandeau-header-concertation-300x158.png 300w\" sizes=\"(max-width: 763px) 100vw, 763px\" \/>\t\t\t\t\t\t\t\t\t\t\t\t\t\t\t<\/div>\n\t\t\t\t<\/div>\n\t\t\t\t\t<\/div>\n\t\t<\/div>\n\t\t\t\t\t<\/div>\n\t\t<\/section>\n\t\t\t\t<section class=\"elementor-section elementor-top-section elementor-element elementor-element-bf4c09f elementor-section-boxed elementor-section-height-default elementor-section-height-default\" data-id=\"bf4c09f\" data-element_type=\"section\" data-e-type=\"section\" data-settings=\"{&quot;_ha_eqh_enable&quot;:false}\">\n\t\t\t\t\t\t<div class=\"elementor-container elementor-column-gap-default\">\n\t\t\t\t\t<div class=\"elementor-column elementor-col-100 elementor-top-column elementor-element elementor-element-571863d\" data-id=\"571863d\" data-element_type=\"column\" data-e-type=\"column\">\n\t\t\t<div class=\"elementor-widget-wrap elementor-element-populated\">\n\t\t\t\t\t\t<div class=\"elementor-element elementor-element-39c8c2c elementor-widget elementor-widget-menu-anchor\" data-id=\"39c8c2c\" data-element_type=\"widget\" data-e-type=\"widget\" data-widget_type=\"menu-anchor.default\">\n\t\t\t\t<div class=\"elementor-widget-container\">\n\t\t\t\t\t\t\t<div class=\"elementor-menu-anchor\" id=\"objectifs\"><\/div>\n\t\t\t\t\t\t<\/div>\n\t\t\t\t<\/div>\n\t\t\t\t<div class=\"elementor-element elementor-element-aaf6fd5 elementor-widget elementor-widget-text-editor\" data-id=\"aaf6fd5\" data-element_type=\"widget\" data-e-type=\"widget\" data-widget_type=\"text-editor.default\">\n\t\t\t\t<div class=\"elementor-widget-container\">\n\t\t\t\t\t\t\t\t\t<h2>Les objectifs de la concertation<\/h2><p>ENERTRAG met un point d\u2019honneur \u00e0 engager tr\u00e8s en amont de ses projets le dialogue avec le territoire (habitants, \u00e9lus etc.), afin d\u2019inclure toute personne qui se sent concern\u00e9e et qui souhaite participer au d\u00e9veloppement du projet !<br \/>Plusieurs \u00e9v\u00e8nements et communications seront pr\u00e9vus tout au long du projet.<\/p>\t\t\t\t\t\t\t\t<\/div>\n\t\t\t\t<\/div>\n\t\t\t\t\t<\/div>\n\t\t<\/div>\n\t\t\t\t\t<\/div>\n\t\t<\/section>\n\t\t\t\t<section class=\"elementor-section elementor-top-section elementor-element elementor-element-39c2769 elementor-section-boxed elementor-section-height-default elementor-section-height-default\" data-id=\"39c2769\" data-element_type=\"section\" data-e-type=\"section\" data-settings=\"{&quot;_ha_eqh_enable&quot;:false}\">\n\t\t\t\t\t\t<div class=\"elementor-container elementor-column-gap-default\">\n\t\t\t\t\t<div class=\"elementor-column elementor-col-100 elementor-top-column elementor-element elementor-element-094b952\" data-id=\"094b952\" data-element_type=\"column\" data-e-type=\"column\">\n\t\t\t<div class=\"elementor-widget-wrap elementor-element-populated\">\n\t\t\t\t\t\t<div class=\"elementor-element elementor-element-19b5ede elementor-widget elementor-widget-menu-anchor\" data-id=\"19b5ede\" data-element_type=\"widget\" data-e-type=\"widget\" data-widget_type=\"menu-anchor.default\">\n\t\t\t\t<div class=\"elementor-widget-container\">\n\t\t\t\t\t\t\t<div class=\"elementor-menu-anchor\" id=\"documents\"><\/div>\n\t\t\t\t\t\t<\/div>\n\t\t\t\t<\/div>\n\t\t\t\t<div class=\"elementor-element elementor-element-628cc92 elementor-widget elementor-widget-heading\" data-id=\"628cc92\" data-element_type=\"widget\" data-e-type=\"widget\" data-widget_type=\"heading.default\">\n\t\t\t\t<div class=\"elementor-widget-container\">\n\t\t\t\t\t<h2 class=\"elementor-heading-title elementor-size-default\">Les documents de la concertation<\/h2>\t\t\t\t<\/div>\n\t\t\t\t<\/div>\n\t\t\t\t\t<\/div>\n\t\t<\/div>\n\t\t\t\t\t<\/div>\n\t\t<\/section>\n\t\t\t\t<section class=\"elementor-section elementor-top-section elementor-element elementor-element-1f9a5d3 elementor-section-boxed elementor-section-height-default elementor-section-height-default\" data-id=\"1f9a5d3\" data-element_type=\"section\" data-e-type=\"section\" data-settings=\"{&quot;_ha_eqh_enable&quot;:false}\">\n\t\t\t\t\t\t<div class=\"elementor-container elementor-column-gap-default\">\n\t\t\t\t\t<div class=\"elementor-column elementor-col-100 elementor-top-column elementor-element elementor-element-a17acbe\" data-id=\"a17acbe\" data-element_type=\"column\" data-e-type=\"column\">\n\t\t\t<div class=\"elementor-widget-wrap elementor-element-populated\">\n\t\t\t\t\t\t<div class=\"elementor-element elementor-element-7ccd0f7 elementor-widget elementor-widget-accordion\" data-id=\"7ccd0f7\" data-element_type=\"widget\" data-e-type=\"widget\" data-widget_type=\"accordion.default\">\n\t\t\t\t<div class=\"elementor-widget-container\">\n\t\t\t\t\t\t\t<div class=\"elementor-accordion\">\n\t\t\t\t\t\t\t<div class=\"elementor-accordion-item\">\n\t\t\t\t\t<div id=\"elementor-tab-title-1301\" class=\"elementor-tab-title\" data-tab=\"1\" role=\"button\" aria-controls=\"elementor-tab-content-1301\" aria-expanded=\"false\">\n\t\t\t\t\t\t\t\t\t\t\t\t\t<span class=\"elementor-accordion-icon elementor-accordion-icon-left\" aria-hidden=\"true\">\n\t\t\t\t\t\t\t\t\t\t\t\t\t\t\t<span class=\"elementor-accordion-icon-closed\"><i class=\"fas fa-plus\"><\/i><\/span>\n\t\t\t\t\t\t\t\t<span class=\"elementor-accordion-icon-opened\"><i class=\"fas fa-minus\"><\/i><\/span>\n\t\t\t\t\t\t\t\t\t\t\t\t\t\t<\/span>\n\t\t\t\t\t\t\t\t\t\t\t\t<a class=\"elementor-accordion-title\" tabindex=\"0\">Les lettres d'information<\/a>\n\t\t\t\t\t<\/div>\n\t\t\t\t\t<div id=\"elementor-tab-content-1301\" class=\"elementor-tab-content elementor-clearfix\" data-tab=\"1\" role=\"region\" aria-labelledby=\"elementor-tab-title-1301\"><p><a href=\"https:\/\/www.enertrag.fr\/gommeville\/wp-content\/uploads\/sites\/14\/2023\/07\/ENERTRAG-gomeville-lettre-dinformation-1.pdf\">Lettre d&rsquo;information n\u00b01 &#8211; mars 2023<\/a><\/p><\/div>\n\t\t\t\t<\/div>\n\t\t\t\t\t\t\t<div class=\"elementor-accordion-item\">\n\t\t\t\t\t<div id=\"elementor-tab-title-1302\" class=\"elementor-tab-title\" data-tab=\"2\" role=\"button\" aria-controls=\"elementor-tab-content-1302\" aria-expanded=\"false\">\n\t\t\t\t\t\t\t\t\t\t\t\t\t<span class=\"elementor-accordion-icon elementor-accordion-icon-left\" aria-hidden=\"true\">\n\t\t\t\t\t\t\t\t\t\t\t\t\t\t\t<span class=\"elementor-accordion-icon-closed\"><i class=\"fas fa-plus\"><\/i><\/span>\n\t\t\t\t\t\t\t\t<span class=\"elementor-accordion-icon-opened\"><i class=\"fas fa-minus\"><\/i><\/span>\n\t\t\t\t\t\t\t\t\t\t\t\t\t\t<\/span>\n\t\t\t\t\t\t\t\t\t\t\t\t<a class=\"elementor-accordion-title\" tabindex=\"0\">Les comptes-rendus des forums d'information<\/a>\n\t\t\t\t\t<\/div>\n\t\t\t\t\t<div id=\"elementor-tab-content-1302\" class=\"elementor-tab-content elementor-clearfix\" data-tab=\"2\" role=\"region\" aria-labelledby=\"elementor-tab-title-1302\"><p><a href=\"https:\/\/www.enertrag.fr\/gommeville\/wp-content\/uploads\/sites\/14\/2023\/07\/ENERTRAG-Gommeville-compte-rendu-forum-31-03-23.pdf\">Compte-rendu forum d&rsquo;information 31 mars 2023<\/a><\/p><\/div>\n\t\t\t\t<\/div>\n\t\t\t\t\t\t\t\t<\/div>\n\t\t\t\t\t\t<\/div>\n\t\t\t\t<\/div>\n\t\t\t\t\t<\/div>\n\t\t<\/div>\n\t\t\t\t\t<\/div>\n\t\t<\/section>\n\t\t\t\t<\/div>\n\t\t","protected":false},"excerpt":{"rendered":"<p>La concertation Participation du public et dialogue territorial Les objectifs de la concertation ENERTRAG met un point d\u2019honneur \u00e0 engager tr\u00e8s en amont de ses projets le dialogue avec le territoire (habitants, \u00e9lus etc.), afin d\u2019inclure toute personne qui se sent concern\u00e9e et qui souhaite participer au d\u00e9veloppement du projet !Plusieurs \u00e9v\u00e8nements et communications seront [&hellip;]<\/p>\n","protected":false},"author":1,"featured_media":0,"parent":0,"menu_order":0,"comment_status":"closed","ping_status":"closed","template":"","meta":{"_acf_changed":false,"footnotes":""},"class_list":["post-64","page","type-page","status-publish","hentry"],"acf":[],"yoast_head":"<!-- This site is optimized with the Yoast SEO plugin v27.5 - https:\/\/yoast.com\/product\/yoast-seo-wordpress\/ -->\n<title>La concertation - Gommeville<\/title>\n<meta name=\"robots\" content=\"index, follow, max-snippet:-1, max-image-preview:large, max-video-preview:-1\" \/>\n<link rel=\"canonical\" href=\"https:\/\/www.enertrag.fr\/gommeville\/la-concertation\/\" \/>\n<meta property=\"og:locale\" content=\"fr_FR\" \/>\n<meta property=\"og:type\" content=\"article\" \/>\n<meta property=\"og:title\" content=\"La concertation - Gommeville\" \/>\n<meta property=\"og:description\" content=\"La concertation Participation du public et dialogue territorial Les objectifs de la concertation ENERTRAG met un point d\u2019honneur \u00e0 engager tr\u00e8s en amont de ses projets le dialogue avec le territoire (habitants, \u00e9lus etc.), afin d\u2019inclure toute personne qui se sent concern\u00e9e et qui souhaite participer au d\u00e9veloppement du projet !Plusieurs \u00e9v\u00e8nements et communications seront [&hellip;]\" \/>\n<meta property=\"og:url\" content=\"https:\/\/www.enertrag.fr\/gommeville\/la-concertation\/\" \/>\n<meta property=\"og:site_name\" content=\"Gommeville\" \/>\n<meta property=\"article:modified_time\" content=\"2023-07-03T09:06:54+00:00\" \/>\n<meta property=\"og:image\" content=\"https:\/\/www.enertrag.fr\/gommeville\/wp-content\/uploads\/sites\/14\/2023\/01\/bandeau-header-concertation.png\" \/>\n<meta name=\"twitter:card\" content=\"summary_large_image\" \/>\n<meta name=\"twitter:label1\" content=\"Dur\u00e9e de lecture estim\u00e9e\" \/>\n\t<meta name=\"twitter:data1\" content=\"1 minute\" \/>\n<script type=\"application\/ld+json\" class=\"yoast-schema-graph\">{\"@context\":\"https:\\\/\\\/schema.org\",\"@graph\":[{\"@type\":\"WebPage\",\"@id\":\"https:\\\/\\\/www.enertrag.fr\\\/gommeville\\\/la-concertation\\\/\",\"url\":\"https:\\\/\\\/www.enertrag.fr\\\/gommeville\\\/la-concertation\\\/\",\"name\":\"La concertation - Gommeville\",\"isPartOf\":{\"@id\":\"https:\\\/\\\/www.enertrag.fr\\\/gommeville\\\/#website\"},\"primaryImageOfPage\":{\"@id\":\"https:\\\/\\\/www.enertrag.fr\\\/gommeville\\\/la-concertation\\\/#primaryimage\"},\"image\":{\"@id\":\"https:\\\/\\\/www.enertrag.fr\\\/gommeville\\\/la-concertation\\\/#primaryimage\"},\"thumbnailUrl\":\"https:\\\/\\\/www.enertrag.fr\\\/gommeville\\\/wp-content\\\/uploads\\\/sites\\\/14\\\/2023\\\/01\\\/bandeau-header-concertation.png\",\"datePublished\":\"2023-01-12T15:19:59+00:00\",\"dateModified\":\"2023-07-03T09:06:54+00:00\",\"breadcrumb\":{\"@id\":\"https:\\\/\\\/www.enertrag.fr\\\/gommeville\\\/la-concertation\\\/#breadcrumb\"},\"inLanguage\":\"fr-FR\",\"potentialAction\":[{\"@type\":\"ReadAction\",\"target\":[\"https:\\\/\\\/www.enertrag.fr\\\/gommeville\\\/la-concertation\\\/\"]}]},{\"@type\":\"ImageObject\",\"inLanguage\":\"fr-FR\",\"@id\":\"https:\\\/\\\/www.enertrag.fr\\\/gommeville\\\/la-concertation\\\/#primaryimage\",\"url\":\"https:\\\/\\\/www.enertrag.fr\\\/gommeville\\\/wp-content\\\/uploads\\\/sites\\\/14\\\/2023\\\/01\\\/bandeau-header-concertation.png\",\"contentUrl\":\"https:\\\/\\\/www.enertrag.fr\\\/gommeville\\\/wp-content\\\/uploads\\\/sites\\\/14\\\/2023\\\/01\\\/bandeau-header-concertation.png\",\"width\":763,\"height\":403},{\"@type\":\"BreadcrumbList\",\"@id\":\"https:\\\/\\\/www.enertrag.fr\\\/gommeville\\\/la-concertation\\\/#breadcrumb\",\"itemListElement\":[{\"@type\":\"ListItem\",\"position\":1,\"name\":\"Accueil\",\"item\":\"https:\\\/\\\/www.enertrag.fr\\\/gommeville\\\/\"},{\"@type\":\"ListItem\",\"position\":2,\"name\":\"La concertation\"}]},{\"@type\":\"WebSite\",\"@id\":\"https:\\\/\\\/www.enertrag.fr\\\/gommeville\\\/#website\",\"url\":\"https:\\\/\\\/www.enertrag.fr\\\/gommeville\\\/\",\"name\":\"Gommeville\",\"description\":\"\",\"publisher\":{\"@id\":\"https:\\\/\\\/www.enertrag.fr\\\/gommeville\\\/#organization\"},\"potentialAction\":[{\"@type\":\"SearchAction\",\"target\":{\"@type\":\"EntryPoint\",\"urlTemplate\":\"https:\\\/\\\/www.enertrag.fr\\\/gommeville\\\/?s={search_term_string}\"},\"query-input\":{\"@type\":\"PropertyValueSpecification\",\"valueRequired\":true,\"valueName\":\"search_term_string\"}}],\"inLanguage\":\"fr-FR\"},{\"@type\":\"Organization\",\"@id\":\"https:\\\/\\\/www.enertrag.fr\\\/gommeville\\\/#organization\",\"name\":\"Gommeville\",\"url\":\"https:\\\/\\\/www.enertrag.fr\\\/gommeville\\\/\",\"logo\":{\"@type\":\"ImageObject\",\"inLanguage\":\"fr-FR\",\"@id\":\"https:\\\/\\\/www.enertrag.fr\\\/gommeville\\\/#\\\/schema\\\/logo\\\/image\\\/\",\"url\":\"https:\\\/\\\/www.enertrag.fr\\\/gommeville\\\/wp-content\\\/uploads\\\/sites\\\/14\\\/2023\\\/01\\\/ENERTRAG_Logo.png\",\"contentUrl\":\"https:\\\/\\\/www.enertrag.fr\\\/gommeville\\\/wp-content\\\/uploads\\\/sites\\\/14\\\/2023\\\/01\\\/ENERTRAG_Logo.png\",\"width\":500,\"height\":161,\"caption\":\"Gommeville\"},\"image\":{\"@id\":\"https:\\\/\\\/www.enertrag.fr\\\/gommeville\\\/#\\\/schema\\\/logo\\\/image\\\/\"}}]}<\/script>\n<!-- \/ Yoast SEO plugin. -->","yoast_head_json":{"title":"La concertation - Gommeville","robots":{"index":"index","follow":"follow","max-snippet":"max-snippet:-1","max-image-preview":"max-image-preview:large","max-video-preview":"max-video-preview:-1"},"canonical":"https:\/\/www.enertrag.fr\/gommeville\/la-concertation\/","og_locale":"fr_FR","og_type":"article","og_title":"La concertation - Gommeville","og_description":"La concertation Participation du public et dialogue territorial Les objectifs de la concertation ENERTRAG met un point d\u2019honneur \u00e0 engager tr\u00e8s en amont de ses projets le dialogue avec le territoire (habitants, \u00e9lus etc.), afin d\u2019inclure toute personne qui se sent concern\u00e9e et qui souhaite participer au d\u00e9veloppement du projet !Plusieurs \u00e9v\u00e8nements et communications seront [&hellip;]","og_url":"https:\/\/www.enertrag.fr\/gommeville\/la-concertation\/","og_site_name":"Gommeville","article_modified_time":"2023-07-03T09:06:54+00:00","og_image":[{"url":"https:\/\/www.enertrag.fr\/gommeville\/wp-content\/uploads\/sites\/14\/2023\/01\/bandeau-header-concertation.png","type":"","width":"","height":""}],"twitter_card":"summary_large_image","twitter_misc":{"Dur\u00e9e de lecture estim\u00e9e":"1 minute"},"schema":{"@context":"https:\/\/schema.org","@graph":[{"@type":"WebPage","@id":"https:\/\/www.enertrag.fr\/gommeville\/la-concertation\/","url":"https:\/\/www.enertrag.fr\/gommeville\/la-concertation\/","name":"La concertation - Gommeville","isPartOf":{"@id":"https:\/\/www.enertrag.fr\/gommeville\/#website"},"primaryImageOfPage":{"@id":"https:\/\/www.enertrag.fr\/gommeville\/la-concertation\/#primaryimage"},"image":{"@id":"https:\/\/www.enertrag.fr\/gommeville\/la-concertation\/#primaryimage"},"thumbnailUrl":"https:\/\/www.enertrag.fr\/gommeville\/wp-content\/uploads\/sites\/14\/2023\/01\/bandeau-header-concertation.png","datePublished":"2023-01-12T15:19:59+00:00","dateModified":"2023-07-03T09:06:54+00:00","breadcrumb":{"@id":"https:\/\/www.enertrag.fr\/gommeville\/la-concertation\/#breadcrumb"},"inLanguage":"fr-FR","potentialAction":[{"@type":"ReadAction","target":["https:\/\/www.enertrag.fr\/gommeville\/la-concertation\/"]}]},{"@type":"ImageObject","inLanguage":"fr-FR","@id":"https:\/\/www.enertrag.fr\/gommeville\/la-concertation\/#primaryimage","url":"https:\/\/www.enertrag.fr\/gommeville\/wp-content\/uploads\/sites\/14\/2023\/01\/bandeau-header-concertation.png","contentUrl":"https:\/\/www.enertrag.fr\/gommeville\/wp-content\/uploads\/sites\/14\/2023\/01\/bandeau-header-concertation.png","width":763,"height":403},{"@type":"BreadcrumbList","@id":"https:\/\/www.enertrag.fr\/gommeville\/la-concertation\/#breadcrumb","itemListElement":[{"@type":"ListItem","position":1,"name":"Accueil","item":"https:\/\/www.enertrag.fr\/gommeville\/"},{"@type":"ListItem","position":2,"name":"La concertation"}]},{"@type":"WebSite","@id":"https:\/\/www.enertrag.fr\/gommeville\/#website","url":"https:\/\/www.enertrag.fr\/gommeville\/","name":"Gommeville","description":"","publisher":{"@id":"https:\/\/www.enertrag.fr\/gommeville\/#organization"},"potentialAction":[{"@type":"SearchAction","target":{"@type":"EntryPoint","urlTemplate":"https:\/\/www.enertrag.fr\/gommeville\/?s={search_term_string}"},"query-input":{"@type":"PropertyValueSpecification","valueRequired":true,"valueName":"search_term_string"}}],"inLanguage":"fr-FR"},{"@type":"Organization","@id":"https:\/\/www.enertrag.fr\/gommeville\/#organization","name":"Gommeville","url":"https:\/\/www.enertrag.fr\/gommeville\/","logo":{"@type":"ImageObject","inLanguage":"fr-FR","@id":"https:\/\/www.enertrag.fr\/gommeville\/#\/schema\/logo\/image\/","url":"https:\/\/www.enertrag.fr\/gommeville\/wp-content\/uploads\/sites\/14\/2023\/01\/ENERTRAG_Logo.png","contentUrl":"https:\/\/www.enertrag.fr\/gommeville\/wp-content\/uploads\/sites\/14\/2023\/01\/ENERTRAG_Logo.png","width":500,"height":161,"caption":"Gommeville"},"image":{"@id":"https:\/\/www.enertrag.fr\/gommeville\/#\/schema\/logo\/image\/"}}]}},"_links":{"self":[{"href":"https:\/\/www.enertrag.fr\/gommeville\/wp-json\/wp\/v2\/pages\/64","targetHints":{"allow":["GET"]}}],"collection":[{"href":"https:\/\/www.enertrag.fr\/gommeville\/wp-json\/wp\/v2\/pages"}],"about":[{"href":"https:\/\/www.enertrag.fr\/gommeville\/wp-json\/wp\/v2\/types\/page"}],"author":[{"embeddable":true,"href":"https:\/\/www.enertrag.fr\/gommeville\/wp-json\/wp\/v2\/users\/1"}],"replies":[{"embeddable":true,"href":"https:\/\/www.enertrag.fr\/gommeville\/wp-json\/wp\/v2\/comments?post=64"}],"version-history":[{"count":0,"href":"https:\/\/www.enertrag.fr\/gommeville\/wp-json\/wp\/v2\/pages\/64\/revisions"}],"wp:attachment":[{"href":"https:\/\/www.enertrag.fr\/gommeville\/wp-json\/wp\/v2\/media?parent=64"}],"curies":[{"name":"wp","href":"https:\/\/api.w.org\/{rel}","templated":true}]}}