{"id":62,"date":"2023-01-12T16:19:42","date_gmt":"2023-01-12T15:19:42","guid":{"rendered":"http:\/\/dev.parcs-eoliens-enertrag.fr\/gommeville\/?page_id=62"},"modified":"2023-04-19T17:43:02","modified_gmt":"2023-04-19T15:43:02","slug":"le-projet","status":"publish","type":"page","link":"https:\/\/www.enertrag.fr\/gommeville\/le-projet\/","title":{"rendered":"Le projet"},"content":{"rendered":"\t\t<div data-elementor-type=\"wp-page\" data-elementor-id=\"62\" class=\"elementor elementor-62\" data-elementor-settings=\"{&quot;ha_cmc_init_switcher&quot;:&quot;no&quot;}\" data-elementor-post-type=\"page\">\n\t\t\t\t\t\t<section class=\"elementor-section elementor-top-section elementor-element elementor-element-751ed69 elementor-section-boxed elementor-section-height-default elementor-section-height-default\" data-id=\"751ed69\" data-element_type=\"section\" data-e-type=\"section\" data-settings=\"{&quot;_ha_eqh_enable&quot;:false}\">\n\t\t\t\t\t\t<div class=\"elementor-container elementor-column-gap-default\">\n\t\t\t\t\t<div class=\"elementor-column elementor-col-100 elementor-top-column elementor-element elementor-element-2073217\" data-id=\"2073217\" data-element_type=\"column\" data-e-type=\"column\">\n\t\t\t<div class=\"elementor-widget-wrap elementor-element-populated\">\n\t\t\t\t\t\t<div class=\"elementor-element elementor-element-203c53f elementor-widget elementor-widget-heading\" data-id=\"203c53f\" data-element_type=\"widget\" data-e-type=\"widget\" data-widget_type=\"heading.default\">\n\t\t\t\t<div class=\"elementor-widget-container\">\n\t\t\t\t\t<h1 class=\"elementor-heading-title elementor-size-default\">Pr\u00e9sentation g\u00e9n\u00e9rale du projet<\/h1>\t\t\t\t<\/div>\n\t\t\t\t<\/div>\n\t\t\t\t\t<\/div>\n\t\t<\/div>\n\t\t\t\t\t<\/div>\n\t\t<\/section>\n\t\t\t\t<section class=\"elementor-section elementor-top-section elementor-element elementor-element-b80a461 elementor-section-boxed elementor-section-height-default elementor-section-height-default\" data-id=\"b80a461\" data-element_type=\"section\" data-e-type=\"section\" data-settings=\"{&quot;_ha_eqh_enable&quot;:false}\">\n\t\t\t\t\t\t<div class=\"elementor-container elementor-column-gap-default\">\n\t\t\t\t\t<div class=\"elementor-column elementor-col-100 elementor-top-column elementor-element elementor-element-6ed75cd\" data-id=\"6ed75cd\" data-element_type=\"column\" data-e-type=\"column\">\n\t\t\t<div class=\"elementor-widget-wrap elementor-element-populated\">\n\t\t\t\t\t\t<div class=\"elementor-element elementor-element-d863d4a elementor-widget elementor-widget-image\" data-id=\"d863d4a\" data-element_type=\"widget\" data-e-type=\"widget\" data-widget_type=\"image.default\">\n\t\t\t\t<div class=\"elementor-widget-container\">\n\t\t\t\t\t\t\t\t\t\t\t\t\t\t\t<img fetchpriority=\"high\" decoding=\"async\" width=\"2000\" height=\"1332\" src=\"https:\/\/www.enertrag.fr\/gommeville\/wp-content\/uploads\/sites\/14\/2023\/02\/DJI_0271.jpg\" class=\"attachment-full size-full wp-image-543\" alt=\"\" srcset=\"https:\/\/www.enertrag.fr\/gommeville\/wp-content\/uploads\/sites\/14\/2023\/02\/DJI_0271.jpg 2000w, https:\/\/www.enertrag.fr\/gommeville\/wp-content\/uploads\/sites\/14\/2023\/02\/DJI_0271-300x200.jpg 300w, https:\/\/www.enertrag.fr\/gommeville\/wp-content\/uploads\/sites\/14\/2023\/02\/DJI_0271-1024x682.jpg 1024w, https:\/\/www.enertrag.fr\/gommeville\/wp-content\/uploads\/sites\/14\/2023\/02\/DJI_0271-768x511.jpg 768w, https:\/\/www.enertrag.fr\/gommeville\/wp-content\/uploads\/sites\/14\/2023\/02\/DJI_0271-1536x1023.jpg 1536w\" sizes=\"(max-width: 2000px) 100vw, 2000px\" \/>\t\t\t\t\t\t\t\t\t\t\t\t\t\t\t<\/div>\n\t\t\t\t<\/div>\n\t\t\t\t\t<\/div>\n\t\t<\/div>\n\t\t\t\t\t<\/div>\n\t\t<\/section>\n\t\t\t\t<section class=\"elementor-section elementor-top-section elementor-element elementor-element-7df7962 elementor-section-boxed elementor-section-height-default elementor-section-height-default\" data-id=\"7df7962\" data-element_type=\"section\" data-e-type=\"section\" data-settings=\"{&quot;_ha_eqh_enable&quot;:false}\">\n\t\t\t\t\t\t<div class=\"elementor-container elementor-column-gap-default\">\n\t\t\t\t\t<div class=\"elementor-column elementor-col-100 elementor-top-column elementor-element elementor-element-9a9f41c\" data-id=\"9a9f41c\" data-element_type=\"column\" data-e-type=\"column\">\n\t\t\t<div class=\"elementor-widget-wrap elementor-element-populated\">\n\t\t\t\t\t\t<div class=\"elementor-element elementor-element-2032db3 elementor-widget elementor-widget-text-editor\" data-id=\"2032db3\" data-element_type=\"widget\" data-e-type=\"widget\" data-widget_type=\"text-editor.default\">\n\t\t\t\t<div class=\"elementor-widget-container\">\n\t\t\t\t\t\t\t\t\t<h2 lang=\"fr-FR\">Des projets photovolta\u00efques sur votre commune<\/h2><p>Les projets de centrale solaire au sol se situent plus pr\u00e9cis\u00e9ment \u00e0 l\u2019est et \u00e0 l\u2019ouest du bourg de Gomm\u00e9ville, au niveau des lieux-dits \u00ab Les Hautes For\u00eats \u00bb et \u00ab La Prouse \u00bb. Il s\u2019agit de fonciers appartenants \u00e0 la commune de Gomm\u00e9ville.<\/p><p>Celui-ci pr\u00e9sente toutes les qualit\u00e9s pour accueillir un parc photovolta\u00efque :<br \/>\u2022 Des terrains \u00e0 la topographie globalement homog\u00e8ne;<br \/>\u2022 D\u2019apr\u00e8s les \u00e9tudes environnementales en cours, les projets ne pr\u00e9sentent pas de forts enjeux vis-\u00e0-vis de la biodiversit\u00e9 du site ;<br \/>\u2022 Des enjeux paysagers limit\u00e9s compte tenu de la localisation du site et de son environnement<br \/>\u2022 Des emprises fonci\u00e8res \u00e0 valoriser, anciennement exploit\u00e9s pour extraire des mat\u00e9riaux.<\/p>\t\t\t\t\t\t\t\t<\/div>\n\t\t\t\t<\/div>\n\t\t\t\t\t<\/div>\n\t\t<\/div>\n\t\t\t\t\t<\/div>\n\t\t<\/section>\n\t\t\t\t<section class=\"elementor-section elementor-top-section elementor-element elementor-element-3f05b72 elementor-section-boxed elementor-section-height-default elementor-section-height-default\" data-id=\"3f05b72\" data-element_type=\"section\" data-e-type=\"section\" data-settings=\"{&quot;background_background&quot;:&quot;classic&quot;,&quot;_ha_eqh_enable&quot;:false}\">\n\t\t\t\t\t\t<div class=\"elementor-container elementor-column-gap-default\">\n\t\t\t\t\t<div class=\"elementor-column elementor-col-100 elementor-top-column elementor-element elementor-element-b63cdf9\" data-id=\"b63cdf9\" data-element_type=\"column\" data-e-type=\"column\">\n\t\t\t<div class=\"elementor-widget-wrap elementor-element-populated\">\n\t\t\t\t\t\t<div class=\"elementor-element elementor-element-d96ede6 elementor-widget elementor-widget-text-editor\" data-id=\"d96ede6\" data-element_type=\"widget\" data-e-type=\"widget\" data-widget_type=\"text-editor.default\">\n\t\t\t\t<div class=\"elementor-widget-container\">\n\t\t\t\t\t\t\t\t\t<h2>Les chiffres cl\u00e9s<\/h2>\t\t\t\t\t\t\t\t<\/div>\n\t\t\t\t<\/div>\n\t\t\t\t\t<\/div>\n\t\t<\/div>\n\t\t\t\t\t<\/div>\n\t\t<\/section>\n\t\t\t\t<section class=\"elementor-section elementor-top-section elementor-element elementor-element-70ce655 elementor-section-boxed elementor-section-height-default elementor-section-height-default\" data-id=\"70ce655\" data-element_type=\"section\" data-e-type=\"section\" data-settings=\"{&quot;background_background&quot;:&quot;classic&quot;,&quot;_ha_eqh_enable&quot;:false}\">\n\t\t\t\t\t\t<div class=\"elementor-container elementor-column-gap-default\">\n\t\t\t\t\t<div class=\"elementor-column elementor-col-25 elementor-top-column elementor-element elementor-element-7f958ae\" data-id=\"7f958ae\" data-element_type=\"column\" data-e-type=\"column\">\n\t\t\t<div class=\"elementor-widget-wrap elementor-element-populated\">\n\t\t\t\t\t\t<div class=\"elementor-element elementor-element-2927aea elementor-widget elementor-widget-counter\" data-id=\"2927aea\" data-element_type=\"widget\" data-e-type=\"widget\" data-widget_type=\"counter.default\">\n\t\t\t\t<div class=\"elementor-widget-container\">\n\t\t\t\t\t\t\t<div class=\"elementor-counter\">\n\t\t\t<div class=\"elementor-counter-title\">MWc de puissance de production par an estim\u00e9e<\/div>\t\t\t<div class=\"elementor-counter-number-wrapper\">\n\t\t\t\t<span class=\"elementor-counter-number-prefix\"><\/span>\n\t\t\t\t<span class=\"elementor-counter-number\" data-duration=\"2000\" data-to-value=\"12600\" data-from-value=\"0\">0<\/span>\n\t\t\t\t<span class=\"elementor-counter-number-suffix\"><\/span>\n\t\t\t<\/div>\n\t\t<\/div>\n\t\t\t\t\t\t<\/div>\n\t\t\t\t<\/div>\n\t\t\t\t\t<\/div>\n\t\t<\/div>\n\t\t\t\t<div class=\"elementor-column elementor-col-25 elementor-top-column elementor-element elementor-element-05a7f02\" data-id=\"05a7f02\" data-element_type=\"column\" data-e-type=\"column\">\n\t\t\t<div class=\"elementor-widget-wrap elementor-element-populated\">\n\t\t\t\t\t\t<div class=\"elementor-element elementor-element-67e7ee3 elementor-widget elementor-widget-counter\" data-id=\"67e7ee3\" data-element_type=\"widget\" data-e-type=\"widget\" data-widget_type=\"counter.default\">\n\t\t\t\t<div class=\"elementor-widget-container\">\n\t\t\t\t\t\t\t<div class=\"elementor-counter\">\n\t\t\t<div class=\"elementor-counter-title\">Personnes aliment\u00e9es en \u00e9lectricit\u00e9, chauffage compris<\/div>\t\t\t<div class=\"elementor-counter-number-wrapper\">\n\t\t\t\t<span class=\"elementor-counter-number-prefix\"><\/span>\n\t\t\t\t<span class=\"elementor-counter-number\" data-duration=\"2000\" data-to-value=\"5700\" data-from-value=\"0\">0<\/span>\n\t\t\t\t<span class=\"elementor-counter-number-suffix\"><\/span>\n\t\t\t<\/div>\n\t\t<\/div>\n\t\t\t\t\t\t<\/div>\n\t\t\t\t<\/div>\n\t\t\t\t\t<\/div>\n\t\t<\/div>\n\t\t\t\t<div class=\"elementor-column elementor-col-25 elementor-top-column elementor-element elementor-element-043ac42\" data-id=\"043ac42\" data-element_type=\"column\" data-e-type=\"column\">\n\t\t\t<div class=\"elementor-widget-wrap elementor-element-populated\">\n\t\t\t\t\t\t<div class=\"elementor-element elementor-element-523772f elementor-widget elementor-widget-counter\" data-id=\"523772f\" data-element_type=\"widget\" data-e-type=\"widget\" data-widget_type=\"counter.default\">\n\t\t\t\t<div class=\"elementor-widget-container\">\n\t\t\t\t\t\t\t<div class=\"elementor-counter\">\n\t\t\t<div class=\"elementor-counter-title\">Hectares de terrain<\/div>\t\t\t<div class=\"elementor-counter-number-wrapper\">\n\t\t\t\t<span class=\"elementor-counter-number-prefix\"><\/span>\n\t\t\t\t<span class=\"elementor-counter-number\" data-duration=\"2000\" data-to-value=\"11.4\" data-from-value=\"0\">0<\/span>\n\t\t\t\t<span class=\"elementor-counter-number-suffix\"><\/span>\n\t\t\t<\/div>\n\t\t<\/div>\n\t\t\t\t\t\t<\/div>\n\t\t\t\t<\/div>\n\t\t\t\t\t<\/div>\n\t\t<\/div>\n\t\t\t\t<div class=\"elementor-column elementor-col-25 elementor-top-column elementor-element elementor-element-1f115f3\" data-id=\"1f115f3\" data-element_type=\"column\" data-e-type=\"column\">\n\t\t\t<div class=\"elementor-widget-wrap elementor-element-populated\">\n\t\t\t\t\t\t<div class=\"elementor-element elementor-element-8132ad1 elementor-widget elementor-widget-counter\" data-id=\"8132ad1\" data-element_type=\"widget\" data-e-type=\"widget\" data-widget_type=\"counter.default\">\n\t\t\t\t<div class=\"elementor-widget-container\">\n\t\t\t\t\t\t\t<div class=\"elementor-counter\">\n\t\t\t<div class=\"elementor-counter-title\">MWc de puissance cumul\u00e9e <\/div>\t\t\t<div class=\"elementor-counter-number-wrapper\">\n\t\t\t\t<span class=\"elementor-counter-number-prefix\"><\/span>\n\t\t\t\t<span class=\"elementor-counter-number\" data-duration=\"2000\" data-to-value=\"11.4\" data-from-value=\"0\">0<\/span>\n\t\t\t\t<span class=\"elementor-counter-number-suffix\"><\/span>\n\t\t\t<\/div>\n\t\t<\/div>\n\t\t\t\t\t\t<\/div>\n\t\t\t\t<\/div>\n\t\t\t\t\t<\/div>\n\t\t<\/div>\n\t\t\t\t\t<\/div>\n\t\t<\/section>\n\t\t\t\t<section class=\"elementor-section elementor-top-section elementor-element elementor-element-b111ebe elementor-section-boxed elementor-section-height-default elementor-section-height-default\" data-id=\"b111ebe\" data-element_type=\"section\" data-e-type=\"section\" data-settings=\"{&quot;_ha_eqh_enable&quot;:false}\">\n\t\t\t\t\t\t<div class=\"elementor-container elementor-column-gap-default\">\n\t\t\t\t\t<div class=\"elementor-column elementor-col-100 elementor-top-column elementor-element elementor-element-4022f3e\" data-id=\"4022f3e\" data-element_type=\"column\" data-e-type=\"column\">\n\t\t\t<div class=\"elementor-widget-wrap elementor-element-populated\">\n\t\t\t\t\t\t<div class=\"elementor-element elementor-element-c83e58a elementor-widget elementor-widget-text-editor\" data-id=\"c83e58a\" data-element_type=\"widget\" data-e-type=\"widget\" data-widget_type=\"text-editor.default\">\n\t\t\t\t<div class=\"elementor-widget-container\">\n\t\t\t\t\t\t\t\t\t<h2>L\u2019avanc\u00e9e du projet<\/h2>\t\t\t\t\t\t\t\t<\/div>\n\t\t\t\t<\/div>\n\t\t\t\t\t<\/div>\n\t\t<\/div>\n\t\t\t\t\t<\/div>\n\t\t<\/section>\n\t\t\t\t<section class=\"elementor-section elementor-top-section elementor-element elementor-element-f7e752c elementor-section-boxed elementor-section-height-default elementor-section-height-default\" data-id=\"f7e752c\" data-element_type=\"section\" data-e-type=\"section\" data-settings=\"{&quot;_ha_eqh_enable&quot;:false}\">\n\t\t\t\t\t\t<div class=\"elementor-container elementor-column-gap-default\">\n\t\t\t\t\t<div class=\"elementor-column elementor-col-100 elementor-top-column elementor-element elementor-element-1ae68e3\" data-id=\"1ae68e3\" data-element_type=\"column\" data-e-type=\"column\">\n\t\t\t<div class=\"elementor-widget-wrap elementor-element-populated\">\n\t\t\t\t\t\t<div class=\"elementor-element elementor-element-f31f9df elementor-widget elementor-widget-image\" data-id=\"f31f9df\" data-element_type=\"widget\" data-e-type=\"widget\" data-widget_type=\"image.default\">\n\t\t\t\t<div class=\"elementor-widget-container\">\n\t\t\t\t\t\t\t\t\t\t\t\t\t\t\t<img decoding=\"async\" width=\"1123\" height=\"331\" src=\"https:\/\/www.enertrag.fr\/gommeville\/wp-content\/uploads\/sites\/14\/2023\/04\/Frise-chronologique_Gommeville.jpg\" class=\"attachment-full size-full wp-image-730\" alt=\"\" srcset=\"https:\/\/www.enertrag.fr\/gommeville\/wp-content\/uploads\/sites\/14\/2023\/04\/Frise-chronologique_Gommeville.jpg 1123w, https:\/\/www.enertrag.fr\/gommeville\/wp-content\/uploads\/sites\/14\/2023\/04\/Frise-chronologique_Gommeville-300x88.jpg 300w, https:\/\/www.enertrag.fr\/gommeville\/wp-content\/uploads\/sites\/14\/2023\/04\/Frise-chronologique_Gommeville-1024x302.jpg 1024w, https:\/\/www.enertrag.fr\/gommeville\/wp-content\/uploads\/sites\/14\/2023\/04\/Frise-chronologique_Gommeville-768x226.jpg 768w\" sizes=\"(max-width: 1123px) 100vw, 1123px\" \/>\t\t\t\t\t\t\t\t\t\t\t\t\t\t\t<\/div>\n\t\t\t\t<\/div>\n\t\t\t\t\t<\/div>\n\t\t<\/div>\n\t\t\t\t\t<\/div>\n\t\t<\/section>\n\t\t\t\t<section class=\"elementor-section elementor-top-section elementor-element elementor-element-ece96f2 elementor-section-boxed elementor-section-height-default elementor-section-height-default\" data-id=\"ece96f2\" data-element_type=\"section\" data-e-type=\"section\" data-settings=\"{&quot;_ha_eqh_enable&quot;:false}\">\n\t\t\t\t\t\t<div class=\"elementor-container elementor-column-gap-default\">\n\t\t\t\t\t<div class=\"elementor-column elementor-col-100 elementor-top-column elementor-element elementor-element-7ea5b2d\" data-id=\"7ea5b2d\" data-element_type=\"column\" data-e-type=\"column\">\n\t\t\t<div class=\"elementor-widget-wrap elementor-element-populated\">\n\t\t\t\t\t\t<div class=\"elementor-element elementor-element-26eac6d elementor-widget elementor-widget-text-editor\" data-id=\"26eac6d\" data-element_type=\"widget\" data-e-type=\"widget\" data-widget_type=\"text-editor.default\">\n\t\t\t\t<div class=\"elementor-widget-container\">\n\t\t\t\t\t\t\t\t\t<h2>Les \u00e9tudes<\/h2>\t\t\t\t\t\t\t\t<\/div>\n\t\t\t\t<\/div>\n\t\t\t\t\t<\/div>\n\t\t<\/div>\n\t\t\t\t\t<\/div>\n\t\t<\/section>\n\t\t\t\t<section class=\"elementor-section elementor-top-section elementor-element elementor-element-68603c5 elementor-section-boxed elementor-section-height-default elementor-section-height-default\" data-id=\"68603c5\" data-element_type=\"section\" data-e-type=\"section\" data-settings=\"{&quot;_ha_eqh_enable&quot;:false}\">\n\t\t\t\t\t\t<div class=\"elementor-container elementor-column-gap-default\">\n\t\t\t\t\t<div class=\"elementor-column elementor-col-50 elementor-top-column elementor-element elementor-element-c623b6c\" data-id=\"c623b6c\" data-element_type=\"column\" data-e-type=\"column\">\n\t\t\t<div class=\"elementor-widget-wrap elementor-element-populated\">\n\t\t\t\t\t\t<div class=\"elementor-element elementor-element-027df77 elementor-widget elementor-widget-image\" data-id=\"027df77\" data-element_type=\"widget\" data-e-type=\"widget\" data-widget_type=\"image.default\">\n\t\t\t\t<div class=\"elementor-widget-container\">\n\t\t\t\t\t\t\t\t\t\t\t\t\t\t\t<img decoding=\"async\" width=\"300\" height=\"300\" src=\"https:\/\/www.enertrag.fr\/gommeville\/wp-content\/uploads\/sites\/14\/2023\/04\/etudes-300x300.png\" class=\"attachment-medium size-medium wp-image-732\" alt=\"\" srcset=\"https:\/\/www.enertrag.fr\/gommeville\/wp-content\/uploads\/sites\/14\/2023\/04\/etudes-300x300.png 300w, https:\/\/www.enertrag.fr\/gommeville\/wp-content\/uploads\/sites\/14\/2023\/04\/etudes-1024x1024.png 1024w, https:\/\/www.enertrag.fr\/gommeville\/wp-content\/uploads\/sites\/14\/2023\/04\/etudes-150x150.png 150w, https:\/\/www.enertrag.fr\/gommeville\/wp-content\/uploads\/sites\/14\/2023\/04\/etudes-768x768.png 768w, https:\/\/www.enertrag.fr\/gommeville\/wp-content\/uploads\/sites\/14\/2023\/04\/etudes-1536x1536.png 1536w, https:\/\/www.enertrag.fr\/gommeville\/wp-content\/uploads\/sites\/14\/2023\/04\/etudes.png 2000w\" sizes=\"(max-width: 300px) 100vw, 300px\" \/>\t\t\t\t\t\t\t\t\t\t\t\t\t\t\t<\/div>\n\t\t\t\t<\/div>\n\t\t\t\t\t<\/div>\n\t\t<\/div>\n\t\t\t\t<div class=\"elementor-column elementor-col-50 elementor-top-column elementor-element elementor-element-6addbfe\" data-id=\"6addbfe\" data-element_type=\"column\" data-e-type=\"column\">\n\t\t\t<div class=\"elementor-widget-wrap elementor-element-populated\">\n\t\t\t\t\t\t<div class=\"elementor-element elementor-element-d1999cf elementor-widget elementor-widget-text-editor\" data-id=\"d1999cf\" data-element_type=\"widget\" data-e-type=\"widget\" data-widget_type=\"text-editor.default\">\n\t\t\t\t<div class=\"elementor-widget-container\">\n\t\t\t\t\t\t\t\t\t<p>Afin d\u2019assurer la viabilit\u00e9 du projet photovolta\u00efque, la cellule expertise d\u2019ENERTRAG a fait appel \u00e0<br \/>des bureaux d\u2019\u00e9tudes ind\u00e9pendants pour diff\u00e9rentes \u00e9tudes au cours de l\u2019ann\u00e9e 2022 :<br \/>\u2022 Des inventaires biodiversit\u00e9 r\u00e9alis\u00e9s sur un cycle complet (un an),<br \/>\u2022 Des \u00e9tudes techniques permettant de d\u00e9terminer et prendre en consid\u00e9ration toute les<br \/>phases des projets (notamment la phase chantier) ainsi qu\u2019une estimation de la production<br \/>\u00e9lectrique.<\/p>\t\t\t\t\t\t\t\t<\/div>\n\t\t\t\t<\/div>\n\t\t\t\t\t<\/div>\n\t\t<\/div>\n\t\t\t\t\t<\/div>\n\t\t<\/section>\n\t\t\t\t<section class=\"elementor-section elementor-top-section elementor-element elementor-element-b2f3525 elementor-section-boxed elementor-section-height-default elementor-section-height-default\" data-id=\"b2f3525\" data-element_type=\"section\" data-e-type=\"section\" data-settings=\"{&quot;_ha_eqh_enable&quot;:false}\">\n\t\t\t\t\t\t<div class=\"elementor-container elementor-column-gap-default\">\n\t\t\t\t\t<div class=\"elementor-column elementor-col-100 elementor-top-column elementor-element elementor-element-7dd19bb\" data-id=\"7dd19bb\" data-element_type=\"column\" data-e-type=\"column\">\n\t\t\t<div class=\"elementor-widget-wrap elementor-element-populated\">\n\t\t\t\t\t\t<div class=\"elementor-element elementor-element-41407a3 elementor-widget elementor-widget-text-editor\" data-id=\"41407a3\" data-element_type=\"widget\" data-e-type=\"widget\" data-widget_type=\"text-editor.default\">\n\t\t\t\t<div class=\"elementor-widget-container\">\n\t\t\t\t\t\t\t\t\t<h2>O\u00f9 se situe le projet ?<\/h2>\t\t\t\t\t\t\t\t<\/div>\n\t\t\t\t<\/div>\n\t\t\t\t\t<\/div>\n\t\t<\/div>\n\t\t\t\t\t<\/div>\n\t\t<\/section>\n\t\t\t\t<section class=\"elementor-section elementor-top-section elementor-element elementor-element-eccc6b8 elementor-section-boxed elementor-section-height-default elementor-section-height-default\" data-id=\"eccc6b8\" data-element_type=\"section\" data-e-type=\"section\" data-settings=\"{&quot;_ha_eqh_enable&quot;:false}\">\n\t\t\t\t\t\t<div class=\"elementor-container elementor-column-gap-default\">\n\t\t\t\t\t<div class=\"elementor-column elementor-col-100 elementor-top-column elementor-element elementor-element-0993040\" data-id=\"0993040\" data-element_type=\"column\" data-e-type=\"column\">\n\t\t\t<div class=\"elementor-widget-wrap elementor-element-populated\">\n\t\t\t\t\t\t<div class=\"elementor-element elementor-element-df46130 elementor-widget elementor-widget-image\" data-id=\"df46130\" data-element_type=\"widget\" data-e-type=\"widget\" data-widget_type=\"image.default\">\n\t\t\t\t<div class=\"elementor-widget-container\">\n\t\t\t\t\t\t\t\t\t\t\t\t\t\t\t<img loading=\"lazy\" decoding=\"async\" width=\"2560\" height=\"1810\" src=\"https:\/\/www.enertrag.fr\/gommeville\/wp-content\/uploads\/sites\/14\/2023\/04\/ZIP1-scaled.jpeg\" class=\"attachment-full size-full wp-image-738\" alt=\"\" srcset=\"https:\/\/www.enertrag.fr\/gommeville\/wp-content\/uploads\/sites\/14\/2023\/04\/ZIP1-scaled.jpeg 2560w, https:\/\/www.enertrag.fr\/gommeville\/wp-content\/uploads\/sites\/14\/2023\/04\/ZIP1-300x212.jpeg 300w, https:\/\/www.enertrag.fr\/gommeville\/wp-content\/uploads\/sites\/14\/2023\/04\/ZIP1-1024x724.jpeg 1024w, https:\/\/www.enertrag.fr\/gommeville\/wp-content\/uploads\/sites\/14\/2023\/04\/ZIP1-768x543.jpeg 768w, https:\/\/www.enertrag.fr\/gommeville\/wp-content\/uploads\/sites\/14\/2023\/04\/ZIP1-1536x1086.jpeg 1536w, https:\/\/www.enertrag.fr\/gommeville\/wp-content\/uploads\/sites\/14\/2023\/04\/ZIP1-2048x1448.jpeg 2048w\" sizes=\"(max-width: 2560px) 100vw, 2560px\" \/>\t\t\t\t\t\t\t\t\t\t\t\t\t\t\t<\/div>\n\t\t\t\t<\/div>\n\t\t\t\t<div class=\"elementor-element elementor-element-6b95798 elementor-widget elementor-widget-image\" data-id=\"6b95798\" data-element_type=\"widget\" data-e-type=\"widget\" data-widget_type=\"image.default\">\n\t\t\t\t<div class=\"elementor-widget-container\">\n\t\t\t\t\t\t\t\t\t\t\t\t\t\t\t<img loading=\"lazy\" decoding=\"async\" width=\"2560\" height=\"1810\" src=\"https:\/\/www.enertrag.fr\/gommeville\/wp-content\/uploads\/sites\/14\/2023\/04\/ZIP2-scaled.jpeg\" class=\"attachment-full size-full wp-image-739\" alt=\"\" srcset=\"https:\/\/www.enertrag.fr\/gommeville\/wp-content\/uploads\/sites\/14\/2023\/04\/ZIP2-scaled.jpeg 2560w, https:\/\/www.enertrag.fr\/gommeville\/wp-content\/uploads\/sites\/14\/2023\/04\/ZIP2-300x212.jpeg 300w, https:\/\/www.enertrag.fr\/gommeville\/wp-content\/uploads\/sites\/14\/2023\/04\/ZIP2-1024x724.jpeg 1024w, https:\/\/www.enertrag.fr\/gommeville\/wp-content\/uploads\/sites\/14\/2023\/04\/ZIP2-768x543.jpeg 768w, https:\/\/www.enertrag.fr\/gommeville\/wp-content\/uploads\/sites\/14\/2023\/04\/ZIP2-1536x1086.jpeg 1536w, https:\/\/www.enertrag.fr\/gommeville\/wp-content\/uploads\/sites\/14\/2023\/04\/ZIP2-2048x1448.jpeg 2048w\" sizes=\"(max-width: 2560px) 100vw, 2560px\" \/>\t\t\t\t\t\t\t\t\t\t\t\t\t\t\t<\/div>\n\t\t\t\t<\/div>\n\t\t\t\t\t<\/div>\n\t\t<\/div>\n\t\t\t\t\t<\/div>\n\t\t<\/section>\n\t\t\t\t<\/div>\n\t\t","protected":false},"excerpt":{"rendered":"<p>Pr\u00e9sentation g\u00e9n\u00e9rale du projet Des projets photovolta\u00efques sur votre commune Les projets de centrale solaire au sol se situent plus pr\u00e9cis\u00e9ment \u00e0 l\u2019est et \u00e0 l\u2019ouest du bourg de Gomm\u00e9ville, au niveau des lieux-dits \u00ab Les Hautes For\u00eats \u00bb et \u00ab La Prouse \u00bb. Il s\u2019agit de fonciers appartenants \u00e0 la commune de Gomm\u00e9ville. Celui-ci [&hellip;]<\/p>\n","protected":false},"author":1,"featured_media":0,"parent":0,"menu_order":0,"comment_status":"closed","ping_status":"closed","template":"","meta":{"_acf_changed":false,"footnotes":""},"class_list":["post-62","page","type-page","status-publish","hentry"],"acf":[],"yoast_head":"<!-- This site is optimized with the Yoast SEO plugin v27.5 - https:\/\/yoast.com\/product\/yoast-seo-wordpress\/ -->\n<title>Le projet - Gommeville<\/title>\n<meta name=\"robots\" content=\"index, follow, max-snippet:-1, max-image-preview:large, max-video-preview:-1\" \/>\n<link rel=\"canonical\" href=\"https:\/\/www.enertrag.fr\/gommeville\/le-projet\/\" \/>\n<meta property=\"og:locale\" content=\"fr_FR\" \/>\n<meta property=\"og:type\" content=\"article\" \/>\n<meta property=\"og:title\" content=\"Le projet - Gommeville\" \/>\n<meta property=\"og:description\" content=\"Pr\u00e9sentation g\u00e9n\u00e9rale du projet Des projets photovolta\u00efques sur votre commune Les projets de centrale solaire au sol se situent plus pr\u00e9cis\u00e9ment \u00e0 l\u2019est et \u00e0 l\u2019ouest du bourg de Gomm\u00e9ville, au niveau des lieux-dits \u00ab Les Hautes For\u00eats \u00bb et \u00ab La Prouse \u00bb. Il s\u2019agit de fonciers appartenants \u00e0 la commune de Gomm\u00e9ville. Celui-ci [&hellip;]\" \/>\n<meta property=\"og:url\" content=\"https:\/\/www.enertrag.fr\/gommeville\/le-projet\/\" \/>\n<meta property=\"og:site_name\" content=\"Gommeville\" \/>\n<meta property=\"article:modified_time\" content=\"2023-04-19T15:43:02+00:00\" \/>\n<meta property=\"og:image\" content=\"https:\/\/www.enertrag.fr\/gommeville\/wp-content\/uploads\/sites\/14\/2023\/02\/DJI_0271.jpg\" \/>\n<meta name=\"twitter:card\" content=\"summary_large_image\" \/>\n<meta name=\"twitter:label1\" content=\"Dur\u00e9e de lecture estim\u00e9e\" \/>\n\t<meta name=\"twitter:data1\" content=\"3 minutes\" \/>\n<script type=\"application\/ld+json\" class=\"yoast-schema-graph\">{\"@context\":\"https:\\\/\\\/schema.org\",\"@graph\":[{\"@type\":\"WebPage\",\"@id\":\"https:\\\/\\\/www.enertrag.fr\\\/gommeville\\\/le-projet\\\/\",\"url\":\"https:\\\/\\\/www.enertrag.fr\\\/gommeville\\\/le-projet\\\/\",\"name\":\"Le projet - Gommeville\",\"isPartOf\":{\"@id\":\"https:\\\/\\\/www.enertrag.fr\\\/gommeville\\\/#website\"},\"primaryImageOfPage\":{\"@id\":\"https:\\\/\\\/www.enertrag.fr\\\/gommeville\\\/le-projet\\\/#primaryimage\"},\"image\":{\"@id\":\"https:\\\/\\\/www.enertrag.fr\\\/gommeville\\\/le-projet\\\/#primaryimage\"},\"thumbnailUrl\":\"https:\\\/\\\/www.enertrag.fr\\\/gommeville\\\/wp-content\\\/uploads\\\/sites\\\/14\\\/2023\\\/02\\\/DJI_0271.jpg\",\"datePublished\":\"2023-01-12T15:19:42+00:00\",\"dateModified\":\"2023-04-19T15:43:02+00:00\",\"breadcrumb\":{\"@id\":\"https:\\\/\\\/www.enertrag.fr\\\/gommeville\\\/le-projet\\\/#breadcrumb\"},\"inLanguage\":\"fr-FR\",\"potentialAction\":[{\"@type\":\"ReadAction\",\"target\":[\"https:\\\/\\\/www.enertrag.fr\\\/gommeville\\\/le-projet\\\/\"]}]},{\"@type\":\"ImageObject\",\"inLanguage\":\"fr-FR\",\"@id\":\"https:\\\/\\\/www.enertrag.fr\\\/gommeville\\\/le-projet\\\/#primaryimage\",\"url\":\"https:\\\/\\\/www.enertrag.fr\\\/gommeville\\\/wp-content\\\/uploads\\\/sites\\\/14\\\/2023\\\/02\\\/DJI_0271.jpg\",\"contentUrl\":\"https:\\\/\\\/www.enertrag.fr\\\/gommeville\\\/wp-content\\\/uploads\\\/sites\\\/14\\\/2023\\\/02\\\/DJI_0271.jpg\",\"width\":2000,\"height\":1332,\"caption\":\"Fotografien von der Photovoltaik Anlagen auf dem Feld in der Prignitz\"},{\"@type\":\"BreadcrumbList\",\"@id\":\"https:\\\/\\\/www.enertrag.fr\\\/gommeville\\\/le-projet\\\/#breadcrumb\",\"itemListElement\":[{\"@type\":\"ListItem\",\"position\":1,\"name\":\"Accueil\",\"item\":\"https:\\\/\\\/www.enertrag.fr\\\/gommeville\\\/\"},{\"@type\":\"ListItem\",\"position\":2,\"name\":\"Le projet\"}]},{\"@type\":\"WebSite\",\"@id\":\"https:\\\/\\\/www.enertrag.fr\\\/gommeville\\\/#website\",\"url\":\"https:\\\/\\\/www.enertrag.fr\\\/gommeville\\\/\",\"name\":\"Gommeville\",\"description\":\"\",\"publisher\":{\"@id\":\"https:\\\/\\\/www.enertrag.fr\\\/gommeville\\\/#organization\"},\"potentialAction\":[{\"@type\":\"SearchAction\",\"target\":{\"@type\":\"EntryPoint\",\"urlTemplate\":\"https:\\\/\\\/www.enertrag.fr\\\/gommeville\\\/?s={search_term_string}\"},\"query-input\":{\"@type\":\"PropertyValueSpecification\",\"valueRequired\":true,\"valueName\":\"search_term_string\"}}],\"inLanguage\":\"fr-FR\"},{\"@type\":\"Organization\",\"@id\":\"https:\\\/\\\/www.enertrag.fr\\\/gommeville\\\/#organization\",\"name\":\"Gommeville\",\"url\":\"https:\\\/\\\/www.enertrag.fr\\\/gommeville\\\/\",\"logo\":{\"@type\":\"ImageObject\",\"inLanguage\":\"fr-FR\",\"@id\":\"https:\\\/\\\/www.enertrag.fr\\\/gommeville\\\/#\\\/schema\\\/logo\\\/image\\\/\",\"url\":\"https:\\\/\\\/www.enertrag.fr\\\/gommeville\\\/wp-content\\\/uploads\\\/sites\\\/14\\\/2023\\\/01\\\/ENERTRAG_Logo.png\",\"contentUrl\":\"https:\\\/\\\/www.enertrag.fr\\\/gommeville\\\/wp-content\\\/uploads\\\/sites\\\/14\\\/2023\\\/01\\\/ENERTRAG_Logo.png\",\"width\":500,\"height\":161,\"caption\":\"Gommeville\"},\"image\":{\"@id\":\"https:\\\/\\\/www.enertrag.fr\\\/gommeville\\\/#\\\/schema\\\/logo\\\/image\\\/\"}}]}<\/script>\n<!-- \/ Yoast SEO plugin. -->","yoast_head_json":{"title":"Le projet - Gommeville","robots":{"index":"index","follow":"follow","max-snippet":"max-snippet:-1","max-image-preview":"max-image-preview:large","max-video-preview":"max-video-preview:-1"},"canonical":"https:\/\/www.enertrag.fr\/gommeville\/le-projet\/","og_locale":"fr_FR","og_type":"article","og_title":"Le projet - Gommeville","og_description":"Pr\u00e9sentation g\u00e9n\u00e9rale du projet Des projets photovolta\u00efques sur votre commune Les projets de centrale solaire au sol se situent plus pr\u00e9cis\u00e9ment \u00e0 l\u2019est et \u00e0 l\u2019ouest du bourg de Gomm\u00e9ville, au niveau des lieux-dits \u00ab Les Hautes For\u00eats \u00bb et \u00ab La Prouse \u00bb. Il s\u2019agit de fonciers appartenants \u00e0 la commune de Gomm\u00e9ville. Celui-ci [&hellip;]","og_url":"https:\/\/www.enertrag.fr\/gommeville\/le-projet\/","og_site_name":"Gommeville","article_modified_time":"2023-04-19T15:43:02+00:00","og_image":[{"url":"https:\/\/www.enertrag.fr\/gommeville\/wp-content\/uploads\/sites\/14\/2023\/02\/DJI_0271.jpg","type":"","width":"","height":""}],"twitter_card":"summary_large_image","twitter_misc":{"Dur\u00e9e de lecture estim\u00e9e":"3 minutes"},"schema":{"@context":"https:\/\/schema.org","@graph":[{"@type":"WebPage","@id":"https:\/\/www.enertrag.fr\/gommeville\/le-projet\/","url":"https:\/\/www.enertrag.fr\/gommeville\/le-projet\/","name":"Le projet - Gommeville","isPartOf":{"@id":"https:\/\/www.enertrag.fr\/gommeville\/#website"},"primaryImageOfPage":{"@id":"https:\/\/www.enertrag.fr\/gommeville\/le-projet\/#primaryimage"},"image":{"@id":"https:\/\/www.enertrag.fr\/gommeville\/le-projet\/#primaryimage"},"thumbnailUrl":"https:\/\/www.enertrag.fr\/gommeville\/wp-content\/uploads\/sites\/14\/2023\/02\/DJI_0271.jpg","datePublished":"2023-01-12T15:19:42+00:00","dateModified":"2023-04-19T15:43:02+00:00","breadcrumb":{"@id":"https:\/\/www.enertrag.fr\/gommeville\/le-projet\/#breadcrumb"},"inLanguage":"fr-FR","potentialAction":[{"@type":"ReadAction","target":["https:\/\/www.enertrag.fr\/gommeville\/le-projet\/"]}]},{"@type":"ImageObject","inLanguage":"fr-FR","@id":"https:\/\/www.enertrag.fr\/gommeville\/le-projet\/#primaryimage","url":"https:\/\/www.enertrag.fr\/gommeville\/wp-content\/uploads\/sites\/14\/2023\/02\/DJI_0271.jpg","contentUrl":"https:\/\/www.enertrag.fr\/gommeville\/wp-content\/uploads\/sites\/14\/2023\/02\/DJI_0271.jpg","width":2000,"height":1332,"caption":"Fotografien von der Photovoltaik Anlagen auf dem Feld in der Prignitz"},{"@type":"BreadcrumbList","@id":"https:\/\/www.enertrag.fr\/gommeville\/le-projet\/#breadcrumb","itemListElement":[{"@type":"ListItem","position":1,"name":"Accueil","item":"https:\/\/www.enertrag.fr\/gommeville\/"},{"@type":"ListItem","position":2,"name":"Le projet"}]},{"@type":"WebSite","@id":"https:\/\/www.enertrag.fr\/gommeville\/#website","url":"https:\/\/www.enertrag.fr\/gommeville\/","name":"Gommeville","description":"","publisher":{"@id":"https:\/\/www.enertrag.fr\/gommeville\/#organization"},"potentialAction":[{"@type":"SearchAction","target":{"@type":"EntryPoint","urlTemplate":"https:\/\/www.enertrag.fr\/gommeville\/?s={search_term_string}"},"query-input":{"@type":"PropertyValueSpecification","valueRequired":true,"valueName":"search_term_string"}}],"inLanguage":"fr-FR"},{"@type":"Organization","@id":"https:\/\/www.enertrag.fr\/gommeville\/#organization","name":"Gommeville","url":"https:\/\/www.enertrag.fr\/gommeville\/","logo":{"@type":"ImageObject","inLanguage":"fr-FR","@id":"https:\/\/www.enertrag.fr\/gommeville\/#\/schema\/logo\/image\/","url":"https:\/\/www.enertrag.fr\/gommeville\/wp-content\/uploads\/sites\/14\/2023\/01\/ENERTRAG_Logo.png","contentUrl":"https:\/\/www.enertrag.fr\/gommeville\/wp-content\/uploads\/sites\/14\/2023\/01\/ENERTRAG_Logo.png","width":500,"height":161,"caption":"Gommeville"},"image":{"@id":"https:\/\/www.enertrag.fr\/gommeville\/#\/schema\/logo\/image\/"}}]}},"_links":{"self":[{"href":"https:\/\/www.enertrag.fr\/gommeville\/wp-json\/wp\/v2\/pages\/62","targetHints":{"allow":["GET"]}}],"collection":[{"href":"https:\/\/www.enertrag.fr\/gommeville\/wp-json\/wp\/v2\/pages"}],"about":[{"href":"https:\/\/www.enertrag.fr\/gommeville\/wp-json\/wp\/v2\/types\/page"}],"author":[{"embeddable":true,"href":"https:\/\/www.enertrag.fr\/gommeville\/wp-json\/wp\/v2\/users\/1"}],"replies":[{"embeddable":true,"href":"https:\/\/www.enertrag.fr\/gommeville\/wp-json\/wp\/v2\/comments?post=62"}],"version-history":[{"count":0,"href":"https:\/\/www.enertrag.fr\/gommeville\/wp-json\/wp\/v2\/pages\/62\/revisions"}],"wp:attachment":[{"href":"https:\/\/www.enertrag.fr\/gommeville\/wp-json\/wp\/v2\/media?parent=62"}],"curies":[{"name":"wp","href":"https:\/\/api.w.org\/{rel}","templated":true}]}}