{"id":66,"date":"2023-01-12T16:20:22","date_gmt":"2023-01-12T15:20:22","guid":{"rendered":"http:\/\/dev.parcs-eoliens-enertrag.fr\/matrice\/?page_id=66"},"modified":"2025-02-19T15:57:33","modified_gmt":"2025-02-19T14:57:33","slug":"qui-sommes-nous","status":"publish","type":"page","link":"https:\/\/www.enertrag.fr\/chemins-picards\/qui-sommes-nous\/","title":{"rendered":"Qui sommes nous ?"},"content":{"rendered":"\t\t<div data-elementor-type=\"wp-page\" data-elementor-id=\"66\" class=\"elementor elementor-66\" data-elementor-settings=\"{&quot;ha_cmc_init_switcher&quot;:&quot;no&quot;}\" data-elementor-post-type=\"page\">\n\t\t\t\t<div class=\"elementor-element elementor-element-28e712b e-con-full e-flex e-con e-parent\" data-id=\"28e712b\" data-element_type=\"container\" data-e-type=\"container\" data-settings=\"{&quot;background_background&quot;:&quot;classic&quot;,&quot;_ha_eqh_enable&quot;:false}\">\n\t\t<div class=\"elementor-element elementor-element-8e50e80 e-con-full e-flex e-con e-child\" data-id=\"8e50e80\" data-element_type=\"container\" data-e-type=\"container\" data-settings=\"{&quot;animation&quot;:&quot;none&quot;,&quot;_ha_eqh_enable&quot;:false}\">\n\t\t\t\t<div class=\"elementor-element elementor-element-028032f ha-has-bg-overlay elementor-invisible elementor-widget elementor-widget-heading\" data-id=\"028032f\" data-element_type=\"widget\" data-e-type=\"widget\" data-settings=\"{&quot;_animation&quot;:&quot;fadeInUp&quot;}\" data-widget_type=\"heading.default\">\n\t\t\t\t<div class=\"elementor-widget-container\">\n\t\t\t\t\t<h1 class=\"elementor-heading-title elementor-size-default\">Nous fa\u00e7onnons la prochaine \u00e9tape \nde la trannsition \u00e9nerg\u00e9tique.<\/h1>\t\t\t\t<\/div>\n\t\t\t\t<\/div>\n\t\t\t\t<div class=\"elementor-element elementor-element-5399bcb elementor-invisible elementor-widget elementor-widget-heading\" data-id=\"5399bcb\" data-element_type=\"widget\" data-e-type=\"widget\" data-settings=\"{&quot;_animation&quot;:&quot;fadeInUp&quot;}\" data-widget_type=\"heading.default\">\n\t\t\t\t<div class=\"elementor-widget-container\">\n\t\t\t\t\t<h2 class=\"elementor-heading-title elementor-size-default\">Ensemble. Avec passion. Une \u00e9nergie d\u2019avance.<\/h2>\t\t\t\t<\/div>\n\t\t\t\t<\/div>\n\t\t\t\t<\/div>\n\t\t\t\t<\/div>\n\t\t<div class=\"elementor-element elementor-element-a470a5e e-flex e-con-boxed e-con e-parent\" data-id=\"a470a5e\" data-element_type=\"container\" data-e-type=\"container\" data-settings=\"{&quot;background_background&quot;:&quot;classic&quot;,&quot;_ha_eqh_enable&quot;:false}\">\n\t\t\t\t\t<div class=\"e-con-inner\">\n\t\t<div class=\"elementor-element elementor-element-9de876c e-con-full e-flex e-con e-child\" data-id=\"9de876c\" data-element_type=\"container\" data-e-type=\"container\" data-settings=\"{&quot;_ha_eqh_enable&quot;:false}\">\n\t\t\t\t<div class=\"elementor-element elementor-element-3624deb elementor-widget elementor-widget-image\" data-id=\"3624deb\" data-element_type=\"widget\" data-e-type=\"widget\" data-widget_type=\"image.default\">\n\t\t\t\t<div class=\"elementor-widget-container\">\n\t\t\t\t\t\t\t\t\t\t\t\t\t\t\t<img fetchpriority=\"high\" decoding=\"async\" width=\"800\" height=\"450\" src=\"https:\/\/www.enertrag.fr\/chemins-picards\/wp-content\/uploads\/sites\/52\/2023\/01\/DJI_0169-1024x576.jpg\" class=\"attachment-large size-large wp-image-261\" alt=\"\" srcset=\"https:\/\/www.enertrag.fr\/chemins-picards\/wp-content\/uploads\/sites\/52\/2023\/01\/DJI_0169-1024x576.jpg 1024w, https:\/\/www.enertrag.fr\/chemins-picards\/wp-content\/uploads\/sites\/52\/2023\/01\/DJI_0169-300x169.jpg 300w, https:\/\/www.enertrag.fr\/chemins-picards\/wp-content\/uploads\/sites\/52\/2023\/01\/DJI_0169-768x432.jpg 768w, https:\/\/www.enertrag.fr\/chemins-picards\/wp-content\/uploads\/sites\/52\/2023\/01\/DJI_0169-1536x864.jpg 1536w, https:\/\/www.enertrag.fr\/chemins-picards\/wp-content\/uploads\/sites\/52\/2023\/01\/DJI_0169-2048x1152.jpg 2048w\" sizes=\"(max-width: 800px) 100vw, 800px\" \/>\t\t\t\t\t\t\t\t\t\t\t\t\t\t\t<\/div>\n\t\t\t\t<\/div>\n\t\t\t\t<\/div>\n\t\t<div class=\"elementor-element elementor-element-3308194 e-con-full e-flex e-con e-child\" data-id=\"3308194\" data-element_type=\"container\" data-e-type=\"container\" data-settings=\"{&quot;_ha_eqh_enable&quot;:false}\">\n\t\t\t\t<div class=\"elementor-element elementor-element-5d8f031 elementor-widget elementor-widget-heading\" data-id=\"5d8f031\" data-element_type=\"widget\" data-e-type=\"widget\" data-widget_type=\"heading.default\">\n\t\t\t\t<div class=\"elementor-widget-container\">\n\t\t\t\t\t<h2 class=\"elementor-heading-title elementor-size-default\">Notre mission<\/h2>\t\t\t\t<\/div>\n\t\t\t\t<\/div>\n\t\t\t\t<div class=\"elementor-element elementor-element-8c06f9c elementor-widget elementor-widget-text-editor\" data-id=\"8c06f9c\" data-element_type=\"widget\" data-e-type=\"widget\" data-widget_type=\"text-editor.default\">\n\t\t\t\t<div class=\"elementor-widget-container\">\n\t\t\t\t\t\t\t\t\t<p>Nous transformons depuis plus de 25 ans, les d\u00e9fis \u00e9nerg\u00e9tiques de nos campagnes en v\u00e9ritables opportunit\u00e9s de d\u00e9veloppement durable. Gr\u00e2ce \u00e0 nos solutions innovantes de production et de stockage d\u2019\u00e9nergie, nous cr\u00e9ons des retomb\u00e9es \u00e9conomiques, sociales et environnementales qui renforcent la vitalit\u00e9 des collectivit\u00e9s et de leurs habitants, des agriculteurs et des entreprises locales.<\/p><p><em>For more than 25 years, we have been transforming the energy challenges facing the countryside into real opportunities for sustainable development. Thanks to our innovative energy production and storage solutions, we create economic, social and environmental spin-offs that enhance the vitality of communities and their residents, farmers and local businesses.<\/em><\/p>\t\t\t\t\t\t\t\t<\/div>\n\t\t\t\t<\/div>\n\t\t\t\t<\/div>\n\t\t\t\t\t<\/div>\n\t\t\t\t<\/div>\n\t\t<div class=\"elementor-element elementor-element-df90896 e-flex e-con-boxed e-con e-parent\" data-id=\"df90896\" data-element_type=\"container\" data-e-type=\"container\" data-settings=\"{&quot;_ha_eqh_enable&quot;:false}\">\n\t\t\t\t\t<div class=\"e-con-inner\">\n\t\t<div class=\"elementor-element elementor-element-6e0d80e e-con-full e-flex e-con e-child\" data-id=\"6e0d80e\" data-element_type=\"container\" data-e-type=\"container\" data-settings=\"{&quot;background_background&quot;:&quot;classic&quot;,&quot;_ha_eqh_enable&quot;:false}\">\n\t\t\t\t<div class=\"elementor-element elementor-element-9c2602d elementor-widget elementor-widget-image\" data-id=\"9c2602d\" data-element_type=\"widget\" data-e-type=\"widget\" data-widget_type=\"image.default\">\n\t\t\t\t<div class=\"elementor-widget-container\">\n\t\t\t\t\t\t\t\t\t\t\t\t\t\t\t<img decoding=\"async\" width=\"763\" height=\"1024\" src=\"https:\/\/www.enertrag.fr\/chemins-picards\/wp-content\/uploads\/sites\/52\/2025\/02\/gflo-763x1024.jpg\" class=\"attachment-large size-large wp-image-1423\" alt=\"\" srcset=\"https:\/\/www.enertrag.fr\/chemins-picards\/wp-content\/uploads\/sites\/52\/2025\/02\/gflo-763x1024.jpg 763w, https:\/\/www.enertrag.fr\/chemins-picards\/wp-content\/uploads\/sites\/52\/2025\/02\/gflo-224x300.jpg 224w, https:\/\/www.enertrag.fr\/chemins-picards\/wp-content\/uploads\/sites\/52\/2025\/02\/gflo-768x1030.jpg 768w, https:\/\/www.enertrag.fr\/chemins-picards\/wp-content\/uploads\/sites\/52\/2025\/02\/gflo-1145x1536.jpg 1145w, https:\/\/www.enertrag.fr\/chemins-picards\/wp-content\/uploads\/sites\/52\/2025\/02\/gflo-1527x2048.jpg 1527w, https:\/\/www.enertrag.fr\/chemins-picards\/wp-content\/uploads\/sites\/52\/2025\/02\/gflo.jpg 1632w\" sizes=\"(max-width: 763px) 100vw, 763px\" \/>\t\t\t\t\t\t\t\t\t\t\t\t\t\t\t<\/div>\n\t\t\t\t<\/div>\n\t\t\t\t<\/div>\n\t\t<div class=\"elementor-element elementor-element-7c7fa9d e-con-full e-flex e-con e-child\" data-id=\"7c7fa9d\" data-element_type=\"container\" data-e-type=\"container\" data-settings=\"{&quot;background_background&quot;:&quot;gradient&quot;,&quot;_ha_eqh_enable&quot;:false}\">\n\t\t\t\t<div class=\"elementor-element elementor-element-528d926 elementor-widget elementor-widget-heading\" data-id=\"528d926\" data-element_type=\"widget\" data-e-type=\"widget\" data-widget_type=\"heading.default\">\n\t\t\t\t<div class=\"elementor-widget-container\">\n\t\t\t\t\t<h4 class=\"elementor-heading-title elementor-size-default\">Nous fa\u00e7onnons la prochaine \u00e9tape de la trannsition \u00e9nerg\u00e9tique.<\/h4>\t\t\t\t<\/div>\n\t\t\t\t<\/div>\n\t\t\t\t<div class=\"elementor-element elementor-element-a24b57c elementor-widget elementor-widget-text-editor\" data-id=\"a24b57c\" data-element_type=\"widget\" data-e-type=\"widget\" data-widget_type=\"text-editor.default\">\n\t\t\t\t<div class=\"elementor-widget-container\">\n\t\t\t\t\t\t\t\t\t<p>Florian BOLER<br \/>Chef de projets \u00e9oliens<\/p><p>florian.bolter@enertrag.com<\/p>\t\t\t\t\t\t\t\t<\/div>\n\t\t\t\t<\/div>\n\t\t\t\t<\/div>\n\t\t\t\t\t<\/div>\n\t\t\t\t<\/div>\n\t\t<div class=\"elementor-element elementor-element-3625bd9 e-flex e-con-boxed e-con e-parent\" data-id=\"3625bd9\" data-element_type=\"container\" data-e-type=\"container\" data-settings=\"{&quot;background_background&quot;:&quot;classic&quot;,&quot;_ha_eqh_enable&quot;:false}\">\n\t\t\t\t\t<div class=\"e-con-inner\">\n\t\t\t\t<div class=\"elementor-element elementor-element-fb0b8e2 elementor-widget__width-initial elementor-widget elementor-widget-text-editor\" data-id=\"fb0b8e2\" data-element_type=\"widget\" data-e-type=\"widget\" data-widget_type=\"text-editor.default\">\n\t\t\t\t<div class=\"elementor-widget-container\">\n\t\t\t\t\t\t\t\t\t<p>\u201c ENERTRAG s\u2019engage \u00e0 associer les collectivit\u00e9s locales d\u00e8s le d\u00e9but du projet \u00e9olien. Ce dialogue est mis en place dans le but de prendre en compte les contraintes et les souhaits de la collectivit\u00e9 et de la population et de garantir une communication autour du projet.\u201d<\/p>\t\t\t\t\t\t\t\t<\/div>\n\t\t\t\t<\/div>\n\t\t<div class=\"elementor-element elementor-element-14567c4 e-con-full e-flex e-con e-child\" data-id=\"14567c4\" data-element_type=\"container\" data-e-type=\"container\" data-settings=\"{&quot;_ha_eqh_enable&quot;:false}\">\n\t\t<div class=\"elementor-element elementor-element-3e2172f e-con-full e-flex e-con e-child\" data-id=\"3e2172f\" data-element_type=\"container\" data-e-type=\"container\" data-settings=\"{&quot;_ha_eqh_enable&quot;:false}\">\n\t\t\t\t<div class=\"elementor-element elementor-element-2601ab8 elementor-widget elementor-widget-heading\" data-id=\"2601ab8\" data-element_type=\"widget\" data-e-type=\"widget\" data-widget_type=\"heading.default\">\n\t\t\t\t<div class=\"elementor-widget-container\">\n\t\t\t\t\t<h2 class=\"elementor-heading-title elementor-size-default\">ENERTRAG vous garantit<\/h2>\t\t\t\t<\/div>\n\t\t\t\t<\/div>\n\t\t\t\t<div class=\"elementor-element elementor-element-3c14562 elementor-widget elementor-widget-text-editor\" data-id=\"3c14562\" data-element_type=\"widget\" data-e-type=\"widget\" data-widget_type=\"text-editor.default\">\n\t\t\t\t<div class=\"elementor-widget-container\">\n\t\t\t\t\t\t\t\t\t<p><ul><li><span style=\"font-family: var( --e-global-typography-text-font-family ), Sans-serif; text-align: var(--text-align);\">Une \u00e9tude approfondie de faisabilit\u00e9<\/span><br><\/li><li><span style=\"font-family: var( --e-global-typography-text-font-family ), Sans-serif; text-align: var(--text-align);\">Un accompagnement personnalis\u00e9\u2026<\/span><br><\/li><li><span style=\"font-family: var( --e-global-typography-text-font-family ), Sans-serif; text-align: var(--text-align);\">Des retomb\u00e9es \u00e9conomiques significatives<\/span><br><\/li><li><span style=\"font-family: var( --e-global-typography-text-font-family ), Sans-serif; text-align: var(--text-align);\">Un engagement ferme \u00e0 respecter les normes environnementales<\/span><br><\/li><li><span style=\"font-family: var( --e-global-typography-text-font-family ), Sans-serif; text-align: var(--text-align);\">La garantie d\u2019une contribution \u00e0 la transition \u00e9nerg\u00e9tique<\/span><br><\/li><li><span style=\"font-family: var( --e-global-typography-text-font-family ), Sans-serif; text-align: var(--text-align);\">Une analyse transparente des avantages et inconv\u00e9nients du projet<\/span><br><\/li><li><span style=\"font-family: var( --e-global-typography-text-font-family ), Sans-serif; text-align: var(--text-align);\">La possibilit\u00e9 d\u2019int\u00e9grer le projet<\/span><br><\/li><\/ul><\/p>\t\t\t\t\t\t\t\t<\/div>\n\t\t\t\t<\/div>\n\t\t\t\t<\/div>\n\t\t<div class=\"elementor-element elementor-element-e4842c0 e-con-full e-flex e-con e-child\" data-id=\"e4842c0\" data-element_type=\"container\" data-e-type=\"container\" data-settings=\"{&quot;_ha_eqh_enable&quot;:false}\">\n\t\t\t\t<div class=\"elementor-element elementor-element-147c9ef elementor-widget elementor-widget-image\" data-id=\"147c9ef\" data-element_type=\"widget\" data-e-type=\"widget\" data-widget_type=\"image.default\">\n\t\t\t\t<div class=\"elementor-widget-container\">\n\t\t\t\t\t\t\t\t\t\t\t\t\t\t\t<img decoding=\"async\" width=\"584\" height=\"417\" src=\"https:\/\/www.enertrag.fr\/chemins-picards\/wp-content\/uploads\/sites\/52\/2024\/06\/public.jpg\" class=\"attachment-large size-large wp-image-907\" alt=\"\" srcset=\"https:\/\/www.enertrag.fr\/chemins-picards\/wp-content\/uploads\/sites\/52\/2024\/06\/public.jpg 584w, https:\/\/www.enertrag.fr\/chemins-picards\/wp-content\/uploads\/sites\/52\/2024\/06\/public-300x214.jpg 300w\" sizes=\"(max-width: 584px) 100vw, 584px\" \/>\t\t\t\t\t\t\t\t\t\t\t\t\t\t\t<\/div>\n\t\t\t\t<\/div>\n\t\t\t\t<\/div>\n\t\t\t\t<\/div>\n\t\t\t\t\t<\/div>\n\t\t\t\t<\/div>\n\t\t<div class=\"elementor-element elementor-element-9dac304 e-flex e-con-boxed e-con e-parent\" data-id=\"9dac304\" data-element_type=\"container\" data-e-type=\"container\" data-settings=\"{&quot;background_background&quot;:&quot;classic&quot;,&quot;_ha_eqh_enable&quot;:false}\">\n\t\t\t\t\t<div class=\"e-con-inner\">\n\t\t<div class=\"elementor-element elementor-element-b2f316c e-con-full e-flex e-con e-child\" data-id=\"b2f316c\" data-element_type=\"container\" data-e-type=\"container\" data-settings=\"{&quot;background_background&quot;:&quot;classic&quot;,&quot;_ha_eqh_enable&quot;:false}\">\n\t\t\t\t<div class=\"elementor-element elementor-element-dfe89a0 elementor-widget elementor-widget-heading\" data-id=\"dfe89a0\" data-element_type=\"widget\" data-e-type=\"widget\" data-widget_type=\"heading.default\">\n\t\t\t\t<div class=\"elementor-widget-container\">\n\t\t\t\t\t<h2 class=\"elementor-heading-title elementor-size-default\">Nous recrutons des profils vari\u00e9s toute l\u2019ann\u00e9e.\nRejoignez-nous !<\/h2>\t\t\t\t<\/div>\n\t\t\t\t<\/div>\n\t\t\t\t<div class=\"elementor-element elementor-element-358d683 elementor-align-left btn_blanc elementor-tablet-align-center elementor-widget elementor-widget-button\" data-id=\"358d683\" data-element_type=\"widget\" data-e-type=\"widget\" data-widget_type=\"button.default\">\n\t\t\t\t<div class=\"elementor-widget-container\">\n\t\t\t\t\t\t\t\t\t<div class=\"elementor-button-wrapper\">\n\t\t\t\t\t<a class=\"elementor-button elementor-button-link elementor-size-sm\" href=\"https:\/\/enertrag.com\/fr\/carriere\">\n\t\t\t\t\t\t<span class=\"elementor-button-content-wrapper\">\n\t\t\t\t\t\t<span class=\"elementor-button-icon\">\n\t\t\t\t<i aria-hidden=\"true\" class=\"hm hm-arrow-right\"><\/i>\t\t\t<\/span>\n\t\t\t\t\t\t\t\t\t<span class=\"elementor-button-text\">Voir nos offres<\/span>\n\t\t\t\t\t<\/span>\n\t\t\t\t\t<\/a>\n\t\t\t\t<\/div>\n\t\t\t\t\t\t\t\t<\/div>\n\t\t\t\t<\/div>\n\t\t\t\t<\/div>\n\t\t\t\t\t<\/div>\n\t\t\t\t<\/div>\n\t\t\t\t<\/div>\n\t\t","protected":false},"excerpt":{"rendered":"<p>Nous fa\u00e7onnons la prochaine \u00e9tape de la trannsition \u00e9nerg\u00e9tique. Ensemble. Avec passion. Une \u00e9nergie d\u2019avance. Notre mission Nous transformons depuis plus de 25 ans, les d\u00e9fis \u00e9nerg\u00e9tiques de nos campagnes en v\u00e9ritables opportunit\u00e9s de d\u00e9veloppement durable. Gr\u00e2ce \u00e0 nos solutions innovantes de production et de stockage d\u2019\u00e9nergie, nous cr\u00e9ons des retomb\u00e9es \u00e9conomiques, sociales et environnementales [&hellip;]<\/p>\n","protected":false},"author":1,"featured_media":0,"parent":0,"menu_order":0,"comment_status":"closed","ping_status":"closed","template":"","meta":{"_acf_changed":false,"footnotes":""},"class_list":["post-66","page","type-page","status-publish","hentry"],"acf":[],"yoast_head":"<!-- This site is optimized with the Yoast SEO plugin v27.5 - https:\/\/yoast.com\/product\/yoast-seo-wordpress\/ -->\n<title>Qui sommes nous ? - Projet \u00e9olien des Chemins Picards<\/title>\n<meta name=\"robots\" content=\"index, follow, max-snippet:-1, max-image-preview:large, max-video-preview:-1\" \/>\n<link rel=\"canonical\" href=\"https:\/\/www.enertrag.fr\/chemins-picards\/qui-sommes-nous\/\" \/>\n<meta property=\"og:locale\" content=\"fr_FR\" \/>\n<meta property=\"og:type\" content=\"article\" \/>\n<meta property=\"og:title\" content=\"Qui sommes nous ? - Projet \u00e9olien des Chemins Picards\" \/>\n<meta property=\"og:description\" content=\"Nous fa\u00e7onnons la prochaine \u00e9tape de la trannsition \u00e9nerg\u00e9tique. Ensemble. Avec passion. Une \u00e9nergie d\u2019avance. Notre mission Nous transformons depuis plus de 25 ans, les d\u00e9fis \u00e9nerg\u00e9tiques de nos campagnes en v\u00e9ritables opportunit\u00e9s de d\u00e9veloppement durable. Gr\u00e2ce \u00e0 nos solutions innovantes de production et de stockage d\u2019\u00e9nergie, nous cr\u00e9ons des retomb\u00e9es \u00e9conomiques, sociales et environnementales [&hellip;]\" \/>\n<meta property=\"og:url\" content=\"https:\/\/www.enertrag.fr\/chemins-picards\/qui-sommes-nous\/\" \/>\n<meta property=\"og:site_name\" content=\"Projet \u00e9olien des Chemins Picards\" \/>\n<meta property=\"article:modified_time\" content=\"2025-02-19T14:57:33+00:00\" \/>\n<meta property=\"og:image\" content=\"https:\/\/www.enertrag.fr\/chemins-picards\/wp-content\/uploads\/sites\/52\/2023\/01\/DJI_0169-1024x576.jpg\" \/>\n<meta name=\"twitter:card\" content=\"summary_large_image\" \/>\n<meta name=\"twitter:label1\" content=\"Dur\u00e9e de lecture estim\u00e9e\" \/>\n\t<meta name=\"twitter:data1\" content=\"2 minutes\" \/>\n<script type=\"application\/ld+json\" class=\"yoast-schema-graph\">{\"@context\":\"https:\\\/\\\/schema.org\",\"@graph\":[{\"@type\":\"WebPage\",\"@id\":\"https:\\\/\\\/www.enertrag.fr\\\/chemins-picards\\\/qui-sommes-nous\\\/\",\"url\":\"https:\\\/\\\/www.enertrag.fr\\\/chemins-picards\\\/qui-sommes-nous\\\/\",\"name\":\"Qui sommes nous ? - Projet \u00e9olien des Chemins Picards\",\"isPartOf\":{\"@id\":\"https:\\\/\\\/www.enertrag.fr\\\/chemins-picards\\\/#website\"},\"primaryImageOfPage\":{\"@id\":\"https:\\\/\\\/www.enertrag.fr\\\/chemins-picards\\\/qui-sommes-nous\\\/#primaryimage\"},\"image\":{\"@id\":\"https:\\\/\\\/www.enertrag.fr\\\/chemins-picards\\\/qui-sommes-nous\\\/#primaryimage\"},\"thumbnailUrl\":\"https:\\\/\\\/www.enertrag.fr\\\/chemins-picards\\\/wp-content\\\/uploads\\\/sites\\\/52\\\/2023\\\/01\\\/DJI_0169-1024x576.jpg\",\"datePublished\":\"2023-01-12T15:20:22+00:00\",\"dateModified\":\"2025-02-19T14:57:33+00:00\",\"breadcrumb\":{\"@id\":\"https:\\\/\\\/www.enertrag.fr\\\/chemins-picards\\\/qui-sommes-nous\\\/#breadcrumb\"},\"inLanguage\":\"fr-FR\",\"potentialAction\":[{\"@type\":\"ReadAction\",\"target\":[\"https:\\\/\\\/www.enertrag.fr\\\/chemins-picards\\\/qui-sommes-nous\\\/\"]}]},{\"@type\":\"ImageObject\",\"inLanguage\":\"fr-FR\",\"@id\":\"https:\\\/\\\/www.enertrag.fr\\\/chemins-picards\\\/qui-sommes-nous\\\/#primaryimage\",\"url\":\"https:\\\/\\\/www.enertrag.fr\\\/chemins-picards\\\/wp-content\\\/uploads\\\/sites\\\/52\\\/2023\\\/01\\\/DJI_0169.jpg\",\"contentUrl\":\"https:\\\/\\\/www.enertrag.fr\\\/chemins-picards\\\/wp-content\\\/uploads\\\/sites\\\/52\\\/2023\\\/01\\\/DJI_0169.jpg\",\"width\":2500,\"height\":1406},{\"@type\":\"BreadcrumbList\",\"@id\":\"https:\\\/\\\/www.enertrag.fr\\\/chemins-picards\\\/qui-sommes-nous\\\/#breadcrumb\",\"itemListElement\":[{\"@type\":\"ListItem\",\"position\":1,\"name\":\"Accueil\",\"item\":\"https:\\\/\\\/www.enertrag.fr\\\/chemins-picards\\\/\"},{\"@type\":\"ListItem\",\"position\":2,\"name\":\"Qui sommes nous ?\"}]},{\"@type\":\"WebSite\",\"@id\":\"https:\\\/\\\/www.enertrag.fr\\\/chemins-picards\\\/#website\",\"url\":\"https:\\\/\\\/www.enertrag.fr\\\/chemins-picards\\\/\",\"name\":\"Projet \u00e9olien des Chemins Picards\",\"description\":\"\",\"publisher\":{\"@id\":\"https:\\\/\\\/www.enertrag.fr\\\/chemins-picards\\\/#organization\"},\"potentialAction\":[{\"@type\":\"SearchAction\",\"target\":{\"@type\":\"EntryPoint\",\"urlTemplate\":\"https:\\\/\\\/www.enertrag.fr\\\/chemins-picards\\\/?s={search_term_string}\"},\"query-input\":{\"@type\":\"PropertyValueSpecification\",\"valueRequired\":true,\"valueName\":\"search_term_string\"}}],\"inLanguage\":\"fr-FR\"},{\"@type\":\"Organization\",\"@id\":\"https:\\\/\\\/www.enertrag.fr\\\/chemins-picards\\\/#organization\",\"name\":\"Projet \u00e9olien des Chemins Picards\",\"url\":\"https:\\\/\\\/www.enertrag.fr\\\/chemins-picards\\\/\",\"logo\":{\"@type\":\"ImageObject\",\"inLanguage\":\"fr-FR\",\"@id\":\"https:\\\/\\\/www.enertrag.fr\\\/chemins-picards\\\/#\\\/schema\\\/logo\\\/image\\\/\",\"url\":\"https:\\\/\\\/www.enertrag.fr\\\/chemins-picards\\\/wp-content\\\/uploads\\\/sites\\\/52\\\/2024\\\/06\\\/logo_enertrag_blanc@4x.png\",\"contentUrl\":\"https:\\\/\\\/www.enertrag.fr\\\/chemins-picards\\\/wp-content\\\/uploads\\\/sites\\\/52\\\/2024\\\/06\\\/logo_enertrag_blanc@4x.png\",\"width\":3065,\"height\":801,\"caption\":\"Projet \u00e9olien des Chemins Picards\"},\"image\":{\"@id\":\"https:\\\/\\\/www.enertrag.fr\\\/chemins-picards\\\/#\\\/schema\\\/logo\\\/image\\\/\"}}]}<\/script>\n<!-- \/ Yoast SEO plugin. -->","yoast_head_json":{"title":"Qui sommes nous ? - Projet \u00e9olien des Chemins Picards","robots":{"index":"index","follow":"follow","max-snippet":"max-snippet:-1","max-image-preview":"max-image-preview:large","max-video-preview":"max-video-preview:-1"},"canonical":"https:\/\/www.enertrag.fr\/chemins-picards\/qui-sommes-nous\/","og_locale":"fr_FR","og_type":"article","og_title":"Qui sommes nous ? - Projet \u00e9olien des Chemins Picards","og_description":"Nous fa\u00e7onnons la prochaine \u00e9tape de la trannsition \u00e9nerg\u00e9tique. Ensemble. Avec passion. Une \u00e9nergie d\u2019avance. Notre mission Nous transformons depuis plus de 25 ans, les d\u00e9fis \u00e9nerg\u00e9tiques de nos campagnes en v\u00e9ritables opportunit\u00e9s de d\u00e9veloppement durable. Gr\u00e2ce \u00e0 nos solutions innovantes de production et de stockage d\u2019\u00e9nergie, nous cr\u00e9ons des retomb\u00e9es \u00e9conomiques, sociales et environnementales [&hellip;]","og_url":"https:\/\/www.enertrag.fr\/chemins-picards\/qui-sommes-nous\/","og_site_name":"Projet \u00e9olien des Chemins Picards","article_modified_time":"2025-02-19T14:57:33+00:00","og_image":[{"url":"https:\/\/www.enertrag.fr\/chemins-picards\/wp-content\/uploads\/sites\/52\/2023\/01\/DJI_0169-1024x576.jpg","type":"","width":"","height":""}],"twitter_card":"summary_large_image","twitter_misc":{"Dur\u00e9e de lecture estim\u00e9e":"2 minutes"},"schema":{"@context":"https:\/\/schema.org","@graph":[{"@type":"WebPage","@id":"https:\/\/www.enertrag.fr\/chemins-picards\/qui-sommes-nous\/","url":"https:\/\/www.enertrag.fr\/chemins-picards\/qui-sommes-nous\/","name":"Qui sommes nous ? - Projet \u00e9olien des Chemins Picards","isPartOf":{"@id":"https:\/\/www.enertrag.fr\/chemins-picards\/#website"},"primaryImageOfPage":{"@id":"https:\/\/www.enertrag.fr\/chemins-picards\/qui-sommes-nous\/#primaryimage"},"image":{"@id":"https:\/\/www.enertrag.fr\/chemins-picards\/qui-sommes-nous\/#primaryimage"},"thumbnailUrl":"https:\/\/www.enertrag.fr\/chemins-picards\/wp-content\/uploads\/sites\/52\/2023\/01\/DJI_0169-1024x576.jpg","datePublished":"2023-01-12T15:20:22+00:00","dateModified":"2025-02-19T14:57:33+00:00","breadcrumb":{"@id":"https:\/\/www.enertrag.fr\/chemins-picards\/qui-sommes-nous\/#breadcrumb"},"inLanguage":"fr-FR","potentialAction":[{"@type":"ReadAction","target":["https:\/\/www.enertrag.fr\/chemins-picards\/qui-sommes-nous\/"]}]},{"@type":"ImageObject","inLanguage":"fr-FR","@id":"https:\/\/www.enertrag.fr\/chemins-picards\/qui-sommes-nous\/#primaryimage","url":"https:\/\/www.enertrag.fr\/chemins-picards\/wp-content\/uploads\/sites\/52\/2023\/01\/DJI_0169.jpg","contentUrl":"https:\/\/www.enertrag.fr\/chemins-picards\/wp-content\/uploads\/sites\/52\/2023\/01\/DJI_0169.jpg","width":2500,"height":1406},{"@type":"BreadcrumbList","@id":"https:\/\/www.enertrag.fr\/chemins-picards\/qui-sommes-nous\/#breadcrumb","itemListElement":[{"@type":"ListItem","position":1,"name":"Accueil","item":"https:\/\/www.enertrag.fr\/chemins-picards\/"},{"@type":"ListItem","position":2,"name":"Qui sommes nous ?"}]},{"@type":"WebSite","@id":"https:\/\/www.enertrag.fr\/chemins-picards\/#website","url":"https:\/\/www.enertrag.fr\/chemins-picards\/","name":"Projet \u00e9olien des Chemins Picards","description":"","publisher":{"@id":"https:\/\/www.enertrag.fr\/chemins-picards\/#organization"},"potentialAction":[{"@type":"SearchAction","target":{"@type":"EntryPoint","urlTemplate":"https:\/\/www.enertrag.fr\/chemins-picards\/?s={search_term_string}"},"query-input":{"@type":"PropertyValueSpecification","valueRequired":true,"valueName":"search_term_string"}}],"inLanguage":"fr-FR"},{"@type":"Organization","@id":"https:\/\/www.enertrag.fr\/chemins-picards\/#organization","name":"Projet \u00e9olien des Chemins Picards","url":"https:\/\/www.enertrag.fr\/chemins-picards\/","logo":{"@type":"ImageObject","inLanguage":"fr-FR","@id":"https:\/\/www.enertrag.fr\/chemins-picards\/#\/schema\/logo\/image\/","url":"https:\/\/www.enertrag.fr\/chemins-picards\/wp-content\/uploads\/sites\/52\/2024\/06\/logo_enertrag_blanc@4x.png","contentUrl":"https:\/\/www.enertrag.fr\/chemins-picards\/wp-content\/uploads\/sites\/52\/2024\/06\/logo_enertrag_blanc@4x.png","width":3065,"height":801,"caption":"Projet \u00e9olien des Chemins Picards"},"image":{"@id":"https:\/\/www.enertrag.fr\/chemins-picards\/#\/schema\/logo\/image\/"}}]}},"_links":{"self":[{"href":"https:\/\/www.enertrag.fr\/chemins-picards\/wp-json\/wp\/v2\/pages\/66","targetHints":{"allow":["GET"]}}],"collection":[{"href":"https:\/\/www.enertrag.fr\/chemins-picards\/wp-json\/wp\/v2\/pages"}],"about":[{"href":"https:\/\/www.enertrag.fr\/chemins-picards\/wp-json\/wp\/v2\/types\/page"}],"author":[{"embeddable":true,"href":"https:\/\/www.enertrag.fr\/chemins-picards\/wp-json\/wp\/v2\/users\/1"}],"replies":[{"embeddable":true,"href":"https:\/\/www.enertrag.fr\/chemins-picards\/wp-json\/wp\/v2\/comments?post=66"}],"version-history":[{"count":0,"href":"https:\/\/www.enertrag.fr\/chemins-picards\/wp-json\/wp\/v2\/pages\/66\/revisions"}],"wp:attachment":[{"href":"https:\/\/www.enertrag.fr\/chemins-picards\/wp-json\/wp\/v2\/media?parent=66"}],"curies":[{"name":"wp","href":"https:\/\/api.w.org\/{rel}","templated":true}]}}