{"id":64,"date":"2023-01-12T16:19:59","date_gmt":"2023-01-12T15:19:59","guid":{"rendered":"http:\/\/dev.parcs-eoliens-enertrag.fr\/matrice\/?page_id=64"},"modified":"2025-02-19T16:03:57","modified_gmt":"2025-02-19T15:03:57","slug":"la-concertation","status":"publish","type":"page","link":"https:\/\/www.enertrag.fr\/chemins-picards\/la-concertation\/","title":{"rendered":"La concertation"},"content":{"rendered":"\t\t<div data-elementor-type=\"wp-page\" data-elementor-id=\"64\" class=\"elementor elementor-64\" data-elementor-settings=\"{&quot;ha_cmc_init_switcher&quot;:&quot;no&quot;}\" data-elementor-post-type=\"page\">\n\t\t\t\t\t\t<section class=\"elementor-section elementor-top-section elementor-element elementor-element-7ab1944 elementor-section-full_width elementor-section-height-min-height elementor-section-height-default elementor-section-items-middle\" data-id=\"7ab1944\" data-element_type=\"section\" data-e-type=\"section\" data-settings=\"{&quot;background_background&quot;:&quot;classic&quot;,&quot;_ha_eqh_enable&quot;:false}\">\n\t\t\t\t\t\t<div class=\"elementor-container elementor-column-gap-default\">\n\t\t\t\t\t<div class=\"elementor-column elementor-col-100 elementor-top-column elementor-element elementor-element-1fd3e68\" data-id=\"1fd3e68\" data-element_type=\"column\" data-e-type=\"column\">\n\t\t\t<div class=\"elementor-widget-wrap\">\n\t\t\t\t\t\t\t<\/div>\n\t\t<\/div>\n\t\t\t\t\t<\/div>\n\t\t<\/section>\n\t\t<div class=\"elementor-element elementor-element-e5c96a4 e-con-full e-flex e-con e-parent\" data-id=\"e5c96a4\" data-element_type=\"container\" data-e-type=\"container\" data-settings=\"{&quot;background_background&quot;:&quot;classic&quot;,&quot;_ha_eqh_enable&quot;:false}\">\n\t\t<div class=\"elementor-element elementor-element-d5724f7 e-flex e-con-boxed e-con e-child\" data-id=\"d5724f7\" data-element_type=\"container\" data-e-type=\"container\" data-settings=\"{&quot;_ha_eqh_enable&quot;:false}\">\n\t\t\t\t\t<div class=\"e-con-inner\">\n\t\t\t\t<div class=\"elementor-element elementor-element-b5ef17e elementor-widget elementor-widget-heading\" data-id=\"b5ef17e\" data-element_type=\"widget\" data-e-type=\"widget\" data-widget_type=\"heading.default\">\n\t\t\t\t<div class=\"elementor-widget-container\">\n\t\t\t\t\t<h1 class=\"elementor-heading-title elementor-size-default\">La d\u00e9marche de concertation<\/h1>\t\t\t\t<\/div>\n\t\t\t\t<\/div>\n\t\t\t\t<div class=\"elementor-element elementor-element-53350a9 elementor-widget elementor-widget-text-editor\" data-id=\"53350a9\" data-element_type=\"widget\" data-e-type=\"widget\" data-widget_type=\"text-editor.default\">\n\t\t\t\t<div class=\"elementor-widget-container\">\n\t\t\t\t\t\t\t\t\t<section class=\"elementor-section elementor-top-section elementor-element elementor-element-bf4c09f elementor-section-boxed elementor-section-height-default elementor-section-height-default\" data-id=\"bf4c09f\" data-element_type=\"section\" data-settings=\"{&quot;_ha_eqh_enable&quot;:false}\"><div class=\"elementor-container elementor-column-gap-default\"><div class=\"elementor-column elementor-col-100 elementor-top-column elementor-element elementor-element-571863d\" data-id=\"571863d\" data-element_type=\"column\"><div class=\"elementor-widget-wrap elementor-element-populated\"><div class=\"elementor-element elementor-element-aaf6fd5 elementor-widget elementor-widget-text-editor\" data-id=\"aaf6fd5\" data-element_type=\"widget\" data-widget_type=\"text-editor.default\"><div class=\"elementor-widget-container\"><section class=\"elementor-section elementor-top-section elementor-element elementor-element-bf4c09f elementor-section-boxed elementor-section-height-default elementor-section-height-default\" data-id=\"bf4c09f\" data-element_type=\"section\" data-settings=\"{&quot;_ha_eqh_enable&quot;:false}\"><div class=\"elementor-container elementor-column-gap-default\"><div class=\"elementor-column elementor-col-100 elementor-top-column elementor-element elementor-element-571863d\" data-id=\"571863d\" data-element_type=\"column\"><div class=\"elementor-widget-wrap elementor-element-populated\"><div class=\"elementor-element elementor-element-aaf6fd5 elementor-widget elementor-widget-text-editor\" data-id=\"aaf6fd5\" data-element_type=\"widget\" data-widget_type=\"text-editor.default\"><div class=\"elementor-widget-container\"><h1>Conscient que chaque projet \u00e9olien suscite des questions et des attentes sp\u00e9cifiques, nous avons mis en place une d\u00e9marche de concertation ouverte et \u00e9volutive. L\u2019objectif : informer, \u00e9couter et \u00e9changer avec les habitants et les \u00e9lus pour construire un projet en lien avec le territoire.<\/h1><\/div><\/div><\/div><\/div><\/div><\/section><section class=\"elementor-section elementor-top-section elementor-element elementor-element-0eb0d21 elementor-section-boxed elementor-section-height-default elementor-section-height-default\" data-id=\"0eb0d21\" data-element_type=\"section\" data-settings=\"{&quot;_ha_eqh_enable&quot;:false}\"><div class=\"elementor-container elementor-column-gap-default\"><div class=\"elementor-column elementor-col-100 elementor-top-column elementor-element elementor-element-481d6f9\" data-id=\"481d6f9\" data-element_type=\"column\"><div class=\"elementor-widget-wrap elementor-element-populated\"><div class=\"elementor-element elementor-element-e727a7f elementor-widget elementor-widget-menu-anchor\" data-id=\"e727a7f\" data-element_type=\"widget\" data-widget_type=\"menu-anchor.default\"><div class=\"elementor-widget-container\"><div id=\"rdv\" class=\"elementor-menu-anchor\">\u00a0<\/div><\/div><\/div><div class=\"elementor-element elementor-element-23d54e6 elementor-widget elementor-widget-image\" data-id=\"23d54e6\" data-element_type=\"widget\" data-widget_type=\"image.default\">\u00a0<\/div><\/div><\/div><\/div><\/section><\/div><\/div><\/div><\/div><\/div><\/section>\t\t\t\t\t\t\t\t<\/div>\n\t\t\t\t<\/div>\n\t\t\t\t\t<\/div>\n\t\t\t\t<\/div>\n\t\t\t\t<\/div>\n\t\t<div class=\"elementor-element elementor-element-cb2c214 e-flex e-con-boxed e-con e-parent\" data-id=\"cb2c214\" data-element_type=\"container\" data-e-type=\"container\" data-settings=\"{&quot;background_background&quot;:&quot;classic&quot;,&quot;_ha_eqh_enable&quot;:false}\">\n\t\t\t\t\t<div class=\"e-con-inner\">\n\t\t<div class=\"elementor-element elementor-element-a55d331 e-con-full e-flex e-con e-child\" data-id=\"a55d331\" data-element_type=\"container\" data-e-type=\"container\" data-settings=\"{&quot;_ha_eqh_enable&quot;:false}\">\n\t\t\t\t<div class=\"elementor-element elementor-element-500271c elementor-widget elementor-widget-heading\" data-id=\"500271c\" data-element_type=\"widget\" data-e-type=\"widget\" data-widget_type=\"heading.default\">\n\t\t\t\t<div class=\"elementor-widget-container\">\n\t\t\t\t\t<h2 class=\"elementor-heading-title elementor-size-default\">Un projet construit dans le dialogue<\/h2>\t\t\t\t<\/div>\n\t\t\t\t<\/div>\n\t\t\t\t<div class=\"elementor-element elementor-element-7010ae7 elementor-widget elementor-widget-text-editor\" data-id=\"7010ae7\" data-element_type=\"widget\" data-e-type=\"widget\" data-widget_type=\"text-editor.default\">\n\t\t\t\t<div class=\"elementor-widget-container\">\n\t\t\t\t\t\t\t\t\t<p>Cette concertation s\u2019articule autour de plusieurs actions concr\u00e8tes :<\/p><ol><li><strong>Des rencontres et \u00e9changes sur le terrain<\/strong><\/li><\/ol><ul><li><strong>R\u00e9unions avec les \u00e9lus de Saint-Cl\u00e9ment et Cuiry-l\u00e8s-Iviers<\/strong> d\u00e8s 2019 pour pr\u00e9senter le projet et discuter de sa faisabilit\u00e9.<\/li><li><strong>R\u00e9union de lancement avec les \u00e9lus <\/strong>pour officialiser le d\u00e9but des \u00e9tudes et \u00e9changer avec les \u00e9lus locaux.<\/li><li><strong>Porte-\u00e0-porte (29 et 30 octobre 2024)<\/strong> pour rencontrer directement les habitants de <strong>Saint-Cl\u00e9ment et Cuiry-l\u00e8s-Iviers<\/strong>, recueillir leurs perceptions et r\u00e9pondre \u00e0 leurs questions.<\/li><\/ul><ol start=\"2\"><li><strong>des outils d\u2019information transparents et accessibles<\/strong><\/li><\/ol><ul><li><strong>Lettres d\u2019information<\/strong> envoy\u00e9s \u00e0 chaque grande \u00e9tape pour garantir un suivi clair et pr\u00e9cis aux habitants (premier num\u00e9ro en juillet 2024)<\/li><li><strong>Site internet d\u00e9di\u00e9<\/strong>, mis \u00e0 jour r\u00e9guli\u00e8rement avec les avanc\u00e9es du projet et les documents cl\u00e9s.<\/li><\/ul><ol start=\"3\"><li><strong>Une \u00e9tude de perception\u00a0: ce que vous nous avez dit \u00e0 vos portez<\/strong><\/li><\/ol><p>Lors du <strong>porte-\u00e0-porte men\u00e9 en octobre 2024<\/strong>, nous avons pris le temps d\u2019\u00e9changer avec les habitants pour comprendre leurs perceptions et pr\u00e9occupations. Et d\u2019\u00e9changer des opportunit\u00e9s que ce projet est susceptible d\u2019offrir. Une synth\u00e8se de ces \u00e9changes a \u00e9t\u00e9 r\u00e9alis\u00e9e sous forme de <strong>verbatim<\/strong>, restituant fid\u00e8lement les avis exprim\u00e9s.<\/p><h1><strong>A project build on dialog<\/strong><\/h1><p>This consultation is based on a number of concrete actions:<\/p><ol><li><strong>Local meetings and discussions<\/strong><br \/>&#8211; Meetings with the elected representatives of Saint-Cl\u00e9ment and Cuiry-l\u00e8s-Iviers in 2019 to present the project and discuss its feasibility.<br \/>&#8211; Kick-off meeting with elected representatives to formalise the start of the studies and discuss the project with local elected representatives.<br \/>&#8211; Door-to-door meetings (29 and 30 October 2024) to meet directly with the residents of Saint-Cl\u00e9ment and Cuiry-l\u00e8s-Iviers, gather their perceptions and answer their questions.<\/li><li><strong>transparent and accessible information tools<\/strong><br \/>&#8211; Newsletters sent at each major stage to ensure clear and precise follow-up for residents (first issue in July 2024)<br \/>&#8211; Dedicated website, regularly updated with project progress and key documents.<\/li><li><strong>A perception study: what you told us at your doorstep<\/strong><\/li><\/ol><p>During the door-to-door consultation in October 2024, we took the time to talk to residents to understand their perceptions and concerns. And to discuss the opportunities that this project is likely to offer. A summary of these discussions has been produced in the form of a verbatim report, faithfully reflecting the opinions expressed.<\/p>\t\t\t\t\t\t\t\t<\/div>\n\t\t\t\t<\/div>\n\t\t\t\t<\/div>\n\t\t\t\t\t<\/div>\n\t\t\t\t<\/div>\n\t\t<div class=\"elementor-element elementor-element-c0789b3 e-flex e-con-boxed e-con e-parent\" data-id=\"c0789b3\" data-element_type=\"container\" data-e-type=\"container\" data-settings=\"{&quot;background_background&quot;:&quot;classic&quot;,&quot;_ha_eqh_enable&quot;:false}\">\n\t\t\t\t\t<div class=\"e-con-inner\">\n\t\t\t\t<div class=\"elementor-element elementor-element-53fb6ba elementor-widget elementor-widget-heading\" data-id=\"53fb6ba\" data-element_type=\"widget\" data-e-type=\"widget\" data-widget_type=\"heading.default\">\n\t\t\t\t<div class=\"elementor-widget-container\">\n\t\t\t\t\t<h2 class=\"elementor-heading-title elementor-size-default\">Une concertation qui se poursuit<\/h2>\t\t\t\t<\/div>\n\t\t\t\t<\/div>\n\t\t\t\t\t<\/div>\n\t\t\t\t<\/div>\n\t\t<div class=\"elementor-element elementor-element-89a1f57 e-grid e-con-boxed e-con e-parent\" data-id=\"89a1f57\" data-element_type=\"container\" data-e-type=\"container\" data-settings=\"{&quot;_ha_eqh_enable&quot;:false}\">\n\t\t\t\t\t<div class=\"e-con-inner\">\n\t\t\t\t<div class=\"elementor-element elementor-element-c85c65b elementor-widget elementor-widget-text-editor\" data-id=\"c85c65b\" data-element_type=\"widget\" data-e-type=\"widget\" data-widget_type=\"text-editor.default\">\n\t\t\t\t<div class=\"elementor-widget-container\">\n\t\t\t\t\t\t\t\t\t<p>La concertation ne s\u2019arr\u00eate pas \u00e0 ces premi\u00e8res rencontres. Tout au long des \u00e9tudes, nous continuerons \u00e0 <strong>vous informer et \u00e0 \u00e9changer avec vous<\/strong> via :<\/p><ul><li><strong>Des r\u00e9unions publiques et des ateliers th\u00e9matiques<\/strong><\/li><li><strong>Un suivi r\u00e9gulier des avanc\u00e9es des \u00e9tudes<\/strong> avec des mises \u00e0 jour sur ce site.<\/li><li><strong>Une \u00e9coute attentive<\/strong> des attentes du territoire, afin d&rsquo;adapter le projet en fonction des retours exprim\u00e9s<\/li><\/ul><p>Nous restons \u00e0 votre disposition pour toute question ou \u00e9change.<\/p>\t\t\t\t\t\t\t\t<\/div>\n\t\t\t\t<\/div>\n\t\t\t\t<div class=\"elementor-element elementor-element-6629535 elementor-widget elementor-widget-text-editor\" data-id=\"6629535\" data-element_type=\"widget\" data-e-type=\"widget\" data-widget_type=\"text-editor.default\">\n\t\t\t\t<div class=\"elementor-widget-container\">\n\t\t\t\t\t\t\t\t\t<h2>An ongoing consultation process<\/h2><p>Consultation does not stop with these initial meetings. Throughout the studies, we will continue to keep you informed and exchange views with you via :<\/p><ul><li><strong>Public meetings<\/strong> and themed workshops<\/li><li><strong>Regular monitoring of the progress of the studies<\/strong>, with updates on this website.<\/li><li><strong>Listening carefully<\/strong> to the expectations of the local area, so that we can adapt the project in line with the feedback we receive.<\/li><\/ul><p>We remain at your disposal for any questions or discussions.<\/p>\t\t\t\t\t\t\t\t<\/div>\n\t\t\t\t<\/div>\n\t\t\t\t\t<\/div>\n\t\t\t\t<\/div>\n\t\t<div class=\"elementor-element elementor-element-25556a3 e-flex e-con-boxed e-con e-parent\" data-id=\"25556a3\" data-element_type=\"container\" data-e-type=\"container\" data-settings=\"{&quot;background_background&quot;:&quot;classic&quot;,&quot;_ha_eqh_enable&quot;:false}\">\n\t\t\t\t\t<div class=\"e-con-inner\">\n\t\t\t\t<div class=\"elementor-element elementor-element-198886c elementor-widget elementor-widget-heading\" data-id=\"198886c\" data-element_type=\"widget\" data-e-type=\"widget\" data-widget_type=\"heading.default\">\n\t\t\t\t<div class=\"elementor-widget-container\">\n\t\t\t\t\t<h2 class=\"elementor-heading-title elementor-size-default\">Les documents de la concertation<\/h2>\t\t\t\t<\/div>\n\t\t\t\t<\/div>\n\t\t\t\t\t<\/div>\n\t\t\t\t<\/div>\n\t\t<div class=\"elementor-element elementor-element-ca3a982 e-flex e-con-boxed e-con e-parent\" data-id=\"ca3a982\" data-element_type=\"container\" data-e-type=\"container\" data-settings=\"{&quot;_ha_eqh_enable&quot;:false}\">\n\t\t\t\t\t<div class=\"e-con-inner\">\n\t\t\t\t<div class=\"elementor-element elementor-element-7ba1183 elementor-widget elementor-widget-heading\" data-id=\"7ba1183\" data-element_type=\"widget\" data-e-type=\"widget\" data-widget_type=\"heading.default\">\n\t\t\t\t<div class=\"elementor-widget-container\">\n\t\t\t\t\t<h2 class=\"elementor-heading-title elementor-size-default\">Lettre d'information<\/h2>\t\t\t\t<\/div>\n\t\t\t\t<\/div>\n\t\t\t\t<div class=\"elementor-element elementor-element-197c76a elementor-widget-divider--view-line elementor-widget elementor-widget-divider\" data-id=\"197c76a\" data-element_type=\"widget\" data-e-type=\"widget\" data-widget_type=\"divider.default\">\n\t\t\t\t<div class=\"elementor-widget-container\">\n\t\t\t\t\t\t\t<div class=\"elementor-divider\">\n\t\t\t<span class=\"elementor-divider-separator\">\n\t\t\t\t\t\t<\/span>\n\t\t<\/div>\n\t\t\t\t\t\t<\/div>\n\t\t\t\t<\/div>\n\t\t<div class=\"elementor-element elementor-element-d10fe21 e-con-full e-flex e-con e-child\" data-id=\"d10fe21\" data-element_type=\"container\" data-e-type=\"container\" data-settings=\"{&quot;_ha_eqh_enable&quot;:false}\">\n\t\t\t\t<div class=\"elementor-element elementor-element-6dad47a elementor-cta--skin-classic elementor-animated-content elementor-bg-transform elementor-bg-transform-zoom-in elementor-widget elementor-widget-call-to-action\" data-id=\"6dad47a\" data-element_type=\"widget\" data-e-type=\"widget\" data-widget_type=\"call-to-action.default\">\n\t\t\t\t<div class=\"elementor-widget-container\">\n\t\t\t\t\t\t\t<a class=\"elementor-cta\" href=\"https:\/\/www.enertrag.fr\/chemins-picards\/wp-content\/uploads\/sites\/52\/2025\/02\/Bulletin_PAP_VF.pdf\">\n\t\t\t\t\t<div class=\"elementor-cta__bg-wrapper\">\n\t\t\t\t<div class=\"elementor-cta__bg elementor-bg\" style=\"background-image: url(https:\/\/www.enertrag.fr\/chemins-picards\/wp-content\/uploads\/sites\/52\/2024\/06\/placement2.png);\" role=\"img\" aria-label=\"placement2\"><\/div>\n\t\t\t\t<div class=\"elementor-cta__bg-overlay\"><\/div>\n\t\t\t<\/div>\n\t\t\t\t\t\t\t<div class=\"elementor-cta__content\">\n\t\t\t\t\n\t\t\t\t\n\t\t\t\t\t\t\t\t\t<div class=\"elementor-cta__description elementor-cta__content-item elementor-content-item\">\n\t\t\t\t\t\tLettre d'information \n(Novembre 2024)\t\t\t\t\t<\/div>\n\t\t\t\t\n\t\t\t\t\t\t\t<\/div>\n\t\t\t\t\t\t<\/a>\n\t\t\t\t\t\t<\/div>\n\t\t\t\t<\/div>\n\t\t\t\t<\/div>\n\t\t\t\t\t<\/div>\n\t\t\t\t<\/div>\n\t\t\t\t<\/div>\n\t\t","protected":false},"excerpt":{"rendered":"<p>La d\u00e9marche de concertation Conscient que chaque projet \u00e9olien suscite des questions et des attentes sp\u00e9cifiques, nous avons mis en place une d\u00e9marche de concertation ouverte et \u00e9volutive. L\u2019objectif : informer, \u00e9couter et \u00e9changer avec les habitants et les \u00e9lus pour construire un projet en lien avec le territoire. \u00a0\u00a0 Un projet construit dans le [&hellip;]<\/p>\n","protected":false},"author":1,"featured_media":0,"parent":0,"menu_order":0,"comment_status":"closed","ping_status":"closed","template":"","meta":{"_acf_changed":false,"footnotes":""},"class_list":["post-64","page","type-page","status-publish","hentry"],"acf":[],"yoast_head":"<!-- This site is optimized with the Yoast SEO plugin v27.5 - https:\/\/yoast.com\/product\/yoast-seo-wordpress\/ -->\n<title>La concertation - Projet \u00e9olien des Chemins Picards<\/title>\n<meta name=\"robots\" content=\"index, follow, max-snippet:-1, max-image-preview:large, max-video-preview:-1\" \/>\n<link rel=\"canonical\" href=\"https:\/\/www.enertrag.fr\/chemins-picards\/la-concertation\/\" \/>\n<meta property=\"og:locale\" content=\"fr_FR\" \/>\n<meta property=\"og:type\" content=\"article\" \/>\n<meta property=\"og:title\" content=\"La concertation - Projet \u00e9olien des Chemins Picards\" \/>\n<meta property=\"og:description\" content=\"La d\u00e9marche de concertation Conscient que chaque projet \u00e9olien suscite des questions et des attentes sp\u00e9cifiques, nous avons mis en place une d\u00e9marche de concertation ouverte et \u00e9volutive. L\u2019objectif : informer, \u00e9couter et \u00e9changer avec les habitants et les \u00e9lus pour construire un projet en lien avec le territoire. \u00a0\u00a0 Un projet construit dans le [&hellip;]\" \/>\n<meta property=\"og:url\" content=\"https:\/\/www.enertrag.fr\/chemins-picards\/la-concertation\/\" \/>\n<meta property=\"og:site_name\" content=\"Projet \u00e9olien des Chemins Picards\" \/>\n<meta property=\"article:modified_time\" content=\"2025-02-19T15:03:57+00:00\" \/>\n<meta name=\"twitter:card\" content=\"summary_large_image\" \/>\n<meta name=\"twitter:label1\" content=\"Dur\u00e9e de lecture estim\u00e9e\" \/>\n\t<meta name=\"twitter:data1\" content=\"4 minutes\" \/>\n<script type=\"application\/ld+json\" class=\"yoast-schema-graph\">{\"@context\":\"https:\\\/\\\/schema.org\",\"@graph\":[{\"@type\":\"WebPage\",\"@id\":\"https:\\\/\\\/www.enertrag.fr\\\/chemins-picards\\\/la-concertation\\\/\",\"url\":\"https:\\\/\\\/www.enertrag.fr\\\/chemins-picards\\\/la-concertation\\\/\",\"name\":\"La concertation - Projet \u00e9olien des Chemins Picards\",\"isPartOf\":{\"@id\":\"https:\\\/\\\/www.enertrag.fr\\\/chemins-picards\\\/#website\"},\"datePublished\":\"2023-01-12T15:19:59+00:00\",\"dateModified\":\"2025-02-19T15:03:57+00:00\",\"breadcrumb\":{\"@id\":\"https:\\\/\\\/www.enertrag.fr\\\/chemins-picards\\\/la-concertation\\\/#breadcrumb\"},\"inLanguage\":\"fr-FR\",\"potentialAction\":[{\"@type\":\"ReadAction\",\"target\":[\"https:\\\/\\\/www.enertrag.fr\\\/chemins-picards\\\/la-concertation\\\/\"]}]},{\"@type\":\"BreadcrumbList\",\"@id\":\"https:\\\/\\\/www.enertrag.fr\\\/chemins-picards\\\/la-concertation\\\/#breadcrumb\",\"itemListElement\":[{\"@type\":\"ListItem\",\"position\":1,\"name\":\"Accueil\",\"item\":\"https:\\\/\\\/www.enertrag.fr\\\/chemins-picards\\\/\"},{\"@type\":\"ListItem\",\"position\":2,\"name\":\"La concertation\"}]},{\"@type\":\"WebSite\",\"@id\":\"https:\\\/\\\/www.enertrag.fr\\\/chemins-picards\\\/#website\",\"url\":\"https:\\\/\\\/www.enertrag.fr\\\/chemins-picards\\\/\",\"name\":\"Projet \u00e9olien des Chemins Picards\",\"description\":\"\",\"publisher\":{\"@id\":\"https:\\\/\\\/www.enertrag.fr\\\/chemins-picards\\\/#organization\"},\"potentialAction\":[{\"@type\":\"SearchAction\",\"target\":{\"@type\":\"EntryPoint\",\"urlTemplate\":\"https:\\\/\\\/www.enertrag.fr\\\/chemins-picards\\\/?s={search_term_string}\"},\"query-input\":{\"@type\":\"PropertyValueSpecification\",\"valueRequired\":true,\"valueName\":\"search_term_string\"}}],\"inLanguage\":\"fr-FR\"},{\"@type\":\"Organization\",\"@id\":\"https:\\\/\\\/www.enertrag.fr\\\/chemins-picards\\\/#organization\",\"name\":\"Projet \u00e9olien des Chemins Picards\",\"url\":\"https:\\\/\\\/www.enertrag.fr\\\/chemins-picards\\\/\",\"logo\":{\"@type\":\"ImageObject\",\"inLanguage\":\"fr-FR\",\"@id\":\"https:\\\/\\\/www.enertrag.fr\\\/chemins-picards\\\/#\\\/schema\\\/logo\\\/image\\\/\",\"url\":\"https:\\\/\\\/www.enertrag.fr\\\/chemins-picards\\\/wp-content\\\/uploads\\\/sites\\\/52\\\/2024\\\/06\\\/logo_enertrag_blanc@4x.png\",\"contentUrl\":\"https:\\\/\\\/www.enertrag.fr\\\/chemins-picards\\\/wp-content\\\/uploads\\\/sites\\\/52\\\/2024\\\/06\\\/logo_enertrag_blanc@4x.png\",\"width\":3065,\"height\":801,\"caption\":\"Projet \u00e9olien des Chemins Picards\"},\"image\":{\"@id\":\"https:\\\/\\\/www.enertrag.fr\\\/chemins-picards\\\/#\\\/schema\\\/logo\\\/image\\\/\"}}]}<\/script>\n<!-- \/ Yoast SEO plugin. -->","yoast_head_json":{"title":"La concertation - Projet \u00e9olien des Chemins Picards","robots":{"index":"index","follow":"follow","max-snippet":"max-snippet:-1","max-image-preview":"max-image-preview:large","max-video-preview":"max-video-preview:-1"},"canonical":"https:\/\/www.enertrag.fr\/chemins-picards\/la-concertation\/","og_locale":"fr_FR","og_type":"article","og_title":"La concertation - Projet \u00e9olien des Chemins Picards","og_description":"La d\u00e9marche de concertation Conscient que chaque projet \u00e9olien suscite des questions et des attentes sp\u00e9cifiques, nous avons mis en place une d\u00e9marche de concertation ouverte et \u00e9volutive. L\u2019objectif : informer, \u00e9couter et \u00e9changer avec les habitants et les \u00e9lus pour construire un projet en lien avec le territoire. \u00a0\u00a0 Un projet construit dans le [&hellip;]","og_url":"https:\/\/www.enertrag.fr\/chemins-picards\/la-concertation\/","og_site_name":"Projet \u00e9olien des Chemins Picards","article_modified_time":"2025-02-19T15:03:57+00:00","twitter_card":"summary_large_image","twitter_misc":{"Dur\u00e9e de lecture estim\u00e9e":"4 minutes"},"schema":{"@context":"https:\/\/schema.org","@graph":[{"@type":"WebPage","@id":"https:\/\/www.enertrag.fr\/chemins-picards\/la-concertation\/","url":"https:\/\/www.enertrag.fr\/chemins-picards\/la-concertation\/","name":"La concertation - Projet \u00e9olien des Chemins Picards","isPartOf":{"@id":"https:\/\/www.enertrag.fr\/chemins-picards\/#website"},"datePublished":"2023-01-12T15:19:59+00:00","dateModified":"2025-02-19T15:03:57+00:00","breadcrumb":{"@id":"https:\/\/www.enertrag.fr\/chemins-picards\/la-concertation\/#breadcrumb"},"inLanguage":"fr-FR","potentialAction":[{"@type":"ReadAction","target":["https:\/\/www.enertrag.fr\/chemins-picards\/la-concertation\/"]}]},{"@type":"BreadcrumbList","@id":"https:\/\/www.enertrag.fr\/chemins-picards\/la-concertation\/#breadcrumb","itemListElement":[{"@type":"ListItem","position":1,"name":"Accueil","item":"https:\/\/www.enertrag.fr\/chemins-picards\/"},{"@type":"ListItem","position":2,"name":"La concertation"}]},{"@type":"WebSite","@id":"https:\/\/www.enertrag.fr\/chemins-picards\/#website","url":"https:\/\/www.enertrag.fr\/chemins-picards\/","name":"Projet \u00e9olien des Chemins Picards","description":"","publisher":{"@id":"https:\/\/www.enertrag.fr\/chemins-picards\/#organization"},"potentialAction":[{"@type":"SearchAction","target":{"@type":"EntryPoint","urlTemplate":"https:\/\/www.enertrag.fr\/chemins-picards\/?s={search_term_string}"},"query-input":{"@type":"PropertyValueSpecification","valueRequired":true,"valueName":"search_term_string"}}],"inLanguage":"fr-FR"},{"@type":"Organization","@id":"https:\/\/www.enertrag.fr\/chemins-picards\/#organization","name":"Projet \u00e9olien des Chemins Picards","url":"https:\/\/www.enertrag.fr\/chemins-picards\/","logo":{"@type":"ImageObject","inLanguage":"fr-FR","@id":"https:\/\/www.enertrag.fr\/chemins-picards\/#\/schema\/logo\/image\/","url":"https:\/\/www.enertrag.fr\/chemins-picards\/wp-content\/uploads\/sites\/52\/2024\/06\/logo_enertrag_blanc@4x.png","contentUrl":"https:\/\/www.enertrag.fr\/chemins-picards\/wp-content\/uploads\/sites\/52\/2024\/06\/logo_enertrag_blanc@4x.png","width":3065,"height":801,"caption":"Projet \u00e9olien des Chemins Picards"},"image":{"@id":"https:\/\/www.enertrag.fr\/chemins-picards\/#\/schema\/logo\/image\/"}}]}},"_links":{"self":[{"href":"https:\/\/www.enertrag.fr\/chemins-picards\/wp-json\/wp\/v2\/pages\/64","targetHints":{"allow":["GET"]}}],"collection":[{"href":"https:\/\/www.enertrag.fr\/chemins-picards\/wp-json\/wp\/v2\/pages"}],"about":[{"href":"https:\/\/www.enertrag.fr\/chemins-picards\/wp-json\/wp\/v2\/types\/page"}],"author":[{"embeddable":true,"href":"https:\/\/www.enertrag.fr\/chemins-picards\/wp-json\/wp\/v2\/users\/1"}],"replies":[{"embeddable":true,"href":"https:\/\/www.enertrag.fr\/chemins-picards\/wp-json\/wp\/v2\/comments?post=64"}],"version-history":[{"count":0,"href":"https:\/\/www.enertrag.fr\/chemins-picards\/wp-json\/wp\/v2\/pages\/64\/revisions"}],"wp:attachment":[{"href":"https:\/\/www.enertrag.fr\/chemins-picards\/wp-json\/wp\/v2\/media?parent=64"}],"curies":[{"name":"wp","href":"https:\/\/api.w.org\/{rel}","templated":true}]}}