{"id":5,"date":"2023-01-10T12:26:09","date_gmt":"2023-01-10T11:26:09","guid":{"rendered":"http:\/\/dev.parcs-eoliens-enertrag.fr\/testy\/?page_id=5"},"modified":"2025-02-20T15:21:00","modified_gmt":"2025-02-20T14:21:00","slug":"attente","status":"publish","type":"page","link":"https:\/\/www.enertrag.fr\/chemins-picards\/","title":{"rendered":"Accueil"},"content":{"rendered":"\t\t<div data-elementor-type=\"wp-page\" data-elementor-id=\"5\" class=\"elementor elementor-5\" data-elementor-settings=\"{&quot;ha_cmc_init_switcher&quot;:&quot;no&quot;}\" data-elementor-post-type=\"page\">\n\t\t\t\t\t\t<section class=\"elementor-section elementor-top-section elementor-element elementor-element-11af55b elementor-section-full_width elementor-section-height-full elementor-section-height-default elementor-section-items-middle\" data-id=\"11af55b\" data-element_type=\"section\" data-e-type=\"section\" data-settings=\"{&quot;background_background&quot;:&quot;classic&quot;,&quot;_ha_eqh_enable&quot;:false}\">\n\t\t\t\t\t\t<div class=\"elementor-container elementor-column-gap-default\">\n\t\t\t\t\t<div class=\"elementor-column elementor-col-100 elementor-top-column elementor-element elementor-element-fa42153\" data-id=\"fa42153\" data-element_type=\"column\" data-e-type=\"column\" data-settings=\"{&quot;animation&quot;:&quot;none&quot;}\">\n\t\t\t<div class=\"elementor-widget-wrap elementor-element-populated\">\n\t\t\t\t\t\t<div class=\"elementor-element elementor-element-2363a02 elementor-invisible elementor-widget elementor-widget-heading\" data-id=\"2363a02\" data-element_type=\"widget\" data-e-type=\"widget\" data-settings=\"{&quot;_animation&quot;:&quot;fadeInUp&quot;}\" data-widget_type=\"heading.default\">\n\t\t\t\t<div class=\"elementor-widget-container\">\n\t\t\t\t\t<h1 class=\"elementor-heading-title elementor-size-default\">Projet \u00e9olien des <br>Chemins des Picards<\/h1>\t\t\t\t<\/div>\n\t\t\t\t<\/div>\n\t\t\t\t<div class=\"elementor-element elementor-element-54d44c1 elementor-invisible elementor-widget elementor-widget-heading\" data-id=\"54d44c1\" data-element_type=\"widget\" data-e-type=\"widget\" data-settings=\"{&quot;_animation&quot;:&quot;fadeInUp&quot;}\" data-widget_type=\"heading.default\">\n\t\t\t\t<div class=\"elementor-widget-container\">\n\t\t\t\t\t<h2 class=\"elementor-heading-title elementor-size-default\">Avec une \u00e9nergie d\u2019avance.<\/h2>\t\t\t\t<\/div>\n\t\t\t\t<\/div>\n\t\t\t\t\t<\/div>\n\t\t<\/div>\n\t\t\t\t\t<\/div>\n\t\t<\/section>\n\t\t\t\t<section class=\"elementor-section elementor-top-section elementor-element elementor-element-c97c833 elementor-section-boxed elementor-section-height-default elementor-section-height-default\" data-id=\"c97c833\" data-element_type=\"section\" data-e-type=\"section\" data-settings=\"{&quot;background_background&quot;:&quot;classic&quot;,&quot;_ha_eqh_enable&quot;:false}\">\n\t\t\t\t\t\t<div class=\"elementor-container elementor-column-gap-default\">\n\t\t\t\t\t<div class=\"elementor-column elementor-col-100 elementor-top-column elementor-element elementor-element-3f0f230\" data-id=\"3f0f230\" data-element_type=\"column\" data-e-type=\"column\">\n\t\t\t<div class=\"elementor-widget-wrap elementor-element-populated\">\n\t\t\t\t\t\t<div class=\"elementor-element elementor-element-4d66b2a elementor-widget elementor-widget-text-editor\" data-id=\"4d66b2a\" data-element_type=\"widget\" data-e-type=\"widget\" data-widget_type=\"text-editor.default\">\n\t\t\t\t<div class=\"elementor-widget-container\">\n\t\t\t\t\t\t\t\t\t<p>L\u2019entreprise <strong>ENERTRAG<\/strong> \u00e9tudie la faisabilit\u00e9 d\u2019un projet \u00e9olien depuis <strong>2019<\/strong> sur les communes de <strong>Saint-Cl\u00e9ment et Cuiry-l\u00e8s-Iviers<\/strong>. Ce projet, baptis\u00e9 <strong>\u00ab Le Chemin des Picards \u00bb<\/strong>, vise \u00e0 exploiter de mani\u00e8re responsable le potentiel \u00e9olien local pour contribuer \u00e0 la transition \u00e9nerg\u00e9tique tout en g\u00e9n\u00e9rant des retomb\u00e9es \u00e9conomiques pour le territoire.<\/p><p>Depuis son lancement, le projet suit une d\u00e9marche d\u2019\u00e9coute et d\u2019\u00e9change active avec le territoire :<\/p><p>\u2714 <strong>Des \u00e9tudes approfondies<\/strong> pour \u00e9valuer la faisabilit\u00e9 et le dimensionnement du projet \u00e0 travers diff\u00e9rents crit\u00e8res\u00a0: le paysage, la biodiversit\u00e9, l\u2019acoustique et le gisement en vent.<br \/>\u2714 <strong>Une concertation active<\/strong> \u00e0 travers des \u00e9changes r\u00e9guliers avec les \u00e9lus et les habitants. <br \/>\u2714 <strong>Une volont\u00e9 de r\u00e9aliser <\/strong>un projet en lien avec les attentes du territoire et en tenant compte des retours exprim\u00e9s.<\/p><p>Ce site internet est con\u00e7u pour vous offrir\u00a0<strong>une information transparente et accessible<\/strong>\u00a0sur l\u2019\u00e9volution du projet. Vous y retrouverez les avanc\u00e9es des \u00e9tudes en cours, les moments cl\u00e9s du dialogue avec les habitants et les \u00e9lus, ainsi que les r\u00e9ponses aux principales questions<\/p><p><em>Since 2019, ENERTRAG has been studying the feasibility of a wind farm project in the communes of Saint-Cl\u00e9ment and Cuiry-l\u00e8s-Iviers. The project, called \u2018Le Chemin des Picards\u2019, aims to make responsible use of the local wind energy potential to contribute to the energy transition while generating economic benefits for the area.<\/em><\/p><p><em>Since its launch, the project has followed a process of active listening and exchange with the local area:<\/em><\/p><p><em>\u2714 In-depth studies to assess the feasibility and size of the project based on various criteria: landscape, biodiversity, acoustics and wind resources.<\/em><br \/><em>\u2714 Active consultation through regular exchanges with elected representatives and local residents.<\/em><br \/><em>\u2714 A desire to carry out a project in line with the expectations of the area and taking into account the feedback expressed.<\/em><\/p><p><em>This website is designed to provide you with transparent and accessible information on the progress of the project. You will find information on the progress of current studies, key moments in the dialogue with residents and elected representatives, and answers to the main questions.<\/em><\/p><p>\u00a0<\/p>\t\t\t\t\t\t\t\t<\/div>\n\t\t\t\t<\/div>\n\t\t\t\t<div class=\"elementor-element elementor-element-ad352ab elementor-align-right btn_blanc elementor-tablet-align-center elementor-widget elementor-widget-button\" data-id=\"ad352ab\" data-element_type=\"widget\" data-e-type=\"widget\" data-widget_type=\"button.default\">\n\t\t\t\t<div class=\"elementor-widget-container\">\n\t\t\t\t\t\t\t\t\t<div class=\"elementor-button-wrapper\">\n\t\t\t\t\t<a class=\"elementor-button elementor-size-sm\" role=\"button\">\n\t\t\t\t\t\t<span class=\"elementor-button-content-wrapper\">\n\t\t\t\t\t\t<span class=\"elementor-button-icon\">\n\t\t\t\t<i aria-hidden=\"true\" class=\"hm hm-arrow-right\"><\/i>\t\t\t<\/span>\n\t\t\t\t\t\t\t\t\t<span class=\"elementor-button-text\">D\u00e9couvrir le projet<\/span>\n\t\t\t\t\t<\/span>\n\t\t\t\t\t<\/a>\n\t\t\t\t<\/div>\n\t\t\t\t\t\t\t\t<\/div>\n\t\t\t\t<\/div>\n\t\t\t\t\t<\/div>\n\t\t<\/div>\n\t\t\t\t\t<\/div>\n\t\t<\/section>\n\t\t\t\t<section class=\"elementor-section elementor-top-section elementor-element elementor-element-b59649a elementor-section-boxed elementor-section-height-default elementor-section-height-default\" data-id=\"b59649a\" data-element_type=\"section\" data-e-type=\"section\" data-settings=\"{&quot;_ha_eqh_enable&quot;:false}\">\n\t\t\t\t\t\t<div class=\"elementor-container elementor-column-gap-default\">\n\t\t\t\t\t<div class=\"elementor-column elementor-col-100 elementor-top-column elementor-element elementor-element-b977103\" data-id=\"b977103\" data-element_type=\"column\" data-e-type=\"column\">\n\t\t\t<div class=\"elementor-widget-wrap elementor-element-populated\">\n\t\t\t\t\t\t<div class=\"elementor-element elementor-element-21a0449 elementor-widget elementor-widget-text-editor\" data-id=\"21a0449\" data-element_type=\"widget\" data-e-type=\"widget\" data-widget_type=\"text-editor.default\">\n\t\t\t\t<div class=\"elementor-widget-container\">\n\t\t\t\t\t\t\t\t\t<h2>Les derniers actualit\u00e9s du projet<\/h2>\t\t\t\t\t\t\t\t<\/div>\n\t\t\t\t<\/div>\n\t\t\t\t\t<\/div>\n\t\t<\/div>\n\t\t\t\t\t<\/div>\n\t\t<\/section>\n\t\t<div class=\"elementor-element elementor-element-de76fa9 e-grid e-con-boxed e-con e-parent\" data-id=\"de76fa9\" data-element_type=\"container\" data-e-type=\"container\" data-settings=\"{&quot;_ha_eqh_enable&quot;:false}\">\n\t\t\t\t\t<div class=\"e-con-inner\">\n\t\t\t\t<div class=\"elementor-element elementor-element-72a1d0a elementor-widget elementor-widget-wp-widget-recent-posts\" data-id=\"72a1d0a\" data-element_type=\"widget\" data-e-type=\"widget\" data-widget_type=\"wp-widget-recent-posts.default\">\n\t\t\t\t<div class=\"elementor-widget-container\">\n\t\t\t\t\t\n\t\t\n\t\t<h5>Articles r\u00e9cents<\/h5><nav aria-label=\"Articles r\u00e9cents\">\n\t\t<ul>\n\t\t\t\t\t\t\t\t\t\t\t<li>\n\t\t\t\t\t<a href=\"https:\/\/www.enertrag.fr\/chemins-picards\/blog\/2024\/06\/17\/une-autre-actualite\/\">Installation du m\u00e2t de mesure<\/a>\n\t\t\t\t\t\t\t\t\t<\/li>\n\t\t\t\t\t<\/ul>\n\n\t\t<\/nav>\t\t\t\t<\/div>\n\t\t\t\t<\/div>\n\t\t\t\t\t<\/div>\n\t\t\t\t<\/div>\n\t\t\t\t<\/div>\n\t\t","protected":false},"excerpt":{"rendered":"<p>Projet \u00e9olien des Chemins des Picards Avec une \u00e9nergie d\u2019avance. L\u2019entreprise ENERTRAG \u00e9tudie la faisabilit\u00e9 d\u2019un projet \u00e9olien depuis 2019 sur les communes de Saint-Cl\u00e9ment et Cuiry-l\u00e8s-Iviers. Ce projet, baptis\u00e9 \u00ab Le Chemin des Picards \u00bb, vise \u00e0 exploiter de mani\u00e8re responsable le potentiel \u00e9olien local pour contribuer \u00e0 la transition \u00e9nerg\u00e9tique tout en g\u00e9n\u00e9rant [&hellip;]<\/p>\n","protected":false},"author":1,"featured_media":0,"parent":0,"menu_order":0,"comment_status":"closed","ping_status":"closed","template":"","meta":{"_acf_changed":false,"footnotes":""},"class_list":["post-5","page","type-page","status-publish","hentry"],"acf":[],"yoast_head":"<!-- This site is optimized with the Yoast SEO plugin v27.5 - https:\/\/yoast.com\/product\/yoast-seo-wordpress\/ -->\n<title>Accueil - Projet \u00e9olien des Chemins Picards<\/title>\n<meta name=\"robots\" content=\"index, follow, max-snippet:-1, max-image-preview:large, max-video-preview:-1\" \/>\n<link rel=\"canonical\" href=\"https:\/\/www.enertrag.fr\/chemins-picards\/\" \/>\n<meta property=\"og:locale\" content=\"fr_FR\" \/>\n<meta property=\"og:type\" content=\"article\" \/>\n<meta property=\"og:title\" content=\"Accueil - Projet \u00e9olien des Chemins Picards\" \/>\n<meta property=\"og:description\" content=\"Projet \u00e9olien des Chemins des Picards Avec une \u00e9nergie d\u2019avance. L\u2019entreprise ENERTRAG \u00e9tudie la faisabilit\u00e9 d\u2019un projet \u00e9olien depuis 2019 sur les communes de Saint-Cl\u00e9ment et Cuiry-l\u00e8s-Iviers. Ce projet, baptis\u00e9 \u00ab Le Chemin des Picards \u00bb, vise \u00e0 exploiter de mani\u00e8re responsable le potentiel \u00e9olien local pour contribuer \u00e0 la transition \u00e9nerg\u00e9tique tout en g\u00e9n\u00e9rant [&hellip;]\" \/>\n<meta property=\"og:url\" content=\"https:\/\/www.enertrag.fr\/chemins-picards\/\" \/>\n<meta property=\"og:site_name\" content=\"Projet \u00e9olien des Chemins Picards\" \/>\n<meta property=\"article:modified_time\" content=\"2025-02-20T14:21:00+00:00\" \/>\n<meta name=\"twitter:card\" content=\"summary_large_image\" \/>\n<meta name=\"twitter:label1\" content=\"Dur\u00e9e de lecture estim\u00e9e\" \/>\n\t<meta name=\"twitter:data1\" content=\"4 minutes\" \/>\n<script type=\"application\/ld+json\" class=\"yoast-schema-graph\">{\"@context\":\"https:\\\/\\\/schema.org\",\"@graph\":[{\"@type\":\"WebPage\",\"@id\":\"https:\\\/\\\/www.enertrag.fr\\\/chemins-picards\\\/\",\"url\":\"https:\\\/\\\/www.enertrag.fr\\\/chemins-picards\\\/\",\"name\":\"Accueil - Projet \u00e9olien des Chemins Picards\",\"isPartOf\":{\"@id\":\"https:\\\/\\\/www.enertrag.fr\\\/chemins-picards\\\/#website\"},\"datePublished\":\"2023-01-10T11:26:09+00:00\",\"dateModified\":\"2025-02-20T14:21:00+00:00\",\"breadcrumb\":{\"@id\":\"https:\\\/\\\/www.enertrag.fr\\\/chemins-picards\\\/#breadcrumb\"},\"inLanguage\":\"fr-FR\",\"potentialAction\":[{\"@type\":\"ReadAction\",\"target\":[\"https:\\\/\\\/www.enertrag.fr\\\/chemins-picards\\\/\"]}]},{\"@type\":\"BreadcrumbList\",\"@id\":\"https:\\\/\\\/www.enertrag.fr\\\/chemins-picards\\\/#breadcrumb\",\"itemListElement\":[{\"@type\":\"ListItem\",\"position\":1,\"name\":\"Accueil\",\"item\":\"https:\\\/\\\/www.enertrag.fr\\\/chemins-picards\\\/\"},{\"@type\":\"ListItem\",\"position\":2,\"name\":\"Accueil\"}]},{\"@type\":\"WebSite\",\"@id\":\"https:\\\/\\\/www.enertrag.fr\\\/chemins-picards\\\/#website\",\"url\":\"https:\\\/\\\/www.enertrag.fr\\\/chemins-picards\\\/\",\"name\":\"Projet \u00e9olien des Chemins Picards\",\"description\":\"\",\"publisher\":{\"@id\":\"https:\\\/\\\/www.enertrag.fr\\\/chemins-picards\\\/#organization\"},\"potentialAction\":[{\"@type\":\"SearchAction\",\"target\":{\"@type\":\"EntryPoint\",\"urlTemplate\":\"https:\\\/\\\/www.enertrag.fr\\\/chemins-picards\\\/?s={search_term_string}\"},\"query-input\":{\"@type\":\"PropertyValueSpecification\",\"valueRequired\":true,\"valueName\":\"search_term_string\"}}],\"inLanguage\":\"fr-FR\"},{\"@type\":\"Organization\",\"@id\":\"https:\\\/\\\/www.enertrag.fr\\\/chemins-picards\\\/#organization\",\"name\":\"Projet \u00e9olien des Chemins Picards\",\"url\":\"https:\\\/\\\/www.enertrag.fr\\\/chemins-picards\\\/\",\"logo\":{\"@type\":\"ImageObject\",\"inLanguage\":\"fr-FR\",\"@id\":\"https:\\\/\\\/www.enertrag.fr\\\/chemins-picards\\\/#\\\/schema\\\/logo\\\/image\\\/\",\"url\":\"https:\\\/\\\/www.enertrag.fr\\\/chemins-picards\\\/wp-content\\\/uploads\\\/sites\\\/52\\\/2024\\\/06\\\/logo_enertrag_blanc@4x.png\",\"contentUrl\":\"https:\\\/\\\/www.enertrag.fr\\\/chemins-picards\\\/wp-content\\\/uploads\\\/sites\\\/52\\\/2024\\\/06\\\/logo_enertrag_blanc@4x.png\",\"width\":3065,\"height\":801,\"caption\":\"Projet \u00e9olien des Chemins Picards\"},\"image\":{\"@id\":\"https:\\\/\\\/www.enertrag.fr\\\/chemins-picards\\\/#\\\/schema\\\/logo\\\/image\\\/\"}}]}<\/script>\n<!-- \/ Yoast SEO plugin. -->","yoast_head_json":{"title":"Accueil - Projet \u00e9olien des Chemins Picards","robots":{"index":"index","follow":"follow","max-snippet":"max-snippet:-1","max-image-preview":"max-image-preview:large","max-video-preview":"max-video-preview:-1"},"canonical":"https:\/\/www.enertrag.fr\/chemins-picards\/","og_locale":"fr_FR","og_type":"article","og_title":"Accueil - Projet \u00e9olien des Chemins Picards","og_description":"Projet \u00e9olien des Chemins des Picards Avec une \u00e9nergie d\u2019avance. L\u2019entreprise ENERTRAG \u00e9tudie la faisabilit\u00e9 d\u2019un projet \u00e9olien depuis 2019 sur les communes de Saint-Cl\u00e9ment et Cuiry-l\u00e8s-Iviers. Ce projet, baptis\u00e9 \u00ab Le Chemin des Picards \u00bb, vise \u00e0 exploiter de mani\u00e8re responsable le potentiel \u00e9olien local pour contribuer \u00e0 la transition \u00e9nerg\u00e9tique tout en g\u00e9n\u00e9rant [&hellip;]","og_url":"https:\/\/www.enertrag.fr\/chemins-picards\/","og_site_name":"Projet \u00e9olien des Chemins Picards","article_modified_time":"2025-02-20T14:21:00+00:00","twitter_card":"summary_large_image","twitter_misc":{"Dur\u00e9e de lecture estim\u00e9e":"4 minutes"},"schema":{"@context":"https:\/\/schema.org","@graph":[{"@type":"WebPage","@id":"https:\/\/www.enertrag.fr\/chemins-picards\/","url":"https:\/\/www.enertrag.fr\/chemins-picards\/","name":"Accueil - Projet \u00e9olien des Chemins Picards","isPartOf":{"@id":"https:\/\/www.enertrag.fr\/chemins-picards\/#website"},"datePublished":"2023-01-10T11:26:09+00:00","dateModified":"2025-02-20T14:21:00+00:00","breadcrumb":{"@id":"https:\/\/www.enertrag.fr\/chemins-picards\/#breadcrumb"},"inLanguage":"fr-FR","potentialAction":[{"@type":"ReadAction","target":["https:\/\/www.enertrag.fr\/chemins-picards\/"]}]},{"@type":"BreadcrumbList","@id":"https:\/\/www.enertrag.fr\/chemins-picards\/#breadcrumb","itemListElement":[{"@type":"ListItem","position":1,"name":"Accueil","item":"https:\/\/www.enertrag.fr\/chemins-picards\/"},{"@type":"ListItem","position":2,"name":"Accueil"}]},{"@type":"WebSite","@id":"https:\/\/www.enertrag.fr\/chemins-picards\/#website","url":"https:\/\/www.enertrag.fr\/chemins-picards\/","name":"Projet \u00e9olien des Chemins Picards","description":"","publisher":{"@id":"https:\/\/www.enertrag.fr\/chemins-picards\/#organization"},"potentialAction":[{"@type":"SearchAction","target":{"@type":"EntryPoint","urlTemplate":"https:\/\/www.enertrag.fr\/chemins-picards\/?s={search_term_string}"},"query-input":{"@type":"PropertyValueSpecification","valueRequired":true,"valueName":"search_term_string"}}],"inLanguage":"fr-FR"},{"@type":"Organization","@id":"https:\/\/www.enertrag.fr\/chemins-picards\/#organization","name":"Projet \u00e9olien des Chemins Picards","url":"https:\/\/www.enertrag.fr\/chemins-picards\/","logo":{"@type":"ImageObject","inLanguage":"fr-FR","@id":"https:\/\/www.enertrag.fr\/chemins-picards\/#\/schema\/logo\/image\/","url":"https:\/\/www.enertrag.fr\/chemins-picards\/wp-content\/uploads\/sites\/52\/2024\/06\/logo_enertrag_blanc@4x.png","contentUrl":"https:\/\/www.enertrag.fr\/chemins-picards\/wp-content\/uploads\/sites\/52\/2024\/06\/logo_enertrag_blanc@4x.png","width":3065,"height":801,"caption":"Projet \u00e9olien des Chemins Picards"},"image":{"@id":"https:\/\/www.enertrag.fr\/chemins-picards\/#\/schema\/logo\/image\/"}}]}},"_links":{"self":[{"href":"https:\/\/www.enertrag.fr\/chemins-picards\/wp-json\/wp\/v2\/pages\/5","targetHints":{"allow":["GET"]}}],"collection":[{"href":"https:\/\/www.enertrag.fr\/chemins-picards\/wp-json\/wp\/v2\/pages"}],"about":[{"href":"https:\/\/www.enertrag.fr\/chemins-picards\/wp-json\/wp\/v2\/types\/page"}],"author":[{"embeddable":true,"href":"https:\/\/www.enertrag.fr\/chemins-picards\/wp-json\/wp\/v2\/users\/1"}],"replies":[{"embeddable":true,"href":"https:\/\/www.enertrag.fr\/chemins-picards\/wp-json\/wp\/v2\/comments?post=5"}],"version-history":[{"count":0,"href":"https:\/\/www.enertrag.fr\/chemins-picards\/wp-json\/wp\/v2\/pages\/5\/revisions"}],"wp:attachment":[{"href":"https:\/\/www.enertrag.fr\/chemins-picards\/wp-json\/wp\/v2\/media?parent=5"}],"curies":[{"name":"wp","href":"https:\/\/api.w.org\/{rel}","templated":true}]}}