{"id":62,"date":"2023-01-12T16:19:42","date_gmt":"2023-01-12T15:19:42","guid":{"rendered":"http:\/\/dev.parcs-eoliens-enertrag.fr\/bar-sur-aube\/?page_id=62"},"modified":"2025-09-29T10:14:39","modified_gmt":"2025-09-29T08:14:39","slug":"le-projet","status":"publish","type":"page","link":"https:\/\/www.enertrag.fr\/bar-sur-aube\/le-projet\/","title":{"rendered":"Le projet"},"content":{"rendered":"\t\t<div data-elementor-type=\"wp-page\" data-elementor-id=\"62\" class=\"elementor elementor-62\" data-elementor-settings=\"{&quot;ha_cmc_init_switcher&quot;:&quot;no&quot;}\" data-elementor-post-type=\"page\">\n\t\t\t\t\t\t<section class=\"elementor-section elementor-top-section elementor-element elementor-element-751ed69 elementor-section-boxed elementor-section-height-default elementor-section-height-default\" data-id=\"751ed69\" data-element_type=\"section\" data-e-type=\"section\" data-settings=\"{&quot;_ha_eqh_enable&quot;:false}\">\n\t\t\t\t\t\t<div class=\"elementor-container elementor-column-gap-default\">\n\t\t\t\t\t<div class=\"elementor-column elementor-col-100 elementor-top-column elementor-element elementor-element-2073217\" data-id=\"2073217\" data-element_type=\"column\" data-e-type=\"column\">\n\t\t\t<div class=\"elementor-widget-wrap elementor-element-populated\">\n\t\t\t\t\t\t<div class=\"elementor-element elementor-element-203c53f elementor-widget elementor-widget-heading\" data-id=\"203c53f\" data-element_type=\"widget\" data-e-type=\"widget\" data-widget_type=\"heading.default\">\n\t\t\t\t<div class=\"elementor-widget-container\">\n\t\t\t\t\t<h1 class=\"elementor-heading-title elementor-size-default\">Pr\u00e9sentation g\u00e9n\u00e9rale du projet<\/h1>\t\t\t\t<\/div>\n\t\t\t\t<\/div>\n\t\t\t\t\t<\/div>\n\t\t<\/div>\n\t\t\t\t\t<\/div>\n\t\t<\/section>\n\t\t\t\t<section class=\"elementor-section elementor-top-section elementor-element elementor-element-b80a461 elementor-section-boxed elementor-section-height-default elementor-section-height-default\" data-id=\"b80a461\" data-element_type=\"section\" data-e-type=\"section\" data-settings=\"{&quot;_ha_eqh_enable&quot;:false}\">\n\t\t\t\t\t\t<div class=\"elementor-container elementor-column-gap-default\">\n\t\t\t\t\t<div class=\"elementor-column elementor-col-100 elementor-top-column elementor-element elementor-element-6ed75cd\" data-id=\"6ed75cd\" data-element_type=\"column\" data-e-type=\"column\">\n\t\t\t<div class=\"elementor-widget-wrap elementor-element-populated\">\n\t\t\t\t\t\t<div class=\"elementor-element elementor-element-d863d4a elementor-widget elementor-widget-image\" data-id=\"d863d4a\" data-element_type=\"widget\" data-e-type=\"widget\" data-widget_type=\"image.default\">\n\t\t\t\t<div class=\"elementor-widget-container\">\n\t\t\t\t\t\t\t\t\t\t\t\t\t\t\t<img fetchpriority=\"high\" decoding=\"async\" width=\"2000\" height=\"1332\" src=\"https:\/\/www.enertrag.fr\/bar-sur-aube\/wp-content\/uploads\/sites\/4\/2023\/02\/DJI_0271.jpg\" class=\"attachment-full size-full wp-image-543\" alt=\"\" srcset=\"https:\/\/www.enertrag.fr\/bar-sur-aube\/wp-content\/uploads\/sites\/4\/2023\/02\/DJI_0271.jpg 2000w, https:\/\/www.enertrag.fr\/bar-sur-aube\/wp-content\/uploads\/sites\/4\/2023\/02\/DJI_0271-300x200.jpg 300w, https:\/\/www.enertrag.fr\/bar-sur-aube\/wp-content\/uploads\/sites\/4\/2023\/02\/DJI_0271-1024x682.jpg 1024w, https:\/\/www.enertrag.fr\/bar-sur-aube\/wp-content\/uploads\/sites\/4\/2023\/02\/DJI_0271-768x511.jpg 768w, https:\/\/www.enertrag.fr\/bar-sur-aube\/wp-content\/uploads\/sites\/4\/2023\/02\/DJI_0271-1536x1023.jpg 1536w\" sizes=\"(max-width: 2000px) 100vw, 2000px\" \/>\t\t\t\t\t\t\t\t\t\t\t\t\t\t\t<\/div>\n\t\t\t\t<\/div>\n\t\t\t\t\t<\/div>\n\t\t<\/div>\n\t\t\t\t\t<\/div>\n\t\t<\/section>\n\t\t\t\t<section class=\"elementor-section elementor-top-section elementor-element elementor-element-7df7962 elementor-section-boxed elementor-section-height-default elementor-section-height-default\" data-id=\"7df7962\" data-element_type=\"section\" data-e-type=\"section\" data-settings=\"{&quot;_ha_eqh_enable&quot;:false}\">\n\t\t\t\t\t\t<div class=\"elementor-container elementor-column-gap-default\">\n\t\t\t\t\t<div class=\"elementor-column elementor-col-100 elementor-top-column elementor-element elementor-element-9a9f41c\" data-id=\"9a9f41c\" data-element_type=\"column\" data-e-type=\"column\">\n\t\t\t<div class=\"elementor-widget-wrap elementor-element-populated\">\n\t\t\t\t\t\t<div class=\"elementor-element elementor-element-2032db3 elementor-widget elementor-widget-text-editor\" data-id=\"2032db3\" data-element_type=\"widget\" data-e-type=\"widget\" data-widget_type=\"text-editor.default\">\n\t\t\t\t<div class=\"elementor-widget-container\">\n\t\t\t\t\t\t\t\t\t<h2 lang=\"fr-FR\">Un projet photovolta\u00efque sur votre commune<\/h2><p>Le projet se situe sur la commune de Bar-sur-Aube, plus pr\u00e9cis\u00e9ment au lieu-dit<br \/>Le Tertre, entre la ligne de chemin de fer et la route d\u00e9partementale 396 (route de Bayel). Il s\u2019agit d\u2019un terrain priv\u00e9 et qui pr\u00e9sente toutes les qualit\u00e9s pour accueillir un parc photovolta\u00efque :<br \/>\u2022 Un terrain plat ;<br \/>\u2022 Pas de sources d\u2019ombrages proches ; <br \/>\u2022 D\u2019apr\u00e8s les \u00e9tudes environnementales en cours, le projet ne pr\u00e9sente pas d\u2019enjeux vis-\u00e0-vis de la biodiversit\u00e9 du site ;<br \/>\u2022 Le projet est compatible avec le Plan Local d\u2019Urbanisme ;<br \/>\u2022 Les conditions de raccordement au r\u00e9seau \u00e9lectrique sont favorables.<\/p>\t\t\t\t\t\t\t\t<\/div>\n\t\t\t\t<\/div>\n\t\t\t\t\t<\/div>\n\t\t<\/div>\n\t\t\t\t\t<\/div>\n\t\t<\/section>\n\t\t\t\t<section class=\"elementor-section elementor-top-section elementor-element elementor-element-3f05b72 elementor-section-boxed elementor-section-height-default elementor-section-height-default\" data-id=\"3f05b72\" data-element_type=\"section\" data-e-type=\"section\" data-settings=\"{&quot;background_background&quot;:&quot;classic&quot;,&quot;_ha_eqh_enable&quot;:false}\">\n\t\t\t\t\t\t<div class=\"elementor-container elementor-column-gap-default\">\n\t\t\t\t\t<div class=\"elementor-column elementor-col-100 elementor-top-column elementor-element elementor-element-b63cdf9\" data-id=\"b63cdf9\" data-element_type=\"column\" data-e-type=\"column\">\n\t\t\t<div class=\"elementor-widget-wrap elementor-element-populated\">\n\t\t\t\t\t\t<div class=\"elementor-element elementor-element-d96ede6 elementor-widget elementor-widget-text-editor\" data-id=\"d96ede6\" data-element_type=\"widget\" data-e-type=\"widget\" data-widget_type=\"text-editor.default\">\n\t\t\t\t<div class=\"elementor-widget-container\">\n\t\t\t\t\t\t\t\t\t<h2>Les chiffres cl\u00e9s<\/h2>\t\t\t\t\t\t\t\t<\/div>\n\t\t\t\t<\/div>\n\t\t\t\t\t<\/div>\n\t\t<\/div>\n\t\t\t\t\t<\/div>\n\t\t<\/section>\n\t\t\t\t<section class=\"elementor-section elementor-top-section elementor-element elementor-element-70ce655 elementor-section-boxed elementor-section-height-default elementor-section-height-default\" data-id=\"70ce655\" data-element_type=\"section\" data-e-type=\"section\" data-settings=\"{&quot;background_background&quot;:&quot;classic&quot;,&quot;_ha_eqh_enable&quot;:false}\">\n\t\t\t\t\t\t<div class=\"elementor-container elementor-column-gap-default\">\n\t\t\t\t\t<div class=\"elementor-column elementor-col-25 elementor-top-column elementor-element elementor-element-7f958ae\" data-id=\"7f958ae\" data-element_type=\"column\" data-e-type=\"column\">\n\t\t\t<div class=\"elementor-widget-wrap elementor-element-populated\">\n\t\t\t\t\t\t<div class=\"elementor-element elementor-element-2927aea elementor-widget elementor-widget-counter\" data-id=\"2927aea\" data-element_type=\"widget\" data-e-type=\"widget\" data-widget_type=\"counter.default\">\n\t\t\t\t<div class=\"elementor-widget-container\">\n\t\t\t\t\t\t\t<div class=\"elementor-counter\">\n\t\t\t<div class=\"elementor-counter-title\">MWh par an<\/div>\t\t\t<div class=\"elementor-counter-number-wrapper\">\n\t\t\t\t<span class=\"elementor-counter-number-prefix\"><\/span>\n\t\t\t\t<span class=\"elementor-counter-number\" data-duration=\"2000\" data-to-value=\"5600\" data-from-value=\"0\">0<\/span>\n\t\t\t\t<span class=\"elementor-counter-number-suffix\"><\/span>\n\t\t\t<\/div>\n\t\t<\/div>\n\t\t\t\t\t\t<\/div>\n\t\t\t\t<\/div>\n\t\t\t\t\t<\/div>\n\t\t<\/div>\n\t\t\t\t<div class=\"elementor-column elementor-col-25 elementor-top-column elementor-element elementor-element-05a7f02\" data-id=\"05a7f02\" data-element_type=\"column\" data-e-type=\"column\">\n\t\t\t<div class=\"elementor-widget-wrap elementor-element-populated\">\n\t\t\t\t\t\t<div class=\"elementor-element elementor-element-67e7ee3 elementor-widget elementor-widget-counter\" data-id=\"67e7ee3\" data-element_type=\"widget\" data-e-type=\"widget\" data-widget_type=\"counter.default\">\n\t\t\t\t<div class=\"elementor-widget-container\">\n\t\t\t\t\t\t\t<div class=\"elementor-counter\">\n\t\t\t<div class=\"elementor-counter-title\">Personnes aliment\u00e9es<\/div>\t\t\t<div class=\"elementor-counter-number-wrapper\">\n\t\t\t\t<span class=\"elementor-counter-number-prefix\"><\/span>\n\t\t\t\t<span class=\"elementor-counter-number\" data-duration=\"2000\" data-to-value=\"2400\" data-from-value=\"0\">0<\/span>\n\t\t\t\t<span class=\"elementor-counter-number-suffix\"><\/span>\n\t\t\t<\/div>\n\t\t<\/div>\n\t\t\t\t\t\t<\/div>\n\t\t\t\t<\/div>\n\t\t\t\t\t<\/div>\n\t\t<\/div>\n\t\t\t\t<div class=\"elementor-column elementor-col-25 elementor-top-column elementor-element elementor-element-043ac42\" data-id=\"043ac42\" data-element_type=\"column\" data-e-type=\"column\">\n\t\t\t<div class=\"elementor-widget-wrap elementor-element-populated\">\n\t\t\t\t\t\t<div class=\"elementor-element elementor-element-523772f elementor-widget elementor-widget-counter\" data-id=\"523772f\" data-element_type=\"widget\" data-e-type=\"widget\" data-widget_type=\"counter.default\">\n\t\t\t\t<div class=\"elementor-widget-container\">\n\t\t\t\t\t\t\t<div class=\"elementor-counter\">\n\t\t\t<div class=\"elementor-counter-title\">Hectares de terrain<\/div>\t\t\t<div class=\"elementor-counter-number-wrapper\">\n\t\t\t\t<span class=\"elementor-counter-number-prefix\"><\/span>\n\t\t\t\t<span class=\"elementor-counter-number\" data-duration=\"2000\" data-to-value=\"5.5\" data-from-value=\"0\">0<\/span>\n\t\t\t\t<span class=\"elementor-counter-number-suffix\"><\/span>\n\t\t\t<\/div>\n\t\t<\/div>\n\t\t\t\t\t\t<\/div>\n\t\t\t\t<\/div>\n\t\t\t\t\t<\/div>\n\t\t<\/div>\n\t\t\t\t<div class=\"elementor-column elementor-col-25 elementor-top-column elementor-element elementor-element-fe19dcf\" data-id=\"fe19dcf\" data-element_type=\"column\" data-e-type=\"column\">\n\t\t\t<div class=\"elementor-widget-wrap elementor-element-populated\">\n\t\t\t\t\t\t<div class=\"elementor-element elementor-element-ae3db02 elementor-widget elementor-widget-counter\" data-id=\"ae3db02\" data-element_type=\"widget\" data-e-type=\"widget\" data-widget_type=\"counter.default\">\n\t\t\t\t<div class=\"elementor-widget-container\">\n\t\t\t\t\t\t\t<div class=\"elementor-counter\">\n\t\t\t<div class=\"elementor-counter-title\">MWc de puissance<\/div>\t\t\t<div class=\"elementor-counter-number-wrapper\">\n\t\t\t\t<span class=\"elementor-counter-number-prefix\"><\/span>\n\t\t\t\t<span class=\"elementor-counter-number\" data-duration=\"2000\" data-to-value=\"5\" data-from-value=\"0\">0<\/span>\n\t\t\t\t<span class=\"elementor-counter-number-suffix\"><\/span>\n\t\t\t<\/div>\n\t\t<\/div>\n\t\t\t\t\t\t<\/div>\n\t\t\t\t<\/div>\n\t\t\t\t\t<\/div>\n\t\t<\/div>\n\t\t\t\t\t<\/div>\n\t\t<\/section>\n\t\t\t\t<section class=\"elementor-section elementor-top-section elementor-element elementor-element-b111ebe elementor-section-boxed elementor-section-height-default elementor-section-height-default\" data-id=\"b111ebe\" data-element_type=\"section\" data-e-type=\"section\" data-settings=\"{&quot;_ha_eqh_enable&quot;:false}\">\n\t\t\t\t\t\t<div class=\"elementor-container elementor-column-gap-default\">\n\t\t\t\t\t<div class=\"elementor-column elementor-col-100 elementor-top-column elementor-element elementor-element-4022f3e\" data-id=\"4022f3e\" data-element_type=\"column\" data-e-type=\"column\">\n\t\t\t<div class=\"elementor-widget-wrap elementor-element-populated\">\n\t\t\t\t\t\t<div class=\"elementor-element elementor-element-c83e58a elementor-widget elementor-widget-text-editor\" data-id=\"c83e58a\" data-element_type=\"widget\" data-e-type=\"widget\" data-widget_type=\"text-editor.default\">\n\t\t\t\t<div class=\"elementor-widget-container\">\n\t\t\t\t\t\t\t\t\t<h2>L\u2019avanc\u00e9e du projet<\/h2>\t\t\t\t\t\t\t\t<\/div>\n\t\t\t\t<\/div>\n\t\t\t\t\t<\/div>\n\t\t<\/div>\n\t\t\t\t\t<\/div>\n\t\t<\/section>\n\t\t\t\t<section class=\"elementor-section elementor-top-section elementor-element elementor-element-f7e752c elementor-section-boxed elementor-section-height-default elementor-section-height-default\" data-id=\"f7e752c\" data-element_type=\"section\" data-e-type=\"section\" data-settings=\"{&quot;_ha_eqh_enable&quot;:false}\">\n\t\t\t\t\t\t<div class=\"elementor-container elementor-column-gap-default\">\n\t\t\t\t\t<div class=\"elementor-column elementor-col-100 elementor-top-column elementor-element elementor-element-1ae68e3\" data-id=\"1ae68e3\" data-element_type=\"column\" data-e-type=\"column\">\n\t\t\t<div class=\"elementor-widget-wrap elementor-element-populated\">\n\t\t\t\t\t\t<div class=\"elementor-element elementor-element-f31f9df elementor-widget elementor-widget-image\" data-id=\"f31f9df\" data-element_type=\"widget\" data-e-type=\"widget\" data-widget_type=\"image.default\">\n\t\t\t\t<div class=\"elementor-widget-container\">\n\t\t\t\t\t\t\t\t\t\t\t\t\t\t\t<img decoding=\"async\" width=\"1123\" height=\"385\" src=\"https:\/\/www.enertrag.fr\/bar-sur-aube\/wp-content\/uploads\/sites\/4\/2023\/02\/Frise-chronologique.jpg\" class=\"attachment-full size-full wp-image-545\" alt=\"\" srcset=\"https:\/\/www.enertrag.fr\/bar-sur-aube\/wp-content\/uploads\/sites\/4\/2023\/02\/Frise-chronologique.jpg 1123w, https:\/\/www.enertrag.fr\/bar-sur-aube\/wp-content\/uploads\/sites\/4\/2023\/02\/Frise-chronologique-300x103.jpg 300w, https:\/\/www.enertrag.fr\/bar-sur-aube\/wp-content\/uploads\/sites\/4\/2023\/02\/Frise-chronologique-1024x351.jpg 1024w, https:\/\/www.enertrag.fr\/bar-sur-aube\/wp-content\/uploads\/sites\/4\/2023\/02\/Frise-chronologique-768x263.jpg 768w\" sizes=\"(max-width: 1123px) 100vw, 1123px\" \/>\t\t\t\t\t\t\t\t\t\t\t\t\t\t\t<\/div>\n\t\t\t\t<\/div>\n\t\t\t\t\t<\/div>\n\t\t<\/div>\n\t\t\t\t\t<\/div>\n\t\t<\/section>\n\t\t\t\t<section class=\"elementor-section elementor-top-section elementor-element elementor-element-ece96f2 elementor-section-boxed elementor-section-height-default elementor-section-height-default\" data-id=\"ece96f2\" data-element_type=\"section\" data-e-type=\"section\" data-settings=\"{&quot;_ha_eqh_enable&quot;:false}\">\n\t\t\t\t\t\t<div class=\"elementor-container elementor-column-gap-default\">\n\t\t\t\t\t<div class=\"elementor-column elementor-col-100 elementor-top-column elementor-element elementor-element-7ea5b2d\" data-id=\"7ea5b2d\" data-element_type=\"column\" data-e-type=\"column\">\n\t\t\t<div class=\"elementor-widget-wrap elementor-element-populated\">\n\t\t\t\t\t\t<div class=\"elementor-element elementor-element-26eac6d elementor-widget elementor-widget-text-editor\" data-id=\"26eac6d\" data-element_type=\"widget\" data-e-type=\"widget\" data-widget_type=\"text-editor.default\">\n\t\t\t\t<div class=\"elementor-widget-container\">\n\t\t\t\t\t\t\t\t\t<h2>Penser l\u2019agriculture autrement<\/h2>\t\t\t\t\t\t\t\t<\/div>\n\t\t\t\t<\/div>\n\t\t\t\t\t<\/div>\n\t\t<\/div>\n\t\t\t\t\t<\/div>\n\t\t<\/section>\n\t\t\t\t<section class=\"elementor-section elementor-top-section elementor-element elementor-element-68603c5 elementor-section-boxed elementor-section-height-default elementor-section-height-default\" data-id=\"68603c5\" data-element_type=\"section\" data-e-type=\"section\" data-settings=\"{&quot;_ha_eqh_enable&quot;:false}\">\n\t\t\t\t\t\t<div class=\"elementor-container elementor-column-gap-default\">\n\t\t\t\t\t<div class=\"elementor-column elementor-col-50 elementor-top-column elementor-element elementor-element-c623b6c\" data-id=\"c623b6c\" data-element_type=\"column\" data-e-type=\"column\">\n\t\t\t<div class=\"elementor-widget-wrap elementor-element-populated\">\n\t\t\t\t\t\t<div class=\"elementor-element elementor-element-027df77 elementor-widget elementor-widget-image\" data-id=\"027df77\" data-element_type=\"widget\" data-e-type=\"widget\" data-widget_type=\"image.default\">\n\t\t\t\t<div class=\"elementor-widget-container\">\n\t\t\t\t\t\t\t\t\t\t\t\t\t\t\t<img decoding=\"async\" width=\"1402\" height=\"935\" src=\"https:\/\/www.enertrag.fr\/bar-sur-aube\/wp-content\/uploads\/sites\/4\/2023\/02\/Agri-PV.jpg\" class=\"attachment-full size-full wp-image-551\" alt=\"\" srcset=\"https:\/\/www.enertrag.fr\/bar-sur-aube\/wp-content\/uploads\/sites\/4\/2023\/02\/Agri-PV.jpg 1402w, https:\/\/www.enertrag.fr\/bar-sur-aube\/wp-content\/uploads\/sites\/4\/2023\/02\/Agri-PV-300x200.jpg 300w, https:\/\/www.enertrag.fr\/bar-sur-aube\/wp-content\/uploads\/sites\/4\/2023\/02\/Agri-PV-1024x683.jpg 1024w, https:\/\/www.enertrag.fr\/bar-sur-aube\/wp-content\/uploads\/sites\/4\/2023\/02\/Agri-PV-768x512.jpg 768w\" sizes=\"(max-width: 1402px) 100vw, 1402px\" \/>\t\t\t\t\t\t\t\t\t\t\t\t\t\t\t<\/div>\n\t\t\t\t<\/div>\n\t\t\t\t\t<\/div>\n\t\t<\/div>\n\t\t\t\t<div class=\"elementor-column elementor-col-50 elementor-top-column elementor-element elementor-element-6addbfe\" data-id=\"6addbfe\" data-element_type=\"column\" data-e-type=\"column\">\n\t\t\t<div class=\"elementor-widget-wrap elementor-element-populated\">\n\t\t\t\t\t\t<div class=\"elementor-element elementor-element-d1999cf elementor-widget elementor-widget-text-editor\" data-id=\"d1999cf\" data-element_type=\"widget\" data-e-type=\"widget\" data-widget_type=\"text-editor.default\">\n\t\t\t\t<div class=\"elementor-widget-container\">\n\t\t\t\t\t\t\t\t\t<p><strong>ENERTRAG valorise l&rsquo;agriculture locale<\/strong>. Ainsi, nous avons pr\u00e9vu un p\u00e2turage du terrain par des moutons. Une double utilisation du sol qui b\u00e9n\u00e9ficie \u00e0 tous les partis !<\/p><p><br \/>Les moutons permettent d&rsquo;entretenir naturellement la v\u00e9g\u00e9tation sous les panneaux pendant que ceux-ci apportent une protection contre les intemp\u00e9ries et les fortes chaleurs aux moutons. <br \/>Un \u00e9quilibre id\u00e9al qui porte d\u00e9j\u00e0 ses fruits sur de nombreux projets partout en France.<\/p>\t\t\t\t\t\t\t\t<\/div>\n\t\t\t\t<\/div>\n\t\t\t\t\t<\/div>\n\t\t<\/div>\n\t\t\t\t\t<\/div>\n\t\t<\/section>\n\t\t\t\t<section class=\"elementor-section elementor-top-section elementor-element elementor-element-b2f3525 elementor-section-boxed elementor-section-height-default elementor-section-height-default\" data-id=\"b2f3525\" data-element_type=\"section\" data-e-type=\"section\" data-settings=\"{&quot;_ha_eqh_enable&quot;:false}\">\n\t\t\t\t\t\t<div class=\"elementor-container elementor-column-gap-default\">\n\t\t\t\t\t<div class=\"elementor-column elementor-col-100 elementor-top-column elementor-element elementor-element-7dd19bb\" data-id=\"7dd19bb\" data-element_type=\"column\" data-e-type=\"column\">\n\t\t\t<div class=\"elementor-widget-wrap elementor-element-populated\">\n\t\t\t\t\t\t<div class=\"elementor-element elementor-element-41407a3 elementor-widget elementor-widget-text-editor\" data-id=\"41407a3\" data-element_type=\"widget\" data-e-type=\"widget\" data-widget_type=\"text-editor.default\">\n\t\t\t\t<div class=\"elementor-widget-container\">\n\t\t\t\t\t\t\t\t\t<h2>O\u00f9 se situe le projet ?<\/h2>\t\t\t\t\t\t\t\t<\/div>\n\t\t\t\t<\/div>\n\t\t\t\t\t<\/div>\n\t\t<\/div>\n\t\t\t\t\t<\/div>\n\t\t<\/section>\n\t\t\t\t<section class=\"elementor-section elementor-top-section elementor-element elementor-element-eccc6b8 elementor-section-boxed elementor-section-height-default elementor-section-height-default\" data-id=\"eccc6b8\" data-element_type=\"section\" data-e-type=\"section\" data-settings=\"{&quot;_ha_eqh_enable&quot;:false}\">\n\t\t\t\t\t\t<div class=\"elementor-container elementor-column-gap-default\">\n\t\t\t\t\t<div class=\"elementor-column elementor-col-100 elementor-top-column elementor-element elementor-element-0993040\" data-id=\"0993040\" data-element_type=\"column\" data-e-type=\"column\">\n\t\t\t<div class=\"elementor-widget-wrap elementor-element-populated\">\n\t\t\t\t\t\t<div class=\"elementor-element elementor-element-df46130 elementor-widget elementor-widget-image\" data-id=\"df46130\" data-element_type=\"widget\" data-e-type=\"widget\" data-widget_type=\"image.default\">\n\t\t\t\t<div class=\"elementor-widget-container\">\n\t\t\t\t\t\t\t\t\t\t\t\t\t\t\t<img loading=\"lazy\" decoding=\"async\" width=\"2560\" height=\"1810\" src=\"https:\/\/www.enertrag.fr\/bar-sur-aube\/wp-content\/uploads\/sites\/4\/2023\/02\/Zone-implantation-proj-scaled.jpg\" class=\"attachment-full size-full wp-image-546\" alt=\"\" srcset=\"https:\/\/www.enertrag.fr\/bar-sur-aube\/wp-content\/uploads\/sites\/4\/2023\/02\/Zone-implantation-proj-scaled.jpg 2560w, https:\/\/www.enertrag.fr\/bar-sur-aube\/wp-content\/uploads\/sites\/4\/2023\/02\/Zone-implantation-proj-300x212.jpg 300w, https:\/\/www.enertrag.fr\/bar-sur-aube\/wp-content\/uploads\/sites\/4\/2023\/02\/Zone-implantation-proj-1024x724.jpg 1024w, https:\/\/www.enertrag.fr\/bar-sur-aube\/wp-content\/uploads\/sites\/4\/2023\/02\/Zone-implantation-proj-768x543.jpg 768w, https:\/\/www.enertrag.fr\/bar-sur-aube\/wp-content\/uploads\/sites\/4\/2023\/02\/Zone-implantation-proj-1536x1086.jpg 1536w, https:\/\/www.enertrag.fr\/bar-sur-aube\/wp-content\/uploads\/sites\/4\/2023\/02\/Zone-implantation-proj-2048x1448.jpg 2048w\" sizes=\"(max-width: 2560px) 100vw, 2560px\" \/>\t\t\t\t\t\t\t\t\t\t\t\t\t\t\t<\/div>\n\t\t\t\t<\/div>\n\t\t\t\t\t<\/div>\n\t\t<\/div>\n\t\t\t\t\t<\/div>\n\t\t<\/section>\n\t\t\t\t<\/div>\n\t\t","protected":false},"excerpt":{"rendered":"<p>Pr\u00e9sentation g\u00e9n\u00e9rale du projet Un projet photovolta\u00efque sur votre commune Le projet se situe sur la commune de Bar-sur-Aube, plus pr\u00e9cis\u00e9ment au lieu-ditLe Tertre, entre la ligne de chemin de fer et la route d\u00e9partementale 396 (route de Bayel). Il s\u2019agit d\u2019un terrain priv\u00e9 et qui pr\u00e9sente toutes les qualit\u00e9s pour accueillir un parc photovolta\u00efque [&hellip;]<\/p>\n","protected":false},"author":1,"featured_media":0,"parent":0,"menu_order":0,"comment_status":"closed","ping_status":"closed","template":"","meta":{"_acf_changed":false,"footnotes":""},"class_list":["post-62","page","type-page","status-publish","hentry"],"acf":[],"yoast_head":"<!-- This site is optimized with the Yoast SEO plugin v27.5 - https:\/\/yoast.com\/product\/yoast-seo-wordpress\/ -->\n<title>Le projet - Matrice<\/title>\n<meta name=\"robots\" content=\"index, follow, max-snippet:-1, max-image-preview:large, max-video-preview:-1\" \/>\n<link rel=\"canonical\" href=\"https:\/\/www.enertrag.fr\/bar-sur-aube\/le-projet\/\" \/>\n<meta property=\"og:locale\" content=\"fr_FR\" \/>\n<meta property=\"og:type\" content=\"article\" \/>\n<meta property=\"og:title\" content=\"Le projet - Matrice\" \/>\n<meta property=\"og:description\" content=\"Pr\u00e9sentation g\u00e9n\u00e9rale du projet Un projet photovolta\u00efque sur votre commune Le projet se situe sur la commune de Bar-sur-Aube, plus pr\u00e9cis\u00e9ment au lieu-ditLe Tertre, entre la ligne de chemin de fer et la route d\u00e9partementale 396 (route de Bayel). Il s\u2019agit d\u2019un terrain priv\u00e9 et qui pr\u00e9sente toutes les qualit\u00e9s pour accueillir un parc photovolta\u00efque [&hellip;]\" \/>\n<meta property=\"og:url\" content=\"https:\/\/www.enertrag.fr\/bar-sur-aube\/le-projet\/\" \/>\n<meta property=\"og:site_name\" content=\"Matrice\" \/>\n<meta property=\"article:modified_time\" content=\"2025-09-29T08:14:39+00:00\" \/>\n<meta property=\"og:image\" content=\"https:\/\/www.enertrag.fr\/bar-sur-aube\/wp-content\/uploads\/sites\/4\/2023\/02\/DJI_0271-1024x682.jpg\" \/>\n\t<meta property=\"og:image:width\" content=\"1024\" \/>\n\t<meta property=\"og:image:height\" content=\"682\" \/>\n\t<meta property=\"og:image:type\" content=\"image\/jpeg\" \/>\n<meta name=\"twitter:card\" content=\"summary_large_image\" \/>\n<meta name=\"twitter:label1\" content=\"Dur\u00e9e de lecture estim\u00e9e\" \/>\n\t<meta name=\"twitter:data1\" content=\"2 minutes\" \/>\n<script type=\"application\/ld+json\" class=\"yoast-schema-graph\">{\"@context\":\"https:\\\/\\\/schema.org\",\"@graph\":[{\"@type\":\"WebPage\",\"@id\":\"https:\\\/\\\/www.enertrag.fr\\\/bar-sur-aube\\\/le-projet\\\/\",\"url\":\"https:\\\/\\\/www.enertrag.fr\\\/bar-sur-aube\\\/le-projet\\\/\",\"name\":\"Le projet - Matrice\",\"isPartOf\":{\"@id\":\"https:\\\/\\\/www.enertrag.fr\\\/bar-sur-aube\\\/#website\"},\"primaryImageOfPage\":{\"@id\":\"https:\\\/\\\/www.enertrag.fr\\\/bar-sur-aube\\\/le-projet\\\/#primaryimage\"},\"image\":{\"@id\":\"https:\\\/\\\/www.enertrag.fr\\\/bar-sur-aube\\\/le-projet\\\/#primaryimage\"},\"thumbnailUrl\":\"https:\\\/\\\/www.enertrag.fr\\\/bar-sur-aube\\\/wp-content\\\/uploads\\\/sites\\\/4\\\/2023\\\/02\\\/DJI_0271.jpg\",\"datePublished\":\"2023-01-12T15:19:42+00:00\",\"dateModified\":\"2025-09-29T08:14:39+00:00\",\"breadcrumb\":{\"@id\":\"https:\\\/\\\/www.enertrag.fr\\\/bar-sur-aube\\\/le-projet\\\/#breadcrumb\"},\"inLanguage\":\"fr-FR\",\"potentialAction\":[{\"@type\":\"ReadAction\",\"target\":[\"https:\\\/\\\/www.enertrag.fr\\\/bar-sur-aube\\\/le-projet\\\/\"]}]},{\"@type\":\"ImageObject\",\"inLanguage\":\"fr-FR\",\"@id\":\"https:\\\/\\\/www.enertrag.fr\\\/bar-sur-aube\\\/le-projet\\\/#primaryimage\",\"url\":\"https:\\\/\\\/www.enertrag.fr\\\/bar-sur-aube\\\/wp-content\\\/uploads\\\/sites\\\/4\\\/2023\\\/02\\\/DJI_0271.jpg\",\"contentUrl\":\"https:\\\/\\\/www.enertrag.fr\\\/bar-sur-aube\\\/wp-content\\\/uploads\\\/sites\\\/4\\\/2023\\\/02\\\/DJI_0271.jpg\",\"width\":2000,\"height\":1332,\"caption\":\"Fotografien von der Photovoltaik Anlagen auf dem Feld in der Prignitz\"},{\"@type\":\"BreadcrumbList\",\"@id\":\"https:\\\/\\\/www.enertrag.fr\\\/bar-sur-aube\\\/le-projet\\\/#breadcrumb\",\"itemListElement\":[{\"@type\":\"ListItem\",\"position\":1,\"name\":\"Accueil\",\"item\":\"https:\\\/\\\/www.enertrag.fr\\\/bar-sur-aube\\\/\"},{\"@type\":\"ListItem\",\"position\":2,\"name\":\"Le projet\"}]},{\"@type\":\"WebSite\",\"@id\":\"https:\\\/\\\/www.enertrag.fr\\\/bar-sur-aube\\\/#website\",\"url\":\"https:\\\/\\\/www.enertrag.fr\\\/bar-sur-aube\\\/\",\"name\":\"Matrice\",\"description\":\"\",\"publisher\":{\"@id\":\"https:\\\/\\\/www.enertrag.fr\\\/bar-sur-aube\\\/#organization\"},\"potentialAction\":[{\"@type\":\"SearchAction\",\"target\":{\"@type\":\"EntryPoint\",\"urlTemplate\":\"https:\\\/\\\/www.enertrag.fr\\\/bar-sur-aube\\\/?s={search_term_string}\"},\"query-input\":{\"@type\":\"PropertyValueSpecification\",\"valueRequired\":true,\"valueName\":\"search_term_string\"}}],\"inLanguage\":\"fr-FR\"},{\"@type\":\"Organization\",\"@id\":\"https:\\\/\\\/www.enertrag.fr\\\/bar-sur-aube\\\/#organization\",\"name\":\"Matrice\",\"url\":\"https:\\\/\\\/www.enertrag.fr\\\/bar-sur-aube\\\/\",\"logo\":{\"@type\":\"ImageObject\",\"inLanguage\":\"fr-FR\",\"@id\":\"https:\\\/\\\/www.enertrag.fr\\\/bar-sur-aube\\\/#\\\/schema\\\/logo\\\/image\\\/\",\"url\":\"https:\\\/\\\/www.enertrag.fr\\\/bar-sur-aube\\\/wp-content\\\/uploads\\\/sites\\\/4\\\/2023\\\/01\\\/ENERTRAG_Logo.png\",\"contentUrl\":\"https:\\\/\\\/www.enertrag.fr\\\/bar-sur-aube\\\/wp-content\\\/uploads\\\/sites\\\/4\\\/2023\\\/01\\\/ENERTRAG_Logo.png\",\"width\":500,\"height\":161,\"caption\":\"Matrice\"},\"image\":{\"@id\":\"https:\\\/\\\/www.enertrag.fr\\\/bar-sur-aube\\\/#\\\/schema\\\/logo\\\/image\\\/\"}}]}<\/script>\n<!-- \/ Yoast SEO plugin. -->","yoast_head_json":{"title":"Le projet - Matrice","robots":{"index":"index","follow":"follow","max-snippet":"max-snippet:-1","max-image-preview":"max-image-preview:large","max-video-preview":"max-video-preview:-1"},"canonical":"https:\/\/www.enertrag.fr\/bar-sur-aube\/le-projet\/","og_locale":"fr_FR","og_type":"article","og_title":"Le projet - Matrice","og_description":"Pr\u00e9sentation g\u00e9n\u00e9rale du projet Un projet photovolta\u00efque sur votre commune Le projet se situe sur la commune de Bar-sur-Aube, plus pr\u00e9cis\u00e9ment au lieu-ditLe Tertre, entre la ligne de chemin de fer et la route d\u00e9partementale 396 (route de Bayel). Il s\u2019agit d\u2019un terrain priv\u00e9 et qui pr\u00e9sente toutes les qualit\u00e9s pour accueillir un parc photovolta\u00efque [&hellip;]","og_url":"https:\/\/www.enertrag.fr\/bar-sur-aube\/le-projet\/","og_site_name":"Matrice","article_modified_time":"2025-09-29T08:14:39+00:00","og_image":[{"width":1024,"height":682,"url":"https:\/\/www.enertrag.fr\/bar-sur-aube\/wp-content\/uploads\/sites\/4\/2023\/02\/DJI_0271-1024x682.jpg","type":"image\/jpeg"}],"twitter_card":"summary_large_image","twitter_misc":{"Dur\u00e9e de lecture estim\u00e9e":"2 minutes"},"schema":{"@context":"https:\/\/schema.org","@graph":[{"@type":"WebPage","@id":"https:\/\/www.enertrag.fr\/bar-sur-aube\/le-projet\/","url":"https:\/\/www.enertrag.fr\/bar-sur-aube\/le-projet\/","name":"Le projet - Matrice","isPartOf":{"@id":"https:\/\/www.enertrag.fr\/bar-sur-aube\/#website"},"primaryImageOfPage":{"@id":"https:\/\/www.enertrag.fr\/bar-sur-aube\/le-projet\/#primaryimage"},"image":{"@id":"https:\/\/www.enertrag.fr\/bar-sur-aube\/le-projet\/#primaryimage"},"thumbnailUrl":"https:\/\/www.enertrag.fr\/bar-sur-aube\/wp-content\/uploads\/sites\/4\/2023\/02\/DJI_0271.jpg","datePublished":"2023-01-12T15:19:42+00:00","dateModified":"2025-09-29T08:14:39+00:00","breadcrumb":{"@id":"https:\/\/www.enertrag.fr\/bar-sur-aube\/le-projet\/#breadcrumb"},"inLanguage":"fr-FR","potentialAction":[{"@type":"ReadAction","target":["https:\/\/www.enertrag.fr\/bar-sur-aube\/le-projet\/"]}]},{"@type":"ImageObject","inLanguage":"fr-FR","@id":"https:\/\/www.enertrag.fr\/bar-sur-aube\/le-projet\/#primaryimage","url":"https:\/\/www.enertrag.fr\/bar-sur-aube\/wp-content\/uploads\/sites\/4\/2023\/02\/DJI_0271.jpg","contentUrl":"https:\/\/www.enertrag.fr\/bar-sur-aube\/wp-content\/uploads\/sites\/4\/2023\/02\/DJI_0271.jpg","width":2000,"height":1332,"caption":"Fotografien von der Photovoltaik Anlagen auf dem Feld in der Prignitz"},{"@type":"BreadcrumbList","@id":"https:\/\/www.enertrag.fr\/bar-sur-aube\/le-projet\/#breadcrumb","itemListElement":[{"@type":"ListItem","position":1,"name":"Accueil","item":"https:\/\/www.enertrag.fr\/bar-sur-aube\/"},{"@type":"ListItem","position":2,"name":"Le projet"}]},{"@type":"WebSite","@id":"https:\/\/www.enertrag.fr\/bar-sur-aube\/#website","url":"https:\/\/www.enertrag.fr\/bar-sur-aube\/","name":"Matrice","description":"","publisher":{"@id":"https:\/\/www.enertrag.fr\/bar-sur-aube\/#organization"},"potentialAction":[{"@type":"SearchAction","target":{"@type":"EntryPoint","urlTemplate":"https:\/\/www.enertrag.fr\/bar-sur-aube\/?s={search_term_string}"},"query-input":{"@type":"PropertyValueSpecification","valueRequired":true,"valueName":"search_term_string"}}],"inLanguage":"fr-FR"},{"@type":"Organization","@id":"https:\/\/www.enertrag.fr\/bar-sur-aube\/#organization","name":"Matrice","url":"https:\/\/www.enertrag.fr\/bar-sur-aube\/","logo":{"@type":"ImageObject","inLanguage":"fr-FR","@id":"https:\/\/www.enertrag.fr\/bar-sur-aube\/#\/schema\/logo\/image\/","url":"https:\/\/www.enertrag.fr\/bar-sur-aube\/wp-content\/uploads\/sites\/4\/2023\/01\/ENERTRAG_Logo.png","contentUrl":"https:\/\/www.enertrag.fr\/bar-sur-aube\/wp-content\/uploads\/sites\/4\/2023\/01\/ENERTRAG_Logo.png","width":500,"height":161,"caption":"Matrice"},"image":{"@id":"https:\/\/www.enertrag.fr\/bar-sur-aube\/#\/schema\/logo\/image\/"}}]}},"_links":{"self":[{"href":"https:\/\/www.enertrag.fr\/bar-sur-aube\/wp-json\/wp\/v2\/pages\/62","targetHints":{"allow":["GET"]}}],"collection":[{"href":"https:\/\/www.enertrag.fr\/bar-sur-aube\/wp-json\/wp\/v2\/pages"}],"about":[{"href":"https:\/\/www.enertrag.fr\/bar-sur-aube\/wp-json\/wp\/v2\/types\/page"}],"author":[{"embeddable":true,"href":"https:\/\/www.enertrag.fr\/bar-sur-aube\/wp-json\/wp\/v2\/users\/1"}],"replies":[{"embeddable":true,"href":"https:\/\/www.enertrag.fr\/bar-sur-aube\/wp-json\/wp\/v2\/comments?post=62"}],"version-history":[{"count":0,"href":"https:\/\/www.enertrag.fr\/bar-sur-aube\/wp-json\/wp\/v2\/pages\/62\/revisions"}],"wp:attachment":[{"href":"https:\/\/www.enertrag.fr\/bar-sur-aube\/wp-json\/wp\/v2\/media?parent=62"}],"curies":[{"name":"wp","href":"https:\/\/api.w.org\/{rel}","templated":true}]}}