{"id":5,"date":"2023-01-10T12:26:09","date_gmt":"2023-01-10T11:26:09","guid":{"rendered":"http:\/\/dev.parcs-eoliens-enertrag.fr\/testy\/?page_id=5"},"modified":"2025-09-29T11:23:18","modified_gmt":"2025-09-29T09:23:18","slug":"attente","status":"publish","type":"page","link":"https:\/\/www.enertrag.fr\/bar-sur-aube\/","title":{"rendered":"Accueil"},"content":{"rendered":"<h1>PROJET PHOTOVOLTA\u00cfQUE DE BAR-SUR-AUBE<\/h1>\n<p>\t\t\t\t\t\t\t\t\t\t\t\t\t\t\t<img loading=\"lazy\" decoding=\"async\" width=\"2560\" height=\"575\" src=\"https:\/\/www.enertrag.fr\/bar-sur-aube\/wp-content\/uploads\/sites\/4\/2023\/02\/image-home_photovoltaique_2.jpg\" alt=\"\" loading=\"lazy\" srcset=\"https:\/\/www.enertrag.fr\/bar-sur-aube\/wp-content\/uploads\/sites\/4\/2023\/02\/image-home_photovoltaique_2.jpg 2560w, https:\/\/www.enertrag.fr\/bar-sur-aube\/wp-content\/uploads\/sites\/4\/2023\/02\/image-home_photovoltaique_2-300x67.jpg 300w, https:\/\/www.enertrag.fr\/bar-sur-aube\/wp-content\/uploads\/sites\/4\/2023\/02\/image-home_photovoltaique_2-1024x230.jpg 1024w, https:\/\/www.enertrag.fr\/bar-sur-aube\/wp-content\/uploads\/sites\/4\/2023\/02\/image-home_photovoltaique_2-768x173.jpg 768w, https:\/\/www.enertrag.fr\/bar-sur-aube\/wp-content\/uploads\/sites\/4\/2023\/02\/image-home_photovoltaique_2-1536x345.jpg 1536w, https:\/\/www.enertrag.fr\/bar-sur-aube\/wp-content\/uploads\/sites\/4\/2023\/02\/image-home_photovoltaique_2-2048x460.jpg 2048w\" sizes=\"auto, (max-width: 2560px) 100vw, 2560px\" \/><br \/>\n\t\t\t\t\t\t\t\t\t\t\t\t\t\t\t<img loading=\"lazy\" decoding=\"async\" width=\"768\" height=\"680\" src=\"https:\/\/www.enertrag.fr\/bar-sur-aube\/wp-content\/uploads\/sites\/4\/2023\/02\/illustration_photovoltaique-768x680.png\" alt=\"\" loading=\"lazy\" srcset=\"https:\/\/www.enertrag.fr\/bar-sur-aube\/wp-content\/uploads\/sites\/4\/2023\/02\/illustration_photovoltaique-768x680.png 768w, https:\/\/www.enertrag.fr\/bar-sur-aube\/wp-content\/uploads\/sites\/4\/2023\/02\/illustration_photovoltaique-300x266.png 300w, https:\/\/www.enertrag.fr\/bar-sur-aube\/wp-content\/uploads\/sites\/4\/2023\/02\/illustration_photovoltaique.png 835w\" sizes=\"auto, (max-width: 768px) 100vw, 768px\" \/>\t\t\t\t\t\t\t\t\t\t\t\t\t\t\t<\/p>\n<h2 style=\"text-align: center;\">Le projet en Bref<\/h2>\n<p>ENERTRAG est d\u00e9j\u00e0 pr\u00e9sente dans la r\u00e9gion Grand-Est puisque la soci\u00e9t\u00e9 y a install\u00e9 2 parcs \u00e9oliens dans les d\u00e9partements de <strong>la Marne<\/strong> et <strong>des Ardennes<\/strong> et a \u00e9galement obtenu le permis de construire pour la construction d\u2019une centrale photovolta\u00efque au sol dans les Ardennes.<\/p>\n<p>\t\t\t<a href=\"https:\/\/www.enertrag.fr\/bar-sur-aube\/le-projet\/\" role=\"button\"><br \/>\n\t\t\t\t\t\tD\u00e9couvrir le projet<br \/>\n\t\t\t\t\t<\/a><\/p>\n<h2 style=\"text-align: center;\">Les actualit\u00e9s<\/h2>\n<p>\t\t\t<a href=\"https:\/\/www.enertrag.fr\/bar-sur-aube\/actualites\/\" role=\"button\"><br \/>\n\t\t\t\t\t\tVoir toutes les actualit\u00e9s<br \/>\n\t\t\t\t\t<\/a><\/p>\n","protected":false},"excerpt":{"rendered":"<p>PROJET PHOTOVOLTA\u00cfQUE DE BAR-SUR-AUBE Le projet en Bref ENERTRAG est d\u00e9j\u00e0 pr\u00e9sente dans la r\u00e9gion Grand-Est puisque la soci\u00e9t\u00e9 y a install\u00e9 2 parcs \u00e9oliens dans les d\u00e9partements de la Marne et des Ardennes et a \u00e9galement obtenu le permis de construire pour la construction d\u2019une centrale photovolta\u00efque au sol dans les Ardennes. D\u00e9couvrir le [&hellip;]<\/p>\n","protected":false},"author":1,"featured_media":0,"parent":0,"menu_order":0,"comment_status":"closed","ping_status":"closed","template":"","meta":{"_acf_changed":false,"footnotes":""},"class_list":["post-5","page","type-page","status-publish","hentry"],"acf":[],"yoast_head":"<!-- This site is optimized with the Yoast SEO plugin v27.5 - https:\/\/yoast.com\/product\/yoast-seo-wordpress\/ -->\n<title>Accueil - Matrice<\/title>\n<meta name=\"robots\" content=\"index, follow, max-snippet:-1, max-image-preview:large, max-video-preview:-1\" \/>\n<link rel=\"canonical\" href=\"https:\/\/www.enertrag.fr\/bar-sur-aube\/\" \/>\n<meta property=\"og:locale\" content=\"fr_FR\" \/>\n<meta property=\"og:type\" content=\"article\" \/>\n<meta property=\"og:title\" content=\"Accueil - Matrice\" \/>\n<meta property=\"og:description\" content=\"PROJET PHOTOVOLTA\u00cfQUE DE BAR-SUR-AUBE Le projet en Bref ENERTRAG est d\u00e9j\u00e0 pr\u00e9sente dans la r\u00e9gion Grand-Est puisque la soci\u00e9t\u00e9 y a install\u00e9 2 parcs \u00e9oliens dans les d\u00e9partements de la Marne et des Ardennes et a \u00e9galement obtenu le permis de construire pour la construction d\u2019une centrale photovolta\u00efque au sol dans les Ardennes. D\u00e9couvrir le [&hellip;]\" \/>\n<meta property=\"og:url\" content=\"https:\/\/www.enertrag.fr\/bar-sur-aube\/\" \/>\n<meta property=\"og:site_name\" content=\"Matrice\" \/>\n<meta property=\"article:modified_time\" content=\"2025-09-29T09:23:18+00:00\" \/>\n<meta property=\"og:image\" content=\"https:\/\/www.enertrag.fr\/bar-sur-aube\/wp-content\/uploads\/sites\/4\/2023\/02\/image-home_photovoltaique_2.jpg\" \/>\n<meta name=\"twitter:card\" content=\"summary_large_image\" \/>\n<meta name=\"twitter:label1\" content=\"Dur\u00e9e de lecture estim\u00e9e\" \/>\n\t<meta name=\"twitter:data1\" content=\"1 minute\" \/>\n<script type=\"application\/ld+json\" class=\"yoast-schema-graph\">{\"@context\":\"https:\\\/\\\/schema.org\",\"@graph\":[{\"@type\":\"WebPage\",\"@id\":\"https:\\\/\\\/www.enertrag.fr\\\/bar-sur-aube\\\/\",\"url\":\"https:\\\/\\\/www.enertrag.fr\\\/bar-sur-aube\\\/\",\"name\":\"Accueil - Matrice\",\"isPartOf\":{\"@id\":\"https:\\\/\\\/www.enertrag.fr\\\/bar-sur-aube\\\/#website\"},\"primaryImageOfPage\":{\"@id\":\"https:\\\/\\\/www.enertrag.fr\\\/bar-sur-aube\\\/#primaryimage\"},\"image\":{\"@id\":\"https:\\\/\\\/www.enertrag.fr\\\/bar-sur-aube\\\/#primaryimage\"},\"thumbnailUrl\":\"https:\\\/\\\/www.enertrag.fr\\\/bar-sur-aube\\\/wp-content\\\/uploads\\\/sites\\\/4\\\/2023\\\/02\\\/image-home_photovoltaique_2.jpg\",\"datePublished\":\"2023-01-10T11:26:09+00:00\",\"dateModified\":\"2025-09-29T09:23:18+00:00\",\"breadcrumb\":{\"@id\":\"https:\\\/\\\/www.enertrag.fr\\\/bar-sur-aube\\\/#breadcrumb\"},\"inLanguage\":\"fr-FR\",\"potentialAction\":[{\"@type\":\"ReadAction\",\"target\":[\"https:\\\/\\\/www.enertrag.fr\\\/bar-sur-aube\\\/\"]}]},{\"@type\":\"ImageObject\",\"inLanguage\":\"fr-FR\",\"@id\":\"https:\\\/\\\/www.enertrag.fr\\\/bar-sur-aube\\\/#primaryimage\",\"url\":\"https:\\\/\\\/www.enertrag.fr\\\/bar-sur-aube\\\/wp-content\\\/uploads\\\/sites\\\/4\\\/2023\\\/02\\\/image-home_photovoltaique_2.jpg\",\"contentUrl\":\"https:\\\/\\\/www.enertrag.fr\\\/bar-sur-aube\\\/wp-content\\\/uploads\\\/sites\\\/4\\\/2023\\\/02\\\/image-home_photovoltaique_2.jpg\",\"width\":2560,\"height\":575},{\"@type\":\"BreadcrumbList\",\"@id\":\"https:\\\/\\\/www.enertrag.fr\\\/bar-sur-aube\\\/#breadcrumb\",\"itemListElement\":[{\"@type\":\"ListItem\",\"position\":1,\"name\":\"Accueil\",\"item\":\"https:\\\/\\\/www.enertrag.fr\\\/bar-sur-aube\\\/\"},{\"@type\":\"ListItem\",\"position\":2,\"name\":\"Accueil\"}]},{\"@type\":\"WebSite\",\"@id\":\"https:\\\/\\\/www.enertrag.fr\\\/bar-sur-aube\\\/#website\",\"url\":\"https:\\\/\\\/www.enertrag.fr\\\/bar-sur-aube\\\/\",\"name\":\"Matrice\",\"description\":\"\",\"publisher\":{\"@id\":\"https:\\\/\\\/www.enertrag.fr\\\/bar-sur-aube\\\/#organization\"},\"potentialAction\":[{\"@type\":\"SearchAction\",\"target\":{\"@type\":\"EntryPoint\",\"urlTemplate\":\"https:\\\/\\\/www.enertrag.fr\\\/bar-sur-aube\\\/?s={search_term_string}\"},\"query-input\":{\"@type\":\"PropertyValueSpecification\",\"valueRequired\":true,\"valueName\":\"search_term_string\"}}],\"inLanguage\":\"fr-FR\"},{\"@type\":\"Organization\",\"@id\":\"https:\\\/\\\/www.enertrag.fr\\\/bar-sur-aube\\\/#organization\",\"name\":\"Matrice\",\"url\":\"https:\\\/\\\/www.enertrag.fr\\\/bar-sur-aube\\\/\",\"logo\":{\"@type\":\"ImageObject\",\"inLanguage\":\"fr-FR\",\"@id\":\"https:\\\/\\\/www.enertrag.fr\\\/bar-sur-aube\\\/#\\\/schema\\\/logo\\\/image\\\/\",\"url\":\"https:\\\/\\\/www.enertrag.fr\\\/bar-sur-aube\\\/wp-content\\\/uploads\\\/sites\\\/4\\\/2023\\\/01\\\/ENERTRAG_Logo.png\",\"contentUrl\":\"https:\\\/\\\/www.enertrag.fr\\\/bar-sur-aube\\\/wp-content\\\/uploads\\\/sites\\\/4\\\/2023\\\/01\\\/ENERTRAG_Logo.png\",\"width\":500,\"height\":161,\"caption\":\"Matrice\"},\"image\":{\"@id\":\"https:\\\/\\\/www.enertrag.fr\\\/bar-sur-aube\\\/#\\\/schema\\\/logo\\\/image\\\/\"}}]}<\/script>\n<!-- \/ Yoast SEO plugin. -->","yoast_head_json":{"title":"Accueil - Matrice","robots":{"index":"index","follow":"follow","max-snippet":"max-snippet:-1","max-image-preview":"max-image-preview:large","max-video-preview":"max-video-preview:-1"},"canonical":"https:\/\/www.enertrag.fr\/bar-sur-aube\/","og_locale":"fr_FR","og_type":"article","og_title":"Accueil - Matrice","og_description":"PROJET PHOTOVOLTA\u00cfQUE DE BAR-SUR-AUBE Le projet en Bref ENERTRAG est d\u00e9j\u00e0 pr\u00e9sente dans la r\u00e9gion Grand-Est puisque la soci\u00e9t\u00e9 y a install\u00e9 2 parcs \u00e9oliens dans les d\u00e9partements de la Marne et des Ardennes et a \u00e9galement obtenu le permis de construire pour la construction d\u2019une centrale photovolta\u00efque au sol dans les Ardennes. D\u00e9couvrir le [&hellip;]","og_url":"https:\/\/www.enertrag.fr\/bar-sur-aube\/","og_site_name":"Matrice","article_modified_time":"2025-09-29T09:23:18+00:00","og_image":[{"url":"https:\/\/www.enertrag.fr\/bar-sur-aube\/wp-content\/uploads\/sites\/4\/2023\/02\/image-home_photovoltaique_2.jpg","type":"","width":"","height":""}],"twitter_card":"summary_large_image","twitter_misc":{"Dur\u00e9e de lecture estim\u00e9e":"1 minute"},"schema":{"@context":"https:\/\/schema.org","@graph":[{"@type":"WebPage","@id":"https:\/\/www.enertrag.fr\/bar-sur-aube\/","url":"https:\/\/www.enertrag.fr\/bar-sur-aube\/","name":"Accueil - Matrice","isPartOf":{"@id":"https:\/\/www.enertrag.fr\/bar-sur-aube\/#website"},"primaryImageOfPage":{"@id":"https:\/\/www.enertrag.fr\/bar-sur-aube\/#primaryimage"},"image":{"@id":"https:\/\/www.enertrag.fr\/bar-sur-aube\/#primaryimage"},"thumbnailUrl":"https:\/\/www.enertrag.fr\/bar-sur-aube\/wp-content\/uploads\/sites\/4\/2023\/02\/image-home_photovoltaique_2.jpg","datePublished":"2023-01-10T11:26:09+00:00","dateModified":"2025-09-29T09:23:18+00:00","breadcrumb":{"@id":"https:\/\/www.enertrag.fr\/bar-sur-aube\/#breadcrumb"},"inLanguage":"fr-FR","potentialAction":[{"@type":"ReadAction","target":["https:\/\/www.enertrag.fr\/bar-sur-aube\/"]}]},{"@type":"ImageObject","inLanguage":"fr-FR","@id":"https:\/\/www.enertrag.fr\/bar-sur-aube\/#primaryimage","url":"https:\/\/www.enertrag.fr\/bar-sur-aube\/wp-content\/uploads\/sites\/4\/2023\/02\/image-home_photovoltaique_2.jpg","contentUrl":"https:\/\/www.enertrag.fr\/bar-sur-aube\/wp-content\/uploads\/sites\/4\/2023\/02\/image-home_photovoltaique_2.jpg","width":2560,"height":575},{"@type":"BreadcrumbList","@id":"https:\/\/www.enertrag.fr\/bar-sur-aube\/#breadcrumb","itemListElement":[{"@type":"ListItem","position":1,"name":"Accueil","item":"https:\/\/www.enertrag.fr\/bar-sur-aube\/"},{"@type":"ListItem","position":2,"name":"Accueil"}]},{"@type":"WebSite","@id":"https:\/\/www.enertrag.fr\/bar-sur-aube\/#website","url":"https:\/\/www.enertrag.fr\/bar-sur-aube\/","name":"Matrice","description":"","publisher":{"@id":"https:\/\/www.enertrag.fr\/bar-sur-aube\/#organization"},"potentialAction":[{"@type":"SearchAction","target":{"@type":"EntryPoint","urlTemplate":"https:\/\/www.enertrag.fr\/bar-sur-aube\/?s={search_term_string}"},"query-input":{"@type":"PropertyValueSpecification","valueRequired":true,"valueName":"search_term_string"}}],"inLanguage":"fr-FR"},{"@type":"Organization","@id":"https:\/\/www.enertrag.fr\/bar-sur-aube\/#organization","name":"Matrice","url":"https:\/\/www.enertrag.fr\/bar-sur-aube\/","logo":{"@type":"ImageObject","inLanguage":"fr-FR","@id":"https:\/\/www.enertrag.fr\/bar-sur-aube\/#\/schema\/logo\/image\/","url":"https:\/\/www.enertrag.fr\/bar-sur-aube\/wp-content\/uploads\/sites\/4\/2023\/01\/ENERTRAG_Logo.png","contentUrl":"https:\/\/www.enertrag.fr\/bar-sur-aube\/wp-content\/uploads\/sites\/4\/2023\/01\/ENERTRAG_Logo.png","width":500,"height":161,"caption":"Matrice"},"image":{"@id":"https:\/\/www.enertrag.fr\/bar-sur-aube\/#\/schema\/logo\/image\/"}}]}},"_links":{"self":[{"href":"https:\/\/www.enertrag.fr\/bar-sur-aube\/wp-json\/wp\/v2\/pages\/5","targetHints":{"allow":["GET"]}}],"collection":[{"href":"https:\/\/www.enertrag.fr\/bar-sur-aube\/wp-json\/wp\/v2\/pages"}],"about":[{"href":"https:\/\/www.enertrag.fr\/bar-sur-aube\/wp-json\/wp\/v2\/types\/page"}],"author":[{"embeddable":true,"href":"https:\/\/www.enertrag.fr\/bar-sur-aube\/wp-json\/wp\/v2\/users\/1"}],"replies":[{"embeddable":true,"href":"https:\/\/www.enertrag.fr\/bar-sur-aube\/wp-json\/wp\/v2\/comments?post=5"}],"version-history":[{"count":0,"href":"https:\/\/www.enertrag.fr\/bar-sur-aube\/wp-json\/wp\/v2\/pages\/5\/revisions"}],"wp:attachment":[{"href":"https:\/\/www.enertrag.fr\/bar-sur-aube\/wp-json\/wp\/v2\/media?parent=5"}],"curies":[{"name":"wp","href":"https:\/\/api.w.org\/{rel}","templated":true}]}}