{"id":64,"date":"2023-01-12T16:19:59","date_gmt":"2023-01-12T15:19:59","guid":{"rendered":"http:\/\/dev.parcs-eoliens-enertrag.fr\/balossiers\/?page_id=64"},"modified":"2023-07-05T11:44:00","modified_gmt":"2023-07-05T09:44:00","slug":"la-concertation","status":"publish","type":"page","link":"https:\/\/www.enertrag.fr\/balossiers\/la-concertation\/","title":{"rendered":"La concertation"},"content":{"rendered":"\t\t<div data-elementor-type=\"wp-page\" data-elementor-id=\"64\" class=\"elementor elementor-64\" data-elementor-settings=\"{&quot;ha_cmc_init_switcher&quot;:&quot;no&quot;}\" data-elementor-post-type=\"page\">\n\t\t\t\t\t\t<section class=\"elementor-section elementor-top-section elementor-element elementor-element-52803b0 elementor-section-boxed elementor-section-height-default elementor-section-height-default\" data-id=\"52803b0\" data-element_type=\"section\" data-e-type=\"section\" data-settings=\"{&quot;_ha_eqh_enable&quot;:false}\">\n\t\t\t\t\t\t<div class=\"elementor-container elementor-column-gap-default\">\n\t\t\t\t\t<div class=\"elementor-column elementor-col-100 elementor-top-column elementor-element elementor-element-db6abf0\" data-id=\"db6abf0\" data-element_type=\"column\" data-e-type=\"column\">\n\t\t\t<div class=\"elementor-widget-wrap elementor-element-populated\">\n\t\t\t\t\t\t<div class=\"elementor-element elementor-element-df713a9 elementor-widget elementor-widget-heading\" data-id=\"df713a9\" data-element_type=\"widget\" data-e-type=\"widget\" data-widget_type=\"heading.default\">\n\t\t\t\t<div class=\"elementor-widget-container\">\n\t\t\t\t\t<h1 class=\"elementor-heading-title elementor-size-default\">La concertation\n<\/h1>\t\t\t\t<\/div>\n\t\t\t\t<\/div>\n\t\t\t\t<div class=\"elementor-element elementor-element-0d539ac elementor-widget elementor-widget-text-editor\" data-id=\"0d539ac\" data-element_type=\"widget\" data-e-type=\"widget\" data-widget_type=\"text-editor.default\">\n\t\t\t\t<div class=\"elementor-widget-container\">\n\t\t\t\t\t\t\t\t\t<h2 style=\"text-align: center;\">Participation du public et dialogue territorial<\/h2>\t\t\t\t\t\t\t\t<\/div>\n\t\t\t\t<\/div>\n\t\t\t\t\t<\/div>\n\t\t<\/div>\n\t\t\t\t\t<\/div>\n\t\t<\/section>\n\t\t\t\t<section class=\"elementor-section elementor-top-section elementor-element elementor-element-33d7e41 elementor-section-boxed elementor-section-height-default elementor-section-height-default\" data-id=\"33d7e41\" data-element_type=\"section\" data-e-type=\"section\" data-settings=\"{&quot;_ha_eqh_enable&quot;:false}\">\n\t\t\t\t\t\t<div class=\"elementor-container elementor-column-gap-default\">\n\t\t\t\t\t<div class=\"elementor-column elementor-col-100 elementor-top-column elementor-element elementor-element-f431698\" data-id=\"f431698\" data-element_type=\"column\" data-e-type=\"column\">\n\t\t\t<div class=\"elementor-widget-wrap elementor-element-populated\">\n\t\t\t\t\t\t<div class=\"elementor-element elementor-element-8a063db elementor-widget elementor-widget-image\" data-id=\"8a063db\" data-element_type=\"widget\" data-e-type=\"widget\" data-widget_type=\"image.default\">\n\t\t\t\t<div class=\"elementor-widget-container\">\n\t\t\t\t\t\t\t\t\t\t\t\t\t\t\t<img fetchpriority=\"high\" decoding=\"async\" width=\"763\" height=\"403\" src=\"https:\/\/www.enertrag.fr\/balossiers\/wp-content\/uploads\/sites\/7\/2023\/01\/bandeau-header-concertation.png\" class=\"attachment-full size-full wp-image-323\" alt=\"\" srcset=\"https:\/\/www.enertrag.fr\/balossiers\/wp-content\/uploads\/sites\/7\/2023\/01\/bandeau-header-concertation.png 763w, https:\/\/www.enertrag.fr\/balossiers\/wp-content\/uploads\/sites\/7\/2023\/01\/bandeau-header-concertation-300x158.png 300w\" sizes=\"(max-width: 763px) 100vw, 763px\" \/>\t\t\t\t\t\t\t\t\t\t\t\t\t\t\t<\/div>\n\t\t\t\t<\/div>\n\t\t\t\t\t<\/div>\n\t\t<\/div>\n\t\t\t\t\t<\/div>\n\t\t<\/section>\n\t\t\t\t<section class=\"elementor-section elementor-top-section elementor-element elementor-element-bf4c09f elementor-section-boxed elementor-section-height-default elementor-section-height-default\" data-id=\"bf4c09f\" data-element_type=\"section\" data-e-type=\"section\" data-settings=\"{&quot;_ha_eqh_enable&quot;:false}\">\n\t\t\t\t\t\t<div class=\"elementor-container elementor-column-gap-default\">\n\t\t\t\t\t<div class=\"elementor-column elementor-col-100 elementor-top-column elementor-element elementor-element-571863d\" data-id=\"571863d\" data-element_type=\"column\" data-e-type=\"column\">\n\t\t\t<div class=\"elementor-widget-wrap elementor-element-populated\">\n\t\t\t\t\t\t<div class=\"elementor-element elementor-element-39c8c2c elementor-widget elementor-widget-menu-anchor\" data-id=\"39c8c2c\" data-element_type=\"widget\" data-e-type=\"widget\" data-widget_type=\"menu-anchor.default\">\n\t\t\t\t<div class=\"elementor-widget-container\">\n\t\t\t\t\t\t\t<div class=\"elementor-menu-anchor\" id=\"objectifs\"><\/div>\n\t\t\t\t\t\t<\/div>\n\t\t\t\t<\/div>\n\t\t\t\t<div class=\"elementor-element elementor-element-aaf6fd5 elementor-widget elementor-widget-text-editor\" data-id=\"aaf6fd5\" data-element_type=\"widget\" data-e-type=\"widget\" data-widget_type=\"text-editor.default\">\n\t\t\t\t<div class=\"elementor-widget-container\">\n\t\t\t\t\t\t\t\t\t<h2>Les objectifs de la concertation<\/h2><p>Au titre du Code de l\u2019environnement, la participation du public est tr\u00e8s encadr\u00e9e. Dans le cadre du d\u00e9veloppement d\u2019un projet de parc \u00e9olien qui a le statut ICPE (Installation Class\u00e9e pour la Protection de l\u2019Environnement), le public peut participer et en \u00e9mettant son avis durant la phase obligatoire d\u2019enqu\u00eate publique. A l\u2019issue de cette enqu\u00eate, le porteur de projet doit r\u00e9pondre aux questions et avis \u00e9mis par le public \u00e0 travers un document bilan. Le commissaire enqu\u00eateur, apr\u00e8s avoir pris connaissance des avis et des r\u00e9ponses apport\u00e9es par le porteur de projet, \u00e9met un avis favorable ou d\u00e9favorable au projet que le pr\u00e9fet appr\u00e9ciera.<\/p><p>Des permanences publiques en mairie de Renneville ont \u00e9t\u00e9 r\u00e9alis\u00e9es aux dates suivantes :<br \/><strong>\u2022 lundi 15 mars 2021 de 16h \u00e0 18h<\/strong><br \/><strong>\u2022 vendredi 26 mars 2021 de 16h \u00e0 18h<\/strong><br \/><strong>\u2022 samedi 10 avril 2021 de 10h \u00e0 12h<\/strong><br \/><strong>\u2022 vendredi 16 avril 2021 de 17h \u00e0 19h<\/strong><\/p>\t\t\t\t\t\t\t\t<\/div>\n\t\t\t\t<\/div>\n\t\t\t\t\t<\/div>\n\t\t<\/div>\n\t\t\t\t\t<\/div>\n\t\t<\/section>\n\t\t\t\t<section class=\"elementor-section elementor-top-section elementor-element elementor-element-39c2769 elementor-section-boxed elementor-section-height-default elementor-section-height-default\" data-id=\"39c2769\" data-element_type=\"section\" data-e-type=\"section\" data-settings=\"{&quot;_ha_eqh_enable&quot;:false}\">\n\t\t\t\t\t\t<div class=\"elementor-container elementor-column-gap-default\">\n\t\t\t\t\t<div class=\"elementor-column elementor-col-100 elementor-top-column elementor-element elementor-element-094b952\" data-id=\"094b952\" data-element_type=\"column\" data-e-type=\"column\">\n\t\t\t<div class=\"elementor-widget-wrap elementor-element-populated\">\n\t\t\t\t\t\t<div class=\"elementor-element elementor-element-19b5ede elementor-widget elementor-widget-menu-anchor\" data-id=\"19b5ede\" data-element_type=\"widget\" data-e-type=\"widget\" data-widget_type=\"menu-anchor.default\">\n\t\t\t\t<div class=\"elementor-widget-container\">\n\t\t\t\t\t\t\t<div class=\"elementor-menu-anchor\" id=\"documents\"><\/div>\n\t\t\t\t\t\t<\/div>\n\t\t\t\t<\/div>\n\t\t\t\t<div class=\"elementor-element elementor-element-628cc92 elementor-widget elementor-widget-heading\" data-id=\"628cc92\" data-element_type=\"widget\" data-e-type=\"widget\" data-widget_type=\"heading.default\">\n\t\t\t\t<div class=\"elementor-widget-container\">\n\t\t\t\t\t<h2 class=\"elementor-heading-title elementor-size-default\">Les documents de la concertation<\/h2>\t\t\t\t<\/div>\n\t\t\t\t<\/div>\n\t\t\t\t\t<\/div>\n\t\t<\/div>\n\t\t\t\t\t<\/div>\n\t\t<\/section>\n\t\t\t\t<section class=\"elementor-section elementor-top-section elementor-element elementor-element-a617a57 elementor-section-boxed elementor-section-height-default elementor-section-height-default\" data-id=\"a617a57\" data-element_type=\"section\" data-e-type=\"section\" data-settings=\"{&quot;_ha_eqh_enable&quot;:false}\">\n\t\t\t\t\t\t<div class=\"elementor-container elementor-column-gap-default\">\n\t\t\t\t\t<div class=\"elementor-column elementor-col-100 elementor-top-column elementor-element elementor-element-444a73e\" data-id=\"444a73e\" data-element_type=\"column\" data-e-type=\"column\">\n\t\t\t<div class=\"elementor-widget-wrap elementor-element-populated\">\n\t\t\t\t\t\t<div class=\"elementor-element elementor-element-4b3da4b elementor-widget elementor-widget-accordion\" data-id=\"4b3da4b\" data-element_type=\"widget\" data-e-type=\"widget\" data-widget_type=\"accordion.default\">\n\t\t\t\t<div class=\"elementor-widget-container\">\n\t\t\t\t\t\t\t<div class=\"elementor-accordion\">\n\t\t\t\t\t\t\t<div class=\"elementor-accordion-item\">\n\t\t\t\t\t<div id=\"elementor-tab-title-7881\" class=\"elementor-tab-title\" data-tab=\"1\" role=\"button\" aria-controls=\"elementor-tab-content-7881\" aria-expanded=\"false\">\n\t\t\t\t\t\t\t\t\t\t\t\t\t<span class=\"elementor-accordion-icon elementor-accordion-icon-left\" aria-hidden=\"true\">\n\t\t\t\t\t\t\t\t\t\t\t\t\t\t\t<span class=\"elementor-accordion-icon-closed\"><i class=\"fas fa-plus\"><\/i><\/span>\n\t\t\t\t\t\t\t\t<span class=\"elementor-accordion-icon-opened\"><i class=\"fas fa-minus\"><\/i><\/span>\n\t\t\t\t\t\t\t\t\t\t\t\t\t\t<\/span>\n\t\t\t\t\t\t\t\t\t\t\t\t<a class=\"elementor-accordion-title\" tabindex=\"0\">Bulletins d'information<\/a>\n\t\t\t\t\t<\/div>\n\t\t\t\t\t<div id=\"elementor-tab-content-7881\" class=\"elementor-tab-content elementor-clearfix\" data-tab=\"1\" role=\"region\" aria-labelledby=\"elementor-tab-title-7881\"><p><a href=\"http:\/\/dev.parcs-eoliens-enertrag.fr\/balossiers\/wp-content\/uploads\/sites\/2\/2023\/01\/ENERTRAG-bulletin-dinformation-N\u00b01-fevrier-2021.pdf\" data-wplink-edit=\"true\">Bulletin d&rsquo;information N\u00b01<\/a><\/p><\/div>\n\t\t\t\t<\/div>\n\t\t\t\t\t\t\t\t<\/div>\n\t\t\t\t\t\t<\/div>\n\t\t\t\t<\/div>\n\t\t\t\t\t<\/div>\n\t\t<\/div>\n\t\t\t\t\t<\/div>\n\t\t<\/section>\n\t\t\t\t<\/div>\n\t\t","protected":false},"excerpt":{"rendered":"<p>La concertation Participation du public et dialogue territorial Les objectifs de la concertation Au titre du Code de l\u2019environnement, la participation du public est tr\u00e8s encadr\u00e9e. Dans le cadre du d\u00e9veloppement d\u2019un projet de parc \u00e9olien qui a le statut ICPE (Installation Class\u00e9e pour la Protection de l\u2019Environnement), le public peut participer et en \u00e9mettant [&hellip;]<\/p>\n","protected":false},"author":1,"featured_media":0,"parent":0,"menu_order":0,"comment_status":"closed","ping_status":"closed","template":"","meta":{"_acf_changed":false,"footnotes":""},"class_list":["post-64","page","type-page","status-publish","hentry"],"acf":[],"yoast_head":"<!-- This site is optimized with the Yoast SEO plugin v27.5 - https:\/\/yoast.com\/product\/yoast-seo-wordpress\/ -->\n<title>La concertation<\/title>\n<meta name=\"description\" content=\"4 permanences publiques organis\u00e9es en 2021.Un bulletin d\u2019information a \u00e9t\u00e9 publi\u00e9.\" \/>\n<meta name=\"robots\" content=\"index, follow, max-snippet:-1, max-image-preview:large, max-video-preview:-1\" \/>\n<link rel=\"canonical\" href=\"https:\/\/www.enertrag.fr\/balossiers\/la-concertation\/\" \/>\n<meta property=\"og:locale\" content=\"fr_FR\" \/>\n<meta property=\"og:type\" content=\"article\" \/>\n<meta property=\"og:title\" content=\"La concertation\" \/>\n<meta property=\"og:description\" content=\"4 permanences publiques organis\u00e9es en 2021.Un bulletin d\u2019information a \u00e9t\u00e9 publi\u00e9.\" \/>\n<meta property=\"og:url\" content=\"https:\/\/www.enertrag.fr\/balossiers\/la-concertation\/\" \/>\n<meta property=\"og:site_name\" content=\"balossiers\" \/>\n<meta property=\"article:modified_time\" content=\"2023-07-05T09:44:00+00:00\" \/>\n<meta property=\"og:image\" content=\"http:\/\/dev.parcs-eoliens-enertrag.fr\/balossiers\/wp-content\/uploads\/sites\/7\/2023\/01\/bandeau-header-concertation.png\" \/>\n<meta name=\"twitter:card\" content=\"summary_large_image\" \/>\n<meta name=\"twitter:label1\" content=\"Dur\u00e9e de lecture estim\u00e9e\" \/>\n\t<meta name=\"twitter:data1\" content=\"2 minutes\" \/>\n<script type=\"application\/ld+json\" class=\"yoast-schema-graph\">{\"@context\":\"https:\\\/\\\/schema.org\",\"@graph\":[{\"@type\":\"WebPage\",\"@id\":\"https:\\\/\\\/www.enertrag.fr\\\/balossiers\\\/la-concertation\\\/\",\"url\":\"https:\\\/\\\/www.enertrag.fr\\\/balossiers\\\/la-concertation\\\/\",\"name\":\"La concertation\",\"isPartOf\":{\"@id\":\"https:\\\/\\\/www.enertrag.fr\\\/balossiers\\\/#website\"},\"primaryImageOfPage\":{\"@id\":\"https:\\\/\\\/www.enertrag.fr\\\/balossiers\\\/la-concertation\\\/#primaryimage\"},\"image\":{\"@id\":\"https:\\\/\\\/www.enertrag.fr\\\/balossiers\\\/la-concertation\\\/#primaryimage\"},\"thumbnailUrl\":\"http:\\\/\\\/dev.parcs-eoliens-enertrag.fr\\\/balossiers\\\/wp-content\\\/uploads\\\/sites\\\/7\\\/2023\\\/01\\\/bandeau-header-concertation.png\",\"datePublished\":\"2023-01-12T15:19:59+00:00\",\"dateModified\":\"2023-07-05T09:44:00+00:00\",\"description\":\"4 permanences publiques organis\u00e9es en 2021.Un bulletin d\u2019information a \u00e9t\u00e9 publi\u00e9.\",\"breadcrumb\":{\"@id\":\"https:\\\/\\\/www.enertrag.fr\\\/balossiers\\\/la-concertation\\\/#breadcrumb\"},\"inLanguage\":\"fr-FR\",\"potentialAction\":[{\"@type\":\"ReadAction\",\"target\":[\"https:\\\/\\\/www.enertrag.fr\\\/balossiers\\\/la-concertation\\\/\"]}]},{\"@type\":\"ImageObject\",\"inLanguage\":\"fr-FR\",\"@id\":\"https:\\\/\\\/www.enertrag.fr\\\/balossiers\\\/la-concertation\\\/#primaryimage\",\"url\":\"http:\\\/\\\/dev.parcs-eoliens-enertrag.fr\\\/balossiers\\\/wp-content\\\/uploads\\\/sites\\\/7\\\/2023\\\/01\\\/bandeau-header-concertation.png\",\"contentUrl\":\"http:\\\/\\\/dev.parcs-eoliens-enertrag.fr\\\/balossiers\\\/wp-content\\\/uploads\\\/sites\\\/7\\\/2023\\\/01\\\/bandeau-header-concertation.png\"},{\"@type\":\"BreadcrumbList\",\"@id\":\"https:\\\/\\\/www.enertrag.fr\\\/balossiers\\\/la-concertation\\\/#breadcrumb\",\"itemListElement\":[{\"@type\":\"ListItem\",\"position\":1,\"name\":\"Accueil\",\"item\":\"https:\\\/\\\/www.enertrag.fr\\\/balossiers\\\/\"},{\"@type\":\"ListItem\",\"position\":2,\"name\":\"La concertation\"}]},{\"@type\":\"WebSite\",\"@id\":\"https:\\\/\\\/www.enertrag.fr\\\/balossiers\\\/#website\",\"url\":\"https:\\\/\\\/www.enertrag.fr\\\/balossiers\\\/\",\"name\":\"balossiers\",\"description\":\"\",\"publisher\":{\"@id\":\"https:\\\/\\\/www.enertrag.fr\\\/balossiers\\\/#organization\"},\"potentialAction\":[{\"@type\":\"SearchAction\",\"target\":{\"@type\":\"EntryPoint\",\"urlTemplate\":\"https:\\\/\\\/www.enertrag.fr\\\/balossiers\\\/?s={search_term_string}\"},\"query-input\":{\"@type\":\"PropertyValueSpecification\",\"valueRequired\":true,\"valueName\":\"search_term_string\"}}],\"inLanguage\":\"fr-FR\"},{\"@type\":\"Organization\",\"@id\":\"https:\\\/\\\/www.enertrag.fr\\\/balossiers\\\/#organization\",\"name\":\"balossiers\",\"url\":\"https:\\\/\\\/www.enertrag.fr\\\/balossiers\\\/\",\"logo\":{\"@type\":\"ImageObject\",\"inLanguage\":\"fr-FR\",\"@id\":\"https:\\\/\\\/www.enertrag.fr\\\/balossiers\\\/#\\\/schema\\\/logo\\\/image\\\/\",\"url\":\"https:\\\/\\\/www.enertrag.fr\\\/balossiers\\\/wp-content\\\/uploads\\\/sites\\\/7\\\/2023\\\/01\\\/ENERTRAG_Logo.png\",\"contentUrl\":\"https:\\\/\\\/www.enertrag.fr\\\/balossiers\\\/wp-content\\\/uploads\\\/sites\\\/7\\\/2023\\\/01\\\/ENERTRAG_Logo.png\",\"width\":500,\"height\":161,\"caption\":\"balossiers\"},\"image\":{\"@id\":\"https:\\\/\\\/www.enertrag.fr\\\/balossiers\\\/#\\\/schema\\\/logo\\\/image\\\/\"}}]}<\/script>\n<!-- \/ Yoast SEO plugin. -->","yoast_head_json":{"title":"La concertation","description":"4 permanences publiques organis\u00e9es en 2021.Un bulletin d\u2019information a \u00e9t\u00e9 publi\u00e9.","robots":{"index":"index","follow":"follow","max-snippet":"max-snippet:-1","max-image-preview":"max-image-preview:large","max-video-preview":"max-video-preview:-1"},"canonical":"https:\/\/www.enertrag.fr\/balossiers\/la-concertation\/","og_locale":"fr_FR","og_type":"article","og_title":"La concertation","og_description":"4 permanences publiques organis\u00e9es en 2021.Un bulletin d\u2019information a \u00e9t\u00e9 publi\u00e9.","og_url":"https:\/\/www.enertrag.fr\/balossiers\/la-concertation\/","og_site_name":"balossiers","article_modified_time":"2023-07-05T09:44:00+00:00","og_image":[{"url":"http:\/\/dev.parcs-eoliens-enertrag.fr\/balossiers\/wp-content\/uploads\/sites\/7\/2023\/01\/bandeau-header-concertation.png","type":"","width":"","height":""}],"twitter_card":"summary_large_image","twitter_misc":{"Dur\u00e9e de lecture estim\u00e9e":"2 minutes"},"schema":{"@context":"https:\/\/schema.org","@graph":[{"@type":"WebPage","@id":"https:\/\/www.enertrag.fr\/balossiers\/la-concertation\/","url":"https:\/\/www.enertrag.fr\/balossiers\/la-concertation\/","name":"La concertation","isPartOf":{"@id":"https:\/\/www.enertrag.fr\/balossiers\/#website"},"primaryImageOfPage":{"@id":"https:\/\/www.enertrag.fr\/balossiers\/la-concertation\/#primaryimage"},"image":{"@id":"https:\/\/www.enertrag.fr\/balossiers\/la-concertation\/#primaryimage"},"thumbnailUrl":"http:\/\/dev.parcs-eoliens-enertrag.fr\/balossiers\/wp-content\/uploads\/sites\/7\/2023\/01\/bandeau-header-concertation.png","datePublished":"2023-01-12T15:19:59+00:00","dateModified":"2023-07-05T09:44:00+00:00","description":"4 permanences publiques organis\u00e9es en 2021.Un bulletin d\u2019information a \u00e9t\u00e9 publi\u00e9.","breadcrumb":{"@id":"https:\/\/www.enertrag.fr\/balossiers\/la-concertation\/#breadcrumb"},"inLanguage":"fr-FR","potentialAction":[{"@type":"ReadAction","target":["https:\/\/www.enertrag.fr\/balossiers\/la-concertation\/"]}]},{"@type":"ImageObject","inLanguage":"fr-FR","@id":"https:\/\/www.enertrag.fr\/balossiers\/la-concertation\/#primaryimage","url":"http:\/\/dev.parcs-eoliens-enertrag.fr\/balossiers\/wp-content\/uploads\/sites\/7\/2023\/01\/bandeau-header-concertation.png","contentUrl":"http:\/\/dev.parcs-eoliens-enertrag.fr\/balossiers\/wp-content\/uploads\/sites\/7\/2023\/01\/bandeau-header-concertation.png"},{"@type":"BreadcrumbList","@id":"https:\/\/www.enertrag.fr\/balossiers\/la-concertation\/#breadcrumb","itemListElement":[{"@type":"ListItem","position":1,"name":"Accueil","item":"https:\/\/www.enertrag.fr\/balossiers\/"},{"@type":"ListItem","position":2,"name":"La concertation"}]},{"@type":"WebSite","@id":"https:\/\/www.enertrag.fr\/balossiers\/#website","url":"https:\/\/www.enertrag.fr\/balossiers\/","name":"balossiers","description":"","publisher":{"@id":"https:\/\/www.enertrag.fr\/balossiers\/#organization"},"potentialAction":[{"@type":"SearchAction","target":{"@type":"EntryPoint","urlTemplate":"https:\/\/www.enertrag.fr\/balossiers\/?s={search_term_string}"},"query-input":{"@type":"PropertyValueSpecification","valueRequired":true,"valueName":"search_term_string"}}],"inLanguage":"fr-FR"},{"@type":"Organization","@id":"https:\/\/www.enertrag.fr\/balossiers\/#organization","name":"balossiers","url":"https:\/\/www.enertrag.fr\/balossiers\/","logo":{"@type":"ImageObject","inLanguage":"fr-FR","@id":"https:\/\/www.enertrag.fr\/balossiers\/#\/schema\/logo\/image\/","url":"https:\/\/www.enertrag.fr\/balossiers\/wp-content\/uploads\/sites\/7\/2023\/01\/ENERTRAG_Logo.png","contentUrl":"https:\/\/www.enertrag.fr\/balossiers\/wp-content\/uploads\/sites\/7\/2023\/01\/ENERTRAG_Logo.png","width":500,"height":161,"caption":"balossiers"},"image":{"@id":"https:\/\/www.enertrag.fr\/balossiers\/#\/schema\/logo\/image\/"}}]}},"_links":{"self":[{"href":"https:\/\/www.enertrag.fr\/balossiers\/wp-json\/wp\/v2\/pages\/64","targetHints":{"allow":["GET"]}}],"collection":[{"href":"https:\/\/www.enertrag.fr\/balossiers\/wp-json\/wp\/v2\/pages"}],"about":[{"href":"https:\/\/www.enertrag.fr\/balossiers\/wp-json\/wp\/v2\/types\/page"}],"author":[{"embeddable":true,"href":"https:\/\/www.enertrag.fr\/balossiers\/wp-json\/wp\/v2\/users\/1"}],"replies":[{"embeddable":true,"href":"https:\/\/www.enertrag.fr\/balossiers\/wp-json\/wp\/v2\/comments?post=64"}],"version-history":[{"count":0,"href":"https:\/\/www.enertrag.fr\/balossiers\/wp-json\/wp\/v2\/pages\/64\/revisions"}],"wp:attachment":[{"href":"https:\/\/www.enertrag.fr\/balossiers\/wp-json\/wp\/v2\/media?parent=64"}],"curies":[{"name":"wp","href":"https:\/\/api.w.org\/{rel}","templated":true}]}}