{"id":62,"date":"2023-01-12T16:19:42","date_gmt":"2023-01-12T15:19:42","guid":{"rendered":"http:\/\/dev.parcs-eoliens-enertrag.fr\/balossiers\/?page_id=62"},"modified":"2023-02-27T15:20:18","modified_gmt":"2023-02-27T14:20:18","slug":"le-projet","status":"publish","type":"page","link":"https:\/\/www.enertrag.fr\/balossiers\/le-projet\/","title":{"rendered":"Le projet"},"content":{"rendered":"\t\t<div data-elementor-type=\"wp-page\" data-elementor-id=\"62\" class=\"elementor elementor-62\" data-elementor-settings=\"{&quot;ha_cmc_init_switcher&quot;:&quot;no&quot;}\" data-elementor-post-type=\"page\">\n\t\t\t\t\t\t<section class=\"elementor-section elementor-top-section elementor-element elementor-element-751ed69 elementor-section-boxed elementor-section-height-default elementor-section-height-default\" data-id=\"751ed69\" data-element_type=\"section\" data-e-type=\"section\" data-settings=\"{&quot;_ha_eqh_enable&quot;:false}\">\n\t\t\t\t\t\t<div class=\"elementor-container elementor-column-gap-default\">\n\t\t\t\t\t<div class=\"elementor-column elementor-col-100 elementor-top-column elementor-element elementor-element-2073217\" data-id=\"2073217\" data-element_type=\"column\" data-e-type=\"column\">\n\t\t\t<div class=\"elementor-widget-wrap elementor-element-populated\">\n\t\t\t\t\t\t<div class=\"elementor-element elementor-element-203c53f elementor-widget elementor-widget-heading\" data-id=\"203c53f\" data-element_type=\"widget\" data-e-type=\"widget\" data-widget_type=\"heading.default\">\n\t\t\t\t<div class=\"elementor-widget-container\">\n\t\t\t\t\t<h1 class=\"elementor-heading-title elementor-size-default\">Pr\u00e9sentation g\u00e9n\u00e9rale du projet<\/h1>\t\t\t\t<\/div>\n\t\t\t\t<\/div>\n\t\t\t\t\t<\/div>\n\t\t<\/div>\n\t\t\t\t\t<\/div>\n\t\t<\/section>\n\t\t\t\t<section class=\"elementor-section elementor-top-section elementor-element elementor-element-b80a461 elementor-section-boxed elementor-section-height-default elementor-section-height-default\" data-id=\"b80a461\" data-element_type=\"section\" data-e-type=\"section\" data-settings=\"{&quot;_ha_eqh_enable&quot;:false}\">\n\t\t\t\t\t\t<div class=\"elementor-container elementor-column-gap-default\">\n\t\t\t\t\t<div class=\"elementor-column elementor-col-100 elementor-top-column elementor-element elementor-element-6ed75cd\" data-id=\"6ed75cd\" data-element_type=\"column\" data-e-type=\"column\">\n\t\t\t<div class=\"elementor-widget-wrap elementor-element-populated\">\n\t\t\t\t\t\t<div class=\"elementor-element elementor-element-d863d4a elementor-widget elementor-widget-image\" data-id=\"d863d4a\" data-element_type=\"widget\" data-e-type=\"widget\" data-widget_type=\"image.default\">\n\t\t\t\t<div class=\"elementor-widget-container\">\n\t\t\t\t\t\t\t\t\t\t\t\t\t\t\t<img fetchpriority=\"high\" decoding=\"async\" width=\"2500\" height=\"1406\" src=\"https:\/\/www.enertrag.fr\/balossiers\/wp-content\/uploads\/sites\/7\/2023\/01\/DJI_0169.jpg\" class=\"attachment-full size-full wp-image-261\" alt=\"\" srcset=\"https:\/\/www.enertrag.fr\/balossiers\/wp-content\/uploads\/sites\/7\/2023\/01\/DJI_0169.jpg 2500w, https:\/\/www.enertrag.fr\/balossiers\/wp-content\/uploads\/sites\/7\/2023\/01\/DJI_0169-300x169.jpg 300w, https:\/\/www.enertrag.fr\/balossiers\/wp-content\/uploads\/sites\/7\/2023\/01\/DJI_0169-1024x576.jpg 1024w, https:\/\/www.enertrag.fr\/balossiers\/wp-content\/uploads\/sites\/7\/2023\/01\/DJI_0169-768x432.jpg 768w, https:\/\/www.enertrag.fr\/balossiers\/wp-content\/uploads\/sites\/7\/2023\/01\/DJI_0169-1536x864.jpg 1536w, https:\/\/www.enertrag.fr\/balossiers\/wp-content\/uploads\/sites\/7\/2023\/01\/DJI_0169-2048x1152.jpg 2048w\" sizes=\"(max-width: 2500px) 100vw, 2500px\" \/>\t\t\t\t\t\t\t\t\t\t\t\t\t\t\t<\/div>\n\t\t\t\t<\/div>\n\t\t\t\t\t<\/div>\n\t\t<\/div>\n\t\t\t\t\t<\/div>\n\t\t<\/section>\n\t\t\t\t<section class=\"elementor-section elementor-top-section elementor-element elementor-element-3f05b72 elementor-section-boxed elementor-section-height-default elementor-section-height-default\" data-id=\"3f05b72\" data-element_type=\"section\" data-e-type=\"section\" data-settings=\"{&quot;background_background&quot;:&quot;classic&quot;,&quot;_ha_eqh_enable&quot;:false}\">\n\t\t\t\t\t\t<div class=\"elementor-container elementor-column-gap-default\">\n\t\t\t\t\t<div class=\"elementor-column elementor-col-100 elementor-top-column elementor-element elementor-element-b63cdf9\" data-id=\"b63cdf9\" data-element_type=\"column\" data-e-type=\"column\">\n\t\t\t<div class=\"elementor-widget-wrap elementor-element-populated\">\n\t\t\t\t\t\t<div class=\"elementor-element elementor-element-d96ede6 elementor-widget elementor-widget-text-editor\" data-id=\"d96ede6\" data-element_type=\"widget\" data-e-type=\"widget\" data-widget_type=\"text-editor.default\">\n\t\t\t\t<div class=\"elementor-widget-container\">\n\t\t\t\t\t\t\t\t\t<h2>Les chiffres cl\u00e9s<\/h2>\t\t\t\t\t\t\t\t<\/div>\n\t\t\t\t<\/div>\n\t\t\t\t\t<\/div>\n\t\t<\/div>\n\t\t\t\t\t<\/div>\n\t\t<\/section>\n\t\t\t\t<section class=\"elementor-section elementor-top-section elementor-element elementor-element-70ce655 elementor-section-boxed elementor-section-height-default elementor-section-height-default\" data-id=\"70ce655\" data-element_type=\"section\" data-e-type=\"section\" data-settings=\"{&quot;background_background&quot;:&quot;classic&quot;,&quot;_ha_eqh_enable&quot;:false}\">\n\t\t\t\t\t\t<div class=\"elementor-container elementor-column-gap-default\">\n\t\t\t\t\t<div class=\"elementor-column elementor-col-20 elementor-top-column elementor-element elementor-element-7f958ae\" data-id=\"7f958ae\" data-element_type=\"column\" data-e-type=\"column\">\n\t\t\t<div class=\"elementor-widget-wrap elementor-element-populated\">\n\t\t\t\t\t\t<div class=\"elementor-element elementor-element-2927aea elementor-widget elementor-widget-counter\" data-id=\"2927aea\" data-element_type=\"widget\" data-e-type=\"widget\" data-widget_type=\"counter.default\">\n\t\t\t\t<div class=\"elementor-widget-container\">\n\t\t\t\t\t\t\t<div class=\"elementor-counter\">\n\t\t\t<div class=\"elementor-counter-title\">\u00e9oliennes<\/div>\t\t\t<div class=\"elementor-counter-number-wrapper\">\n\t\t\t\t<span class=\"elementor-counter-number-prefix\"><\/span>\n\t\t\t\t<span class=\"elementor-counter-number\" data-duration=\"2000\" data-to-value=\"5\" data-from-value=\"0\">0<\/span>\n\t\t\t\t<span class=\"elementor-counter-number-suffix\"><\/span>\n\t\t\t<\/div>\n\t\t<\/div>\n\t\t\t\t\t\t<\/div>\n\t\t\t\t<\/div>\n\t\t\t\t\t<\/div>\n\t\t<\/div>\n\t\t\t\t<div class=\"elementor-column elementor-col-20 elementor-top-column elementor-element elementor-element-05a7f02\" data-id=\"05a7f02\" data-element_type=\"column\" data-e-type=\"column\">\n\t\t\t<div class=\"elementor-widget-wrap elementor-element-populated\">\n\t\t\t\t\t\t<div class=\"elementor-element elementor-element-67e7ee3 elementor-widget elementor-widget-counter\" data-id=\"67e7ee3\" data-element_type=\"widget\" data-e-type=\"widget\" data-widget_type=\"counter.default\">\n\t\t\t\t<div class=\"elementor-widget-container\">\n\t\t\t\t\t\t\t<div class=\"elementor-counter\">\n\t\t\t<div class=\"elementor-counter-title\">personnes aliment\u00e9es (\u00e9quivalence)<\/div>\t\t\t<div class=\"elementor-counter-number-wrapper\">\n\t\t\t\t<span class=\"elementor-counter-number-prefix\"><\/span>\n\t\t\t\t<span class=\"elementor-counter-number\" data-duration=\"2000\" data-to-value=\"18000\" data-from-value=\"0\">0<\/span>\n\t\t\t\t<span class=\"elementor-counter-number-suffix\"><\/span>\n\t\t\t<\/div>\n\t\t<\/div>\n\t\t\t\t\t\t<\/div>\n\t\t\t\t<\/div>\n\t\t\t\t\t<\/div>\n\t\t<\/div>\n\t\t\t\t<div class=\"elementor-column elementor-col-20 elementor-top-column elementor-element elementor-element-043ac42\" data-id=\"043ac42\" data-element_type=\"column\" data-e-type=\"column\">\n\t\t\t<div class=\"elementor-widget-wrap elementor-element-populated\">\n\t\t\t\t\t\t<div class=\"elementor-element elementor-element-523772f elementor-widget elementor-widget-counter\" data-id=\"523772f\" data-element_type=\"widget\" data-e-type=\"widget\" data-widget_type=\"counter.default\">\n\t\t\t\t<div class=\"elementor-widget-container\">\n\t\t\t\t\t\t\t<div class=\"elementor-counter\">\n\t\t\t<div class=\"elementor-counter-title\">tonnes de Co2 \u00e9vit\u00e9es<\/div>\t\t\t<div class=\"elementor-counter-number-wrapper\">\n\t\t\t\t<span class=\"elementor-counter-number-prefix\"><\/span>\n\t\t\t\t<span class=\"elementor-counter-number\" data-duration=\"2000\" data-to-value=\"4150\" data-from-value=\"0\">0<\/span>\n\t\t\t\t<span class=\"elementor-counter-number-suffix\"><\/span>\n\t\t\t<\/div>\n\t\t<\/div>\n\t\t\t\t\t\t<\/div>\n\t\t\t\t<\/div>\n\t\t\t\t\t<\/div>\n\t\t<\/div>\n\t\t\t\t<div class=\"elementor-column elementor-col-20 elementor-top-column elementor-element elementor-element-fe19dcf\" data-id=\"fe19dcf\" data-element_type=\"column\" data-e-type=\"column\">\n\t\t\t<div class=\"elementor-widget-wrap elementor-element-populated\">\n\t\t\t\t\t\t<div class=\"elementor-element elementor-element-ae3db02 elementor-widget elementor-widget-counter\" data-id=\"ae3db02\" data-element_type=\"widget\" data-e-type=\"widget\" data-widget_type=\"counter.default\">\n\t\t\t\t<div class=\"elementor-widget-container\">\n\t\t\t\t\t\t\t<div class=\"elementor-counter\">\n\t\t\t<div class=\"elementor-counter-title\">ann\u00e9es minimum de dur\u00e9e de vie<\/div>\t\t\t<div class=\"elementor-counter-number-wrapper\">\n\t\t\t\t<span class=\"elementor-counter-number-prefix\"><\/span>\n\t\t\t\t<span class=\"elementor-counter-number\" data-duration=\"2000\" data-to-value=\"20\" data-from-value=\"0\">0<\/span>\n\t\t\t\t<span class=\"elementor-counter-number-suffix\"><\/span>\n\t\t\t<\/div>\n\t\t<\/div>\n\t\t\t\t\t\t<\/div>\n\t\t\t\t<\/div>\n\t\t\t\t\t<\/div>\n\t\t<\/div>\n\t\t\t\t<div class=\"elementor-column elementor-col-20 elementor-top-column elementor-element elementor-element-5a5b1ba\" data-id=\"5a5b1ba\" data-element_type=\"column\" data-e-type=\"column\">\n\t\t\t<div class=\"elementor-widget-wrap elementor-element-populated\">\n\t\t\t\t\t\t<div class=\"elementor-element elementor-element-49bc95a elementor-widget elementor-widget-counter\" data-id=\"49bc95a\" data-element_type=\"widget\" data-e-type=\"widget\" data-widget_type=\"counter.default\">\n\t\t\t\t<div class=\"elementor-widget-container\">\n\t\t\t\t\t\t\t<div class=\"elementor-counter\">\n\t\t\t<div class=\"elementor-counter-title\">\u00e0 180 m\u00e8tres de hauteur des \u00e9oliennes en bout de pale<\/div>\t\t\t<div class=\"elementor-counter-number-wrapper\">\n\t\t\t\t<span class=\"elementor-counter-number-prefix\"><\/span>\n\t\t\t\t<span class=\"elementor-counter-number\" data-duration=\"2000\" data-to-value=\"150\" data-from-value=\"0\">0<\/span>\n\t\t\t\t<span class=\"elementor-counter-number-suffix\"><\/span>\n\t\t\t<\/div>\n\t\t<\/div>\n\t\t\t\t\t\t<\/div>\n\t\t\t\t<\/div>\n\t\t\t\t\t<\/div>\n\t\t<\/div>\n\t\t\t\t\t<\/div>\n\t\t<\/section>\n\t\t\t\t<section class=\"elementor-section elementor-top-section elementor-element elementor-element-b111ebe elementor-section-boxed elementor-section-height-default elementor-section-height-default\" data-id=\"b111ebe\" data-element_type=\"section\" data-e-type=\"section\" data-settings=\"{&quot;_ha_eqh_enable&quot;:false}\">\n\t\t\t\t\t\t<div class=\"elementor-container elementor-column-gap-default\">\n\t\t\t\t\t<div class=\"elementor-column elementor-col-100 elementor-top-column elementor-element elementor-element-4022f3e\" data-id=\"4022f3e\" data-element_type=\"column\" data-e-type=\"column\">\n\t\t\t<div class=\"elementor-widget-wrap elementor-element-populated\">\n\t\t\t\t\t\t<div class=\"elementor-element elementor-element-c83e58a elementor-widget elementor-widget-text-editor\" data-id=\"c83e58a\" data-element_type=\"widget\" data-e-type=\"widget\" data-widget_type=\"text-editor.default\">\n\t\t\t\t<div class=\"elementor-widget-container\">\n\t\t\t\t\t\t\t\t\t<h2>L\u2019avanc\u00e9e du projet<\/h2><h3>Les \u00e9tudes\u00a0:<\/h3><p>Afin de r\u00e9pondre \u00e0 la r\u00e8glementation fran\u00e7aise en mati\u00e8re de respect des normes sociales, culturelles et environnementales sur le territoire. ENERTRAG a r\u00e9alis\u00e9 diff\u00e9rentes \u00e9tudes\u00a0pour que le projet de parc \u00e9olien des Balossiers r\u00e9ponde aux objectifs de transition \u00e9nerg\u00e9tique\u00a0sur son territoire.<\/p><h4>L\u2019\u00e9tude paysag\u00e8re<\/h4><p>Afin d\u2019int\u00e9grer le projet dans un contexte paysager local, ENERTRAG a fait appel au bureau d\u2019\u00e9tudes\u00a0<strong>AUDICCE<\/strong>\u00a0pour l\u2019\u00e9tude du paysage et du patrimoine.<br \/>Le paysage et le patrimoine local ont \u00e9t\u00e9 \u00e9tudi\u00e9s de mani\u00e8re pr\u00e9cise par le bureau d\u2019\u00e9tudes et la d\u00e9finition de l\u2019implantation ainsi que le choix des \u00e9oliennes a \u00e9t\u00e9 fait en consid\u00e9ration des r\u00e9sultats de l\u2019\u00e9tude, afin de r\u00e9duire au maximum l\u2019impact des \u00e9oliennes sur le patrimoine local.<br \/>Concr\u00e8tement, l\u2019\u00e9tude a permis de souligner l\u2019importance d\u2019\u00e9viter les effets de surplomb vis-\u00e0-vis de la commune de la vall\u00e9e de l\u2019Hurtaut et du foss\u00e9 des chevreuils afin de r\u00e9duire l\u2019impact sur les bourgs de Renneville, Fraillicourt et Waleppe.\u00a0<strong>Ainsi, la hauteur des \u00e9oliennes les plus proches de ces \u00e9l\u00e9ments a \u00e9t\u00e9 diminu\u00e9e \u00e0 150 m\u00e8tres.<\/strong><\/p>\t\t\t\t\t\t\t\t<\/div>\n\t\t\t\t<\/div>\n\t\t\t\t\t<\/div>\n\t\t<\/div>\n\t\t\t\t\t<\/div>\n\t\t<\/section>\n\t\t\t\t<section class=\"elementor-section elementor-top-section elementor-element elementor-element-c288ccb elementor-section-boxed elementor-section-height-default elementor-section-height-default\" data-id=\"c288ccb\" data-element_type=\"section\" data-e-type=\"section\" data-settings=\"{&quot;_ha_eqh_enable&quot;:false}\">\n\t\t\t\t\t\t<div class=\"elementor-container elementor-column-gap-default\">\n\t\t\t\t\t<div class=\"elementor-column elementor-col-100 elementor-top-column elementor-element elementor-element-1ad64c0\" data-id=\"1ad64c0\" data-element_type=\"column\" data-e-type=\"column\">\n\t\t\t<div class=\"elementor-widget-wrap elementor-element-populated\">\n\t\t\t\t\t\t<div class=\"elementor-element elementor-element-74700e8 elementor-widget elementor-widget-image\" data-id=\"74700e8\" data-element_type=\"widget\" data-e-type=\"widget\" data-widget_type=\"image.default\">\n\t\t\t\t<div class=\"elementor-widget-container\">\n\t\t\t\t\t\t\t\t\t\t\t\t\t\t\t<img decoding=\"async\" width=\"2560\" height=\"509\" src=\"https:\/\/www.enertrag.fr\/balossiers\/wp-content\/uploads\/sites\/7\/2023\/02\/Image-photomontage-2-scaled.jpg\" class=\"attachment-full size-full wp-image-583\" alt=\"\" srcset=\"https:\/\/www.enertrag.fr\/balossiers\/wp-content\/uploads\/sites\/7\/2023\/02\/Image-photomontage-2-scaled.jpg 2560w, https:\/\/www.enertrag.fr\/balossiers\/wp-content\/uploads\/sites\/7\/2023\/02\/Image-photomontage-2-300x60.jpg 300w, https:\/\/www.enertrag.fr\/balossiers\/wp-content\/uploads\/sites\/7\/2023\/02\/Image-photomontage-2-1024x204.jpg 1024w, https:\/\/www.enertrag.fr\/balossiers\/wp-content\/uploads\/sites\/7\/2023\/02\/Image-photomontage-2-768x153.jpg 768w, https:\/\/www.enertrag.fr\/balossiers\/wp-content\/uploads\/sites\/7\/2023\/02\/Image-photomontage-2-1536x305.jpg 1536w, https:\/\/www.enertrag.fr\/balossiers\/wp-content\/uploads\/sites\/7\/2023\/02\/Image-photomontage-2-2048x407.jpg 2048w\" sizes=\"(max-width: 2560px) 100vw, 2560px\" \/>\t\t\t\t\t\t\t\t\t\t\t\t\t\t\t<\/div>\n\t\t\t\t<\/div>\n\t\t\t\t\t<\/div>\n\t\t<\/div>\n\t\t\t\t\t<\/div>\n\t\t<\/section>\n\t\t\t\t<section class=\"elementor-section elementor-top-section elementor-element elementor-element-0a4ab6d elementor-section-boxed elementor-section-height-default elementor-section-height-default\" data-id=\"0a4ab6d\" data-element_type=\"section\" data-e-type=\"section\" data-settings=\"{&quot;_ha_eqh_enable&quot;:false}\">\n\t\t\t\t\t\t<div class=\"elementor-container elementor-column-gap-default\">\n\t\t\t\t\t<div class=\"elementor-column elementor-col-100 elementor-top-column elementor-element elementor-element-0ab6ab9\" data-id=\"0ab6ab9\" data-element_type=\"column\" data-e-type=\"column\">\n\t\t\t<div class=\"elementor-widget-wrap elementor-element-populated\">\n\t\t\t\t\t\t<div class=\"elementor-element elementor-element-909749f elementor-widget elementor-widget-image\" data-id=\"909749f\" data-element_type=\"widget\" data-e-type=\"widget\" data-widget_type=\"image.default\">\n\t\t\t\t<div class=\"elementor-widget-container\">\n\t\t\t\t\t\t\t\t\t\t\t\t\t\t\t<img decoding=\"async\" width=\"2560\" height=\"509\" src=\"https:\/\/www.enertrag.fr\/balossiers\/wp-content\/uploads\/sites\/7\/2023\/02\/Image-photomontage-1-scaled.jpg\" class=\"attachment-full size-full wp-image-582\" alt=\"\" srcset=\"https:\/\/www.enertrag.fr\/balossiers\/wp-content\/uploads\/sites\/7\/2023\/02\/Image-photomontage-1-scaled.jpg 2560w, https:\/\/www.enertrag.fr\/balossiers\/wp-content\/uploads\/sites\/7\/2023\/02\/Image-photomontage-1-300x60.jpg 300w, https:\/\/www.enertrag.fr\/balossiers\/wp-content\/uploads\/sites\/7\/2023\/02\/Image-photomontage-1-1024x204.jpg 1024w, https:\/\/www.enertrag.fr\/balossiers\/wp-content\/uploads\/sites\/7\/2023\/02\/Image-photomontage-1-768x153.jpg 768w, https:\/\/www.enertrag.fr\/balossiers\/wp-content\/uploads\/sites\/7\/2023\/02\/Image-photomontage-1-1536x305.jpg 1536w, https:\/\/www.enertrag.fr\/balossiers\/wp-content\/uploads\/sites\/7\/2023\/02\/Image-photomontage-1-2048x407.jpg 2048w\" sizes=\"(max-width: 2560px) 100vw, 2560px\" \/>\t\t\t\t\t\t\t\t\t\t\t\t\t\t\t<\/div>\n\t\t\t\t<\/div>\n\t\t\t\t\t<\/div>\n\t\t<\/div>\n\t\t\t\t\t<\/div>\n\t\t<\/section>\n\t\t\t\t<section class=\"elementor-section elementor-top-section elementor-element elementor-element-0a800b0 elementor-section-boxed elementor-section-height-default elementor-section-height-default\" data-id=\"0a800b0\" data-element_type=\"section\" data-e-type=\"section\" data-settings=\"{&quot;_ha_eqh_enable&quot;:false}\">\n\t\t\t\t\t\t<div class=\"elementor-container elementor-column-gap-default\">\n\t\t\t\t\t<div class=\"elementor-column elementor-col-100 elementor-top-column elementor-element elementor-element-4df677f\" data-id=\"4df677f\" data-element_type=\"column\" data-e-type=\"column\">\n\t\t\t<div class=\"elementor-widget-wrap elementor-element-populated\">\n\t\t\t\t\t\t<div class=\"elementor-element elementor-element-922fc75 elementor-widget elementor-widget-text-editor\" data-id=\"922fc75\" data-element_type=\"widget\" data-e-type=\"widget\" data-widget_type=\"text-editor.default\">\n\t\t\t\t<div class=\"elementor-widget-container\">\n\t\t\t\t\t\t\t\t\t<h4>L\u2019\u00e9tude acoustique<\/h4><p>Le bruit produit par les \u00e9oliennes, tr\u00e8s encadr\u00e9 par la r\u00e8glementation de l\u2019Etat, suscite de nombreuses interrogations pour les riverains.\u00a0 Afin d\u2019apporter des r\u00e9ponses et solutions \u00e0 ces derni\u00e8res, ENERTRAG a fait appelau bureau d\u2019\u00e9tudes acoustiques ind\u00e9pendant\u00a0<strong>Orf\u00e9a acoustique<\/strong>.<br \/>Le bureau d\u2019\u00e9tudes a r\u00e9alis\u00e9 des mesures en toutes conditions de vent et a ensuite r\u00e9alis\u00e9 des calculs pour v\u00e9rifier si le parc \u00e9olien projet\u00e9 respecte la r\u00e9glementation.<br \/>L\u2019\u00e9tude r\u00e9alis\u00e9e par Orf\u00e9a acoustique, du 24 au 31 mars 2017, n\u2019a mis en \u00e9vidence\u00a0<strong>aucun risque de d\u00e9passement des seuils r\u00e9glementaires pour le projet \u00e9olien des Balossiers<\/strong>. Les seuils sont de 5 dB d\u2019\u00e9mergence* de jour et 3 dB de nuit. Le niveau de bruit r\u00e9siduel, c\u2019est-\u00e0-dire le niveau de bruit initial existant en l\u2019absence des \u00e9oliennes, a \u00e9t\u00e9 mesur\u00e9 aupr\u00e8s des lieux d\u2019habitation les plus proches, cit\u00e9s ci-dessous, de l\u2019aire d\u2019\u00e9tude imm\u00e9diate de jour comme de nuit.<br \/>*L\u2019\u00e9mergence est calcul\u00e9e en comparant le niveau de bruit avec les \u00e9oliennes et le niveau de bruit sans \u00e9olienne.<\/p><p><strong>Point N\u00b01<\/strong>\u00a0:\u00a0Lieu-dit Jeanne Froment (au Nord du projet)<br \/><strong>Point N\u00b0 2<\/strong>\u00a0:\u00a0Sud du hameau de Renneville (au Nord du projet)<br \/><strong>Point N\u00b0 3<\/strong>\u00a0:\u00a0Sud du hameau de Fraillicourt (au Nord-Est du projet)<br \/><strong>Point N\u00b0 4<\/strong>\u00a0:\u00a0Lieu-dit de la Briqueterie (au Nord-Est du projet)<br \/><strong>Point N\u00b05<\/strong>\u00a0:\u00a0Lieu-dit Chaumontagne (\u00e0 l\u2019Est du projet)<\/p>\t\t\t\t\t\t\t\t<\/div>\n\t\t\t\t<\/div>\n\t\t\t\t\t<\/div>\n\t\t<\/div>\n\t\t\t\t\t<\/div>\n\t\t<\/section>\n\t\t\t\t<section class=\"elementor-section elementor-top-section elementor-element elementor-element-4cc5260 elementor-section-boxed elementor-section-height-default elementor-section-height-default\" data-id=\"4cc5260\" data-element_type=\"section\" data-e-type=\"section\" data-settings=\"{&quot;_ha_eqh_enable&quot;:false}\">\n\t\t\t\t\t\t<div class=\"elementor-container elementor-column-gap-default\">\n\t\t\t\t\t<div class=\"elementor-column elementor-col-100 elementor-top-column elementor-element elementor-element-f482c76\" data-id=\"f482c76\" data-element_type=\"column\" data-e-type=\"column\">\n\t\t\t<div class=\"elementor-widget-wrap elementor-element-populated\">\n\t\t\t\t\t\t<div class=\"elementor-element elementor-element-79b83c4 elementor-widget elementor-widget-image\" data-id=\"79b83c4\" data-element_type=\"widget\" data-e-type=\"widget\" data-widget_type=\"image.default\">\n\t\t\t\t<div class=\"elementor-widget-container\">\n\t\t\t\t\t\t\t\t\t\t\t\t\t\t\t<img loading=\"lazy\" decoding=\"async\" width=\"768\" height=\"1086\" src=\"https:\/\/www.enertrag.fr\/balossiers\/wp-content\/uploads\/sites\/7\/2023\/02\/Image-echelle-de-bruit-768x1086.jpg\" class=\"attachment-medium_large size-medium_large wp-image-584\" alt=\"\" srcset=\"https:\/\/www.enertrag.fr\/balossiers\/wp-content\/uploads\/sites\/7\/2023\/02\/Image-echelle-de-bruit-768x1086.jpg 768w, https:\/\/www.enertrag.fr\/balossiers\/wp-content\/uploads\/sites\/7\/2023\/02\/Image-echelle-de-bruit-212x300.jpg 212w, https:\/\/www.enertrag.fr\/balossiers\/wp-content\/uploads\/sites\/7\/2023\/02\/Image-echelle-de-bruit-724x1024.jpg 724w, https:\/\/www.enertrag.fr\/balossiers\/wp-content\/uploads\/sites\/7\/2023\/02\/Image-echelle-de-bruit-1086x1536.jpg 1086w, https:\/\/www.enertrag.fr\/balossiers\/wp-content\/uploads\/sites\/7\/2023\/02\/Image-echelle-de-bruit.jpg 1201w\" sizes=\"(max-width: 768px) 100vw, 768px\" \/>\t\t\t\t\t\t\t\t\t\t\t\t\t\t\t<\/div>\n\t\t\t\t<\/div>\n\t\t\t\t\t<\/div>\n\t\t<\/div>\n\t\t\t\t\t<\/div>\n\t\t<\/section>\n\t\t\t\t<section class=\"elementor-section elementor-top-section elementor-element elementor-element-a1f85a4 elementor-section-boxed elementor-section-height-default elementor-section-height-default\" data-id=\"a1f85a4\" data-element_type=\"section\" data-e-type=\"section\" data-settings=\"{&quot;_ha_eqh_enable&quot;:false}\">\n\t\t\t\t\t\t<div class=\"elementor-container elementor-column-gap-default\">\n\t\t\t\t\t<div class=\"elementor-column elementor-col-100 elementor-top-column elementor-element elementor-element-33caa49\" data-id=\"33caa49\" data-element_type=\"column\" data-e-type=\"column\">\n\t\t\t<div class=\"elementor-widget-wrap elementor-element-populated\">\n\t\t\t\t\t\t<div class=\"elementor-element elementor-element-765870d elementor-widget elementor-widget-text-editor\" data-id=\"765870d\" data-element_type=\"widget\" data-e-type=\"widget\" data-widget_type=\"text-editor.default\">\n\t\t\t\t<div class=\"elementor-widget-container\">\n\t\t\t\t\t\t\t\t\t<h4>L\u2019\u00e9tude d\u2019impact<\/h4><p>Le parc \u00e9olien des Balossiers est soumis \u00e0 la r\u00e9glementation des installations class\u00e9es pour la protection de l\u2019environnement (ICPE) de la loi n\u00b02010-788 du 12 juillet 2010 (loi de Grenelle II). Ce statut les oblige \u00e0\u00a0<strong>respecter diff\u00e9rentes r\u00e8gles en mati\u00e8re de s\u00e9curit\u00e9, de cadre de vie et d\u2019environnement<\/strong>.<br \/>ENERTRAG a par cons\u00e9quent r\u00e9alis\u00e9 diff\u00e9rentes \u00e9tudes pour que le projet de parc \u00e9olien des Balossiers r\u00e9ponde \u00e0 ces crit\u00e8res et objectifs nationaux de transition \u00e9nerg\u00e9tique.<\/p><h5><br \/><strong>CONTEXTE<\/strong><\/h5><p>Les \u00e9tudes men\u00e9es sur la zone d\u2019implantation du projet ont montr\u00e9 que les enjeux li\u00e9s \u00e0 la biodiversit\u00e9, et notamment les oiseaux et les chauves-souris, sont faibles sur l\u2019ensemble des parcelles cultiv\u00e9es. Seuls les secteurs de haies et de boisements pr\u00e9sentent un int\u00e9r\u00eat avec une diversit\u00e9 plus importante.<\/p><h5><strong>R\u00c9SULTATS<\/strong><\/h5><p>Les \u00e9tudes ont permis de d\u00e9montrer que l\u2019\u00e9loignement choisi des \u00e9oliennes du projet des Balossiers de plusieurs centaines de m\u00e8tres des haies et boisements permet d\u2019\u00e9<strong>viter les impacts potentiels sur la biodiversit\u00e9<\/strong>.<br \/>Afin d\u2019obtenir plus d\u2019informations concernant les donn\u00e9es environnementales, vous pouvez consulter le document ci-dessous qui traite de ces enjeux environnementaux.<\/p>\t\t\t\t\t\t\t\t<\/div>\n\t\t\t\t<\/div>\n\t\t\t\t\t<\/div>\n\t\t<\/div>\n\t\t\t\t\t<\/div>\n\t\t<\/section>\n\t\t\t\t<section class=\"elementor-section elementor-top-section elementor-element elementor-element-b2f3525 elementor-section-boxed elementor-section-height-default elementor-section-height-default\" data-id=\"b2f3525\" data-element_type=\"section\" data-e-type=\"section\" data-settings=\"{&quot;_ha_eqh_enable&quot;:false}\">\n\t\t\t\t\t\t<div class=\"elementor-container elementor-column-gap-default\">\n\t\t\t\t\t<div class=\"elementor-column elementor-col-100 elementor-top-column elementor-element elementor-element-7dd19bb\" data-id=\"7dd19bb\" data-element_type=\"column\" data-e-type=\"column\">\n\t\t\t<div class=\"elementor-widget-wrap elementor-element-populated\">\n\t\t\t\t\t\t<div class=\"elementor-element elementor-element-41407a3 elementor-widget elementor-widget-text-editor\" data-id=\"41407a3\" data-element_type=\"widget\" data-e-type=\"widget\" data-widget_type=\"text-editor.default\">\n\t\t\t\t<div class=\"elementor-widget-container\">\n\t\t\t\t\t\t\t\t\t<h2>O\u00f9 se situe le projet ?<\/h2>\t\t\t\t\t\t\t\t<\/div>\n\t\t\t\t<\/div>\n\t\t\t\t\t<\/div>\n\t\t<\/div>\n\t\t\t\t\t<\/div>\n\t\t<\/section>\n\t\t\t\t<section class=\"elementor-section elementor-top-section elementor-element elementor-element-eccc6b8 elementor-section-boxed elementor-section-height-default elementor-section-height-default\" data-id=\"eccc6b8\" data-element_type=\"section\" data-e-type=\"section\" data-settings=\"{&quot;_ha_eqh_enable&quot;:false}\">\n\t\t\t\t\t\t<div class=\"elementor-container elementor-column-gap-default\">\n\t\t\t\t\t<div class=\"elementor-column elementor-col-100 elementor-top-column elementor-element elementor-element-0993040\" data-id=\"0993040\" data-element_type=\"column\" data-e-type=\"column\">\n\t\t\t<div class=\"elementor-widget-wrap\">\n\t\t\t\t\t\t\t<\/div>\n\t\t<\/div>\n\t\t\t\t\t<\/div>\n\t\t<\/section>\n\t\t\t\t<\/div>\n\t\t","protected":false},"excerpt":{"rendered":"<p>Pr\u00e9sentation g\u00e9n\u00e9rale du projet Les chiffres cl\u00e9s 0 \u00e9oliennes 0 personnes aliment\u00e9es (\u00e9quivalence) 0 tonnes de Co2 \u00e9vit\u00e9es 0 ann\u00e9es minimum de dur\u00e9e de vie 0 \u00e0 180 m\u00e8tres de hauteur des \u00e9oliennes en bout de pale L\u2019avanc\u00e9e du projet Les \u00e9tudes\u00a0: Afin de r\u00e9pondre \u00e0 la r\u00e8glementation fran\u00e7aise en mati\u00e8re de respect des normes [&hellip;]<\/p>\n","protected":false},"author":1,"featured_media":0,"parent":0,"menu_order":0,"comment_status":"closed","ping_status":"closed","template":"","meta":{"_acf_changed":false,"footnotes":""},"class_list":["post-62","page","type-page","status-publish","hentry"],"acf":[],"yoast_head":"<!-- This site is optimized with the Yoast SEO plugin v27.5 - https:\/\/yoast.com\/product\/yoast-seo-wordpress\/ -->\n<title>Le projet - balossiers<\/title>\n<meta name=\"robots\" content=\"index, follow, max-snippet:-1, max-image-preview:large, max-video-preview:-1\" \/>\n<link rel=\"canonical\" href=\"https:\/\/www.enertrag.fr\/balossiers\/le-projet\/\" \/>\n<meta property=\"og:locale\" content=\"fr_FR\" \/>\n<meta property=\"og:type\" content=\"article\" \/>\n<meta property=\"og:title\" content=\"Le projet - balossiers\" \/>\n<meta property=\"og:description\" content=\"Pr\u00e9sentation g\u00e9n\u00e9rale du projet Les chiffres cl\u00e9s 0 \u00e9oliennes 0 personnes aliment\u00e9es (\u00e9quivalence) 0 tonnes de Co2 \u00e9vit\u00e9es 0 ann\u00e9es minimum de dur\u00e9e de vie 0 \u00e0 180 m\u00e8tres de hauteur des \u00e9oliennes en bout de pale L\u2019avanc\u00e9e du projet Les \u00e9tudes\u00a0: Afin de r\u00e9pondre \u00e0 la r\u00e8glementation fran\u00e7aise en mati\u00e8re de respect des normes [&hellip;]\" \/>\n<meta property=\"og:url\" content=\"https:\/\/www.enertrag.fr\/balossiers\/le-projet\/\" \/>\n<meta property=\"og:site_name\" content=\"balossiers\" \/>\n<meta property=\"article:modified_time\" content=\"2023-02-27T14:20:18+00:00\" \/>\n<meta property=\"og:image\" content=\"http:\/\/dev.parcs-eoliens-enertrag.fr\/balossiers\/wp-content\/uploads\/sites\/7\/2023\/01\/DJI_0169.jpg\" \/>\n<meta name=\"twitter:card\" content=\"summary_large_image\" \/>\n<meta name=\"twitter:label1\" content=\"Dur\u00e9e de lecture estim\u00e9e\" \/>\n\t<meta name=\"twitter:data1\" content=\"4 minutes\" \/>\n<script type=\"application\/ld+json\" class=\"yoast-schema-graph\">{\"@context\":\"https:\\\/\\\/schema.org\",\"@graph\":[{\"@type\":\"WebPage\",\"@id\":\"https:\\\/\\\/www.enertrag.fr\\\/balossiers\\\/le-projet\\\/\",\"url\":\"https:\\\/\\\/www.enertrag.fr\\\/balossiers\\\/le-projet\\\/\",\"name\":\"Le projet - balossiers\",\"isPartOf\":{\"@id\":\"https:\\\/\\\/www.enertrag.fr\\\/balossiers\\\/#website\"},\"primaryImageOfPage\":{\"@id\":\"https:\\\/\\\/www.enertrag.fr\\\/balossiers\\\/le-projet\\\/#primaryimage\"},\"image\":{\"@id\":\"https:\\\/\\\/www.enertrag.fr\\\/balossiers\\\/le-projet\\\/#primaryimage\"},\"thumbnailUrl\":\"http:\\\/\\\/dev.parcs-eoliens-enertrag.fr\\\/balossiers\\\/wp-content\\\/uploads\\\/sites\\\/7\\\/2023\\\/01\\\/DJI_0169.jpg\",\"datePublished\":\"2023-01-12T15:19:42+00:00\",\"dateModified\":\"2023-02-27T14:20:18+00:00\",\"breadcrumb\":{\"@id\":\"https:\\\/\\\/www.enertrag.fr\\\/balossiers\\\/le-projet\\\/#breadcrumb\"},\"inLanguage\":\"fr-FR\",\"potentialAction\":[{\"@type\":\"ReadAction\",\"target\":[\"https:\\\/\\\/www.enertrag.fr\\\/balossiers\\\/le-projet\\\/\"]}]},{\"@type\":\"ImageObject\",\"inLanguage\":\"fr-FR\",\"@id\":\"https:\\\/\\\/www.enertrag.fr\\\/balossiers\\\/le-projet\\\/#primaryimage\",\"url\":\"http:\\\/\\\/dev.parcs-eoliens-enertrag.fr\\\/balossiers\\\/wp-content\\\/uploads\\\/sites\\\/7\\\/2023\\\/01\\\/DJI_0169.jpg\",\"contentUrl\":\"http:\\\/\\\/dev.parcs-eoliens-enertrag.fr\\\/balossiers\\\/wp-content\\\/uploads\\\/sites\\\/7\\\/2023\\\/01\\\/DJI_0169.jpg\"},{\"@type\":\"BreadcrumbList\",\"@id\":\"https:\\\/\\\/www.enertrag.fr\\\/balossiers\\\/le-projet\\\/#breadcrumb\",\"itemListElement\":[{\"@type\":\"ListItem\",\"position\":1,\"name\":\"Accueil\",\"item\":\"https:\\\/\\\/www.enertrag.fr\\\/balossiers\\\/\"},{\"@type\":\"ListItem\",\"position\":2,\"name\":\"Le projet\"}]},{\"@type\":\"WebSite\",\"@id\":\"https:\\\/\\\/www.enertrag.fr\\\/balossiers\\\/#website\",\"url\":\"https:\\\/\\\/www.enertrag.fr\\\/balossiers\\\/\",\"name\":\"balossiers\",\"description\":\"\",\"publisher\":{\"@id\":\"https:\\\/\\\/www.enertrag.fr\\\/balossiers\\\/#organization\"},\"potentialAction\":[{\"@type\":\"SearchAction\",\"target\":{\"@type\":\"EntryPoint\",\"urlTemplate\":\"https:\\\/\\\/www.enertrag.fr\\\/balossiers\\\/?s={search_term_string}\"},\"query-input\":{\"@type\":\"PropertyValueSpecification\",\"valueRequired\":true,\"valueName\":\"search_term_string\"}}],\"inLanguage\":\"fr-FR\"},{\"@type\":\"Organization\",\"@id\":\"https:\\\/\\\/www.enertrag.fr\\\/balossiers\\\/#organization\",\"name\":\"balossiers\",\"url\":\"https:\\\/\\\/www.enertrag.fr\\\/balossiers\\\/\",\"logo\":{\"@type\":\"ImageObject\",\"inLanguage\":\"fr-FR\",\"@id\":\"https:\\\/\\\/www.enertrag.fr\\\/balossiers\\\/#\\\/schema\\\/logo\\\/image\\\/\",\"url\":\"https:\\\/\\\/www.enertrag.fr\\\/balossiers\\\/wp-content\\\/uploads\\\/sites\\\/7\\\/2023\\\/01\\\/ENERTRAG_Logo.png\",\"contentUrl\":\"https:\\\/\\\/www.enertrag.fr\\\/balossiers\\\/wp-content\\\/uploads\\\/sites\\\/7\\\/2023\\\/01\\\/ENERTRAG_Logo.png\",\"width\":500,\"height\":161,\"caption\":\"balossiers\"},\"image\":{\"@id\":\"https:\\\/\\\/www.enertrag.fr\\\/balossiers\\\/#\\\/schema\\\/logo\\\/image\\\/\"}}]}<\/script>\n<!-- \/ Yoast SEO plugin. -->","yoast_head_json":{"title":"Le projet - balossiers","robots":{"index":"index","follow":"follow","max-snippet":"max-snippet:-1","max-image-preview":"max-image-preview:large","max-video-preview":"max-video-preview:-1"},"canonical":"https:\/\/www.enertrag.fr\/balossiers\/le-projet\/","og_locale":"fr_FR","og_type":"article","og_title":"Le projet - balossiers","og_description":"Pr\u00e9sentation g\u00e9n\u00e9rale du projet Les chiffres cl\u00e9s 0 \u00e9oliennes 0 personnes aliment\u00e9es (\u00e9quivalence) 0 tonnes de Co2 \u00e9vit\u00e9es 0 ann\u00e9es minimum de dur\u00e9e de vie 0 \u00e0 180 m\u00e8tres de hauteur des \u00e9oliennes en bout de pale L\u2019avanc\u00e9e du projet Les \u00e9tudes\u00a0: Afin de r\u00e9pondre \u00e0 la r\u00e8glementation fran\u00e7aise en mati\u00e8re de respect des normes [&hellip;]","og_url":"https:\/\/www.enertrag.fr\/balossiers\/le-projet\/","og_site_name":"balossiers","article_modified_time":"2023-02-27T14:20:18+00:00","og_image":[{"url":"http:\/\/dev.parcs-eoliens-enertrag.fr\/balossiers\/wp-content\/uploads\/sites\/7\/2023\/01\/DJI_0169.jpg","type":"","width":"","height":""}],"twitter_card":"summary_large_image","twitter_misc":{"Dur\u00e9e de lecture estim\u00e9e":"4 minutes"},"schema":{"@context":"https:\/\/schema.org","@graph":[{"@type":"WebPage","@id":"https:\/\/www.enertrag.fr\/balossiers\/le-projet\/","url":"https:\/\/www.enertrag.fr\/balossiers\/le-projet\/","name":"Le projet - balossiers","isPartOf":{"@id":"https:\/\/www.enertrag.fr\/balossiers\/#website"},"primaryImageOfPage":{"@id":"https:\/\/www.enertrag.fr\/balossiers\/le-projet\/#primaryimage"},"image":{"@id":"https:\/\/www.enertrag.fr\/balossiers\/le-projet\/#primaryimage"},"thumbnailUrl":"http:\/\/dev.parcs-eoliens-enertrag.fr\/balossiers\/wp-content\/uploads\/sites\/7\/2023\/01\/DJI_0169.jpg","datePublished":"2023-01-12T15:19:42+00:00","dateModified":"2023-02-27T14:20:18+00:00","breadcrumb":{"@id":"https:\/\/www.enertrag.fr\/balossiers\/le-projet\/#breadcrumb"},"inLanguage":"fr-FR","potentialAction":[{"@type":"ReadAction","target":["https:\/\/www.enertrag.fr\/balossiers\/le-projet\/"]}]},{"@type":"ImageObject","inLanguage":"fr-FR","@id":"https:\/\/www.enertrag.fr\/balossiers\/le-projet\/#primaryimage","url":"http:\/\/dev.parcs-eoliens-enertrag.fr\/balossiers\/wp-content\/uploads\/sites\/7\/2023\/01\/DJI_0169.jpg","contentUrl":"http:\/\/dev.parcs-eoliens-enertrag.fr\/balossiers\/wp-content\/uploads\/sites\/7\/2023\/01\/DJI_0169.jpg"},{"@type":"BreadcrumbList","@id":"https:\/\/www.enertrag.fr\/balossiers\/le-projet\/#breadcrumb","itemListElement":[{"@type":"ListItem","position":1,"name":"Accueil","item":"https:\/\/www.enertrag.fr\/balossiers\/"},{"@type":"ListItem","position":2,"name":"Le projet"}]},{"@type":"WebSite","@id":"https:\/\/www.enertrag.fr\/balossiers\/#website","url":"https:\/\/www.enertrag.fr\/balossiers\/","name":"balossiers","description":"","publisher":{"@id":"https:\/\/www.enertrag.fr\/balossiers\/#organization"},"potentialAction":[{"@type":"SearchAction","target":{"@type":"EntryPoint","urlTemplate":"https:\/\/www.enertrag.fr\/balossiers\/?s={search_term_string}"},"query-input":{"@type":"PropertyValueSpecification","valueRequired":true,"valueName":"search_term_string"}}],"inLanguage":"fr-FR"},{"@type":"Organization","@id":"https:\/\/www.enertrag.fr\/balossiers\/#organization","name":"balossiers","url":"https:\/\/www.enertrag.fr\/balossiers\/","logo":{"@type":"ImageObject","inLanguage":"fr-FR","@id":"https:\/\/www.enertrag.fr\/balossiers\/#\/schema\/logo\/image\/","url":"https:\/\/www.enertrag.fr\/balossiers\/wp-content\/uploads\/sites\/7\/2023\/01\/ENERTRAG_Logo.png","contentUrl":"https:\/\/www.enertrag.fr\/balossiers\/wp-content\/uploads\/sites\/7\/2023\/01\/ENERTRAG_Logo.png","width":500,"height":161,"caption":"balossiers"},"image":{"@id":"https:\/\/www.enertrag.fr\/balossiers\/#\/schema\/logo\/image\/"}}]}},"_links":{"self":[{"href":"https:\/\/www.enertrag.fr\/balossiers\/wp-json\/wp\/v2\/pages\/62","targetHints":{"allow":["GET"]}}],"collection":[{"href":"https:\/\/www.enertrag.fr\/balossiers\/wp-json\/wp\/v2\/pages"}],"about":[{"href":"https:\/\/www.enertrag.fr\/balossiers\/wp-json\/wp\/v2\/types\/page"}],"author":[{"embeddable":true,"href":"https:\/\/www.enertrag.fr\/balossiers\/wp-json\/wp\/v2\/users\/1"}],"replies":[{"embeddable":true,"href":"https:\/\/www.enertrag.fr\/balossiers\/wp-json\/wp\/v2\/comments?post=62"}],"version-history":[{"count":0,"href":"https:\/\/www.enertrag.fr\/balossiers\/wp-json\/wp\/v2\/pages\/62\/revisions"}],"wp:attachment":[{"href":"https:\/\/www.enertrag.fr\/balossiers\/wp-json\/wp\/v2\/media?parent=62"}],"curies":[{"name":"wp","href":"https:\/\/api.w.org\/{rel}","templated":true}]}}