{"id":66,"date":"2023-01-12T16:20:22","date_gmt":"2023-01-12T15:20:22","guid":{"rendered":"http:\/\/dev.parcs-eoliens-enertrag.fr\/matrice\/?page_id=66"},"modified":"2023-12-22T11:21:26","modified_gmt":"2023-12-22T10:21:26","slug":"qui-sommes-nous","status":"publish","type":"page","link":"https:\/\/www.enertrag.fr\/bagatelle\/qui-sommes-nous\/","title":{"rendered":"Qui sommes-nous ?"},"content":{"rendered":"\t\t<div data-elementor-type=\"wp-page\" data-elementor-id=\"66\" class=\"elementor elementor-66\" data-elementor-settings=\"{&quot;ha_cmc_init_switcher&quot;:&quot;no&quot;}\" data-elementor-post-type=\"page\">\n\t\t\t\t\t\t<section class=\"elementor-section elementor-top-section elementor-element elementor-element-b0e5e39 elementor-section-boxed elementor-section-height-default elementor-section-height-default\" data-id=\"b0e5e39\" data-element_type=\"section\" data-e-type=\"section\" data-settings=\"{&quot;_ha_eqh_enable&quot;:false}\">\n\t\t\t\t\t\t<div class=\"elementor-container elementor-column-gap-default\">\n\t\t\t\t\t<div class=\"elementor-column elementor-col-100 elementor-top-column elementor-element elementor-element-4dd6d7c\" data-id=\"4dd6d7c\" data-element_type=\"column\" data-e-type=\"column\">\n\t\t\t<div class=\"elementor-widget-wrap elementor-element-populated\">\n\t\t\t\t\t\t<div class=\"elementor-element elementor-element-1bbc81a elementor-widget elementor-widget-heading\" data-id=\"1bbc81a\" data-element_type=\"widget\" data-e-type=\"widget\" data-widget_type=\"heading.default\">\n\t\t\t\t<div class=\"elementor-widget-container\">\n\t\t\t\t\t<h1 class=\"elementor-heading-title elementor-size-default\">Qui sommes-nous ?<\/h1>\t\t\t\t<\/div>\n\t\t\t\t<\/div>\n\t\t\t\t\t<\/div>\n\t\t<\/div>\n\t\t\t\t\t<\/div>\n\t\t<\/section>\n\t\t\t\t<section class=\"elementor-section elementor-top-section elementor-element elementor-element-9875d19 elementor-section-boxed elementor-section-height-default elementor-section-height-default\" data-id=\"9875d19\" data-element_type=\"section\" data-e-type=\"section\" data-settings=\"{&quot;_ha_eqh_enable&quot;:false}\">\n\t\t\t\t\t\t<div class=\"elementor-container elementor-column-gap-default\">\n\t\t\t\t\t<div class=\"elementor-column elementor-col-33 elementor-top-column elementor-element elementor-element-95d133b\" data-id=\"95d133b\" data-element_type=\"column\" data-e-type=\"column\">\n\t\t\t<div class=\"elementor-widget-wrap elementor-element-populated\">\n\t\t\t\t\t\t<div class=\"elementor-element elementor-element-73911dd elementor-widget elementor-widget-image\" data-id=\"73911dd\" data-element_type=\"widget\" data-e-type=\"widget\" data-widget_type=\"image.default\">\n\t\t\t\t<div class=\"elementor-widget-container\">\n\t\t\t\t\t\t\t\t\t\t\t\t\t\t\t<img fetchpriority=\"high\" decoding=\"async\" width=\"800\" height=\"523\" src=\"https:\/\/www.enertrag.fr\/bagatelle\/wp-content\/uploads\/sites\/39\/2023\/12\/StefanieLoos_FW20230622x0029-2_web-1024x669.jpg\" class=\"attachment-large size-large wp-image-924\" alt=\"\" srcset=\"https:\/\/www.enertrag.fr\/bagatelle\/wp-content\/uploads\/sites\/39\/2023\/12\/StefanieLoos_FW20230622x0029-2_web-1024x669.jpg 1024w, https:\/\/www.enertrag.fr\/bagatelle\/wp-content\/uploads\/sites\/39\/2023\/12\/StefanieLoos_FW20230622x0029-2_web-300x196.jpg 300w, https:\/\/www.enertrag.fr\/bagatelle\/wp-content\/uploads\/sites\/39\/2023\/12\/StefanieLoos_FW20230622x0029-2_web-768x502.jpg 768w, https:\/\/www.enertrag.fr\/bagatelle\/wp-content\/uploads\/sites\/39\/2023\/12\/StefanieLoos_FW20230622x0029-2_web-1536x1004.jpg 1536w, https:\/\/www.enertrag.fr\/bagatelle\/wp-content\/uploads\/sites\/39\/2023\/12\/StefanieLoos_FW20230622x0029-2_web-2048x1338.jpg 2048w\" sizes=\"(max-width: 800px) 100vw, 800px\" \/>\t\t\t\t\t\t\t\t\t\t\t\t\t\t\t<\/div>\n\t\t\t\t<\/div>\n\t\t\t\t\t<\/div>\n\t\t<\/div>\n\t\t\t\t<div class=\"elementor-column elementor-col-66 elementor-top-column elementor-element elementor-element-61d30a3\" data-id=\"61d30a3\" data-element_type=\"column\" data-e-type=\"column\">\n\t\t\t<div class=\"elementor-widget-wrap elementor-element-populated\">\n\t\t\t\t\t\t<div class=\"elementor-element elementor-element-19abcdb elementor-widget elementor-widget-text-editor\" data-id=\"19abcdb\" data-element_type=\"widget\" data-e-type=\"widget\" data-widget_type=\"text-editor.default\">\n\t\t\t\t<div class=\"elementor-widget-container\">\n\t\t\t\t\t\t\t\t\t<h2>ENERTRAG, une \u00e9nergie d\u2018avance<\/h2>\n<p data-ccp-props=\"{&quot;335551550&quot;:1,&quot;335551620&quot;:1,&quot;335559683&quot;:0,&quot;335559685&quot;:0,&quot;335559731&quot;:0,&quot;335559737&quot;:0,&quot;335562764&quot;:2,&quot;335562765&quot;:0.9,&quot;335562766&quot;:4,&quot;335562767&quot;:10,&quot;335562768&quot;:4,&quot;335562769&quot;:0}\">Chez ENERTRAG, nous avons la conviction qu\u2019un syst\u00e8me \u00e9nerg\u00e9tique d\u00e9carbon\u00e9 plus responsable est possible. En 1992, le Fondateur d\u2019ENERTRAG Yorg M\u00fcller faisait le pari de d\u00e9velopper un syst\u00e8me de production d\u2019\u00e9nergie, propre, s\u00fbr et innovant.<\/p>\n<p data-ccp-props=\"{&quot;335551550&quot;:1,&quot;335551620&quot;:1,&quot;335559683&quot;:0,&quot;335559685&quot;:0,&quot;335559731&quot;:0,&quot;335559737&quot;:0,&quot;335562764&quot;:2,&quot;335562765&quot;:0.9,&quot;335562766&quot;:4,&quot;335562767&quot;:10,&quot;335562768&quot;:4,&quot;335562769&quot;:0}\">Aujourd\u2019hui, avec 1800 MW construits, nos 1000 employ\u00e9s r\u00e9partis sur diff\u00e9rents continents poursuivent avec passion le d\u00e9veloppement des \u00e9nergies renouvelables pour un monde plus durable.<\/p>\n<p data-ccp-props=\"{&quot;335551550&quot;:1,&quot;335551620&quot;:1,&quot;335559683&quot;:0,&quot;335559685&quot;:0,&quot;335559731&quot;:0,&quot;335559737&quot;:0,&quot;335562764&quot;:2,&quot;335562765&quot;:0.9,&quot;335562766&quot;:4,&quot;335562767&quot;:10,&quot;335562768&quot;:4,&quot;335562769&quot;:0}\">En France, ENERTRAG d\u00e9veloppe et exploite depuis 30 ans des projets \u00e9oliens, photovolta\u00efque et hydrog\u00e8ne. Nos \u00e9quipes sont convaincues que les \u00e9nergies renouvelables sont au c\u0153ur de la solution pour r\u00e9pondre aux enjeux climatiques, \u00e9conomiques et \u00e9nerg\u00e9tiques de notre temps. Nous sommes fiers de mettre notre enthousiasme et notre s\u00e9rieux au service de la transition \u00e9nerg\u00e9tique et \u00e9cologique des territoires.<\/p>\t\t\t\t\t\t\t\t<\/div>\n\t\t\t\t<\/div>\n\t\t\t\t\t<\/div>\n\t\t<\/div>\n\t\t\t\t\t<\/div>\n\t\t<\/section>\n\t\t\t\t<section class=\"elementor-section elementor-top-section elementor-element elementor-element-5a48527 elementor-section-boxed elementor-section-height-default elementor-section-height-default\" data-id=\"5a48527\" data-element_type=\"section\" data-e-type=\"section\" data-settings=\"{&quot;_ha_eqh_enable&quot;:false}\">\n\t\t\t\t\t\t<div class=\"elementor-container elementor-column-gap-default\">\n\t\t\t\t\t<div class=\"elementor-column elementor-col-100 elementor-top-column elementor-element elementor-element-06543fc\" data-id=\"06543fc\" data-element_type=\"column\" data-e-type=\"column\">\n\t\t\t<div class=\"elementor-widget-wrap elementor-element-populated\">\n\t\t\t\t\t\t<div class=\"elementor-element elementor-element-111cebf elementor-widget elementor-widget-spacer\" data-id=\"111cebf\" data-element_type=\"widget\" data-e-type=\"widget\" data-widget_type=\"spacer.default\">\n\t\t\t\t<div class=\"elementor-widget-container\">\n\t\t\t\t\t\t\t<div class=\"elementor-spacer\">\n\t\t\t<div class=\"elementor-spacer-inner\"><\/div>\n\t\t<\/div>\n\t\t\t\t\t\t<\/div>\n\t\t\t\t<\/div>\n\t\t\t\t<div class=\"elementor-element elementor-element-4e01c25 elementor-widget elementor-widget-heading\" data-id=\"4e01c25\" data-element_type=\"widget\" data-e-type=\"widget\" data-widget_type=\"heading.default\">\n\t\t\t\t<div class=\"elementor-widget-container\">\n\t\t\t\t\t<h2 class=\"elementor-heading-title elementor-size-default\">Votre chef de projet d\u00e9di\u00e9<\/h2>\t\t\t\t<\/div>\n\t\t\t\t<\/div>\n\t\t\t\t\t<\/div>\n\t\t<\/div>\n\t\t\t\t\t<\/div>\n\t\t<\/section>\n\t\t\t\t<section class=\"elementor-section elementor-top-section elementor-element elementor-element-99ea102 elementor-section-boxed elementor-section-height-default elementor-section-height-default\" data-id=\"99ea102\" data-element_type=\"section\" data-e-type=\"section\" data-settings=\"{&quot;_ha_eqh_enable&quot;:false}\">\n\t\t\t\t\t\t<div class=\"elementor-container elementor-column-gap-default\">\n\t\t\t\t\t<div class=\"elementor-column elementor-col-100 elementor-top-column elementor-element elementor-element-71f4641\" data-id=\"71f4641\" data-element_type=\"column\" data-e-type=\"column\">\n\t\t\t<div class=\"elementor-widget-wrap elementor-element-populated\">\n\t\t\t\t\t\t<div class=\"elementor-element elementor-element-ed6c247 elementor-widget elementor-widget-text-editor\" data-id=\"ed6c247\" data-element_type=\"widget\" data-e-type=\"widget\" data-widget_type=\"text-editor.default\">\n\t\t\t\t<div class=\"elementor-widget-container\">\n\t\t\t\t\t\t\t\t\t<h3 style=\"text-align: center;\"><strong>Florian CHECCO<\/strong><br \/><em>Chef de projets \u00e9nergies renouvelables<\/em><br \/><a href=\"mailto:solaire@enertrag.com\">solaire@enertrag.com<\/a><\/h3>\t\t\t\t\t\t\t\t<\/div>\n\t\t\t\t<\/div>\n\t\t\t\t\t<\/div>\n\t\t<\/div>\n\t\t\t\t\t<\/div>\n\t\t<\/section>\n\t\t\t\t<section class=\"elementor-section elementor-top-section elementor-element elementor-element-e06a80e elementor-section-boxed elementor-section-height-default elementor-section-height-default\" data-id=\"e06a80e\" data-element_type=\"section\" data-e-type=\"section\" data-settings=\"{&quot;background_background&quot;:&quot;classic&quot;,&quot;_ha_eqh_enable&quot;:false}\">\n\t\t\t\t\t\t<div class=\"elementor-container elementor-column-gap-default\">\n\t\t\t\t\t<div class=\"elementor-column elementor-col-100 elementor-top-column elementor-element elementor-element-7ec625d\" data-id=\"7ec625d\" data-element_type=\"column\" data-e-type=\"column\">\n\t\t\t<div class=\"elementor-widget-wrap elementor-element-populated\">\n\t\t\t\t\t\t<div class=\"elementor-element elementor-element-b51deb4 elementor-align-center elementor-widget elementor-widget-button\" data-id=\"b51deb4\" data-element_type=\"widget\" data-e-type=\"widget\" data-widget_type=\"button.default\">\n\t\t\t\t<div class=\"elementor-widget-container\">\n\t\t\t\t\t\t\t\t\t<div class=\"elementor-button-wrapper\">\n\t\t\t\t\t<a class=\"elementor-button elementor-button-link elementor-size-sm\" href=\"https:\/\/france.enertrag.com\">\n\t\t\t\t\t\t<span class=\"elementor-button-content-wrapper\">\n\t\t\t\t\t\t\t\t\t<span class=\"elementor-button-text\">En savoir plus<\/span>\n\t\t\t\t\t<\/span>\n\t\t\t\t\t<\/a>\n\t\t\t\t<\/div>\n\t\t\t\t\t\t\t\t<\/div>\n\t\t\t\t<\/div>\n\t\t\t\t\t<\/div>\n\t\t<\/div>\n\t\t\t\t\t<\/div>\n\t\t<\/section>\n\t\t\t\t<\/div>\n\t\t","protected":false},"excerpt":{"rendered":"<p>Qui sommes-nous ? ENERTRAG, une \u00e9nergie d\u2018avance Chez ENERTRAG, nous avons la conviction qu\u2019un syst\u00e8me \u00e9nerg\u00e9tique d\u00e9carbon\u00e9 plus responsable est possible. En 1992, le Fondateur d\u2019ENERTRAG Yorg M\u00fcller faisait le pari de d\u00e9velopper un syst\u00e8me de production d\u2019\u00e9nergie, propre, s\u00fbr et innovant. Aujourd\u2019hui, avec 1800 MW construits, nos 1000 employ\u00e9s r\u00e9partis sur diff\u00e9rents continents poursuivent [&hellip;]<\/p>\n","protected":false},"author":1,"featured_media":0,"parent":0,"menu_order":0,"comment_status":"closed","ping_status":"closed","template":"","meta":{"_acf_changed":false,"footnotes":""},"class_list":["post-66","page","type-page","status-publish","hentry"],"acf":[],"yoast_head":"<!-- This site is optimized with the Yoast SEO plugin v27.5 - https:\/\/yoast.com\/product\/yoast-seo-wordpress\/ -->\n<title>Qui sommes-nous ? - Projet photovolta\u00efque au sol de Bagatelle<\/title>\n<meta name=\"robots\" content=\"index, follow, max-snippet:-1, max-image-preview:large, max-video-preview:-1\" \/>\n<link rel=\"canonical\" href=\"https:\/\/www.enertrag.fr\/bagatelle\/qui-sommes-nous\/\" \/>\n<meta property=\"og:locale\" content=\"fr_FR\" \/>\n<meta property=\"og:type\" content=\"article\" \/>\n<meta property=\"og:title\" content=\"Qui sommes-nous ? - Projet photovolta\u00efque au sol de Bagatelle\" \/>\n<meta property=\"og:description\" content=\"Qui sommes-nous ? ENERTRAG, une \u00e9nergie d\u2018avance Chez ENERTRAG, nous avons la conviction qu\u2019un syst\u00e8me \u00e9nerg\u00e9tique d\u00e9carbon\u00e9 plus responsable est possible. En 1992, le Fondateur d\u2019ENERTRAG Yorg M\u00fcller faisait le pari de d\u00e9velopper un syst\u00e8me de production d\u2019\u00e9nergie, propre, s\u00fbr et innovant. Aujourd\u2019hui, avec 1800 MW construits, nos 1000 employ\u00e9s r\u00e9partis sur diff\u00e9rents continents poursuivent [&hellip;]\" \/>\n<meta property=\"og:url\" content=\"https:\/\/www.enertrag.fr\/bagatelle\/qui-sommes-nous\/\" \/>\n<meta property=\"og:site_name\" content=\"Projet photovolta\u00efque au sol de Bagatelle\" \/>\n<meta property=\"article:modified_time\" content=\"2023-12-22T10:21:26+00:00\" \/>\n<meta property=\"og:image\" content=\"https:\/\/www.enertrag.fr\/bagatelle\/wp-content\/uploads\/sites\/39\/2023\/12\/StefanieLoos_FW20230622x0029-2_web-1024x669.jpg\" \/>\n<meta name=\"twitter:card\" content=\"summary_large_image\" \/>\n<meta name=\"twitter:label1\" content=\"Dur\u00e9e de lecture estim\u00e9e\" \/>\n\t<meta name=\"twitter:data1\" content=\"1 minute\" \/>\n<script type=\"application\/ld+json\" class=\"yoast-schema-graph\">{\"@context\":\"https:\\\/\\\/schema.org\",\"@graph\":[{\"@type\":\"WebPage\",\"@id\":\"https:\\\/\\\/www.enertrag.fr\\\/bagatelle\\\/qui-sommes-nous\\\/\",\"url\":\"https:\\\/\\\/www.enertrag.fr\\\/bagatelle\\\/qui-sommes-nous\\\/\",\"name\":\"Qui sommes-nous ? - Projet photovolta\u00efque au sol de Bagatelle\",\"isPartOf\":{\"@id\":\"https:\\\/\\\/www.enertrag.fr\\\/bagatelle\\\/#website\"},\"primaryImageOfPage\":{\"@id\":\"https:\\\/\\\/www.enertrag.fr\\\/bagatelle\\\/qui-sommes-nous\\\/#primaryimage\"},\"image\":{\"@id\":\"https:\\\/\\\/www.enertrag.fr\\\/bagatelle\\\/qui-sommes-nous\\\/#primaryimage\"},\"thumbnailUrl\":\"https:\\\/\\\/www.enertrag.fr\\\/bagatelle\\\/wp-content\\\/uploads\\\/sites\\\/39\\\/2023\\\/12\\\/StefanieLoos_FW20230622x0029-2_web-1024x669.jpg\",\"datePublished\":\"2023-01-12T15:20:22+00:00\",\"dateModified\":\"2023-12-22T10:21:26+00:00\",\"breadcrumb\":{\"@id\":\"https:\\\/\\\/www.enertrag.fr\\\/bagatelle\\\/qui-sommes-nous\\\/#breadcrumb\"},\"inLanguage\":\"fr-FR\",\"potentialAction\":[{\"@type\":\"ReadAction\",\"target\":[\"https:\\\/\\\/www.enertrag.fr\\\/bagatelle\\\/qui-sommes-nous\\\/\"]}]},{\"@type\":\"ImageObject\",\"inLanguage\":\"fr-FR\",\"@id\":\"https:\\\/\\\/www.enertrag.fr\\\/bagatelle\\\/qui-sommes-nous\\\/#primaryimage\",\"url\":\"https:\\\/\\\/www.enertrag.fr\\\/bagatelle\\\/wp-content\\\/uploads\\\/sites\\\/39\\\/2023\\\/12\\\/StefanieLoos_FW20230622x0029-2_web-scaled.jpg\",\"contentUrl\":\"https:\\\/\\\/www.enertrag.fr\\\/bagatelle\\\/wp-content\\\/uploads\\\/sites\\\/39\\\/2023\\\/12\\\/StefanieLoos_FW20230622x0029-2_web-scaled.jpg\",\"width\":2560,\"height\":1673,\"caption\":\"Enertrag Summer Camp 2023 am 22.06.23 in Dauerthal. Foto: Enertrag | Falko Winkler\"},{\"@type\":\"BreadcrumbList\",\"@id\":\"https:\\\/\\\/www.enertrag.fr\\\/bagatelle\\\/qui-sommes-nous\\\/#breadcrumb\",\"itemListElement\":[{\"@type\":\"ListItem\",\"position\":1,\"name\":\"Accueil\",\"item\":\"https:\\\/\\\/www.enertrag.fr\\\/bagatelle\\\/\"},{\"@type\":\"ListItem\",\"position\":2,\"name\":\"Qui sommes-nous ?\"}]},{\"@type\":\"WebSite\",\"@id\":\"https:\\\/\\\/www.enertrag.fr\\\/bagatelle\\\/#website\",\"url\":\"https:\\\/\\\/www.enertrag.fr\\\/bagatelle\\\/\",\"name\":\"Projet photovolta\u00efque au sol de Bagatelle\",\"description\":\"\",\"publisher\":{\"@id\":\"https:\\\/\\\/www.enertrag.fr\\\/bagatelle\\\/#organization\"},\"potentialAction\":[{\"@type\":\"SearchAction\",\"target\":{\"@type\":\"EntryPoint\",\"urlTemplate\":\"https:\\\/\\\/www.enertrag.fr\\\/bagatelle\\\/?s={search_term_string}\"},\"query-input\":{\"@type\":\"PropertyValueSpecification\",\"valueRequired\":true,\"valueName\":\"search_term_string\"}}],\"inLanguage\":\"fr-FR\"},{\"@type\":\"Organization\",\"@id\":\"https:\\\/\\\/www.enertrag.fr\\\/bagatelle\\\/#organization\",\"name\":\"Projet photovolta\u00efque au sol de Bagatelle\",\"url\":\"https:\\\/\\\/www.enertrag.fr\\\/bagatelle\\\/\",\"logo\":{\"@type\":\"ImageObject\",\"inLanguage\":\"fr-FR\",\"@id\":\"https:\\\/\\\/www.enertrag.fr\\\/bagatelle\\\/#\\\/schema\\\/logo\\\/image\\\/\",\"url\":\"https:\\\/\\\/www.enertrag.fr\\\/bagatelle\\\/wp-content\\\/uploads\\\/sites\\\/39\\\/2023\\\/01\\\/ENERTRAG_Logo.png\",\"contentUrl\":\"https:\\\/\\\/www.enertrag.fr\\\/bagatelle\\\/wp-content\\\/uploads\\\/sites\\\/39\\\/2023\\\/01\\\/ENERTRAG_Logo.png\",\"width\":500,\"height\":161,\"caption\":\"Projet photovolta\u00efque au sol de Bagatelle\"},\"image\":{\"@id\":\"https:\\\/\\\/www.enertrag.fr\\\/bagatelle\\\/#\\\/schema\\\/logo\\\/image\\\/\"}}]}<\/script>\n<!-- \/ Yoast SEO plugin. -->","yoast_head_json":{"title":"Qui sommes-nous ? - Projet photovolta\u00efque au sol de Bagatelle","robots":{"index":"index","follow":"follow","max-snippet":"max-snippet:-1","max-image-preview":"max-image-preview:large","max-video-preview":"max-video-preview:-1"},"canonical":"https:\/\/www.enertrag.fr\/bagatelle\/qui-sommes-nous\/","og_locale":"fr_FR","og_type":"article","og_title":"Qui sommes-nous ? - Projet photovolta\u00efque au sol de Bagatelle","og_description":"Qui sommes-nous ? ENERTRAG, une \u00e9nergie d\u2018avance Chez ENERTRAG, nous avons la conviction qu\u2019un syst\u00e8me \u00e9nerg\u00e9tique d\u00e9carbon\u00e9 plus responsable est possible. En 1992, le Fondateur d\u2019ENERTRAG Yorg M\u00fcller faisait le pari de d\u00e9velopper un syst\u00e8me de production d\u2019\u00e9nergie, propre, s\u00fbr et innovant. Aujourd\u2019hui, avec 1800 MW construits, nos 1000 employ\u00e9s r\u00e9partis sur diff\u00e9rents continents poursuivent [&hellip;]","og_url":"https:\/\/www.enertrag.fr\/bagatelle\/qui-sommes-nous\/","og_site_name":"Projet photovolta\u00efque au sol de Bagatelle","article_modified_time":"2023-12-22T10:21:26+00:00","og_image":[{"url":"https:\/\/www.enertrag.fr\/bagatelle\/wp-content\/uploads\/sites\/39\/2023\/12\/StefanieLoos_FW20230622x0029-2_web-1024x669.jpg","type":"","width":"","height":""}],"twitter_card":"summary_large_image","twitter_misc":{"Dur\u00e9e de lecture estim\u00e9e":"1 minute"},"schema":{"@context":"https:\/\/schema.org","@graph":[{"@type":"WebPage","@id":"https:\/\/www.enertrag.fr\/bagatelle\/qui-sommes-nous\/","url":"https:\/\/www.enertrag.fr\/bagatelle\/qui-sommes-nous\/","name":"Qui sommes-nous ? - Projet photovolta\u00efque au sol de Bagatelle","isPartOf":{"@id":"https:\/\/www.enertrag.fr\/bagatelle\/#website"},"primaryImageOfPage":{"@id":"https:\/\/www.enertrag.fr\/bagatelle\/qui-sommes-nous\/#primaryimage"},"image":{"@id":"https:\/\/www.enertrag.fr\/bagatelle\/qui-sommes-nous\/#primaryimage"},"thumbnailUrl":"https:\/\/www.enertrag.fr\/bagatelle\/wp-content\/uploads\/sites\/39\/2023\/12\/StefanieLoos_FW20230622x0029-2_web-1024x669.jpg","datePublished":"2023-01-12T15:20:22+00:00","dateModified":"2023-12-22T10:21:26+00:00","breadcrumb":{"@id":"https:\/\/www.enertrag.fr\/bagatelle\/qui-sommes-nous\/#breadcrumb"},"inLanguage":"fr-FR","potentialAction":[{"@type":"ReadAction","target":["https:\/\/www.enertrag.fr\/bagatelle\/qui-sommes-nous\/"]}]},{"@type":"ImageObject","inLanguage":"fr-FR","@id":"https:\/\/www.enertrag.fr\/bagatelle\/qui-sommes-nous\/#primaryimage","url":"https:\/\/www.enertrag.fr\/bagatelle\/wp-content\/uploads\/sites\/39\/2023\/12\/StefanieLoos_FW20230622x0029-2_web-scaled.jpg","contentUrl":"https:\/\/www.enertrag.fr\/bagatelle\/wp-content\/uploads\/sites\/39\/2023\/12\/StefanieLoos_FW20230622x0029-2_web-scaled.jpg","width":2560,"height":1673,"caption":"Enertrag Summer Camp 2023 am 22.06.23 in Dauerthal. Foto: Enertrag | Falko Winkler"},{"@type":"BreadcrumbList","@id":"https:\/\/www.enertrag.fr\/bagatelle\/qui-sommes-nous\/#breadcrumb","itemListElement":[{"@type":"ListItem","position":1,"name":"Accueil","item":"https:\/\/www.enertrag.fr\/bagatelle\/"},{"@type":"ListItem","position":2,"name":"Qui sommes-nous ?"}]},{"@type":"WebSite","@id":"https:\/\/www.enertrag.fr\/bagatelle\/#website","url":"https:\/\/www.enertrag.fr\/bagatelle\/","name":"Projet photovolta\u00efque au sol de Bagatelle","description":"","publisher":{"@id":"https:\/\/www.enertrag.fr\/bagatelle\/#organization"},"potentialAction":[{"@type":"SearchAction","target":{"@type":"EntryPoint","urlTemplate":"https:\/\/www.enertrag.fr\/bagatelle\/?s={search_term_string}"},"query-input":{"@type":"PropertyValueSpecification","valueRequired":true,"valueName":"search_term_string"}}],"inLanguage":"fr-FR"},{"@type":"Organization","@id":"https:\/\/www.enertrag.fr\/bagatelle\/#organization","name":"Projet photovolta\u00efque au sol de Bagatelle","url":"https:\/\/www.enertrag.fr\/bagatelle\/","logo":{"@type":"ImageObject","inLanguage":"fr-FR","@id":"https:\/\/www.enertrag.fr\/bagatelle\/#\/schema\/logo\/image\/","url":"https:\/\/www.enertrag.fr\/bagatelle\/wp-content\/uploads\/sites\/39\/2023\/01\/ENERTRAG_Logo.png","contentUrl":"https:\/\/www.enertrag.fr\/bagatelle\/wp-content\/uploads\/sites\/39\/2023\/01\/ENERTRAG_Logo.png","width":500,"height":161,"caption":"Projet photovolta\u00efque au sol de Bagatelle"},"image":{"@id":"https:\/\/www.enertrag.fr\/bagatelle\/#\/schema\/logo\/image\/"}}]}},"_links":{"self":[{"href":"https:\/\/www.enertrag.fr\/bagatelle\/wp-json\/wp\/v2\/pages\/66","targetHints":{"allow":["GET"]}}],"collection":[{"href":"https:\/\/www.enertrag.fr\/bagatelle\/wp-json\/wp\/v2\/pages"}],"about":[{"href":"https:\/\/www.enertrag.fr\/bagatelle\/wp-json\/wp\/v2\/types\/page"}],"author":[{"embeddable":true,"href":"https:\/\/www.enertrag.fr\/bagatelle\/wp-json\/wp\/v2\/users\/1"}],"replies":[{"embeddable":true,"href":"https:\/\/www.enertrag.fr\/bagatelle\/wp-json\/wp\/v2\/comments?post=66"}],"version-history":[{"count":0,"href":"https:\/\/www.enertrag.fr\/bagatelle\/wp-json\/wp\/v2\/pages\/66\/revisions"}],"wp:attachment":[{"href":"https:\/\/www.enertrag.fr\/bagatelle\/wp-json\/wp\/v2\/media?parent=66"}],"curies":[{"name":"wp","href":"https:\/\/api.w.org\/{rel}","templated":true}]}}