{"version":"1.0","provider_name":"Projet photovolta\u00efque au sol de Bagatelle","provider_url":"https:\/\/www.enertrag.fr\/bagatelle","author_name":"benjamin","author_url":"https:\/\/www.enertrag.fr\/bagatelle\/blog\/author\/benjamin\/","title":"Agrivolta\u00efsme : valoriser l'agriculture locale - Projet photovolta\u00efque au sol de Bagatelle","type":"rich","width":600,"height":338,"html":"<blockquote class=\"wp-embedded-content\" data-secret=\"ykscxs9DHw\"><a href=\"https:\/\/www.enertrag.fr\/bagatelle\/blog\/2023\/01\/12\/tout-comprendre-des-infrasons\/\">Agrivolta\u00efsme : valoriser l&rsquo;agriculture locale<\/a><\/blockquote><iframe sandbox=\"allow-scripts\" security=\"restricted\" src=\"https:\/\/www.enertrag.fr\/bagatelle\/blog\/2023\/01\/12\/tout-comprendre-des-infrasons\/embed\/#?secret=ykscxs9DHw\" width=\"600\" height=\"338\" title=\"\u00ab\u00a0Agrivolta\u00efsme : valoriser l&rsquo;agriculture locale\u00a0\u00bb &#8212; Projet photovolta\u00efque au sol de Bagatelle\" data-secret=\"ykscxs9DHw\" frameborder=\"0\" marginwidth=\"0\" marginheight=\"0\" scrolling=\"no\" class=\"wp-embedded-content\"><\/iframe><script>\n\/*! This file is auto-generated *\/\n!function(d,l){\"use strict\";l.querySelector&&d.addEventListener&&\"undefined\"!=typeof URL&&(d.wp=d.wp||{},d.wp.receiveEmbedMessage||(d.wp.receiveEmbedMessage=function(e){var t=e.data;if((t||t.secret||t.message||t.value)&&!\/[^a-zA-Z0-9]\/.test(t.secret)){for(var s,r,n,a=l.querySelectorAll('iframe[data-secret=\"'+t.secret+'\"]'),o=l.querySelectorAll('blockquote[data-secret=\"'+t.secret+'\"]'),c=new RegExp(\"^https?:$\",\"i\"),i=0;i<o.length;i++)o[i].style.display=\"none\";for(i=0;i<a.length;i++)s=a[i],e.source===s.contentWindow&&(s.removeAttribute(\"style\"),\"height\"===t.message?(1e3<(r=parseInt(t.value,10))?r=1e3:~~r<200&&(r=200),s.height=r):\"link\"===t.message&&(r=new URL(s.getAttribute(\"src\")),n=new URL(t.value),c.test(n.protocol))&&n.host===r.host&&l.activeElement===s&&(d.top.location.href=t.value))}},d.addEventListener(\"message\",d.wp.receiveEmbedMessage,!1),l.addEventListener(\"DOMContentLoaded\",function(){for(var e,t,s=l.querySelectorAll(\"iframe.wp-embedded-content\"),r=0;r<s.length;r++)(t=(e=s[r]).getAttribute(\"data-secret\"))||(t=Math.random().toString(36).substring(2,12),e.src+=\"#?secret=\"+t,e.setAttribute(\"data-secret\",t)),e.contentWindow.postMessage({message:\"ready\",secret:t},\"*\")},!1)))}(window,document);\n\/\/# sourceURL=https:\/\/www.enertrag.fr\/bagatelle\/wp-includes\/js\/wp-embed.min.js\n<\/script>\n","thumbnail_url":"https:\/\/www.enertrag.fr\/bagatelle\/wp-content\/uploads\/sites\/39\/2023\/01\/image-actualite4.jpg","thumbnail_width":1771,"thumbnail_height":1146,"description":"ZOOM sur la reconversion d\u2019activit\u00e9 agricole Situ\u00e9 sur des parcelles \u00e0 faible rendement agronomique, le projet photovolta\u00efque sera une reconversion d\u2019activit\u00e9 des parcelles en \u00e9levage ovin avec une prairie permanente biologique au sein de l\u2019emprise cl\u00f4tur\u00e9e du parc photovolta\u00efque.&nbsp;Une double utilisation des terres qui b\u00e9n\u00e9ficie \u00e0 toutes les parties !&nbsp; Les moutons permettent d\u2019entretenir naturellement [&hellip;]"}