{"id":69,"date":"2023-01-12T16:23:03","date_gmt":"2023-01-12T15:23:03","guid":{"rendered":"http:\/\/dev.parcs-eoliens-enertrag.fr\/matrice\/?page_id=69"},"modified":"2023-08-04T12:00:08","modified_gmt":"2023-08-04T10:00:08","slug":"actualites","status":"publish","type":"page","link":"https:\/\/www.enertrag.fr\/aigremont\/actualites\/","title":{"rendered":"Actualit\u00e9s"},"content":{"rendered":"\t\t<div data-elementor-type=\"wp-page\" data-elementor-id=\"69\" class=\"elementor elementor-69\" data-elementor-settings=\"{&quot;ha_cmc_init_switcher&quot;:&quot;no&quot;}\" data-elementor-post-type=\"page\">\n\t\t\t\t\t\t<section class=\"elementor-section elementor-top-section elementor-element elementor-element-b094415 elementor-section-boxed elementor-section-height-default elementor-section-height-default\" data-id=\"b094415\" data-element_type=\"section\" data-e-type=\"section\" data-settings=\"{&quot;_ha_eqh_enable&quot;:false}\">\n\t\t\t\t\t\t<div class=\"elementor-container elementor-column-gap-default\">\n\t\t\t\t\t<div class=\"elementor-column elementor-col-100 elementor-top-column elementor-element elementor-element-d458a0a\" data-id=\"d458a0a\" data-element_type=\"column\" data-e-type=\"column\">\n\t\t\t<div class=\"elementor-widget-wrap elementor-element-populated\">\n\t\t\t\t\t\t<div class=\"elementor-element elementor-element-20ce6d3 elementor-grid-3 elementor-grid-tablet-2 elementor-grid-mobile-1 elementor-posts--thumbnail-top elementor-widget elementor-widget-posts\" data-id=\"20ce6d3\" data-element_type=\"widget\" data-e-type=\"widget\" data-settings=\"{&quot;pagination_type&quot;:&quot;prev_next&quot;,&quot;classic_columns&quot;:&quot;3&quot;,&quot;classic_columns_tablet&quot;:&quot;2&quot;,&quot;classic_columns_mobile&quot;:&quot;1&quot;,&quot;classic_row_gap&quot;:{&quot;unit&quot;:&quot;px&quot;,&quot;size&quot;:35,&quot;sizes&quot;:[]},&quot;classic_row_gap_tablet&quot;:{&quot;unit&quot;:&quot;px&quot;,&quot;size&quot;:&quot;&quot;,&quot;sizes&quot;:[]},&quot;classic_row_gap_mobile&quot;:{&quot;unit&quot;:&quot;px&quot;,&quot;size&quot;:&quot;&quot;,&quot;sizes&quot;:[]}}\" data-widget_type=\"posts.classic\">\n\t\t\t\t<div class=\"elementor-widget-container\">\n\t\t\t\t\t\t\t<div class=\"elementor-posts-container elementor-posts elementor-posts--skin-classic elementor-grid\" role=\"list\">\n\t\t\t\t<article class=\"elementor-post elementor-grid-item post-772 post type-post status-publish format-standard has-post-thumbnail hentry category-non-classe\" role=\"listitem\">\n\t\t\t\t<a class=\"elementor-post__thumbnail__link\" href=\"https:\/\/www.enertrag.fr\/aigremont\/blog\/2024\/04\/30\/772\/\" tabindex=\"-1\" >\n\t\t\t<div class=\"elementor-post__thumbnail\"><img decoding=\"async\" width=\"300\" height=\"93\" src=\"https:\/\/www.enertrag.fr\/aigremont\/wp-content\/uploads\/sites\/34\/2023\/08\/chiffre-cle-compteur4-300x93.jpg\" class=\"attachment-medium size-medium wp-image-663\" alt=\"\" srcset=\"https:\/\/www.enertrag.fr\/aigremont\/wp-content\/uploads\/sites\/34\/2023\/08\/chiffre-cle-compteur4-300x93.jpg 300w, https:\/\/www.enertrag.fr\/aigremont\/wp-content\/uploads\/sites\/34\/2023\/08\/chiffre-cle-compteur4-768x238.jpg 768w, https:\/\/www.enertrag.fr\/aigremont\/wp-content\/uploads\/sites\/34\/2023\/08\/chiffre-cle-compteur4.jpg 979w\" sizes=\"(max-width: 300px) 100vw, 300px\" \/><\/div>\n\t\t<\/a>\n\t\t\t\t<div class=\"elementor-post__text\">\n\t\t\t\t<h3 class=\"elementor-post__title\">\n\t\t\t<a href=\"https:\/\/www.enertrag.fr\/aigremont\/blog\/2024\/04\/30\/772\/\" >\n\t\t\t\tEnqu\u00eate publique\t\t\t<\/a>\n\t\t<\/h3>\n\t\t\t\t<div class=\"elementor-post__excerpt\">\n\t\t\t<p>Une enqu\u00eate publique relative aux deux demandes de permis de construire pour la r\u00e9alisation d\u2019un parc photovolta\u00efque au sol d\u2019une puissance totale comprise entre 36,5 MWc et 41,5 MWc environ sur le territoire de la commune d\u2019AIGREMONT d\u00e9pos\u00e9e par la SCS ENERTRAG BOURGOGNE AIGREMONT, sera ouverte du lundi 13 mai 2024 (8 h) au vendredi 14 juin 2024 (17 h), soit une dur\u00e9e de 33 jours cons\u00e9cutifs, \u00e0 la mairie d\u2019AIGREMONT.<\/p>\n<p>Plus d\u2019information sur l\u2019enqu\u00eate publique : https:\/\/www.yonne.gouv.fr\/Actions-de-l-Etat\/Environnement\/Installations-classees-Loi-sur-l-eau-Declaration-d-Utilite-Publique-Photovoltaique\/Enquetes-Publiques\/Enquete-publique-realisation-parc-photovoltaique-sur-la-commune-d-AIGREMONT<\/p>\n<p>Enqu\u00eate publique r\u00e9alisation parc photovolta\u00efque sur la commune d&rsquo;AIGREMONT<br \/>\nPortail de l\u2019\u00c9tat dans l&rsquo;Yonne Les services de l&rsquo;\u00c9tat dans l&rsquo;Yonne<\/p>\n\t\t<\/div>\n\t\t\t\t\t<div class=\"elementor-post__read-more-wrapper\">\n\t\t\n\t\t<a class=\"elementor-post__read-more\" href=\"https:\/\/www.enertrag.fr\/aigremont\/blog\/2024\/04\/30\/772\/\" aria-label=\"En savoir plus sur Enqu\u00eate publique\" tabindex=\"-1\" >\n\t\t\tLire la suite \t\t<\/a>\n\n\t\t\t\t\t<\/div>\n\t\t\t\t<\/div>\n\t\t\t\t<\/article>\n\t\t\t\t<article class=\"elementor-post elementor-grid-item post-74 post type-post status-publish format-standard has-post-thumbnail hentry category-non-classe\" role=\"listitem\">\n\t\t\t\t<a class=\"elementor-post__thumbnail__link\" href=\"https:\/\/www.enertrag.fr\/aigremont\/blog\/2023\/01\/12\/tout-comprendre-des-infrasons\/\" tabindex=\"-1\" >\n\t\t\t<div class=\"elementor-post__thumbnail\"><img fetchpriority=\"high\" decoding=\"async\" width=\"300\" height=\"194\" src=\"https:\/\/www.enertrag.fr\/aigremont\/wp-content\/uploads\/sites\/34\/2023\/01\/image-actualite4-300x194.jpg\" class=\"attachment-medium size-medium wp-image-725\" alt=\"\" srcset=\"https:\/\/www.enertrag.fr\/aigremont\/wp-content\/uploads\/sites\/34\/2023\/01\/image-actualite4-300x194.jpg 300w, https:\/\/www.enertrag.fr\/aigremont\/wp-content\/uploads\/sites\/34\/2023\/01\/image-actualite4-1024x663.jpg 1024w, https:\/\/www.enertrag.fr\/aigremont\/wp-content\/uploads\/sites\/34\/2023\/01\/image-actualite4-768x497.jpg 768w, https:\/\/www.enertrag.fr\/aigremont\/wp-content\/uploads\/sites\/34\/2023\/01\/image-actualite4-1536x994.jpg 1536w, https:\/\/www.enertrag.fr\/aigremont\/wp-content\/uploads\/sites\/34\/2023\/01\/image-actualite4.jpg 1771w\" sizes=\"(max-width: 300px) 100vw, 300px\" \/><\/div>\n\t\t<\/a>\n\t\t\t\t<div class=\"elementor-post__text\">\n\t\t\t\t<h3 class=\"elementor-post__title\">\n\t\t\t<a href=\"https:\/\/www.enertrag.fr\/aigremont\/blog\/2023\/01\/12\/tout-comprendre-des-infrasons\/\" >\n\t\t\t\tAgrivolta\u00efsme : valoriser l&rsquo;agriculture locale\t\t\t<\/a>\n\t\t<\/h3>\n\t\t\t\t<div class=\"elementor-post__excerpt\">\n\t\t\t<p>ZOOM sur la reconversion d\u2019activit\u00e9 agricole Situ\u00e9 sur des parcelles \u00e0 faible rendement agronomique, le projet photovolta\u00efque sera une reconversion d\u2019activit\u00e9 des parcelles en \u00e9levage<\/p>\n\t\t<\/div>\n\t\t\t\t\t<div class=\"elementor-post__read-more-wrapper\">\n\t\t\n\t\t<a class=\"elementor-post__read-more\" href=\"https:\/\/www.enertrag.fr\/aigremont\/blog\/2023\/01\/12\/tout-comprendre-des-infrasons\/\" aria-label=\"En savoir plus sur Agrivolta\u00efsme : valoriser l&rsquo;agriculture locale\" tabindex=\"-1\" >\n\t\t\tLire la suite \t\t<\/a>\n\n\t\t\t\t\t<\/div>\n\t\t\t\t<\/div>\n\t\t\t\t<\/article>\n\t\t\t\t<article class=\"elementor-post elementor-grid-item post-1 post type-post status-publish format-standard has-post-thumbnail hentry category-non-classe\" role=\"listitem\">\n\t\t\t\t<a class=\"elementor-post__thumbnail__link\" href=\"https:\/\/www.enertrag.fr\/aigremont\/blog\/2023\/01\/10\/bonjour-tout-le-monde\/\" tabindex=\"-1\" >\n\t\t\t<div class=\"elementor-post__thumbnail\"><img decoding=\"async\" width=\"300\" height=\"200\" src=\"https:\/\/www.enertrag.fr\/aigremont\/wp-content\/uploads\/sites\/34\/2023\/01\/img_3-300x200.jpg\" class=\"attachment-medium size-medium wp-image-216\" alt=\"\" srcset=\"https:\/\/www.enertrag.fr\/aigremont\/wp-content\/uploads\/sites\/34\/2023\/01\/img_3-300x200.jpg 300w, https:\/\/www.enertrag.fr\/aigremont\/wp-content\/uploads\/sites\/34\/2023\/01\/img_3-1024x683.jpg 1024w, https:\/\/www.enertrag.fr\/aigremont\/wp-content\/uploads\/sites\/34\/2023\/01\/img_3-768x512.jpg 768w, https:\/\/www.enertrag.fr\/aigremont\/wp-content\/uploads\/sites\/34\/2023\/01\/img_3-1536x1024.jpg 1536w, https:\/\/www.enertrag.fr\/aigremont\/wp-content\/uploads\/sites\/34\/2023\/01\/img_3-2048x1366.jpg 2048w\" sizes=\"(max-width: 300px) 100vw, 300px\" \/><\/div>\n\t\t<\/a>\n\t\t\t\t<div class=\"elementor-post__text\">\n\t\t\t\t<h3 class=\"elementor-post__title\">\n\t\t\t<a href=\"https:\/\/www.enertrag.fr\/aigremont\/blog\/2023\/01\/10\/bonjour-tout-le-monde\/\" >\n\t\t\t\tLe cycle de vie d\u2019un parc \u00e9olien\t\t\t<\/a>\n\t\t<\/h3>\n\t\t\t\t<div class=\"elementor-post__excerpt\">\n\t\t\t\t\t<\/div>\n\t\t\t\t\t<div class=\"elementor-post__read-more-wrapper\">\n\t\t\n\t\t<a class=\"elementor-post__read-more\" href=\"https:\/\/www.enertrag.fr\/aigremont\/blog\/2023\/01\/10\/bonjour-tout-le-monde\/\" aria-label=\"En savoir plus sur Le cycle de vie d\u2019un parc \u00e9olien\" tabindex=\"-1\" >\n\t\t\tLire la suite \t\t<\/a>\n\n\t\t\t\t\t<\/div>\n\t\t\t\t<\/div>\n\t\t\t\t<\/article>\n\t\t\t\t<\/div>\n\t\t\n\t\t\t\t\t\t<\/div>\n\t\t\t\t<\/div>\n\t\t\t\t\t<\/div>\n\t\t<\/div>\n\t\t\t\t\t<\/div>\n\t\t<\/section>\n\t\t\t\t<\/div>\n\t\t","protected":false},"excerpt":{"rendered":"","protected":false},"author":1,"featured_media":0,"parent":0,"menu_order":0,"comment_status":"closed","ping_status":"closed","template":"","meta":{"_acf_changed":false,"footnotes":""},"class_list":["post-69","page","type-page","status-publish","hentry"],"acf":[],"yoast_head":"<!-- This site is optimized with the Yoast SEO plugin v27.5 - https:\/\/yoast.com\/product\/yoast-seo-wordpress\/ -->\n<title>Actualit\u00e9s - Projet photovolta\u00efque d&#039;Aigremont<\/title>\n<meta name=\"robots\" content=\"index, follow, max-snippet:-1, max-image-preview:large, max-video-preview:-1\" \/>\n<link rel=\"canonical\" href=\"https:\/\/www.enertrag.fr\/aigremont\/actualites\/\" \/>\n<meta property=\"og:locale\" content=\"fr_FR\" \/>\n<meta property=\"og:type\" content=\"article\" \/>\n<meta property=\"og:title\" content=\"Actualit\u00e9s - Projet photovolta\u00efque d&#039;Aigremont\" \/>\n<meta property=\"og:url\" content=\"https:\/\/www.enertrag.fr\/aigremont\/actualites\/\" \/>\n<meta property=\"og:site_name\" content=\"Projet photovolta\u00efque d&#039;Aigremont\" \/>\n<meta property=\"article:modified_time\" content=\"2023-08-04T10:00:08+00:00\" \/>\n<meta name=\"twitter:card\" content=\"summary_large_image\" \/>\n<meta name=\"twitter:label1\" content=\"Dur\u00e9e de lecture estim\u00e9e\" \/>\n\t<meta name=\"twitter:data1\" content=\"1 minute\" \/>\n<script type=\"application\/ld+json\" class=\"yoast-schema-graph\">{\"@context\":\"https:\\\/\\\/schema.org\",\"@graph\":[{\"@type\":\"WebPage\",\"@id\":\"https:\\\/\\\/www.enertrag.fr\\\/aigremont\\\/actualites\\\/\",\"url\":\"https:\\\/\\\/www.enertrag.fr\\\/aigremont\\\/actualites\\\/\",\"name\":\"Actualit\u00e9s - Projet photovolta\u00efque d'Aigremont\",\"isPartOf\":{\"@id\":\"https:\\\/\\\/www.enertrag.fr\\\/aigremont\\\/#website\"},\"datePublished\":\"2023-01-12T15:23:03+00:00\",\"dateModified\":\"2023-08-04T10:00:08+00:00\",\"breadcrumb\":{\"@id\":\"https:\\\/\\\/www.enertrag.fr\\\/aigremont\\\/actualites\\\/#breadcrumb\"},\"inLanguage\":\"fr-FR\",\"potentialAction\":[{\"@type\":\"ReadAction\",\"target\":[\"https:\\\/\\\/www.enertrag.fr\\\/aigremont\\\/actualites\\\/\"]}]},{\"@type\":\"BreadcrumbList\",\"@id\":\"https:\\\/\\\/www.enertrag.fr\\\/aigremont\\\/actualites\\\/#breadcrumb\",\"itemListElement\":[{\"@type\":\"ListItem\",\"position\":1,\"name\":\"Accueil\",\"item\":\"https:\\\/\\\/www.enertrag.fr\\\/aigremont\\\/\"},{\"@type\":\"ListItem\",\"position\":2,\"name\":\"Actualit\u00e9s\"}]},{\"@type\":\"WebSite\",\"@id\":\"https:\\\/\\\/www.enertrag.fr\\\/aigremont\\\/#website\",\"url\":\"https:\\\/\\\/www.enertrag.fr\\\/aigremont\\\/\",\"name\":\"Projet photovolta\u00efque d'Aigremont\",\"description\":\"\",\"publisher\":{\"@id\":\"https:\\\/\\\/www.enertrag.fr\\\/aigremont\\\/#organization\"},\"potentialAction\":[{\"@type\":\"SearchAction\",\"target\":{\"@type\":\"EntryPoint\",\"urlTemplate\":\"https:\\\/\\\/www.enertrag.fr\\\/aigremont\\\/?s={search_term_string}\"},\"query-input\":{\"@type\":\"PropertyValueSpecification\",\"valueRequired\":true,\"valueName\":\"search_term_string\"}}],\"inLanguage\":\"fr-FR\"},{\"@type\":\"Organization\",\"@id\":\"https:\\\/\\\/www.enertrag.fr\\\/aigremont\\\/#organization\",\"name\":\"Projet photovolta\u00efque d'Aigremont\",\"url\":\"https:\\\/\\\/www.enertrag.fr\\\/aigremont\\\/\",\"logo\":{\"@type\":\"ImageObject\",\"inLanguage\":\"fr-FR\",\"@id\":\"https:\\\/\\\/www.enertrag.fr\\\/aigremont\\\/#\\\/schema\\\/logo\\\/image\\\/\",\"url\":\"https:\\\/\\\/www.enertrag.fr\\\/aigremont\\\/wp-content\\\/uploads\\\/sites\\\/34\\\/2023\\\/01\\\/ENERTRAG_Logo.png\",\"contentUrl\":\"https:\\\/\\\/www.enertrag.fr\\\/aigremont\\\/wp-content\\\/uploads\\\/sites\\\/34\\\/2023\\\/01\\\/ENERTRAG_Logo.png\",\"width\":500,\"height\":161,\"caption\":\"Projet photovolta\u00efque d'Aigremont\"},\"image\":{\"@id\":\"https:\\\/\\\/www.enertrag.fr\\\/aigremont\\\/#\\\/schema\\\/logo\\\/image\\\/\"}}]}<\/script>\n<!-- \/ Yoast SEO plugin. -->","yoast_head_json":{"title":"Actualit\u00e9s - Projet photovolta\u00efque d'Aigremont","robots":{"index":"index","follow":"follow","max-snippet":"max-snippet:-1","max-image-preview":"max-image-preview:large","max-video-preview":"max-video-preview:-1"},"canonical":"https:\/\/www.enertrag.fr\/aigremont\/actualites\/","og_locale":"fr_FR","og_type":"article","og_title":"Actualit\u00e9s - Projet photovolta\u00efque d'Aigremont","og_url":"https:\/\/www.enertrag.fr\/aigremont\/actualites\/","og_site_name":"Projet photovolta\u00efque d'Aigremont","article_modified_time":"2023-08-04T10:00:08+00:00","twitter_card":"summary_large_image","twitter_misc":{"Dur\u00e9e de lecture estim\u00e9e":"1 minute"},"schema":{"@context":"https:\/\/schema.org","@graph":[{"@type":"WebPage","@id":"https:\/\/www.enertrag.fr\/aigremont\/actualites\/","url":"https:\/\/www.enertrag.fr\/aigremont\/actualites\/","name":"Actualit\u00e9s - Projet photovolta\u00efque d'Aigremont","isPartOf":{"@id":"https:\/\/www.enertrag.fr\/aigremont\/#website"},"datePublished":"2023-01-12T15:23:03+00:00","dateModified":"2023-08-04T10:00:08+00:00","breadcrumb":{"@id":"https:\/\/www.enertrag.fr\/aigremont\/actualites\/#breadcrumb"},"inLanguage":"fr-FR","potentialAction":[{"@type":"ReadAction","target":["https:\/\/www.enertrag.fr\/aigremont\/actualites\/"]}]},{"@type":"BreadcrumbList","@id":"https:\/\/www.enertrag.fr\/aigremont\/actualites\/#breadcrumb","itemListElement":[{"@type":"ListItem","position":1,"name":"Accueil","item":"https:\/\/www.enertrag.fr\/aigremont\/"},{"@type":"ListItem","position":2,"name":"Actualit\u00e9s"}]},{"@type":"WebSite","@id":"https:\/\/www.enertrag.fr\/aigremont\/#website","url":"https:\/\/www.enertrag.fr\/aigremont\/","name":"Projet photovolta\u00efque d'Aigremont","description":"","publisher":{"@id":"https:\/\/www.enertrag.fr\/aigremont\/#organization"},"potentialAction":[{"@type":"SearchAction","target":{"@type":"EntryPoint","urlTemplate":"https:\/\/www.enertrag.fr\/aigremont\/?s={search_term_string}"},"query-input":{"@type":"PropertyValueSpecification","valueRequired":true,"valueName":"search_term_string"}}],"inLanguage":"fr-FR"},{"@type":"Organization","@id":"https:\/\/www.enertrag.fr\/aigremont\/#organization","name":"Projet photovolta\u00efque d'Aigremont","url":"https:\/\/www.enertrag.fr\/aigremont\/","logo":{"@type":"ImageObject","inLanguage":"fr-FR","@id":"https:\/\/www.enertrag.fr\/aigremont\/#\/schema\/logo\/image\/","url":"https:\/\/www.enertrag.fr\/aigremont\/wp-content\/uploads\/sites\/34\/2023\/01\/ENERTRAG_Logo.png","contentUrl":"https:\/\/www.enertrag.fr\/aigremont\/wp-content\/uploads\/sites\/34\/2023\/01\/ENERTRAG_Logo.png","width":500,"height":161,"caption":"Projet photovolta\u00efque d'Aigremont"},"image":{"@id":"https:\/\/www.enertrag.fr\/aigremont\/#\/schema\/logo\/image\/"}}]}},"_links":{"self":[{"href":"https:\/\/www.enertrag.fr\/aigremont\/wp-json\/wp\/v2\/pages\/69","targetHints":{"allow":["GET"]}}],"collection":[{"href":"https:\/\/www.enertrag.fr\/aigremont\/wp-json\/wp\/v2\/pages"}],"about":[{"href":"https:\/\/www.enertrag.fr\/aigremont\/wp-json\/wp\/v2\/types\/page"}],"author":[{"embeddable":true,"href":"https:\/\/www.enertrag.fr\/aigremont\/wp-json\/wp\/v2\/users\/1"}],"replies":[{"embeddable":true,"href":"https:\/\/www.enertrag.fr\/aigremont\/wp-json\/wp\/v2\/comments?post=69"}],"version-history":[{"count":0,"href":"https:\/\/www.enertrag.fr\/aigremont\/wp-json\/wp\/v2\/pages\/69\/revisions"}],"wp:attachment":[{"href":"https:\/\/www.enertrag.fr\/aigremont\/wp-json\/wp\/v2\/media?parent=69"}],"curies":[{"name":"wp","href":"https:\/\/api.w.org\/{rel}","templated":true}]}}