{"id":5,"date":"2024-05-03T11:03:17","date_gmt":"2024-05-03T09:03:17","guid":{"rendered":"http:\/\/dev.parcs-eoliens-enertrag.fr\/testy\/?page_id=5"},"modified":"2024-05-03T11:10:37","modified_gmt":"2024-05-03T09:10:37","slug":"attente","status":"publish","type":"page","link":"https:\/\/www.enertrag.fr\/aigremont\/","title":{"rendered":"Accueil"},"content":{"rendered":"\t\t<div data-elementor-type=\"wp-page\" data-elementor-id=\"5\" class=\"elementor elementor-5\" data-elementor-settings=\"{&quot;ha_cmc_init_switcher&quot;:&quot;no&quot;}\" data-elementor-post-type=\"page\">\n\t\t\t\t\t\t<section class=\"elementor-section elementor-top-section elementor-element elementor-element-3a95a101 elementor-section-boxed elementor-section-height-default elementor-section-height-default\" data-id=\"3a95a101\" data-element_type=\"section\" data-e-type=\"section\" data-settings=\"{&quot;background_background&quot;:&quot;classic&quot;,&quot;_ha_eqh_enable&quot;:false}\">\n\t\t\t\t\t\t<div class=\"elementor-container elementor-column-gap-default\">\n\t\t\t\t\t<div class=\"elementor-column elementor-col-100 elementor-top-column elementor-element elementor-element-745acc87\" data-id=\"745acc87\" data-element_type=\"column\" data-e-type=\"column\">\n\t\t\t<div class=\"elementor-widget-wrap elementor-element-populated\">\n\t\t\t\t\t\t<div class=\"elementor-element elementor-element-0143a0d elementor-widget elementor-widget-text-editor\" data-id=\"0143a0d\" data-element_type=\"widget\" data-e-type=\"widget\" id=\"bandeau_h1\" data-widget_type=\"text-editor.default\">\n\t\t\t\t<div class=\"elementor-widget-container\">\n\t\t\t\t\t\t\t\t\t<h1><span>\nPROJET PHOTOVOLTA\u00cfQUE\nAU SOL<\/span> D\u2019AIGREMONT<\/h1>\n\t\t\t\t\t\t\t\t<\/div>\n\t\t\t\t<\/div>\n\t\t\t\t\t<\/div>\n\t\t<\/div>\n\t\t\t\t\t<\/div>\n\t\t<\/section>\n\t\t\t\t<section class=\"elementor-section elementor-top-section elementor-element elementor-element-5fab407e elementor-section-full_width elementor-section-stretched elementor-section-height-default elementor-section-height-default\" data-id=\"5fab407e\" data-element_type=\"section\" data-e-type=\"section\" data-settings=\"{&quot;stretch_section&quot;:&quot;section-stretched&quot;,&quot;_ha_eqh_enable&quot;:false}\">\n\t\t\t\t\t\t<div class=\"elementor-container elementor-column-gap-default\">\n\t\t\t\t\t<div class=\"elementor-column elementor-col-100 elementor-top-column elementor-element elementor-element-7399a403\" data-id=\"7399a403\" data-element_type=\"column\" data-e-type=\"column\">\n\t\t\t<div class=\"elementor-widget-wrap elementor-element-populated\">\n\t\t\t\t\t\t<div class=\"elementor-element elementor-element-4ed70727 elementor-widget elementor-widget-image\" data-id=\"4ed70727\" data-element_type=\"widget\" data-e-type=\"widget\" data-widget_type=\"image.default\">\n\t\t\t\t<div class=\"elementor-widget-container\">\n\t\t\t\t\t\t\t\t\t\t\t\t\t\t\t<img fetchpriority=\"high\" decoding=\"async\" width=\"2560\" height=\"553\" src=\"https:\/\/www.enertrag.fr\/aigremont\/wp-content\/uploads\/sites\/34\/2023\/07\/BO-AP-scaled.jpg\" class=\"attachment-full size-full wp-image-589\" alt=\"\" srcset=\"https:\/\/www.enertrag.fr\/aigremont\/wp-content\/uploads\/sites\/34\/2023\/07\/BO-AP-scaled.jpg 2560w, https:\/\/www.enertrag.fr\/aigremont\/wp-content\/uploads\/sites\/34\/2023\/07\/BO-AP-300x65.jpg 300w, https:\/\/www.enertrag.fr\/aigremont\/wp-content\/uploads\/sites\/34\/2023\/07\/BO-AP-1024x221.jpg 1024w, https:\/\/www.enertrag.fr\/aigremont\/wp-content\/uploads\/sites\/34\/2023\/07\/BO-AP-768x166.jpg 768w, https:\/\/www.enertrag.fr\/aigremont\/wp-content\/uploads\/sites\/34\/2023\/07\/BO-AP-1536x332.jpg 1536w, https:\/\/www.enertrag.fr\/aigremont\/wp-content\/uploads\/sites\/34\/2023\/07\/BO-AP-2048x443.jpg 2048w\" sizes=\"(max-width: 2560px) 100vw, 2560px\" \/>\t\t\t\t\t\t\t\t\t\t\t\t\t\t\t<\/div>\n\t\t\t\t<\/div>\n\t\t\t\t\t<\/div>\n\t\t<\/div>\n\t\t\t\t\t<\/div>\n\t\t<\/section>\n\t\t\t\t<section class=\"elementor-section elementor-top-section elementor-element elementor-element-c97c833 elementor-section-boxed elementor-section-height-default elementor-section-height-default\" data-id=\"c97c833\" data-element_type=\"section\" data-e-type=\"section\" data-settings=\"{&quot;background_background&quot;:&quot;classic&quot;,&quot;_ha_eqh_enable&quot;:false}\">\n\t\t\t\t\t\t<div class=\"elementor-container elementor-column-gap-default\">\n\t\t\t\t\t<div class=\"elementor-column elementor-col-50 elementor-top-column elementor-element elementor-element-2a79239\" data-id=\"2a79239\" data-element_type=\"column\" data-e-type=\"column\">\n\t\t\t<div class=\"elementor-widget-wrap elementor-element-populated\">\n\t\t\t\t\t\t<div class=\"elementor-element elementor-element-fbf4f8d elementor-widget__width-initial elementor-widget elementor-widget-image\" data-id=\"fbf4f8d\" data-element_type=\"widget\" data-e-type=\"widget\" data-widget_type=\"image.default\">\n\t\t\t\t<div class=\"elementor-widget-container\">\n\t\t\t\t\t\t\t\t\t\t\t\t\t\t\t<img decoding=\"async\" width=\"768\" height=\"768\" src=\"https:\/\/www.enertrag.fr\/aigremont\/wp-content\/uploads\/sites\/34\/2023\/07\/Illustration-2023-07-768x768.png\" class=\"attachment-medium_large size-medium_large wp-image-593\" alt=\"\" srcset=\"https:\/\/www.enertrag.fr\/aigremont\/wp-content\/uploads\/sites\/34\/2023\/07\/Illustration-2023-07-768x768.png 768w, https:\/\/www.enertrag.fr\/aigremont\/wp-content\/uploads\/sites\/34\/2023\/07\/Illustration-2023-07-300x300.png 300w, https:\/\/www.enertrag.fr\/aigremont\/wp-content\/uploads\/sites\/34\/2023\/07\/Illustration-2023-07-1024x1024.png 1024w, https:\/\/www.enertrag.fr\/aigremont\/wp-content\/uploads\/sites\/34\/2023\/07\/Illustration-2023-07-150x150.png 150w, https:\/\/www.enertrag.fr\/aigremont\/wp-content\/uploads\/sites\/34\/2023\/07\/Illustration-2023-07-1536x1536.png 1536w, https:\/\/www.enertrag.fr\/aigremont\/wp-content\/uploads\/sites\/34\/2023\/07\/Illustration-2023-07.png 2000w\" sizes=\"(max-width: 768px) 100vw, 768px\" \/>\t\t\t\t\t\t\t\t\t\t\t\t\t\t\t<\/div>\n\t\t\t\t<\/div>\n\t\t\t\t\t<\/div>\n\t\t<\/div>\n\t\t\t\t<div class=\"elementor-column elementor-col-50 elementor-top-column elementor-element elementor-element-3f0f230\" data-id=\"3f0f230\" data-element_type=\"column\" data-e-type=\"column\">\n\t\t\t<div class=\"elementor-widget-wrap elementor-element-populated\">\n\t\t\t\t\t\t<div class=\"elementor-element elementor-element-4d66b2a elementor-widget elementor-widget-text-editor\" data-id=\"4d66b2a\" data-element_type=\"widget\" data-e-type=\"widget\" data-widget_type=\"text-editor.default\">\n\t\t\t\t<div class=\"elementor-widget-container\">\n\t\t\t\t\t\t\t\t\t<h2 style=\"text-align: center;\">Le projet en Bref<\/h2>\n<p>Depuis 2021, ENERTRAG \u00e9tudie la faisabilit\u00e9 d\u2019un projet de parc solaire&nbsp;<span style=\"color: var( --e-global-color-text ); font-family: var( --e-global-typography-text-font-family ), Sans-serif; font-weight: var( --e-global-typography-text-font-weight );\">photovolta\u00efque sur la commune d\u2019Aigremont.&nbsp;<\/span><span style=\"color: var( --e-global-color-text ); font-family: var( --e-global-typography-text-font-family ), Sans-serif; font-weight: var( --e-global-typography-text-font-weight );\">Des \u00e9tudes ont \u00e9t\u00e9 r\u00e9alis\u00e9es de mi 2021 \u00e0 juillet 2022 pour concevoir un&nbsp;<\/span><span style=\"color: var( --e-global-color-text ); font-family: var( --e-global-typography-text-font-family ), Sans-serif; font-weight: var( --e-global-typography-text-font-weight );\">projet dans le respect de la doctrine de la Chambre d\u2019Agriculture de l\u2019Yonne en&nbsp;<\/span><span style=\"color: var( --e-global-color-text ); font-family: var( --e-global-typography-text-font-family ), Sans-serif; font-weight: var( --e-global-typography-text-font-weight );\">mati\u00e8re de projets photovolta\u00efques sur terrains agricoles peu productifs.&nbsp;<\/span><span style=\"color: var( --e-global-color-text ); font-family: var( --e-global-typography-text-font-family ), Sans-serif; font-weight: var( --e-global-typography-text-font-weight );\">Nous avons \u00e0 coeur de penser ce projet comme une opportunit\u00e9 de production&nbsp;<\/span><span style=\"color: var( --e-global-color-text ); font-family: var( --e-global-typography-text-font-family ), Sans-serif; font-weight: var( --e-global-typography-text-font-weight );\">d\u2019\u00e9lectricit\u00e9 durable pour le territoire qui contribue aux objectifs de la&nbsp;<\/span><span style=\"color: var( --e-global-color-text ); font-family: var( --e-global-typography-text-font-family ), Sans-serif; font-weight: var( --e-global-typography-text-font-weight );\">programmation pluriannuelle de l\u2019\u00e9nergie.&nbsp;<\/span><span style=\"color: var( --e-global-color-text ); font-family: var( --e-global-typography-text-font-family ), Sans-serif; font-weight: var( --e-global-typography-text-font-weight );\">Nous vous invitons \u00e0 d\u00e9couvrir sur ce site les caract\u00e9ristiques du projet,<\/span><\/p>\t\t\t\t\t\t\t\t<\/div>\n\t\t\t\t<\/div>\n\t\t\t\t<div class=\"elementor-element elementor-element-ad352ab elementor-align-center elementor-widget elementor-widget-button\" data-id=\"ad352ab\" data-element_type=\"widget\" data-e-type=\"widget\" data-widget_type=\"button.default\">\n\t\t\t\t<div class=\"elementor-widget-container\">\n\t\t\t\t\t\t\t\t\t<div class=\"elementor-button-wrapper\">\n\t\t\t\t\t<a class=\"elementor-button elementor-button-link elementor-size-sm\" href=\"http:\/\/dev.parcs-eoliens-enertrag.fr\/matrice\/le-projet\/\">\n\t\t\t\t\t\t<span class=\"elementor-button-content-wrapper\">\n\t\t\t\t\t\t\t\t\t<span class=\"elementor-button-text\">D\u00e9couvrir le projet<\/span>\n\t\t\t\t\t<\/span>\n\t\t\t\t\t<\/a>\n\t\t\t\t<\/div>\n\t\t\t\t\t\t\t\t<\/div>\n\t\t\t\t<\/div>\n\t\t\t\t\t<\/div>\n\t\t<\/div>\n\t\t\t\t\t<\/div>\n\t\t<\/section>\n\t\t\t\t<section class=\"elementor-section elementor-top-section elementor-element elementor-element-f3aca0f elementor-section-boxed elementor-section-height-default elementor-section-height-default\" data-id=\"f3aca0f\" data-element_type=\"section\" data-e-type=\"section\" data-settings=\"{&quot;background_background&quot;:&quot;gradient&quot;,&quot;_ha_eqh_enable&quot;:false}\">\n\t\t\t\t\t\t<div class=\"elementor-container elementor-column-gap-default\">\n\t\t\t\t\t<div class=\"elementor-column elementor-col-33 elementor-top-column elementor-element elementor-element-49edccd\" data-id=\"49edccd\" data-element_type=\"column\" data-e-type=\"column\">\n\t\t\t<div class=\"elementor-widget-wrap\">\n\t\t\t\t\t\t\t<\/div>\n\t\t<\/div>\n\t\t\t\t<div class=\"elementor-column elementor-col-33 elementor-top-column elementor-element elementor-element-35e7d71\" data-id=\"35e7d71\" data-element_type=\"column\" data-e-type=\"column\">\n\t\t\t<div class=\"elementor-widget-wrap elementor-element-populated\">\n\t\t\t\t\t\t<div class=\"elementor-element elementor-element-40340b9 elementor-widget__width-initial elementor-widget elementor-widget-image\" data-id=\"40340b9\" data-element_type=\"widget\" data-e-type=\"widget\" data-widget_type=\"image.default\">\n\t\t\t\t<div class=\"elementor-widget-container\">\n\t\t\t\t\t\t\t\t\t\t\t\t\t\t\t<img decoding=\"async\" width=\"300\" height=\"93\" src=\"https:\/\/www.enertrag.fr\/aigremont\/wp-content\/uploads\/sites\/34\/2023\/08\/EP-300x93.png\" class=\"attachment-medium size-medium wp-image-631\" alt=\"\" srcset=\"https:\/\/www.enertrag.fr\/aigremont\/wp-content\/uploads\/sites\/34\/2023\/08\/EP-300x93.png 300w, https:\/\/www.enertrag.fr\/aigremont\/wp-content\/uploads\/sites\/34\/2023\/08\/EP-768x238.png 768w, https:\/\/www.enertrag.fr\/aigremont\/wp-content\/uploads\/sites\/34\/2023\/08\/EP.png 979w\" sizes=\"(max-width: 300px) 100vw, 300px\" \/>\t\t\t\t\t\t\t\t\t\t\t\t\t\t\t<\/div>\n\t\t\t\t<\/div>\n\t\t\t\t<div class=\"elementor-element elementor-element-2c9a2a8 elementor-widget__width-initial elementor-widget elementor-widget-text-editor\" data-id=\"2c9a2a8\" data-element_type=\"widget\" data-e-type=\"widget\" data-widget_type=\"text-editor.default\">\n\t\t\t\t<div class=\"elementor-widget-container\">\n\t\t\t\t\t\t\t\t\t<p><b>Quelle est la prochaine \u00e9tape ?<\/b><\/p><p>La prochaine \u00e9tape du projet sera l&rsquo;enqu\u00eate publique, <strong>attendue pour le premier trimestre de 2024<\/strong><span style=\"background-color: transparent;\">. L<span class=\"ui-provider cyf cyg cee cyh cyi cyj cyk cyl cym cyn cyo cyp cyq cyr cys cyt cyu cyv cyw cyx cyy cyz cza czb czc czd cze czf czg czh czi czj czk czl czm\" dir=\"ltr\">es dates seront communiqu\u00e9es d\u00e8s qu&rsquo;elles seront transmises par la Pr\u00e9fecture de l&rsquo;Yonne. <\/span><\/span><span style=\"background-color: transparent;\">Pour en savoir plus sur l&rsquo;Enqu\u00eate publique, rendez-vous dans la rubrique \u00a0\u00bb les actualit\u00e9s\u00a0\u00bb<\/span><\/p>\t\t\t\t\t\t\t\t<\/div>\n\t\t\t\t<\/div>\n\t\t\t\t\t<\/div>\n\t\t<\/div>\n\t\t\t\t<div class=\"elementor-column elementor-col-33 elementor-top-column elementor-element elementor-element-24be493\" data-id=\"24be493\" data-element_type=\"column\" data-e-type=\"column\">\n\t\t\t<div class=\"elementor-widget-wrap\">\n\t\t\t\t\t\t\t<\/div>\n\t\t<\/div>\n\t\t\t\t\t<\/div>\n\t\t<\/section>\n\t\t\t\t<section class=\"elementor-section elementor-top-section elementor-element elementor-element-a439d05 elementor-section-boxed elementor-section-height-default elementor-section-height-default\" data-id=\"a439d05\" data-element_type=\"section\" data-e-type=\"section\" data-settings=\"{&quot;_ha_eqh_enable&quot;:false}\">\n\t\t\t\t\t\t<div class=\"elementor-container elementor-column-gap-default\">\n\t\t\t\t\t<div class=\"elementor-column elementor-col-100 elementor-top-column elementor-element elementor-element-aff318a\" data-id=\"aff318a\" data-element_type=\"column\" data-e-type=\"column\">\n\t\t\t<div class=\"elementor-widget-wrap elementor-element-populated\">\n\t\t\t\t\t\t<div class=\"elementor-element elementor-element-21a0449 elementor-widget elementor-widget-text-editor\" data-id=\"21a0449\" data-element_type=\"widget\" data-e-type=\"widget\" data-widget_type=\"text-editor.default\">\n\t\t\t\t<div class=\"elementor-widget-container\">\n\t\t\t\t\t\t\t\t\t<h2 style=\"text-align: center;\">Les actualit\u00e9s<\/h2>\t\t\t\t\t\t\t\t<\/div>\n\t\t\t\t<\/div>\n\t\t\t\t\t<\/div>\n\t\t<\/div>\n\t\t\t\t\t<\/div>\n\t\t<\/section>\n\t\t\t\t<section class=\"elementor-section elementor-top-section elementor-element elementor-element-7d4d063 elementor-section-boxed elementor-section-height-default elementor-section-height-default\" data-id=\"7d4d063\" data-element_type=\"section\" data-e-type=\"section\" data-settings=\"{&quot;_ha_eqh_enable&quot;:false}\">\n\t\t\t\t\t\t<div class=\"elementor-container elementor-column-gap-default\">\n\t\t\t\t\t<div class=\"elementor-column elementor-col-100 elementor-top-column elementor-element elementor-element-8ae6f95\" data-id=\"8ae6f95\" data-element_type=\"column\" data-e-type=\"column\">\n\t\t\t<div class=\"elementor-widget-wrap elementor-element-populated\">\n\t\t\t\t\t\t<div class=\"elementor-element elementor-element-04ee5d6 elementor-posts--align-center elementor-grid-3 elementor-grid-tablet-2 elementor-grid-mobile-1 elementor-posts--thumbnail-top elementor-widget elementor-widget-posts\" data-id=\"04ee5d6\" data-element_type=\"widget\" data-e-type=\"widget\" data-settings=\"{&quot;classic_columns&quot;:&quot;3&quot;,&quot;classic_columns_tablet&quot;:&quot;2&quot;,&quot;classic_columns_mobile&quot;:&quot;1&quot;,&quot;classic_row_gap&quot;:{&quot;unit&quot;:&quot;px&quot;,&quot;size&quot;:35,&quot;sizes&quot;:[]},&quot;classic_row_gap_tablet&quot;:{&quot;unit&quot;:&quot;px&quot;,&quot;size&quot;:&quot;&quot;,&quot;sizes&quot;:[]},&quot;classic_row_gap_mobile&quot;:{&quot;unit&quot;:&quot;px&quot;,&quot;size&quot;:&quot;&quot;,&quot;sizes&quot;:[]}}\" data-widget_type=\"posts.classic\">\n\t\t\t\t<div class=\"elementor-widget-container\">\n\t\t\t\t\t\t\t<div class=\"elementor-posts-container elementor-posts elementor-posts--skin-classic elementor-grid\" role=\"list\">\n\t\t\t\t<article class=\"elementor-post elementor-grid-item post-772 post type-post status-publish format-standard has-post-thumbnail hentry category-non-classe\" role=\"listitem\">\n\t\t\t\t<a class=\"elementor-post__thumbnail__link\" href=\"https:\/\/www.enertrag.fr\/aigremont\/blog\/2024\/04\/30\/772\/\" tabindex=\"-1\" >\n\t\t\t<div class=\"elementor-post__thumbnail\"><img loading=\"lazy\" decoding=\"async\" width=\"979\" height=\"304\" src=\"https:\/\/www.enertrag.fr\/aigremont\/wp-content\/uploads\/sites\/34\/2023\/08\/chiffre-cle-compteur4.jpg\" class=\"attachment-full size-full wp-image-663\" alt=\"\" srcset=\"https:\/\/www.enertrag.fr\/aigremont\/wp-content\/uploads\/sites\/34\/2023\/08\/chiffre-cle-compteur4.jpg 979w, https:\/\/www.enertrag.fr\/aigremont\/wp-content\/uploads\/sites\/34\/2023\/08\/chiffre-cle-compteur4-300x93.jpg 300w, https:\/\/www.enertrag.fr\/aigremont\/wp-content\/uploads\/sites\/34\/2023\/08\/chiffre-cle-compteur4-768x238.jpg 768w\" sizes=\"(max-width: 979px) 100vw, 979px\" \/><\/div>\n\t\t<\/a>\n\t\t\t\t<div class=\"elementor-post__text\">\n\t\t\t\t<h3 class=\"elementor-post__title\">\n\t\t\t<a href=\"https:\/\/www.enertrag.fr\/aigremont\/blog\/2024\/04\/30\/772\/\" >\n\t\t\t\tEnqu\u00eate publique\t\t\t<\/a>\n\t\t<\/h3>\n\t\t\t\t<div class=\"elementor-post__excerpt\">\n\t\t\t<p>Une enqu\u00eate publique relative aux deux demandes de permis de construire pour la r\u00e9alisation d\u2019un parc photovolta\u00efque au sol d\u2019une puissance totale comprise entre 36,5 MWc et 41,5 MWc environ sur le territoire de la commune d\u2019AIGREMONT d\u00e9pos\u00e9e par la SCS ENERTRAG BOURGOGNE AIGREMONT, sera ouverte du lundi 13 mai 2024 (8 h) au vendredi 14 juin 2024 (17 h), soit une dur\u00e9e de 33 jours cons\u00e9cutifs, \u00e0 la mairie d\u2019AIGREMONT.<\/p>\n<p>Plus d\u2019information sur l\u2019enqu\u00eate publique : https:\/\/www.yonne.gouv.fr\/Actions-de-l-Etat\/Environnement\/Installations-classees-Loi-sur-l-eau-Declaration-d-Utilite-Publique-Photovoltaique\/Enquetes-Publiques\/Enquete-publique-realisation-parc-photovoltaique-sur-la-commune-d-AIGREMONT<\/p>\n<p>Enqu\u00eate publique r\u00e9alisation parc photovolta\u00efque sur la commune d&rsquo;AIGREMONT<br \/>\nPortail de l\u2019\u00c9tat dans l&rsquo;Yonne Les services de l&rsquo;\u00c9tat dans l&rsquo;Yonne<\/p>\n\t\t<\/div>\n\t\t\t\t\t<div class=\"elementor-post__read-more-wrapper\">\n\t\t\n\t\t<a class=\"elementor-post__read-more\" href=\"https:\/\/www.enertrag.fr\/aigremont\/blog\/2024\/04\/30\/772\/\" aria-label=\"En savoir plus sur Enqu\u00eate publique\" tabindex=\"-1\" >\n\t\t\tLire la suite &gt;\t\t<\/a>\n\n\t\t\t\t\t<\/div>\n\t\t\t\t<\/div>\n\t\t\t\t<\/article>\n\t\t\t\t<article class=\"elementor-post elementor-grid-item post-74 post type-post status-publish format-standard has-post-thumbnail hentry category-non-classe\" role=\"listitem\">\n\t\t\t\t<a class=\"elementor-post__thumbnail__link\" href=\"https:\/\/www.enertrag.fr\/aigremont\/blog\/2023\/01\/12\/tout-comprendre-des-infrasons\/\" tabindex=\"-1\" >\n\t\t\t<div class=\"elementor-post__thumbnail\"><img loading=\"lazy\" decoding=\"async\" width=\"1771\" height=\"1146\" src=\"https:\/\/www.enertrag.fr\/aigremont\/wp-content\/uploads\/sites\/34\/2023\/01\/image-actualite4.jpg\" class=\"attachment-full size-full wp-image-725\" alt=\"\" srcset=\"https:\/\/www.enertrag.fr\/aigremont\/wp-content\/uploads\/sites\/34\/2023\/01\/image-actualite4.jpg 1771w, https:\/\/www.enertrag.fr\/aigremont\/wp-content\/uploads\/sites\/34\/2023\/01\/image-actualite4-300x194.jpg 300w, https:\/\/www.enertrag.fr\/aigremont\/wp-content\/uploads\/sites\/34\/2023\/01\/image-actualite4-1024x663.jpg 1024w, https:\/\/www.enertrag.fr\/aigremont\/wp-content\/uploads\/sites\/34\/2023\/01\/image-actualite4-768x497.jpg 768w, https:\/\/www.enertrag.fr\/aigremont\/wp-content\/uploads\/sites\/34\/2023\/01\/image-actualite4-1536x994.jpg 1536w\" sizes=\"(max-width: 1771px) 100vw, 1771px\" \/><\/div>\n\t\t<\/a>\n\t\t\t\t<div class=\"elementor-post__text\">\n\t\t\t\t<h3 class=\"elementor-post__title\">\n\t\t\t<a href=\"https:\/\/www.enertrag.fr\/aigremont\/blog\/2023\/01\/12\/tout-comprendre-des-infrasons\/\" >\n\t\t\t\tAgrivolta\u00efsme : valoriser l&rsquo;agriculture locale\t\t\t<\/a>\n\t\t<\/h3>\n\t\t\t\t<div class=\"elementor-post__excerpt\">\n\t\t\t<p>ZOOM sur la reconversion d\u2019activit\u00e9 agricole Situ\u00e9 sur des parcelles \u00e0 faible rendement agronomique, le projet photovolta\u00efque sera une reconversion d\u2019activit\u00e9 des parcelles en \u00e9levage<\/p>\n\t\t<\/div>\n\t\t\t\t\t<div class=\"elementor-post__read-more-wrapper\">\n\t\t\n\t\t<a class=\"elementor-post__read-more\" href=\"https:\/\/www.enertrag.fr\/aigremont\/blog\/2023\/01\/12\/tout-comprendre-des-infrasons\/\" aria-label=\"En savoir plus sur Agrivolta\u00efsme : valoriser l&rsquo;agriculture locale\" tabindex=\"-1\" >\n\t\t\tLire la suite &gt;\t\t<\/a>\n\n\t\t\t\t\t<\/div>\n\t\t\t\t<\/div>\n\t\t\t\t<\/article>\n\t\t\t\t<article class=\"elementor-post elementor-grid-item post-1 post type-post status-publish format-standard has-post-thumbnail hentry category-non-classe\" role=\"listitem\">\n\t\t\t\t<a class=\"elementor-post__thumbnail__link\" href=\"https:\/\/www.enertrag.fr\/aigremont\/blog\/2023\/01\/10\/bonjour-tout-le-monde\/\" tabindex=\"-1\" >\n\t\t\t<div class=\"elementor-post__thumbnail\"><img loading=\"lazy\" decoding=\"async\" width=\"2068\" height=\"1379\" src=\"https:\/\/www.enertrag.fr\/aigremont\/wp-content\/uploads\/sites\/34\/2023\/01\/img_3.jpg\" class=\"attachment-full size-full wp-image-216\" alt=\"\" srcset=\"https:\/\/www.enertrag.fr\/aigremont\/wp-content\/uploads\/sites\/34\/2023\/01\/img_3.jpg 2068w, https:\/\/www.enertrag.fr\/aigremont\/wp-content\/uploads\/sites\/34\/2023\/01\/img_3-300x200.jpg 300w, https:\/\/www.enertrag.fr\/aigremont\/wp-content\/uploads\/sites\/34\/2023\/01\/img_3-1024x683.jpg 1024w, https:\/\/www.enertrag.fr\/aigremont\/wp-content\/uploads\/sites\/34\/2023\/01\/img_3-768x512.jpg 768w, https:\/\/www.enertrag.fr\/aigremont\/wp-content\/uploads\/sites\/34\/2023\/01\/img_3-1536x1024.jpg 1536w, https:\/\/www.enertrag.fr\/aigremont\/wp-content\/uploads\/sites\/34\/2023\/01\/img_3-2048x1366.jpg 2048w\" sizes=\"(max-width: 2068px) 100vw, 2068px\" \/><\/div>\n\t\t<\/a>\n\t\t\t\t<div class=\"elementor-post__text\">\n\t\t\t\t<h3 class=\"elementor-post__title\">\n\t\t\t<a href=\"https:\/\/www.enertrag.fr\/aigremont\/blog\/2023\/01\/10\/bonjour-tout-le-monde\/\" >\n\t\t\t\tLe cycle de vie d\u2019un parc \u00e9olien\t\t\t<\/a>\n\t\t<\/h3>\n\t\t\t\t<div class=\"elementor-post__excerpt\">\n\t\t\t\t\t<\/div>\n\t\t\t\t\t<div class=\"elementor-post__read-more-wrapper\">\n\t\t\n\t\t<a class=\"elementor-post__read-more\" href=\"https:\/\/www.enertrag.fr\/aigremont\/blog\/2023\/01\/10\/bonjour-tout-le-monde\/\" aria-label=\"En savoir plus sur Le cycle de vie d\u2019un parc \u00e9olien\" tabindex=\"-1\" >\n\t\t\tLire la suite &gt;\t\t<\/a>\n\n\t\t\t\t\t<\/div>\n\t\t\t\t<\/div>\n\t\t\t\t<\/article>\n\t\t\t\t<\/div>\n\t\t\n\t\t\t\t\t\t<\/div>\n\t\t\t\t<\/div>\n\t\t\t\t<div class=\"elementor-element elementor-element-d70535f elementor-align-center elementor-widget elementor-widget-button\" data-id=\"d70535f\" data-element_type=\"widget\" data-e-type=\"widget\" data-widget_type=\"button.default\">\n\t\t\t\t<div class=\"elementor-widget-container\">\n\t\t\t\t\t\t\t\t\t<div class=\"elementor-button-wrapper\">\n\t\t\t\t\t<a class=\"elementor-button elementor-button-link elementor-size-sm\" href=\"http:\/\/dev.parcs-eoliens-enertrag.fr\/matrice\/actualites\">\n\t\t\t\t\t\t<span class=\"elementor-button-content-wrapper\">\n\t\t\t\t\t\t\t\t\t<span class=\"elementor-button-text\">Voir toutes les actualit\u00e9s<\/span>\n\t\t\t\t\t<\/span>\n\t\t\t\t\t<\/a>\n\t\t\t\t<\/div>\n\t\t\t\t\t\t\t\t<\/div>\n\t\t\t\t<\/div>\n\t\t\t\t\t<\/div>\n\t\t<\/div>\n\t\t\t\t\t<\/div>\n\t\t<\/section>\n\t\t\t\t<\/div>\n\t\t","protected":false},"excerpt":{"rendered":"<p>Une enqu\u00eate publique relative aux deux demandes de permis de construire pour la r\u00e9alisation d\u2019un parc photovolta\u00efque au sol d\u2019une puissance totale comprise entre 36,5 MWc et 41,5 MWc environ sur le territoire de la commune d\u2019AIGREMONT d\u00e9pos\u00e9e par la SCS ENERTRAG BOURGOGNE AIGREMONT, sera ouverte du lundi 13 mai 2024 (8 h) au vendredi 14 juin 2024 (17 h), soit une dur\u00e9e de 33 jours cons\u00e9cutifs, \u00e0 la mairie d\u2019AIGREMONT. <\/p>\n<p>Plus d\u2019information sur l\u2019enqu\u00eate publique : Enqu\u00eate publique r\u00e9alisation parc photovolta\u00efque sur la commune d&rsquo;AIGREMONT &#8211; Enqu\u00eates Publiques &#8211; Installations class\u00e9es \/ Loi sur l&rsquo;eau \/ D\u00e9claration d&rsquo;Utilit\u00e9 Publique\/ Photovolta\u00efque &#8211; Environnement &#8211; Actions de l&rsquo;\u00c9tat &#8211; Les services de l&rsquo;\u00c9tat dans l&rsquo;Yonne <\/p>\n","protected":false},"author":1,"featured_media":663,"parent":0,"menu_order":0,"comment_status":"closed","ping_status":"closed","template":"","meta":{"_acf_changed":false,"footnotes":""},"class_list":["post-5","page","type-page","status-publish","has-post-thumbnail","hentry"],"acf":[],"yoast_head":"<!-- This site is optimized with the Yoast SEO plugin v27.5 - https:\/\/yoast.com\/product\/yoast-seo-wordpress\/ -->\n<title>Accueil - Projet photovolta\u00efque d&#039;Aigremont<\/title>\n<meta name=\"robots\" content=\"index, follow, max-snippet:-1, max-image-preview:large, max-video-preview:-1\" \/>\n<link rel=\"canonical\" href=\"https:\/\/www.enertrag.fr\/aigremont\/\" \/>\n<meta property=\"og:locale\" content=\"fr_FR\" \/>\n<meta property=\"og:type\" content=\"article\" \/>\n<meta property=\"og:title\" content=\"Accueil - Projet photovolta\u00efque d&#039;Aigremont\" \/>\n<meta property=\"og:description\" content=\"Une enqu\u00eate publique relative aux deux demandes de permis de construire pour la r\u00e9alisation d\u2019un parc photovolta\u00efque au sol d\u2019une puissance totale comprise entre 36,5 MWc et 41,5 MWc environ sur le territoire de la commune d\u2019AIGREMONT d\u00e9pos\u00e9e par la SCS ENERTRAG BOURGOGNE AIGREMONT, sera ouverte du lundi 13 mai 2024 (8 h) au vendredi 14 juin 2024 (17 h), soit une dur\u00e9e de 33 jours cons\u00e9cutifs, \u00e0 la mairie d\u2019AIGREMONT.  Plus d\u2019information sur l\u2019enqu\u00eate publique : Enqu\u00eate publique r\u00e9alisation parc photovolta\u00efque sur la commune d&#039;AIGREMONT - Enqu\u00eates Publiques - Installations class\u00e9es \/ Loi sur l&#039;eau \/ D\u00e9claration d&#039;Utilit\u00e9 Publique\/ Photovolta\u00efque - Environnement - Actions de l&#039;\u00c9tat - Les services de l&#039;\u00c9tat dans l&#039;Yonne\" \/>\n<meta property=\"og:url\" content=\"https:\/\/www.enertrag.fr\/aigremont\/\" \/>\n<meta property=\"og:site_name\" content=\"Projet photovolta\u00efque d&#039;Aigremont\" \/>\n<meta property=\"article:modified_time\" content=\"2024-05-03T09:10:37+00:00\" \/>\n<meta property=\"og:image\" content=\"https:\/\/www.enertrag.fr\/aigremont\/wp-content\/uploads\/sites\/34\/2023\/08\/chiffre-cle-compteur4.jpg\" \/>\n\t<meta property=\"og:image:width\" content=\"979\" \/>\n\t<meta property=\"og:image:height\" content=\"304\" \/>\n\t<meta property=\"og:image:type\" content=\"image\/jpeg\" \/>\n<meta name=\"twitter:card\" content=\"summary_large_image\" \/>\n<meta name=\"twitter:label1\" content=\"Dur\u00e9e de lecture estim\u00e9e\" \/>\n\t<meta name=\"twitter:data1\" content=\"2 minutes\" \/>\n<script type=\"application\/ld+json\" class=\"yoast-schema-graph\">{\"@context\":\"https:\\\/\\\/schema.org\",\"@graph\":[{\"@type\":\"WebPage\",\"@id\":\"https:\\\/\\\/www.enertrag.fr\\\/aigremont\\\/\",\"url\":\"https:\\\/\\\/www.enertrag.fr\\\/aigremont\\\/\",\"name\":\"Accueil - Projet photovolta\u00efque d'Aigremont\",\"isPartOf\":{\"@id\":\"https:\\\/\\\/www.enertrag.fr\\\/aigremont\\\/#website\"},\"primaryImageOfPage\":{\"@id\":\"https:\\\/\\\/www.enertrag.fr\\\/aigremont\\\/#primaryimage\"},\"image\":{\"@id\":\"https:\\\/\\\/www.enertrag.fr\\\/aigremont\\\/#primaryimage\"},\"thumbnailUrl\":\"https:\\\/\\\/www.enertrag.fr\\\/aigremont\\\/wp-content\\\/uploads\\\/sites\\\/34\\\/2023\\\/08\\\/chiffre-cle-compteur4.jpg\",\"datePublished\":\"2024-05-03T09:03:17+00:00\",\"dateModified\":\"2024-05-03T09:10:37+00:00\",\"breadcrumb\":{\"@id\":\"https:\\\/\\\/www.enertrag.fr\\\/aigremont\\\/#breadcrumb\"},\"inLanguage\":\"fr-FR\",\"potentialAction\":[{\"@type\":\"ReadAction\",\"target\":[\"https:\\\/\\\/www.enertrag.fr\\\/aigremont\\\/\"]}]},{\"@type\":\"ImageObject\",\"inLanguage\":\"fr-FR\",\"@id\":\"https:\\\/\\\/www.enertrag.fr\\\/aigremont\\\/#primaryimage\",\"url\":\"https:\\\/\\\/www.enertrag.fr\\\/aigremont\\\/wp-content\\\/uploads\\\/sites\\\/34\\\/2023\\\/08\\\/chiffre-cle-compteur4.jpg\",\"contentUrl\":\"https:\\\/\\\/www.enertrag.fr\\\/aigremont\\\/wp-content\\\/uploads\\\/sites\\\/34\\\/2023\\\/08\\\/chiffre-cle-compteur4.jpg\",\"width\":979,\"height\":304},{\"@type\":\"BreadcrumbList\",\"@id\":\"https:\\\/\\\/www.enertrag.fr\\\/aigremont\\\/#breadcrumb\",\"itemListElement\":[{\"@type\":\"ListItem\",\"position\":1,\"name\":\"Accueil\",\"item\":\"https:\\\/\\\/www.enertrag.fr\\\/aigremont\\\/\"},{\"@type\":\"ListItem\",\"position\":2,\"name\":\"Accueil\"}]},{\"@type\":\"WebSite\",\"@id\":\"https:\\\/\\\/www.enertrag.fr\\\/aigremont\\\/#website\",\"url\":\"https:\\\/\\\/www.enertrag.fr\\\/aigremont\\\/\",\"name\":\"Projet photovolta\u00efque d'Aigremont\",\"description\":\"\",\"publisher\":{\"@id\":\"https:\\\/\\\/www.enertrag.fr\\\/aigremont\\\/#organization\"},\"potentialAction\":[{\"@type\":\"SearchAction\",\"target\":{\"@type\":\"EntryPoint\",\"urlTemplate\":\"https:\\\/\\\/www.enertrag.fr\\\/aigremont\\\/?s={search_term_string}\"},\"query-input\":{\"@type\":\"PropertyValueSpecification\",\"valueRequired\":true,\"valueName\":\"search_term_string\"}}],\"inLanguage\":\"fr-FR\"},{\"@type\":\"Organization\",\"@id\":\"https:\\\/\\\/www.enertrag.fr\\\/aigremont\\\/#organization\",\"name\":\"Projet photovolta\u00efque d'Aigremont\",\"url\":\"https:\\\/\\\/www.enertrag.fr\\\/aigremont\\\/\",\"logo\":{\"@type\":\"ImageObject\",\"inLanguage\":\"fr-FR\",\"@id\":\"https:\\\/\\\/www.enertrag.fr\\\/aigremont\\\/#\\\/schema\\\/logo\\\/image\\\/\",\"url\":\"https:\\\/\\\/www.enertrag.fr\\\/aigremont\\\/wp-content\\\/uploads\\\/sites\\\/34\\\/2023\\\/01\\\/ENERTRAG_Logo.png\",\"contentUrl\":\"https:\\\/\\\/www.enertrag.fr\\\/aigremont\\\/wp-content\\\/uploads\\\/sites\\\/34\\\/2023\\\/01\\\/ENERTRAG_Logo.png\",\"width\":500,\"height\":161,\"caption\":\"Projet photovolta\u00efque d'Aigremont\"},\"image\":{\"@id\":\"https:\\\/\\\/www.enertrag.fr\\\/aigremont\\\/#\\\/schema\\\/logo\\\/image\\\/\"}}]}<\/script>\n<!-- \/ Yoast SEO plugin. -->","yoast_head_json":{"title":"Accueil - Projet photovolta\u00efque d'Aigremont","robots":{"index":"index","follow":"follow","max-snippet":"max-snippet:-1","max-image-preview":"max-image-preview:large","max-video-preview":"max-video-preview:-1"},"canonical":"https:\/\/www.enertrag.fr\/aigremont\/","og_locale":"fr_FR","og_type":"article","og_title":"Accueil - Projet photovolta\u00efque d'Aigremont","og_description":"Une enqu\u00eate publique relative aux deux demandes de permis de construire pour la r\u00e9alisation d\u2019un parc photovolta\u00efque au sol d\u2019une puissance totale comprise entre 36,5 MWc et 41,5 MWc environ sur le territoire de la commune d\u2019AIGREMONT d\u00e9pos\u00e9e par la SCS ENERTRAG BOURGOGNE AIGREMONT, sera ouverte du lundi 13 mai 2024 (8 h) au vendredi 14 juin 2024 (17 h), soit une dur\u00e9e de 33 jours cons\u00e9cutifs, \u00e0 la mairie d\u2019AIGREMONT.  Plus d\u2019information sur l\u2019enqu\u00eate publique : Enqu\u00eate publique r\u00e9alisation parc photovolta\u00efque sur la commune d'AIGREMONT - Enqu\u00eates Publiques - Installations class\u00e9es \/ Loi sur l'eau \/ D\u00e9claration d'Utilit\u00e9 Publique\/ Photovolta\u00efque - Environnement - Actions de l'\u00c9tat - Les services de l'\u00c9tat dans l'Yonne","og_url":"https:\/\/www.enertrag.fr\/aigremont\/","og_site_name":"Projet photovolta\u00efque d'Aigremont","article_modified_time":"2024-05-03T09:10:37+00:00","og_image":[{"width":979,"height":304,"url":"https:\/\/www.enertrag.fr\/aigremont\/wp-content\/uploads\/sites\/34\/2023\/08\/chiffre-cle-compteur4.jpg","type":"image\/jpeg"}],"twitter_card":"summary_large_image","twitter_misc":{"Dur\u00e9e de lecture estim\u00e9e":"2 minutes"},"schema":{"@context":"https:\/\/schema.org","@graph":[{"@type":"WebPage","@id":"https:\/\/www.enertrag.fr\/aigremont\/","url":"https:\/\/www.enertrag.fr\/aigremont\/","name":"Accueil - Projet photovolta\u00efque d'Aigremont","isPartOf":{"@id":"https:\/\/www.enertrag.fr\/aigremont\/#website"},"primaryImageOfPage":{"@id":"https:\/\/www.enertrag.fr\/aigremont\/#primaryimage"},"image":{"@id":"https:\/\/www.enertrag.fr\/aigremont\/#primaryimage"},"thumbnailUrl":"https:\/\/www.enertrag.fr\/aigremont\/wp-content\/uploads\/sites\/34\/2023\/08\/chiffre-cle-compteur4.jpg","datePublished":"2024-05-03T09:03:17+00:00","dateModified":"2024-05-03T09:10:37+00:00","breadcrumb":{"@id":"https:\/\/www.enertrag.fr\/aigremont\/#breadcrumb"},"inLanguage":"fr-FR","potentialAction":[{"@type":"ReadAction","target":["https:\/\/www.enertrag.fr\/aigremont\/"]}]},{"@type":"ImageObject","inLanguage":"fr-FR","@id":"https:\/\/www.enertrag.fr\/aigremont\/#primaryimage","url":"https:\/\/www.enertrag.fr\/aigremont\/wp-content\/uploads\/sites\/34\/2023\/08\/chiffre-cle-compteur4.jpg","contentUrl":"https:\/\/www.enertrag.fr\/aigremont\/wp-content\/uploads\/sites\/34\/2023\/08\/chiffre-cle-compteur4.jpg","width":979,"height":304},{"@type":"BreadcrumbList","@id":"https:\/\/www.enertrag.fr\/aigremont\/#breadcrumb","itemListElement":[{"@type":"ListItem","position":1,"name":"Accueil","item":"https:\/\/www.enertrag.fr\/aigremont\/"},{"@type":"ListItem","position":2,"name":"Accueil"}]},{"@type":"WebSite","@id":"https:\/\/www.enertrag.fr\/aigremont\/#website","url":"https:\/\/www.enertrag.fr\/aigremont\/","name":"Projet photovolta\u00efque d'Aigremont","description":"","publisher":{"@id":"https:\/\/www.enertrag.fr\/aigremont\/#organization"},"potentialAction":[{"@type":"SearchAction","target":{"@type":"EntryPoint","urlTemplate":"https:\/\/www.enertrag.fr\/aigremont\/?s={search_term_string}"},"query-input":{"@type":"PropertyValueSpecification","valueRequired":true,"valueName":"search_term_string"}}],"inLanguage":"fr-FR"},{"@type":"Organization","@id":"https:\/\/www.enertrag.fr\/aigremont\/#organization","name":"Projet photovolta\u00efque d'Aigremont","url":"https:\/\/www.enertrag.fr\/aigremont\/","logo":{"@type":"ImageObject","inLanguage":"fr-FR","@id":"https:\/\/www.enertrag.fr\/aigremont\/#\/schema\/logo\/image\/","url":"https:\/\/www.enertrag.fr\/aigremont\/wp-content\/uploads\/sites\/34\/2023\/01\/ENERTRAG_Logo.png","contentUrl":"https:\/\/www.enertrag.fr\/aigremont\/wp-content\/uploads\/sites\/34\/2023\/01\/ENERTRAG_Logo.png","width":500,"height":161,"caption":"Projet photovolta\u00efque d'Aigremont"},"image":{"@id":"https:\/\/www.enertrag.fr\/aigremont\/#\/schema\/logo\/image\/"}}]}},"_links":{"self":[{"href":"https:\/\/www.enertrag.fr\/aigremont\/wp-json\/wp\/v2\/pages\/5","targetHints":{"allow":["GET"]}}],"collection":[{"href":"https:\/\/www.enertrag.fr\/aigremont\/wp-json\/wp\/v2\/pages"}],"about":[{"href":"https:\/\/www.enertrag.fr\/aigremont\/wp-json\/wp\/v2\/types\/page"}],"author":[{"embeddable":true,"href":"https:\/\/www.enertrag.fr\/aigremont\/wp-json\/wp\/v2\/users\/1"}],"replies":[{"embeddable":true,"href":"https:\/\/www.enertrag.fr\/aigremont\/wp-json\/wp\/v2\/comments?post=5"}],"version-history":[{"count":0,"href":"https:\/\/www.enertrag.fr\/aigremont\/wp-json\/wp\/v2\/pages\/5\/revisions"}],"wp:featuredmedia":[{"embeddable":true,"href":"https:\/\/www.enertrag.fr\/aigremont\/wp-json\/wp\/v2\/media\/663"}],"wp:attachment":[{"href":"https:\/\/www.enertrag.fr\/aigremont\/wp-json\/wp\/v2\/media?parent=5"}],"curies":[{"name":"wp","href":"https:\/\/api.w.org\/{rel}","templated":true}]}}